{"id":10745,"date":"2018-09-10T08:59:30","date_gmt":"2018-09-10T06:59:30","guid":{"rendered":"https:\/\/www.topohvar.at\/?page_id=10745"},"modified":"2024-04-23T17:57:57","modified_gmt":"2024-04-23T15:57:57","slug":"za-ig-01-1","status":"publish","type":"page","link":"https:\/\/www.topohvar.at\/topo\/orte\/za\/za-ig-01-1\/","title":{"rendered":"ZASTRA\u017dI\u0160\u0106E &#8211; Grb \u00bbAn\u0111elinovi\u0107-Angelini\u00ab"},"content":{"rendered":"<p><strong><img loading=\"lazy\" decoding=\"async\" class=\"alignnone wp-image-10652 size-large\" src=\"https:\/\/www.topohvar.at\/wp-content\/uploads\/2018\/09\/za-ig-01-0-1024x503.jpg\" alt=\"\" width=\"640\" height=\"314\" srcset=\"https:\/\/www.topohvar.at\/wp-content\/uploads\/2018\/09\/za-ig-01-0-1024x503.jpg 1024w, https:\/\/www.topohvar.at\/wp-content\/uploads\/2018\/09\/za-ig-01-0-300x147.jpg 300w, https:\/\/www.topohvar.at\/wp-content\/uploads\/2018\/09\/za-ig-01-0-768x377.jpg 768w, https:\/\/www.topohvar.at\/wp-content\/uploads\/2018\/09\/za-ig-01-0.jpg 1080w\" sizes=\"auto, (max-width: 640px) 100vw, 640px\" \/><\/strong><\/p>\n<p><strong>Ime \/ Name<br \/>\n<\/strong>Grb \u00bbAn\u0111elinovi\u0107-Angelini\u00ab \/ Wappen der\u00a0\u00bbAn\u0111elinovi\u0107-Angelini\u00ab<\/p>\n<p><strong>Code: <\/strong>ZA-IG-01\u00a0 \u00a0 \u00a0 \u00a0 \u00a0 \u00a0 \u00a0 \u00a0 \u00a0 \u00a0 \u00a0 \u00a0 \u00a0 \u00a0 \u00a0 \u00a0 \u00a0 \u00a0 \u00a0 \u00a0 \u00a0 \u00a0 \u00a0 \u00a0 \u00a0\u00a0<strong> <a href=\"https:\/\/www.topohvar.at\/orte\/za\/\"><img loading=\"lazy\" decoding=\"async\" class=\"alignnone wp-image-535 size-full\" src=\"https:\/\/www.topohvar.at\/wp-content\/uploads\/2018\/07\/push-o-30.jpg\" alt=\"\" width=\"61\" height=\"30\" \/><\/a> <\/strong><\/p>\n<hr \/>\n<p><strong>Adresa \/ Adresse<br \/>\n<\/strong>Zastra\u017ei\u0161\u0107e (danas u Splitu)<\/p>\n<p><strong>Lokalna polo\u017eaj \/ Position<img loading=\"lazy\" decoding=\"async\" class=\"alignright wp-image-387 size-full\" src=\"https:\/\/www.topohvar.at\/wp-content\/uploads\/2018\/07\/00-00-00-1.jpg\" alt=\"\" width=\"114\" height=\"56\" \/><br \/>\n<\/strong>Latitude: N 43\u00b0\u00a0 \u00a0Longitude: E 16\u00b0 <strong><br \/>\n<\/strong>Visina \/ H\u00f6he: 0 m<\/p>\n<p><strong>Zemlji\u0161te \/ Grundst\u00fccke<br \/>\n<\/strong>&#8211; <div class='content-column one_half'><div style=\"padding-right:6px;\"><p><strong>Datum snimanja \/ Erfassungsdatum<br \/>\n<\/strong>11.10.2018 13:00:00<\/p>\n<hr \/>\n<p><strong>Informacije<\/strong><\/p>\n<p>Grb je, zajedno s nadvratnikom sa starim natpisom, bio na tornju kompleksa zgrada Angelini u Zastra\u017ei\u0161\u0107u. Oko 1930. natpis (originalni nadvratnik) i grb s kule uklonio je dr. Grga Angelinovi\u0107.<\/p><\/div><\/div><div class='content-column one_half last_column'><div style=\"padding-right:0px;padding-left:6px;\"><p><strong>Za\u0161titni polo\u017eaj \/ Schutzstellung<br \/>\n<\/strong>&#8211;<\/p>\n<hr \/>\n<p><strong>Info<\/strong><\/p>\n<p>Das Wappen befand sich, zusammen mit einem T\u00fcrsturz mit alter Inschrift am Turm\u00a0 des Baukomplexes Angelini in Zastra\u017ei\u0161\u0107e. Die Inschrift (der Original- T\u00fcrsturz) und das Wappen wurden um 1930 von Dr. Grga Angelinovi\u0107 vom Turm entfernt.<\/p><\/div><\/div><div class='clear_column'><\/div><div class='content-column one_half'><div style=\"padding-right:6px;\"><p>Barokni grb (51 x 38 cm) s prostrijeljenim zecom koji je navodno bio na bunaru. Nadvratnik i grb \u010duvani su kasnije u ba\u0161inika odvjetnika Budislava Angjelinovi\u0107a. Sada se nalazi u zbirci Budislava An\u0111elinovi\u0107a u Splitu.<\/p><\/div><\/div><div class='content-column one_half last_column'><div style=\"padding-right:0px;padding-left:6px;\"><p>Das barocke Wappen (51 x 38 cm) stellt einem mit Pfeil durchbohrten Hasen dar, und sollte urspr\u00fcnglich auf einem Brunnen sein. Sp\u00e4ter wurden T\u00fcrsturz und Wappen auf dem Dachboden des Anwalts Budislav Angjelinovi\u0107s aufbewahrt. Es\u00a0befindet sich heute in der Sammlung Budislav\u00a0 An\u0111elinovi\u0107 in Split.<\/p><\/div><\/div><div class='clear_column'><\/div><\/p>\n<hr \/>\n<p><strong>Linkovi \/ Links<\/strong><\/p>\n<p><span style=\"color: #3366ff;\"><strong><a style=\"color: #3366ff;\" href=\"https:\/\/www.topohvar.at\/topo\/orte\/za\/za-tg-02-1\/\">Vi\u0161e o obitelji Angelin \/ Mehr \u00fcber die Familie Angelini<\/a><\/strong><\/span><\/p>\n<p><span style=\"color: #3366ff;\"><a style=\"color: #3366ff;\" href=\"https:\/\/www.topohvar.at\/topo\/orte\/za\/za-tg-01-1\/\">ZASTRA\u017dI\u0160\u0106E \u2013 Veliki sklop \/ Baukomplex \u00bbAngelini\u00ab<\/a><\/span><br \/>\n<span style=\"color: #3366ff;\"><a style=\"color: #3366ff;\" href=\"https:\/\/www.topohvar.at\/topo\/orte\/za\/za-tg-03-1\/\">ZASTRA\u017dI\u0160\u0106E, \u010crvanj &#8211; Ku\u0107a \/ Haus \u00bbAngelini (Angjelinovi\u0107, kasnije \/ sp\u00e4ter Dubokovi\u0107 Nadalini)\u00ab<\/a>\u00a0<\/span><br \/>\n<span style=\"color: #3366ff;\"><a style=\"color: #3366ff;\" href=\"https:\/\/www.topohvar.at\/topo\/orte\/za\/za-tg-02-1\/\">ZASTRA\u017dI\u0160\u0106E, Vela Stiniva \u2013 Ljetnikovac \/ Sommerhaus \u00bbAngelini\u00ab<\/a><\/span><br \/>\n<span style=\"color: #3366ff;\"><a style=\"color: #3366ff;\" href=\"https:\/\/www.topohvar.at\/topo\/orte\/za\/za-td-01-1\/\">ZASTRA\u017dI\u0160\u0106E \u2013 Dvije kule u Zastra\u017ei\u0161\u0107u \/ zwei T\u00fcrme in Zastra\u017ei\u0161\u0107e<\/a><\/span><br \/>\n<span style=\"color: #3366ff;\"><a style=\"color: #3366ff;\" href=\"https:\/\/www.topohvar.at\/topo\/orte\/za\/za-in-01-1\/\">ZASTRA\u017dI\u0160\u0106E \u2013 Natpis \/ Inschrift \u00bbMDCXXIIII na nadvratniku\u00ab<\/a><\/span><\/p>\n<p><span style=\"color: #3366ff;\"><a style=\"color: #3366ff;\" href=\"https:\/\/www.topohvar.at\/topo\/orte\/bo\/bo-tg-04-2\/\">BOGOMOLJE, Smrska \u2013 Ku\u0107a \/ Haus \u00bbAngelini (Angjelinovi\u0107, danas \/ heute Viskovi\u0107)\u00ab<\/a><\/span><br \/>\n<span style=\"color: #3366ff;\"><a style=\"color: #3366ff;\" href=\"https:\/\/www.topohvar.at\/topo\/orte\/je\/je-tg-08-1\/\">JELSA \u2013 Ku\u0107a \/ Haus \u00bbDr. Niko Dubokovi\u0107 Nadalini prije \/ vorher An\u0111elinovi\u0107<\/a> \u00ab<\/span><br \/>\n<span style=\"color: #3366ff;\"><a style=\"color: #3366ff;\" href=\"https:\/\/www.topohvar.at\/topo\/orte\/pr\/pr-tg-02-1\/\">PRAPATNA \u2013 Ku\u0107a \u00bbAngelini (Angjelinovi\u0107)\u00ab<\/a><\/span><\/p>\n","protected":false},"excerpt":{"rendered":"<p>Ime \/ Name Grb \u00bbAn\u0111elinovi\u0107-Angelini\u00ab \/ Wappen der\u00a0\u00bbAn\u0111elinovi\u0107-Angelini\u00ab Code: ZA-IG-01\u00a0 \u00a0 \u00a0 \u00a0 \u00a0 \u00a0 \u00a0 \u00a0 \u00a0 \u00a0 \u00a0 \u00a0 \u00a0 \u00a0 \u00a0 \u00a0 \u00a0 \u00a0 \u00a0 \u00a0 \u00a0 \u00a0 \u00a0 \u00a0 \u00a0\u00a0 Adresa \/ Adresse Zastra\u017ei\u0161\u0107e (danas u &hellip; <a href=\"https:\/\/www.topohvar.at\/topo\/orte\/za\/za-ig-01-1\/\">Weiterlesen <span class=\"meta-nav\">&rarr;<\/span><\/a><\/p>\n","protected":false},"author":1,"featured_media":0,"parent":115,"menu_order":0,"comment_status":"closed","ping_status":"closed","template":"","meta":{"footnotes":""},"class_list":["post-10745","page","type-page","status-publish","hentry"],"_links":{"self":[{"href":"https:\/\/www.topohvar.at\/topo\/wp-json\/wp\/v2\/pages\/10745","targetHints":{"allow":["GET"]}}],"collection":[{"href":"https:\/\/www.topohvar.at\/topo\/wp-json\/wp\/v2\/pages"}],"about":[{"href":"https:\/\/www.topohvar.at\/topo\/wp-json\/wp\/v2\/types\/page"}],"author":[{"embeddable":true,"href":"https:\/\/www.topohvar.at\/topo\/wp-json\/wp\/v2\/users\/1"}],"replies":[{"embeddable":true,"href":"https:\/\/www.topohvar.at\/topo\/wp-json\/wp\/v2\/comments?post=10745"}],"version-history":[{"count":14,"href":"https:\/\/www.topohvar.at\/topo\/wp-json\/wp\/v2\/pages\/10745\/revisions"}],"predecessor-version":[{"id":66812,"href":"https:\/\/www.topohvar.at\/topo\/wp-json\/wp\/v2\/pages\/10745\/revisions\/66812"}],"up":[{"embeddable":true,"href":"https:\/\/www.topohvar.at\/topo\/wp-json\/wp\/v2\/pages\/115"}],"wp:attachment":[{"href":"https:\/\/www.topohvar.at\/topo\/wp-json\/wp\/v2\/media?parent=10745"}],"curies":[{"name":"wp","href":"https:\/\/api.w.org\/{rel}","templated":true}]}}