{"id":111,"date":"2018-07-22T11:15:02","date_gmt":"2018-07-22T09:15:02","guid":{"rendered":"https:\/\/www.topohvar.at\/?page_id=111"},"modified":"2026-02-10T18:05:39","modified_gmt":"2026-02-10T17:05:39","slug":"vj","status":"publish","type":"page","link":"https:\/\/www.topohvar.at\/topo\/orte\/vj\/","title":{"rendered":"Vrbanj (Varbonj)"},"content":{"rendered":"<hr \/>\n<p><a name=\"seite_oben\"><\/a><\/p>\n<p><strong>Odaberite kategoriju \/ W\u00e4hlen Sie eine Kategorie aus\u00a0 \u00a0 \u00a0 \u00a0 \u00a0 \u00a0 <img loading=\"lazy\" decoding=\"async\" class=\"alignnone size-medium wp-image-258\" src=\"https:\/\/www.topohvar.at\/wp-content\/uploads\/2018\/07\/icon-vj-300x70.jpg\" alt=\"\" width=\"300\" height=\"70\" srcset=\"https:\/\/www.topohvar.at\/wp-content\/uploads\/2018\/07\/icon-vj-300x70.jpg 300w, https:\/\/www.topohvar.at\/wp-content\/uploads\/2018\/07\/icon-vj.jpg 600w\" sizes=\"auto, (max-width: 300px) 100vw, 300px\" \/><\/strong><\/p>\n<h4><span style=\"color: #0000ff;\"><a style=\"color: #0000ff;\" href=\"#aa\">Naselja \/ Siedlungen<\/a> \/\/ <a style=\"color: #0000ff;\" href=\"#ci\">Crkve \/ Kirchen<\/a> \/\/ <a style=\"color: #0000ff;\" href=\"#cp\">Kapele \/Kapellen<\/a> \/\/ <a style=\"color: #0000ff;\" href=\"#cs\">Kapelice \/Bildst\u00f6cke<\/a> \/\/ <a style=\"color: #0000ff;\" href=\"#cz\">Kri\u017eevi \/ Kreuze<\/a> \/\/ <a style=\"color: #0000ff;\" href=\"#in\">Natpisi \/ Inschriften<\/a> \/\/ <a style=\"color: #0000ff;\" href=\"#ip\">Plo\u010de \/ Tafeln<\/a> \/\/ <a style=\"color: #0000ff;\" href=\"#ir\">Reljefi\/ Reliefs<\/a> \/\/ <a style=\"color: #0000ff;\" href=\"#mo\">Skulpture \/ Skulpturen<\/a> \/\/ <a style=\"color: #0000ff;\" href=\"#ob\">Objekti \/ Objekte<\/a> \/\/ <a style=\"color: #0000ff;\" href=\"#td\">Utvrde\/ Festungen<\/a> \/\/ <a style=\"color: #0000ff;\" href=\"#tg\">Gra\u0111evine \/ Geb\u00e4ude<\/a> \/\/ <a style=\"color: #0000ff;\" href=\"#op\">Bunar i to\u010dka vode \/ Brunnen und Wasserstellen<\/a> \/\/\u00a0<a style=\"color: #0000ff;\" href=\"#tr\">Trimi \/ Trims<\/a> \/\/ <a style=\"color: #0000ff;\" href=\"#po\">Povijesne znamenitosti \/ historische Sehensw\u00fcrdigkeiten<\/a><\/span><\/h4>\n<p><a name=\"aa\"><\/a><\/p>\n<hr \/>\n<h2><strong><span style=\"color: #ff0000;\">Naselja, uvale \/ Siedlungen, Buchten<\/span><\/strong><\/h2>\n<p><strong><a href=\"https:\/\/www.topohvar.at\/orte\/vj\/vj-aa-01-1\/\"><img loading=\"lazy\" decoding=\"async\" class=\"alignleft wp-image-36932\" src=\"https:\/\/www.topohvar.at\/wp-content\/uploads\/2020\/05\/vj-aa-01-7-300x147.jpg\" alt=\"\" width=\"114\" height=\"56\" srcset=\"https:\/\/www.topohvar.at\/wp-content\/uploads\/2020\/05\/vj-aa-01-7-300x147.jpg 300w, https:\/\/www.topohvar.at\/wp-content\/uploads\/2020\/05\/vj-aa-01-7.jpg 640w\" sizes=\"auto, (max-width: 114px) 100vw, 114px\" \/><\/a>Selo \u00bbVrbanj\u00ab<br \/>\n<\/strong>VJ-AA-01 \/ Vrbanj<\/p>\n<p><strong><a href=\"https:\/\/www.topohvar.at\/orte\/vj\/vj-aa-04-1\/\"><img loading=\"lazy\" decoding=\"async\" class=\"alignleft wp-image-6563\" src=\"https:\/\/www.topohvar.at\/wp-content\/uploads\/2018\/08\/VJ-TG-04-0-1024x503.jpg\" alt=\"\" width=\"114\" height=\"56\" srcset=\"https:\/\/www.topohvar.at\/wp-content\/uploads\/2018\/08\/VJ-TG-04-0-1024x503.jpg 1024w, https:\/\/www.topohvar.at\/wp-content\/uploads\/2018\/08\/VJ-TG-04-0-300x147.jpg 300w, https:\/\/www.topohvar.at\/wp-content\/uploads\/2018\/08\/VJ-TG-04-0-768x377.jpg 768w, https:\/\/www.topohvar.at\/wp-content\/uploads\/2018\/08\/VJ-TG-04-0.jpg 1080w\" sizes=\"auto, (max-width: 114px) 100vw, 114px\" \/><\/a>Ruralna cjelina \u00bbKraljevi dvori\u00ab<br \/>\n<\/strong>VJ-AA-04 \/ Vrbanj, Kraljevi dvori<\/p>\n<p><strong><a href=\"https:\/\/www.topohvar.at\/orte\/vj\/vj-aa-03-1\/\"><img loading=\"lazy\" decoding=\"async\" class=\"alignleft wp-image-6560\" src=\"https:\/\/www.topohvar.at\/wp-content\/uploads\/2018\/08\/vj-aa-03-0-1024x503.jpg\" alt=\"\" width=\"114\" height=\"56\" srcset=\"https:\/\/www.topohvar.at\/wp-content\/uploads\/2018\/08\/vj-aa-03-0-1024x503.jpg 1024w, https:\/\/www.topohvar.at\/wp-content\/uploads\/2018\/08\/vj-aa-03-0-300x147.jpg 300w, https:\/\/www.topohvar.at\/wp-content\/uploads\/2018\/08\/vj-aa-03-0-768x377.jpg 768w, https:\/\/www.topohvar.at\/wp-content\/uploads\/2018\/08\/vj-aa-03-0.jpg 1080w\" sizes=\"auto, (max-width: 114px) 100vw, 114px\" \/><\/a>Sekundarno naselje \u00bbRa\u0161nik\u00ab<br \/>\n<\/strong>VJ-AA-03 \/ Polje, Ra\u0161nik<\/p>\n<p><strong><a href=\"https:\/\/www.topohvar.at\/orte\/vj\/vj-aa-05-1\/\"><img loading=\"lazy\" decoding=\"async\" class=\"alignleft wp-image-6561\" src=\"https:\/\/www.topohvar.at\/wp-content\/uploads\/2018\/08\/VJ-AA-05-0-1024x503.jpg\" alt=\"\" width=\"114\" height=\"56\" srcset=\"https:\/\/www.topohvar.at\/wp-content\/uploads\/2018\/08\/VJ-AA-05-0-1024x503.jpg 1024w, https:\/\/www.topohvar.at\/wp-content\/uploads\/2018\/08\/VJ-AA-05-0-300x147.jpg 300w, https:\/\/www.topohvar.at\/wp-content\/uploads\/2018\/08\/VJ-AA-05-0-768x377.jpg 768w, https:\/\/www.topohvar.at\/wp-content\/uploads\/2018\/08\/VJ-AA-05-0.jpg 1080w\" sizes=\"auto, (max-width: 114px) 100vw, 114px\" \/><\/a>Selo (Uvala) \u00bbBasina\u00ab<br \/>\n<\/strong>VJ-AA-05 \/ Basina<\/p>\n<p><strong><a href=\"https:\/\/www.topohvar.at\/orte\/vj\/vj-aa-06-1\/\"><img loading=\"lazy\" decoding=\"async\" class=\"alignleft wp-image-6562\" src=\"https:\/\/www.topohvar.at\/wp-content\/uploads\/2018\/08\/VJ-AA-06-0-1024x503.jpg\" alt=\"\" width=\"114\" height=\"56\" srcset=\"https:\/\/www.topohvar.at\/wp-content\/uploads\/2018\/08\/VJ-AA-06-0-1024x503.jpg 1024w, https:\/\/www.topohvar.at\/wp-content\/uploads\/2018\/08\/VJ-AA-06-0-300x147.jpg 300w, https:\/\/www.topohvar.at\/wp-content\/uploads\/2018\/08\/VJ-AA-06-0-768x377.jpg 768w, https:\/\/www.topohvar.at\/wp-content\/uploads\/2018\/08\/VJ-AA-06-0.jpg 1080w\" sizes=\"auto, (max-width: 114px) 100vw, 114px\" \/><\/a>Selo \u00bbMudri Dolac\u00ab<br \/>\n<\/strong>VJ-AA-06 \/ Vrh, Mudri Dolac<\/p>\n<p><strong><a href=\"https:\/\/www.topohvar.at\/orte\/vj\/vj-ai-01-1\/\"><img loading=\"lazy\" decoding=\"async\" class=\"alignleft wp-image-46378\" src=\"https:\/\/www.topohvar.at\/wp-content\/uploads\/2021\/02\/vj-ai-01.jpg\" alt=\"\" width=\"114\" height=\"56\" srcset=\"https:\/\/www.topohvar.at\/wp-content\/uploads\/2021\/02\/vj-ai-01.jpg 1080w, https:\/\/www.topohvar.at\/wp-content\/uploads\/2021\/02\/vj-ai-01-300x147.jpg 300w, https:\/\/www.topohvar.at\/wp-content\/uploads\/2021\/02\/vj-ai-01-1024x503.jpg 1024w, https:\/\/www.topohvar.at\/wp-content\/uploads\/2021\/02\/vj-ai-01-768x377.jpg 768w\" sizes=\"auto, (max-width: 114px) 100vw, 114px\" \/><\/a>Vrbanj &#8211; Nazivi mjesta i podru\u010dja<br \/>\n<\/strong>VJ-AI-01 \/ Vrbanj<\/p>\n<hr \/>\n<p><strong><a href=\"https:\/\/www.topohvar.at\/orte\/vj\/vj-au-10-1\/\"><img loading=\"lazy\" decoding=\"async\" class=\"alignleft wp-image-35110\" src=\"https:\/\/www.topohvar.at\/wp-content\/uploads\/2020\/04\/vj-au-10-300x147.jpg\" alt=\"\" width=\"114\" height=\"56\" srcset=\"https:\/\/www.topohvar.at\/wp-content\/uploads\/2020\/04\/vj-au-10-300x147.jpg 300w, https:\/\/www.topohvar.at\/wp-content\/uploads\/2020\/04\/vj-au-10-1024x503.jpg 1024w, https:\/\/www.topohvar.at\/wp-content\/uploads\/2020\/04\/vj-au-10-768x377.jpg 768w, https:\/\/www.topohvar.at\/wp-content\/uploads\/2020\/04\/vj-au-10.jpg 1080w\" sizes=\"auto, (max-width: 114px) 100vw, 114px\" \/><\/a>Uvale \u00bbna sjevernoj strani otoka\u00ab<br \/>\n<\/strong>VJ-AU-10\/16 \/ Vrbanj<\/p>\n<p><strong><a href=\"https:\/\/www.topohvar.at\/orte\/vj\/vj-ar-10-1\/\"><img loading=\"lazy\" decoding=\"async\" class=\"alignleft wp-image-35110\" src=\"https:\/\/www.topohvar.at\/wp-content\/uploads\/2020\/04\/vj-au-10-300x147.jpg\" alt=\"\" width=\"114\" height=\"56\" srcset=\"https:\/\/www.topohvar.at\/wp-content\/uploads\/2020\/04\/vj-au-10-300x147.jpg 300w, https:\/\/www.topohvar.at\/wp-content\/uploads\/2020\/04\/vj-au-10-1024x503.jpg 1024w, https:\/\/www.topohvar.at\/wp-content\/uploads\/2020\/04\/vj-au-10-768x377.jpg 768w, https:\/\/www.topohvar.at\/wp-content\/uploads\/2020\/04\/vj-au-10.jpg 1080w\" sizes=\"auto, (max-width: 114px) 100vw, 114px\" \/><\/a>Rtovi \u00bbna sjevernoj strani otoka\u00ab<br \/>\n<\/strong>VJ-AR-10 \/ Vrbanj<\/p>\n<p style=\"text-align: right;\"><span style=\"color: #3366ff;\"><a style=\"color: #3366ff;\" href=\"#seite_oben\">natrag na vrh \/ Seitenanfang<\/a><\/span><\/p>\n<p><a name=\"ci\"><\/a><\/p>\n<hr \/>\n<h2><strong><span style=\"color: #ff0000;\">Crkve \/ Kirchen<\/span><\/strong><\/h2>\n<p><strong><a href=\"https:\/\/www.topohvar.at\/orte\/vj\/vj-ci-01-1\/\"><img loading=\"lazy\" decoding=\"async\" class=\"alignleft wp-image-6565\" src=\"https:\/\/www.topohvar.at\/wp-content\/uploads\/2018\/08\/VJ-CI-01-0-1024x503.jpg\" alt=\"\" width=\"114\" height=\"56\" srcset=\"https:\/\/www.topohvar.at\/wp-content\/uploads\/2018\/08\/VJ-CI-01-0-1024x503.jpg 1024w, https:\/\/www.topohvar.at\/wp-content\/uploads\/2018\/08\/VJ-CI-01-0-300x147.jpg 300w, https:\/\/www.topohvar.at\/wp-content\/uploads\/2018\/08\/VJ-CI-01-0-768x377.jpg 768w, https:\/\/www.topohvar.at\/wp-content\/uploads\/2018\/08\/VJ-CI-01-0.jpg 1080w\" sizes=\"auto, (max-width: 114px) 100vw, 114px\" \/><\/a>\u017dupna crkva \u00bbSv. Duha\u00ab<br \/>\n<\/strong>VJ-CI-01 \/ Vrbanj<\/p>\n<p><strong><a href=\"https:\/\/www.topohvar.at\/orte\/vj\/vj-ci-02-1\/\"><img loading=\"lazy\" decoding=\"async\" class=\"alignleft wp-image-6566\" src=\"https:\/\/www.topohvar.at\/wp-content\/uploads\/2018\/08\/VJ-CI-02-0-1024x503.jpg\" alt=\"\" width=\"114\" height=\"56\" srcset=\"https:\/\/www.topohvar.at\/wp-content\/uploads\/2018\/08\/VJ-CI-02-0-1024x503.jpg 1024w, https:\/\/www.topohvar.at\/wp-content\/uploads\/2018\/08\/VJ-CI-02-0-300x147.jpg 300w, https:\/\/www.topohvar.at\/wp-content\/uploads\/2018\/08\/VJ-CI-02-0-768x377.jpg 768w, https:\/\/www.topohvar.at\/wp-content\/uploads\/2018\/08\/VJ-CI-02-0.jpg 1080w\" sizes=\"auto, (max-width: 114px) 100vw, 114px\" \/><\/a>Crkva \u00bbSv. Kuzme i Damjana\u00ab<br \/>\n<\/strong>VJ-CI-02 \/ Vrbanj<\/p>\n<p><strong><a href=\"https:\/\/www.topohvar.at\/orte\/vj\/vj-ck-01-1\/\"><img loading=\"lazy\" decoding=\"async\" class=\"wp-image-6567 alignleft\" src=\"https:\/\/www.topohvar.at\/wp-content\/uploads\/2018\/08\/VJ-CK-01-0-1024x503.jpg\" alt=\"\" width=\"114\" height=\"56\" srcset=\"https:\/\/www.topohvar.at\/wp-content\/uploads\/2018\/08\/VJ-CK-01-0-1024x503.jpg 1024w, https:\/\/www.topohvar.at\/wp-content\/uploads\/2018\/08\/VJ-CK-01-0-300x147.jpg 300w, https:\/\/www.topohvar.at\/wp-content\/uploads\/2018\/08\/VJ-CK-01-0-768x377.jpg 768w, https:\/\/www.topohvar.at\/wp-content\/uploads\/2018\/08\/VJ-CK-01-0.jpg 1080w\" sizes=\"auto, (max-width: 114px) 100vw, 114px\" \/><\/a>Crkvica \u00bbNa starom groblju\u00ab<br \/>\n<\/strong>VJ-CK-01 \/ Vrbanj, Staro groblje<\/p>\n<p><strong><a href=\"https:\/\/www.topohvar.at\/orte\/vj\/vj-ck-02-1\/\"><img loading=\"lazy\" decoding=\"async\" class=\"alignleft wp-image-6568\" src=\"https:\/\/www.topohvar.at\/wp-content\/uploads\/2018\/08\/VJ-CK-02-0-1024x503.jpg\" alt=\"\" width=\"114\" height=\"56\" srcset=\"https:\/\/www.topohvar.at\/wp-content\/uploads\/2018\/08\/VJ-CK-02-0-1024x503.jpg 1024w, https:\/\/www.topohvar.at\/wp-content\/uploads\/2018\/08\/VJ-CK-02-0-300x147.jpg 300w, https:\/\/www.topohvar.at\/wp-content\/uploads\/2018\/08\/VJ-CK-02-0-768x377.jpg 768w, https:\/\/www.topohvar.at\/wp-content\/uploads\/2018\/08\/VJ-CK-02-0.jpg 1080w\" sizes=\"auto, (max-width: 114px) 100vw, 114px\" \/><\/a>Crkvica \u00bbSrca Isusova\u00ab<br \/>\n<\/strong>VJ-CK-02 \/ Vrbanj<\/p>\n<p><strong><a href=\"https:\/\/www.topohvar.at\/orte\/vj\/vj-ck-03-1\/\"><img loading=\"lazy\" decoding=\"async\" class=\"alignleft wp-image-50396\" src=\"https:\/\/www.topohvar.at\/wp-content\/uploads\/2021\/06\/vj-ck-03-10.jpg\" alt=\"\" width=\"114\" height=\"56\" srcset=\"https:\/\/www.topohvar.at\/wp-content\/uploads\/2021\/06\/vj-ck-03-10.jpg 1080w, https:\/\/www.topohvar.at\/wp-content\/uploads\/2021\/06\/vj-ck-03-10-300x147.jpg 300w, https:\/\/www.topohvar.at\/wp-content\/uploads\/2021\/06\/vj-ck-03-10-1024x503.jpg 1024w, https:\/\/www.topohvar.at\/wp-content\/uploads\/2021\/06\/vj-ck-03-10-768x377.jpg 768w\" sizes=\"auto, (max-width: 114px) 100vw, 114px\" \/><\/a>Crkvica \u00bbSv. Lucija\u00ab<br \/>\n<\/strong>VJ-CK-03 \/ Vrbanj, Glavica<\/p>\n<p><strong><a href=\"https:\/\/www.topohvar.at\/orte\/vj\/vj-ck-04-1\/\"><img loading=\"lazy\" decoding=\"async\" class=\"alignleft wp-image-6570\" src=\"https:\/\/www.topohvar.at\/wp-content\/uploads\/2018\/08\/VJ-CK-04-0-1024x503.jpg\" alt=\"\" width=\"114\" height=\"56\" srcset=\"https:\/\/www.topohvar.at\/wp-content\/uploads\/2018\/08\/VJ-CK-04-0-1024x503.jpg 1024w, https:\/\/www.topohvar.at\/wp-content\/uploads\/2018\/08\/VJ-CK-04-0-300x147.jpg 300w, https:\/\/www.topohvar.at\/wp-content\/uploads\/2018\/08\/VJ-CK-04-0-768x377.jpg 768w, https:\/\/www.topohvar.at\/wp-content\/uploads\/2018\/08\/VJ-CK-04-0.jpg 1080w\" sizes=\"auto, (max-width: 114px) 100vw, 114px\" \/><\/a>Crkvica \u00bbSv. Vid na Humu\u00ab<br \/>\n<\/strong>VJ-CK-04 \/ Vrbanj, Hum<\/p>\n<p style=\"text-align: right;\"><span style=\"color: #3366ff;\"><a style=\"color: #3366ff;\" href=\"#seite_oben\">natrag na vrh \/ Seitenanfang<\/a><\/span><\/p>\n<p><a name=\"cp\"><\/a><\/p>\n<hr \/>\n<h2><strong><span style=\"color: #ff0000;\">Kapele \/Kapellen<\/span><\/strong><\/h2>\n<p><strong><a href=\"https:\/\/www.topohvar.at\/orte\/vj\/vj-cp-01-1\/\"><img loading=\"lazy\" decoding=\"async\" class=\"alignleft wp-image-6573\" src=\"https:\/\/www.topohvar.at\/wp-content\/uploads\/2018\/08\/VJ-CP-01-0-1024x503.jpg\" alt=\"\" width=\"114\" height=\"56\" srcset=\"https:\/\/www.topohvar.at\/wp-content\/uploads\/2018\/08\/VJ-CP-01-0-1024x503.jpg 1024w, https:\/\/www.topohvar.at\/wp-content\/uploads\/2018\/08\/VJ-CP-01-0-300x147.jpg 300w, https:\/\/www.topohvar.at\/wp-content\/uploads\/2018\/08\/VJ-CP-01-0-768x377.jpg 768w, https:\/\/www.topohvar.at\/wp-content\/uploads\/2018\/08\/VJ-CP-01-0.jpg 1080w\" sizes=\"auto, (max-width: 114px) 100vw, 114px\" \/><\/a>Kapelica \u00bbSv. Liberata\u00ab<br \/>\n<\/strong>VJ-CP-01 \/ Vrbanj, na putu izme\u0111u Svira\u010da i Vrbanja<\/p>\n<p><strong><a href=\"https:\/\/www.topohvar.at\/orte\/vj\/vj-cp-02-1\/\"><img loading=\"lazy\" decoding=\"async\" class=\"alignleft wp-image-6574\" src=\"https:\/\/www.topohvar.at\/wp-content\/uploads\/2018\/08\/vj-cp-02-0-1024x503.jpg\" alt=\"\" width=\"114\" height=\"56\" srcset=\"https:\/\/www.topohvar.at\/wp-content\/uploads\/2018\/08\/vj-cp-02-0-1024x503.jpg 1024w, https:\/\/www.topohvar.at\/wp-content\/uploads\/2018\/08\/vj-cp-02-0-300x147.jpg 300w, https:\/\/www.topohvar.at\/wp-content\/uploads\/2018\/08\/vj-cp-02-0-768x377.jpg 768w, https:\/\/www.topohvar.at\/wp-content\/uploads\/2018\/08\/vj-cp-02-0.jpg 1080w\" sizes=\"auto, (max-width: 114px) 100vw, 114px\" \/><\/a>Kapela \u00bbSv. Mihovila\u00ab<br \/>\n<\/strong>VJ-CP-02 \/ Vrbanj, Pod Hum, na putu prema Starom Gradu<\/p>\n<p><strong><a href=\"https:\/\/www.topohvar.at\/orte\/vj\/vj-cp-03-1\/\"><img loading=\"lazy\" decoding=\"async\" class=\"alignleft wp-image-6575\" src=\"https:\/\/www.topohvar.at\/wp-content\/uploads\/2018\/08\/VJ-CP-03-0-1024x503.jpg\" alt=\"\" width=\"114\" height=\"56\" srcset=\"https:\/\/www.topohvar.at\/wp-content\/uploads\/2018\/08\/VJ-CP-03-0-1024x503.jpg 1024w, https:\/\/www.topohvar.at\/wp-content\/uploads\/2018\/08\/VJ-CP-03-0-300x147.jpg 300w, https:\/\/www.topohvar.at\/wp-content\/uploads\/2018\/08\/VJ-CP-03-0-768x377.jpg 768w, https:\/\/www.topohvar.at\/wp-content\/uploads\/2018\/08\/VJ-CP-03-0.jpg 1080w\" sizes=\"auto, (max-width: 114px) 100vw, 114px\" \/><\/a>Kapela \u00bbSv. Josipa\u00ab<br \/>\n<\/strong>VJ-CP-03 \/ Vrbanj, na staroj cesti prema Starom Gradu<\/p>\n<p><strong><a href=\"https:\/\/www.topohvar.at\/orte\/vj\/vj-cp-04-1\/\"><img loading=\"lazy\" decoding=\"async\" class=\"alignleft wp-image-6576\" src=\"https:\/\/www.topohvar.at\/wp-content\/uploads\/2018\/08\/VJ-CP-04-0-1024x503.jpg\" alt=\"\" width=\"114\" height=\"56\" srcset=\"https:\/\/www.topohvar.at\/wp-content\/uploads\/2018\/08\/VJ-CP-04-0-1024x503.jpg 1024w, https:\/\/www.topohvar.at\/wp-content\/uploads\/2018\/08\/VJ-CP-04-0-300x147.jpg 300w, https:\/\/www.topohvar.at\/wp-content\/uploads\/2018\/08\/VJ-CP-04-0-768x377.jpg 768w, https:\/\/www.topohvar.at\/wp-content\/uploads\/2018\/08\/VJ-CP-04-0.jpg 1080w\" sizes=\"auto, (max-width: 114px) 100vw, 114px\" \/><\/a>Kapela \u00bbSv. Roka\u00ab<br \/>\n<\/strong>VJ-CP-04 \/ Vrbanj<\/p>\n<p style=\"text-align: right;\"><span style=\"color: #3366ff;\"><a style=\"color: #3366ff;\" href=\"#seite_oben\">natrag na vrh \/ Seitenanfang<\/a><\/span><\/p>\n<p><a name=\"cs\"><\/a><\/p>\n<hr \/>\n<h2><strong><span style=\"color: #ff0000;\">Kapelice \/Bildst\u00f6cke<\/span><\/strong><\/h2>\n<p><strong><a href=\"https:\/\/www.topohvar.at\/orte\/vj\/vj-cs-01-1\/\"><img loading=\"lazy\" decoding=\"async\" class=\"alignleft wp-image-6578\" src=\"https:\/\/www.topohvar.at\/wp-content\/uploads\/2018\/08\/VJ-CS-01-0-1024x503.jpg\" alt=\"\" width=\"114\" height=\"56\" srcset=\"https:\/\/www.topohvar.at\/wp-content\/uploads\/2018\/08\/VJ-CS-01-0-1024x503.jpg 1024w, https:\/\/www.topohvar.at\/wp-content\/uploads\/2018\/08\/VJ-CS-01-0-300x147.jpg 300w, https:\/\/www.topohvar.at\/wp-content\/uploads\/2018\/08\/VJ-CS-01-0-768x377.jpg 768w, https:\/\/www.topohvar.at\/wp-content\/uploads\/2018\/08\/VJ-CS-01-0.jpg 1080w\" sizes=\"auto, (max-width: 114px) 100vw, 114px\" \/><\/a>Kapelica \u00bbSv. Ante Padovanskog\u00ab<br \/>\n<\/strong>VJ-CS-01 \/ Vrbanj, Pod Hum, na staroj cesti prema Starom Gradu<\/p>\n<p><strong><a href=\"https:\/\/www.topohvar.at\/orte\/vj\/vj-cs-02-1\/\"><img loading=\"lazy\" decoding=\"async\" class=\"alignleft wp-image-6579\" src=\"https:\/\/www.topohvar.at\/wp-content\/uploads\/2018\/08\/VJ-CS-02-0-1024x503.jpg\" alt=\"\" width=\"114\" height=\"56\" srcset=\"https:\/\/www.topohvar.at\/wp-content\/uploads\/2018\/08\/VJ-CS-02-0-1024x503.jpg 1024w, https:\/\/www.topohvar.at\/wp-content\/uploads\/2018\/08\/VJ-CS-02-0-300x147.jpg 300w, https:\/\/www.topohvar.at\/wp-content\/uploads\/2018\/08\/VJ-CS-02-0-768x377.jpg 768w, https:\/\/www.topohvar.at\/wp-content\/uploads\/2018\/08\/VJ-CS-02-0.jpg 1080w\" sizes=\"auto, (max-width: 114px) 100vw, 114px\" \/><\/a>Kapelica \u00bbSv. Generoz\u00ab<br \/>\n<\/strong>VJ-CS-02 \/ Vrbanj, na putu prema Basinu<\/p>\n<p><strong><a href=\"https:\/\/www.topohvar.at\/orte\/vj\/vj-cs-06-1\/\"><img loading=\"lazy\" decoding=\"async\" class=\"alignleft wp-image-6583\" src=\"https:\/\/www.topohvar.at\/wp-content\/uploads\/2018\/08\/vj-cs-06-0-1024x503.jpg\" alt=\"\" width=\"114\" height=\"56\" srcset=\"https:\/\/www.topohvar.at\/wp-content\/uploads\/2018\/08\/vj-cs-06-0-1024x503.jpg 1024w, https:\/\/www.topohvar.at\/wp-content\/uploads\/2018\/08\/vj-cs-06-0-300x147.jpg 300w, https:\/\/www.topohvar.at\/wp-content\/uploads\/2018\/08\/vj-cs-06-0-768x377.jpg 768w, https:\/\/www.topohvar.at\/wp-content\/uploads\/2018\/08\/vj-cs-06-0.jpg 1080w\" sizes=\"auto, (max-width: 114px) 100vw, 114px\" \/><\/a>Kapelica \u00bbSv. Nikola (1)\u00ab<br \/>\n<\/strong>VJ-CS-06 \/ Basina<\/p>\n<p><strong><a href=\"https:\/\/www.topohvar.at\/orte\/vj\/vj-cs-03-1\/\"><img loading=\"lazy\" decoding=\"async\" class=\"alignleft wp-image-6580\" src=\"https:\/\/www.topohvar.at\/wp-content\/uploads\/2018\/08\/VJ-CS-03-0-1024x503.jpg\" alt=\"\" width=\"114\" height=\"56\" srcset=\"https:\/\/www.topohvar.at\/wp-content\/uploads\/2018\/08\/VJ-CS-03-0-1024x503.jpg 1024w, https:\/\/www.topohvar.at\/wp-content\/uploads\/2018\/08\/VJ-CS-03-0-300x147.jpg 300w, https:\/\/www.topohvar.at\/wp-content\/uploads\/2018\/08\/VJ-CS-03-0-768x377.jpg 768w, https:\/\/www.topohvar.at\/wp-content\/uploads\/2018\/08\/VJ-CS-03-0.jpg 1080w\" sizes=\"auto, (max-width: 114px) 100vw, 114px\" \/><\/a>Kapelica \u00bbSv. Nikola (2)\u00ab<br \/>\n<\/strong>VJ-CS-03 \/ Vrbanj, Pod Dolaz<\/p>\n<p><strong><a href=\"https:\/\/www.topohvar.at\/orte\/vj\/vj-cs-04-1\/\"><img loading=\"lazy\" decoding=\"async\" class=\"wp-image-6581 alignleft\" src=\"https:\/\/www.topohvar.at\/wp-content\/uploads\/2018\/08\/VJ-CS-04-0-1024x503.jpg\" alt=\"\" width=\"114\" height=\"56\" srcset=\"https:\/\/www.topohvar.at\/wp-content\/uploads\/2018\/08\/VJ-CS-04-0-1024x503.jpg 1024w, https:\/\/www.topohvar.at\/wp-content\/uploads\/2018\/08\/VJ-CS-04-0-300x147.jpg 300w, https:\/\/www.topohvar.at\/wp-content\/uploads\/2018\/08\/VJ-CS-04-0-768x377.jpg 768w, https:\/\/www.topohvar.at\/wp-content\/uploads\/2018\/08\/VJ-CS-04-0.jpg 1080w\" sizes=\"auto, (max-width: 114px) 100vw, 114px\" \/><\/a>Kapelica \u00bbSv. Nikola (3)\u00ab<br \/>\n<\/strong>VJ-CS-04 \/ Vrbanj, Vir<\/p>\n<p><strong><a href=\"https:\/\/www.topohvar.at\/orte\/vj\/vj-cs-05-1\/\"><img loading=\"lazy\" decoding=\"async\" class=\"wp-image-6582 alignleft\" src=\"https:\/\/www.topohvar.at\/wp-content\/uploads\/2018\/08\/VJ-CS-05-0-1024x503.jpg\" alt=\"\" width=\"114\" height=\"56\" srcset=\"https:\/\/www.topohvar.at\/wp-content\/uploads\/2018\/08\/VJ-CS-05-0-1024x503.jpg 1024w, https:\/\/www.topohvar.at\/wp-content\/uploads\/2018\/08\/VJ-CS-05-0-300x147.jpg 300w, https:\/\/www.topohvar.at\/wp-content\/uploads\/2018\/08\/VJ-CS-05-0-768x377.jpg 768w, https:\/\/www.topohvar.at\/wp-content\/uploads\/2018\/08\/VJ-CS-05-0.jpg 1080w\" sizes=\"auto, (max-width: 114px) 100vw, 114px\" \/><\/a>Kapelica \u00bbPrazan kapelica\u00ab<br \/>\n<\/strong>VJ-CS-05 \/ Vrbanj, Vir<\/p>\n<p><strong><a href=\"https:\/\/www.topohvar.at\/orte\/vj\/vj-cs-07-1\/\"><img loading=\"lazy\" decoding=\"async\" class=\"alignleft wp-image-6584\" src=\"https:\/\/www.topohvar.at\/wp-content\/uploads\/2018\/08\/vj-cs-07-0-1024x503.jpg\" alt=\"\" width=\"114\" height=\"56\" srcset=\"https:\/\/www.topohvar.at\/wp-content\/uploads\/2018\/08\/vj-cs-07-0-1024x503.jpg 1024w, https:\/\/www.topohvar.at\/wp-content\/uploads\/2018\/08\/vj-cs-07-0-300x147.jpg 300w, https:\/\/www.topohvar.at\/wp-content\/uploads\/2018\/08\/vj-cs-07-0-768x377.jpg 768w, https:\/\/www.topohvar.at\/wp-content\/uploads\/2018\/08\/vj-cs-07-0.jpg 1080w\" sizes=\"auto, (max-width: 114px) 100vw, 114px\" \/><\/a>Kapelica \u00bbSv. Marije\u00ab<br \/>\n<\/strong>VJ-CS-07 \/ Vrbanj<\/p>\n<p style=\"text-align: right;\"><a href=\"#seite_oben\"><span style=\"color: #3366ff;\">natrag na vrh \/ Seitenanfang<\/span><\/a><\/p>\n<p><a name=\"cz\"><\/a><\/p>\n<hr \/>\n<h2><strong><span style=\"color: #ff0000;\">Kri\u017eevi \/ Kreuze<\/span><\/strong><\/h2>\n<p><strong><a href=\"https:\/\/www.topohvar.at\/orte\/vj\/vj-cz-01-1\/\"><img loading=\"lazy\" decoding=\"async\" class=\"alignleft wp-image-6585\" src=\"https:\/\/www.topohvar.at\/wp-content\/uploads\/2018\/08\/VJ-CZ-01-0-1024x503.jpg\" alt=\"\" width=\"114\" height=\"56\" srcset=\"https:\/\/www.topohvar.at\/wp-content\/uploads\/2018\/08\/VJ-CZ-01-0-1024x503.jpg 1024w, https:\/\/www.topohvar.at\/wp-content\/uploads\/2018\/08\/VJ-CZ-01-0-300x147.jpg 300w, https:\/\/www.topohvar.at\/wp-content\/uploads\/2018\/08\/VJ-CZ-01-0-768x377.jpg 768w, https:\/\/www.topohvar.at\/wp-content\/uploads\/2018\/08\/VJ-CZ-01-0.jpg 1080w\" sizes=\"auto, (max-width: 114px) 100vw, 114px\" \/><\/a>Kri\u017e \u00bbVodanovi\u0107\u00ab<br \/>\n<\/strong>VJ-CZ-01 \/ Vrbanj, Pod Hum, na putu prema Starom Gradu<\/p>\n<p><strong><a href=\"https:\/\/www.topohvar.at\/orte\/vj\/vj-cz-02-1\/\"><img loading=\"lazy\" decoding=\"async\" class=\"alignleft wp-image-6586\" src=\"https:\/\/www.topohvar.at\/wp-content\/uploads\/2018\/08\/VJ-CZ-02-0-1024x503.jpg\" alt=\"\" width=\"114\" height=\"56\" srcset=\"https:\/\/www.topohvar.at\/wp-content\/uploads\/2018\/08\/VJ-CZ-02-0-1024x503.jpg 1024w, https:\/\/www.topohvar.at\/wp-content\/uploads\/2018\/08\/VJ-CZ-02-0-300x147.jpg 300w, https:\/\/www.topohvar.at\/wp-content\/uploads\/2018\/08\/VJ-CZ-02-0-768x377.jpg 768w, https:\/\/www.topohvar.at\/wp-content\/uploads\/2018\/08\/VJ-CZ-02-0.jpg 1080w\" sizes=\"auto, (max-width: 114px) 100vw, 114px\" \/><\/a>Kri\u017e \u00bbu \u017eupni ured\u00ab<br \/>\n<\/strong>VJ-CZ-02 \/ Vrbanj,\u00a0nasuprot \u017eupne crkve<\/p>\n<p><strong><a href=\"https:\/\/www.topohvar.at\/orte\/vj\/vj-cz-03-1\/\"><img loading=\"lazy\" decoding=\"async\" class=\"alignleft wp-image-6587\" src=\"https:\/\/www.topohvar.at\/wp-content\/uploads\/2018\/08\/vj-cz-03-0-1024x503.jpg\" alt=\"\" width=\"114\" height=\"56\" srcset=\"https:\/\/www.topohvar.at\/wp-content\/uploads\/2018\/08\/vj-cz-03-0-1024x503.jpg 1024w, https:\/\/www.topohvar.at\/wp-content\/uploads\/2018\/08\/vj-cz-03-0-300x147.jpg 300w, https:\/\/www.topohvar.at\/wp-content\/uploads\/2018\/08\/vj-cz-03-0-768x377.jpg 768w, https:\/\/www.topohvar.at\/wp-content\/uploads\/2018\/08\/vj-cz-03-0.jpg 1080w\" sizes=\"auto, (max-width: 114px) 100vw, 114px\" \/><\/a>Kri\u017e \u00bbna starom groblju\u00ab<br \/>\n<\/strong>VJ-CZ-03 \/ Vrbanj, Staro groblje<\/p>\n<p style=\"text-align: right;\"><a href=\"#seite_oben\"><span style=\"color: #3366ff;\">natrag na vrh \/ Seitenanfang<\/span><\/a><\/p>\n<p><a name=\"in\"><\/a><\/p>\n<hr \/>\n<h2><strong><span style=\"color: #ff0000;\">Natpisi\/ Inschriften<\/span><\/strong><\/h2>\n<p><strong><a href=\"https:\/\/www.topohvar.at\/orte\/vj\/vj-in-02-1\/\"><img loading=\"lazy\" decoding=\"async\" class=\"alignleft wp-image-6591\" src=\"https:\/\/www.topohvar.at\/wp-content\/uploads\/2018\/08\/vj-in-02-0-1024x503.jpg\" alt=\"\" width=\"114\" height=\"56\" srcset=\"https:\/\/www.topohvar.at\/wp-content\/uploads\/2018\/08\/vj-in-02-0-1024x503.jpg 1024w, https:\/\/www.topohvar.at\/wp-content\/uploads\/2018\/08\/vj-in-02-0-300x147.jpg 300w, https:\/\/www.topohvar.at\/wp-content\/uploads\/2018\/08\/vj-in-02-0-768x377.jpg 768w, https:\/\/www.topohvar.at\/wp-content\/uploads\/2018\/08\/vj-in-02-0.jpg 1080w\" sizes=\"auto, (max-width: 114px) 100vw, 114px\" \/><\/a>Natpis \u00bbna kapeli sv. Mihovila\u00ab<br \/>\n<\/strong>VJ-IN-02 \/ Vrbanj, Pod Hum, Kapela sv. Mihovila<\/p>\n<p><strong><a href=\"https:\/\/www.topohvar.at\/orte\/vj\/vj-in-03-1\/\"><img loading=\"lazy\" decoding=\"async\" class=\"alignleft wp-image-6592\" src=\"https:\/\/www.topohvar.at\/wp-content\/uploads\/2018\/08\/vj-in-03-0-1024x503.jpg\" alt=\"\" width=\"114\" height=\"56\" srcset=\"https:\/\/www.topohvar.at\/wp-content\/uploads\/2018\/08\/vj-in-03-0-1024x503.jpg 1024w, https:\/\/www.topohvar.at\/wp-content\/uploads\/2018\/08\/vj-in-03-0-300x147.jpg 300w, https:\/\/www.topohvar.at\/wp-content\/uploads\/2018\/08\/vj-in-03-0-768x377.jpg 768w, https:\/\/www.topohvar.at\/wp-content\/uploads\/2018\/08\/vj-in-03-0.jpg 1080w\" sizes=\"auto, (max-width: 114px) 100vw, 114px\" \/><\/a>Natpis \u00bb1797\u00ab<br \/>\n<\/strong>VJ-IN-03 \/ Vrbanj, ku\u0107a Lu\u0161i\u0107<\/p>\n<p style=\"text-align: right;\"><a href=\"#seite_oben\"><span style=\"color: #3366ff;\">natrag na vrh \/ Seitenanfang<\/span><\/a><\/p>\n<p><a name=\"ip\"><\/a><\/p>\n<hr \/>\n<h2><strong><span style=\"color: #ff0000;\">Plo\u010de \/ Tafeln<\/span><\/strong><\/h2>\n<p><strong><a href=\"https:\/\/www.topohvar.at\/orte\/vj\/vj-ip-01-1\/\"><img loading=\"lazy\" decoding=\"async\" class=\"alignleft wp-image-6594\" src=\"https:\/\/www.topohvar.at\/wp-content\/uploads\/2018\/08\/VJ-IP-01-0-1024x503.jpg\" alt=\"\" width=\"114\" height=\"56\" srcset=\"https:\/\/www.topohvar.at\/wp-content\/uploads\/2018\/08\/VJ-IP-01-0-1024x503.jpg 1024w, https:\/\/www.topohvar.at\/wp-content\/uploads\/2018\/08\/VJ-IP-01-0-300x147.jpg 300w, https:\/\/www.topohvar.at\/wp-content\/uploads\/2018\/08\/VJ-IP-01-0-768x377.jpg 768w, https:\/\/www.topohvar.at\/wp-content\/uploads\/2018\/08\/VJ-IP-01-0.jpg 1080w\" sizes=\"auto, (max-width: 114px) 100vw, 114px\" \/><\/a>Informativna plo\u010da \u00bbPut Matija Ivani\u0107a\u00ab<br \/>\n<\/strong>VJ-IP-01 \/ Vrbanj, Pod Hum, put Matija Ivani\u0107a<\/p>\n<p><strong><a href=\"https:\/\/www.topohvar.at\/orte\/vj\/vj-ip-02-1\/\"><img loading=\"lazy\" decoding=\"async\" class=\"alignleft wp-image-6595\" src=\"https:\/\/www.topohvar.at\/wp-content\/uploads\/2018\/08\/VJ-IP-02-0-1024x503.jpg\" alt=\"\" width=\"114\" height=\"56\" srcset=\"https:\/\/www.topohvar.at\/wp-content\/uploads\/2018\/08\/VJ-IP-02-0-1024x503.jpg 1024w, https:\/\/www.topohvar.at\/wp-content\/uploads\/2018\/08\/VJ-IP-02-0-300x147.jpg 300w, https:\/\/www.topohvar.at\/wp-content\/uploads\/2018\/08\/VJ-IP-02-0-768x377.jpg 768w, https:\/\/www.topohvar.at\/wp-content\/uploads\/2018\/08\/VJ-IP-02-0.jpg 1080w\" sizes=\"auto, (max-width: 114px) 100vw, 114px\" \/><\/a>Informativna plo\u010da \u00bbLucijev put\u00ab<br \/>\n<\/strong>VJ-IP-02 \/ Vrbanj, Polje, Lucijev put<\/p>\n<p><strong><a href=\"https:\/\/www.topohvar.at\/orte\/vj\/vj-ip-03-1\/\"><img loading=\"lazy\" decoding=\"async\" class=\"alignleft wp-image-6596\" src=\"https:\/\/www.topohvar.at\/wp-content\/uploads\/2018\/08\/VJ-IP-03-0-1024x503.jpg\" alt=\"\" width=\"114\" height=\"56\" srcset=\"https:\/\/www.topohvar.at\/wp-content\/uploads\/2018\/08\/VJ-IP-03-0-1024x503.jpg 1024w, https:\/\/www.topohvar.at\/wp-content\/uploads\/2018\/08\/VJ-IP-03-0-300x147.jpg 300w, https:\/\/www.topohvar.at\/wp-content\/uploads\/2018\/08\/VJ-IP-03-0-768x377.jpg 768w, https:\/\/www.topohvar.at\/wp-content\/uploads\/2018\/08\/VJ-IP-03-0.jpg 1080w\" sizes=\"auto, (max-width: 114px) 100vw, 114px\" \/><\/a>Informativna plo\u010da \u00bbKleunikin put\u00ab<br \/>\n<\/strong>VJ-IP-03 \/ Vrbanj, Polje, put prema Basinu<\/p>\n<p><strong><a href=\"https:\/\/www.topohvar.at\/orte\/vj\/vj-ip-06-1\/\"><img loading=\"lazy\" decoding=\"async\" class=\"alignleft wp-image-72132\" src=\"https:\/\/www.topohvar.at\/wp-content\/uploads\/2025\/05\/vj-ip-06-0-300x147.jpg\" alt=\"\" width=\"114\" height=\"56\" srcset=\"https:\/\/www.topohvar.at\/wp-content\/uploads\/2025\/05\/vj-ip-06-0-300x147.jpg 300w, https:\/\/www.topohvar.at\/wp-content\/uploads\/2025\/05\/vj-ip-06-0-1024x503.jpg 1024w, https:\/\/www.topohvar.at\/wp-content\/uploads\/2025\/05\/vj-ip-06-0-768x377.jpg 768w, https:\/\/www.topohvar.at\/wp-content\/uploads\/2025\/05\/vj-ip-06-0.jpg 1080w\" sizes=\"auto, (max-width: 114px) 100vw, 114px\" \/><\/a>Informativna plo\u010da \/ Infotafel \u00bbVila rustica Carevac\u00ab<br \/>\n<\/strong>VJ-IP-06 \/ Vrbanj, Polje, Carevac<\/p>\n<p><strong><a href=\"https:\/\/www.topohvar.at\/orte\/vj\/vj-ip-04-1\/\"><img loading=\"lazy\" decoding=\"async\" class=\"alignleft wp-image-6597\" src=\"https:\/\/www.topohvar.at\/wp-content\/uploads\/2018\/08\/VJ-IP-04-0-1024x503.jpg\" alt=\"\" width=\"114\" height=\"56\" srcset=\"https:\/\/www.topohvar.at\/wp-content\/uploads\/2018\/08\/VJ-IP-04-0-1024x503.jpg 1024w, https:\/\/www.topohvar.at\/wp-content\/uploads\/2018\/08\/VJ-IP-04-0-300x147.jpg 300w, https:\/\/www.topohvar.at\/wp-content\/uploads\/2018\/08\/VJ-IP-04-0-768x377.jpg 768w, https:\/\/www.topohvar.at\/wp-content\/uploads\/2018\/08\/VJ-IP-04-0.jpg 1080w\" sizes=\"auto, (max-width: 114px) 100vw, 114px\" \/><\/a>Informativna plo\u010da \u00bbGorgilin put\u00ab<br \/>\n<\/strong>VJ-IP-04 \/ Vrbanj, Polje, Pre\u0161ice<\/p>\n<p><strong><a href=\"https:\/\/www.topohvar.at\/orte\/vj\/vj-ip-05-1\/\"><img loading=\"lazy\" decoding=\"async\" class=\"alignleft wp-image-50400\" src=\"https:\/\/www.topohvar.at\/wp-content\/uploads\/2021\/06\/vj-ip-05-0.jpg\" alt=\"\" width=\"114\" height=\"56\" srcset=\"https:\/\/www.topohvar.at\/wp-content\/uploads\/2021\/06\/vj-ip-05-0.jpg 1080w, https:\/\/www.topohvar.at\/wp-content\/uploads\/2021\/06\/vj-ip-05-0-300x147.jpg 300w, https:\/\/www.topohvar.at\/wp-content\/uploads\/2021\/06\/vj-ip-05-0-1024x503.jpg 1024w, https:\/\/www.topohvar.at\/wp-content\/uploads\/2021\/06\/vj-ip-05-0-768x377.jpg 768w\" sizes=\"auto, (max-width: 114px) 100vw, 114px\" \/><\/a>Informativna plo\u010da \u00bbFontana Vrba\u00ab<br \/>\n<\/strong>VJ-IP-05 \/ Vrbanj, Sv. Duh, park \u017eupnog dvora<\/p>\n<p><strong><a href=\"https:\/\/www.topohvar.at\/topo\/orte\/vj\/vj-ih-00-0\/\"><img loading=\"lazy\" decoding=\"async\" class=\"alignleft wp-image-71676\" src=\"https:\/\/www.topohvar.at\/wp-content\/uploads\/2025\/05\/sg-ih-00-0-300x150.jpg\" alt=\"\" width=\"112\" height=\"56\" srcset=\"https:\/\/www.topohvar.at\/wp-content\/uploads\/2025\/05\/sg-ih-00-0-300x150.jpg 300w, https:\/\/www.topohvar.at\/wp-content\/uploads\/2025\/05\/sg-ih-00-0-1024x512.jpg 1024w, https:\/\/www.topohvar.at\/wp-content\/uploads\/2025\/05\/sg-ih-00-0-768x384.jpg 768w, https:\/\/www.topohvar.at\/wp-content\/uploads\/2025\/05\/sg-ih-00-0-1536x768.jpg 1536w, https:\/\/www.topohvar.at\/wp-content\/uploads\/2025\/05\/sg-ih-00-0-2048x1024.jpg 2048w\" sizes=\"auto, (max-width: 112px) 100vw, 112px\" \/><\/a>Starogradsko polje &#8211; 7 informacijski stupovi<br \/>\n<\/strong>VJ-IH-01\/07 \/ Vrbanj, polje<\/p>\n<hr \/>\n<p><strong><a href=\"https:\/\/www.topohvar.at\/orte\/vj\/vj-is-11-1\/\"><img loading=\"lazy\" decoding=\"async\" class=\"alignleft wp-image-6590\" src=\"https:\/\/www.topohvar.at\/wp-content\/uploads\/2018\/08\/Vj-in-01-0-1024x503.jpg\" alt=\"\" width=\"114\" height=\"56\" srcset=\"https:\/\/www.topohvar.at\/wp-content\/uploads\/2018\/08\/Vj-in-01-0-1024x503.jpg 1024w, https:\/\/www.topohvar.at\/wp-content\/uploads\/2018\/08\/Vj-in-01-0-300x147.jpg 300w, https:\/\/www.topohvar.at\/wp-content\/uploads\/2018\/08\/Vj-in-01-0-768x377.jpg 768w, https:\/\/www.topohvar.at\/wp-content\/uploads\/2018\/08\/Vj-in-01-0.jpg 1080w\" sizes=\"auto, (max-width: 114px) 100vw, 114px\" \/><\/a>Spomen plo\u010da \u00bbObitelj Razovi\u0107\u00ab<br \/>\n<\/strong>VJ-IS-11 \/ Vrbanj, ku\u0107a Razovi\u0107<\/p>\n<p><strong><a href=\"https:\/\/www.topohvar.at\/orte\/vj\/vj-is-01-1\/\"><img loading=\"lazy\" decoding=\"async\" class=\"alignleft wp-image-6598\" src=\"https:\/\/www.topohvar.at\/wp-content\/uploads\/2018\/08\/vj-is-01-0-1024x503.jpg\" alt=\"\" width=\"114\" height=\"56\" srcset=\"https:\/\/www.topohvar.at\/wp-content\/uploads\/2018\/08\/vj-is-01-0-1024x503.jpg 1024w, https:\/\/www.topohvar.at\/wp-content\/uploads\/2018\/08\/vj-is-01-0-300x147.jpg 300w, https:\/\/www.topohvar.at\/wp-content\/uploads\/2018\/08\/vj-is-01-0-768x377.jpg 768w, https:\/\/www.topohvar.at\/wp-content\/uploads\/2018\/08\/vj-is-01-0.jpg 1080w\" sizes=\"auto, (max-width: 114px) 100vw, 114px\" \/><\/a>Spomen plo\u010da \u00bbAnte Tresi\u0107 Pavi\u010di\u0107\u00ab<br \/>\n<\/strong>VJ-IS-01 \/\u00a0Vrbanj, ku\u0107a Tresi\u0107 Pavi\u010di\u0107a<\/p>\n<p><strong><a href=\"https:\/\/www.topohvar.at\/orte\/vj\/vj-is-02-1\/\"><img loading=\"lazy\" decoding=\"async\" class=\"alignleft wp-image-6599\" src=\"https:\/\/www.topohvar.at\/wp-content\/uploads\/2018\/08\/vj-is-02-0-1024x503.jpg\" alt=\"\" width=\"114\" height=\"56\" srcset=\"https:\/\/www.topohvar.at\/wp-content\/uploads\/2018\/08\/vj-is-02-0-1024x503.jpg 1024w, https:\/\/www.topohvar.at\/wp-content\/uploads\/2018\/08\/vj-is-02-0-300x147.jpg 300w, https:\/\/www.topohvar.at\/wp-content\/uploads\/2018\/08\/vj-is-02-0-768x377.jpg 768w, https:\/\/www.topohvar.at\/wp-content\/uploads\/2018\/08\/vj-is-02-0.jpg 1080w\" sizes=\"auto, (max-width: 114px) 100vw, 114px\" \/><\/a>Spomen plo\u0107a \u00bbPere Ljubi\u0107a\u00ab<br \/>\n<\/strong>VJ-IS-02 \/ Vrbanj, Vir 6, ku\u0107a Pere Ljubi\u0107<\/p>\n<p><strong><a href=\"https:\/\/www.topohvar.at\/orte\/vj\/vj-is-03-1\/\"><img loading=\"lazy\" decoding=\"async\" class=\"alignleft wp-image-6600\" src=\"https:\/\/www.topohvar.at\/wp-content\/uploads\/2018\/08\/VJ-IS-03-0-1024x503.jpg\" alt=\"\" width=\"114\" height=\"56\" srcset=\"https:\/\/www.topohvar.at\/wp-content\/uploads\/2018\/08\/VJ-IS-03-0-1024x503.jpg 1024w, https:\/\/www.topohvar.at\/wp-content\/uploads\/2018\/08\/VJ-IS-03-0-300x147.jpg 300w, https:\/\/www.topohvar.at\/wp-content\/uploads\/2018\/08\/VJ-IS-03-0-768x377.jpg 768w, https:\/\/www.topohvar.at\/wp-content\/uploads\/2018\/08\/VJ-IS-03-0.jpg 1080w\" sizes=\"auto, (max-width: 114px) 100vw, 114px\" \/><\/a>Spomen plo\u010da \u00bbKu\u0107a Matij Ivani\u0107a\u00ab<br \/>\n<\/strong>VJ-IS-03 \/ Vrbanj, ku\u010da Ivani\u0107a<\/p>\n<p><strong><a href=\"https:\/\/www.topohvar.at\/orte\/vj\/vj-is-06-1\/\"><img loading=\"lazy\" decoding=\"async\" class=\"alignleft wp-image-6603\" src=\"https:\/\/www.topohvar.at\/wp-content\/uploads\/2018\/08\/VJ-IS-06-0-1024x503.jpg\" alt=\"\" width=\"114\" height=\"56\" srcset=\"https:\/\/www.topohvar.at\/wp-content\/uploads\/2018\/08\/VJ-IS-06-0-1024x503.jpg 1024w, https:\/\/www.topohvar.at\/wp-content\/uploads\/2018\/08\/VJ-IS-06-0-300x147.jpg 300w, https:\/\/www.topohvar.at\/wp-content\/uploads\/2018\/08\/VJ-IS-06-0-768x377.jpg 768w, https:\/\/www.topohvar.at\/wp-content\/uploads\/2018\/08\/VJ-IS-06-0.jpg 1080w\" sizes=\"auto, (max-width: 114px) 100vw, 114px\" \/><\/a>Spomen plo\u010da \u00bbMatij Ivani\u0107, na 444-tu godisnjicu pu\u010dana\u00ab<br \/>\n<\/strong>VJ-IS-06 \/ Vrbanj, Pjaca, Dom Matija Ivani\u0107a<\/p>\n<p><strong><a href=\"https:\/\/www.topohvar.at\/orte\/vj\/vj-is-05-1\/\"><img loading=\"lazy\" decoding=\"async\" class=\"alignleft wp-image-6602\" src=\"https:\/\/www.topohvar.at\/wp-content\/uploads\/2018\/08\/VJ-IS-05-0-1024x503.jpg\" alt=\"\" width=\"114\" height=\"56\" srcset=\"https:\/\/www.topohvar.at\/wp-content\/uploads\/2018\/08\/VJ-IS-05-0-1024x503.jpg 1024w, https:\/\/www.topohvar.at\/wp-content\/uploads\/2018\/08\/VJ-IS-05-0-300x147.jpg 300w, https:\/\/www.topohvar.at\/wp-content\/uploads\/2018\/08\/VJ-IS-05-0-768x377.jpg 768w, https:\/\/www.topohvar.at\/wp-content\/uploads\/2018\/08\/VJ-IS-05-0.jpg 1080w\" sizes=\"auto, (max-width: 114px) 100vw, 114px\" \/><\/a>Spomen plo\u010da \u00bbMatij Ivani\u0107, na 500-tu godisnjicu pu\u010dana\u00ab<br \/>\n<\/strong>VJ-IS-05 \/ Vrbanj, Pjaca, Dom Matija Ivani\u0107a<\/p>\n<p><strong><a href=\"https:\/\/www.topohvar.at\/orte\/vj\/vj-is-04-1\/\"><img loading=\"lazy\" decoding=\"async\" class=\"alignleft wp-image-6601\" src=\"https:\/\/www.topohvar.at\/wp-content\/uploads\/2018\/08\/VJ-IS-04-0-1024x503.jpg\" alt=\"\" width=\"114\" height=\"56\" srcset=\"https:\/\/www.topohvar.at\/wp-content\/uploads\/2018\/08\/VJ-IS-04-0-1024x503.jpg 1024w, https:\/\/www.topohvar.at\/wp-content\/uploads\/2018\/08\/VJ-IS-04-0-300x147.jpg 300w, https:\/\/www.topohvar.at\/wp-content\/uploads\/2018\/08\/VJ-IS-04-0-768x377.jpg 768w, https:\/\/www.topohvar.at\/wp-content\/uploads\/2018\/08\/VJ-IS-04-0.jpg 1080w\" sizes=\"auto, (max-width: 114px) 100vw, 114px\" \/><\/a>Spomen plo\u010da \u00bbAkciji razoru\u017eanja \u017eandarmerijske stanice\u00ab<br \/>\n<\/strong>VJ-IS-04 \/ Vrbanj, Pjaca, Osnovna \u0161kola<\/p>\n<p><strong><a href=\"https:\/\/www.topohvar.at\/orte\/vj\/vj-is-07-1\/\"><img loading=\"lazy\" decoding=\"async\" class=\"alignleft wp-image-6604\" src=\"https:\/\/www.topohvar.at\/wp-content\/uploads\/2018\/08\/VJ-IS-07-0-1024x503.jpg\" alt=\"\" width=\"114\" height=\"56\" srcset=\"https:\/\/www.topohvar.at\/wp-content\/uploads\/2018\/08\/VJ-IS-07-0-1024x503.jpg 1024w, https:\/\/www.topohvar.at\/wp-content\/uploads\/2018\/08\/VJ-IS-07-0-300x147.jpg 300w, https:\/\/www.topohvar.at\/wp-content\/uploads\/2018\/08\/VJ-IS-07-0-768x377.jpg 768w, https:\/\/www.topohvar.at\/wp-content\/uploads\/2018\/08\/VJ-IS-07-0.jpg 1080w\" sizes=\"auto, (max-width: 114px) 100vw, 114px\" \/><\/a>Spomen plo\u010da \u00bbna zvoniku crkvu\u00ab<br \/>\n<\/strong>VJ-IS-07 \/ Vrbanj,\u00a0zvonik crkvu<\/p>\n<p><strong><a href=\"https:\/\/www.topohvar.at\/orte\/vj\/vj-is-08-1\/\"><img loading=\"lazy\" decoding=\"async\" class=\"alignleft wp-image-6605\" src=\"https:\/\/www.topohvar.at\/wp-content\/uploads\/2018\/08\/VJ-IS-08-0-1024x503.jpg\" alt=\"\" width=\"114\" height=\"56\" srcset=\"https:\/\/www.topohvar.at\/wp-content\/uploads\/2018\/08\/VJ-IS-08-0-1024x503.jpg 1024w, https:\/\/www.topohvar.at\/wp-content\/uploads\/2018\/08\/VJ-IS-08-0-300x147.jpg 300w, https:\/\/www.topohvar.at\/wp-content\/uploads\/2018\/08\/VJ-IS-08-0-768x377.jpg 768w, https:\/\/www.topohvar.at\/wp-content\/uploads\/2018\/08\/VJ-IS-08-0.jpg 1080w\" sizes=\"auto, (max-width: 114px) 100vw, 114px\" \/><\/a>Spomen plo\u010da \u00bbDon Ivo \u0160eperica\u00ab<br \/>\n<\/strong>VJ-IS-08 \/\u00a0Vrbanj, na grobljanskoj crkvi<\/p>\n<p><strong><a href=\"https:\/\/www.topohvar.at\/orte\/vj\/vj-is-09-1\/\"><img loading=\"lazy\" decoding=\"async\" class=\"alignleft wp-image-6606\" src=\"https:\/\/www.topohvar.at\/wp-content\/uploads\/2018\/08\/vj-is-09-0-1024x503.jpg\" alt=\"\" width=\"114\" height=\"56\" srcset=\"https:\/\/www.topohvar.at\/wp-content\/uploads\/2018\/08\/vj-is-09-0-1024x503.jpg 1024w, https:\/\/www.topohvar.at\/wp-content\/uploads\/2018\/08\/vj-is-09-0-300x147.jpg 300w, https:\/\/www.topohvar.at\/wp-content\/uploads\/2018\/08\/vj-is-09-0-768x377.jpg 768w, https:\/\/www.topohvar.at\/wp-content\/uploads\/2018\/08\/vj-is-09-0.jpg 1080w\" sizes=\"auto, (max-width: 114px) 100vw, 114px\" \/><\/a>Spomen plo\u010da \u00bbSv. Mihovil\u00ab<br \/>\n<\/strong>VJ-IS-09 \/ Vrbanj, Pod Hum, kapela Sv. Mihovila<\/p>\n<p style=\"text-align: right;\"><span style=\"color: #3366ff;\"><a style=\"color: #3366ff;\" href=\"#seite_oben\">natrag na vrh \/ Seitenanfang<\/a><\/span><\/p>\n<p><a name=\"ir\"><\/a><\/p>\n<hr \/>\n<h2><strong><span style=\"color: #ff0000;\">Reljefi \/ Reliefs<\/span><\/strong><\/h2>\n<p><strong><a href=\"https:\/\/www.topohvar.at\/orte\/vj\/vj-ig-01-1\/\"><img loading=\"lazy\" decoding=\"async\" class=\"alignleft wp-image-6608\" src=\"https:\/\/www.topohvar.at\/wp-content\/uploads\/2018\/08\/VJ-Ig-01-0-1024x503.jpg\" alt=\"\" width=\"114\" height=\"56\" srcset=\"https:\/\/www.topohvar.at\/wp-content\/uploads\/2018\/08\/VJ-Ig-01-0-1024x503.jpg 1024w, https:\/\/www.topohvar.at\/wp-content\/uploads\/2018\/08\/VJ-Ig-01-0-300x147.jpg 300w, https:\/\/www.topohvar.at\/wp-content\/uploads\/2018\/08\/VJ-Ig-01-0-768x377.jpg 768w, https:\/\/www.topohvar.at\/wp-content\/uploads\/2018\/08\/VJ-Ig-01-0.jpg 1080w\" sizes=\"auto, (max-width: 114px) 100vw, 114px\" \/><\/a>Grb \u00bbRepublike Hrvatske\u00ab<br \/>\n<\/strong>VJ-IG-01 \/ Vrbanj, Pjaca, Osnovna \u0161kola<\/p>\n<p><strong><a href=\"https:\/\/www.topohvar.at\/orte\/vj\/vj-ir-01-1\/\"><img loading=\"lazy\" decoding=\"async\" class=\"alignleft wp-image-6609\" src=\"https:\/\/www.topohvar.at\/wp-content\/uploads\/2018\/08\/vj-ir-01-0-1024x503.jpg\" alt=\"\" width=\"114\" height=\"56\" srcset=\"https:\/\/www.topohvar.at\/wp-content\/uploads\/2018\/08\/vj-ir-01-0-1024x503.jpg 1024w, https:\/\/www.topohvar.at\/wp-content\/uploads\/2018\/08\/vj-ir-01-0-300x147.jpg 300w, https:\/\/www.topohvar.at\/wp-content\/uploads\/2018\/08\/vj-ir-01-0-768x377.jpg 768w, https:\/\/www.topohvar.at\/wp-content\/uploads\/2018\/08\/vj-ir-01-0.jpg 1080w\" sizes=\"auto, (max-width: 114px) 100vw, 114px\" \/><\/a>Reljef \u00bbna kapeli Sv. Mihovila\u00ab<br \/>\n<\/strong>VJ-IR-01 \/ Vrbanj, Pod Hum, kapela Sv. Mihovila<\/p>\n<p style=\"text-align: right;\"><span style=\"color: #3366ff;\"><a style=\"color: #3366ff;\" href=\"#seite_oben\">natrag na vrh \/ Seitenanfang<\/a><\/span><\/p>\n<p><a name=\"mo\"><\/a><\/p>\n<hr \/>\n<h2><strong><span style=\"color: #ff0000;\">S<\/span><\/strong><strong><span style=\"color: #ff0000;\">pomenici, skulpture \/ Monumente, Skulpturen<\/span><\/strong><\/h2>\n<p><strong><a href=\"https:\/\/www.topohvar.at\/orte\/vj\/vj-mo-01-1\/\"><img loading=\"lazy\" decoding=\"async\" class=\"alignleft wp-image-6611\" src=\"https:\/\/www.topohvar.at\/wp-content\/uploads\/2018\/08\/VJ-MO-01-0-1024x503.jpg\" alt=\"\" width=\"114\" height=\"56\" srcset=\"https:\/\/www.topohvar.at\/wp-content\/uploads\/2018\/08\/VJ-MO-01-0-1024x503.jpg 1024w, https:\/\/www.topohvar.at\/wp-content\/uploads\/2018\/08\/VJ-MO-01-0-300x147.jpg 300w, https:\/\/www.topohvar.at\/wp-content\/uploads\/2018\/08\/VJ-MO-01-0-768x377.jpg 768w, https:\/\/www.topohvar.at\/wp-content\/uploads\/2018\/08\/VJ-MO-01-0.jpg 1080w\" sizes=\"auto, (max-width: 114px) 100vw, 114px\" \/><\/a>Spomenik \u00bbPalim borcima I. sv. Rat\u00ab<br \/>\n<\/strong>VJ-MO-01 \/ Vrbanj, Pod Hum, na staroj cesti prema Starom Gradu<\/p>\n<p><strong><a href=\"https:\/\/www.topohvar.at\/orte\/vj\/vj-mo-02-1\/\"><img loading=\"lazy\" decoding=\"async\" class=\"alignleft wp-image-6616\" src=\"https:\/\/www.topohvar.at\/wp-content\/uploads\/2018\/08\/VJ-MO-02-0-1024x503.jpg\" alt=\"\" width=\"114\" height=\"56\" srcset=\"https:\/\/www.topohvar.at\/wp-content\/uploads\/2018\/08\/VJ-MO-02-0-1024x503.jpg 1024w, https:\/\/www.topohvar.at\/wp-content\/uploads\/2018\/08\/VJ-MO-02-0-300x147.jpg 300w, https:\/\/www.topohvar.at\/wp-content\/uploads\/2018\/08\/VJ-MO-02-0-768x377.jpg 768w, https:\/\/www.topohvar.at\/wp-content\/uploads\/2018\/08\/VJ-MO-02-0.jpg 1080w\" sizes=\"auto, (max-width: 114px) 100vw, 114px\" \/><\/a>Spomenik \u00bbPalim borcima II. sv. Rat\u00ab<br \/>\n<\/strong>VJ-MO-02 \/ Vrbanj<\/p>\n<p><strong><a href=\"https:\/\/www.topohvar.at\/orte\/vj\/vj-mo-03-1\/\"><img loading=\"lazy\" decoding=\"async\" class=\"alignleft wp-image-6612\" src=\"https:\/\/www.topohvar.at\/wp-content\/uploads\/2018\/08\/VJ-MO-03-0-1024x503.jpg\" alt=\"\" width=\"114\" height=\"56\" srcset=\"https:\/\/www.topohvar.at\/wp-content\/uploads\/2018\/08\/VJ-MO-03-0-1024x503.jpg 1024w, https:\/\/www.topohvar.at\/wp-content\/uploads\/2018\/08\/VJ-MO-03-0-300x147.jpg 300w, https:\/\/www.topohvar.at\/wp-content\/uploads\/2018\/08\/VJ-MO-03-0-768x377.jpg 768w, https:\/\/www.topohvar.at\/wp-content\/uploads\/2018\/08\/VJ-MO-03-0.jpg 1080w\" sizes=\"auto, (max-width: 114px) 100vw, 114px\" \/><\/a>Spomenik \u00bbPaljenju sela od talijanskih okupatora\u00ab<br \/>\n<\/strong>VJ-MO-03 \/ Vrbanj, na zapadnom ulazu u selo<\/p>\n<p><strong><a href=\"https:\/\/www.topohvar.at\/orte\/vj\/vj-mo-04-1\/\"><img loading=\"lazy\" decoding=\"async\" class=\"alignleft wp-image-6613\" src=\"https:\/\/www.topohvar.at\/wp-content\/uploads\/2018\/08\/VJ-MO-04-0-1024x503.jpg\" alt=\"\" width=\"114\" height=\"56\" srcset=\"https:\/\/www.topohvar.at\/wp-content\/uploads\/2018\/08\/VJ-MO-04-0-1024x503.jpg 1024w, https:\/\/www.topohvar.at\/wp-content\/uploads\/2018\/08\/VJ-MO-04-0-300x147.jpg 300w, https:\/\/www.topohvar.at\/wp-content\/uploads\/2018\/08\/VJ-MO-04-0-768x377.jpg 768w, https:\/\/www.topohvar.at\/wp-content\/uploads\/2018\/08\/VJ-MO-04-0.jpg 1080w\" sizes=\"auto, (max-width: 114px) 100vw, 114px\" \/><\/a>Spomenik \u00bbNa Pjaci\u00ab<br \/>\n<\/strong>VJ-MO-04 \/ Vrbanj, Pjaca<\/p>\n<p><strong><a href=\"https:\/\/www.topohvar.at\/orte\/vj\/vj-mo-05-1\/\"><img loading=\"lazy\" decoding=\"async\" class=\"alignleft wp-image-6614\" src=\"https:\/\/www.topohvar.at\/wp-content\/uploads\/2018\/08\/vj-mo-05-0-1024x503.jpg\" alt=\"\" width=\"114\" height=\"56\" srcset=\"https:\/\/www.topohvar.at\/wp-content\/uploads\/2018\/08\/vj-mo-05-0-1024x503.jpg 1024w, https:\/\/www.topohvar.at\/wp-content\/uploads\/2018\/08\/vj-mo-05-0-300x147.jpg 300w, https:\/\/www.topohvar.at\/wp-content\/uploads\/2018\/08\/vj-mo-05-0-768x377.jpg 768w, https:\/\/www.topohvar.at\/wp-content\/uploads\/2018\/08\/vj-mo-05-0.jpg 1080w\" sizes=\"auto, (max-width: 114px) 100vw, 114px\" \/><\/a>Kip \u00bbBl. Alojzija Stepinca\u00ab<br \/>\n<\/strong>VJ-MO-05 \/ Vrbanj,\u00a0Sv. Duh, \u017eupnog dvora<\/p>\n<p><strong><a href=\"https:\/\/www.topohvar.at\/orte\/vj\/vj-mo-09-1\/\"><img loading=\"lazy\" decoding=\"async\" class=\"alignleft wp-image-50420\" src=\"https:\/\/www.topohvar.at\/wp-content\/uploads\/2021\/06\/vj-mo-09-1.jpg\" alt=\"\" width=\"114\" height=\"56\" srcset=\"https:\/\/www.topohvar.at\/wp-content\/uploads\/2021\/06\/vj-mo-09-1.jpg 1080w, https:\/\/www.topohvar.at\/wp-content\/uploads\/2021\/06\/vj-mo-09-1-300x147.jpg 300w, https:\/\/www.topohvar.at\/wp-content\/uploads\/2021\/06\/vj-mo-09-1-1024x503.jpg 1024w, https:\/\/www.topohvar.at\/wp-content\/uploads\/2021\/06\/vj-mo-09-1-768x377.jpg 768w\" sizes=\"auto, (max-width: 114px) 100vw, 114px\" \/><\/a>Kip \u00bbDjevice Marije\u00ab<br \/>\n<\/strong>VJ-MO-09 \/ Vrbanj, Sv. Duh, \u017eupnog dvora<\/p>\n<p><strong><a href=\"https:\/\/www.topohvar.at\/orte\/vj\/vj-mo-06-1\/\"><img loading=\"lazy\" decoding=\"async\" class=\"alignleft wp-image-19489\" src=\"https:\/\/www.topohvar.at\/wp-content\/uploads\/2019\/01\/vj-mo-06-1-1024x503.jpg\" alt=\"\" width=\"114\" height=\"56\" srcset=\"https:\/\/www.topohvar.at\/wp-content\/uploads\/2019\/01\/vj-mo-06-1-1024x503.jpg 1024w, https:\/\/www.topohvar.at\/wp-content\/uploads\/2019\/01\/vj-mo-06-1-300x147.jpg 300w, https:\/\/www.topohvar.at\/wp-content\/uploads\/2019\/01\/vj-mo-06-1-768x377.jpg 768w, https:\/\/www.topohvar.at\/wp-content\/uploads\/2019\/01\/vj-mo-06-1.jpg 1080w\" sizes=\"auto, (max-width: 114px) 100vw, 114px\" \/><\/a>Spomenik kapela pala borcima<br \/>\n<\/strong>VJ-MO-06 \/ Vrbanj,\u00a0Novo groblje<\/p>\n<p><strong><a href=\"https:\/\/www.topohvar.at\/orte\/vj\/vj-mo-08-1\/\"><img loading=\"lazy\" decoding=\"async\" class=\"alignleft wp-image-50410\" src=\"https:\/\/www.topohvar.at\/wp-content\/uploads\/2021\/06\/vj-mo-08-1.jpg\" alt=\"\" width=\"114\" height=\"56\" srcset=\"https:\/\/www.topohvar.at\/wp-content\/uploads\/2021\/06\/vj-mo-08-1.jpg 1080w, https:\/\/www.topohvar.at\/wp-content\/uploads\/2021\/06\/vj-mo-08-1-300x147.jpg 300w, https:\/\/www.topohvar.at\/wp-content\/uploads\/2021\/06\/vj-mo-08-1-1024x503.jpg 1024w, https:\/\/www.topohvar.at\/wp-content\/uploads\/2021\/06\/vj-mo-08-1-768x377.jpg 768w\" sizes=\"auto, (max-width: 114px) 100vw, 114px\" \/><\/a>Spomen-kamen \u00bbIvica Stipi\u0161i\u0107\u00ab<br \/>\n<\/strong>VJ-MO-08 \/ Vrbanj, Novo groblje<\/p>\n<p><strong><a href=\"https:\/\/www.topohvar.at\/orte\/vj\/vj-mo-07-1\/\"><img loading=\"lazy\" decoding=\"async\" class=\"alignleft wp-image-24152\" src=\"https:\/\/www.topohvar.at\/wp-content\/uploads\/2019\/08\/vj-mo-07-2-300x147.jpg\" alt=\"\" width=\"114\" height=\"56\" srcset=\"https:\/\/www.topohvar.at\/wp-content\/uploads\/2019\/08\/vj-mo-07-2-300x147.jpg 300w, https:\/\/www.topohvar.at\/wp-content\/uploads\/2019\/08\/vj-mo-07-2-768x377.jpg 768w, https:\/\/www.topohvar.at\/wp-content\/uploads\/2019\/08\/vj-mo-07-2-1024x503.jpg 1024w, https:\/\/www.topohvar.at\/wp-content\/uploads\/2019\/08\/vj-mo-07-2.jpg 1080w\" sizes=\"auto, (max-width: 114px) 100vw, 114px\" \/><\/a>Spomenik \u00bbAna Sejf\u00ab<br \/>\n<\/strong>VJ-MO-07 \/ Vrbanj, pored stare ulice Stari Grad &#8211; Vrboska<\/p>\n<p style=\"text-align: right;\"><a href=\"#seite_oben\"><span style=\"color: #3366ff;\">natrag na vrh \/ Seitenanfang<\/span><\/a><\/p>\n<p><a name=\"ob\"><\/a><\/p>\n<hr \/>\n<h2><strong><span style=\"color: #ff0000;\">Objekti \/ Objekte<\/span><\/strong><\/h2>\n<p><strong><a href=\"https:\/\/www.topohvar.at\/orte\/vj\/vj-ob-02-1\/\"><img loading=\"lazy\" decoding=\"async\" class=\"alignleft wp-image-50430\" src=\"https:\/\/www.topohvar.at\/wp-content\/uploads\/2021\/06\/vj-ob-02-1.jpg\" alt=\"\" width=\"114\" height=\"56\" srcset=\"https:\/\/www.topohvar.at\/wp-content\/uploads\/2021\/06\/vj-ob-02-1.jpg 1080w, https:\/\/www.topohvar.at\/wp-content\/uploads\/2021\/06\/vj-ob-02-1-300x147.jpg 300w, https:\/\/www.topohvar.at\/wp-content\/uploads\/2021\/06\/vj-ob-02-1-1024x503.jpg 1024w, https:\/\/www.topohvar.at\/wp-content\/uploads\/2021\/06\/vj-ob-02-1-768x377.jpg 768w\" sizes=\"auto, (max-width: 114px) 100vw, 114px\" \/><\/a>Objekt \u00bbSlatina\u00ab<br \/>\n<\/strong>VJ-OB-02 \/ Vrbanj, Vir<\/p>\n<hr \/>\n<p><strong><a href=\"https:\/\/www.topohvar.at\/orte\/vj\/vj-pu-01-1\/\"><img loading=\"lazy\" decoding=\"async\" class=\"alignleft wp-image-6622\" src=\"https:\/\/www.topohvar.at\/wp-content\/uploads\/2018\/08\/VJ-PU-01-0-1024x503.jpg\" alt=\"\" width=\"114\" height=\"56\" srcset=\"https:\/\/www.topohvar.at\/wp-content\/uploads\/2018\/08\/VJ-PU-01-0-1024x503.jpg 1024w, https:\/\/www.topohvar.at\/wp-content\/uploads\/2018\/08\/VJ-PU-01-0-300x147.jpg 300w, https:\/\/www.topohvar.at\/wp-content\/uploads\/2018\/08\/VJ-PU-01-0-768x377.jpg 768w, https:\/\/www.topohvar.at\/wp-content\/uploads\/2018\/08\/VJ-PU-01-0.jpg 1080w\" sizes=\"auto, (max-width: 114px) 100vw, 114px\" \/><\/a>Objekt \u00bbPut Matija Ivani\u0107a\u00ab<br \/>\n<\/strong>VJ-PU-01 \/ Vrbanj, Polje, Radi\u0107a Njiva, put Matija Ivani\u0107a<\/p>\n<p><strong><a href=\"https:\/\/www.topohvar.at\/orte\/vj\/vj-pu-02-1\/\"><img loading=\"lazy\" decoding=\"async\" class=\"alignleft wp-image-6623\" src=\"https:\/\/www.topohvar.at\/wp-content\/uploads\/2018\/08\/vj-pu-02-0-1024x503.jpg\" alt=\"\" width=\"114\" height=\"56\" srcset=\"https:\/\/www.topohvar.at\/wp-content\/uploads\/2018\/08\/vj-pu-02-0-1024x503.jpg 1024w, https:\/\/www.topohvar.at\/wp-content\/uploads\/2018\/08\/vj-pu-02-0-300x147.jpg 300w, https:\/\/www.topohvar.at\/wp-content\/uploads\/2018\/08\/vj-pu-02-0-768x377.jpg 768w, https:\/\/www.topohvar.at\/wp-content\/uploads\/2018\/08\/vj-pu-02-0.jpg 1080w\" sizes=\"auto, (max-width: 114px) 100vw, 114px\" \/><\/a>Objekt \u00bbLucijev put (zapadni dio)\u00ab<br \/>\n<\/strong>VJ-PU-02 \/ Vrbanj, Polje, Lucijev put<\/p>\n<p><strong><a href=\"https:\/\/www.topohvar.at\/orte\/vj\/vj-pu-03-1\/\"><img loading=\"lazy\" decoding=\"async\" class=\"alignleft wp-image-6624\" src=\"https:\/\/www.topohvar.at\/wp-content\/uploads\/2018\/08\/VJ-PU-03-0-1024x503.jpg\" alt=\"\" width=\"114\" height=\"56\" srcset=\"https:\/\/www.topohvar.at\/wp-content\/uploads\/2018\/08\/VJ-PU-03-0-1024x503.jpg 1024w, https:\/\/www.topohvar.at\/wp-content\/uploads\/2018\/08\/VJ-PU-03-0-300x147.jpg 300w, https:\/\/www.topohvar.at\/wp-content\/uploads\/2018\/08\/VJ-PU-03-0-768x377.jpg 768w, https:\/\/www.topohvar.at\/wp-content\/uploads\/2018\/08\/VJ-PU-03-0.jpg 1080w\" sizes=\"auto, (max-width: 114px) 100vw, 114px\" \/><\/a>Objekt \u00bbLucijev put (isto\u010dno dio)\u00ab<br \/>\n<\/strong>VJ-PU-03 \/ Vrbanj,\u00a0Polje, Lucijev put, iz Vrbanja za Horu<\/p>\n<p><strong><a href=\"https:\/\/www.topohvar.at\/orte\/vj\/vj-pu-04-1\/\"><img loading=\"lazy\" decoding=\"async\" class=\"alignleft wp-image-6625\" src=\"https:\/\/www.topohvar.at\/wp-content\/uploads\/2018\/08\/vj-pu-04-0-1024x503.jpg\" alt=\"\" width=\"114\" height=\"56\" srcset=\"https:\/\/www.topohvar.at\/wp-content\/uploads\/2018\/08\/vj-pu-04-0-1024x503.jpg 1024w, https:\/\/www.topohvar.at\/wp-content\/uploads\/2018\/08\/vj-pu-04-0-300x147.jpg 300w, https:\/\/www.topohvar.at\/wp-content\/uploads\/2018\/08\/vj-pu-04-0-768x377.jpg 768w, https:\/\/www.topohvar.at\/wp-content\/uploads\/2018\/08\/vj-pu-04-0.jpg 1080w\" sizes=\"auto, (max-width: 114px) 100vw, 114px\" \/><\/a>Objekt \u00bbSrednjovjekovni put iz Vrbanja za Horu\u00ab<br \/>\n<\/strong>VJ-PU-04 \/ Vrbanj, Pod Hum, stara cesta prema Starom Gradu<\/p>\n<p><strong><a href=\"https:\/\/www.topohvar.at\/orte\/vj\/vj-pu-05-1\/\"><img loading=\"lazy\" decoding=\"async\" class=\"alignleft wp-image-56485\" src=\"https:\/\/www.topohvar.at\/wp-content\/uploads\/2022\/01\/biketrack-704.jpg\" alt=\"\" width=\"114\" height=\"56\" srcset=\"https:\/\/www.topohvar.at\/wp-content\/uploads\/2022\/01\/biketrack-704.jpg 640w, https:\/\/www.topohvar.at\/wp-content\/uploads\/2022\/01\/biketrack-704-300x147.jpg 300w\" sizes=\"auto, (max-width: 114px) 100vw, 114px\" \/><\/a>Objekt \u00bbBiciklisti\u010dka ruta [704] Ba\u0161tina\u00ab<br \/>\n<\/strong>VJ-PU-05 \/ Vrbanj, Jelsa, Vrboska, Starpogradsko polje, Dol, Vrbanj<\/p>\n<p><strong><a href=\"https:\/\/www.topohvar.at\/orte\/vj\/vj-pu-06-1\/\"><img loading=\"lazy\" decoding=\"async\" class=\"alignleft wp-image-56550\" src=\"https:\/\/www.topohvar.at\/wp-content\/uploads\/2022\/01\/biketrack-705.jpg\" alt=\"\" width=\"114\" height=\"56\" srcset=\"https:\/\/www.topohvar.at\/wp-content\/uploads\/2022\/01\/biketrack-705.jpg 640w, https:\/\/www.topohvar.at\/wp-content\/uploads\/2022\/01\/biketrack-705-300x147.jpg 300w\" sizes=\"auto, (max-width: 114px) 100vw, 114px\" \/><\/a>Objekt \u00bbBiciklisti\u010dka ruta [705] Dra\u010devica\u00ab<br \/>\n<\/strong>VJ-PU-06 \/ Vrboska, Basina, Starogradsko polje, Vrboska<\/p>\n<hr \/>\n<p><strong><a href=\"https:\/\/www.topohvar.at\/orte\/vj\/vj-ov-01-1\/\"><img loading=\"lazy\" decoding=\"async\" class=\"alignleft wp-image-6621\" src=\"https:\/\/www.topohvar.at\/wp-content\/uploads\/2018\/08\/vj-ov-01-0-1024x503.jpg\" alt=\"\" width=\"114\" height=\"56\" srcset=\"https:\/\/www.topohvar.at\/wp-content\/uploads\/2018\/08\/vj-ov-01-0-1024x503.jpg 1024w, https:\/\/www.topohvar.at\/wp-content\/uploads\/2018\/08\/vj-ov-01-0-300x147.jpg 300w, https:\/\/www.topohvar.at\/wp-content\/uploads\/2018\/08\/vj-ov-01-0-768x377.jpg 768w, https:\/\/www.topohvar.at\/wp-content\/uploads\/2018\/08\/vj-ov-01-0.jpg 1080w\" sizes=\"auto, (max-width: 114px) 100vw, 114px\" \/><\/a>Objekt \u00bbPark Bla\u017eenog Alojzija Stepinca\u00ab<br \/>\n<\/strong>VJ-OV-01 \/ Vrbanj, Sv. Duh, \u017eupnog dvora<\/p>\n<p><strong><a href=\"https:\/\/www.topohvar.at\/orte\/vj\/vj-ok-01-1\/\"><img loading=\"lazy\" decoding=\"async\" class=\"alignleft wp-image-41462\" src=\"https:\/\/www.topohvar.at\/wp-content\/uploads\/2020\/09\/vj-ok-01-1.jpg\" alt=\"\" width=\"113\" height=\"56\" srcset=\"https:\/\/www.topohvar.at\/wp-content\/uploads\/2020\/09\/vj-ok-01-1.jpg 640w, https:\/\/www.topohvar.at\/wp-content\/uploads\/2020\/09\/vj-ok-01-1-300x148.jpg 300w\" sizes=\"auto, (max-width: 113px) 100vw, 113px\" \/><\/a>Objekt \u00bbCamping Mudri Dolac\u00ab<br \/>\n<\/strong>VJ-OK-01 \/ Vrbanj, Mudri Dolac<\/p>\n<p><strong><a href=\"https:\/\/www.topohvar.at\/orte\/vj\/vj-on-01-1\/\"><img loading=\"lazy\" decoding=\"async\" class=\"alignleft wp-image-41017\" src=\"https:\/\/www.topohvar.at\/wp-content\/uploads\/2020\/09\/vj-on-01-1.jpg\" alt=\"\" width=\"114\" height=\"56\" srcset=\"https:\/\/www.topohvar.at\/wp-content\/uploads\/2020\/09\/vj-on-01-1.jpg 1080w, https:\/\/www.topohvar.at\/wp-content\/uploads\/2020\/09\/vj-on-01-1-300x147.jpg 300w, https:\/\/www.topohvar.at\/wp-content\/uploads\/2020\/09\/vj-on-01-1-1024x503.jpg 1024w, https:\/\/www.topohvar.at\/wp-content\/uploads\/2020\/09\/vj-on-01-1-768x377.jpg 768w\" sizes=\"auto, (max-width: 114px) 100vw, 114px\" \/><\/a>Objekt \u00bbIgrali\u0161te\u00ab<br \/>\n<\/strong>VJ-ON-01 \/ Vrbanj<\/p>\n<p><strong><a href=\"https:\/\/www.topohvar.at\/orte\/vj\/vj-on-02-1\/\"><img loading=\"lazy\" decoding=\"async\" class=\"alignleft wp-image-46894\" src=\"https:\/\/www.topohvar.at\/wp-content\/uploads\/2021\/03\/vj-on-02-1.jpg\" alt=\"\" width=\"114\" height=\"56\" srcset=\"https:\/\/www.topohvar.at\/wp-content\/uploads\/2021\/03\/vj-on-02-1.jpg 1080w, https:\/\/www.topohvar.at\/wp-content\/uploads\/2021\/03\/vj-on-02-1-300x147.jpg 300w, https:\/\/www.topohvar.at\/wp-content\/uploads\/2021\/03\/vj-on-02-1-1024x503.jpg 1024w, https:\/\/www.topohvar.at\/wp-content\/uploads\/2021\/03\/vj-on-02-1-768x377.jpg 768w\" sizes=\"auto, (max-width: 114px) 100vw, 114px\" \/><\/a>Objekt \u00bbBalote Vrbanj\u00ab<br \/>\n<\/strong>VJ-ON-02 \/ Vrbanj<\/p>\n<hr \/>\n<p><strong><a href=\"https:\/\/www.topohvar.at\/orte\/vj\/vj-og-01-1\/\"><img loading=\"lazy\" decoding=\"async\" class=\"alignleft wp-image-6618\" src=\"https:\/\/www.topohvar.at\/wp-content\/uploads\/2018\/08\/vj-og-01-0-1024x503.jpg\" alt=\"\" width=\"114\" height=\"56\" srcset=\"https:\/\/www.topohvar.at\/wp-content\/uploads\/2018\/08\/vj-og-01-0-1024x503.jpg 1024w, https:\/\/www.topohvar.at\/wp-content\/uploads\/2018\/08\/vj-og-01-0-300x147.jpg 300w, https:\/\/www.topohvar.at\/wp-content\/uploads\/2018\/08\/vj-og-01-0-768x377.jpg 768w, https:\/\/www.topohvar.at\/wp-content\/uploads\/2018\/08\/vj-og-01-0.jpg 1080w\" sizes=\"auto, (max-width: 114px) 100vw, 114px\" \/><\/a>Objekt \u00bbStaro groblje\u00ab<br \/>\n<\/strong>VJ-OG-01 \/ Vrbanj, Staro groblje<\/p>\n<p><strong><a href=\"https:\/\/www.topohvar.at\/orte\/vj\/vj-og-02-1\/\"><img loading=\"lazy\" decoding=\"async\" class=\"alignleft wp-image-6619\" src=\"https:\/\/www.topohvar.at\/wp-content\/uploads\/2018\/08\/vj-og-02-0-1024x503.jpg\" alt=\"\" width=\"114\" height=\"56\" srcset=\"https:\/\/www.topohvar.at\/wp-content\/uploads\/2018\/08\/vj-og-02-0-1024x503.jpg 1024w, https:\/\/www.topohvar.at\/wp-content\/uploads\/2018\/08\/vj-og-02-0-300x147.jpg 300w, https:\/\/www.topohvar.at\/wp-content\/uploads\/2018\/08\/vj-og-02-0-768x377.jpg 768w, https:\/\/www.topohvar.at\/wp-content\/uploads\/2018\/08\/vj-og-02-0.jpg 1080w\" sizes=\"auto, (max-width: 114px) 100vw, 114px\" \/><\/a>Objekt \u00bbNovo groblje\u00ab<br \/>\n<\/strong>VJ-OG-02 \/ Vrbanj, Novo groblje<\/p>\n<p style=\"text-align: right;\"><span style=\"color: #3366ff;\"><a style=\"color: #3366ff;\" href=\"#seite_oben\">natrag na vrh \/ Seitenanfang<\/a><\/span><\/p>\n<p><a name=\"td\"><\/a><\/p>\n<hr \/>\n<h2><strong><span style=\"color: #ff0000;\">Utvrde \/ Festungen<\/span><\/strong><\/h2>\n<p>Bez objekata \/ kein Eintrag<\/p>\n<p style=\"text-align: right;\"><a href=\"#seite_oben\"><span style=\"color: #3366ff;\">natrag na vrh \/ Seitenanfang<\/span><\/a><\/p>\n<p><a name=\"tg\"><\/a><\/p>\n<hr \/>\n<h2><strong><span style=\"color: #ff0000;\">Gra\u0111evine \/ Geb\u00e4ude<\/span><\/strong><\/h2>\n<p><strong><a href=\"https:\/\/www.topohvar.at\/orte\/vj\/vj-tg-01-1\/\"><img loading=\"lazy\" decoding=\"async\" class=\"alignleft wp-image-6628\" src=\"https:\/\/www.topohvar.at\/wp-content\/uploads\/2018\/08\/VJ-TG-01-0-1024x503.jpg\" alt=\"\" width=\"114\" height=\"56\" srcset=\"https:\/\/www.topohvar.at\/wp-content\/uploads\/2018\/08\/VJ-TG-01-0-1024x503.jpg 1024w, https:\/\/www.topohvar.at\/wp-content\/uploads\/2018\/08\/VJ-TG-01-0-300x147.jpg 300w, https:\/\/www.topohvar.at\/wp-content\/uploads\/2018\/08\/VJ-TG-01-0-768x377.jpg 768w, https:\/\/www.topohvar.at\/wp-content\/uploads\/2018\/08\/VJ-TG-01-0.jpg 1080w\" sizes=\"auto, (max-width: 114px) 100vw, 114px\" \/><\/a>Zgrada javna \u00bbDom Matij Ivani\u0107\u00ab<br \/>\n<\/strong>VJ-TG-01 \/ Vrbanj, Pjaca<\/p>\n<p><strong><a href=\"https:\/\/www.topohvar.at\/orte\/vj\/vj-tg-02-1\/\"><img loading=\"lazy\" decoding=\"async\" class=\"alignleft wp-image-6629\" src=\"https:\/\/www.topohvar.at\/wp-content\/uploads\/2018\/08\/VJ-TG-02-0-1024x503.jpg\" alt=\"\" width=\"114\" height=\"56\" srcset=\"https:\/\/www.topohvar.at\/wp-content\/uploads\/2018\/08\/VJ-TG-02-0-1024x503.jpg 1024w, https:\/\/www.topohvar.at\/wp-content\/uploads\/2018\/08\/VJ-TG-02-0-300x147.jpg 300w, https:\/\/www.topohvar.at\/wp-content\/uploads\/2018\/08\/VJ-TG-02-0-768x377.jpg 768w, https:\/\/www.topohvar.at\/wp-content\/uploads\/2018\/08\/VJ-TG-02-0.jpg 1080w\" sizes=\"auto, (max-width: 114px) 100vw, 114px\" \/><\/a>Zgrada javna \u00bb\u0160kola\u00ab<br \/>\n<\/strong>VJ-TG-02 \/ Vrbanj, Pjaca<\/p>\n<p><strong><a href=\"https:\/\/www.topohvar.at\/orte\/vj\/vj-tg-03-1\/\"><img loading=\"lazy\" decoding=\"async\" class=\"alignleft wp-image-6630\" src=\"https:\/\/www.topohvar.at\/wp-content\/uploads\/2018\/08\/VJ-TG-03-0-1024x503.jpg\" alt=\"\" width=\"114\" height=\"56\" srcset=\"https:\/\/www.topohvar.at\/wp-content\/uploads\/2018\/08\/VJ-TG-03-0-1024x503.jpg 1024w, https:\/\/www.topohvar.at\/wp-content\/uploads\/2018\/08\/VJ-TG-03-0-300x147.jpg 300w, https:\/\/www.topohvar.at\/wp-content\/uploads\/2018\/08\/VJ-TG-03-0-768x377.jpg 768w, https:\/\/www.topohvar.at\/wp-content\/uploads\/2018\/08\/VJ-TG-03-0.jpg 1080w\" sizes=\"auto, (max-width: 114px) 100vw, 114px\" \/><\/a>Zgrada javna \u00bbPosta u zgradi Zadruga\u00ab<br \/>\n<\/strong>VJ-TG-03 \/ Vrbanj<\/p>\n<p><strong><a href=\"https:\/\/www.topohvar.at\/orte\/vj\/vj-tg-10-1\/\"><img loading=\"lazy\" decoding=\"async\" class=\"alignleft wp-image-50450\" src=\"https:\/\/www.topohvar.at\/wp-content\/uploads\/2021\/06\/vj-tg-10-1.jpg\" alt=\"\" width=\"114\" height=\"56\" srcset=\"https:\/\/www.topohvar.at\/wp-content\/uploads\/2021\/06\/vj-tg-10-1.jpg 1080w, https:\/\/www.topohvar.at\/wp-content\/uploads\/2021\/06\/vj-tg-10-1-300x147.jpg 300w, https:\/\/www.topohvar.at\/wp-content\/uploads\/2021\/06\/vj-tg-10-1-1024x503.jpg 1024w, https:\/\/www.topohvar.at\/wp-content\/uploads\/2021\/06\/vj-tg-10-1-768x377.jpg 768w\" sizes=\"auto, (max-width: 114px) 100vw, 114px\" \/><\/a>Zgrada javna \u00bbStara mrtva\u010dnia\u00ab<br \/>\n<\/strong>VJ-TG-10 \/ Vrbanj, Novo groblje<\/p>\n<p><strong><a href=\"https:\/\/www.topohvar.at\/orte\/vj\/vj-tg-09-1\/\"><img loading=\"lazy\" decoding=\"async\" class=\"alignleft wp-image-39041\" src=\"https:\/\/www.topohvar.at\/wp-content\/uploads\/2020\/07\/vj-tg-09-1-300x147.jpg\" alt=\"\" width=\"114\" height=\"56\" srcset=\"https:\/\/www.topohvar.at\/wp-content\/uploads\/2020\/07\/vj-tg-09-1-300x147.jpg 300w, https:\/\/www.topohvar.at\/wp-content\/uploads\/2020\/07\/vj-tg-09-1-1024x503.jpg 1024w, https:\/\/www.topohvar.at\/wp-content\/uploads\/2020\/07\/vj-tg-09-1-768x377.jpg 768w, https:\/\/www.topohvar.at\/wp-content\/uploads\/2020\/07\/vj-tg-09-1.jpg 1080w\" sizes=\"auto, (max-width: 114px) 100vw, 114px\" \/><\/a>Zgrada javna \u00bbNova mrtva\u010dnia\u00ab<br \/>\n<\/strong>VJ-TG-09 \/ Vrbanj<\/p>\n<hr \/>\n<p><strong><a href=\"https:\/\/www.topohvar.at\/orte\/vj\/vj-tg-06-1\/\"><img loading=\"lazy\" decoding=\"async\" class=\"alignleft wp-image-6633\" src=\"https:\/\/www.topohvar.at\/wp-content\/uploads\/2018\/08\/VJ-TG-06-0-1024x503.jpg\" alt=\"\" width=\"114\" height=\"56\" srcset=\"https:\/\/www.topohvar.at\/wp-content\/uploads\/2018\/08\/VJ-TG-06-0-1024x503.jpg 1024w, https:\/\/www.topohvar.at\/wp-content\/uploads\/2018\/08\/VJ-TG-06-0-300x147.jpg 300w, https:\/\/www.topohvar.at\/wp-content\/uploads\/2018\/08\/VJ-TG-06-0-768x377.jpg 768w, https:\/\/www.topohvar.at\/wp-content\/uploads\/2018\/08\/VJ-TG-06-0.jpg 1080w\" sizes=\"auto, (max-width: 114px) 100vw, 114px\" \/><\/a>Ku\u0107a \u00bbPere Ljubi\u0107\u00ab<br \/>\n<\/strong>VJ-TG-06 \/\u00a0Vrbanj, Vir 6<\/p>\n<p><strong><a href=\"https:\/\/www.topohvar.at\/orte\/vj\/vj-tg-07-1\/\"><img loading=\"lazy\" decoding=\"async\" class=\"alignleft wp-image-6634\" src=\"https:\/\/www.topohvar.at\/wp-content\/uploads\/2018\/08\/VJ-TG-07-0-1024x503.jpg\" alt=\"\" width=\"114\" height=\"56\" srcset=\"https:\/\/www.topohvar.at\/wp-content\/uploads\/2018\/08\/VJ-TG-07-0-1024x503.jpg 1024w, https:\/\/www.topohvar.at\/wp-content\/uploads\/2018\/08\/VJ-TG-07-0-300x147.jpg 300w, https:\/\/www.topohvar.at\/wp-content\/uploads\/2018\/08\/VJ-TG-07-0-768x377.jpg 768w, https:\/\/www.topohvar.at\/wp-content\/uploads\/2018\/08\/VJ-TG-07-0.jpg 1080w\" sizes=\"auto, (max-width: 114px) 100vw, 114px\" \/><\/a>Rodna ku\u0107a \u00bbAnte Tresi\u0107 Pavi\u010di\u0107\u00ab<br \/>\n<\/strong>VJ-TG-07 \/ Vrbanj<\/p>\n<p><strong><a href=\"https:\/\/www.topohvar.at\/orte\/vj\/vj-tg-08-1\/\"><img loading=\"lazy\" decoding=\"async\" class=\"alignleft wp-image-6635\" src=\"https:\/\/www.topohvar.at\/wp-content\/uploads\/2018\/08\/VJ-TG-08-0-1024x503.jpg\" alt=\"\" width=\"114\" height=\"56\" srcset=\"https:\/\/www.topohvar.at\/wp-content\/uploads\/2018\/08\/VJ-TG-08-0-1024x503.jpg 1024w, https:\/\/www.topohvar.at\/wp-content\/uploads\/2018\/08\/VJ-TG-08-0-300x147.jpg 300w, https:\/\/www.topohvar.at\/wp-content\/uploads\/2018\/08\/VJ-TG-08-0-768x377.jpg 768w, https:\/\/www.topohvar.at\/wp-content\/uploads\/2018\/08\/VJ-TG-08-0.jpg 1080w\" sizes=\"auto, (max-width: 114px) 100vw, 114px\" \/><\/a>Ku\u0107a \u00bbMatij Ivani\u0107\u00ab<br \/>\n<\/strong>VJ-TG-08 \/ Vrbanj<\/p>\n<p><strong><a href=\"https:\/\/www.topohvar.at\/orte\/vj\/vj-pk-01-1\/\"><img loading=\"lazy\" decoding=\"async\" class=\"alignleft wp-image-6627\" src=\"https:\/\/www.topohvar.at\/wp-content\/uploads\/2018\/08\/Vj-PK-01-0-1024x503.jpg\" alt=\"\" width=\"114\" height=\"56\" srcset=\"https:\/\/www.topohvar.at\/wp-content\/uploads\/2018\/08\/Vj-PK-01-0-1024x503.jpg 1024w, https:\/\/www.topohvar.at\/wp-content\/uploads\/2018\/08\/Vj-PK-01-0-300x147.jpg 300w, https:\/\/www.topohvar.at\/wp-content\/uploads\/2018\/08\/Vj-PK-01-0-768x377.jpg 768w, https:\/\/www.topohvar.at\/wp-content\/uploads\/2018\/08\/Vj-PK-01-0.jpg 1080w\" sizes=\"auto, (max-width: 114px) 100vw, 114px\" \/><\/a>Ku\u0107a \u00bbKonoba Bratani\u0107\u00ab<br \/>\n<\/strong>VJ-PK-01 \/ Vrbanj 35<\/p>\n<p><strong><a href=\"https:\/\/www.topohvar.at\/orte\/vj\/vj-tg-04-1\/\"><img loading=\"lazy\" decoding=\"async\" class=\"alignleft wp-image-33587\" src=\"https:\/\/www.topohvar.at\/wp-content\/uploads\/2020\/03\/vj-tg-04-1-300x147.jpg\" alt=\"\" width=\"114\" height=\"56\" srcset=\"https:\/\/www.topohvar.at\/wp-content\/uploads\/2020\/03\/vj-tg-04-1-300x147.jpg 300w, https:\/\/www.topohvar.at\/wp-content\/uploads\/2020\/03\/vj-tg-04-1.jpg 640w\" sizes=\"auto, (max-width: 114px) 100vw, 114px\" \/><\/a>Ku\u0107a \u00bbJurkov dvor\u00ab<br \/>\n<\/strong>VJ-TG-04 \/ Vrbanjska Rudine, Jurkov dvor<\/p>\n<p><strong><a href=\"https:\/\/www.topohvar.at\/orte\/vj\/vj-tg-05-1\/\"><img loading=\"lazy\" decoding=\"async\" class=\"alignleft wp-image-6632\" src=\"https:\/\/www.topohvar.at\/wp-content\/uploads\/2018\/08\/VJ-TG-05-0-1024x503.jpg\" alt=\"\" width=\"114\" height=\"56\" srcset=\"https:\/\/www.topohvar.at\/wp-content\/uploads\/2018\/08\/VJ-TG-05-0-1024x503.jpg 1024w, https:\/\/www.topohvar.at\/wp-content\/uploads\/2018\/08\/VJ-TG-05-0-300x147.jpg 300w, https:\/\/www.topohvar.at\/wp-content\/uploads\/2018\/08\/VJ-TG-05-0-768x377.jpg 768w, https:\/\/www.topohvar.at\/wp-content\/uploads\/2018\/08\/VJ-TG-05-0.jpg 1080w\" sizes=\"auto, (max-width: 114px) 100vw, 114px\" \/><\/a>Ku\u0107a \u00bbHumac\u00ab<br \/>\n<\/strong>VJ-TG-05 \/ Basina, Humac<\/p>\n<p style=\"text-align: right;\"><span style=\"color: #3366ff;\"><a style=\"color: #3366ff;\" href=\"#seite_oben\">natrag na vrh \/ Seitenanfang<\/a><\/span><\/p>\n<p><a name=\"op\"><\/a><\/p>\n<hr \/>\n<h2><strong><span style=\"color: #ff0000;\">Bunar i to\u010dka vode \/ Brunnen und Wasserstellen<\/span><\/strong><\/h2>\n<p style=\"text-align: right;\"><strong><a href=\"https:\/\/www.topohvar.at\/orte\/vj\/vj-op-00-1\/\"><img loading=\"lazy\" decoding=\"async\" class=\"alignleft wp-image-45793 size-full\" src=\"https:\/\/www.topohvar.at\/wp-content\/uploads\/2020\/11\/raster1.jpg\" alt=\"\" width=\"114\" height=\"56\" \/><\/a><\/strong><\/p>\n<p><strong>Popis cisterni i bunara<br \/>\n<\/strong>Vrbanj<\/p>\n<hr \/>\n<p style=\"text-align: right;\"><strong><a href=\"https:\/\/www.topohvar.at\/orte\/vj\/vj-op-00-0\/\"><img loading=\"lazy\" decoding=\"async\" class=\"alignleft wp-image-62053\" src=\"https:\/\/www.topohvar.at\/wp-content\/uploads\/2022\/11\/vj-op-000-152x300.jpg\" alt=\"\" width=\"114\" height=\"226\" srcset=\"https:\/\/www.topohvar.at\/wp-content\/uploads\/2022\/11\/vj-op-000-152x300.jpg 152w, https:\/\/www.topohvar.at\/wp-content\/uploads\/2022\/11\/vj-op-000-518x1024.jpg 518w, https:\/\/www.topohvar.at\/wp-content\/uploads\/2022\/11\/vj-op-000-768x1519.jpg 768w, https:\/\/www.topohvar.at\/wp-content\/uploads\/2022\/11\/vj-op-000-776x1536.jpg 776w, https:\/\/www.topohvar.at\/wp-content\/uploads\/2022\/11\/vj-op-000-1035x2048.jpg 1035w, https:\/\/www.topohvar.at\/wp-content\/uploads\/2022\/11\/vj-op-000.jpg 1060w\" sizes=\"auto, (max-width: 114px) 100vw, 114px\" \/><\/a><\/strong><\/p>\n<p><strong>Bunari, cisterne i to\u010dke za vodu \u2013 detaljno<br \/>\n<\/strong>VJ-OP-01\/B9 \/ Vrbanj<\/p>\n<p style=\"text-align: right;\"><span style=\"color: #3366ff;\"><a style=\"color: #3366ff;\" href=\"#seite_oben\">natrag na vrh \/ Seitenanfang<\/a><\/span><\/p>\n<p><a name=\"tr\"><\/a><\/p>\n<hr \/>\n<h2><strong><span style=\"color: #ff0000;\">Trimi \/ Trims<\/span><\/strong><\/h2>\n<p><strong><a href=\"https:\/\/www.topohvar.at\/orte\/vj\/vj-tr-00-1\/\"><img loading=\"lazy\" decoding=\"async\" class=\"alignleft wp-image-72577\" src=\"https:\/\/www.topohvar.at\/wp-content\/uploads\/2025\/06\/vj-trims-2025-05-237x300.jpg\" alt=\"\" width=\"114\" height=\"144\" srcset=\"https:\/\/www.topohvar.at\/wp-content\/uploads\/2025\/06\/vj-trims-2025-05-237x300.jpg 237w, https:\/\/www.topohvar.at\/wp-content\/uploads\/2025\/06\/vj-trims-2025-05-811x1024.jpg 811w, https:\/\/www.topohvar.at\/wp-content\/uploads\/2025\/06\/vj-trims-2025-05-768x970.jpg 768w, https:\/\/www.topohvar.at\/wp-content\/uploads\/2025\/06\/vj-trims-2025-05.jpg 984w\" sizes=\"auto, (max-width: 114px) 100vw, 114px\" \/><\/a>Pregled trima \/ \u00dcbersicht Trims<br \/>\n<\/strong>VJ-TR-00 \/ Vrbanj<strong><br \/>\n<\/strong><\/p>\n<hr \/>\n<p><strong><a href=\"https:\/\/www.topohvar.at\/orte\/vj\/vj-tr-07-1\/\"><img loading=\"lazy\" decoding=\"async\" class=\"alignleft wp-image-6643\" src=\"https:\/\/www.topohvar.at\/wp-content\/uploads\/2018\/08\/VJ-TR-07-0-1024x503.jpg\" alt=\"\" width=\"114\" height=\"56\" srcset=\"https:\/\/www.topohvar.at\/wp-content\/uploads\/2018\/08\/VJ-TR-07-0-1024x503.jpg 1024w, https:\/\/www.topohvar.at\/wp-content\/uploads\/2018\/08\/VJ-TR-07-0-300x147.jpg 300w, https:\/\/www.topohvar.at\/wp-content\/uploads\/2018\/08\/VJ-TR-07-0-768x377.jpg 768w, https:\/\/www.topohvar.at\/wp-content\/uploads\/2018\/08\/VJ-TR-07-0.jpg 1080w\" sizes=\"auto, (max-width: 114px) 100vw, 114px\" \/><\/a>Trim \u00bbVJ-TR-07\u00ab<br \/>\n<\/strong>VJ-TR-07 \/ Vrbanj, Polje, uz glavnu cestu DC-116<\/p>\n<p><strong><a href=\"https:\/\/www.topohvar.at\/orte\/vj\/vj-tr-32-1\/\"><img loading=\"lazy\" decoding=\"async\" class=\"alignleft wp-image-6659\" src=\"https:\/\/www.topohvar.at\/wp-content\/uploads\/2018\/08\/VJ-TR-32-0-1024x503.jpg\" alt=\"\" width=\"114\" height=\"56\" srcset=\"https:\/\/www.topohvar.at\/wp-content\/uploads\/2018\/08\/VJ-TR-32-0-1024x503.jpg 1024w, https:\/\/www.topohvar.at\/wp-content\/uploads\/2018\/08\/VJ-TR-32-0-300x147.jpg 300w, https:\/\/www.topohvar.at\/wp-content\/uploads\/2018\/08\/VJ-TR-32-0-768x377.jpg 768w, https:\/\/www.topohvar.at\/wp-content\/uploads\/2018\/08\/VJ-TR-32-0.jpg 1080w\" sizes=\"auto, (max-width: 114px) 100vw, 114px\" \/><\/a>Trim \u00bbVJ-TR-32\u00ab<br \/>\n<\/strong>VJ-TR-32 \/ Vrbanj, Polje, Radica Njiva<\/p>\n<p><strong><a href=\"https:\/\/www.topohvar.at\/orte\/vj\/vj-tr-26-1\/\"><img loading=\"lazy\" decoding=\"async\" class=\"alignleft wp-image-62122\" src=\"https:\/\/www.topohvar.at\/wp-content\/uploads\/2022\/11\/vj-tr-26-1-300x147.jpg\" alt=\"\" width=\"114\" height=\"56\" srcset=\"https:\/\/www.topohvar.at\/wp-content\/uploads\/2022\/11\/vj-tr-26-1-300x147.jpg 300w, https:\/\/www.topohvar.at\/wp-content\/uploads\/2022\/11\/vj-tr-26-1-1024x503.jpg 1024w, https:\/\/www.topohvar.at\/wp-content\/uploads\/2022\/11\/vj-tr-26-1-768x377.jpg 768w, https:\/\/www.topohvar.at\/wp-content\/uploads\/2022\/11\/vj-tr-26-1.jpg 1080w\" sizes=\"auto, (max-width: 114px) 100vw, 114px\" \/><\/a>Trim \u00bbVJ-TR-26\u00ab<br \/>\n<\/strong>VJ-TR-26 \/ Vrbanj, Polje, Radica Njiva<\/p>\n<p><strong><a href=\"https:\/\/www.topohvar.at\/orte\/vj\/vj-tr-01-1\/\"><img loading=\"lazy\" decoding=\"async\" class=\"alignleft wp-image-22483\" src=\"https:\/\/www.topohvar.at\/wp-content\/uploads\/2019\/05\/vj-tr-01-12-1024x501.jpg\" alt=\"\" width=\"114\" height=\"56\" srcset=\"https:\/\/www.topohvar.at\/wp-content\/uploads\/2019\/05\/vj-tr-01-12-1024x501.jpg 1024w, https:\/\/www.topohvar.at\/wp-content\/uploads\/2019\/05\/vj-tr-01-12-300x147.jpg 300w, https:\/\/www.topohvar.at\/wp-content\/uploads\/2019\/05\/vj-tr-01-12-768x376.jpg 768w, https:\/\/www.topohvar.at\/wp-content\/uploads\/2019\/05\/vj-tr-01-12.jpg 1083w\" sizes=\"auto, (max-width: 114px) 100vw, 114px\" \/><\/a>Trim \u00bbVJ-TR-01\u00ab<br \/>\n<\/strong>VJ-TR-01 \/ Vrbanj, Polje, Radi\u0107a Njiva<\/p>\n<p><strong><a href=\"https:\/\/www.topohvar.at\/orte\/vj\/vj-tr-09-1\/\"><img loading=\"lazy\" decoding=\"async\" class=\"alignleft wp-image-73952\" src=\"https:\/\/www.topohvar.at\/wp-content\/uploads\/2026\/02\/vj-tr-09-00-300x148.jpg\" alt=\"\" width=\"113\" height=\"56\" srcset=\"https:\/\/www.topohvar.at\/wp-content\/uploads\/2026\/02\/vj-tr-09-00-300x148.jpg 300w, https:\/\/www.topohvar.at\/wp-content\/uploads\/2026\/02\/vj-tr-09-00.jpg 610w\" sizes=\"auto, (max-width: 113px) 100vw, 113px\" \/><\/a>Trim \u00bbVJ-TR-09\u00ab<br \/>\n<\/strong>VJ-TR-09 \/ Vrbanj, Polje, Radi\u0107a Njiva<\/p>\n<p><strong><a href=\"https:\/\/www.topohvar.at\/orte\/vj\/vj-tr-20-1\/\"><img loading=\"lazy\" decoding=\"async\" class=\"alignleft wp-image-22468\" src=\"https:\/\/www.topohvar.at\/wp-content\/uploads\/2019\/05\/vj-tr-20-17-1024x503.jpg\" alt=\"\" width=\"114\" height=\"56\" srcset=\"https:\/\/www.topohvar.at\/wp-content\/uploads\/2019\/05\/vj-tr-20-17-1024x503.jpg 1024w, https:\/\/www.topohvar.at\/wp-content\/uploads\/2019\/05\/vj-tr-20-17-300x147.jpg 300w, https:\/\/www.topohvar.at\/wp-content\/uploads\/2019\/05\/vj-tr-20-17-768x377.jpg 768w, https:\/\/www.topohvar.at\/wp-content\/uploads\/2019\/05\/vj-tr-20-17.jpg 1080w\" sizes=\"auto, (max-width: 114px) 100vw, 114px\" \/><\/a>Trim \u00bbVJ-TR-20\u00ab<br \/>\n<\/strong>VJ-TR-20 \/ Vrbanj, Polje, Presice<\/p>\n<p><strong><a href=\"https:\/\/www.topohvar.at\/orte\/vj\/vj-tr-13-1\/\"><img loading=\"lazy\" decoding=\"async\" class=\"alignleft wp-image-62126\" src=\"https:\/\/www.topohvar.at\/wp-content\/uploads\/2022\/11\/vj-tr-13-1-300x147.jpg\" alt=\"\" width=\"114\" height=\"56\" srcset=\"https:\/\/www.topohvar.at\/wp-content\/uploads\/2022\/11\/vj-tr-13-1-300x147.jpg 300w, https:\/\/www.topohvar.at\/wp-content\/uploads\/2022\/11\/vj-tr-13-1-1024x503.jpg 1024w, https:\/\/www.topohvar.at\/wp-content\/uploads\/2022\/11\/vj-tr-13-1-768x377.jpg 768w, https:\/\/www.topohvar.at\/wp-content\/uploads\/2022\/11\/vj-tr-13-1.jpg 1080w\" sizes=\"auto, (max-width: 114px) 100vw, 114px\" \/><\/a>Trim \u00bbVJ-TR-13\u00ab<br \/>\n<\/strong>VJ-TR-13 \/ Vrbanj, Polje, Presice<\/p>\n<p><strong><a href=\"https:\/\/www.topohvar.at\/orte\/vj\/vj-tr-19-1\/\"><img loading=\"lazy\" decoding=\"async\" class=\"alignleft wp-image-22465\" src=\"https:\/\/www.topohvar.at\/wp-content\/uploads\/2019\/05\/vj-tr-19-11-1024x503.jpg\" alt=\"\" width=\"114\" height=\"56\" srcset=\"https:\/\/www.topohvar.at\/wp-content\/uploads\/2019\/05\/vj-tr-19-11-1024x503.jpg 1024w, https:\/\/www.topohvar.at\/wp-content\/uploads\/2019\/05\/vj-tr-19-11-300x147.jpg 300w, https:\/\/www.topohvar.at\/wp-content\/uploads\/2019\/05\/vj-tr-19-11-768x377.jpg 768w, https:\/\/www.topohvar.at\/wp-content\/uploads\/2019\/05\/vj-tr-19-11.jpg 1080w\" sizes=\"auto, (max-width: 114px) 100vw, 114px\" \/><\/a>Trim \u00bbVJ-TR-19\u00ab<br \/>\n<\/strong>VJ-TR-19 \/ Vrbanj, Polje, Malo Blato<\/p>\n<p><strong><a href=\"https:\/\/www.topohvar.at\/orte\/vj\/vj-tr-23-1\/\"><img loading=\"lazy\" decoding=\"async\" class=\"alignleft wp-image-6654\" src=\"https:\/\/www.topohvar.at\/wp-content\/uploads\/2018\/08\/VJ-TR-23-0-1024x503.jpg\" alt=\"\" width=\"114\" height=\"56\" srcset=\"https:\/\/www.topohvar.at\/wp-content\/uploads\/2018\/08\/VJ-TR-23-0-1024x503.jpg 1024w, https:\/\/www.topohvar.at\/wp-content\/uploads\/2018\/08\/VJ-TR-23-0-300x147.jpg 300w, https:\/\/www.topohvar.at\/wp-content\/uploads\/2018\/08\/VJ-TR-23-0-768x377.jpg 768w, https:\/\/www.topohvar.at\/wp-content\/uploads\/2018\/08\/VJ-TR-23-0.jpg 1080w\" sizes=\"auto, (max-width: 114px) 100vw, 114px\" \/><\/a>Trim \u00bbVJ-TR-23\u00ab<br \/>\n<\/strong>VJ-TR-23 \/ Vrbanj, Polje, Malo Blato<\/p>\n<p><strong><a href=\"https:\/\/www.topohvar.at\/orte\/vj\/vj-tr-24-1\/\"><img loading=\"lazy\" decoding=\"async\" class=\"alignleft wp-image-22471\" src=\"https:\/\/www.topohvar.at\/wp-content\/uploads\/2019\/05\/vj-tr-24-11-1024x503.jpg\" alt=\"\" width=\"114\" height=\"56\" srcset=\"https:\/\/www.topohvar.at\/wp-content\/uploads\/2019\/05\/vj-tr-24-11-1024x503.jpg 1024w, https:\/\/www.topohvar.at\/wp-content\/uploads\/2019\/05\/vj-tr-24-11-300x147.jpg 300w, https:\/\/www.topohvar.at\/wp-content\/uploads\/2019\/05\/vj-tr-24-11-768x377.jpg 768w, https:\/\/www.topohvar.at\/wp-content\/uploads\/2019\/05\/vj-tr-24-11.jpg 1080w\" sizes=\"auto, (max-width: 114px) 100vw, 114px\" \/><\/a>Dvostruki trim \u00bbVJ-TR-24\u00ab<br \/>\n<\/strong>VJ-TR-24 \/ Vrbanj, Polje, Malo Blato<\/p>\n<p><strong><a href=\"https:\/\/www.topohvar.at\/orte\/vj\/vj-tr-35-1\/\"><img loading=\"lazy\" decoding=\"async\" class=\"alignleft wp-image-22476\" src=\"https:\/\/www.topohvar.at\/wp-content\/uploads\/2019\/05\/vj-tr-35-11-1024x503.jpg\" alt=\"\" width=\"114\" height=\"56\" srcset=\"https:\/\/www.topohvar.at\/wp-content\/uploads\/2019\/05\/vj-tr-35-11-1024x503.jpg 1024w, https:\/\/www.topohvar.at\/wp-content\/uploads\/2019\/05\/vj-tr-35-11-300x147.jpg 300w, https:\/\/www.topohvar.at\/wp-content\/uploads\/2019\/05\/vj-tr-35-11-768x377.jpg 768w, https:\/\/www.topohvar.at\/wp-content\/uploads\/2019\/05\/vj-tr-35-11.jpg 1080w\" sizes=\"auto, (max-width: 114px) 100vw, 114px\" \/><\/a>Trim \u00bbVJ-TR-35\u00ab<br \/>\n<\/strong>VJ-TR-35 \/ Vrbanj, Polje, Ra\u0161nik<\/p>\n<p><strong><a href=\"https:\/\/www.topohvar.at\/orte\/vj\/vj-tr-36-1\/\"><img loading=\"lazy\" decoding=\"async\" class=\"alignleft wp-image-6663\" src=\"https:\/\/www.topohvar.at\/wp-content\/uploads\/2018\/08\/vj-tr-36-0-1024x503.jpg\" alt=\"\" width=\"114\" height=\"56\" srcset=\"https:\/\/www.topohvar.at\/wp-content\/uploads\/2018\/08\/vj-tr-36-0-1024x503.jpg 1024w, https:\/\/www.topohvar.at\/wp-content\/uploads\/2018\/08\/vj-tr-36-0-300x147.jpg 300w, https:\/\/www.topohvar.at\/wp-content\/uploads\/2018\/08\/vj-tr-36-0-768x377.jpg 768w, https:\/\/www.topohvar.at\/wp-content\/uploads\/2018\/08\/vj-tr-36-0.jpg 1080w\" sizes=\"auto, (max-width: 114px) 100vw, 114px\" \/><\/a>Trim \u00bbVJ-TR-36\u00ab<br \/>\n<\/strong>VJ-TR-36 \/ Vrbanj, Polje, Ra\u0161nik<\/p>\n<p><strong><a href=\"https:\/\/www.topohvar.at\/orte\/vj\/vj-tr-37-1\/\"><img loading=\"lazy\" decoding=\"async\" class=\"alignleft wp-image-22480\" src=\"https:\/\/www.topohvar.at\/wp-content\/uploads\/2019\/05\/vj-tr-37-12-1024x503.jpg\" alt=\"\" width=\"114\" height=\"56\" srcset=\"https:\/\/www.topohvar.at\/wp-content\/uploads\/2019\/05\/vj-tr-37-12-1024x503.jpg 1024w, https:\/\/www.topohvar.at\/wp-content\/uploads\/2019\/05\/vj-tr-37-12-300x147.jpg 300w, https:\/\/www.topohvar.at\/wp-content\/uploads\/2019\/05\/vj-tr-37-12-768x377.jpg 768w, https:\/\/www.topohvar.at\/wp-content\/uploads\/2019\/05\/vj-tr-37-12.jpg 1080w\" sizes=\"auto, (max-width: 114px) 100vw, 114px\" \/><\/a>Trim \u00bbVJ-TR-37\u00ab<br \/>\n<\/strong>VJ-TR-37 \/ Vrbanj, Polje, Ra\u0161nik<\/p>\n<p><strong><a href=\"https:\/\/www.topohvar.at\/orte\/vj\/vj-tr-38-1\/\"><img loading=\"lazy\" decoding=\"async\" class=\"alignleft wp-image-6665\" src=\"https:\/\/www.topohvar.at\/wp-content\/uploads\/2018\/08\/vj-tr-38-0-1024x503.jpg\" alt=\"\" width=\"114\" height=\"56\" srcset=\"https:\/\/www.topohvar.at\/wp-content\/uploads\/2018\/08\/vj-tr-38-0-1024x503.jpg 1024w, https:\/\/www.topohvar.at\/wp-content\/uploads\/2018\/08\/vj-tr-38-0-300x147.jpg 300w, https:\/\/www.topohvar.at\/wp-content\/uploads\/2018\/08\/vj-tr-38-0-768x377.jpg 768w, https:\/\/www.topohvar.at\/wp-content\/uploads\/2018\/08\/vj-tr-38-0.jpg 1080w\" sizes=\"auto, (max-width: 114px) 100vw, 114px\" \/><\/a>Trim \u00bbVJ-TR-38\u00ab<br \/>\n<\/strong>VJ-TR-38 \/ Vrbanj, Polje, Ra\u0161nik<\/p>\n<p><strong><a href=\"https:\/\/www.topohvar.at\/orte\/vj\/vj-tr-18-1\/\"><img loading=\"lazy\" decoding=\"async\" class=\"alignleft wp-image-22495\" src=\"https:\/\/www.topohvar.at\/wp-content\/uploads\/2019\/05\/vj-tr-18-12-1024x503.jpg\" alt=\"\" width=\"114\" height=\"56\" srcset=\"https:\/\/www.topohvar.at\/wp-content\/uploads\/2019\/05\/vj-tr-18-12-1024x503.jpg 1024w, https:\/\/www.topohvar.at\/wp-content\/uploads\/2019\/05\/vj-tr-18-12-300x147.jpg 300w, https:\/\/www.topohvar.at\/wp-content\/uploads\/2019\/05\/vj-tr-18-12-768x377.jpg 768w, https:\/\/www.topohvar.at\/wp-content\/uploads\/2019\/05\/vj-tr-18-12.jpg 1080w\" sizes=\"auto, (max-width: 114px) 100vw, 114px\" \/><\/a>Trim \u00bbVJ-TR-18\u00ab<br \/>\n<\/strong>VJ-TR-18 \/ Vrbanj, Polje, Malo Blato<\/p>\n<p><strong><a href=\"https:\/\/www.topohvar.at\/orte\/vj\/vj-tr-39-1\/\"><img loading=\"lazy\" decoding=\"async\" class=\"alignleft wp-image-71808\" src=\"https:\/\/www.topohvar.at\/wp-content\/uploads\/2025\/05\/vj-tr-39-01-300x147.jpg\" alt=\"\" width=\"114\" height=\"56\" srcset=\"https:\/\/www.topohvar.at\/wp-content\/uploads\/2025\/05\/vj-tr-39-01-300x147.jpg 300w, https:\/\/www.topohvar.at\/wp-content\/uploads\/2025\/05\/vj-tr-39-01-1024x503.jpg 1024w, https:\/\/www.topohvar.at\/wp-content\/uploads\/2025\/05\/vj-tr-39-01-768x377.jpg 768w, https:\/\/www.topohvar.at\/wp-content\/uploads\/2025\/05\/vj-tr-39-01.jpg 1080w\" sizes=\"auto, (max-width: 114px) 100vw, 114px\" \/><\/a>Trim \u00bbVJ-TR-39\u00ab<br \/>\n<\/strong>VJ-TR-39 \/ Vrbanj, Maslinovik<\/p>\n<p><strong><a href=\"https:\/\/www.topohvar.at\/orte\/vj\/vj-tr-29-1\/\"><img loading=\"lazy\" decoding=\"async\" class=\"alignleft wp-image-71813\" src=\"https:\/\/www.topohvar.at\/wp-content\/uploads\/2025\/05\/vj-tr-29-01-300x147.jpg\" alt=\"\" width=\"114\" height=\"56\" srcset=\"https:\/\/www.topohvar.at\/wp-content\/uploads\/2025\/05\/vj-tr-29-01-300x147.jpg 300w, https:\/\/www.topohvar.at\/wp-content\/uploads\/2025\/05\/vj-tr-29-01-1024x503.jpg 1024w, https:\/\/www.topohvar.at\/wp-content\/uploads\/2025\/05\/vj-tr-29-01-768x377.jpg 768w, https:\/\/www.topohvar.at\/wp-content\/uploads\/2025\/05\/vj-tr-29-01.jpg 1080w\" sizes=\"auto, (max-width: 114px) 100vw, 114px\" \/><\/a>Trim \u00bbVJ-TR-29\u00ab<br \/>\n<\/strong>VJ-TR-29 \/ Vrbanj, Maslinovik<\/p>\n<p><strong><a href=\"https:\/\/www.topohvar.at\/orte\/vj\/vj-tr-21-1\/\"><img loading=\"lazy\" decoding=\"async\" class=\"alignleft wp-image-22500\" src=\"https:\/\/www.topohvar.at\/wp-content\/uploads\/2019\/05\/vj-tr-21-12-1024x503.jpg\" alt=\"\" width=\"114\" height=\"56\" srcset=\"https:\/\/www.topohvar.at\/wp-content\/uploads\/2019\/05\/vj-tr-21-12-1024x503.jpg 1024w, https:\/\/www.topohvar.at\/wp-content\/uploads\/2019\/05\/vj-tr-21-12-300x147.jpg 300w, https:\/\/www.topohvar.at\/wp-content\/uploads\/2019\/05\/vj-tr-21-12-768x377.jpg 768w, https:\/\/www.topohvar.at\/wp-content\/uploads\/2019\/05\/vj-tr-21-12.jpg 1080w\" sizes=\"auto, (max-width: 114px) 100vw, 114px\" \/><\/a>Trim \u00bbVJ-TR-21\u00ab<br \/>\n<\/strong>VJ-TR-21 \/ Vrbanj, Polje, Jurkov Dolac<\/p>\n<p><strong><a href=\"https:\/\/www.topohvar.at\/orte\/vj\/vj-tr-22-1\/\"><img loading=\"lazy\" decoding=\"async\" class=\"alignleft wp-image-22503\" src=\"https:\/\/www.topohvar.at\/wp-content\/uploads\/2019\/05\/vj-tr-22-12-1024x503.jpg\" alt=\"\" width=\"114\" height=\"56\" srcset=\"https:\/\/www.topohvar.at\/wp-content\/uploads\/2019\/05\/vj-tr-22-12-1024x503.jpg 1024w, https:\/\/www.topohvar.at\/wp-content\/uploads\/2019\/05\/vj-tr-22-12-300x147.jpg 300w, https:\/\/www.topohvar.at\/wp-content\/uploads\/2019\/05\/vj-tr-22-12-768x377.jpg 768w, https:\/\/www.topohvar.at\/wp-content\/uploads\/2019\/05\/vj-tr-22-12.jpg 1080w\" sizes=\"auto, (max-width: 114px) 100vw, 114px\" \/><\/a>Trim \u00bbVJ-TR-22\u00ab<br \/>\n<\/strong>VJ-TR-22 \/ Vrbanj, Polje, Jurkov Dolac<\/p>\n<p><strong><a href=\"https:\/\/www.topohvar.at\/orte\/vj\/vj-tr-25-1\/\"><img loading=\"lazy\" decoding=\"async\" class=\"alignleft wp-image-6656\" src=\"https:\/\/www.topohvar.at\/wp-content\/uploads\/2018\/08\/VJ-TR-25-0-1024x503.jpg\" alt=\"\" width=\"114\" height=\"56\" srcset=\"https:\/\/www.topohvar.at\/wp-content\/uploads\/2018\/08\/VJ-TR-25-0-1024x503.jpg 1024w, https:\/\/www.topohvar.at\/wp-content\/uploads\/2018\/08\/VJ-TR-25-0-300x147.jpg 300w, https:\/\/www.topohvar.at\/wp-content\/uploads\/2018\/08\/VJ-TR-25-0-768x377.jpg 768w, https:\/\/www.topohvar.at\/wp-content\/uploads\/2018\/08\/VJ-TR-25-0.jpg 1080w\" sizes=\"auto, (max-width: 114px) 100vw, 114px\" \/><\/a>Trim \u00bbVJ-TR-25\u00ab<br \/>\n<\/strong>VJ-TR-25 \/ Vrbanj, Vrbanjske Rudine, Jurkov Dvor<\/p>\n<p><strong><a href=\"https:\/\/www.topohvar.at\/orte\/vj\/vj-tr-02-1\/\"><img loading=\"lazy\" decoding=\"async\" class=\"alignleft wp-image-22462\" src=\"https:\/\/www.topohvar.at\/wp-content\/uploads\/2019\/05\/vj-tr-02-11-1024x503.jpg\" alt=\"\" width=\"114\" height=\"56\" srcset=\"https:\/\/www.topohvar.at\/wp-content\/uploads\/2019\/05\/vj-tr-02-11-1024x503.jpg 1024w, https:\/\/www.topohvar.at\/wp-content\/uploads\/2019\/05\/vj-tr-02-11-300x147.jpg 300w, https:\/\/www.topohvar.at\/wp-content\/uploads\/2019\/05\/vj-tr-02-11-768x377.jpg 768w, https:\/\/www.topohvar.at\/wp-content\/uploads\/2019\/05\/vj-tr-02-11.jpg 1080w\" sizes=\"auto, (max-width: 114px) 100vw, 114px\" \/><\/a>Trim \u00bbVJ-TR-02\u00ab<br \/>\n<\/strong>VJ-TR-02 \/ Vrbanj, Polje, Malo Blato<\/p>\n<p><strong><a href=\"https:\/\/www.topohvar.at\/orte\/vj\/vj-tr-05-1\/\"><img loading=\"lazy\" decoding=\"async\" class=\"alignleft wp-image-22525\" src=\"https:\/\/www.topohvar.at\/wp-content\/uploads\/2019\/05\/vj-tr-05-12-1024x503.jpg\" alt=\"\" width=\"114\" height=\"56\" srcset=\"https:\/\/www.topohvar.at\/wp-content\/uploads\/2019\/05\/vj-tr-05-12-1024x503.jpg 1024w, https:\/\/www.topohvar.at\/wp-content\/uploads\/2019\/05\/vj-tr-05-12-300x147.jpg 300w, https:\/\/www.topohvar.at\/wp-content\/uploads\/2019\/05\/vj-tr-05-12-768x377.jpg 768w, https:\/\/www.topohvar.at\/wp-content\/uploads\/2019\/05\/vj-tr-05-12.jpg 1080w\" sizes=\"auto, (max-width: 114px) 100vw, 114px\" \/><\/a>Trim \u00bbVJ-TR-05\u00ab<br \/>\n<\/strong>VJ-TR-05 \/ Vrbanj, Polje, Pod Skunjevac<\/p>\n<p><strong><a href=\"https:\/\/www.topohvar.at\/orte\/vj\/vj-tr-14-1\/\"><img loading=\"lazy\" decoding=\"async\" class=\"alignleft wp-image-22532\" src=\"https:\/\/www.topohvar.at\/wp-content\/uploads\/2019\/05\/vj-tr-14-15-1024x503.jpg\" alt=\"\" width=\"114\" height=\"56\" srcset=\"https:\/\/www.topohvar.at\/wp-content\/uploads\/2019\/05\/vj-tr-14-15-1024x503.jpg 1024w, https:\/\/www.topohvar.at\/wp-content\/uploads\/2019\/05\/vj-tr-14-15-300x147.jpg 300w, https:\/\/www.topohvar.at\/wp-content\/uploads\/2019\/05\/vj-tr-14-15-768x377.jpg 768w, https:\/\/www.topohvar.at\/wp-content\/uploads\/2019\/05\/vj-tr-14-15.jpg 1080w\" sizes=\"auto, (max-width: 114px) 100vw, 114px\" \/><\/a>Trim \u00bbVJ-TR-14\u00ab<br \/>\n<\/strong>VJ-TR-14 \/ Vrbanj, Polje, Pod Skunjevac, uz cestu prema Basina<\/p>\n<p><strong><a href=\"https:\/\/www.topohvar.at\/orte\/vj\/vj-tr-15-1\/\"><img loading=\"lazy\" decoding=\"async\" class=\"alignleft wp-image-6646\" src=\"https:\/\/www.topohvar.at\/wp-content\/uploads\/2018\/08\/VJ-TR-15-0-1024x503.jpg\" alt=\"\" width=\"114\" height=\"56\" srcset=\"https:\/\/www.topohvar.at\/wp-content\/uploads\/2018\/08\/VJ-TR-15-0-1024x503.jpg 1024w, https:\/\/www.topohvar.at\/wp-content\/uploads\/2018\/08\/VJ-TR-15-0-300x147.jpg 300w, https:\/\/www.topohvar.at\/wp-content\/uploads\/2018\/08\/VJ-TR-15-0-768x377.jpg 768w, https:\/\/www.topohvar.at\/wp-content\/uploads\/2018\/08\/VJ-TR-15-0.jpg 1080w\" sizes=\"auto, (max-width: 114px) 100vw, 114px\" \/><\/a>Trim \u00bbVJ-TR-15\u00ab<br \/>\n<\/strong>VJ-TR-15 \/ Vrbanj, Polje, Pod Skunjevac, uz cestu prema Basina<\/p>\n<p><strong><a href=\"https:\/\/www.topohvar.at\/orte\/vj\/vj-tr-17-1\/\"><img loading=\"lazy\" decoding=\"async\" class=\"alignleft wp-image-6648\" src=\"https:\/\/www.topohvar.at\/wp-content\/uploads\/2018\/08\/VJ-TR-17-0-1024x503.jpg\" alt=\"\" width=\"114\" height=\"56\" srcset=\"https:\/\/www.topohvar.at\/wp-content\/uploads\/2018\/08\/VJ-TR-17-0-1024x503.jpg 1024w, https:\/\/www.topohvar.at\/wp-content\/uploads\/2018\/08\/VJ-TR-17-0-300x147.jpg 300w, https:\/\/www.topohvar.at\/wp-content\/uploads\/2018\/08\/VJ-TR-17-0-768x377.jpg 768w, https:\/\/www.topohvar.at\/wp-content\/uploads\/2018\/08\/VJ-TR-17-0.jpg 1080w\" sizes=\"auto, (max-width: 114px) 100vw, 114px\" \/><\/a>Trim \u00bbVJ-TR-17\u00ab<br \/>\n<\/strong>VJ-TR-17 \/ Vrbanj, Medoje, uz cestu prema Basina<\/p>\n<p><strong><a href=\"https:\/\/www.topohvar.at\/orte\/vj\/vj-tr-06-1\/\"><img loading=\"lazy\" decoding=\"async\" class=\"alignleft wp-image-22529\" src=\"https:\/\/www.topohvar.at\/wp-content\/uploads\/2019\/05\/vj-tr-06-11-1024x503.jpg\" alt=\"\" width=\"114\" height=\"56\" srcset=\"https:\/\/www.topohvar.at\/wp-content\/uploads\/2019\/05\/vj-tr-06-11-1024x503.jpg 1024w, https:\/\/www.topohvar.at\/wp-content\/uploads\/2019\/05\/vj-tr-06-11-300x147.jpg 300w, https:\/\/www.topohvar.at\/wp-content\/uploads\/2019\/05\/vj-tr-06-11-768x377.jpg 768w, https:\/\/www.topohvar.at\/wp-content\/uploads\/2019\/05\/vj-tr-06-11.jpg 1080w\" sizes=\"auto, (max-width: 114px) 100vw, 114px\" \/><\/a>Trim \u00bbVJ-TR-06\u00ab<br \/>\n<\/strong>VJ-TR-06 \/ Vrbanj, Vrbanjske Rudine, Vido\u0161evi\u010d<\/p>\n<p><strong><a href=\"https:\/\/www.topohvar.at\/orte\/vj\/vj-tr-16-1\/\"><img loading=\"lazy\" decoding=\"async\" class=\"alignleft wp-image-22535\" src=\"https:\/\/www.topohvar.at\/wp-content\/uploads\/2019\/05\/vj-tr-16-12-1024x503.jpg\" alt=\"\" width=\"114\" height=\"56\" srcset=\"https:\/\/www.topohvar.at\/wp-content\/uploads\/2019\/05\/vj-tr-16-12-1024x503.jpg 1024w, https:\/\/www.topohvar.at\/wp-content\/uploads\/2019\/05\/vj-tr-16-12-300x147.jpg 300w, https:\/\/www.topohvar.at\/wp-content\/uploads\/2019\/05\/vj-tr-16-12-768x377.jpg 768w, https:\/\/www.topohvar.at\/wp-content\/uploads\/2019\/05\/vj-tr-16-12.jpg 1080w\" sizes=\"auto, (max-width: 114px) 100vw, 114px\" \/><\/a>Trim \u00bbVJ-TR-16\u00ab<br \/>\n<\/strong>VJ-TR-16 \/ Vrbanj, Vrbanjske Rudine, Andria\u0161evo<\/p>\n<p><strong><a href=\"https:\/\/www.topohvar.at\/orte\/vj\/vj-tr-08-1\/\"><img loading=\"lazy\" decoding=\"async\" class=\"alignleft wp-image-6644\" src=\"https:\/\/www.topohvar.at\/wp-content\/uploads\/2018\/08\/VJ-TR-08-0-1024x503.jpg\" alt=\"\" width=\"114\" height=\"56\" srcset=\"https:\/\/www.topohvar.at\/wp-content\/uploads\/2018\/08\/VJ-TR-08-0-1024x503.jpg 1024w, https:\/\/www.topohvar.at\/wp-content\/uploads\/2018\/08\/VJ-TR-08-0-300x147.jpg 300w, https:\/\/www.topohvar.at\/wp-content\/uploads\/2018\/08\/VJ-TR-08-0-768x377.jpg 768w, https:\/\/www.topohvar.at\/wp-content\/uploads\/2018\/08\/VJ-TR-08-0.jpg 1080w\" sizes=\"auto, (max-width: 114px) 100vw, 114px\" \/><\/a>Trim \u00bbVJ-TR-08 (s nadogradnjom)\u00ab<br \/>\n<\/strong>VJ-TR-08 \/ Vrbanj, Vrbajske Rudine, Iznad Basine<\/p>\n<p><strong><a href=\"https:\/\/www.topohvar.at\/orte\/vj\/vj-tr-33-1\/\"><img loading=\"lazy\" decoding=\"async\" class=\"alignleft wp-image-6660\" src=\"https:\/\/www.topohvar.at\/wp-content\/uploads\/2018\/08\/vj-tr-33-0-1024x503.jpg\" alt=\"\" width=\"114\" height=\"56\" srcset=\"https:\/\/www.topohvar.at\/wp-content\/uploads\/2018\/08\/vj-tr-33-0-1024x503.jpg 1024w, https:\/\/www.topohvar.at\/wp-content\/uploads\/2018\/08\/vj-tr-33-0-300x147.jpg 300w, https:\/\/www.topohvar.at\/wp-content\/uploads\/2018\/08\/vj-tr-33-0-768x377.jpg 768w, https:\/\/www.topohvar.at\/wp-content\/uploads\/2018\/08\/vj-tr-33-0.jpg 1080w\" sizes=\"auto, (max-width: 114px) 100vw, 114px\" \/><\/a>Trim \u00bbVJ-TR-33\u00ab<br \/>\n<\/strong>VJ-TR-33 \/ Vrbanj, Mudri Dolac<\/p>\n<p><strong><a href=\"https:\/\/www.topohvar.at\/orte\/vj\/vj-tr-34-1\/\"><img loading=\"lazy\" decoding=\"async\" class=\"alignleft wp-image-6661\" src=\"https:\/\/www.topohvar.at\/wp-content\/uploads\/2018\/08\/vj-tr-34-0-1024x503.jpg\" alt=\"\" width=\"114\" height=\"56\" srcset=\"https:\/\/www.topohvar.at\/wp-content\/uploads\/2018\/08\/vj-tr-34-0-1024x503.jpg 1024w, https:\/\/www.topohvar.at\/wp-content\/uploads\/2018\/08\/vj-tr-34-0-300x147.jpg 300w, https:\/\/www.topohvar.at\/wp-content\/uploads\/2018\/08\/vj-tr-34-0-768x377.jpg 768w, https:\/\/www.topohvar.at\/wp-content\/uploads\/2018\/08\/vj-tr-34-0.jpg 1080w\" sizes=\"auto, (max-width: 114px) 100vw, 114px\" \/><\/a>Trim \u00bbVJ-TR-34\u00ab<br \/>\n<\/strong>VJ-TR-34 \/ Vrbanj, Mudri Dolac<\/p>\n<p><strong><a href=\"https:\/\/www.topohvar.at\/orte\/vj\/vj-tr-27-1\/\"><img loading=\"lazy\" decoding=\"async\" class=\"alignleft wp-image-62796\" src=\"https:\/\/www.topohvar.at\/wp-content\/uploads\/2023\/06\/VJ-TR-27-0-300x147.jpg\" alt=\"\" width=\"114\" height=\"56\" srcset=\"https:\/\/www.topohvar.at\/wp-content\/uploads\/2023\/06\/VJ-TR-27-0-300x147.jpg 300w, https:\/\/www.topohvar.at\/wp-content\/uploads\/2023\/06\/VJ-TR-27-0-1024x503.jpg 1024w, https:\/\/www.topohvar.at\/wp-content\/uploads\/2023\/06\/VJ-TR-27-0-768x377.jpg 768w, https:\/\/www.topohvar.at\/wp-content\/uploads\/2023\/06\/VJ-TR-27-0.jpg 1080w\" sizes=\"auto, (max-width: 114px) 100vw, 114px\" \/><\/a>Trim \u00bbVJ-TR-27\u00ab<br \/>\n<\/strong>VJ-TR-27 \/ Vrbanj, zapadno od ceste za Basinu<\/p>\n<p><strong><a href=\"https:\/\/www.topohvar.at\/orte\/vj\/vj-tr-12-1\/\"><img loading=\"lazy\" decoding=\"async\" class=\"alignleft wp-image-62813\" src=\"https:\/\/www.topohvar.at\/wp-content\/uploads\/2023\/06\/VJ-TR-12-0-300x147.jpg\" alt=\"\" width=\"114\" height=\"56\" srcset=\"https:\/\/www.topohvar.at\/wp-content\/uploads\/2023\/06\/VJ-TR-12-0-300x147.jpg 300w, https:\/\/www.topohvar.at\/wp-content\/uploads\/2023\/06\/VJ-TR-12-0-1024x503.jpg 1024w, https:\/\/www.topohvar.at\/wp-content\/uploads\/2023\/06\/VJ-TR-12-0-768x377.jpg 768w, https:\/\/www.topohvar.at\/wp-content\/uploads\/2023\/06\/VJ-TR-12-0.jpg 1080w\" sizes=\"auto, (max-width: 114px) 100vw, 114px\" \/><\/a>Trim \u00bbVJ-TR-12\u00ab<br \/>\n<\/strong>VJ-TR-12 \/ Vrbanj, zapadno od ceste za Basinu<\/p>\n<p><strong><a href=\"https:\/\/www.topohvar.at\/orte\/vj\/vj-tr-27-1\/\"><img loading=\"lazy\" decoding=\"async\" class=\"alignleft wp-image-62805\" src=\"https:\/\/www.topohvar.at\/wp-content\/uploads\/2023\/06\/VJ-TR-28-0-300x147.jpg\" alt=\"\" width=\"114\" height=\"56\" srcset=\"https:\/\/www.topohvar.at\/wp-content\/uploads\/2023\/06\/VJ-TR-28-0-300x147.jpg 300w, https:\/\/www.topohvar.at\/wp-content\/uploads\/2023\/06\/VJ-TR-28-0-1024x503.jpg 1024w, https:\/\/www.topohvar.at\/wp-content\/uploads\/2023\/06\/VJ-TR-28-0-768x377.jpg 768w, https:\/\/www.topohvar.at\/wp-content\/uploads\/2023\/06\/VJ-TR-28-0.jpg 1080w\" sizes=\"auto, (max-width: 114px) 100vw, 114px\" \/><\/a>Trim \u00bbVJ-TR-28\u00ab<br \/>\n<\/strong>VJ-TR-28 \/ Vrbanj, zapadno od Basine<\/p>\n<p><strong><a href=\"https:\/\/www.topohvar.at\/orte\/vj\/vj-tr-30-1\/\"><img loading=\"lazy\" decoding=\"async\" class=\"alignleft wp-image-6657\" src=\"https:\/\/www.topohvar.at\/wp-content\/uploads\/2018\/08\/VJ-TR-30-01-1024x503.jpg\" alt=\"\" width=\"114\" height=\"56\" srcset=\"https:\/\/www.topohvar.at\/wp-content\/uploads\/2018\/08\/VJ-TR-30-01-1024x503.jpg 1024w, https:\/\/www.topohvar.at\/wp-content\/uploads\/2018\/08\/VJ-TR-30-01-300x147.jpg 300w, https:\/\/www.topohvar.at\/wp-content\/uploads\/2018\/08\/VJ-TR-30-01-768x377.jpg 768w, https:\/\/www.topohvar.at\/wp-content\/uploads\/2018\/08\/VJ-TR-30-01.jpg 1080w\" sizes=\"auto, (max-width: 114px) 100vw, 114px\" \/><\/a>Dva trima \u00bbVJ-TR-30\u00ab<br \/>\n<\/strong>VJ-TR-30 \/ VVrbanj, rbanjske Rudine,\u00a0Kre\u0161avac<\/p>\n<p><strong><a href=\"https:\/\/www.topohvar.at\/orte\/vj\/vj-tr-31-1\/\"><img loading=\"lazy\" decoding=\"async\" class=\"alignleft wp-image-6658\" src=\"https:\/\/www.topohvar.at\/wp-content\/uploads\/2018\/08\/VJ-TR-31-0-1024x503.jpg\" alt=\"\" width=\"114\" height=\"56\" srcset=\"https:\/\/www.topohvar.at\/wp-content\/uploads\/2018\/08\/VJ-TR-31-0-1024x503.jpg 1024w, https:\/\/www.topohvar.at\/wp-content\/uploads\/2018\/08\/VJ-TR-31-0-300x147.jpg 300w, https:\/\/www.topohvar.at\/wp-content\/uploads\/2018\/08\/VJ-TR-31-0-768x377.jpg 768w, https:\/\/www.topohvar.at\/wp-content\/uploads\/2018\/08\/VJ-TR-31-0.jpg 1080w\" sizes=\"auto, (max-width: 114px) 100vw, 114px\" \/><\/a>Dva trima \u00bbVJ-TR-31\u00ab<br \/>\n<\/strong>VJ-TR-31 \/ Vrbanj, Vrbanjske Rudine,\u00a0Kre\u0161avac<\/p>\n<p><strong><a href=\"https:\/\/www.topohvar.at\/orte\/vj\/vj-tr-03-1\/\"><img loading=\"lazy\" decoding=\"async\" class=\"alignleft wp-image-22565\" src=\"https:\/\/www.topohvar.at\/wp-content\/uploads\/2019\/05\/vj-tr-03-12-1024x503.jpg\" alt=\"\" width=\"114\" height=\"56\" srcset=\"https:\/\/www.topohvar.at\/wp-content\/uploads\/2019\/05\/vj-tr-03-12-1024x503.jpg 1024w, https:\/\/www.topohvar.at\/wp-content\/uploads\/2019\/05\/vj-tr-03-12-300x147.jpg 300w, https:\/\/www.topohvar.at\/wp-content\/uploads\/2019\/05\/vj-tr-03-12-768x377.jpg 768w, https:\/\/www.topohvar.at\/wp-content\/uploads\/2019\/05\/vj-tr-03-12.jpg 1080w\" sizes=\"auto, (max-width: 114px) 100vw, 114px\" \/><\/a>Trim \u00bbVJ-TR-03\u00ab<br \/>\n<\/strong>VJ-TR-03 \/ Vrbanj, Vrbanjske Rudine<\/p>\n<p><strong><a href=\"https:\/\/www.topohvar.at\/orte\/vj\/vj-tr-04-1\/\"><img loading=\"lazy\" decoding=\"async\" class=\"alignleft wp-image-22568\" src=\"https:\/\/www.topohvar.at\/wp-content\/uploads\/2019\/05\/vj-tr-04-14-1024x503.jpg\" alt=\"\" width=\"114\" height=\"56\" srcset=\"https:\/\/www.topohvar.at\/wp-content\/uploads\/2019\/05\/vj-tr-04-14-1024x503.jpg 1024w, https:\/\/www.topohvar.at\/wp-content\/uploads\/2019\/05\/vj-tr-04-14-300x147.jpg 300w, https:\/\/www.topohvar.at\/wp-content\/uploads\/2019\/05\/vj-tr-04-14-768x377.jpg 768w, https:\/\/www.topohvar.at\/wp-content\/uploads\/2019\/05\/vj-tr-04-14.jpg 1080w\" sizes=\"auto, (max-width: 114px) 100vw, 114px\" \/><\/a>Trim \u00bbVJ-TR-04\u00ab<br \/>\n<\/strong>VJ-TR-04 \/ Vrbanj, Vrbanjske Rudine<\/p>\n<p><strong><a href=\"https:\/\/www.topohvar.at\/orte\/vj\/vj-tr-11-1\/\"><img loading=\"lazy\" decoding=\"async\" class=\"alignleft wp-image-33574\" src=\"https:\/\/www.topohvar.at\/wp-content\/uploads\/2020\/03\/vj-tr-11-1-300x147.jpg\" alt=\"\" width=\"114\" height=\"56\" srcset=\"https:\/\/www.topohvar.at\/wp-content\/uploads\/2020\/03\/vj-tr-11-1-300x147.jpg 300w, https:\/\/www.topohvar.at\/wp-content\/uploads\/2020\/03\/vj-tr-11-1.jpg 640w\" sizes=\"auto, (max-width: 114px) 100vw, 114px\" \/><\/a>Trim \u00bbVJ-TR-11\u00ab<br \/>\n<\/strong>VJ-TR-11 \/ Vrbanj, Vrbanjske Rudine<\/p>\n<p><strong><a href=\"https:\/\/www.topohvar.at\/orte\/vj\/vj-tr-10-1\/\"><img loading=\"lazy\" decoding=\"async\" class=\"alignleft wp-image-31021\" src=\"https:\/\/www.topohvar.at\/wp-content\/uploads\/2020\/02\/vj-tr-10-1-300x147.jpg\" alt=\"\" width=\"114\" height=\"56\" srcset=\"https:\/\/www.topohvar.at\/wp-content\/uploads\/2020\/02\/vj-tr-10-1-300x147.jpg 300w, https:\/\/www.topohvar.at\/wp-content\/uploads\/2020\/02\/vj-tr-10-1-768x377.jpg 768w, https:\/\/www.topohvar.at\/wp-content\/uploads\/2020\/02\/vj-tr-10-1-1024x503.jpg 1024w, https:\/\/www.topohvar.at\/wp-content\/uploads\/2020\/02\/vj-tr-10-1.jpg 1080w\" sizes=\"auto, (max-width: 114px) 100vw, 114px\" \/><\/a>Trim \u00bbVJ-TR-10\u00ab<br \/>\n<\/strong>VJ-TR-10 \/ Vrbanj, ?<\/p>\n<p style=\"text-align: right;\"><span style=\"color: #3366ff;\"><a style=\"color: #3366ff;\" href=\"#seite_oben\">natrag na vrh \/ Seitenanfang<\/a><\/span><\/p>\n<p><a name=\"po\"><\/a><\/p>\n<hr \/>\n<h2><strong><span style=\"color: #ff0000;\">Povijesne znamenitosti \/ historisches<\/span><\/strong><\/h2>\n<p><strong><a href=\"https:\/\/www.topohvar.at\/orte\/vj\/vj-po-00-1\/\"><img loading=\"lazy\" decoding=\"async\" class=\"alignleft wp-image-387 size-full\" src=\"https:\/\/www.topohvar.at\/wp-content\/uploads\/2018\/07\/00-00-00-1.jpg\" alt=\"\" width=\"114\" height=\"56\" \/><\/a>Popis arheolo\u0161ka nalazi\u0161ta<br \/>\n<\/strong>VJ-PO-00 \/ Vrbanj<\/p>\n<p><strong><a href=\" https:\/\/www.topohvar.at\/topo\/orte\/vj\/vj-pg-00-1\/\"><img loading=\"lazy\" decoding=\"async\" class=\"alignleft wp-image-57335\" src=\"https:\/\/www.topohvar.at\/wp-content\/uploads\/2022\/02\/vj-pg-00-1-300x147.jpg\" alt=\"\" width=\"114\" height=\"56\" srcset=\"https:\/\/www.topohvar.at\/wp-content\/uploads\/2022\/02\/vj-pg-00-1-300x147.jpg 300w, https:\/\/www.topohvar.at\/wp-content\/uploads\/2022\/02\/vj-pg-00-1-1024x503.jpg 1024w, https:\/\/www.topohvar.at\/wp-content\/uploads\/2022\/02\/vj-pg-00-1-768x377.jpg 768w, https:\/\/www.topohvar.at\/wp-content\/uploads\/2022\/02\/vj-pg-00-1.jpg 1080w\" sizes=\"auto, (max-width: 114px) 100vw, 114px\" \/><\/a>Pretpovijesne gomile<br \/>\n<\/strong>VJ-PG-00 \/ Vrbanj<\/p>\n<p><strong><a href=\"https:\/\/www.topohvar.at\/orte\/vj\/vj-po-01-1\/\"><img loading=\"lazy\" decoding=\"async\" class=\"alignleft wp-image-6666\" src=\"https:\/\/www.topohvar.at\/wp-content\/uploads\/2018\/08\/VJ-PO-01-0-1024x503.jpg\" alt=\"\" width=\"114\" height=\"56\" srcset=\"https:\/\/www.topohvar.at\/wp-content\/uploads\/2018\/08\/VJ-PO-01-0-1024x503.jpg 1024w, https:\/\/www.topohvar.at\/wp-content\/uploads\/2018\/08\/VJ-PO-01-0-300x147.jpg 300w, https:\/\/www.topohvar.at\/wp-content\/uploads\/2018\/08\/VJ-PO-01-0-768x377.jpg 768w, https:\/\/www.topohvar.at\/wp-content\/uploads\/2018\/08\/VJ-PO-01-0.jpg 1080w\" sizes=\"auto, (max-width: 114px) 100vw, 114px\" \/><\/a>Povijesni lokalitet \u00bbGra\u010di\u0161\u0107e\u00ab<br \/>\n<\/strong>VJ-PO-01 \/\u00a0Vrbanj, O\u0161tar glava (Molo bardo)<\/p>\n<p><strong><a href=\"https:\/\/www.topohvar.at\/orte\/vj\/vj-po-02-1\/\"><img loading=\"lazy\" decoding=\"async\" class=\"alignleft wp-image-6667\" src=\"https:\/\/www.topohvar.at\/wp-content\/uploads\/2018\/08\/VJ-PO-02-0-1024x503.jpg\" alt=\"\" width=\"114\" height=\"56\" srcset=\"https:\/\/www.topohvar.at\/wp-content\/uploads\/2018\/08\/VJ-PO-02-0-1024x503.jpg 1024w, https:\/\/www.topohvar.at\/wp-content\/uploads\/2018\/08\/VJ-PO-02-0-300x147.jpg 300w, https:\/\/www.topohvar.at\/wp-content\/uploads\/2018\/08\/VJ-PO-02-0-768x377.jpg 768w, https:\/\/www.topohvar.at\/wp-content\/uploads\/2018\/08\/VJ-PO-02-0.jpg 1080w\" sizes=\"auto, (max-width: 114px) 100vw, 114px\" \/><\/a>Anti\u010dko nazali\u0161te \u00bbRimski villa rustica &#8211; Carevac\u00ab<br \/>\n<\/strong>VJ-PO-02 \/ Polje, Carevac<\/p>\n<p><strong><a href=\"https:\/\/www.topohvar.at\/orte\/vj\/vj-po-03-1\/\"><img loading=\"lazy\" decoding=\"async\" class=\"alignleft wp-image-71519\" src=\"https:\/\/www.topohvar.at\/wp-content\/uploads\/2025\/04\/vj-po-03-0-300x148.jpg\" alt=\"\" width=\"114\" height=\"56\" \/><\/a>Anti\u010dko nazali\u0161te \u00bbVilla rustica &#8211; Mirak\u00ab<br \/>\n<\/strong>VJ-PO-03 \/ Polje ?<\/p>\n<p style=\"text-align: right;\"><span style=\"color: #3366ff;\"><a style=\"color: #3366ff;\" href=\"#seite_oben\">natrag na vrh \/ Seitenanfang<\/a><\/span><\/p>\n","protected":false},"excerpt":{"rendered":"<p>Odaberite kategoriju \/ W\u00e4hlen Sie eine Kategorie aus\u00a0 \u00a0 \u00a0 \u00a0 \u00a0 \u00a0 Naselja \/ Siedlungen \/\/ Crkve \/ Kirchen \/\/ Kapele \/Kapellen \/\/ Kapelice \/Bildst\u00f6cke \/\/ Kri\u017eevi \/ Kreuze \/\/ Natpisi \/ Inschriften \/\/ Plo\u010de \/ Tafeln \/\/ Reljefi\/ &hellip; <a href=\"https:\/\/www.topohvar.at\/topo\/orte\/vj\/\">Weiterlesen <span class=\"meta-nav\">&rarr;<\/span><\/a><\/p>\n","protected":false},"author":1,"featured_media":0,"parent":19357,"menu_order":0,"comment_status":"closed","ping_status":"closed","template":"","meta":{"footnotes":""},"class_list":["post-111","page","type-page","status-publish","hentry"],"_links":{"self":[{"href":"https:\/\/www.topohvar.at\/topo\/wp-json\/wp\/v2\/pages\/111","targetHints":{"allow":["GET"]}}],"collection":[{"href":"https:\/\/www.topohvar.at\/topo\/wp-json\/wp\/v2\/pages"}],"about":[{"href":"https:\/\/www.topohvar.at\/topo\/wp-json\/wp\/v2\/types\/page"}],"author":[{"embeddable":true,"href":"https:\/\/www.topohvar.at\/topo\/wp-json\/wp\/v2\/users\/1"}],"replies":[{"embeddable":true,"href":"https:\/\/www.topohvar.at\/topo\/wp-json\/wp\/v2\/comments?post=111"}],"version-history":[{"count":129,"href":"https:\/\/www.topohvar.at\/topo\/wp-json\/wp\/v2\/pages\/111\/revisions"}],"predecessor-version":[{"id":73954,"href":"https:\/\/www.topohvar.at\/topo\/wp-json\/wp\/v2\/pages\/111\/revisions\/73954"}],"up":[{"embeddable":true,"href":"https:\/\/www.topohvar.at\/topo\/wp-json\/wp\/v2\/pages\/19357"}],"wp:attachment":[{"href":"https:\/\/www.topohvar.at\/topo\/wp-json\/wp\/v2\/media?parent=111"}],"curies":[{"name":"wp","href":"https:\/\/api.w.org\/{rel}","templated":true}]}}