{"id":11447,"date":"2018-09-13T18:44:07","date_gmt":"2018-09-13T16:44:07","guid":{"rendered":"https:\/\/www.topohvar.at\/?page_id=11447"},"modified":"2022-09-26T10:52:06","modified_gmt":"2022-09-26T08:52:06","slug":"sb-aa-01-1","status":"publish","type":"page","link":"https:\/\/www.topohvar.at\/topo\/orte\/sb\/sb-aa-01-1\/","title":{"rendered":"SELCA KOD BOGOMOLJA &#8211; Ruralna cjelina \u00bbZaseok Zaglav\u00ab"},"content":{"rendered":"<p><a name=\"seite_oben\"><\/a><br \/>\n<strong><img loading=\"lazy\" decoding=\"async\" class=\"aligncenter wp-image-36478 size-full\" src=\"https:\/\/www.topohvar.at\/wp-content\/uploads\/2020\/04\/sb-aa-01-1.jpg\" alt=\"\" width=\"1080\" height=\"530\" srcset=\"https:\/\/www.topohvar.at\/wp-content\/uploads\/2020\/04\/sb-aa-01-1.jpg 1080w, https:\/\/www.topohvar.at\/wp-content\/uploads\/2020\/04\/sb-aa-01-1-300x147.jpg 300w, https:\/\/www.topohvar.at\/wp-content\/uploads\/2020\/04\/sb-aa-01-1-1024x503.jpg 1024w, https:\/\/www.topohvar.at\/wp-content\/uploads\/2020\/04\/sb-aa-01-1-768x377.jpg 768w\" sizes=\"auto, (max-width: 1080px) 100vw, 1080px\" \/><\/strong><\/p>\n<p><strong>Ime \/ Name<br \/>\n<\/strong>Ruralna cjelina \u00bbZaseok \/ L\u00e4ndliche Einheit Weiler <em>Zaglav<\/em>\u00ab<\/p>\n<p><strong>Code: <\/strong>SB-AA-01\u00a0 \u00a0 \u00a0 \u00a0 \u00a0 \u00a0 \u00a0 \u00a0 \u00a0 \u00a0 \u00a0 \u00a0 \u00a0 \u00a0 \u00a0 \u00a0\u00a0<strong><a href=\"https:\/\/www.topohvar.at\/orte\/sb\/sb-aa-03-1\/\"><img loading=\"lazy\" decoding=\"async\" class=\"alignnone wp-image-533 size-full\" src=\"https:\/\/www.topohvar.at\/wp-content\/uploads\/2018\/07\/push-l-30.jpg\" alt=\"\" width=\"61\" height=\"30\" \/><\/a> <a href=\"https:\/\/www.topohvar.at\/orte\/sb\/\"><img loading=\"lazy\" decoding=\"async\" class=\"alignnone wp-image-535 size-full\" src=\"https:\/\/www.topohvar.at\/wp-content\/uploads\/2018\/07\/push-o-30.jpg\" alt=\"\" width=\"61\" height=\"30\" \/><\/a> <a href=\"https:\/\/www.topohvar.at\/orte\/sb\/sb-aa-02-1\/\"><img loading=\"lazy\" decoding=\"async\" class=\"alignnone wp-image-536 size-full\" src=\"https:\/\/www.topohvar.at\/wp-content\/uploads\/2018\/07\/push-r-30.jpg\" alt=\"\" width=\"61\" height=\"30\" \/><\/a> <a href=\"https:\/\/www.topohvar.at\/orte\/sb\/sb-au-10-1\/\"><img loading=\"lazy\" decoding=\"async\" class=\"alignnone wp-image-12299 size-full\" src=\"https:\/\/www.topohvar.at\/wp-content\/uploads\/2018\/09\/push-next-30.jpg\" alt=\"\" width=\"61\" height=\"30\" \/><\/a><\/strong><\/p>\n<hr \/>\n<p><strong>Adresa \/ Adresse<br \/>\n<\/strong>Selca kod Bogomolja, Zaglav<\/p>\n<p><strong>Lokacija \/ Position<a href=\"https:\/\/goo.gl\/maps\/CnXGTEdPmnwoX6W88\"><img loading=\"lazy\" decoding=\"async\" class=\"alignright wp-image-11472\" src=\"https:\/\/www.topohvar.at\/wp-content\/uploads\/2018\/09\/1312.jpg\" alt=\"\" width=\"134\" height=\"100\" \/><\/a><br \/>\n<\/strong><span style=\"color: #3366ff;\"><a style=\"color: #3366ff;\" href=\"https:\/\/goo.gl\/maps\/CnXGTEdPmnwoX6W88\">Latitude: N 43,11900\u00b0 Longitude: E 17,05300\u00b0<\/a> <\/span><strong><br \/>\n<\/strong>Visina \/ H\u00f6he: 120 m<\/p>\n<p><strong>Katastarska \u010destica <\/strong><strong>\/ Grundst\u00fccke<br \/>\n<\/strong>1206 <div class='content-column one_half'><div style=\"padding-right:6px;\"><p><strong>Datum snimanja \/ Erfassungsdatum<br \/>\n<\/strong>27.10.2014 09:40:09<\/p>\n<hr \/>\n<p><strong>Informacije<\/strong><\/p>\n<p>Staza vodi ju\u017eno od zaseoka Selca do Zaglava, koji je nekoliko ku\u0107a usred pustinje.<\/p><\/div><\/div><div class='content-column one_half last_column'><div style=\"padding-right:0px;padding-left:6px;\"><p><strong>Stupanj za\u0161tite<\/strong><strong> \/ Schutzstellung<br \/>\n<\/strong>(P-3587)<\/p>\n<hr \/>\n<p><strong>Info<\/strong><\/p>\n<p>Vom Weiler Selca f\u00fchrt Richtung S\u00fcden ein Weg nach Zaglav das mit ein paar H\u00e4usern inmitten der Wildnis liegt.<\/p><\/div><\/div><div class='clear_column'><\/div><div class='content-column one_half'><div style=\"padding-right:6px;\"><p><img loading=\"lazy\" decoding=\"async\" class=\"aligncenter size-full wp-image-60552\" src=\"https:\/\/www.topohvar.at\/wp-content\/uploads\/2022\/09\/sb-aa-01-12.jpg\" alt=\"\" width=\"530\" height=\"398\" srcset=\"https:\/\/www.topohvar.at\/wp-content\/uploads\/2022\/09\/sb-aa-01-12.jpg 530w, https:\/\/www.topohvar.at\/wp-content\/uploads\/2022\/09\/sb-aa-01-12-300x225.jpg 300w\" sizes=\"auto, (max-width: 530px) 100vw, 530px\" \/><\/p><\/div><\/div><div class='content-column one_half last_column'><div style=\"padding-right:0px;padding-left:6px;\"><p><img loading=\"lazy\" decoding=\"async\" class=\"aligncenter size-full wp-image-60553\" src=\"https:\/\/www.topohvar.at\/wp-content\/uploads\/2022\/09\/sb-aa-01-13.jpg\" alt=\"\" width=\"530\" height=\"398\" srcset=\"https:\/\/www.topohvar.at\/wp-content\/uploads\/2022\/09\/sb-aa-01-13.jpg 530w, https:\/\/www.topohvar.at\/wp-content\/uploads\/2022\/09\/sb-aa-01-13-300x225.jpg 300w\" sizes=\"auto, (max-width: 530px) 100vw, 530px\" \/><\/p><\/div><\/div><div class='clear_column'><\/div><div class='content-column one_half'><div style=\"padding-right:6px;\"><p>Ruralna cjelina \u201eZaseok Zaglav\u201c postavljen je kao spomenik pod preventivnu za\u0161titu. Definitivan za\u0161titni polo\u017eaj nije postojao.<br \/>\nDatum isteka preventivne za\u0161tite: 03. 02. 2013.<br \/>\nBroj registra: P-3587<\/p><\/div><\/div><div class='content-column one_half last_column'><div style=\"padding-right:0px;padding-left:6px;\"><p>Die l\u00e4ndliche Einheit von &#8222;Zaseok Zaglav&#8220; wurde als Denkmal unter vorbeugendem Schutz gestellt. Eine definitive Schutzstellung erfolgte nicht.<br \/>\nAblaufdatum des vorbeugenden Schutzes: 3. 2. 2013<br \/>\nRegistrierungsnummer: P-3587.<\/p><\/div><\/div><div class='clear_column'><\/div><\/p>\n<p><img loading=\"lazy\" decoding=\"async\" class=\"aligncenter size-full wp-image-34013\" src=\"https:\/\/www.topohvar.at\/wp-content\/uploads\/2020\/03\/sb-aa-01-13.jpg\" alt=\"\" width=\"1080\" height=\"530\" srcset=\"https:\/\/www.topohvar.at\/wp-content\/uploads\/2020\/03\/sb-aa-01-13.jpg 1080w, https:\/\/www.topohvar.at\/wp-content\/uploads\/2020\/03\/sb-aa-01-13-300x147.jpg 300w, https:\/\/www.topohvar.at\/wp-content\/uploads\/2020\/03\/sb-aa-01-13-1024x503.jpg 1024w, https:\/\/www.topohvar.at\/wp-content\/uploads\/2020\/03\/sb-aa-01-13-768x377.jpg 768w\" sizes=\"auto, (max-width: 1080px) 100vw, 1080px\" \/><div class='content-column one_half'><div style=\"padding-right:6px;\"><p>Pje\u0161a\u010dka staza nastavlja do zaljeva Ko\u017eija s obrambenim tornjem iz 1700. godine.<\/p><\/div><\/div><div class='content-column one_half last_column'><div style=\"padding-right:0px;padding-left:6px;\"><p>Ein Fu\u00dfweg f\u00fchrt weiter zur Ko\u017eija-Bucht mit einem Wehrturm aus dem Jahr 1700.<\/p><\/div><\/div><div class='clear_column'><\/div><\/p>\n<p style=\"text-align: right;\"><span style=\"color: #3366ff;\"><a style=\"color: #3366ff;\" href=\"#seite_oben\">natrag na vrh \/ Seitenanfang<\/a><\/span><\/p>\n<hr \/>\n<p><strong>Linkovi \/ Links<\/strong><\/p>\n<p>&#8211;<\/p>\n","protected":false},"excerpt":{"rendered":"<p>Ime \/ Name Ruralna cjelina \u00bbZaseok \/ L\u00e4ndliche Einheit Weiler Zaglav\u00ab Code: SB-AA-01\u00a0 \u00a0 \u00a0 \u00a0 \u00a0 \u00a0 \u00a0 \u00a0 \u00a0 \u00a0 \u00a0 \u00a0 \u00a0 \u00a0 \u00a0 \u00a0\u00a0 Adresa \/ Adresse Selca kod Bogomolja, Zaglav Lokacija \/ Position Latitude: N &hellip; <a href=\"https:\/\/www.topohvar.at\/topo\/orte\/sb\/sb-aa-01-1\/\">Weiterlesen <span class=\"meta-nav\">&rarr;<\/span><\/a><\/p>\n","protected":false},"author":1,"featured_media":0,"parent":97,"menu_order":0,"comment_status":"closed","ping_status":"closed","template":"","meta":{"footnotes":""},"class_list":["post-11447","page","type-page","status-publish","hentry"],"_links":{"self":[{"href":"https:\/\/www.topohvar.at\/topo\/wp-json\/wp\/v2\/pages\/11447","targetHints":{"allow":["GET"]}}],"collection":[{"href":"https:\/\/www.topohvar.at\/topo\/wp-json\/wp\/v2\/pages"}],"about":[{"href":"https:\/\/www.topohvar.at\/topo\/wp-json\/wp\/v2\/types\/page"}],"author":[{"embeddable":true,"href":"https:\/\/www.topohvar.at\/topo\/wp-json\/wp\/v2\/users\/1"}],"replies":[{"embeddable":true,"href":"https:\/\/www.topohvar.at\/topo\/wp-json\/wp\/v2\/comments?post=11447"}],"version-history":[{"count":20,"href":"https:\/\/www.topohvar.at\/topo\/wp-json\/wp\/v2\/pages\/11447\/revisions"}],"predecessor-version":[{"id":60554,"href":"https:\/\/www.topohvar.at\/topo\/wp-json\/wp\/v2\/pages\/11447\/revisions\/60554"}],"up":[{"embeddable":true,"href":"https:\/\/www.topohvar.at\/topo\/wp-json\/wp\/v2\/pages\/97"}],"wp:attachment":[{"href":"https:\/\/www.topohvar.at\/topo\/wp-json\/wp\/v2\/media?parent=11447"}],"curies":[{"name":"wp","href":"https:\/\/api.w.org\/{rel}","templated":true}]}}