{"id":11576,"date":"2018-09-15T06:36:01","date_gmt":"2018-09-15T04:36:01","guid":{"rendered":"https:\/\/www.topohvar.at\/?page_id=11576"},"modified":"2022-01-23T17:57:44","modified_gmt":"2022-01-23T16:57:44","slug":"su-ca-02-1","status":"publish","type":"page","link":"https:\/\/www.topohvar.at\/topo\/orte\/su\/su-ca-02-1\/","title":{"rendered":"SU\u0106URAJ &#8211; Samostan \u00bbBiv\u0161i Franjeva\u010dki samostan Sv. Ante\u00ab"},"content":{"rendered":"<p><a name=\"seite_oben\"><\/a><br \/>\n<strong><img loading=\"lazy\" decoding=\"async\" class=\"alignnone wp-image-387 size-full\" src=\"https:\/\/www.topohvar.at\/wp-content\/uploads\/2018\/07\/00-00-00-1.jpg\" alt=\"\" width=\"114\" height=\"56\" \/><\/strong><\/p>\n<p><strong>Ime \/ Name<br \/>\n<\/strong>Samostan \u00bbBiv\u0161i Franjeva\u010dki samostan Sv. Ante\u00ab \/ Ehemaliges Franziskanerkloser zum hl. Antonius<\/p>\n<p><strong>Code: <\/strong>SU-CA-02\u00a0 \u00a0 \u00a0 \u00a0 \u00a0 \u00a0 \u00a0 \u00a0 \u00a0 \u00a0 \u00a0 \u00a0 \u00a0 \u00a0 \u00a0 \u00a0<strong><a href=\"https:\/\/www.topohvar.at\/orte\/su\/su-ca-01-1\/\"><img loading=\"lazy\" decoding=\"async\" class=\"alignnone wp-image-533 size-full\" src=\"https:\/\/www.topohvar.at\/wp-content\/uploads\/2018\/07\/push-l-30.jpg\" alt=\"\" width=\"61\" height=\"30\" \/><\/a> <a href=\"https:\/\/www.topohvar.at\/orte\/su\/\"><img loading=\"lazy\" decoding=\"async\" class=\"alignnone wp-image-535 size-full\" src=\"https:\/\/www.topohvar.at\/wp-content\/uploads\/2018\/07\/push-o-30.jpg\" alt=\"\" width=\"61\" height=\"30\" \/><\/a> <a href=\"https:\/\/www.topohvar.at\/orte\/su\/su-ca-03-1\/\"><img loading=\"lazy\" decoding=\"async\" class=\"alignnone wp-image-536 size-full\" src=\"https:\/\/www.topohvar.at\/wp-content\/uploads\/2018\/07\/push-r-30.jpg\" alt=\"\" width=\"61\" height=\"30\" \/><\/a> <a href=\"https:\/\/www.topohvar.at\/orte\/su\/su-ci-01-1\/\"><img loading=\"lazy\" decoding=\"async\" class=\"alignnone wp-image-12299 size-full\" src=\"https:\/\/www.topohvar.at\/wp-content\/uploads\/2018\/09\/push-next-30.jpg\" alt=\"\" width=\"61\" height=\"30\" \/>\u00a0<\/a><\/strong><\/p>\n<hr \/>\n<p><strong>Adresa \/ Adresse<br \/>\n<\/strong>Su\u0107uraj,\u00a0Ulica Donja Banda,<\/p>\n<p><strong>Lokacija \/ Position<a href=\"https:\/\/goo.gl\/maps\/wRqp125whGsYJb8Z9\"><img loading=\"lazy\" decoding=\"async\" class=\"alignright wp-image-11694\" src=\"https:\/\/www.topohvar.at\/wp-content\/uploads\/2018\/09\/0765.jpg\" alt=\"\" width=\"133\" height=\"100\" \/><\/a><br \/>\n<\/strong><span style=\"color: #3366ff;\"><a style=\"color: #3366ff;\" href=\"https:\/\/goo.gl\/maps\/wRqp125whGsYJb8Z9\">Latitude: N 43,12508\u00b0\u00a0 \u00a0Longitude: E 17,18695\u00b0<\/a><\/span><\/p>\n<p>Visina \/ H\u00f6he: 2 m<\/p>\n<p><strong>Katastarska \u010destica <\/strong><strong>\/ Grundst\u00fccke<br \/>\n<\/strong>&#8211; <div class='content-column one_half'><div style=\"padding-right:6px;\"><p><strong>Datum snimanja \/ Erfassungsdatum<br \/>\n<\/strong>01.01.2000 00:00:00<\/p>\n<hr \/>\n<p><strong>Informacije<\/strong><\/p>\n<p>Turci su osvojili Primorje ( \u017divogo\u0161\u0107e i Zaostrog ) godine 1492. Bje\u017ee\u0107i pred turskim zulumom, nasiljem i terorom, u Su\u0107uraj su godine 1646. sa svojim narodom izbjegli franjevci iz Zaostroga, a sljede\u0107e godine franjevci i narod iz \u017divogo\u0161\u0107a.<\/p><\/div><\/div><div class='content-column one_half last_column'><div style=\"padding-right:0px;padding-left:6px;\"><p><strong>Stupanj za\u0161tite<\/strong><strong> \/ Schutzstellung<br \/>\n<\/strong>&#8211;<\/p>\n<hr \/>\n<p><strong>Info<\/strong><\/p>\n<p>Die T\u00fcrken eroberten 1492 die Primorje (Zivogosce und Zaostrog). Vor t\u00fcrkischer Gewalt und Terror flohen im Jahre 1646 zuerst die Franziskaner aus Zaostrog und die Br\u00fcder aus \u017divogo\u0161\u0107e folgten ihnen nach.<\/p><\/div><\/div><div class='clear_column'><\/div><div class='content-column one_half'><div style=\"padding-right:6px;\"><p>Zaostro\u017eani su godine 1663. sagradili crkvu i samostan Sv. Ante (danas obiteljska ku\u0107a). Crkva Sv. Ante Padovanskog ostao.<\/p><\/div><\/div><div class='content-column one_half last_column'><div style=\"padding-right:0px;padding-left:6px;\"><p>Die Zaostroganer bauten 1663 Kirche und Kloster Sv. Ante (heute Wohnhaus). Die Kirche des hl. Antonius von Padua blieb erhalten.<\/p><\/div><\/div><div class='clear_column'><\/div><div class='content-column one_half'><div style=\"padding-right:6px;\"><p>U Su\u0107urju su u vrijeme Kandijskog rata postojale dvije skupdne franjevaca svaka sa svojim oratorijem i \u017eupom: <em>Sv. Jurja<\/em> u Gornjoj Bandi i <em>sv. Ante<\/em> u Donjoj Bandi. Spomen na njih nalazimo u vizitaciji hvarskog biskupa Andreisa iz 1669. On dobro razlikuje te dvije skupine: jedni su oni pod vodstvom fra Mihovila Jelavi\u0107a, koji vr\u0161i \u017eupni\u010dku du\u017enost; a drugi se nalaze pod gvardijanom fra Marjanom Seroti\u0107em, koji tako\u0111er vr\u0161i istu du\u017enost.<\/p><\/div><\/div><div class='content-column one_half last_column'><div style=\"padding-right:0px;padding-left:6px;\"><p>W\u00e4hrend des Candianischen Krieges gab es in Sucuraj also zwei Franziskanergruppen, jede mit einem eigenen Oratorium und einer eigenen Gemeinde. Eine <em>St. Georg<\/em> in Gornja Banda und eine <em>St. Antonius<\/em> in Donja Banda. Einen Bericht dar\u00fcber findet man in der Visitation des Bischofs von Hvar, Andreis, aus dem Jahr 1669. Er unterscheidet diese beiden Gruppen gut: eine unter der Leitung von P. Mihovil Jelavi\u0107, der pastorale Aufgaben wahrnimmt und die andere die unter der Leitung von Pater Marjan Serotic steht, der ebenfalls die gleiche Aufgabe erf\u00fcllt.<\/p><\/div><\/div><div class='clear_column'><\/div><\/p>\n<p style=\"text-align: right;\"><span style=\"color: #3366ff;\"><a style=\"color: #3366ff;\" href=\"#seite_oben\">natrag na vrh \/ Seitenanfang<\/a><\/span><\/p>\n<hr \/>\n<p><strong>Linkovi \/ Links<\/strong><\/p>\n<p><span style=\"color: #3366ff;\"><a style=\"color: #3366ff;\" href=\"https:\/\/www.topohvar.at\/orte\/su\/su-ci-02-1\/\">Crkva Sv. Ante Padovanskog \/ Kirche des hl. Antonius von Padua<\/a><br \/>\n<a style=\"color: #3366ff;\" href=\"https:\/\/www.topohvar.at\/orte\/su\/su-ca-01-1\/\">Samostan \u00bbFranjeva\u010dki samostan (biv\u0161i Augustinski samostan)\u00ab \/ Franziskanerkloser (ehemaliges Augustinerkloster)<\/a><br \/>\n<a style=\"color: #3366ff;\" href=\"https:\/\/www.topohvar.at\/orte\/su\/su-ca-03-1\/\">Samostan \u00bbBiv\u0161i franjeva\u010dki samostan Sv. Kri\u017e\u00ab \/ Ehemaliges Franziskanerkloster <em>Heiligenkreuz<\/em><\/a><br \/>\n<\/span><\/p>\n","protected":false},"excerpt":{"rendered":"<p>Ime \/ Name Samostan \u00bbBiv\u0161i Franjeva\u010dki samostan Sv. Ante\u00ab \/ Ehemaliges Franziskanerkloser zum hl. Antonius Code: SU-CA-02\u00a0 \u00a0 \u00a0 \u00a0 \u00a0 \u00a0 \u00a0 \u00a0 \u00a0 \u00a0 \u00a0 \u00a0 \u00a0 \u00a0 \u00a0 \u00a0 \u00a0 Adresa \/ Adresse Su\u0107uraj,\u00a0Ulica Donja Banda, Lokacija &hellip; <a href=\"https:\/\/www.topohvar.at\/topo\/orte\/su\/su-ca-02-1\/\">Weiterlesen <span class=\"meta-nav\">&rarr;<\/span><\/a><\/p>\n","protected":false},"author":1,"featured_media":0,"parent":103,"menu_order":0,"comment_status":"closed","ping_status":"closed","template":"","meta":{"footnotes":""},"class_list":["post-11576","page","type-page","status-publish","hentry"],"_links":{"self":[{"href":"https:\/\/www.topohvar.at\/topo\/wp-json\/wp\/v2\/pages\/11576","targetHints":{"allow":["GET"]}}],"collection":[{"href":"https:\/\/www.topohvar.at\/topo\/wp-json\/wp\/v2\/pages"}],"about":[{"href":"https:\/\/www.topohvar.at\/topo\/wp-json\/wp\/v2\/types\/page"}],"author":[{"embeddable":true,"href":"https:\/\/www.topohvar.at\/topo\/wp-json\/wp\/v2\/users\/1"}],"replies":[{"embeddable":true,"href":"https:\/\/www.topohvar.at\/topo\/wp-json\/wp\/v2\/comments?post=11576"}],"version-history":[{"count":12,"href":"https:\/\/www.topohvar.at\/topo\/wp-json\/wp\/v2\/pages\/11576\/revisions"}],"predecessor-version":[{"id":56648,"href":"https:\/\/www.topohvar.at\/topo\/wp-json\/wp\/v2\/pages\/11576\/revisions\/56648"}],"up":[{"embeddable":true,"href":"https:\/\/www.topohvar.at\/topo\/wp-json\/wp\/v2\/pages\/103"}],"wp:attachment":[{"href":"https:\/\/www.topohvar.at\/topo\/wp-json\/wp\/v2\/media?parent=11576"}],"curies":[{"name":"wp","href":"https:\/\/api.w.org\/{rel}","templated":true}]}}