{"id":11581,"date":"2018-09-15T06:40:41","date_gmt":"2018-09-15T04:40:41","guid":{"rendered":"https:\/\/www.topohvar.at\/?page_id=11581"},"modified":"2024-07-07T15:38:34","modified_gmt":"2024-07-07T13:38:34","slug":"su-ci-01-1","status":"publish","type":"page","link":"https:\/\/www.topohvar.at\/topo\/orte\/su\/su-ci-01-1\/","title":{"rendered":"SU\u0106URAJ &#8211; \u017dupna crkva \u00bbSv. Jurja mu\u010denik\u00ab"},"content":{"rendered":"<p><a name=\"seite_oben\"><\/a><strong><img loading=\"lazy\" decoding=\"async\" class=\"aligncenter wp-image-41140 size-full\" src=\"https:\/\/www.topohvar.at\/wp-content\/uploads\/2020\/09\/su-ci-01-11.jpg\" alt=\"\" width=\"760\" height=\"369\" srcset=\"https:\/\/www.topohvar.at\/wp-content\/uploads\/2020\/09\/su-ci-01-11.jpg 760w, https:\/\/www.topohvar.at\/wp-content\/uploads\/2020\/09\/su-ci-01-11-300x146.jpg 300w\" sizes=\"auto, (max-width: 760px) 100vw, 760px\" \/><\/strong><\/p>\n<p><strong>Ime \/ Name<br \/>\n<\/strong>\u017dupna crkva \u00bbSv. Jurja mu\u010denik\u00ab \/ Pfarrkirche des hl. M\u00e4rtyrer Georg<\/p>\n<p><strong>Code: <\/strong>SU-CI-01\u00a0 \u00a0 \u00a0 \u00a0 \u00a0 \u00a0 \u00a0 \u00a0 \u00a0 \u00a0 \u00a0 \u00a0 \u00a0 \u00a0 \u00a0 \u00a0<strong><a href=\"https:\/\/www.topohvar.at\/orte\/su\/su-ca-01-1\/\"><img loading=\"lazy\" decoding=\"async\" class=\"alignnone wp-image-12300 size-full\" src=\"https:\/\/www.topohvar.at\/wp-content\/uploads\/2018\/09\/push-vor-30.jpg\" alt=\"\" width=\"61\" height=\"30\" \/><\/a> <a href=\"https:\/\/www.topohvar.at\/orte\/su\/su-ck-04-1\/\"><img loading=\"lazy\" decoding=\"async\" class=\"alignnone wp-image-533 size-full\" src=\"https:\/\/www.topohvar.at\/wp-content\/uploads\/2018\/07\/push-l-30.jpg\" alt=\"\" width=\"61\" height=\"30\" \/><\/a> <a href=\"https:\/\/www.topohvar.at\/orte\/su\/\"><img loading=\"lazy\" decoding=\"async\" class=\"alignnone wp-image-535 size-full\" src=\"https:\/\/www.topohvar.at\/wp-content\/uploads\/2018\/07\/push-o-30.jpg\" alt=\"\" width=\"61\" height=\"30\" \/><\/a> <a href=\"https:\/\/www.topohvar.at\/orte\/su\/su-ci-02-1\/\"><img loading=\"lazy\" decoding=\"async\" class=\"alignnone wp-image-536 size-full\" src=\"https:\/\/www.topohvar.at\/wp-content\/uploads\/2018\/07\/push-r-30.jpg\" alt=\"\" width=\"61\" height=\"30\" \/><\/a><\/strong><\/p>\n<hr \/>\n<p><strong>Adresa \/ Adresse<br \/>\n<\/strong>Su\u0107uraj,\u00a0Riva &#8211; Ulica Sv. Jurja<\/p>\n<p><strong>Lokacija \/ Position<a href=\"https:\/\/goo.gl\/maps\/cLUDGo1Y5jCX4iXr5\"><img loading=\"lazy\" decoding=\"async\" class=\"alignright wp-image-11680\" src=\"https:\/\/www.topohvar.at\/wp-content\/uploads\/2018\/09\/0764.jpg\" alt=\"\" width=\"133\" height=\"100\" \/><\/a><br \/>\n<\/strong><span style=\"color: #3366ff;\"><a style=\"color: #3366ff;\" href=\"https:\/\/goo.gl\/maps\/cLUDGo1Y5jCX4iXr5\">Latitude: N 43,12632\u00b0\u00a0 \u00a0Longitude: E 17,18748\u00b0<\/a> <\/span><strong><br \/>\n<\/strong>Visina \/ H\u00f6he: 5 m<\/p>\n<p><strong>Katastarska \u010destica <\/strong><strong>\/ Grundst\u00fccke<br \/>\n<\/strong>*325\u00a0<div class='content-column one_half'><div style=\"padding-right:6px;\"><p><strong>Datum snimanja \/ Erfassungsdatum<br \/>\n<\/strong>26.05.2013 16:50:45<\/p><\/div><\/div><div class='content-column one_half last_column'><div style=\"padding-right:0px;padding-left:6px;\"><p><strong>Stupanj za\u0161tite<\/strong><strong> \/ Schutzstellung<br \/>\n<\/strong>Z-6445, P-979, RST-420,24 \/ 56-1975 (Inventar)<\/p><\/div><\/div><div class='clear_column'><\/div><\/p>\n<hr \/>\n<div class='content-column one_half'><div style=\"padding-right:6px;\"><p><strong>Informacije<\/strong><\/p>\n<p>Crkva svetog Jurja je izgra\u0111ena 1896. godine. U njenom predvorju su nalaze temelji stare crkve Sv. Jurja koja se prvi put spominje 1331. g. u Hvarskom statutu i po kojoj je selo Su\u0107uraj dobilo ime (Sut + Juraj = Su\u0107uraj). U staroj crkvi i oko nje su grobnice u kojima su se sahranjivali sve\u0107enici i stanovnici Su\u0107uraj.<\/p><\/div><\/div><div class='content-column one_half last_column'><div style=\"padding-right:0px;padding-left:6px;\"><p><strong>Info<\/strong><\/p>\n<p>Die Kirche des hl. M\u00e4rtyrers Georg wurde im Jahr 1896 errichtet. Vor der Kirche befinden sich die Fundamente der alten Kirche St. Georg, die zum ersten Mal im Hvarer Statut von 1331 erw\u00e4hnt wird und nach der die Ortschaft Su\u0107uraj benannt wurde (Sut + Juraj = Su\u0107uraj). In der alten Kirche und um sie herum finden sich Grabst\u00e4tten, in denen Priester und Bewohner von Su\u0107uraj bestattet wurden.<\/p><\/div><\/div><div class='clear_column'><\/div><\/p>\n<div id=\"attachment_69078\" style=\"width: 1090px\" class=\"wp-caption aligncenter\"><img loading=\"lazy\" decoding=\"async\" aria-describedby=\"caption-attachment-69078\" class=\"size-full wp-image-69078\" src=\"https:\/\/www.topohvar.at\/wp-content\/uploads\/2024\/07\/su-ci-01-99.jpg\" alt=\"\" width=\"1080\" height=\"531\" srcset=\"https:\/\/www.topohvar.at\/wp-content\/uploads\/2024\/07\/su-ci-01-99.jpg 1080w, https:\/\/www.topohvar.at\/wp-content\/uploads\/2024\/07\/su-ci-01-99-300x148.jpg 300w, https:\/\/www.topohvar.at\/wp-content\/uploads\/2024\/07\/su-ci-01-99-1024x503.jpg 1024w, https:\/\/www.topohvar.at\/wp-content\/uploads\/2024\/07\/su-ci-01-99-768x378.jpg 768w\" sizes=\"auto, (max-width: 1080px) 100vw, 1080px\" \/><p id=\"caption-attachment-69078\" class=\"wp-caption-text\">Temelji srare crkve sv. Jurja \/ Fundamente der alten Kirche<\/p><\/div>\n<div class='content-column one_half'><div style=\"padding-right:6px;\"><p>Crkva sv. Jurja u Su\u0107uraju lijep je primjer historicisti\u010dke arhitekture, dosljedno gra\u0111ena u neoromani\u010dkom slogu, te ukazuje na povijesni trenutak u kojem nastaje, kada se reminiscencije na pro\u0161lost povezuju s nacionalnim osje\u0107ajima.<\/p><\/div><\/div><div class='content-column one_half last_column'><div style=\"padding-right:0px;padding-left:6px;\"><p>Die Kirche St. Georg in Su\u0107uraj ist ein sch\u00f6nes Beispiel des Historismus. Konsequent im neo-romanischen Stil erbaut, verweist sie auf den historischen Moment, in dem sie erstellt wurde, als die Erinnerung an die Vergangenheit mit nationalen Gef\u00fchlen verbunden war.<\/p><\/div><\/div><div class='clear_column'><\/div><div class='content-column one_half'><div style=\"padding-right:6px;\"><p>Gledano iz tlocrta, crkva je napravljena u obliku kri\u017ea. Glavna ulazna vrata su okrenuta prema jugu, a zvonik je na preslicu s tri zvona.<\/p><\/div><\/div><div class='content-column one_half last_column'><div style=\"padding-right:0px;padding-left:6px;\"><p>Der Grundriss der Kirche hat die Form eines Kreuzes. Die Haupteingangst\u00fcr ist nach S\u00fcden ausgerichtet. Der Glockenturm mit drei Glocken befindet sich \u00fcber dem Giebeldreieck.<\/p><\/div><\/div><div class='clear_column'><\/div><div class='content-column one_half'><div style=\"padding-right:6px;\"><p>Glavni oltar posve\u0107en je sv. Jurju, prema kojem je Su\u0107uraj dobio ime. Na glavnom oltaru, me\u0111u ostalim, nalazi se kip sv. Jurja kako ubija zmaja. Isti motiv prisutan je i na velikoj okrugloj slici na stropu te na crkvenoj zastavi, desno od Slika na stropu crkveglavnog oltara, na kojoj pi\u0161e: \u201eSv. Jure \u010duvaj Su\u0107uraj&#8220;.<\/p><\/div><\/div><div class='content-column one_half last_column'><div style=\"padding-right:0px;padding-left:6px;\"><p>Der Hauptaltar ist dem hl. Georg geweiht, nach dem Su\u0107uraj benannt wurde. Am Hauptaltar befindet sich unter anderem eine Statue des Drachen t\u00f6tenden hl. Georg. Das gleiche Motiv ist auch auf einem gro\u00dfen runden Gem\u00e4lde an der Decke und auf der Kirchenfahne zu sehen. Rechts des Bildes an der Decke des Hauptaltars steht geschrieben: \u201eHeiliger Georg bewache Su\u0107uraj\u201c.<\/p><\/div><\/div><div class='clear_column'><\/div><div class='content-column one_half'><div style=\"padding-right:6px;\"><p>Zapadni oltar posve\u0107en je Gospi od Zdravlja. Oltar i kip su nabavljeni doprinosom Su\u0107urana krajem 19. st., a kip se nosi u procesiji 21. studenoga kroz mjesto na njen blagdan. Isto\u010dni oltar, koji je prenesen iz stare crkve, posve\u0107en je Gospi od Pojasa.<\/p><\/div><\/div><div class='content-column one_half last_column'><div style=\"padding-right:0px;padding-left:6px;\"><p>Der westliche Altar ist Unserer Lieben Frau vom Heil gewidmet. Der Altar und die Statue wurden mit Beitr\u00e4gen der Su\u0107uraner im sp\u00e4ten 19. Jh. gekauft. Die Statue wird am Festtag in der Prozession vom 21. November durch den Ort getragen. Der \u00f6stliche Altar, der aus der alten Kirche stammt, ist Unserer Frau vom G\u00fcrtel gewidmet.<\/p><\/div><\/div><div class='clear_column'><\/div><div class='content-column one_half'><div style=\"padding-right:6px;\"><p>Prezentirani arheolo\u0161ki ostaci stare crkve iz 13. st., kao i memorijalne plo\u010de ugra\u0111ene u crkveni zid koje evociraju borbe sa turskim osvaja\u010dima pod vodstvom sve\u0107enstva, \u010dine ovaj spomenik jedinstvenim kulturnim dobrom.<\/p><\/div><\/div><div class='content-column one_half last_column'><div style=\"padding-right:0px;padding-left:6px;\"><p>In der Kirche werden arch\u00e4ologische \u00dcberreste der alten Kirche aus dem 13. Jahrhundert pr\u00e4sentiert. In die Kirchenwand ist eine Gedenktafel eingebettet, die an den Kampf des Klerus mit den t\u00fcrkischen Eindringlingen erinnert.<\/p><\/div><\/div><div class='clear_column'><\/div><div class='content-column one_half'><div style=\"padding-right:6px;\"><p>U predvorju crkve nalazi se spomen plo\u010da pisana bosan\u010dicom (hrvatskom \u0107irilicom). Prezentirani arheolo\u0161ki ostaci stare crkve iz 13. st., kao i memorijalne plo\u010de ugra\u0111ene u crkveni zid koje evociraju borbe sa turskim osvaja\u010dima pod vodstvom sve\u0107enstva, \u010dine ovaj spomenik jedinstvenim kulturnim dobrom.<\/p><\/div><\/div><div class='content-column one_half last_column'><div style=\"padding-right:0px;padding-left:6px;\"><p>In der Vorhalle der Kirche befindet sich eine Gedenktafel in Bosan\u010dic (kroatisch-kyrillischer Schrift) verfasst. Die pr\u00e4sentierten arch\u00e4ologischen \u00dcberreste der alten Kirche aus dem 13. Jahrhundert sowie in die Kirchenmauer eingebaute Gedenktafeln, die an die von Geistlichen gef\u00fchrten K\u00e4mpfe mit den t\u00fcrkischen Invasoren erinnern, machen dieses Denkmal zu einem einzigartigen Kulturgut.<\/p><\/div><\/div><div class='clear_column'><\/div><div class='content-column one_half'><div style=\"padding-right:6px;\"><p>Inventar crkve sastoji se od 25 predmeta, a pripada razdoblju od XVI.-XX. stolje\u0107a. Srebrni predmeti pripadaju renesansnom i baroknom slogu. Isti\u010de se kale\u017e sa zapisom imena Pape Grgura XV. Inventar je za\u0161ti\u0107eno kulturno dobro.<\/p><\/div><\/div><div class='content-column one_half last_column'><div style=\"padding-right:0px;padding-left:6px;\"><p>Das Kircheninventar besteht aus 25 Gegenst\u00e4nden und stammt aus der Zeit vom 16. bis 20. Jahrhundert. Die Silbergegenst\u00e4nde stammen aus der zum Renaissance- und Barockzeit. Hervorzuheben ist der Kelch mit dem Namen Papst Gregor XV. Das Inventar ist gesch\u00fctztes Kulturgut.<\/p><\/div><\/div><div class='clear_column'><\/div><\/p>\n<p><img loading=\"lazy\" decoding=\"async\" class=\"size-full wp-image-60628\" src=\"https:\/\/www.topohvar.at\/wp-content\/uploads\/2022\/09\/su-ci-01-11.jpg\" alt=\"\" width=\"1080\" height=\"608\" srcset=\"https:\/\/www.topohvar.at\/wp-content\/uploads\/2022\/09\/su-ci-01-11.jpg 1080w, https:\/\/www.topohvar.at\/wp-content\/uploads\/2022\/09\/su-ci-01-11-300x169.jpg 300w, https:\/\/www.topohvar.at\/wp-content\/uploads\/2022\/09\/su-ci-01-11-1024x576.jpg 1024w, https:\/\/www.topohvar.at\/wp-content\/uploads\/2022\/09\/su-ci-01-11-768x432.jpg 768w\" sizes=\"auto, (max-width: 1080px) 100vw, 1080px\" \/><\/p>\n<div class='content-column one_half'><div style=\"padding-right:6px;\"><p>Oznaka kulturnog dobra (crkva): Z-6445<br \/>\nVrsta: nepokretno kulturno dobro \u2013 pojedina\u010dno<br \/>\nPravni status: za\u0161ti\u0107eno kulturno dobro<\/p><\/div><\/div><div class='content-column one_half last_column'><div style=\"padding-right:0px;padding-left:6px;\"><p>Code f\u00fcr Kulturgutes (Kirche): Z-6445<br \/>\nTyp: unbewegliches Kulturgut &#8211; individuell<br \/>\nRechtsstatus: gesch\u00fctztes Kulturgut<\/p><\/div><\/div><div class='clear_column'><\/div><div class='content-column one_half'><div style=\"padding-right:6px;\"><p>Oznaka kulturnog dobra (Inventar): RST-420,24\/56-1975<br \/>\nVrsta: pokretno kulturno dobro \u2013 zbirka<br \/>\nPravni status: za\u0161ti\u0107eno kulturno dobro<\/p><\/div><\/div><div class='content-column one_half last_column'><div style=\"padding-right:0px;padding-left:6px;\"><p>Code des Kulturgutes (Inventar): RST-420,24 \/ 56-1975<br \/>\nTyp: bewegliches Kulturgut &#8211; Sammlung<br \/>\nRechtsstatus: gesch\u00fctztes Kulturgut<\/p><\/div><\/div><div class='clear_column'><\/div><\/p>\n<hr \/>\n<div class='content-column one_third'><div style=\"padding-right:6px;\"><p>Blagdan Gospe od Zdravlja slavi se u Su\u0107urju i Gdinju 21. studenog. Nakon slavlja kroz oba dijela Su\u0107urja, kroz Gornju i Donju Bandu, pro\u0161la je tradicionalna procesija u kojoj su nosili Gospin kip. Na \u010delu procesije veliki kri\u017e s Gospinom slikom i slikom za\u0161titnika Su\u0107urja sv. Jurja je nosio.<\/p><\/div><\/div><div class='content-column one_third'><div style=\"padding-right:6px;\"><p><img loading=\"lazy\" decoding=\"async\" class=\"alignnone size-full wp-image-56930 aligncenter\" src=\"https:\/\/www.topohvar.at\/wp-content\/uploads\/2022\/01\/su-ci-01-11.jpg\" alt=\"\" width=\"179\" height=\"300\" \/><\/p><\/div><\/div><div class='content-column one_third last_column'><div style=\"padding-right:0px;padding-left:6px;\"><p>In Su\u0107uraj und Gdinj werden am 21. November das Fest Unserer Lieben Frau vom Heil gefeiert. Nach der Messfeier findet die traditionelle Prozession statt, bei der die Statue Unserer Lieben Frau durch beide Teile von Su\u0107uraj, die obere und untere Banda, getragen wird. An der Spitze der Prozession wird ein gro\u00dfes Kreuz mit dem Bild der Muttergottes und dem Bild des Schutzpatrons von Su\u0107uraj, dem hl. Georg getragen.<\/p><\/div><\/div><div class='clear_column'><\/div><\/p>\n<p style=\"text-align: right;\"><span style=\"color: #3366ff;\"><a style=\"color: #3366ff;\" href=\"#seite_oben\">natrag na vrh \/ Seitenanfang<\/a><\/span><\/p>\n<hr \/>\n<p><strong>Linkovi \/ Links<\/strong><\/p>\n<p><span style=\"color: #3366ff;\"><a style=\"color: #3366ff;\" href=\"https:\/\/www.topohvar.at\/orte\/su\/su-is-09-1\/\">Spomen plo\u010da pisana bosan\u010dicom \/ Gedenktafel in Bosani\u010dic<\/a><br \/>\n<a style=\"color: #3366ff;\" href=\"https:\/\/www.topohvar.at\/orte\/su\/su-is-01-1\/\">Spomen plo\u010da \/ Gedenktafel \u00bbFra Bartul Ka\u010di\u0107 \u017darkovi\u0107\u00ab<\/a><br \/>\n<a style=\"color: #3366ff;\" href=\"https:\/\/www.topohvar.at\/orte\/su\/su-is-02-1\/\">Spomen plo\u010da \u00bbTemili crkve Sv. Jurja\u00ab \/ Gedenktafel \u2013 Grundfeste der Kirche zum hl. Georg<\/a><br \/>\n<a style=\"color: #3366ff;\" href=\"https:\/\/www.topohvar.at\/orte\/su\/su-is-03-1\/\">Spomen plo\u010da \/ Gedenktafel \u00bbDon Dinko Vrankovi\u0107\u00ab<\/a><br \/>\n<\/span><\/p>\n","protected":false},"excerpt":{"rendered":"<p>Ime \/ Name \u017dupna crkva \u00bbSv. Jurja mu\u010denik\u00ab \/ Pfarrkirche des hl. M\u00e4rtyrer Georg Code: SU-CI-01\u00a0 \u00a0 \u00a0 \u00a0 \u00a0 \u00a0 \u00a0 \u00a0 \u00a0 \u00a0 \u00a0 \u00a0 \u00a0 \u00a0 \u00a0 \u00a0 Adresa \/ Adresse Su\u0107uraj,\u00a0Riva &#8211; Ulica Sv. Jurja Lokacija &hellip; <a href=\"https:\/\/www.topohvar.at\/topo\/orte\/su\/su-ci-01-1\/\">Weiterlesen <span class=\"meta-nav\">&rarr;<\/span><\/a><\/p>\n","protected":false},"author":1,"featured_media":0,"parent":103,"menu_order":0,"comment_status":"closed","ping_status":"closed","template":"","meta":{"footnotes":""},"class_list":["post-11581","page","type-page","status-publish","hentry"],"_links":{"self":[{"href":"https:\/\/www.topohvar.at\/topo\/wp-json\/wp\/v2\/pages\/11581","targetHints":{"allow":["GET"]}}],"collection":[{"href":"https:\/\/www.topohvar.at\/topo\/wp-json\/wp\/v2\/pages"}],"about":[{"href":"https:\/\/www.topohvar.at\/topo\/wp-json\/wp\/v2\/types\/page"}],"author":[{"embeddable":true,"href":"https:\/\/www.topohvar.at\/topo\/wp-json\/wp\/v2\/users\/1"}],"replies":[{"embeddable":true,"href":"https:\/\/www.topohvar.at\/topo\/wp-json\/wp\/v2\/comments?post=11581"}],"version-history":[{"count":28,"href":"https:\/\/www.topohvar.at\/topo\/wp-json\/wp\/v2\/pages\/11581\/revisions"}],"predecessor-version":[{"id":69079,"href":"https:\/\/www.topohvar.at\/topo\/wp-json\/wp\/v2\/pages\/11581\/revisions\/69079"}],"up":[{"embeddable":true,"href":"https:\/\/www.topohvar.at\/topo\/wp-json\/wp\/v2\/pages\/103"}],"wp:attachment":[{"href":"https:\/\/www.topohvar.at\/topo\/wp-json\/wp\/v2\/media?parent=11581"}],"curies":[{"name":"wp","href":"https:\/\/api.w.org\/{rel}","templated":true}]}}