{"id":11583,"date":"2018-09-15T06:42:02","date_gmt":"2018-09-15T04:42:02","guid":{"rendered":"https:\/\/www.topohvar.at\/?page_id=11583"},"modified":"2024-08-02T17:36:31","modified_gmt":"2024-08-02T15:36:31","slug":"su-ci-02-1","status":"publish","type":"page","link":"https:\/\/www.topohvar.at\/topo\/orte\/su\/su-ci-02-1\/","title":{"rendered":"SU\u0106URAJ &#8211; Crkva \u00bbSv. Ante Padovanskog\u00ab"},"content":{"rendered":"<p><a name=\"seite_oben\"><\/a><strong><img loading=\"lazy\" decoding=\"async\" class=\"alignnone wp-image-20891 size-large\" src=\"https:\/\/www.topohvar.at\/wp-content\/uploads\/2019\/04\/su-ci-02-11-1024x503.jpg\" alt=\"\" width=\"640\" height=\"314\" srcset=\"https:\/\/www.topohvar.at\/wp-content\/uploads\/2019\/04\/su-ci-02-11-1024x503.jpg 1024w, https:\/\/www.topohvar.at\/wp-content\/uploads\/2019\/04\/su-ci-02-11-300x147.jpg 300w, https:\/\/www.topohvar.at\/wp-content\/uploads\/2019\/04\/su-ci-02-11-768x377.jpg 768w, https:\/\/www.topohvar.at\/wp-content\/uploads\/2019\/04\/su-ci-02-11.jpg 1080w\" sizes=\"auto, (max-width: 640px) 100vw, 640px\" \/><\/strong><\/p>\n<p><strong>Ime \/ Name<br \/>\n<\/strong>Crkva \u00bbSv. Ante Padovanskog\u00ab \/ Kirche des hl. Antonius von Padua<\/p>\n<p><strong>Code: <\/strong>SU-CI-02\u00a0 \u00a0 \u00a0 \u00a0 \u00a0 \u00a0 \u00a0 \u00a0 \u00a0 \u00a0 \u00a0 \u00a0 \u00a0 \u00a0 \u00a0 \u00a0<strong><a href=\"https:\/\/www.topohvar.at\/orte\/su\/su-ca-01-1\/\"><img loading=\"lazy\" decoding=\"async\" class=\"alignnone wp-image-12300 size-full\" src=\"https:\/\/www.topohvar.at\/wp-content\/uploads\/2018\/09\/push-vor-30.jpg\" alt=\"\" width=\"61\" height=\"30\" \/><\/a> <a href=\"https:\/\/www.topohvar.at\/orte\/su\/su-ci-01-1\/\"><img loading=\"lazy\" decoding=\"async\" class=\"alignnone wp-image-533 size-full\" src=\"https:\/\/www.topohvar.at\/wp-content\/uploads\/2018\/07\/push-l-30.jpg\" alt=\"\" width=\"61\" height=\"30\" \/><\/a> <a href=\"https:\/\/www.topohvar.at\/orte\/su\/\"><img loading=\"lazy\" decoding=\"async\" class=\"alignnone wp-image-535 size-full\" src=\"https:\/\/www.topohvar.at\/wp-content\/uploads\/2018\/07\/push-o-30.jpg\" alt=\"\" width=\"61\" height=\"30\" \/><\/a> <a href=\"https:\/\/www.topohvar.at\/orte\/su\/su-ck-01-1\/\"><img loading=\"lazy\" decoding=\"async\" class=\"alignnone wp-image-536 size-full\" src=\"https:\/\/www.topohvar.at\/wp-content\/uploads\/2018\/07\/push-r-30.jpg\" alt=\"\" width=\"61\" height=\"30\" \/><\/a><\/strong><\/p>\n<hr \/>\n<p><strong>Adresa \/ Adresse<br \/>\n<\/strong>Su\u0107uraj,\u00a0Ulica Donja Banda,<\/p>\n<p><strong>Lokacija \/ Position<a href=\"https:\/\/goo.gl\/maps\/KMrmLmUci13SsC426\"><img loading=\"lazy\" decoding=\"async\" class=\"alignright wp-image-11694\" src=\"https:\/\/www.topohvar.at\/wp-content\/uploads\/2018\/09\/0765.jpg\" alt=\"\" width=\"133\" height=\"100\" \/><\/a><br \/>\n<\/strong><span style=\"color: #3366ff;\"><a style=\"color: #3366ff;\" href=\"https:\/\/goo.gl\/maps\/KMrmLmUci13SsC426\">Latitude: N 43,12508\u00b0\u00a0 \u00a0Longitude: E 17,18695\u00b0<\/a><\/span><\/p>\n<p>Visina \/ H\u00f6he: 2 m<\/p>\n<p><strong>Katastarska \u010destica <\/strong><strong>\/ Grundst\u00fccke<br \/>\n<\/strong>*2\u00a0<div class='content-column one_half'><div style=\"padding-right:6px;\"><p><strong>Datum snimanja \/ Erfassungsdatum<br \/>\n<\/strong>26.05.2013 17:05:18<\/p>\n<hr \/>\n<p><strong>Informacije<\/strong><\/p>\n<p>Crkva Sv. Ante sagra\u0111ena je 1663. g. U predjelu Donja Banda na polo\u017eaju gdje su ranije postojale dvije kapele posve\u0107ene sv. Kri\u017eu, odnosno Gospi od Ruzarija.<\/p><\/div><\/div><div class='content-column one_half last_column'><div style=\"padding-right:0px;padding-left:6px;\"><p><strong>Stupanj za\u0161tite <\/strong><strong>\/ Schutzstellung<br \/>\n<\/strong>Z-4996, RST-426, 24.1.1976 (Inventar)<\/p>\n<hr \/>\n<p><strong>Info<\/strong><\/p>\n<p>Die Kirche des Hl Antonius wurde im Jahr 1663 im Bereich Donja Banda errichtet. An dieser Stelle, gab es fr\u00fcher zwei Kapellen zum hl. Kreuz und Unserer Lieben Frau vom Rosenkranz.<\/p><\/div><\/div><div class='clear_column'><\/div><div class='content-column one_half'><div style=\"padding-right:6px;\"><p>U 16. i 17. stolje\u0107u brojne izbjeglice s kopna predvo\u0111ene franjevcima, bje\u017ee\u0107i pred Turcima, naseljavaju se u Su\u0107urju te grade ovu baroknu crkvu. crkvu. Uz samu crkvu grade i samostan, koji je danas obiteljska ku\u0107a.<\/p><\/div><\/div><div class='content-column one_half last_column'><div style=\"padding-right:0px;padding-left:6px;\"><p>Im 16. und 17. Jh. kamen mit den Franziskanern viele Fl\u00fcchtlinge vom Festland. Auf der Flucht vor den T\u00fcrken lie\u00dfen sie sich in Su\u0107uraj nieder und bauten diese Barockkirche. Neben dem Kirchengeb\u00e4ude stand das Kloster &#8211; heute Familienhaus.<\/p><\/div><\/div><div class='clear_column'><\/div><div class='content-column one_half'><div style=\"padding-right:6px;\"><p>Jednobrodna crkva ima prelomljeni svod i apsidu kvadrati\u010dnog tlocrta. Crkva je gra\u0111ena manjim, priklesanim kamenjem, a krov je pokriven kamenom plo\u010dom. Na glavnom pro\u010delju je portal na \u010dijem je nadvratniku uklesan natpis sa godinom izgradnje (\u2192SU-IS-05) i mala rozeta obrubljena motivom ovula, koju datiramo u 15-16. stolje\u0107e, pa je mogla pripadati ranijoj crkvi. U zabatu je kamena trodijelna preslica baroknog oblikovanja, izgra\u0111ena na prijelazu iz 17-18. stolje\u0107e.<\/p><\/div><\/div><div class='content-column one_half last_column'><div style=\"padding-right:0px;padding-left:6px;\"><p>Die einschiffigee Kirche hat Spitzb\u00f6gen und eine Apsis mit quadratischem Grundriss. Die kleine Kirche wurde ausschlie\u00dflich aus behauenen Steinen errichtet. Das Dach ist mit Steinplatten gedeckt. Am T\u00fcrsturz des Portals an der Hauptfassade ist eine Inschrift mit dem Baujahr sowie eine kleine Rosette eingefasst mit Eierstab-Motiv, die auf 15.-16. Jh. datiert wird. M\u00f6glicherweise geh\u00f6rte sie zu einer fr\u00fcheren Kirche. Am Giebel findet sich ein Turm im Barockstil aus der Wende des 17.\/18. Jahrhunderts.<\/p><\/div><\/div><div class='clear_column'><\/div><div class='content-column one_half'><div style=\"padding-right:6px;\"><p>Inventar pripada razdoblju od XVII.-XVIII. stolje\u0107a. To je barokni drveni kip sv. Ante i slika Gospe sa svecima iz XVIII. stolje\u0107a, te nekoliko baroknih svije\u0107njaka iz XVII.-XVIII. stolje\u0107a. Inventar je za\u0161ti\u0107eno kulturno dobro.<\/p><\/div><\/div><div class='content-column one_half last_column'><div style=\"padding-right:0px;padding-left:6px;\"><p>Das Inventar stammt aus dem 17. \u2013 18. Jh. Es besteht aus einer barocken h\u00f6lzernen Statue des hl. Antonius, dem Gem\u00e4lde der Madonna mit Heiligen aus dem 18. Jh. und mehreren barocken Leuchtern aus dem 17. &#8211; 18. Jh. Das Inventar ist gesch\u00fctztes Kulturgut.<\/p><\/div><\/div><div class='clear_column'><\/div><div class='content-column one_half'><div style=\"padding-right:6px;\"><p>U crkvi se nalazi najstarija slika u Su\u0107urju, koja prikazuje Sv. Pa\u0161kala, Gospu Karmelsku i Sv. Roka, a vjerojatno se radi o djelu majstora Filipa Nadija iz 18. stolje\u0107a. Unutar crkve nalazi se i arheolo\u0161ka zbirka s amforama i sidrom s potopljene rimske galije.<\/p><\/div><\/div><div class='content-column one_half last_column'><div style=\"padding-right:0px;padding-left:6px;\"><p>In der Kirche befinden sich die \u00e4ltesten Gem\u00e4lde von Su\u0107uraj, die den hl. Pascal, Unsere Liebe Frau vom Berg Karmel und den hl. Rochus zeigen, und wahrscheinlich ein Werk des Meisters Filip Nadij aus dem 18. Jh. sind. Weiters befinden sich hier noch eine arch\u00e4ologische Sammlung von Amphoren und Anker versunkener r\u00f6mischer Galeeren.<\/p><\/div><\/div><div class='clear_column'><\/div><div class='content-column one_half'><div style=\"padding-right:6px;\"><p>Zanimljivo je da se u ovoj crkvi nalaze dva kipa sv. Ante: sv. Ante Padovanski (kojem je crkva posve\u0107ena) i sv. Ante Opat. U narodu se ova dva kipa nazivaju \u201esv. Ante mr\u0161avi&#8220; i \u201esv. Ante debeli&#8220;. Osim njih tu se nalazi i kip sv. Nikole, koji je u Su\u0107urju (uz sv. Antu i sv. Jurja) posebno \u0161tovan. Kip sv. Ante Padovanskog nosi se kroz mjesto u sve\u010danoj procesiji na blagdan sv. Ante, kao i kip sv. Nikole za njegov blagdan.<\/p><\/div><\/div><div class='content-column one_half last_column'><div style=\"padding-right:0px;padding-left:6px;\"><p>Interessant ist, dass es in der Kirche zwei Statuen des hl. Antonius gibt: Die des hl. Antonius von Padua (dem die Kirche geweiht ist) und die des Abtes Antonius. Bei den Einwohnern hei\u00dfen diese beiden Statuen \u201eDer d\u00fcnne hl. Antonius\u201c und \u201eDer dicke hl. Antonius&#8220;. Weiters gibt es eine Statue des hl. Nikolaus, der in Su\u0107uraj (wie der hl. Antonius und der hl. Georg) besonders verehrt wird. Die Statue des hl. Antonius von Padua wird in feierlicher Prozession an seinem Fest durch den Ort getragen genauso wie die Statue des Heiligen Nikolaus zu seinem Fest.<\/p><\/div><\/div><div class='clear_column'><\/div><div class='content-column one_half'><div style=\"padding-right:6px;\"><p>U crkvi se nalazi ulomak nadvratnika iz 17. stolje\u0107a i natpis na nadvratniku ku\u0107e za koji se navodi da je pripadao knezu Pavlu Vickovi\u0107u (Viskovi\u0107u). Tu je i plaketa \u010dasti za gradnju \u017eupne dvorane 1888. godine.<\/p><\/div><\/div><div class='content-column one_half last_column'><div style=\"padding-right:0px;padding-left:6px;\"><p>In der Kirche befindet sich das Fragment eines T\u00fcrsturzes aus dem 17. Jahrhunderts. Die Inschrift befand sich am T\u00fcrsturz des Hauses, das Herzog Pavlo Vickovi\u0107 (Viskovi\u0107) geh\u00f6rt haben soll. Weiters befindet sich hier eine Ehrentafel zum Bau des Gemeindehauses im Jahr 1888.<\/p><\/div><\/div><div class='clear_column'><\/div><div class='content-column one_half'><div style=\"padding-right:6px;\"><p>U \u017eupi Su\u0107uraj i mjestu Selca u \u017eupi Bogomolje na otoku Hvaru u subotu 17. sije\u010dnja sve\u010dano je proslavljen blagdan sv. Antuna opata. Blagdan, Sv. Antonij (Ante) Padovanski \u2013 Su\u0107uraj 13.06.<\/p><\/div><\/div><div class='content-column one_half last_column'><div style=\"padding-right:0px;padding-left:6px;\"><p>In den Pfarren Su\u0107uraj und Selca (bei Bogomolje) werden am 17. Januar das Fest des heiligen Abtes Antonius gefeiert. Der Feiertag des hl. Antonius von Padua in Su\u0107uraj ist am 13. Juni.<\/p><\/div><\/div><div class='clear_column'><\/div><div class='content-column one_half'><div style=\"padding-right:6px;\"><p><img loading=\"lazy\" decoding=\"async\" class=\"aligncenter size-full wp-image-69335\" src=\"https:\/\/www.topohvar.at\/wp-content\/uploads\/2024\/08\/su-ci-02-10.jpg\" alt=\"\" width=\"450\" height=\"642\" srcset=\"https:\/\/www.topohvar.at\/wp-content\/uploads\/2024\/08\/su-ci-02-10.jpg 450w, https:\/\/www.topohvar.at\/wp-content\/uploads\/2024\/08\/su-ci-02-10-210x300.jpg 210w\" sizes=\"auto, (max-width: 450px) 100vw, 450px\" \/><\/p><\/div><\/div><div class='content-column one_half last_column'><div style=\"padding-right:0px;padding-left:6px;\"><p>Registar kulturnih dobara Republike Hrvatske br. 01\/2011.<br \/>\nDatum tiskanog izdanja: 04. 08. 2011.<br \/>\nBroj registra: Z-4996<br \/>\nOznaka kulturnog dobra (inventar): RST-426, 24\/1-1976<br \/>\nVrsta: pokretno kulturno dobro \u2013 zbirka<br \/>\nPravni status: za\u0161ti\u0107eno kulturno dobro<\/p>\n<p style=\"text-align: center;\">-\/-<\/p>\n<p>Register der Kulturg\u00fcter der Republik Kroatien Nr. 01\/2011.<br \/>\nVer\u00f6ffentlichungsdatum: 04. 08. 2011.<br \/>\nRegistriernummer: Z-4996<br \/>\nCode des Kulturgutes (Inventar): RST-426, 24.1.1976<br \/>\nTyp: bewegliches Kulturgut &#8211; Sammlung<br \/>\nRechtsstatus: gesch\u00fctztes Kulturgut<\/p><\/div><\/div><div class='clear_column'><\/div><\/p>\n<hr \/>\n<div class='content-column one_half'><div style=\"padding-right:6px;\"><p><strong>Sv. Antun opat<\/strong> rodio u mjestu Komi u Egiptu oko 250 godine, kada je rimski car Decije \u017eestoko progonio kr\u0161\u0107ane.\u00a0 Ostao je rano bez roditelja. Slu\u0161aju\u0107i Isusove rije\u010di zapisane u evan\u0111elju bogato imanje svojih uglednih roditelja podijelio je svojim siroma\u0161nim sumje\u0161tanima, a sestricu je smjestio u djevoja\u010dki dom. Potom je \u017eivio u libijskoj pustinji. Zbog toga ga nazivaju i sv. Antom Pustinjakom.<\/p><\/div><\/div><div class='content-column one_half last_column'><div style=\"padding-right:0px;padding-left:6px;\"><p><strong>Der hl. Abt Antonius<\/strong> wurde etwa 250 n. Chr. in Komi, \u00c4gypten, geboren, als der r\u00f6mische Kaiser Decius die Christen intensiv verfolgte. Er blieb fr\u00fch ohne Eltern. Er h\u00f6rte auf die Worte Jesu aus dem Evangelium, verteilte den reichen Besitz seiner prominenten Eltern an die Armen und brachte seine Schwester in ein M\u00e4dchenheim. Dann lebte er in der libyschen W\u00fcste. Aus diesem Grund hei\u00dft er auch hl. Antonis aus der W\u00fcste.<\/p><\/div><\/div><div class='clear_column'><\/div><div class='content-column one_half'><div style=\"padding-right:6px;\"><p>U vrijeme progona kr\u0161\u0107ana u Egiptu u vrijeme rimskog cara Maksimilijana u Aleksandriji je otvoreno i bez straha propovijedao Isusov nauk. Oko 311. godine vratio se u svoju pustinju gdje su mu se pridru\u017eili brojni mladi sljedbenici. Pri kraju \u017eivota sna\u017eno se borio protiv krive Arijeve nauke. Preminuo je 356. godine, u 106. godini \u017eivota. Diljem svijeta osobito se \u0161tuje kao za\u0161titnik \u017eivotinja.<\/p><\/div><\/div><div class='content-column one_half last_column'><div style=\"padding-right:0px;padding-left:6px;\"><p>W\u00e4hrend der Zeit der Christenverfolgung in \u00c4gypten zur Zeit des r\u00f6mischen Kaisers Maximilian in Alexandria predigte er furchtlos die Lehre Jesu. Um 311 kehrte er in seine W\u00fcste zur\u00fcck, wo sich viele junge Anh\u00e4nger ihm anschlossen. Am Ende seines Lebens k\u00e4mpfte er gegen die arische Lehre. Er starb im Jahr 356 im Alter von 106 Jahren. \u00dcberall auf der Welt wird er als Tiersch\u00fctzer besonders geehrt.<\/p><\/div><\/div><div class='clear_column'><\/div><\/p>\n<p style=\"text-align: right;\"><span style=\"color: #3366ff;\"><a style=\"color: #3366ff;\" href=\"#seite_oben\">natrag na vrh \/ Seitenanfang<\/a><\/span><\/p>\n<hr \/>\n<p><strong>Linkovi \/ Links<\/strong><\/p>\n<p><span style=\"color: #3366ff;\"><a style=\"color: #3366ff;\" href=\"https:\/\/www.topohvar.at\/orte\/su\/su-is-05-1\/\">Plo\u0107a s godinom izgradnje \/ Tafel mit dem Baujahr<\/a><br \/>\n<a style=\"color: #3366ff;\" href=\"https:\/\/www.topohvar.at\/topo\/orte\/su\/su-in-02-1\/\">Natpis \u00bbna ulomku nadvratnika\u00ab \/ Inschrift am T\u00fcrsturzfragment<\/a><br \/>\n<a style=\"color: #3366ff;\" href=\"https:\/\/www.topohvar.at\/orte\/su\/su-is-12-1\/\">Po\u010dasna plo\u010da \u00bbOb\u010dinski dom 1888\u00ab \/ Ehrentafel \u2013 Gemeindehaus 1888<\/a><\/span><br \/>\n<span style=\"color: #3366ff;\"><a style=\"color: #3366ff;\" href=\"https:\/\/www.topohvar.at\/orte\/su\/su-ca-02-1\/\">Samostan \u00bbBiv\u0161i Franjeva\u010dki samostan Sv. Ante\u00ab \/ Ehemaliges Franziskanerkloser zum hl. Antonius<\/a><\/span><\/p>\n","protected":false},"excerpt":{"rendered":"<p>Ime \/ Name Crkva \u00bbSv. Ante Padovanskog\u00ab \/ Kirche des hl. Antonius von Padua Code: SU-CI-02\u00a0 \u00a0 \u00a0 \u00a0 \u00a0 \u00a0 \u00a0 \u00a0 \u00a0 \u00a0 \u00a0 \u00a0 \u00a0 \u00a0 \u00a0 \u00a0 Adresa \/ Adresse Su\u0107uraj,\u00a0Ulica Donja Banda, Lokacija \/ Position &hellip; <a href=\"https:\/\/www.topohvar.at\/topo\/orte\/su\/su-ci-02-1\/\">Weiterlesen <span class=\"meta-nav\">&rarr;<\/span><\/a><\/p>\n","protected":false},"author":1,"featured_media":0,"parent":103,"menu_order":0,"comment_status":"closed","ping_status":"closed","template":"","meta":{"footnotes":""},"class_list":["post-11583","page","type-page","status-publish","hentry"],"_links":{"self":[{"href":"https:\/\/www.topohvar.at\/topo\/wp-json\/wp\/v2\/pages\/11583","targetHints":{"allow":["GET"]}}],"collection":[{"href":"https:\/\/www.topohvar.at\/topo\/wp-json\/wp\/v2\/pages"}],"about":[{"href":"https:\/\/www.topohvar.at\/topo\/wp-json\/wp\/v2\/types\/page"}],"author":[{"embeddable":true,"href":"https:\/\/www.topohvar.at\/topo\/wp-json\/wp\/v2\/users\/1"}],"replies":[{"embeddable":true,"href":"https:\/\/www.topohvar.at\/topo\/wp-json\/wp\/v2\/comments?post=11583"}],"version-history":[{"count":20,"href":"https:\/\/www.topohvar.at\/topo\/wp-json\/wp\/v2\/pages\/11583\/revisions"}],"predecessor-version":[{"id":69336,"href":"https:\/\/www.topohvar.at\/topo\/wp-json\/wp\/v2\/pages\/11583\/revisions\/69336"}],"up":[{"embeddable":true,"href":"https:\/\/www.topohvar.at\/topo\/wp-json\/wp\/v2\/pages\/103"}],"wp:attachment":[{"href":"https:\/\/www.topohvar.at\/topo\/wp-json\/wp\/v2\/media?parent=11583"}],"curies":[{"name":"wp","href":"https:\/\/api.w.org\/{rel}","templated":true}]}}