{"id":11610,"date":"2018-09-15T07:05:30","date_gmt":"2018-09-15T05:05:30","guid":{"rendered":"https:\/\/www.topohvar.at\/?page_id=11610"},"modified":"2021-12-03T13:47:22","modified_gmt":"2021-12-03T12:47:22","slug":"su-is-01-1","status":"publish","type":"page","link":"https:\/\/www.topohvar.at\/topo\/orte\/su\/su-is-01-1\/","title":{"rendered":"SU\u0106URAJ &#8211; Spomen plo\u010da \u00bbFra Bartul Ka\u010di\u0107 \u017darkovi\u0107\u00ab"},"content":{"rendered":"<p><a name=\"seite_oben\"><\/a><br \/>\n<strong><img loading=\"lazy\" decoding=\"async\" class=\"alignnone wp-image-20897 size-large\" src=\"https:\/\/www.topohvar.at\/wp-content\/uploads\/2019\/04\/su-is-01-11-1024x503.jpg\" alt=\"\" width=\"640\" height=\"314\" srcset=\"https:\/\/www.topohvar.at\/wp-content\/uploads\/2019\/04\/su-is-01-11-1024x503.jpg 1024w, https:\/\/www.topohvar.at\/wp-content\/uploads\/2019\/04\/su-is-01-11-300x147.jpg 300w, https:\/\/www.topohvar.at\/wp-content\/uploads\/2019\/04\/su-is-01-11-768x377.jpg 768w, https:\/\/www.topohvar.at\/wp-content\/uploads\/2019\/04\/su-is-01-11.jpg 1080w\" sizes=\"auto, (max-width: 640px) 100vw, 640px\" \/><\/strong><\/p>\n<p><strong>Ime \/ Name<br \/>\n<\/strong>Spomen plo\u010da \/ Gedenktafel \u00bbFra Bartul Ka\u010di\u0107 \u017darkovi\u0107\u00ab<\/p>\n<p><strong>Code: <\/strong>SU-IS-01\u00a0 \u00a0 \u00a0 \u00a0 \u00a0 \u00a0 \u00a0 \u00a0 \u00a0 \u00a0 \u00a0 \u00a0 \u00a0 \u00a0 \u00a0 <strong><a href=\"https:\/\/www.topohvar.at\/topo\/orte\/su\/su-ip-01-1\/\"><img loading=\"lazy\" decoding=\"async\" class=\"alignnone wp-image-12300 size-full\" src=\"https:\/\/www.topohvar.at\/wp-content\/uploads\/2018\/09\/push-vor-30.jpg\" alt=\"\" width=\"61\" height=\"30\" \/><\/a><\/strong> <strong><a href=\"https:\/\/www.topohvar.at\/orte\/su\/su-is-09-1\/\"><img loading=\"lazy\" decoding=\"async\" class=\"alignnone wp-image-533 size-full\" src=\"https:\/\/www.topohvar.at\/wp-content\/uploads\/2018\/07\/push-l-30.jpg\" alt=\"\" width=\"61\" height=\"30\" \/><\/a> <a href=\"https:\/\/www.topohvar.at\/orte\/su\/\"><img loading=\"lazy\" decoding=\"async\" class=\"alignnone wp-image-535 size-full\" src=\"https:\/\/www.topohvar.at\/wp-content\/uploads\/2018\/07\/push-o-30.jpg\" alt=\"\" width=\"61\" height=\"30\" \/><\/a> <a href=\"https:\/\/www.topohvar.at\/orte\/su\/su-is-02-1\/\"><img loading=\"lazy\" decoding=\"async\" class=\"alignnone wp-image-536 size-full\" src=\"https:\/\/www.topohvar.at\/wp-content\/uploads\/2018\/07\/push-r-30.jpg\" alt=\"\" width=\"61\" height=\"30\" \/><\/a><\/strong><\/p>\n<hr \/>\n<p><strong>Adresa \/ Adresse<br \/>\n<\/strong>Su\u0107uraj,\u00a0Riva, ispred crkve Sv. Jurja \/ vor der Kirche des hl. Georg<\/p>\n<p><strong>Lokacija \/ Position<a href=\"https:\/\/goo.gl\/maps\/iieKJ4hx3tM8XXXQA\"><img loading=\"lazy\" decoding=\"async\" class=\"alignright wp-image-11738\" src=\"https:\/\/www.topohvar.at\/wp-content\/uploads\/2018\/09\/1147.jpg\" alt=\"\" width=\"133\" height=\"100\" \/><\/a><br \/>\n<\/strong><span style=\"color: #3366ff;\"><a style=\"color: #3366ff;\" href=\"https:\/\/goo.gl\/maps\/iieKJ4hx3tM8XXXQA\">Latitude: N 43,12635\u00b0\u00a0 \u00a0Longitude: E 17,18748\u00b0<\/a> <\/span><strong><br \/>\n<\/strong>Visina \/ H\u00f6he: 6 m<\/p>\n<p><strong>Katastarska \u010destica <\/strong><strong>\/ Grundst\u00fccke<br \/>\n<\/strong>*325\u00a0<div class='content-column one_half'><div style=\"padding-right:6px;\"><p><strong>Datum snimanja \/ Erfassungsdatum<br \/>\n<\/strong>12.10.2014 16:25:02<\/p>\n<hr \/>\n<p><strong>Informacije<\/strong><\/p>\n<p>Plaketa je na zidu ispred \u017eupne crkve. Ima sljede\u0107i natpis:<\/p><\/div><\/div><div class='content-column one_half last_column'><div style=\"padding-right:0px;padding-left:6px;\"><p><strong>Stupanj za\u0161tite<\/strong><strong> \/ Schutzstellung<br \/>\n<\/strong>&#8211;<\/p>\n<hr \/>\n<p><strong>Info<\/strong><\/p>\n<p>Die Gedenktafel befindet sich auf einer Mauer vor der Pfarrkirche. Sie hat folgende Inschrift:<\/p><\/div><\/div><div class='clear_column'><\/div><div class='content-column one_half'><div style=\"padding-right:6px;\"><p style=\"text-align: center;\">POVODOM 350. OBLJETNICE SMRTI<br \/>\nMAKARSKOG BISKUPA<br \/>\nFRA <strong>BARTULA<\/strong><br \/>\n<strong>KA\u010cI\u0106A \u017dARKOVI\u0106A<\/strong><br \/>\nPODI\u017dU<br \/>\n25. LIPANJ 1995.\u00a0 \u00a0 \u00a0 \u00a0 \u00a0 \u00a0KA\u010cI\u0106I IZ SU\u0106URJA<\/p><\/div><\/div><div class='content-column one_half last_column'><div style=\"padding-right:0px;padding-left:6px;\"><p style=\"text-align: center;\">Anl\u00e4sslich des 350. Todestages<br \/>\ndes Bischofs von\u00a0Makarska<br \/>\nFra Bartul<br \/>\n<strong>Ka\u010di\u0107 \u017darkovi\u0107<\/strong><br \/>\nerrichtet<br \/>\n25. Juni 1995\u00a0 \u00a0 \u00a0 \u00a0 \u00a0 \u00a0 Die Ka\u010di\u0107 aus Su\u010duraj.<\/p><\/div><\/div><div class='clear_column'><\/div><\/p>\n<p style=\"text-align: right;\"><span style=\"color: #3366ff;\"><a style=\"color: #3366ff;\" href=\"#seite_oben\">natrag na vrh \/ Seitenanfang<\/a><\/span><\/p>\n<hr \/>\n<p><strong>Linkovi \/ Links<\/strong><\/p>\n<p><span style=\"color: #3366ff;\"><a style=\"color: #3366ff;\" href=\"https:\/\/www.topohvar.at\/orte\/su\/su-ci-01-1\/\">\u017dupna crkva \u00bbSv. Jurja mu\u010denik\u00ab \/ Pfarrkirche zum hl. M\u00e4rtyrer Georg<\/a><\/span><\/p>\n","protected":false},"excerpt":{"rendered":"<p>Ime \/ Name Spomen plo\u010da \/ Gedenktafel \u00bbFra Bartul Ka\u010di\u0107 \u017darkovi\u0107\u00ab Code: SU-IS-01\u00a0 \u00a0 \u00a0 \u00a0 \u00a0 \u00a0 \u00a0 \u00a0 \u00a0 \u00a0 \u00a0 \u00a0 \u00a0 \u00a0 \u00a0 Adresa \/ Adresse Su\u0107uraj,\u00a0Riva, ispred crkve Sv. Jurja \/ vor der Kirche des &hellip; <a href=\"https:\/\/www.topohvar.at\/topo\/orte\/su\/su-is-01-1\/\">Weiterlesen <span class=\"meta-nav\">&rarr;<\/span><\/a><\/p>\n","protected":false},"author":1,"featured_media":0,"parent":103,"menu_order":0,"comment_status":"closed","ping_status":"closed","template":"","meta":{"footnotes":""},"class_list":["post-11610","page","type-page","status-publish","hentry"],"_links":{"self":[{"href":"https:\/\/www.topohvar.at\/topo\/wp-json\/wp\/v2\/pages\/11610","targetHints":{"allow":["GET"]}}],"collection":[{"href":"https:\/\/www.topohvar.at\/topo\/wp-json\/wp\/v2\/pages"}],"about":[{"href":"https:\/\/www.topohvar.at\/topo\/wp-json\/wp\/v2\/types\/page"}],"author":[{"embeddable":true,"href":"https:\/\/www.topohvar.at\/topo\/wp-json\/wp\/v2\/users\/1"}],"replies":[{"embeddable":true,"href":"https:\/\/www.topohvar.at\/topo\/wp-json\/wp\/v2\/comments?post=11610"}],"version-history":[{"count":10,"href":"https:\/\/www.topohvar.at\/topo\/wp-json\/wp\/v2\/pages\/11610\/revisions"}],"predecessor-version":[{"id":54459,"href":"https:\/\/www.topohvar.at\/topo\/wp-json\/wp\/v2\/pages\/11610\/revisions\/54459"}],"up":[{"embeddable":true,"href":"https:\/\/www.topohvar.at\/topo\/wp-json\/wp\/v2\/pages\/103"}],"wp:attachment":[{"href":"https:\/\/www.topohvar.at\/topo\/wp-json\/wp\/v2\/media?parent=11610"}],"curies":[{"name":"wp","href":"https:\/\/api.w.org\/{rel}","templated":true}]}}