{"id":11620,"date":"2018-09-15T07:13:54","date_gmt":"2018-09-15T05:13:54","guid":{"rendered":"https:\/\/www.topohvar.at\/?page_id=11620"},"modified":"2021-12-07T17:34:41","modified_gmt":"2021-12-07T16:34:41","slug":"su-is-05-1","status":"publish","type":"page","link":"https:\/\/www.topohvar.at\/topo\/orte\/su\/su-is-05-1\/","title":{"rendered":"SU\u0106URAJ &#8211; Spomen plo\u010da \u00bbAnno Dni 1663\u00ab"},"content":{"rendered":"<p><a name=\"seite_oben\"><\/a><br \/>\n<strong><img loading=\"lazy\" decoding=\"async\" class=\"alignnone wp-image-11537 size-large\" src=\"https:\/\/www.topohvar.at\/wp-content\/uploads\/2018\/09\/SU-is-05-0-1024x503.jpg\" alt=\"\" width=\"640\" height=\"314\" srcset=\"https:\/\/www.topohvar.at\/wp-content\/uploads\/2018\/09\/SU-is-05-0-1024x503.jpg 1024w, https:\/\/www.topohvar.at\/wp-content\/uploads\/2018\/09\/SU-is-05-0-300x147.jpg 300w, https:\/\/www.topohvar.at\/wp-content\/uploads\/2018\/09\/SU-is-05-0-768x377.jpg 768w, https:\/\/www.topohvar.at\/wp-content\/uploads\/2018\/09\/SU-is-05-0.jpg 1080w\" sizes=\"auto, (max-width: 640px) 100vw, 640px\" \/><\/strong><\/p>\n<p><strong>Ime \/ Name<br \/>\n<\/strong>Spomen plo\u010da \u00bbAnno Dni 1663\u00ab \/ Gedenktafel <em>im Jahr des Herrn 1663<\/em><\/p>\n<p><strong>Code: <\/strong>SU-IS-05\u00a0 \u00a0 \u00a0 \u00a0 \u00a0 \u00a0 \u00a0 \u00a0 \u00a0 \u00a0 \u00a0 \u00a0 \u00a0 \u00a0 \u00a0 \u00a0<strong><a href=\"https:\/\/www.topohvar.at\/topo\/orte\/su\/su-ip-01-1\/\"><img loading=\"lazy\" decoding=\"async\" class=\"alignnone wp-image-12300 size-full\" src=\"https:\/\/www.topohvar.at\/wp-content\/uploads\/2018\/09\/push-vor-30.jpg\" alt=\"\" width=\"61\" height=\"30\" \/><\/a> <a href=\"https:\/\/www.topohvar.at\/orte\/su\/su-is-10-1\/\"><img loading=\"lazy\" decoding=\"async\" class=\"alignnone wp-image-533 size-full\" src=\"https:\/\/www.topohvar.at\/wp-content\/uploads\/2018\/07\/push-l-30.jpg\" alt=\"\" width=\"61\" height=\"30\" \/><\/a> <a href=\"https:\/\/www.topohvar.at\/orte\/su\/\"><img loading=\"lazy\" decoding=\"async\" class=\"alignnone wp-image-535 size-full\" src=\"https:\/\/www.topohvar.at\/wp-content\/uploads\/2018\/07\/push-o-30.jpg\" alt=\"\" width=\"61\" height=\"30\" \/><\/a> <a href=\"https:\/\/www.topohvar.at\/orte\/su\/su-is-12-1\/\"><img loading=\"lazy\" decoding=\"async\" class=\"alignnone wp-image-536 size-full\" src=\"https:\/\/www.topohvar.at\/wp-content\/uploads\/2018\/07\/push-r-30.jpg\" alt=\"\" width=\"61\" height=\"30\" \/><\/a><\/strong><\/p>\n<hr \/>\n<p><strong>Adresa \/ Adresse<br \/>\n<\/strong>Su\u0107uraj,\u00a0Ulica Donja Banda, crkva Sv. Ante Padovanskog \/ Kirche des hl. Antonius von\u00a0 Padua<\/p>\n<p><strong>Lokacija \/ Position<a href=\"https:\/\/goo.gl\/maps\/o3G7HpqpFbTAwX9L9\"><img loading=\"lazy\" decoding=\"async\" class=\"alignright wp-image-11694\" src=\"https:\/\/www.topohvar.at\/wp-content\/uploads\/2018\/09\/0765.jpg\" alt=\"\" width=\"133\" height=\"100\" \/><\/a><br \/>\n<\/strong><span style=\"color: #3366ff;\"><a style=\"color: #3366ff;\" href=\"https:\/\/goo.gl\/maps\/o3G7HpqpFbTAwX9L9\">Latitude: N 43,12508\u00b0\u00a0 \u00a0Longitude: E 17,18695\u00b0<\/a> <\/span><strong><br \/>\n<\/strong>Visina \/ H\u00f6he: 2 m<\/p>\n<p><strong>Katastarska \u010destica <\/strong><strong>\/ Grundst\u00fccke<br \/>\n<\/strong>*2\u00a0<div class='content-column one_half'><div style=\"padding-right:6px;\"><p><strong>Datum snimanja \/ Erfassungsdatum<br \/>\n<\/strong>26.05.2013 17:05:18<\/p>\n<hr \/>\n<p><strong>Informacije<\/strong><\/p>\n<p style=\"text-align: left;\">Spomen plo\u010da nalazi se na pro\u010delju crkve iznad ulaznih vrata. Latinski natpis glasi:<\/p><\/div><\/div><div class='content-column one_half last_column'><div style=\"padding-right:0px;padding-left:6px;\"><p><strong>Stupanj za\u0161tite<\/strong><strong> \/ Schutzstellung<br \/>\n<\/strong>&#8211;<\/p>\n<hr \/>\n<p><strong>Info<\/strong><\/p>\n<p>Die Gedenktafel befindet sich an der Kirchenfassade \u00fcber der Eingangst\u00fcre. Die lateinische Inschrift lautet:<\/p><\/div><\/div><div class='clear_column'><\/div><\/p>\n<p style=\"text-align: center;\">ANNO \u00b7 DNI \u00b7 MDCLXIII \u00b7<br \/>\nXXIII \u00b7 FEBRVARY \u00b7HANC<br \/>\nAEDICVLA \u00b7 FECERUNT \u00b7 AED<br \/>\nIFICARE \u00b7 FRES \u00b7 CON \u00b7 S \u00b7 M \u00b7<br \/>\nZASTROG AD HONORE \u00b7O<br \/>\nD \u00b7 ET \u00b7 B \u00b7 ANTONY PATAVINI<\/p>\n<div class='content-column one_half'><div style=\"padding-right:6px;\"><p>(= Godine Gospodnje 1663., 23. velja\u010de, dado<em>\u0161<\/em>e sagraditi ovu crkvicu bra\u0107a samostana sv.Marije u Zaostrogu, na \u010dast svemogu\u0107ega Boga i Bl. Antuna Padovanca).<\/p><\/div><\/div><div class='content-column one_half last_column'><div style=\"padding-right:0px;padding-left:6px;\"><p>(= Im Jahr des Herrn 1663, 23. Februar, lie\u00dfen die Br\u00fcder des Klosters St. Maria in Zaostrog diese Kirche zu Ehren des allm\u00e4chtigen Gottes und des seligen Antonius von Padua bauen).<\/p><\/div><\/div><div class='clear_column'><\/div><\/p>\n<p style=\"text-align: right;\"><span style=\"color: #3366ff;\"><a style=\"color: #3366ff;\" href=\"#seite_oben\">natrag na vrh \/ Seitenanfang<\/a><\/span><\/p>\n<hr \/>\n<p><strong>Linkovi \/ Links<\/strong><\/p>\n<p><span style=\"color: #3366ff;\"><a style=\"color: #3366ff;\" href=\"https:\/\/www.topohvar.at\/orte\/su\/su-ci-02-1\/\">Crkva \u00bbSv. Ante Padovanskog\u00ab \/ Kirche des hl. Antonius von Padua<\/a><\/span><\/p>\n","protected":false},"excerpt":{"rendered":"<p>Ime \/ Name Spomen plo\u010da \u00bbAnno Dni 1663\u00ab \/ Gedenktafel im Jahr des Herrn 1663 Code: SU-IS-05\u00a0 \u00a0 \u00a0 \u00a0 \u00a0 \u00a0 \u00a0 \u00a0 \u00a0 \u00a0 \u00a0 \u00a0 \u00a0 \u00a0 \u00a0 \u00a0 Adresa \/ Adresse Su\u0107uraj,\u00a0Ulica Donja Banda, crkva Sv. &hellip; <a href=\"https:\/\/www.topohvar.at\/topo\/orte\/su\/su-is-05-1\/\">Weiterlesen <span class=\"meta-nav\">&rarr;<\/span><\/a><\/p>\n","protected":false},"author":1,"featured_media":0,"parent":103,"menu_order":0,"comment_status":"closed","ping_status":"closed","template":"","meta":{"footnotes":""},"class_list":["post-11620","page","type-page","status-publish","hentry"],"_links":{"self":[{"href":"https:\/\/www.topohvar.at\/topo\/wp-json\/wp\/v2\/pages\/11620","targetHints":{"allow":["GET"]}}],"collection":[{"href":"https:\/\/www.topohvar.at\/topo\/wp-json\/wp\/v2\/pages"}],"about":[{"href":"https:\/\/www.topohvar.at\/topo\/wp-json\/wp\/v2\/types\/page"}],"author":[{"embeddable":true,"href":"https:\/\/www.topohvar.at\/topo\/wp-json\/wp\/v2\/users\/1"}],"replies":[{"embeddable":true,"href":"https:\/\/www.topohvar.at\/topo\/wp-json\/wp\/v2\/comments?post=11620"}],"version-history":[{"count":13,"href":"https:\/\/www.topohvar.at\/topo\/wp-json\/wp\/v2\/pages\/11620\/revisions"}],"predecessor-version":[{"id":54907,"href":"https:\/\/www.topohvar.at\/topo\/wp-json\/wp\/v2\/pages\/11620\/revisions\/54907"}],"up":[{"embeddable":true,"href":"https:\/\/www.topohvar.at\/topo\/wp-json\/wp\/v2\/pages\/103"}],"wp:attachment":[{"href":"https:\/\/www.topohvar.at\/topo\/wp-json\/wp\/v2\/media?parent=11620"}],"curies":[{"name":"wp","href":"https:\/\/api.w.org\/{rel}","templated":true}]}}