{"id":11626,"date":"2018-09-15T07:19:12","date_gmt":"2018-09-15T05:19:12","guid":{"rendered":"https:\/\/www.topohvar.at\/?page_id=11626"},"modified":"2021-12-03T13:53:44","modified_gmt":"2021-12-03T12:53:44","slug":"su-is-07-1","status":"publish","type":"page","link":"https:\/\/www.topohvar.at\/topo\/orte\/su\/su-is-07-1\/","title":{"rendered":"SU\u0106URAJ &#8211; Spomen plo\u010da \u00bbDanko i Ante An\u0111elinovi\u0107\u00ab"},"content":{"rendered":"<p><a name=\"seite_oben\"><\/a><br \/>\n<strong><img loading=\"lazy\" decoding=\"async\" class=\"alignnone wp-image-20912 size-large\" src=\"https:\/\/www.topohvar.at\/wp-content\/uploads\/2019\/04\/su-is-07-1-1024x503.jpg\" alt=\"\" width=\"640\" height=\"314\" srcset=\"https:\/\/www.topohvar.at\/wp-content\/uploads\/2019\/04\/su-is-07-1-1024x503.jpg 1024w, https:\/\/www.topohvar.at\/wp-content\/uploads\/2019\/04\/su-is-07-1-300x147.jpg 300w, https:\/\/www.topohvar.at\/wp-content\/uploads\/2019\/04\/su-is-07-1-768x377.jpg 768w, https:\/\/www.topohvar.at\/wp-content\/uploads\/2019\/04\/su-is-07-1.jpg 1080w\" sizes=\"auto, (max-width: 640px) 100vw, 640px\" \/><\/strong><\/p>\n<p><strong>Ime \/ Name<br \/>\n<\/strong>Spomen plo\u010da \/ Gedenktafel \u00bbDanko i Ante An\u0111elinovi\u0107\u00ab<\/p>\n<p><strong>Code: <\/strong>SU-IS-07\u00a0 \u00a0 \u00a0 \u00a0 \u00a0 \u00a0 \u00a0 \u00a0 \u00a0 \u00a0 \u00a0 \u00a0 \u00a0 \u00a0 \u00a0 \u00a0<strong><a href=\"https:\/\/www.topohvar.at\/topo\/orte\/su\/su-ip-01-1\/\"><img loading=\"lazy\" decoding=\"async\" class=\"alignnone wp-image-12300 size-full\" src=\"https:\/\/www.topohvar.at\/wp-content\/uploads\/2018\/09\/push-vor-30.jpg\" alt=\"\" width=\"61\" height=\"30\" \/><\/a> <a href=\"https:\/\/www.topohvar.at\/orte\/su\/su-is-06-1\/\"><img loading=\"lazy\" decoding=\"async\" class=\"alignnone wp-image-533 size-full\" src=\"https:\/\/www.topohvar.at\/wp-content\/uploads\/2018\/07\/push-l-30.jpg\" alt=\"\" width=\"61\" height=\"30\" \/><\/a> <a href=\"https:\/\/www.topohvar.at\/orte\/su\/\"><img loading=\"lazy\" decoding=\"async\" class=\"alignnone wp-image-535 size-full\" src=\"https:\/\/www.topohvar.at\/wp-content\/uploads\/2018\/07\/push-o-30.jpg\" alt=\"\" width=\"61\" height=\"30\" \/><\/a> <a href=\"https:\/\/www.topohvar.at\/orte\/su\/su-is-11-1\/\"><img loading=\"lazy\" decoding=\"async\" class=\"alignnone wp-image-536 size-full\" src=\"https:\/\/www.topohvar.at\/wp-content\/uploads\/2018\/07\/push-r-30.jpg\" alt=\"\" width=\"61\" height=\"30\" \/><\/a><\/strong><\/p>\n<hr \/>\n<p><strong>Adresa \/ Adresse<br \/>\n<\/strong>Su\u0107uraj, Ulica Pijaca, rodna ku\u0107a Ante An\u0111elinovi\u0107a<\/p>\n<p><strong>Lokacija \/ Position<a href=\"https:\/\/goo.gl\/maps\/HdrUAfDXU1RGU1dj7\"><img loading=\"lazy\" decoding=\"async\" class=\"alignright wp-image-20913\" src=\"https:\/\/www.topohvar.at\/wp-content\/uploads\/2019\/04\/2016.jpg\" alt=\"\" width=\"134\" height=\"100\" \/><\/a><br \/>\n<\/strong><span style=\"color: #3366ff;\"><a style=\"color: #3366ff;\" href=\"https:\/\/goo.gl\/maps\/HdrUAfDXU1RGU1dj7\">Latitude: N 43,12667\u00b0\u00a0 \u00a0Longitude: E 17,18832\u00b0<\/a> <\/span><strong><br \/>\n<\/strong>Visina \/ H\u00f6he: 10 m<\/p>\n<p><strong>Katastarska \u010destica <\/strong><strong>\/ Grundst\u00fccke<br \/>\n<\/strong>*156\/2 <div class='content-column one_half'><div style=\"padding-right:6px;\"><p><strong>Datum snimanja \/ Erfassungsdatum<br \/>\n<\/strong>21.03.2019\u00a010:01:55<\/p>\n<hr \/>\n<p><strong>Informacije<\/strong><\/p>\n<p>Na rodnoj ku\u0107i Ante An\u0111elinovi\u0107a postavljena je plo\u010da od bijelog mramora.\u00a0Na njemu je sljede\u0107i natpis:<\/p><\/div><\/div><div class='content-column one_half last_column'><div style=\"padding-right:0px;padding-left:6px;\"><p><strong>Stupanj za\u0161tite<\/strong><strong> \/ Schutzstellung<br \/>\n<\/strong>&#8211;<\/p>\n<hr \/>\n<p><strong>Info<\/strong><\/p>\n<p>Die Tafel aus wei\u00dfem Marmor befindet sich am Geburtshaus des Ante An\u0111elinovi\u0107. Sie tr\u00e4gt folgende\u00a0Inschrift:<\/p><\/div><\/div><div class='clear_column'><\/div><div class='content-column one_half'><div style=\"padding-right:6px;\"><p style=\"text-align: center;\">U OVOJ KU\u0106I DO\u017dIVIO JE SVOJU MLADOST<br \/>\nHRVATSKI PJESNIK I KNI\u017dEVNIK ZAVI\u010cAJA<br \/>\n<strong>DANKO AN\u0110ELINOVI\u0106<\/strong><br \/>\n1891 &#8211; 1964<br \/>\nU NJOJ JE RO\u0110EN<br \/>\n<strong>ANTE AN\u0110ELINOVI\u0106\u00a0<\/strong>1917<br \/>\nTRAGI\u010cNO POGINUO 08.01.1943 GOD<br \/>\nSVOJU MLADOST I\u00a0\u017dIVOT POSVETI\u0160E<\/p>\n<p style=\"text-align: center;\">HRVATSKOJ DOMOVINI<\/p><\/div><\/div><div class='content-column one_half last_column'><div style=\"padding-right:0px;padding-left:6px;\"><p style=\"text-align: center;\">In diesem Haus verlebte der<br \/>\nkroatische Dichter und Autor<br \/>\n<strong>Danko An\u0111elinovi\u0107<\/strong><br \/>\n(1891-1964) seine Jugend.<br \/>\nIn ihm wurde weiters<br \/>\n<strong>Ante An\u0111elinovi\u0107<\/strong>\u00a01917 geboren<br \/>\nund verbrachte hier bis zu seinem<br \/>\ntragischen Tod am 8. 1. 1943<br \/>\nseine Jugend und sein Leben.<br \/>\nErrichtet von der &#8222;Heimat Kroatien&#8220;<\/p><\/div><\/div><div class='clear_column'><\/div><\/p>\n<hr \/>\n<div class='content-column one_half'><div style=\"padding-right:6px;\"><p>Prije je ovdje bila originalna plo\u010da koju je 1967. godine postavio Centar za za\u0161titu kulturne\u00a0 ba\u0161tine sa sljede\u0107im natpisom:<\/p><\/div><\/div><div class='content-column one_half last_column'><div style=\"padding-right:0px;padding-left:6px;\"><p>Vorher war hier die urspr\u00fcngliche Tafel, die\u00a0vom Zentrum zum Schutz des Kulturerbes im Jahr 1967 errichtet wurde, mit folgender Inschrift:<\/p><\/div><\/div><div class='clear_column'><\/div><div class='content-column one_half'><div style=\"padding-right:6px;\"><p>U OVOJ KU\u0106I DO\u017dIVIO JE SVOJU MLADOST JUGOSLAVENSKI KNI\u017dEVNIK I PJESNIK ZAVI\u010cAJA DANKO AN\u0110ELINOVI\u0106 (1891-1964.) U NJOJ JE RO\u0110EN ANTE AN\u0110ELINOVI\u0106 (1917. &#8211; TRAGI\u010cNO POGINUO 8. I 1943.) ORGANIZATOR USTANKA U SU\u0106URJU<br \/>\nSU\u0106URANI I CZZKB &#8211; 1967.<\/p><\/div><\/div><div class='content-column one_half last_column'><div style=\"padding-right:0px;padding-left:6px;\"><p>In diesem Haus verlebte der\u00a0jugoslawische Autor und Dichter Danko\u00a0An\u0111elinovi\u0107\u00a0(1891-1964) seine Jugend. In ihm wurde weiters Ante\u00a0An\u0111elinovi\u0107 geboren (1917 bis zu seinem tragischen Tod am 8. 1. 1943) \u2013 Organisator des Aufstandes in Su\u0107uraj<br \/>\nDie Bewohner von Su\u0107uraj und Zentrum zum Schutz des Kulturerbes &#8211; 1967.<\/p><\/div><\/div><div class='clear_column'><\/div><\/p>\n<p style=\"text-align: right;\"><span style=\"color: #3366ff;\"><a style=\"color: #3366ff;\" href=\"#seite_oben\">natrag na vrh \/ Seitenanfang<\/a><\/span><\/p>\n<hr \/>\n<p><strong>Linkovi \/ Links<\/strong><\/p>\n<p>&#8211;<\/p>\n","protected":false},"excerpt":{"rendered":"<p>Ime \/ Name Spomen plo\u010da \/ Gedenktafel \u00bbDanko i Ante An\u0111elinovi\u0107\u00ab Code: SU-IS-07\u00a0 \u00a0 \u00a0 \u00a0 \u00a0 \u00a0 \u00a0 \u00a0 \u00a0 \u00a0 \u00a0 \u00a0 \u00a0 \u00a0 \u00a0 \u00a0 Adresa \/ Adresse Su\u0107uraj, Ulica Pijaca, rodna ku\u0107a Ante An\u0111elinovi\u0107a Lokacija \/ &hellip; <a href=\"https:\/\/www.topohvar.at\/topo\/orte\/su\/su-is-07-1\/\">Weiterlesen <span class=\"meta-nav\">&rarr;<\/span><\/a><\/p>\n","protected":false},"author":1,"featured_media":0,"parent":103,"menu_order":0,"comment_status":"closed","ping_status":"closed","template":"","meta":{"footnotes":""},"class_list":["post-11626","page","type-page","status-publish","hentry"],"_links":{"self":[{"href":"https:\/\/www.topohvar.at\/topo\/wp-json\/wp\/v2\/pages\/11626","targetHints":{"allow":["GET"]}}],"collection":[{"href":"https:\/\/www.topohvar.at\/topo\/wp-json\/wp\/v2\/pages"}],"about":[{"href":"https:\/\/www.topohvar.at\/topo\/wp-json\/wp\/v2\/types\/page"}],"author":[{"embeddable":true,"href":"https:\/\/www.topohvar.at\/topo\/wp-json\/wp\/v2\/users\/1"}],"replies":[{"embeddable":true,"href":"https:\/\/www.topohvar.at\/topo\/wp-json\/wp\/v2\/comments?post=11626"}],"version-history":[{"count":20,"href":"https:\/\/www.topohvar.at\/topo\/wp-json\/wp\/v2\/pages\/11626\/revisions"}],"predecessor-version":[{"id":54467,"href":"https:\/\/www.topohvar.at\/topo\/wp-json\/wp\/v2\/pages\/11626\/revisions\/54467"}],"up":[{"embeddable":true,"href":"https:\/\/www.topohvar.at\/topo\/wp-json\/wp\/v2\/pages\/103"}],"wp:attachment":[{"href":"https:\/\/www.topohvar.at\/topo\/wp-json\/wp\/v2\/media?parent=11626"}],"curies":[{"name":"wp","href":"https:\/\/api.w.org\/{rel}","templated":true}]}}