{"id":11873,"date":"2018-09-16T15:40:12","date_gmt":"2018-09-16T13:40:12","guid":{"rendered":"https:\/\/www.topohvar.at\/?page_id=11873"},"modified":"2021-10-01T10:14:21","modified_gmt":"2021-10-01T08:14:21","slug":"zv-ci-02-2","status":"publish","type":"page","link":"https:\/\/www.topohvar.at\/topo\/orte\/zv\/zv-ci-02-2\/","title":{"rendered":"ZAVALA &#8211; Kapela \u00bbSv. Juraj\u00ab"},"content":{"rendered":"<p><a name=\"seite_oben\"><\/a><br \/>\n<strong><img loading=\"lazy\" decoding=\"async\" class=\"alignnone wp-image-11845 size-full\" src=\"https:\/\/www.topohvar.at\/wp-content\/uploads\/2018\/09\/ZV-CK-01-0.jpg\" alt=\"\" width=\"1080\" height=\"530\" srcset=\"https:\/\/www.topohvar.at\/wp-content\/uploads\/2018\/09\/ZV-CK-01-0.jpg 1080w, https:\/\/www.topohvar.at\/wp-content\/uploads\/2018\/09\/ZV-CK-01-0-300x147.jpg 300w, https:\/\/www.topohvar.at\/wp-content\/uploads\/2018\/09\/ZV-CK-01-0-768x377.jpg 768w, https:\/\/www.topohvar.at\/wp-content\/uploads\/2018\/09\/ZV-CK-01-0-1024x503.jpg 1024w\" sizes=\"auto, (max-width: 1080px) 100vw, 1080px\" \/><\/strong><\/p>\n<p><strong>Ime \/ Name<br \/>\n<\/strong>Crkvica \u00bbSv. Juraj\u00ab \/ Kleine Kirche des hl. Georg<\/p>\n<p><strong>Code: <\/strong>ZV-CI-02\u00a0 \u00a0 \u00a0 \u00a0 \u00a0 \u00a0 \u00a0 \u00a0<strong>\u00a0 \u00a0 \u00a0 \u00a0 \u00a0 \u00a0 \u00a0 \u00a0 \u00a0 \u00a0 \u00a0 \u00a0\u00a0<a href=\"https:\/\/www.topohvar.at\/orte\/zv\/zv-ci-02-1\/\"><img loading=\"lazy\" decoding=\"async\" class=\"alignnone wp-image-533 size-full\" src=\"https:\/\/www.topohvar.at\/wp-content\/uploads\/2018\/07\/push-l-30.jpg\" alt=\"\" width=\"61\" height=\"30\" \/><\/a>\u00a0<a href=\"https:\/\/www.topohvar.at\/orte\/zv\/\"><img loading=\"lazy\" decoding=\"async\" class=\"alignnone wp-image-535 size-full\" src=\"https:\/\/www.topohvar.at\/wp-content\/uploads\/2018\/07\/push-o-30.jpg\" alt=\"\" width=\"61\" height=\"30\" \/><\/a>\u00a0<\/strong><\/p>\n<hr \/>\n<p><strong>Adresa \/ Adresse<br \/>\n<\/strong>Zavala,\u00a0ku\u0107a \/ Haus Dubokovi\u0107 Nadalini<\/p>\n<p><strong>Lokacija \/ Position<a href=\"https:\/\/goo.gl\/maps\/M3xyFSiRYDp1HMuk9\"><img loading=\"lazy\" decoding=\"async\" class=\"alignright wp-image-11921\" src=\"https:\/\/www.topohvar.at\/wp-content\/uploads\/2018\/09\/1322.jpg\" alt=\"\" width=\"134\" height=\"100\" \/><\/a><br \/>\n<\/strong><a href=\"https:\/\/goo.gl\/maps\/M3xyFSiRYDp1HMuk9\">Latitude: N 43,12570\u00b0\u00a0 \u00a0 Longitude: E 16,68829\u00b0\u00a0<\/a><strong><br \/>\n<\/strong>Visina \/ H\u00f6he: 88 m<\/p>\n<p><strong>Katastarska \u010destica \/ Grundst\u00fccke<br \/>\n<\/strong>*163 <div class='content-column one_half'><div style=\"padding-right:6px;\"><p><strong>Datum snimanja \/ Erfassungsdatum<br \/>\n<\/strong>01.01.2000 00:00:00<\/p>\n<hr \/>\n<p><strong>Informacije<\/strong><\/p>\n<p>Kapela Sv. Jurja se nalazi na uzvisini pored trokatnice ku\u0107i obitelj Dubokovi\u0107 Nadalini. Je sagradio biskup Juraj G. Dubokovi\u0107 1866.g., i u njoj pokopao svoje srce.<\/p>\n<p>U kapelici, koju je sagradio biskup dr. Jurja Dubokovi\u0107a (Naldini) 1866 g. i u njoj pokopao svoje srce. Biskup Dubokovi\u0107 je bio osniva\u010d i prvi predsjednik \u00abHigijeni\u010dkog dru\u0161tva\u00ab, prete\u010de dana\u0161njeg turizma\u00a0 na\u00a0 otoku Hvaru.<\/p><\/div><\/div><div class='content-column one_half last_column'><div style=\"padding-right:0px;padding-left:6px;\"><p><strong>Stupanj za\u0161tite \/ Schutzstellung<br \/>\n<\/strong>&#8211;<\/p>\n<hr \/>\n<p><strong>Info<\/strong><\/p>\n<p>Die Kapelle des hl. Georg befindet sich neben dem dreigescho\u00dfigen Haus der Familie Dubokovi\u0107 Nadalini auf einer Erh\u00f6hung.<\/p>\n<p>In der Kapelle, die 1866 von Bischof Dr. Juraj Dubokovi\u0107 (Naldini) erbaut wurde, ist sein Herz bestattet. Bischof Dubokovi\u0107 war Gr\u00fcnder und erster Pr\u00e4sident der &#8222;Hygienischen Gesellschaft&#8220;, dem Vorl\u00e4ufer des heutigen Tourismus auf der Insel Hvar.<\/p><\/div><\/div><div class='clear_column'><\/div><\/p>\n<p style=\"text-align: right;\"><span style=\"color: #3366ff;\"><a style=\"color: #3366ff;\" href=\"#seite_oben\">Natrag na vrh \/ Seitenanfang<\/a><\/span><\/p>\n<hr \/>\n<p><strong>Linkovi \/ Links<\/strong><\/p>\n<p><span style=\"color: #3366ff;\"><a style=\"color: #3366ff;\" href=\"https:\/\/www.topohvar.at\/orte\/zv\/zv-tg-02-1\/\">Ku\u0107a \/ Haus Dubokovi\u0107 Nadalini<\/a><br \/>\n<a style=\"color: #3366ff;\" href=\"https:\/\/www.topohvar.at\/orte\/hv\/hv-is-09-1\/\">Spomen plo\u010da \u00bbHigijeni\u010dko dru\u0161tvo Hvar\u00ab \/ Gedenktafel Hygienische Gesellschaft in Hvar<\/a><br \/>\n<\/span><\/p>\n","protected":false},"excerpt":{"rendered":"<p>Ime \/ Name Crkvica \u00bbSv. Juraj\u00ab \/ Kleine Kirche des hl. Georg Code: ZV-CI-02\u00a0 \u00a0 \u00a0 \u00a0 \u00a0 \u00a0 \u00a0 \u00a0\u00a0 \u00a0 \u00a0 \u00a0 \u00a0 \u00a0 \u00a0 \u00a0 \u00a0 \u00a0 \u00a0 \u00a0\u00a0\u00a0\u00a0 Adresa \/ Adresse Zavala,\u00a0ku\u0107a \/ Haus Dubokovi\u0107 Nadalini &hellip; <a href=\"https:\/\/www.topohvar.at\/topo\/orte\/zv\/zv-ci-02-2\/\">Weiterlesen <span class=\"meta-nav\">&rarr;<\/span><\/a><\/p>\n","protected":false},"author":1,"featured_media":0,"parent":119,"menu_order":0,"comment_status":"closed","ping_status":"closed","template":"","meta":{"footnotes":""},"class_list":["post-11873","page","type-page","status-publish","hentry"],"_links":{"self":[{"href":"https:\/\/www.topohvar.at\/topo\/wp-json\/wp\/v2\/pages\/11873","targetHints":{"allow":["GET"]}}],"collection":[{"href":"https:\/\/www.topohvar.at\/topo\/wp-json\/wp\/v2\/pages"}],"about":[{"href":"https:\/\/www.topohvar.at\/topo\/wp-json\/wp\/v2\/types\/page"}],"author":[{"embeddable":true,"href":"https:\/\/www.topohvar.at\/topo\/wp-json\/wp\/v2\/users\/1"}],"replies":[{"embeddable":true,"href":"https:\/\/www.topohvar.at\/topo\/wp-json\/wp\/v2\/comments?post=11873"}],"version-history":[{"count":13,"href":"https:\/\/www.topohvar.at\/topo\/wp-json\/wp\/v2\/pages\/11873\/revisions"}],"predecessor-version":[{"id":51900,"href":"https:\/\/www.topohvar.at\/topo\/wp-json\/wp\/v2\/pages\/11873\/revisions\/51900"}],"up":[{"embeddable":true,"href":"https:\/\/www.topohvar.at\/topo\/wp-json\/wp\/v2\/pages\/119"}],"wp:attachment":[{"href":"https:\/\/www.topohvar.at\/topo\/wp-json\/wp\/v2\/media?parent=11873"}],"curies":[{"name":"wp","href":"https:\/\/api.w.org\/{rel}","templated":true}]}}