{"id":119,"date":"2018-07-22T11:16:19","date_gmt":"2018-07-22T09:16:19","guid":{"rendered":"https:\/\/www.topohvar.at\/?page_id=119"},"modified":"2026-04-20T19:48:31","modified_gmt":"2026-04-20T17:48:31","slug":"zv","status":"publish","type":"page","link":"https:\/\/www.topohvar.at\/topo\/orte\/zv\/","title":{"rendered":"Zavala"},"content":{"rendered":"<hr \/>\n<p><a name=\"seite_oben\"><\/a><\/p>\n<p><strong>Odaberite kategoriju \/ W\u00e4hlen Sie eine Kategorie aus\u00a0 \u00a0 \u00a0 \u00a0 \u00a0 \u00a0 <img loading=\"lazy\" decoding=\"async\" class=\"alignnone size-medium wp-image-262\" src=\"https:\/\/www.topohvar.at\/wp-content\/uploads\/2018\/07\/icon-zv-300x70.jpg\" alt=\"\" width=\"300\" height=\"70\" srcset=\"https:\/\/www.topohvar.at\/wp-content\/uploads\/2018\/07\/icon-zv-300x70.jpg 300w, https:\/\/www.topohvar.at\/wp-content\/uploads\/2018\/07\/icon-zv.jpg 600w\" sizes=\"auto, (max-width: 300px) 100vw, 300px\" \/><\/strong><\/p>\n<h4><span style=\"color: #0000ff;\"><a style=\"color: #0000ff;\" href=\"#aa\">Naselja \/ Siedlungen<\/a> \/\/ <a style=\"color: #0000ff;\" href=\"#ci\">Crkve \/ Kirchen<\/a> \/\/ <a style=\"color: #0000ff;\" href=\"#cp\">Kapele \/Kapellen<\/a> \/\/ <a style=\"color: #0000ff;\" href=\"#cs\">Kapelice \/Bildst\u00f6cke<\/a> \/\/ <a style=\"color: #0000ff;\" href=\"#cz\">Kri\u017eevi \/ Kreuze<\/a> \/\/ <a style=\"color: #0000ff;\" href=\"#in\">Natpisi \/ Inschriften<\/a> \/\/ <a style=\"color: #0000ff;\" href=\"#ip\">Plo\u010de \/ Tafeln<\/a> \/\/ <a style=\"color: #0000ff;\" href=\"#ir\">Reljefi\/ Reliefs<\/a> \/\/ <a style=\"color: #0000ff;\" href=\"#mo\">Skulpture \/ Skulpturen<\/a> \/\/ <a style=\"color: #0000ff;\" href=\"#ob\">Objekti \/ Objekte<\/a> \/\/ <a style=\"color: #0000ff;\" href=\"#td\">Utvrde\/ Festungen<\/a> \/\/ <a style=\"color: #0000ff;\" href=\"#tg\">Gra\u0111evine \/ Geb\u00e4ude<\/a> \/\/ <a style=\"color: #0000ff;\" href=\"#op\">Bunar i to\u010dka vode \/ Brunnen und Wasserstellen<\/a> \/\/\u00a0<a style=\"color: #0000ff;\" href=\"#tr\">Trimi \/ Trims<\/a> \/\/ <a style=\"color: #0000ff;\" href=\"#po\">Povijesne znamenitosti \/ historische Sehensw\u00fcrdigkeiten<\/a><\/span><\/h4>\n<p><a name=\"aa\"><\/a><\/p>\n<hr \/>\n<h2><strong><span style=\"color: #ff0000;\">Naselja, uvale \/ Siedlungen, Buchten<\/span><\/strong><\/h2>\n<p><strong><a href=\"https:\/\/www.topohvar.at\/orte\/zv\/zv-aa-01-1\/\"><img loading=\"lazy\" decoding=\"async\" class=\"alignleft wp-image-37876\" src=\"https:\/\/www.topohvar.at\/wp-content\/uploads\/2020\/05\/zv-aa-01-10.jpg\" alt=\"\" width=\"114\" height=\"56\" srcset=\"https:\/\/www.topohvar.at\/wp-content\/uploads\/2020\/05\/zv-aa-01-10.jpg 1080w, https:\/\/www.topohvar.at\/wp-content\/uploads\/2020\/05\/zv-aa-01-10-300x147.jpg 300w, https:\/\/www.topohvar.at\/wp-content\/uploads\/2020\/05\/zv-aa-01-10-1024x503.jpg 1024w, https:\/\/www.topohvar.at\/wp-content\/uploads\/2020\/05\/zv-aa-01-10-768x377.jpg 768w\" sizes=\"auto, (max-width: 114px) 100vw, 114px\" \/><\/a>Selo \u00bbZavala\u00ab<br \/>\n<\/strong>ZV-AA-01 \/ Zavala<\/p>\n<p><strong><a href=\"https:\/\/www.topohvar.at\/orte\/zv\/zv-ai-01-1\/\"><img loading=\"lazy\" decoding=\"async\" class=\"alignleft wp-image-46420\" src=\"https:\/\/www.topohvar.at\/wp-content\/uploads\/2021\/02\/zv-ai-01.jpg\" alt=\"\" width=\"114\" height=\"56\" srcset=\"https:\/\/www.topohvar.at\/wp-content\/uploads\/2021\/02\/zv-ai-01.jpg 1080w, https:\/\/www.topohvar.at\/wp-content\/uploads\/2021\/02\/zv-ai-01-300x147.jpg 300w, https:\/\/www.topohvar.at\/wp-content\/uploads\/2021\/02\/zv-ai-01-1024x503.jpg 1024w, https:\/\/www.topohvar.at\/wp-content\/uploads\/2021\/02\/zv-ai-01-768x377.jpg 768w\" sizes=\"auto, (max-width: 114px) 100vw, 114px\" \/><\/a>Zavala &#8211; Nazivi mjesta i podru\u010dja<br \/>\n<\/strong>ZV-AI-01 \/ Zavala<\/p>\n<hr \/>\n<p><strong><a href=\"https:\/\/www.topohvar.at\/orte\/zv\/zv-au-10-1\/\"><img loading=\"lazy\" decoding=\"async\" class=\"alignleft wp-image-35527\" src=\"https:\/\/www.topohvar.at\/wp-content\/uploads\/2020\/04\/zv-au-10-300x147.jpg\" alt=\"\" width=\"114\" height=\"56\" srcset=\"https:\/\/www.topohvar.at\/wp-content\/uploads\/2020\/04\/zv-au-10-300x147.jpg 300w, https:\/\/www.topohvar.at\/wp-content\/uploads\/2020\/04\/zv-au-10-1024x503.jpg 1024w, https:\/\/www.topohvar.at\/wp-content\/uploads\/2020\/04\/zv-au-10-768x377.jpg 768w, https:\/\/www.topohvar.at\/wp-content\/uploads\/2020\/04\/zv-au-10.jpg 1080w\" sizes=\"auto, (max-width: 114px) 100vw, 114px\" \/><\/a>Uvale \u00bbna ju\u017enoj strani otoka\u00ab<br \/>\n<\/strong>ZV-AU-10\/13 \/ Zavala<\/p>\n<p><strong><a href=\"https:\/\/www.topohvar.at\/orte\/zv\/zv-ar-10-1\/\"><img loading=\"lazy\" decoding=\"async\" class=\"alignleft wp-image-35527\" src=\"https:\/\/www.topohvar.at\/wp-content\/uploads\/2020\/04\/zv-au-10-300x147.jpg\" alt=\"\" width=\"114\" height=\"56\" srcset=\"https:\/\/www.topohvar.at\/wp-content\/uploads\/2020\/04\/zv-au-10-300x147.jpg 300w, https:\/\/www.topohvar.at\/wp-content\/uploads\/2020\/04\/zv-au-10-1024x503.jpg 1024w, https:\/\/www.topohvar.at\/wp-content\/uploads\/2020\/04\/zv-au-10-768x377.jpg 768w, https:\/\/www.topohvar.at\/wp-content\/uploads\/2020\/04\/zv-au-10.jpg 1080w\" sizes=\"auto, (max-width: 114px) 100vw, 114px\" \/><\/a>Rtovi \u00bbna ju\u017enoj strani otoka\u00ab<br \/>\n<\/strong>ZV-AR-10\/13 \/ Zavala<a name=\"ci\"><\/a><\/p>\n<p style=\"text-align: right;\"><span style=\"color: #3366ff;\"><a style=\"color: #3366ff;\" href=\"#seite_oben\">natrag na vrh \/ Seitenanfang<\/a><\/span><\/p>\n<hr \/>\n<h2><strong><span style=\"color: #ff0000;\">Crkve \/ Kirchen<\/span><\/strong><\/h2>\n<p><strong><a href=\"https:\/\/www.topohvar.at\/orte\/zv\/zv-ci-01-1\/\"><img loading=\"lazy\" decoding=\"async\" class=\"alignleft wp-image-11844\" src=\"https:\/\/www.topohvar.at\/wp-content\/uploads\/2018\/09\/ZV-CI-01-0-1024x503.jpg\" alt=\"\" width=\"114\" height=\"56\" srcset=\"https:\/\/www.topohvar.at\/wp-content\/uploads\/2018\/09\/ZV-CI-01-0-1024x503.jpg 1024w, https:\/\/www.topohvar.at\/wp-content\/uploads\/2018\/09\/ZV-CI-01-0-300x147.jpg 300w, https:\/\/www.topohvar.at\/wp-content\/uploads\/2018\/09\/ZV-CI-01-0-768x377.jpg 768w, https:\/\/www.topohvar.at\/wp-content\/uploads\/2018\/09\/ZV-CI-01-0.jpg 1080w\" sizes=\"auto, (max-width: 114px) 100vw, 114px\" \/><\/a>\u017dupna crkva \u00bbSv. Leopold Mandi\u0107a i Sv. Nikola\u00ab<br \/>\n<\/strong>ZV-CI-01 \/ Zavala<\/p>\n<p><strong><a href=\"https:\/\/www.topohvar.at\/orte\/zv\/zv-ck-01-1\/\"><img loading=\"lazy\" decoding=\"async\" class=\"alignleft wp-image-11845\" src=\"https:\/\/www.topohvar.at\/wp-content\/uploads\/2018\/09\/ZV-CK-01-0-1024x503.jpg\" alt=\"\" width=\"114\" height=\"56\" srcset=\"https:\/\/www.topohvar.at\/wp-content\/uploads\/2018\/09\/ZV-CK-01-0-1024x503.jpg 1024w, https:\/\/www.topohvar.at\/wp-content\/uploads\/2018\/09\/ZV-CK-01-0-300x147.jpg 300w, https:\/\/www.topohvar.at\/wp-content\/uploads\/2018\/09\/ZV-CK-01-0-768x377.jpg 768w, https:\/\/www.topohvar.at\/wp-content\/uploads\/2018\/09\/ZV-CK-01-0.jpg 1080w\" sizes=\"auto, (max-width: 114px) 100vw, 114px\" \/><\/a>Crkvica \u00bbSv. Jurja\u00ab<br \/>\n<\/strong>ZV-CK-01 \/ Zavala<a name=\"cp\"><\/a><\/p>\n<p style=\"text-align: right;\"><span style=\"color: #3366ff;\"><a style=\"color: #3366ff;\" href=\"#seite_oben\">natrag na vrh \/ Seitenanfang<\/a><\/span><\/p>\n<hr \/>\n<h2><strong><span style=\"color: #ff0000;\">Kapele \/ Kapellen<\/span><\/strong><\/h2>\n<p><strong><a href=\"https:\/\/www.topohvar.at\/orte\/zv\/zv-cp-01-1\/\"><img loading=\"lazy\" decoding=\"async\" class=\"alignleft wp-image-11846\" src=\"https:\/\/www.topohvar.at\/wp-content\/uploads\/2018\/09\/ZV-CP-01-0-1024x503.jpg\" alt=\"\" width=\"114\" height=\"56\" srcset=\"https:\/\/www.topohvar.at\/wp-content\/uploads\/2018\/09\/ZV-CP-01-0-1024x503.jpg 1024w, https:\/\/www.topohvar.at\/wp-content\/uploads\/2018\/09\/ZV-CP-01-0-300x147.jpg 300w, https:\/\/www.topohvar.at\/wp-content\/uploads\/2018\/09\/ZV-CP-01-0-768x377.jpg 768w, https:\/\/www.topohvar.at\/wp-content\/uploads\/2018\/09\/ZV-CP-01-0.jpg 1080w\" sizes=\"auto, (max-width: 114px) 100vw, 114px\" \/><\/a>Kapela \u00bbNa groblju\u00ab<br \/>\n<\/strong>ZV-CP-01 \/ Zavala, groblje<\/p>\n<p><strong><a href=\"https:\/\/www.topohvar.at\/orte\/zv\/zv-cp-02-1\/\"><img loading=\"lazy\" decoding=\"async\" class=\"alignleft wp-image-52865\" src=\"https:\/\/www.topohvar.at\/wp-content\/uploads\/2021\/10\/zv-cp-04-30.jpg\" alt=\"\" width=\"114\" height=\"56\" srcset=\"https:\/\/www.topohvar.at\/wp-content\/uploads\/2021\/10\/zv-cp-04-30.jpg 1080w, https:\/\/www.topohvar.at\/wp-content\/uploads\/2021\/10\/zv-cp-04-30-300x147.jpg 300w, https:\/\/www.topohvar.at\/wp-content\/uploads\/2021\/10\/zv-cp-04-30-1024x503.jpg 1024w, https:\/\/www.topohvar.at\/wp-content\/uploads\/2021\/10\/zv-cp-04-30-768x377.jpg 768w\" sizes=\"auto, (max-width: 114px) 100vw, 114px\" \/><\/a>Kapela \u00bbSv. Petar Verinskog\u00ab<br \/>\n<\/strong>ZV-CP-02 \/ Zavala, Ulica Veli Dvor 83<\/p>\n<p><strong><a href=\"https:\/\/www.topohvar.at\/orte\/zv\/zv-cp-04-1\/\"><img loading=\"lazy\" decoding=\"async\" class=\"alignleft wp-image-52853\" src=\"https:\/\/www.topohvar.at\/wp-content\/uploads\/2021\/10\/zv-cp-04-1.jpg\" alt=\"\" width=\"114\" height=\"56\" srcset=\"https:\/\/www.topohvar.at\/wp-content\/uploads\/2021\/10\/zv-cp-04-1.jpg 1080w, https:\/\/www.topohvar.at\/wp-content\/uploads\/2021\/10\/zv-cp-04-1-300x147.jpg 300w, https:\/\/www.topohvar.at\/wp-content\/uploads\/2021\/10\/zv-cp-04-1-1024x503.jpg 1024w, https:\/\/www.topohvar.at\/wp-content\/uploads\/2021\/10\/zv-cp-04-1-768x377.jpg 768w\" sizes=\"auto, (max-width: 114px) 100vw, 114px\" \/><\/a>Kapela \u00bbSv. ??\u00ab<br \/>\n<\/strong>ZV-CP-04 \/ Zavala 103<\/p>\n<p><strong><a href=\"https:\/\/www.topohvar.at\/orte\/zv\/zv-cp-03-1\/\"><img loading=\"lazy\" decoding=\"async\" class=\"alignleft wp-image-11847\" src=\"https:\/\/www.topohvar.at\/wp-content\/uploads\/2018\/09\/zv-cp-03-0-1024x503.jpg\" alt=\"\" width=\"114\" height=\"56\" srcset=\"https:\/\/www.topohvar.at\/wp-content\/uploads\/2018\/09\/zv-cp-03-0-1024x503.jpg 1024w, https:\/\/www.topohvar.at\/wp-content\/uploads\/2018\/09\/zv-cp-03-0-300x147.jpg 300w, https:\/\/www.topohvar.at\/wp-content\/uploads\/2018\/09\/zv-cp-03-0-768x377.jpg 768w, https:\/\/www.topohvar.at\/wp-content\/uploads\/2018\/09\/zv-cp-03-0.jpg 1080w\" sizes=\"auto, (max-width: 114px) 100vw, 114px\" \/><\/a>Kapela \u00bbSv. Ante\u00ab<br \/>\n<\/strong>ZV-CP-03 \/ Zavala, na putu prema Pitve<a name=\"cs\"><\/a><\/p>\n<p style=\"text-align: right;\"><a href=\"#seite_oben\"><span style=\"color: #3366ff;\">natrag na vrh \/ Seitena<\/span>nfang<\/a><\/p>\n<hr \/>\n<h2><strong><span style=\"color: #ff0000;\">Kapelice \/ Bildst\u00f6cke<\/span><\/strong><\/h2>\n<p><strong><a href=\"https:\/\/www.topohvar.at\/orte\/zv\/zv-cs-01-1\/\"><img loading=\"lazy\" decoding=\"async\" class=\"alignleft wp-image-11848\" src=\"https:\/\/www.topohvar.at\/wp-content\/uploads\/2018\/09\/zv-cs-01-0-1024x503.jpg\" alt=\"\" width=\"114\" height=\"56\" srcset=\"https:\/\/www.topohvar.at\/wp-content\/uploads\/2018\/09\/zv-cs-01-0-1024x503.jpg 1024w, https:\/\/www.topohvar.at\/wp-content\/uploads\/2018\/09\/zv-cs-01-0-300x147.jpg 300w, https:\/\/www.topohvar.at\/wp-content\/uploads\/2018\/09\/zv-cs-01-0-768x377.jpg 768w, https:\/\/www.topohvar.at\/wp-content\/uploads\/2018\/09\/zv-cs-01-0.jpg 1080w\" sizes=\"auto, (max-width: 114px) 100vw, 114px\" \/><\/a>Kapelica \u00bb1888\u00ab<br \/>\n<\/strong>ZV-CS-01 \/ Zavala<a name=\"cz\"><\/a><\/p>\n<p style=\"text-align: right;\"><span style=\"color: #3366ff;\"><a style=\"color: #3366ff;\" href=\"#seite_oben\">natrag na vrh \/ Seitenanfang<\/a><\/span><\/p>\n<hr \/>\n<h2><strong><span style=\"color: #ff0000;\">Kri\u017eevi \/ Kreuze<\/span><\/strong><\/h2>\n<p><strong><a href=\"https:\/\/www.topohvar.at\/orte\/zv\/zv-cz-01-1\/\"><img loading=\"lazy\" decoding=\"async\" class=\"alignleft wp-image-11850\" src=\"https:\/\/www.topohvar.at\/wp-content\/uploads\/2018\/09\/ZV-CZ-01-0-1024x503.jpg\" alt=\"\" width=\"114\" height=\"56\" srcset=\"https:\/\/www.topohvar.at\/wp-content\/uploads\/2018\/09\/ZV-CZ-01-0-1024x503.jpg 1024w, https:\/\/www.topohvar.at\/wp-content\/uploads\/2018\/09\/ZV-CZ-01-0-300x147.jpg 300w, https:\/\/www.topohvar.at\/wp-content\/uploads\/2018\/09\/ZV-CZ-01-0-768x377.jpg 768w, https:\/\/www.topohvar.at\/wp-content\/uploads\/2018\/09\/ZV-CZ-01-0.jpg 1080w\" sizes=\"auto, (max-width: 114px) 100vw, 114px\" \/><\/a>Kri\u017e \u00bbNa Rt Kri\u017e\u00ab<br \/>\n<\/strong>ZV-CZ-01 \/ Zavala, Rt Kri\u017e<\/p>\n<p><strong><a href=\"https:\/\/www.topohvar.at\/orte\/zv\/zv-cz-02-1\/\"><img loading=\"lazy\" decoding=\"async\" class=\"alignleft wp-image-11851\" src=\"https:\/\/www.topohvar.at\/wp-content\/uploads\/2018\/09\/ZV-CZ-02-0-1024x503.jpg\" alt=\"\" width=\"114\" height=\"56\" srcset=\"https:\/\/www.topohvar.at\/wp-content\/uploads\/2018\/09\/ZV-CZ-02-0-1024x503.jpg 1024w, https:\/\/www.topohvar.at\/wp-content\/uploads\/2018\/09\/ZV-CZ-02-0-300x147.jpg 300w, https:\/\/www.topohvar.at\/wp-content\/uploads\/2018\/09\/ZV-CZ-02-0-768x377.jpg 768w, https:\/\/www.topohvar.at\/wp-content\/uploads\/2018\/09\/ZV-CZ-02-0.jpg 1080w\" sizes=\"auto, (max-width: 114px) 100vw, 114px\" \/><\/a>Kri\u017e \u00bbMramorni kri\u017e\u00ab<br \/>\n<\/strong>ZV-CZ-02 \/ Zavala<\/p>\n<p style=\"text-align: right;\"><a href=\"#seite_oben\"><span style=\"color: #3366ff;\">natrag na vrh \/ Seitenanfang<\/span><\/a><\/p>\n<p><a name=\"in\"><\/a><\/p>\n<hr \/>\n<h2><strong><span style=\"color: #ff0000;\">Natpisi\/ Inschriften<\/span><\/strong><\/h2>\n<p>Bez objekata \/ kein Eintrag<\/p>\n<p style=\"text-align: right;\"><a href=\"#seite_oben\"><span style=\"color: #3366ff;\">natrag na vrh \/ Seitenanfang<\/span><\/a><\/p>\n<p><a name=\"ip\"><\/a><\/p>\n<hr \/>\n<h2><strong><span style=\"color: #ff0000;\">Plo\u010de \/ Tafeln<\/span><\/strong><\/h2>\n<p><strong><a href=\"https:\/\/www.topohvar.at\/orte\/zv\/zv-ip-01-1\/\"><img loading=\"lazy\" decoding=\"async\" class=\"alignleft wp-image-50266\" src=\"https:\/\/www.topohvar.at\/wp-content\/uploads\/2021\/06\/zv-ip-01-1.jpg\" alt=\"\" width=\"114\" height=\"56\" srcset=\"https:\/\/www.topohvar.at\/wp-content\/uploads\/2021\/06\/zv-ip-01-1.jpg 1080w, https:\/\/www.topohvar.at\/wp-content\/uploads\/2021\/06\/zv-ip-01-1-300x147.jpg 300w, https:\/\/www.topohvar.at\/wp-content\/uploads\/2021\/06\/zv-ip-01-1-1024x503.jpg 1024w, https:\/\/www.topohvar.at\/wp-content\/uploads\/2021\/06\/zv-ip-01-1-768x377.jpg 768w\" sizes=\"auto, (max-width: 114px) 100vw, 114px\" \/><\/a>Informativna plo\u010da \u00bbZavala\u00ab<br \/>\n<\/strong>ZV-IP-01 \/ Zavala<\/p>\n<hr \/>\n<p><strong><a href=\"https:\/\/www.topohvar.at\/orte\/zv\/zv-is-01-1\/\"><img loading=\"lazy\" decoding=\"async\" class=\"alignleft wp-image-11852\" src=\"https:\/\/www.topohvar.at\/wp-content\/uploads\/2018\/09\/ZV-IS-01-0-1024x503.jpg\" alt=\"\" width=\"114\" height=\"56\" srcset=\"https:\/\/www.topohvar.at\/wp-content\/uploads\/2018\/09\/ZV-IS-01-0-1024x503.jpg 1024w, https:\/\/www.topohvar.at\/wp-content\/uploads\/2018\/09\/ZV-IS-01-0-300x147.jpg 300w, https:\/\/www.topohvar.at\/wp-content\/uploads\/2018\/09\/ZV-IS-01-0-768x377.jpg 768w, https:\/\/www.topohvar.at\/wp-content\/uploads\/2018\/09\/ZV-IS-01-0.jpg 1080w\" sizes=\"auto, (max-width: 114px) 100vw, 114px\" \/><\/a>Spomen plo\u010da palim borcima<br \/>\n<\/strong>ZV-IS-01 \/ Zavala, uz zgradu zadru\u017enog doma<\/p>\n<p><strong><a href=\"https:\/\/www.topohvar.at\/orte\/zv\/zv-is-02-1\/\"><img loading=\"lazy\" decoding=\"async\" class=\"alignleft wp-image-11858\" src=\"https:\/\/www.topohvar.at\/wp-content\/uploads\/2018\/09\/zv-tg-02-0.jpg\" alt=\"\" width=\"114\" height=\"56\" srcset=\"https:\/\/www.topohvar.at\/wp-content\/uploads\/2018\/09\/zv-tg-02-0.jpg 1080w, https:\/\/www.topohvar.at\/wp-content\/uploads\/2018\/09\/zv-tg-02-0-300x147.jpg 300w, https:\/\/www.topohvar.at\/wp-content\/uploads\/2018\/09\/zv-tg-02-0-768x377.jpg 768w, https:\/\/www.topohvar.at\/wp-content\/uploads\/2018\/09\/zv-tg-02-0-1024x503.jpg 1024w\" sizes=\"auto, (max-width: 114px) 100vw, 114px\" \/><\/a>Spomen plo\u010da \u00bbRadu \u0161tamparije i politi\u010dke \u0161kole\u00ab<br \/>\n<\/strong>ZV-IS-02 \/ Zavala, na kuci pok. Jure Dubokovica<\/p>\n<p style=\"text-align: right;\"><span style=\"color: #3366ff;\"><a style=\"color: #3366ff;\" href=\"#seite_oben\">natrag na vrh \/ Seitenanfang<\/a><\/span><\/p>\n<p><a name=\"ir\"><\/a><\/p>\n<hr \/>\n<h2><strong><span style=\"color: #ff0000;\">Reljefi \/ Reliefs<\/span><\/strong><\/h2>\n<p>Bez objekata \/ kein Eintrag<\/p>\n<p style=\"text-align: right;\"><span style=\"color: #3366ff;\"><a style=\"color: #3366ff;\" href=\"#seite_oben\">natrag na vrh \/ Seitenanfang<\/a><\/span><\/p>\n<p><a name=\"mo\"><\/a><\/p>\n<hr \/>\n<h2><strong><span style=\"color: #ff0000;\">S<\/span><\/strong><strong><span style=\"color: #ff0000;\">pomenici, skulpture \/ Monumente, Skulpturen<\/span><\/strong><\/h2>\n<p><strong><a href=\"https:\/\/www.topohvar.at\/orte\/zv\/zv-mo-01-1\/\"><img loading=\"lazy\" decoding=\"async\" class=\"alignleft wp-image-74423\" src=\"https:\/\/www.topohvar.at\/wp-content\/uploads\/2026\/04\/zv-mo-01-1-300x147.jpg\" alt=\"\" width=\"114\" height=\"56\" srcset=\"https:\/\/www.topohvar.at\/wp-content\/uploads\/2026\/04\/zv-mo-01-1-300x147.jpg 300w, https:\/\/www.topohvar.at\/wp-content\/uploads\/2026\/04\/zv-mo-01-1-1024x503.jpg 1024w, https:\/\/www.topohvar.at\/wp-content\/uploads\/2026\/04\/zv-mo-01-1-768x377.jpg 768w, https:\/\/www.topohvar.at\/wp-content\/uploads\/2026\/04\/zv-mo-01-1.jpg 1080w\" sizes=\"auto, (max-width: 114px) 100vw, 114px\" \/><\/a>Objekt \u00bbZAVALA\u00ab<br \/>\n<\/strong>ZV-MO-01 \/ Zavala<\/p>\n<p style=\"text-align: right;\"><a href=\"#seite_oben\"><span style=\"color: #3366ff;\">natrag na vrh \/ Seitenanfang<\/span><\/a><\/p>\n<p><a name=\"ob\"><\/a><\/p>\n<hr \/>\n<h2><strong><span style=\"color: #ff0000;\">Objekti \/ Objekte<\/span><\/strong><\/h2>\n<p><strong><a href=\"https:\/\/www.topohvar.at\/orte\/zv\/zv-ob-01-1\/\"><img loading=\"lazy\" decoding=\"async\" class=\"alignleft wp-image-52877\" src=\"https:\/\/www.topohvar.at\/wp-content\/uploads\/2021\/10\/zv-ob-01-1.jpg\" alt=\"\" width=\"114\" height=\"56\" srcset=\"https:\/\/www.topohvar.at\/wp-content\/uploads\/2021\/10\/zv-ob-01-1.jpg 1080w, https:\/\/www.topohvar.at\/wp-content\/uploads\/2021\/10\/zv-ob-01-1-300x147.jpg 300w, https:\/\/www.topohvar.at\/wp-content\/uploads\/2021\/10\/zv-ob-01-1-1024x503.jpg 1024w, https:\/\/www.topohvar.at\/wp-content\/uploads\/2021\/10\/zv-ob-01-1-768x377.jpg 768w\" sizes=\"auto, (max-width: 114px) 100vw, 114px\" \/><\/a>Objekt \u00bbDvostruka pre\u0161a za vino\u00ab<br \/>\n<\/strong>ZV-OB-01 \/ Zavala 37<\/p>\n<p><strong><a href=\"https:\/\/www.topohvar.at\/orte\/zv\/zv-pu-01-1\/\"><img loading=\"lazy\" decoding=\"async\" class=\"alignleft wp-image-11853\" src=\"https:\/\/www.topohvar.at\/wp-content\/uploads\/2018\/09\/zv-ob-01-0-1024x503.jpg\" alt=\"\" width=\"114\" height=\"56\" srcset=\"https:\/\/www.topohvar.at\/wp-content\/uploads\/2018\/09\/zv-ob-01-0-1024x503.jpg 1024w, https:\/\/www.topohvar.at\/wp-content\/uploads\/2018\/09\/zv-ob-01-0-300x147.jpg 300w, https:\/\/www.topohvar.at\/wp-content\/uploads\/2018\/09\/zv-ob-01-0-768x377.jpg 768w, https:\/\/www.topohvar.at\/wp-content\/uploads\/2018\/09\/zv-ob-01-0.jpg 1080w\" sizes=\"auto, (max-width: 114px) 100vw, 114px\" \/><\/a>Objekt \u00bbTunel Pitve &#8211; Zavala (ju\u017eni portal)\u00ab<br \/>\n<\/strong>ZV-PU-01 \/ Zavala<\/p>\n<p><strong><a href=\"https:\/\/www.topohvar.at\/orte\/zv\/zv-pu-02-1\/\"><img loading=\"lazy\" decoding=\"async\" class=\"alignleft wp-image-56519\" src=\"https:\/\/www.topohvar.at\/wp-content\/uploads\/2022\/01\/biketrack-708.jpg\" alt=\"\" width=\"114\" height=\"56\" srcset=\"https:\/\/www.topohvar.at\/wp-content\/uploads\/2022\/01\/biketrack-708.jpg 640w, https:\/\/www.topohvar.at\/wp-content\/uploads\/2022\/01\/biketrack-708-300x147.jpg 300w\" sizes=\"auto, (max-width: 114px) 100vw, 114px\" \/><\/a>Objekt \u00bbBiciklisti\u010dka ruta [708] Sveti Nikola\u00ab<br \/>\n<\/strong>ZV-PU-02 \/ Zavala, Sv. Nedjelja, Dubovica, Sv. Nikola, Svir\u010de, Vrisnik, Pitve, Martinica, Zavala<\/p>\n<p><strong><a href=\"https:\/\/www.topohvar.at\/orte\/zv\/zv-on-01-1\/\"><img loading=\"lazy\" decoding=\"async\" class=\"alignleft wp-image-52886\" src=\"https:\/\/www.topohvar.at\/wp-content\/uploads\/2021\/10\/zv-on-01-1.jpg\" alt=\"\" width=\"114\" height=\"56\" srcset=\"https:\/\/www.topohvar.at\/wp-content\/uploads\/2021\/10\/zv-on-01-1.jpg 1080w, https:\/\/www.topohvar.at\/wp-content\/uploads\/2021\/10\/zv-on-01-1-300x147.jpg 300w, https:\/\/www.topohvar.at\/wp-content\/uploads\/2021\/10\/zv-on-01-1-1024x503.jpg 1024w, https:\/\/www.topohvar.at\/wp-content\/uploads\/2021\/10\/zv-on-01-1-768x377.jpg 768w\" sizes=\"auto, (max-width: 114px) 100vw, 114px\" \/><\/a>Objekt \u00bbBalote Zavala\u00ab<br \/>\n<\/strong>ZV-ON-01 \/ Zavala<\/p>\n<p><strong><a href=\"https:\/\/www.topohvar.at\/orte\/zv\/zv-ok-01-1\/\"><img loading=\"lazy\" decoding=\"async\" class=\"alignleft wp-image-41511\" src=\"https:\/\/www.topohvar.at\/wp-content\/uploads\/2020\/09\/zv-0k-01-1.jpg\" alt=\"\" width=\"114\" height=\"56\" srcset=\"https:\/\/www.topohvar.at\/wp-content\/uploads\/2020\/09\/zv-0k-01-1.jpg 1080w, https:\/\/www.topohvar.at\/wp-content\/uploads\/2020\/09\/zv-0k-01-1-300x147.jpg 300w, https:\/\/www.topohvar.at\/wp-content\/uploads\/2020\/09\/zv-0k-01-1-1024x503.jpg 1024w, https:\/\/www.topohvar.at\/wp-content\/uploads\/2020\/09\/zv-0k-01-1-768x377.jpg 768w\" sizes=\"auto, (max-width: 114px) 100vw, 114px\" \/><\/a>Objekt \u00bbCamp Petar\u010dica\u00ab<br \/>\n<\/strong>ZV-OK-01 \/ Zavala 222<\/p>\n<p><strong><a href=\"https:\/\/www.topohvar.at\/orte\/zv\/zv-og-01-1\/\"><img loading=\"lazy\" decoding=\"async\" class=\"alignleft wp-image-11854\" src=\"https:\/\/www.topohvar.at\/wp-content\/uploads\/2018\/09\/zv-og-01-0-1024x503.jpg\" alt=\"\" width=\"114\" height=\"56\" srcset=\"https:\/\/www.topohvar.at\/wp-content\/uploads\/2018\/09\/zv-og-01-0-1024x503.jpg 1024w, https:\/\/www.topohvar.at\/wp-content\/uploads\/2018\/09\/zv-og-01-0-300x147.jpg 300w, https:\/\/www.topohvar.at\/wp-content\/uploads\/2018\/09\/zv-og-01-0-768x377.jpg 768w, https:\/\/www.topohvar.at\/wp-content\/uploads\/2018\/09\/zv-og-01-0.jpg 1080w\" sizes=\"auto, (max-width: 114px) 100vw, 114px\" \/><\/a>Objekt \u00bbGroblje\u00ab<br \/>\n<\/strong>ZV-OG-01 \/ Zavala, groblje<a name=\"td\"><\/a><\/p>\n<p style=\"text-align: right;\"><span style=\"color: #3366ff;\"><a style=\"color: #3366ff;\" href=\"#seite_oben\">natrag na vrh \/ Seitenanfang<\/a><\/span><\/p>\n<hr \/>\n<h2><strong><span style=\"color: #ff0000;\">Utvrde \/ Festungen<\/span><\/strong><\/h2>\n<p><strong><a href=\"https:\/\/www.topohvar.at\/orte\/zv\/zv-td-01-1\/\"><img loading=\"lazy\" decoding=\"async\" class=\"alignleft wp-image-11856\" src=\"https:\/\/www.topohvar.at\/wp-content\/uploads\/2018\/09\/zv-td-91-0-1024x503.jpg\" alt=\"\" width=\"114\" height=\"56\" srcset=\"https:\/\/www.topohvar.at\/wp-content\/uploads\/2018\/09\/zv-td-91-0-1024x503.jpg 1024w, https:\/\/www.topohvar.at\/wp-content\/uploads\/2018\/09\/zv-td-91-0-300x147.jpg 300w, https:\/\/www.topohvar.at\/wp-content\/uploads\/2018\/09\/zv-td-91-0-768x377.jpg 768w, https:\/\/www.topohvar.at\/wp-content\/uploads\/2018\/09\/zv-td-91-0.jpg 1080w\" sizes=\"auto, (max-width: 114px) 100vw, 114px\" \/><\/a>Kula \u00bbTadije Ka\u010di\u0107 (Dubkovi\u0107)\u00ab<br \/>\n<\/strong>ZV-TD-01 \/ Zavala, Kula Tadije Ka\u010di\u0107, malo zapadnije u selu<a name=\"tg\"><\/a><\/p>\n<p style=\"text-align: right;\"><span style=\"color: #3366ff;\"><a style=\"color: #3366ff;\" href=\"#seite_oben\">natrag na vrh \/ Seitenanfang<\/a><\/span><\/p>\n<hr \/>\n<h2><strong><span style=\"color: #ff0000;\">Gra\u0111evine \/ Geb\u00e4ude<\/span><\/strong><\/h2>\n<p><strong><a href=\"https:\/\/www.topohvar.at\/orte\/zv\/zv-tg-03-1\/\"><img loading=\"lazy\" decoding=\"async\" class=\"alignleft wp-image-41280\" src=\"https:\/\/www.topohvar.at\/wp-content\/uploads\/2020\/09\/zv-tg-03-1.jpg\" alt=\"\" width=\"114\" height=\"56\" srcset=\"https:\/\/www.topohvar.at\/wp-content\/uploads\/2020\/09\/zv-tg-03-1.jpg 1080w, https:\/\/www.topohvar.at\/wp-content\/uploads\/2020\/09\/zv-tg-03-1-300x147.jpg 300w, https:\/\/www.topohvar.at\/wp-content\/uploads\/2020\/09\/zv-tg-03-1-1024x503.jpg 1024w, https:\/\/www.topohvar.at\/wp-content\/uploads\/2020\/09\/zv-tg-03-1-768x377.jpg 768w\" sizes=\"auto, (max-width: 114px) 100vw, 114px\" \/><\/a>Gospodarska zgrada \u00bbHotel Skalinada\u00ab<br \/>\n<\/strong>ZV-TG-03 \/ Zavala 162<\/p>\n<hr \/>\n<p><strong><a href=\"https:\/\/www.topohvar.at\/orte\/zv\/zv-tg-02-1\/\"><img loading=\"lazy\" decoding=\"async\" class=\"alignleft wp-image-11858\" src=\"https:\/\/www.topohvar.at\/wp-content\/uploads\/2018\/09\/zv-tg-02-0-1024x503.jpg\" alt=\"\" width=\"114\" height=\"56\" srcset=\"https:\/\/www.topohvar.at\/wp-content\/uploads\/2018\/09\/zv-tg-02-0-1024x503.jpg 1024w, https:\/\/www.topohvar.at\/wp-content\/uploads\/2018\/09\/zv-tg-02-0-300x147.jpg 300w, https:\/\/www.topohvar.at\/wp-content\/uploads\/2018\/09\/zv-tg-02-0-768x377.jpg 768w, https:\/\/www.topohvar.at\/wp-content\/uploads\/2018\/09\/zv-tg-02-0.jpg 1080w\" sizes=\"auto, (max-width: 114px) 100vw, 114px\" \/><\/a>Ljetnikovac \u00bbDubokovi\u0107 Nadalini\u00ab<br \/>\n<\/strong>ZV-TG-02 \/ Zavala<a name=\"op\"><\/a><\/p>\n<p style=\"text-align: right;\"><span style=\"color: #3366ff;\"><a style=\"color: #3366ff;\" href=\"#seite_oben\">natrag na vrh \/ Seitenanfang<\/a><\/span><\/p>\n<hr \/>\n<h2><strong><span style=\"color: #ff0000;\">Bunar i to\u010dka vode \/ Brunnen und Wasserstellen<\/span><\/strong><\/h2>\n<p><strong><a href=\"https:\/\/www.topohvar.at\/orte\/zv\/zv-op-00-1\/\"><img loading=\"lazy\" decoding=\"async\" class=\"alignleft wp-image-45793 size-full\" src=\"https:\/\/www.topohvar.at\/wp-content\/uploads\/2020\/11\/raster1.jpg\" alt=\"\" width=\"114\" height=\"56\" \/><\/a>Popis cisterni i bunara<br \/>\n<\/strong>Zavala<\/p>\n<hr \/>\n<p><strong><a href=\"https:\/\/www.topohvar.at\/orte\/zv\/zv-op-00-0\/\"><img loading=\"lazy\" decoding=\"async\" class=\"alignleft wp-image-72695\" src=\"https:\/\/www.topohvar.at\/wp-content\/uploads\/2025\/06\/zv-op-2025-05-300x116.jpg\" alt=\"\" width=\"114\" height=\"44\" srcset=\"https:\/\/www.topohvar.at\/wp-content\/uploads\/2025\/06\/zv-op-2025-05-300x116.jpg 300w, https:\/\/www.topohvar.at\/wp-content\/uploads\/2025\/06\/zv-op-2025-05-1024x395.jpg 1024w, https:\/\/www.topohvar.at\/wp-content\/uploads\/2025\/06\/zv-op-2025-05-768x296.jpg 768w, https:\/\/www.topohvar.at\/wp-content\/uploads\/2025\/06\/zv-op-2025-05-1536x592.jpg 1536w, https:\/\/www.topohvar.at\/wp-content\/uploads\/2025\/06\/zv-op-2025-05-2048x790.jpg 2048w\" sizes=\"auto, (max-width: 114px) 100vw, 114px\" \/><\/a>Bunari, cisterne i to\u010dke za vodu \u2013 detaljno<\/strong><br \/>\nZV-OP-01\/35 \/ Zavala\u00a0<a name=\"tr\"><\/a><\/p>\n<p style=\"text-align: right;\"><span style=\"color: #3366ff;\"><a style=\"color: #3366ff;\" href=\"#seite_oben\">natrag na vrh \/ Seitenanfang<\/a><\/span><\/p>\n<hr \/>\n<h2><strong><span style=\"color: #ff0000;\">Trimi \/ Trims<\/span><\/strong><\/h2>\n<p>&nbsp;<\/p>\n<p><strong><a href=\"https:\/\/www.topohvar.at\/orte\/zv\/zv-tr-01-1\/\"><img loading=\"lazy\" decoding=\"async\" class=\"alignleft wp-image-68045\" src=\"https:\/\/www.topohvar.at\/wp-content\/uploads\/2024\/06\/zv-tr-01-2-300x147.jpg\" alt=\"\" width=\"114\" height=\"56\" srcset=\"https:\/\/www.topohvar.at\/wp-content\/uploads\/2024\/06\/zv-tr-01-2-300x147.jpg 300w, https:\/\/www.topohvar.at\/wp-content\/uploads\/2024\/06\/zv-tr-01-2-1024x503.jpg 1024w, https:\/\/www.topohvar.at\/wp-content\/uploads\/2024\/06\/zv-tr-01-2-768x377.jpg 768w, https:\/\/www.topohvar.at\/wp-content\/uploads\/2024\/06\/zv-tr-01-2.jpg 1080w\" sizes=\"auto, (max-width: 114px) 100vw, 114px\" \/><\/a>Trim \u00bbZV-TR-01\u00ab<br \/>\n<\/strong>ZV-TR-01 \/ Zavala, blizu ulaza u tunel<a name=\"po\"><\/a><\/p>\n<p style=\"text-align: right;\"><span style=\"color: #3366ff;\"><a style=\"color: #3366ff;\" href=\"#seite_oben\">natrag na vrh \/ Seitenanfang<\/a><\/span><\/p>\n<hr \/>\n<h2><strong><span style=\"color: #ff0000;\">Povijesne znamenitosti \/ historisches<\/span><\/strong><\/h2>\n<p>Bez objekata \/ kein Eintrag<\/p>\n<p style=\"text-align: right;\"><span style=\"color: #3366ff;\"><a style=\"color: #3366ff;\" href=\"#seite_oben\">natrag na vrh \/ Seitenanfang<\/a><\/span><\/p>\n","protected":false},"excerpt":{"rendered":"<p>Odaberite kategoriju \/ W\u00e4hlen Sie eine Kategorie aus\u00a0 \u00a0 \u00a0 \u00a0 \u00a0 \u00a0 Naselja \/ Siedlungen \/\/ Crkve \/ Kirchen \/\/ Kapele \/Kapellen \/\/ Kapelice \/Bildst\u00f6cke \/\/ Kri\u017eevi \/ Kreuze \/\/ Natpisi \/ Inschriften \/\/ Plo\u010de \/ Tafeln \/\/ Reljefi\/ &hellip; <a href=\"https:\/\/www.topohvar.at\/topo\/orte\/zv\/\">Weiterlesen <span class=\"meta-nav\">&rarr;<\/span><\/a><\/p>\n","protected":false},"author":1,"featured_media":0,"parent":19357,"menu_order":0,"comment_status":"closed","ping_status":"closed","template":"","meta":{"footnotes":""},"class_list":["post-119","page","type-page","status-publish","hentry"],"_links":{"self":[{"href":"https:\/\/www.topohvar.at\/topo\/wp-json\/wp\/v2\/pages\/119","targetHints":{"allow":["GET"]}}],"collection":[{"href":"https:\/\/www.topohvar.at\/topo\/wp-json\/wp\/v2\/pages"}],"about":[{"href":"https:\/\/www.topohvar.at\/topo\/wp-json\/wp\/v2\/types\/page"}],"author":[{"embeddable":true,"href":"https:\/\/www.topohvar.at\/topo\/wp-json\/wp\/v2\/users\/1"}],"replies":[{"embeddable":true,"href":"https:\/\/www.topohvar.at\/topo\/wp-json\/wp\/v2\/comments?post=119"}],"version-history":[{"count":68,"href":"https:\/\/www.topohvar.at\/topo\/wp-json\/wp\/v2\/pages\/119\/revisions"}],"predecessor-version":[{"id":74429,"href":"https:\/\/www.topohvar.at\/topo\/wp-json\/wp\/v2\/pages\/119\/revisions\/74429"}],"up":[{"embeddable":true,"href":"https:\/\/www.topohvar.at\/topo\/wp-json\/wp\/v2\/pages\/19357"}],"wp:attachment":[{"href":"https:\/\/www.topohvar.at\/topo\/wp-json\/wp\/v2\/media?parent=119"}],"curies":[{"name":"wp","href":"https:\/\/api.w.org\/{rel}","templated":true}]}}