{"id":12270,"date":"2018-09-23T06:11:29","date_gmt":"2018-09-23T04:11:29","guid":{"rendered":"https:\/\/www.topohvar.at\/?page_id=12270"},"modified":"2021-12-01T13:37:36","modified_gmt":"2021-12-01T12:37:36","slug":"mi-ck-04-1","status":"publish","type":"page","link":"https:\/\/www.topohvar.at\/topo\/orte\/mi\/mi-ck-04-1\/","title":{"rendered":"MILNA &#8211; Crkvica \u00bbPomo\u0107nice Kr\u0161\u0107ana\u00ab"},"content":{"rendered":"<p><a name=\"seite_oben\"><\/a><br \/>\n<strong><img loading=\"lazy\" decoding=\"async\" class=\"alignnone wp-image-12244 size-large\" src=\"https:\/\/www.topohvar.at\/wp-content\/uploads\/2018\/09\/mi-ck-04-00-1024x503.jpg\" alt=\"\" width=\"640\" height=\"314\" srcset=\"https:\/\/www.topohvar.at\/wp-content\/uploads\/2018\/09\/mi-ck-04-00-1024x503.jpg 1024w, https:\/\/www.topohvar.at\/wp-content\/uploads\/2018\/09\/mi-ck-04-00-300x147.jpg 300w, https:\/\/www.topohvar.at\/wp-content\/uploads\/2018\/09\/mi-ck-04-00-768x377.jpg 768w, https:\/\/www.topohvar.at\/wp-content\/uploads\/2018\/09\/mi-ck-04-00.jpg 1080w\" sizes=\"auto, (max-width: 640px) 100vw, 640px\" \/><\/strong><\/p>\n<p><strong>Ime \/ Name<br \/>\n<\/strong>Crkvica \u00bbPomo\u0107nice Kr\u0161\u0107ana\u00ab \/ kleine Kirche der Nothelfer Christi<\/p>\n<p><strong>Code: <\/strong>MI-CK-04\u00a0 \u00a0 \u00a0 \u00a0 \u00a0 \u00a0 \u00a0 \u00a0 \u00a0 \u00a0 \u00a0 \u00a0 \u00a0 \u00a0 \u00a0 \u00a0 \u00a0 \u00a0 \u00a0 \u00a0\u00a0<strong><a href=\"https:\/\/www.topohvar.at\/orte\/mi\/mi-ck-02-1\/\"><img loading=\"lazy\" decoding=\"async\" class=\"alignnone wp-image-533 size-full\" src=\"https:\/\/www.topohvar.at\/wp-content\/uploads\/2018\/07\/push-l-30.jpg\" alt=\"\" width=\"61\" height=\"30\" \/><\/a> <a href=\"https:\/\/www.topohvar.at\/orte\/mi\/\"><img loading=\"lazy\" decoding=\"async\" class=\"alignnone wp-image-535 size-full\" src=\"https:\/\/www.topohvar.at\/wp-content\/uploads\/2018\/07\/push-o-30.jpg\" alt=\"\" width=\"61\" height=\"30\" \/><\/a> <a href=\"https:\/\/www.topohvar.at\/orte\/mi\/mi-ci-01-1\/\"><img loading=\"lazy\" decoding=\"async\" class=\"alignnone wp-image-536 size-full\" src=\"https:\/\/www.topohvar.at\/wp-content\/uploads\/2018\/07\/push-r-30.jpg\" alt=\"\" width=\"61\" height=\"30\" \/><\/a>\u00a0<\/strong><\/p>\n<hr \/>\n<p><strong>Adresa \/ Adresse<br \/>\n<\/strong>Mala Milna, Boglich<\/p>\n<p><strong>Lokacija \/ Position<a href=\"https:\/\/goo.gl\/maps\/fLDPaeHdfiau718F6\"><img loading=\"lazy\" decoding=\"async\" class=\"alignright wp-image-12491\" src=\"https:\/\/www.topohvar.at\/wp-content\/uploads\/2018\/09\/0458.jpg\" alt=\"\" width=\"134\" height=\"100\" \/><\/a><br \/>\n<\/strong><span style=\"color: #3366ff;\"><a style=\"color: #3366ff;\" href=\"https:\/\/goo.gl\/maps\/fLDPaeHdfiau718F6\">Latitude: N 43,16275\u00b0\u00a0 \u00a0Longitude: E 16,48437\u00b0<\/a> <\/span><strong><br \/>\n<\/strong>Visina \/ H\u00f6he: 14 m<\/p>\n<p><strong>Katastarska \u010destica <\/strong><strong>\/ Grundst\u00fccke<br \/>\n<\/strong>*569\u00a0<div class='content-column one_half'><div style=\"padding-right:6px;\"><p><strong>Datum snimanja \/ Erfassungsdatum<br \/>\n<\/strong>23.10.2014 09:40:30<\/p>\n<hr \/>\n<p><strong>Informacije<\/strong><\/p>\n<p>Od godine 1791. do 1884. u ljetnikovca Ivani\u0107-Bogli\u0107a nalazila se ku\u0107a bogomolja Gospe Ru\u017earice.<\/p><\/div><\/div><div class='content-column one_half last_column'><div style=\"padding-right:0px;padding-left:6px;\"><p><strong>Stupanj za\u0161tite<\/strong><strong> \/ Schutzstellung<br \/>\n<\/strong>&#8211;<\/p>\n<hr \/>\n<p><strong>Info<\/strong><\/p>\n<p>Vom Jahr 1791 bis zum Jahr 1884 bestand im Sommersitz der Ivani\u0107- Bogli\u0107 eine Hauskapelle die Unserer Lieben Frau vom Rosenkranz gewidmet war.<\/p><\/div><\/div><div class='clear_column'><\/div><div class='content-column one_half'><div style=\"padding-right:6px;\"><p>Prof. Don Jakov Bogli\u0107 je u 1884. g. podigao uz ljetnikovac Ivani\u0107- Bogli\u0107 (poslije Bo\u017ei\u0107) novu crkvicu Pomo\u0107nice Kr\u0161\u0107ana (blagdan 24. svibnja) na polo\u017eaju Ple\u0107e. Gradnju su izveli \u0160imun (zidar) i Antun (drvodjelac) i bra\u0107a Marchi, uz sudjelovanje malograbljskih pomo\u0107nih radnika. Iste godine, 28. kolovoza, crkva je sve\u010dano otvorila don Jakova Novaka &#8211; \u201eBatina\u201c.<\/p><\/div><\/div><div class='content-column one_half last_column'><div style=\"padding-right:0px;padding-left:6px;\"><p>In Jahr 1884. errichtete Prof. Don Jakov Bogli\u0107 in der Gegend Ple\u0107e neben dem Sommerhaus &#8211; Ivani\u0107- Bogli\u0107 (sp\u00e4ter Bo\u017ei\u0107) eine neue Kirche zu Ehren der Nothelfer Christ (Festtag am 24. Mai). Ausgef\u00fchrt wurde der Bau von \u0160imun (Maurer) und Antun (Zimmermann) sowie den Br\u00fcder Marchi, unter Beteiligung Malograbljer Hilfskr\u00e4fte. Im selben Jahr, am 28. August, weihte die Kirche Don Jakob Novak &#8211; &#8222;Batina&#8220; ein.<\/p><\/div><\/div><div class='clear_column'><\/div><div class='content-column one_half'><div style=\"padding-right:6px;\"><p>Crkvica je u obiteljskom posjedu do danas, no u njoj se od 1990-ih vi\u0161e ne obavlja bogoslu\u017eje.<\/p><\/div><\/div><div class='content-column one_half last_column'><div style=\"padding-right:0px;padding-left:6px;\"><p>Die Kirche befindet sich bis heute in Familienbesitz, aber seit 1990 gibt es keinen Gottesdienst mehr.<\/p><\/div><\/div><div class='clear_column'><\/div><\/p>\n<p style=\"text-align: right;\"><span style=\"color: #3366ff;\"><a style=\"color: #3366ff;\" href=\"#seite_oben\">natrag na vrh \/ Seitenanfang<\/a><\/span><\/p>\n<hr \/>\n<p><strong>Linkovi \/ Links<\/strong><\/p>\n<p><span style=\"color: #3366ff;\"><a style=\"color: #3366ff;\" href=\"https:\/\/www.topohvar.at\/orte\/mi\/mi-tg-02-1\/\">Ljetnikovac \/ Sommerhaus Ivani\u0107-Bogli\u0107<\/a><\/span><\/p>\n","protected":false},"excerpt":{"rendered":"<p>Ime \/ Name Crkvica \u00bbPomo\u0107nice Kr\u0161\u0107ana\u00ab \/ kleine Kirche der Nothelfer Christi Code: MI-CK-04\u00a0 \u00a0 \u00a0 \u00a0 \u00a0 \u00a0 \u00a0 \u00a0 \u00a0 \u00a0 \u00a0 \u00a0 \u00a0 \u00a0 \u00a0 \u00a0 \u00a0 \u00a0 \u00a0 \u00a0\u00a0 \u00a0 Adresa \/ Adresse Mala Milna, Boglich &hellip; <a href=\"https:\/\/www.topohvar.at\/topo\/orte\/mi\/mi-ck-04-1\/\">Weiterlesen <span class=\"meta-nav\">&rarr;<\/span><\/a><\/p>\n","protected":false},"author":1,"featured_media":0,"parent":87,"menu_order":0,"comment_status":"closed","ping_status":"closed","template":"","meta":{"footnotes":""},"class_list":["post-12270","page","type-page","status-publish","hentry"],"_links":{"self":[{"href":"https:\/\/www.topohvar.at\/topo\/wp-json\/wp\/v2\/pages\/12270","targetHints":{"allow":["GET"]}}],"collection":[{"href":"https:\/\/www.topohvar.at\/topo\/wp-json\/wp\/v2\/pages"}],"about":[{"href":"https:\/\/www.topohvar.at\/topo\/wp-json\/wp\/v2\/types\/page"}],"author":[{"embeddable":true,"href":"https:\/\/www.topohvar.at\/topo\/wp-json\/wp\/v2\/users\/1"}],"replies":[{"embeddable":true,"href":"https:\/\/www.topohvar.at\/topo\/wp-json\/wp\/v2\/comments?post=12270"}],"version-history":[{"count":12,"href":"https:\/\/www.topohvar.at\/topo\/wp-json\/wp\/v2\/pages\/12270\/revisions"}],"predecessor-version":[{"id":54100,"href":"https:\/\/www.topohvar.at\/topo\/wp-json\/wp\/v2\/pages\/12270\/revisions\/54100"}],"up":[{"embeddable":true,"href":"https:\/\/www.topohvar.at\/topo\/wp-json\/wp\/v2\/pages\/87"}],"wp:attachment":[{"href":"https:\/\/www.topohvar.at\/topo\/wp-json\/wp\/v2\/media?parent=12270"}],"curies":[{"name":"wp","href":"https:\/\/api.w.org\/{rel}","templated":true}]}}