{"id":12272,"date":"2018-09-23T06:12:55","date_gmt":"2018-09-23T04:12:55","guid":{"rendered":"https:\/\/www.topohvar.at\/?page_id=12272"},"modified":"2021-12-01T13:38:29","modified_gmt":"2021-12-01T12:38:29","slug":"mi-cs-01-1","status":"publish","type":"page","link":"https:\/\/www.topohvar.at\/topo\/orte\/mi\/mi-cs-01-1\/","title":{"rendered":"MILNA &#8211; Kapelica \u00bbSv. Kristofora\u00ab"},"content":{"rendered":"<p><a name=\"seite_oben\"><\/a><br \/>\n<strong><img loading=\"lazy\" decoding=\"async\" class=\"alignnone wp-image-12245 size-large\" src=\"https:\/\/www.topohvar.at\/wp-content\/uploads\/2018\/09\/mi-cs-01-00-1024x503.jpg\" alt=\"\" width=\"640\" height=\"314\" srcset=\"https:\/\/www.topohvar.at\/wp-content\/uploads\/2018\/09\/mi-cs-01-00-1024x503.jpg 1024w, https:\/\/www.topohvar.at\/wp-content\/uploads\/2018\/09\/mi-cs-01-00-300x147.jpg 300w, https:\/\/www.topohvar.at\/wp-content\/uploads\/2018\/09\/mi-cs-01-00-768x377.jpg 768w, https:\/\/www.topohvar.at\/wp-content\/uploads\/2018\/09\/mi-cs-01-00.jpg 1080w\" sizes=\"auto, (max-width: 640px) 100vw, 640px\" \/><\/strong><\/p>\n<p><strong>Ime \/ Name<br \/>\n<\/strong>Kapelica \u00bbSv. Kristofora\u00ab \/ Bildstock des hl. Christophorus<\/p>\n<p><strong>Code: <\/strong>MI-CS-01\u00a0 \u00a0 \u00a0 \u00a0 \u00a0 \u00a0 \u00a0 \u00a0 \u00a0 \u00a0 \u00a0 \u00a0 \u00a0 \u00a0 \u00a0 \u00a0 \u00a0 \u00a0 \u00a0 \u00a0\u00a0<strong> <a href=\"https:\/\/www.topohvar.at\/orte\/mi\/\"><img loading=\"lazy\" decoding=\"async\" class=\"alignnone wp-image-535 size-full\" src=\"https:\/\/www.topohvar.at\/wp-content\/uploads\/2018\/07\/push-o-30.jpg\" alt=\"\" width=\"61\" height=\"30\" \/><\/a> <\/strong><\/p>\n<hr \/>\n<p><strong>Adresa \/ Adresse<br \/>\n<\/strong>Milna<\/p>\n<p><strong>Lokacija<\/strong><strong> \/ Position<a href=\"https:\/\/goo.gl\/maps\/dnGxDnWxiFTMZ8c67\"><img loading=\"lazy\" decoding=\"async\" class=\"alignright wp-image-12496\" src=\"https:\/\/www.topohvar.at\/wp-content\/uploads\/2018\/09\/0459.jpg\" alt=\"\" width=\"134\" height=\"100\" \/><\/a><br \/>\n<\/strong><span style=\"color: #3366ff;\"><a style=\"color: #3366ff;\" href=\"https:\/\/goo.gl\/maps\/dnGxDnWxiFTMZ8c67\">Latitude: N 43,16362\u00b0\u00a0 \u00a0Longitude: E 16,48554\u00b0<\/a> <\/span><strong><br \/>\n<\/strong>Visina \/ H\u00f6he: 33 m<\/p>\n<p><strong>Katastarska \u010destica <\/strong><strong>\/ Grundst\u00fccke<br \/>\n<\/strong>*480\u00a0<div class='content-column one_half'><div style=\"padding-right:6px;\"><p><strong>Datum snimanja \/ Erfassungsdatum<br \/>\n<\/strong>23.10.2014 09:23:32<\/p>\n<hr \/>\n<p><strong>Informacije<\/strong><\/p>\n<p>Kapelica sv. Kristofora (la Capellata di s. Cristoforo)<\/p><\/div><\/div><div class='content-column one_half last_column'><div style=\"padding-right:0px;padding-left:6px;\"><p><strong>Stupanj za\u0161tite<\/strong><strong> \/ Schutzstellung<br \/>\n<\/strong>&#8211;<\/p>\n<hr \/>\n<p><strong>Info<\/strong><\/p>\n<p>Bildstock des hl. Christophorus<\/p><\/div><\/div><div class='clear_column'><\/div><div class='content-column one_half'><div style=\"padding-right:6px;\"><p>Kapelica u Maloj Milni neposredno uz ljetnikovac Ivani\u0107-Bogli\u0107 (Bo\u017ei\u0107) spominje se 1817. godine, kada tu dobivaju zemlju u te\u017ea\u0161tinu bra\u0107a Ivan i Dinko p. Tudora. Mo\u017eda je bila podignuta od Bogli\u0107evih oko 1800. g., a pripadala je njima i njihovim nasljednicima. Ima tirolski kipi\u0107 sveca-naslovnika s malim Isusom.<\/p><\/div><\/div><div class='content-column one_half last_column'><div style=\"padding-right:0px;padding-left:6px;\"><p>Der Bildstock in Mala Milna, direkt neben dem Sommersitz der Ivani\u0107-Bogli\u0107 (Bo\u017ei\u0107), wird im Jahr 1817 erw\u00e4hnt, als die der Br\u00fcder Ivan und Dinko, P. Tudor, Land erhielten. Vermutlich wurde er um 1800 von Bogli\u0107 errichtet und geh\u00f6rte ihm und seinen Erben. In ihm befindet sich eine Tiroler Statue des Heiligen Christophorus mit Jesuskind.<\/p><\/div><\/div><div class='clear_column'><\/div><div class='content-column one_half'><div style=\"padding-right:6px;\"><p>Zanimljiv drevni zapor i na vrhu kameni kri\u017e s inicijalima:<\/p><\/div><\/div><div class='content-column one_half last_column'><div style=\"padding-right:0px;padding-left:6px;\"><p>Interessant ist die Ausf\u00fchrung der Spitze des Steinkreuzes mit den Initialen:<\/p><\/div><\/div><div class='clear_column'><\/div><\/p>\n<p style=\"text-align: center;\">I.N.R.I.<br \/>\n(<strong>I<\/strong>esus <strong>N<\/strong>azarenus <strong>R<\/strong>ex <strong>I<\/strong>udaeorum)<\/p>\n<div class='content-column one_half'><div style=\"padding-right:6px;\"><p>(= Isus Nazare\u0107anin, kralj \u017eidovski)<\/p><\/div><\/div><div class='content-column one_half last_column'><div style=\"padding-right:0px;padding-left:6px;\"><p>(= Jesus von Nazareth, K\u00f6nig der Juden)<\/p><\/div><\/div><div class='clear_column'><\/div><\/p>\n<p style=\"text-align: center;\">C.V.C.R.C.I.<br \/>\n(<strong>C<\/strong>hristus <strong>V<\/strong>incit, <strong>C<\/strong>hristus <strong>R<\/strong>egnat, <strong>C<\/strong>hristus <strong>I<\/strong>mperat)<\/p>\n<div class='content-column one_half'><div style=\"padding-right:6px;\"><p>(= Krist pobje\u0111uje, Krist kraoljuje, Krist vlada)<\/p><\/div><\/div><div class='content-column one_half last_column'><div style=\"padding-right:0px;padding-left:6px;\"><p>(= Christus gewinnt, Christus herrscht, Christus regiert)<\/p><\/div><\/div><div class='clear_column'><\/div><\/p>\n<p style=\"text-align: center;\">LSC &amp; MR S.I.<br \/>\n(<strong>L<\/strong>aus <strong>S<\/strong>anctae <strong>C<\/strong>ruci et <strong>M<\/strong>a<strong>R<\/strong>iae <strong>S<\/strong>it <strong>I<\/strong>ugiter)<\/p>\n<div class='content-column one_half'><div style=\"padding-right:6px;\"><p>(= Slava sv. Kri\u017eu i Mariji vazda)<\/p><\/div><\/div><div class='content-column one_half last_column'><div style=\"padding-right:0px;padding-left:6px;\"><p>(= Ehre dem Heiligen Kreuz und Maria f\u00fcr immer)<\/p><\/div><\/div><div class='clear_column'><\/div><\/p>\n<p style=\"text-align: right;\"><span style=\"color: #3366ff;\"><a style=\"color: #3366ff;\" href=\"#seite_oben\">natrag na vrh \/ Seitenanfang<\/a><\/span><\/p>\n<hr \/>\n<p><strong>Linkovi \/ Links<\/strong><\/p>\n<p>&#8211;<\/p>\n","protected":false},"excerpt":{"rendered":"<p>Ime \/ Name Kapelica \u00bbSv. Kristofora\u00ab \/ Bildstock des hl. Christophorus Code: MI-CS-01\u00a0 \u00a0 \u00a0 \u00a0 \u00a0 \u00a0 \u00a0 \u00a0 \u00a0 \u00a0 \u00a0 \u00a0 \u00a0 \u00a0 \u00a0 \u00a0 \u00a0 \u00a0 \u00a0 \u00a0\u00a0 Adresa \/ Adresse Milna Lokacija \/ Position Latitude: &hellip; <a href=\"https:\/\/www.topohvar.at\/topo\/orte\/mi\/mi-cs-01-1\/\">Weiterlesen <span class=\"meta-nav\">&rarr;<\/span><\/a><\/p>\n","protected":false},"author":1,"featured_media":0,"parent":87,"menu_order":0,"comment_status":"closed","ping_status":"closed","template":"","meta":{"footnotes":""},"class_list":["post-12272","page","type-page","status-publish","hentry"],"_links":{"self":[{"href":"https:\/\/www.topohvar.at\/topo\/wp-json\/wp\/v2\/pages\/12272","targetHints":{"allow":["GET"]}}],"collection":[{"href":"https:\/\/www.topohvar.at\/topo\/wp-json\/wp\/v2\/pages"}],"about":[{"href":"https:\/\/www.topohvar.at\/topo\/wp-json\/wp\/v2\/types\/page"}],"author":[{"embeddable":true,"href":"https:\/\/www.topohvar.at\/topo\/wp-json\/wp\/v2\/users\/1"}],"replies":[{"embeddable":true,"href":"https:\/\/www.topohvar.at\/topo\/wp-json\/wp\/v2\/comments?post=12272"}],"version-history":[{"count":10,"href":"https:\/\/www.topohvar.at\/topo\/wp-json\/wp\/v2\/pages\/12272\/revisions"}],"predecessor-version":[{"id":54101,"href":"https:\/\/www.topohvar.at\/topo\/wp-json\/wp\/v2\/pages\/12272\/revisions\/54101"}],"up":[{"embeddable":true,"href":"https:\/\/www.topohvar.at\/topo\/wp-json\/wp\/v2\/pages\/87"}],"wp:attachment":[{"href":"https:\/\/www.topohvar.at\/topo\/wp-json\/wp\/v2\/media?parent=12272"}],"curies":[{"name":"wp","href":"https:\/\/api.w.org\/{rel}","templated":true}]}}