{"id":12282,"date":"2018-09-23T06:21:26","date_gmt":"2018-09-23T04:21:26","guid":{"rendered":"https:\/\/www.topohvar.at\/?page_id=12282"},"modified":"2021-12-01T13:42:13","modified_gmt":"2021-12-01T12:42:13","slug":"mi-is-02-1","status":"publish","type":"page","link":"https:\/\/www.topohvar.at\/topo\/orte\/mi\/mi-is-02-1\/","title":{"rendered":"MILNA &#8211; Spomen plo\u010da \u00bbDon Juri Beli\u0107\u00ab"},"content":{"rendered":"<p><strong><img loading=\"lazy\" decoding=\"async\" class=\"alignnone wp-image-12249 size-large\" src=\"https:\/\/www.topohvar.at\/wp-content\/uploads\/2018\/09\/mi-is-02-00-1024x503.jpg\" alt=\"\" width=\"640\" height=\"314\" srcset=\"https:\/\/www.topohvar.at\/wp-content\/uploads\/2018\/09\/mi-is-02-00-1024x503.jpg 1024w, https:\/\/www.topohvar.at\/wp-content\/uploads\/2018\/09\/mi-is-02-00-300x147.jpg 300w, https:\/\/www.topohvar.at\/wp-content\/uploads\/2018\/09\/mi-is-02-00-768x377.jpg 768w, https:\/\/www.topohvar.at\/wp-content\/uploads\/2018\/09\/mi-is-02-00.jpg 1080w\" sizes=\"auto, (max-width: 640px) 100vw, 640px\" \/><\/strong><\/p>\n<p><strong>Ime \/ Name<br \/>\n<\/strong>Spomen plo\u010da \/ Gedenktafel \u00bbDon Juri Beli\u0107\u00ab<\/p>\n<p><strong>Code: <\/strong>MI-IS-02\u00a0 \u00a0 \u00a0 \u00a0 \u00a0 \u00a0 \u00a0 \u00a0 \u00a0 \u00a0 \u00a0 \u00a0 \u00a0 \u00a0 \u00a0 \u00a0 \u00a0 \u00a0 \u00a0 \u00a0<a href=\"https:\/\/www.topohvar.at\/orte\/mi\/mi-ip-01-1\/\"><img loading=\"lazy\" decoding=\"async\" class=\"alignnone wp-image-12300 size-full\" src=\"https:\/\/www.topohvar.at\/wp-content\/uploads\/2018\/09\/push-vor-30.jpg\" alt=\"\" width=\"61\" height=\"30\" \/><\/a>\u00a0<strong><a href=\"https:\/\/www.topohvar.at\/orte\/mi\/mi-is-01-1\/\"><img loading=\"lazy\" decoding=\"async\" class=\"alignnone wp-image-533 size-full\" src=\"https:\/\/www.topohvar.at\/wp-content\/uploads\/2018\/07\/push-l-30.jpg\" alt=\"\" width=\"61\" height=\"30\" \/><\/a> <a href=\"https:\/\/www.topohvar.at\/orte\/mi\/\"><img loading=\"lazy\" decoding=\"async\" class=\"alignnone wp-image-535 size-full\" src=\"https:\/\/www.topohvar.at\/wp-content\/uploads\/2018\/07\/push-o-30.jpg\" alt=\"\" width=\"61\" height=\"30\" \/><\/a> <a href=\"https:\/\/www.topohvar.at\/orte\/mi\/mi-is-03-1\/\"><img loading=\"lazy\" decoding=\"async\" class=\"alignnone wp-image-536 size-full\" src=\"https:\/\/www.topohvar.at\/wp-content\/uploads\/2018\/07\/push-r-30.jpg\" alt=\"\" width=\"61\" height=\"30\" \/><\/a><\/strong><\/p>\n<hr \/>\n<p><strong>Adresa \/ Adresse<br \/>\n<\/strong>Milna, crkva Sv. Teodor \/ Kirche zum hl. Theodor<\/p>\n<p><strong>Lokacija \/ Position<a href=\"https:\/\/goo.gl\/maps\/aSjXfqosz4m4gj6o7\"><img loading=\"lazy\" decoding=\"async\" class=\"alignright wp-image-12462\" src=\"https:\/\/www.topohvar.at\/wp-content\/uploads\/2018\/09\/0454.jpg\" alt=\"\" width=\"134\" height=\"100\" \/><\/a><br \/>\n<\/strong><span style=\"color: #3366ff;\"><a style=\"color: #3366ff;\" href=\"https:\/\/goo.gl\/maps\/aSjXfqosz4m4gj6o7\">Latitude: N 43,16343\u00b0\u00a0 \u00a0Longitude: E 16,48702\u00b0<\/a><\/span> <strong><br \/>\n<\/strong>Visina \/ H\u00f6he: 13 m<\/p>\n<p><strong>Katastarska \u010destica <\/strong><strong>\/ Grundst\u00fccke<br \/>\n<\/strong>3486\/7\u00a0<div class='content-column one_half'><div style=\"padding-right:6px;\"><p><strong>Datum snimanja \/ Erfassungsdatum<br \/>\n<\/strong>27.05.2013 11:29:56<\/p>\n<hr \/>\n<p><strong>Informacije<\/strong><\/p>\n<p>Jure Beli\u0107 iz Jelse, \u017eupnik i kanonik u Hvaru opslu\u017eivao je Milnu dvadeset godina, kako gevori spomen plo\u010da s njegovim likom na zapadnom zidu dvori\u0161ta \u017eupnice.<\/p><\/div><\/div><div class='content-column one_half last_column'><div style=\"padding-right:0px;padding-left:6px;\"><p><strong>Stupanj za\u0161tite<\/strong><strong> \/ Schutzstellung<br \/>\n<\/strong>&#8211;<\/p>\n<hr \/>\n<p><strong>Info<\/strong><\/p>\n<p>Jure Beli\u0107 aus Jelsa, Pfarrer und Domherr in Hvar, diente in Milna zwanzig Jahre lang wie die Gedenktafel mit seinem Portr\u00e4t an der Westwand des Pfarrhofes zeigt.<\/p><\/div><\/div><div class='clear_column'><\/div><div class='content-column one_half'><div style=\"padding-right:6px;\"><p>Natpis:<\/p>\n<p style=\"text-align: center;\">SVOM \u017dUPNIKU<br \/>\nDON <strong>JURI BELI\u0106<\/strong><br \/>\nUPRAVITELJU \u017dUPE 1962 \u2013 1982<br \/>\n\u010cIJIM JE POTICAJEM IZGRA\u0110ENA<br \/>\nOVA \u017dUPNA CRKVA I UREDNO<br \/>\nNJENO DVORISTE<br \/>\nOVO SPOMEN PLO\u010cU O SEDMOJ<br \/>\nOBLJETNICI SMRTI POSTAVLJAJU<br \/>\nZAHVALNI MILNARANI<\/p><\/div><\/div><div class='content-column one_half last_column'><div style=\"padding-right:0px;padding-left:6px;\"><p>Inschrift:<\/p>\n<p style=\"text-align: center;\">Auf Dr\u00e4ngen des Pfarrers<br \/>\nDon <strong>Juri Beli\u0107<\/strong><br \/>\nPfarradministrator von 1962 \u2013 1982<br \/>\nwurden diese<br \/>\nPfarrkirche<br \/>\nund der Pfarrhof erbaut.<br \/>\nDiese Gedenktafel wurde an seinem<br \/>\nsiebenten Todestag von den dankbaren<br \/>\nBewohnern Milnas errichtet.<\/p><\/div><\/div><div class='clear_column'><\/div><\/p>\n<p style=\"text-align: right;\"><span style=\"color: #3366ff;\"><a style=\"color: #3366ff;\" href=\"#seite_oben\">natrag na vrh \/ Seitenanfang<\/a><\/span><\/p>\n<hr \/>\n<p><strong>Linkovi \/ Links<\/strong><\/p>\n<p><span style=\"color: #3366ff;\"><a style=\"color: #3366ff;\" href=\"https:\/\/www.topohvar.at\/orte\/mi\/mi-ci-01-1\/\">\u017dupna crkva \u00bbSv. Teodor mu\u010denik\u00ab \/ Pfarrkirche des hl. M\u00e4rtyrers Theodor<\/a><\/span><\/p>\n","protected":false},"excerpt":{"rendered":"<p>Ime \/ Name Spomen plo\u010da \/ Gedenktafel \u00bbDon Juri Beli\u0107\u00ab Code: MI-IS-02\u00a0 \u00a0 \u00a0 \u00a0 \u00a0 \u00a0 \u00a0 \u00a0 \u00a0 \u00a0 \u00a0 \u00a0 \u00a0 \u00a0 \u00a0 \u00a0 \u00a0 \u00a0 \u00a0 \u00a0\u00a0 Adresa \/ Adresse Milna, crkva Sv. Teodor \/ Kirche &hellip; <a href=\"https:\/\/www.topohvar.at\/topo\/orte\/mi\/mi-is-02-1\/\">Weiterlesen <span class=\"meta-nav\">&rarr;<\/span><\/a><\/p>\n","protected":false},"author":1,"featured_media":0,"parent":87,"menu_order":0,"comment_status":"closed","ping_status":"closed","template":"","meta":{"footnotes":""},"class_list":["post-12282","page","type-page","status-publish","hentry"],"_links":{"self":[{"href":"https:\/\/www.topohvar.at\/topo\/wp-json\/wp\/v2\/pages\/12282","targetHints":{"allow":["GET"]}}],"collection":[{"href":"https:\/\/www.topohvar.at\/topo\/wp-json\/wp\/v2\/pages"}],"about":[{"href":"https:\/\/www.topohvar.at\/topo\/wp-json\/wp\/v2\/types\/page"}],"author":[{"embeddable":true,"href":"https:\/\/www.topohvar.at\/topo\/wp-json\/wp\/v2\/users\/1"}],"replies":[{"embeddable":true,"href":"https:\/\/www.topohvar.at\/topo\/wp-json\/wp\/v2\/comments?post=12282"}],"version-history":[{"count":9,"href":"https:\/\/www.topohvar.at\/topo\/wp-json\/wp\/v2\/pages\/12282\/revisions"}],"predecessor-version":[{"id":54106,"href":"https:\/\/www.topohvar.at\/topo\/wp-json\/wp\/v2\/pages\/12282\/revisions\/54106"}],"up":[{"embeddable":true,"href":"https:\/\/www.topohvar.at\/topo\/wp-json\/wp\/v2\/pages\/87"}],"wp:attachment":[{"href":"https:\/\/www.topohvar.at\/topo\/wp-json\/wp\/v2\/media?parent=12282"}],"curies":[{"name":"wp","href":"https:\/\/api.w.org\/{rel}","templated":true}]}}