{"id":12294,"date":"2018-09-23T06:34:43","date_gmt":"2018-09-23T04:34:43","guid":{"rendered":"https:\/\/www.topohvar.at\/?page_id=12294"},"modified":"2021-12-01T13:48:13","modified_gmt":"2021-12-01T12:48:13","slug":"mi-tg-02-1","status":"publish","type":"page","link":"https:\/\/www.topohvar.at\/topo\/orte\/mi\/mi-tg-02-1\/","title":{"rendered":"MILNA &#8211; Ljetnikovac \u00bbBo\u017ei\u0107-Ivani\u0107\u00ab"},"content":{"rendered":"<p><a name=\"seite_oben\"><\/a><br \/>\n<strong><img loading=\"lazy\" decoding=\"async\" class=\"alignnone wp-image-29290 size-large\" src=\"https:\/\/www.topohvar.at\/wp-content\/uploads\/2020\/01\/mi-tg-02-7-1024x503.jpg\" alt=\"\" width=\"640\" height=\"314\" srcset=\"https:\/\/www.topohvar.at\/wp-content\/uploads\/2020\/01\/mi-tg-02-7-1024x503.jpg 1024w, https:\/\/www.topohvar.at\/wp-content\/uploads\/2020\/01\/mi-tg-02-7-300x147.jpg 300w, https:\/\/www.topohvar.at\/wp-content\/uploads\/2020\/01\/mi-tg-02-7-768x377.jpg 768w, https:\/\/www.topohvar.at\/wp-content\/uploads\/2020\/01\/mi-tg-02-7.jpg 1080w\" sizes=\"auto, (max-width: 640px) 100vw, 640px\" \/><\/strong><\/p>\n<p><strong>Ime \/ Name<br \/>\n<\/strong>Ljetnikovac \/ Sommerhaus \u00bbBo\u017ei\u0107-Ivani\u0107\u00ab<\/p>\n<p><strong>Code: <\/strong>MI-TG-02\u00a0 \u00a0 \u00a0 \u00a0 \u00a0 \u00a0 \u00a0 \u00a0 \u00a0 \u00a0 \u00a0 \u00a0 \u00a0 \u00a0 \u00a0 \u00a0 \u00a0 \u00a0 \u00a0 <a href=\" https:\/\/www.topohvar.at\/orte\/mi\/mi-tg-04-1\/\"><img loading=\"lazy\" decoding=\"async\" class=\"alignnone wp-image-12300 size-full\" src=\"https:\/\/www.topohvar.at\/wp-content\/uploads\/2018\/09\/push-vor-30.jpg\" alt=\"\" width=\"61\" height=\"30\" \/><\/a>\u00a0<strong><a href=\"https:\/\/www.topohvar.at\/orte\/mi\/\"><img loading=\"lazy\" decoding=\"async\" class=\"alignnone wp-image-535 size-full\" src=\"https:\/\/www.topohvar.at\/wp-content\/uploads\/2018\/07\/push-o-30.jpg\" alt=\"\" width=\"61\" height=\"30\" \/><\/a>\u00a0<a href=\"https:\/\/www.topohvar.at\/orte\/mi\/mi-tg-03-1\/\"><img loading=\"lazy\" decoding=\"async\" class=\"alignnone wp-image-536 size-full\" src=\"https:\/\/www.topohvar.at\/wp-content\/uploads\/2018\/07\/push-r-30.jpg\" alt=\"\" width=\"61\" height=\"30\" \/><\/a><\/strong><\/p>\n<hr \/>\n<p><strong>Adresa \/ Adresse<br \/>\n<\/strong>Malo Milna<\/p>\n<p><strong>Lokacija \/ Position<a href=\"https:\/\/goo.gl\/maps\/5j8DMeasi1jtp4fT6\"><img loading=\"lazy\" decoding=\"async\" class=\"alignright wp-image-12556\" src=\"https:\/\/www.topohvar.at\/wp-content\/uploads\/2018\/09\/0463.jpg\" alt=\"\" width=\"134\" height=\"100\" \/><\/a><br \/>\n<\/strong><span style=\"color: #3366ff;\"><a style=\"color: #3366ff;\" href=\"https:\/\/goo.gl\/maps\/5j8DMeasi1jtp4fT6\">Latitude: N 43,16288\u00b0\u00a0 \u00a0Longitude: E 16,48381\u00b0<\/a> <\/span><strong><br \/>\n<\/strong>Visina \/ H\u00f6he: 12 m<\/p>\n<p><strong>Katastarska \u010destica <\/strong><strong>\/ Grundst\u00fccke<br \/>\n<\/strong>*474, *475, *476, *477, *569, 3498\/2, 3499, 3500\/1, 3512, 4516 <div class='content-column one_half'><div style=\"padding-right:6px;\"><p><strong>Datum snimanja \/ Erfassungsdatum<br \/>\n<\/strong>01.01.2000 00:00:00<br \/>\n.<\/p>\n<hr \/>\n<p><strong>Informacije<\/strong><\/p>\n<p>Na zapadu sela Milna u uvali nalazi se barokni ljetnikovac patricijske obitelji Ivani\u0107 (potomaka Matije Ivani\u0107a), danas Bogli\u0107-Bo\u017ei\u0107 (vl. Giana Fio). Ivani\u0107i su ljetnikovac u Maloj Milni definirali u prvoj polovini 17. stolje\u0107a, u vrijeme svog najve\u0107eg gospodarskog procvata, u to doba vlasnici najve\u0107eg dijela uvale i zapadnog dijele kotline. Potkraj 18. stolje\u0107a posjed je imao oko 72 hektara s oko 15 hektara vinograda i 6 hektara maslinika.<\/p><\/div><\/div><div class='content-column one_half last_column'><div style=\"padding-right:0px;padding-left:6px;\"><p><strong>Stupanj za\u0161tite<\/strong><strong> \/ Schutzstellung<br \/>\n<\/strong>RST-484, 24\/354-1970, RST 874, P-1789 (Zemlji\u0161ne parcele ljetnikovca Ivani\u0107)<\/p>\n<hr \/>\n<p><strong>Info<\/strong><\/p>\n<p>Im Westen von Milna, in der Bucht, befindet sich das barocke Herrenhaus der Patrizierfamilie Ivani\u0107, die Nachfahren des Matij Ivani\u0107, des F\u00fchrer des Hvarer Volksaufstandes, heute Bogli\u0107-Bo\u017ei\u0107 (vl. Giana Fio). Die Ivani\u0107 errichteten die Sommerresidenz in Malo Milna in der ersten H\u00e4lfte des 17. Jh., in der Zeit ihres gr\u00f6\u00dften wirtschaftlichen Wohlstands. Sie besa\u00dfen damals den gr\u00f6\u00dften Teil der Bucht und des westlichen Teils des Tales. Ende des 18. Jh. hatte das Landgut ein Ausma\u00df von 72 Hektar mit etwa 15 Hektar Weinbergen und 6 Hektar Olivenhainen.<\/p><\/div><\/div><div class='clear_column'><\/div><div class='content-column one_half'><div style=\"padding-right:6px;\"><p>Sagra\u0111en je u isto\u010dnom, za\u0161ti\u0107enom dijelu uvale, nedaleko morske obale. Ogra\u0111en je visokim zidom. Sa zapadne strane ku\u0107e je dvori\u0161te, a s isto\u0107ne manji vrt.<\/p><\/div><\/div><div class='content-column one_half last_column'><div style=\"padding-right:0px;padding-left:6px;\"><p>Das Haus wurde im \u00f6stlichen, abgelegenen Teil der Bucht, nicht weit vom Meer entfernt., gebaut und ist mit einer hohen Mauer umgeben. Auf der Westseite des Hauses befindet sich ein Hof und im Osten ein kleiner Garten.<\/p><\/div><\/div><div class='clear_column'><\/div><div class='content-column one_half'><div style=\"padding-right:6px;\"><p>U krasno kameno poplo\u010danom dvori\u0161tu zapadno od ulaza nalazi se kruna gustirne identi\u010dna onoj iz hvarskog\u00a0ku\u0107a Bu\u010di\u0107a.\u00a0Kruna dimenzija 74 x 71, visina 81 cm, podest visine 7 cm, promjer otvora 47 cm. \u017dljebovi sa svih strana. Duboka je 3,80 m.<\/p><\/div><\/div><div class='content-column one_half last_column'><div style=\"padding-right:0px;padding-left:6px;\"><p>In dem wundersch\u00f6nen, gepflasterten Hof befindet sich westlich des Eingangs eine Zisterne mit Brunnenkrone, die mit der des Hauses Bu\u010di\u0107 in Hvar identisch ist. Die Ma\u00dfe: 74 x 71, H\u00f6he 81 cm, H\u00f6he des Podestes 7 cm, Durchmesser der \u00d6ffnung 47 cm. Rinnen an allen Seiten. Die Tiefe der Zisterne betr\u00e4gt 3,80 m.<\/p><\/div><\/div><div class='clear_column'><\/div><div class='content-column one_half'><div style=\"padding-right:6px;\"><p>Na ju\u017enoj strani dvori\u0161ta je podignuta manja terasa, na \u010djem ogradnom zidu se uzdi\u017eu stupovi odrine. Ku\u0107a je jednokatnica, pravokutnog tlocrta. Uz more je manja prizemnica, s ogra\u0111enim dvori\u0161tem na ju\u017enoj strani. Zid dvori\u0161ta ima pu\u0161karnice i okovanim vratima. U ku\u0107i,na stepeni\u0161tu za 2. kat, nalazi se grb Ivani\u0107a u prizemnoj dvorani Bogli\u0107a, dok su zidne crtarije iz druge polovice XIX st. Dva kamena portreta \u010dlanova obitelji Ivani\u0107 potje\u0107u iz XVII st. Zanimljivo je istaknuti dva mu\u0161ka barokna poprsja s grbovima Ivani\u0107a u dvori\u0161tu ljetnikovca, koji vjerojatno prikazuju Gabrijela i Jerolima Ivani\u0107a.<\/p><\/div><\/div><div class='content-column one_half last_column'><div style=\"padding-right:0px;padding-left:6px;\"><p>An der S\u00fcdseite des Hofes befindet sich eine kleine Terrasse mit einem Gel\u00e4nder aus Steins\u00e4ulchen. Das Haus ist einst\u00f6ckig und hat einen rechteckigen Grundriss. In der N\u00e4he des Meeres befindet sich ein kleines ebenerdiges Haus mit eingez\u00e4untem Hof auf der S\u00fcdseite. Die Mauer des Hofes hat Schie\u00dfscharten und gesicherte Tore. Im Haus befindet sich auf der Treppe zum 2. Stock ein Wappen der Ivani\u0107. Im Erdgeschoss ist die Halle der Bogli\u0107. Die Wandmalereien stammen aus der zweiten H\u00e4lfte des 19. Jh. Zwei Steinportr\u00e4ts von Mitgliedern der Familie Ivani\u0107 stammen aus dem 17. Jh. Interessant sind zwei M\u00e4nnerb\u00fcsten am Hof mit Wappen der Ivani\u0107, die wahrscheinlich Gabrijel und Jerolim Ivani\u0107 darstellen.<\/p><\/div><\/div><div class='clear_column'><\/div><div class='content-column one_half'><div style=\"padding-right:6px;\"><p>U 18. stolje\u0107u je nedaleko ljetnikovca podignuta gospodarska zgrada, sa \u0161tukaturama na ju\u017enom pro\u010delju. Gospodarskim zgradama, baroknih linija uz prilaz moru i nizom stilskih detalja.<\/p><\/div><\/div><div class='content-column one_half last_column'><div style=\"padding-right:0px;padding-left:6px;\"><p>Im 18. Jh. wurde in der N\u00e4he des Herrenhauses ein Wirtschaftsgeb\u00e4ude mit Stuckarbeiten an der S\u00fcdfassade errichtet. Das Wirtschaftsgeb\u00e4ude hatte barocke Linienf\u00fchrung, Zugang zum Meer und viele stilvolle Details.<\/p><\/div><\/div><div class='clear_column'><\/div><div class='content-column one_half'><div style=\"padding-right:6px;\"><p>Ku\u0107na bogomolja Gospe Ru\u017earice u ljetnikovcu Ivani\u0107- Bogli\u0107 (poslije Bo\u017ei\u0107) nastala je 1791. g., kada je 29. 7. papa Pio VI. izdao Bogli\u0107ima apostolsko pismo s dopu\u0161tenjem za njen nastanak. U rujnu iste godine (19. 9.) pohodio ju je Biskupov izaslanik, arhi\u0111akon Jakov Foreti\u0107.<\/p><\/div><\/div><div class='content-column one_half last_column'><div style=\"padding-right:0px;padding-left:6px;\"><p>Die Hauskapelle Unserer Lieben Frau vom Rosenkranz im Sommerhaus des Ivani\u0107-Bogli\u0107 (nachher Bo\u017ei\u0107) entstand 1791, als am 29. Juli Papst Pius VI. Bogli\u0107 in einem apostolischen Brief die Erlaubnis f\u00fcr deren Errichtung gab. Im September desselben Jahres (19. September) besuchte der Gesandte des Erzbischofs, der Archidiakon Jakov Foreti\u0107.<\/p><\/div><\/div><div class='clear_column'><\/div><div class='content-column one_half'><div style=\"padding-right:6px;\"><p>Crkvica bila je u sjevernom dijelu prizemlja glavne zgrade (kasnijoj kuhinji), s podom od crveno-bijelih kerami\u010dki plo\u010da (tavelle), i s drvenim oltarem izme\u0111u dvaju prozora; na oltaru staja\u0161e pala s prikazom Ru\u017earice i Djeti\u0107a, te sa strana dvaju malih likova, sv. Domenika i sv. Vinka Ferrerskog.<\/p><\/div><\/div><div class='content-column one_half last_column'><div style=\"padding-right:0px;padding-left:6px;\"><p>Die Kapelle war im n\u00f6rdlichen Teil des Erdgeschosses des Hauptgeb\u00e4udes (sp\u00e4ter K\u00fcche) untergebracht. Sie hatte einen rot-wei\u00dfen Fliesenboden und einem h\u00f6lzernen Altar zwischen zwei Fenstern. Auf der Altarempore Stand die Statue Unsere Liebe Frau vom Rosenkranz mit Kind, links und rechts zwei kleine Figuren, der hl. Dominik und der hl. Vinko Ferrerskog.<\/p><\/div><\/div><div class='clear_column'><\/div><div class='content-column one_half'><div style=\"padding-right:6px;\"><p>Na\u0161av\u0161i ovaj oratorij potpuno opremljen ruhom, kale\u017eom, mjedenim kandilcem itd., arhi\u0111akon ga je Forite\u0107 istoga dana blagoslovio. \u2013 Postojao je valjda do 1884. g., tj. do gradnje nove crkvice Bogli\u0107 u blizini ljetnikovca, posve\u0107ene Pomo\u0107nici kr\u0161\u0107ana, a njegova oltarna slika vjerojatno je ona poslije u Malom Grablju, a danas u milnarskoj \u017eupnoj crkvi.<\/p><\/div><\/div><div class='content-column one_half last_column'><div style=\"padding-right:0px;padding-left:6px;\"><p>Nachdem Erzbischof Forite\u0107 dieses Oratorium, vollst\u00e4ndig mit Tuch, Kelch, Messingleuchter usw. ausgestattet, vorgefunden hatte, segnete er es an diesem Tag. Die Kapelle diente wahrscheinlich bis 1884 als in Bogli\u0107 in der N\u00e4he des Sommersitzes die neue Kirche bauten, die den Nothelfern Christi gewidmet ist. Das Altarbild befand sich sp\u00e4ter wahrscheinlich in Malo Grablje und ist heute in der Pfarrkirche von Milna.<\/p><\/div><\/div><div class='clear_column'><\/div><div class='content-column one_half'><div style=\"padding-right:6px;\"><p>Ljetnikovac smatra se najljep\u0161im primjerom rusti\u010dne ladanjske arhitekture na otoku. Danas je ku\u0107a pretvorena u pansion s restoranom.<\/p><\/div><\/div><div class='content-column one_half last_column'><div style=\"padding-right:0px;padding-left:6px;\"><p>Das Haus gilt als das beste Beispiel rustikaler Architektur auf der Insel. Heute befindet sich im Haus eine Pension mit Restaurant.<\/p><\/div><\/div><div class='clear_column'><\/div><\/p>\n<p style=\"text-align: right;\"><span style=\"color: #3366ff;\"><a style=\"color: #3366ff;\" href=\"#seite_oben\">natrag na vrh \/ Seitenanfang<\/a><\/span><\/p>\n<hr \/>\n<p><strong>Linkovi \/ Links<\/strong><\/p>\n<p><span style=\"color: #3366ff;\"><a style=\"color: #3366ff;\" href=\"https:\/\/www.topohvar.at\/orte\/mi\/mi-ck-04-1\/\">Crkvica \u00bbPomo\u0107nice Kr\u0161\u0107ana\u00ab \/ kleine Kirche der Nothelfer Christi<\/a><\/span><\/p>\n","protected":false},"excerpt":{"rendered":"<p>Ime \/ Name Ljetnikovac \/ Sommerhaus \u00bbBo\u017ei\u0107-Ivani\u0107\u00ab Code: MI-TG-02\u00a0 \u00a0 \u00a0 \u00a0 \u00a0 \u00a0 \u00a0 \u00a0 \u00a0 \u00a0 \u00a0 \u00a0 \u00a0 \u00a0 \u00a0 \u00a0 \u00a0 \u00a0 \u00a0 \u00a0\u00a0 Adresa \/ Adresse Malo Milna Lokacija \/ Position Latitude: N 43,16288\u00b0\u00a0 \u00a0Longitude: &hellip; <a href=\"https:\/\/www.topohvar.at\/topo\/orte\/mi\/mi-tg-02-1\/\">Weiterlesen <span class=\"meta-nav\">&rarr;<\/span><\/a><\/p>\n","protected":false},"author":1,"featured_media":0,"parent":87,"menu_order":0,"comment_status":"closed","ping_status":"closed","template":"","meta":{"footnotes":""},"class_list":["post-12294","page","type-page","status-publish","hentry"],"_links":{"self":[{"href":"https:\/\/www.topohvar.at\/topo\/wp-json\/wp\/v2\/pages\/12294","targetHints":{"allow":["GET"]}}],"collection":[{"href":"https:\/\/www.topohvar.at\/topo\/wp-json\/wp\/v2\/pages"}],"about":[{"href":"https:\/\/www.topohvar.at\/topo\/wp-json\/wp\/v2\/types\/page"}],"author":[{"embeddable":true,"href":"https:\/\/www.topohvar.at\/topo\/wp-json\/wp\/v2\/users\/1"}],"replies":[{"embeddable":true,"href":"https:\/\/www.topohvar.at\/topo\/wp-json\/wp\/v2\/comments?post=12294"}],"version-history":[{"count":24,"href":"https:\/\/www.topohvar.at\/topo\/wp-json\/wp\/v2\/pages\/12294\/revisions"}],"predecessor-version":[{"id":54113,"href":"https:\/\/www.topohvar.at\/topo\/wp-json\/wp\/v2\/pages\/12294\/revisions\/54113"}],"up":[{"embeddable":true,"href":"https:\/\/www.topohvar.at\/topo\/wp-json\/wp\/v2\/pages\/87"}],"wp:attachment":[{"href":"https:\/\/www.topohvar.at\/topo\/wp-json\/wp\/v2\/media?parent=12294"}],"curies":[{"name":"wp","href":"https:\/\/api.w.org\/{rel}","templated":true}]}}