{"id":12372,"date":"2018-09-23T15:36:58","date_gmt":"2018-09-23T13:36:58","guid":{"rendered":"https:\/\/www.topohvar.at\/?page_id=12372"},"modified":"2020-03-20T09:35:19","modified_gmt":"2020-03-20T08:35:19","slug":"zr-is-01-1","status":"publish","type":"page","link":"https:\/\/www.topohvar.at\/topo\/orte\/zr\/zr-is-01-1\/","title":{"rendered":"ZARA\u0106E &#8211; Spomen plo\u010da \u00bbKojom je obilje\u017eeno odr\u017eavanje veze Hvara sa Visom\u00ab"},"content":{"rendered":"<p><strong><img loading=\"lazy\" decoding=\"async\" class=\"alignnone wp-image-12330 size-large\" src=\"https:\/\/www.topohvar.at\/wp-content\/uploads\/2018\/09\/ZR-IS-01-0-1024x503.jpg\" alt=\"\" width=\"640\" height=\"314\" srcset=\"https:\/\/www.topohvar.at\/wp-content\/uploads\/2018\/09\/ZR-IS-01-0-1024x503.jpg 1024w, https:\/\/www.topohvar.at\/wp-content\/uploads\/2018\/09\/ZR-IS-01-0-300x147.jpg 300w, https:\/\/www.topohvar.at\/wp-content\/uploads\/2018\/09\/ZR-IS-01-0-768x377.jpg 768w, https:\/\/www.topohvar.at\/wp-content\/uploads\/2018\/09\/ZR-IS-01-0.jpg 1080w\" sizes=\"auto, (max-width: 640px) 100vw, 640px\" \/><\/strong><\/p>\n<p><strong>Ime \/ Name<br \/>\n<\/strong>Spomen plo\u010da \u00bbKojom je obilje\u017eeno odr\u017eavanje veze Hvara sa Visom\u00ab \/ Infotafel, die\u00a0den Ort markiert wo die Verbindung zwischen Hvar und Vis aufrecht erhalten wurde.<\/p>\n<p><strong>Code: <\/strong>ZR-IS-01\u00a0 \u00a0 \u00a0 \u00a0 \u00a0 \u00a0 \u00a0 \u00a0 \u00a0 \u00a0 \u00a0 \u00a0 \u00a0 \u00a0 \u00a0 \u00a0 \u00a0 \u00a0 \u00a0 \u00a0<strong><a href=\"https:\/\/www.topohvar.at\/orte\/zr\/zr-ip-04-1\/\"><img loading=\"lazy\" decoding=\"async\" class=\"alignnone wp-image-533 size-full\" src=\"https:\/\/www.topohvar.at\/wp-content\/uploads\/2018\/07\/push-l-30.jpg\" alt=\"\" width=\"61\" height=\"30\" \/><\/a> <a href=\"https:\/\/www.topohvar.at\/orte\/zr\/\"><img loading=\"lazy\" decoding=\"async\" class=\"alignnone wp-image-535 size-full\" src=\"https:\/\/www.topohvar.at\/wp-content\/uploads\/2018\/07\/push-o-30.jpg\" alt=\"\" width=\"61\" height=\"30\" \/><\/a> <a href=\"https:\/\/www.topohvar.at\/orte\/zr\/zr-is-02-1\/\"><img loading=\"lazy\" decoding=\"async\" class=\"alignnone wp-image-536 size-full\" src=\"https:\/\/www.topohvar.at\/wp-content\/uploads\/2018\/07\/push-r-30.jpg\" alt=\"\" width=\"61\" height=\"30\" \/><\/a>\u00a0<\/strong><\/p>\n<hr \/>\n<p><strong>Adresa \/ Adresse<br \/>\n<\/strong>Zara\u010de,\u00a0Rt zub<\/p>\n<p><strong>Lokalna polo\u017eaj \/ Position<a href=\"https:\/\/goo.gl\/maps\/SmYq9BCW3bQoixp69\"><img loading=\"lazy\" decoding=\"async\" class=\"alignright wp-image-12429\" src=\"https:\/\/www.topohvar.at\/wp-content\/uploads\/2018\/09\/0986.jpg\" alt=\"\" width=\"134\" height=\"100\" \/><\/a><br \/>\n<\/strong><a href=\"https:\/\/goo.gl\/maps\/SmYq9BCW3bQoixp69\">Latitude: N 43,14968\u00b0\u00a0 \u00a0Longitude: E 16,51266\u00b0<\/a> <strong><br \/>\n<\/strong>Visina \/ H\u00f6he: 11 m<\/p>\n<p><strong>Zemlji\u0161te \/ Grundst\u00fccke<br \/>\n<\/strong>1085\u00a0<div class='content-column one_half'><div style=\"padding-right:6px;\"><p><strong>Datum snimanja \/ Erfassungsdatum<br \/>\n<\/strong>23.10.2014 14:57:45<\/p>\n<hr \/>\n<p><strong>Informacije<\/strong><\/p>\n<p>Spomen plo\u010da postavljena je u uvali Zara\u0107a, okrenuta prema Visu. Plo\u010da od bijelog kamena, dimenzija 60 x 48 cm postavljena je na postamentu od rusti\u010dno vezanog kamena visine 90 crn. Obilje\u017eava mjesto sa kojeg je od velja\u010de 1942. g. odr\u017eavana veza sa Visom i odakle su sa Hvara na Vis prebacivani dobrovoljci i materijal za NOV.<\/p><\/div><\/div><div class='content-column one_half last_column'><div style=\"padding-right:0px;padding-left:6px;\"><p><strong>Za\u0161titni polo\u017eaj \/ Schutzstellung<br \/>\n<\/strong>&#8211;<\/p>\n<hr \/>\n<p><strong>Info<\/strong><\/p>\n<p>Die Gedenktafel wurde in der Bucht Zara\u0107e, mit Blick auf Vis angebracht. Die Platte aus wei\u00dfem Stein im Ausma\u00df von 60 x 48 cm wurde auf dem Felsengrat in einer H\u00f6he von 90 cm platziert. Sie markiert den Ort, an dem seit Februar 1942 Freiwillige und Material f\u00fcr den Nationalen Befreiungskampf nach Vis \u00fcberf\u00fchrt wurden.<\/p><\/div><\/div><div class='clear_column'><\/div><div class='content-column one_half'><div style=\"padding-right:6px;\"><p>Spomen plo\u010du postavio je Kotarski odbor NOR-a Hvar, 27.7.1951. godine povodom proslave Dana ustanka naroda Hrvatske.<\/p><\/div><\/div><div class='content-column one_half last_column'><div style=\"padding-right:0px;padding-left:6px;\"><p>Das Denkmal wurde vom Bezirkskomitee des Nationalen Befreiungskampfes Hvar, am 27. Juli 1951 anl\u00e4sslich der Feier zum kroatischen Nationalfeiertag errichtet.<\/p><\/div><\/div><div class='clear_column'><\/div><div class='content-column one_half'><div style=\"padding-right:6px;\"><p>Natpis:<\/p>\n<p style=\"text-align: center;\">PREKO OVE UVALE ODR\u017dAVANA<br \/>\nJE VEZA OD 8. VELJA\u010cE 1942.<br \/>\nSA VISOM<br \/>\nODAKLE SU PREBACIVANI<br \/>\nDOBROVOLJCI I MATERIJALI<br \/>\nZA N.O V.<\/p><\/div><\/div><div class='content-column one_half last_column'><div style=\"padding-right:0px;padding-left:6px;\"><p>Inschrift:<\/p>\n<p style=\"text-align: center;\">\u00dcber diese Bucht wurde geschaffen<br \/>\nvom 8. Februar bis November 1942<br \/>\neine Verbindung mit der Insel Vis<br \/>\nwo Freiwillige und Materialien<br \/>\n\u00fcberf\u00fchrt wurden<br \/>\nf\u00fcr N.O.V.<\/p><\/div><\/div><div class='clear_column'><\/div><div class='content-column one_half'><div style=\"padding-right:6px;\"><p style=\"text-align: center;\">27. SRPNJA 1951. &#8211; KOTARSKI ODBOR S. B. N. O. R.<\/p>\n<p style=\"text-align: left;\">lmena poginulih boraca Zara\u010da:<\/p><\/div><\/div><div class='content-column one_half last_column'><div style=\"padding-right:0px;padding-left:6px;\"><p style=\"text-align: center;\">27. 7. 1951 &#8211; Bezirksvorstand S.B.N.A.R.<\/p>\n<p>Die Namen der gefallenen K\u00e4mpfer aus Zara\u010de:<\/p><\/div><\/div><div class='clear_column'><\/div><\/p>\n<p style=\"text-align: center;\">AMBROZ BARI\u0160I\u0106<br \/>\nPRO\u0160PERA JURAJ<br \/>\nMATIJEVI\u0106 ANDRIJE<\/p>\n<hr \/>\n<p><strong>Linkovi \/ Links<\/strong><\/p>\n<p>&#8211;<\/p>\n","protected":false},"excerpt":{"rendered":"<p>Ime \/ Name Spomen plo\u010da \u00bbKojom je obilje\u017eeno odr\u017eavanje veze Hvara sa Visom\u00ab \/ Infotafel, die\u00a0den Ort markiert wo die Verbindung zwischen Hvar und Vis aufrecht erhalten wurde. Code: ZR-IS-01\u00a0 \u00a0 \u00a0 \u00a0 \u00a0 \u00a0 \u00a0 \u00a0 \u00a0 \u00a0 \u00a0 &hellip; <a href=\"https:\/\/www.topohvar.at\/topo\/orte\/zr\/zr-is-01-1\/\">Weiterlesen <span class=\"meta-nav\">&rarr;<\/span><\/a><\/p>\n","protected":false},"author":1,"featured_media":0,"parent":117,"menu_order":0,"comment_status":"closed","ping_status":"closed","template":"","meta":{"footnotes":""},"class_list":["post-12372","page","type-page","status-publish","hentry"],"_links":{"self":[{"href":"https:\/\/www.topohvar.at\/topo\/wp-json\/wp\/v2\/pages\/12372","targetHints":{"allow":["GET"]}}],"collection":[{"href":"https:\/\/www.topohvar.at\/topo\/wp-json\/wp\/v2\/pages"}],"about":[{"href":"https:\/\/www.topohvar.at\/topo\/wp-json\/wp\/v2\/types\/page"}],"author":[{"embeddable":true,"href":"https:\/\/www.topohvar.at\/topo\/wp-json\/wp\/v2\/users\/1"}],"replies":[{"embeddable":true,"href":"https:\/\/www.topohvar.at\/topo\/wp-json\/wp\/v2\/comments?post=12372"}],"version-history":[{"count":8,"href":"https:\/\/www.topohvar.at\/topo\/wp-json\/wp\/v2\/pages\/12372\/revisions"}],"predecessor-version":[{"id":33779,"href":"https:\/\/www.topohvar.at\/topo\/wp-json\/wp\/v2\/pages\/12372\/revisions\/33779"}],"up":[{"embeddable":true,"href":"https:\/\/www.topohvar.at\/topo\/wp-json\/wp\/v2\/pages\/117"}],"wp:attachment":[{"href":"https:\/\/www.topohvar.at\/topo\/wp-json\/wp\/v2\/media?parent=12372"}],"curies":[{"name":"wp","href":"https:\/\/api.w.org\/{rel}","templated":true}]}}