{"id":12702,"date":"2018-10-06T16:12:10","date_gmt":"2018-10-06T14:12:10","guid":{"rendered":"https:\/\/www.topohvar.at\/?page_id=12702"},"modified":"2021-12-01T14:08:50","modified_gmt":"2021-12-01T13:08:50","slug":"op-ov-01-1","status":"publish","type":"page","link":"https:\/\/www.topohvar.at\/topo\/orte\/op\/op-ov-01-1\/","title":{"rendered":"PAKLENI OTOCI &#8211; Objekt \u00bbBotani\u010dki vrt\u00ab"},"content":{"rendered":"<p><a name=\"seite_oben\"><\/a><br \/>\n<strong><img loading=\"lazy\" decoding=\"async\" class=\"alignnone wp-image-12686 size-large\" src=\"https:\/\/www.topohvar.at\/wp-content\/uploads\/2018\/10\/op-ov-01-0-1024x503.jpg\" alt=\"\" width=\"640\" height=\"314\" srcset=\"https:\/\/www.topohvar.at\/wp-content\/uploads\/2018\/10\/op-ov-01-0-1024x503.jpg 1024w, https:\/\/www.topohvar.at\/wp-content\/uploads\/2018\/10\/op-ov-01-0-300x147.jpg 300w, https:\/\/www.topohvar.at\/wp-content\/uploads\/2018\/10\/op-ov-01-0-768x377.jpg 768w, https:\/\/www.topohvar.at\/wp-content\/uploads\/2018\/10\/op-ov-01-0.jpg 1080w\" sizes=\"auto, (max-width: 640px) 100vw, 640px\" \/><\/strong><\/p>\n<p><strong>Ime \/ Name<br \/>\n<\/strong>Objekt \u00bbBotani\u010dki vrt\u00ab \/ Botanischer Garten<\/p>\n<p><strong>Code: <\/strong>OP-OV-01\u00a0 \u00a0 \u00a0 \u00a0 \u00a0 \u00a0 \u00a0 \u00a0 \u00a0 \u00a0 \u00a0 \u00a0 \u00a0 \u00a0 \u00a0 \u00a0 \u00a0 \u00a0<strong>\u00a0<a href=\"https:\/\/www.topohvar.at\/orte\/op\/op-os-01-1\/\"><img loading=\"lazy\" decoding=\"async\" class=\"alignnone wp-image-12300 size-full\" src=\"https:\/\/www.topohvar.at\/wp-content\/uploads\/2018\/09\/push-vor-30.jpg\" alt=\"\" width=\"61\" height=\"30\" \/><\/a> <a href=\"https:\/\/www.topohvar.at\/orte\/op\/\"><img loading=\"lazy\" decoding=\"async\" class=\"alignnone wp-image-535 size-full\" src=\"https:\/\/www.topohvar.at\/wp-content\/uploads\/2018\/07\/push-o-30.jpg\" alt=\"\" width=\"61\" height=\"30\" \/><\/a> <a href=\"https:\/\/www.topohvar.at\/orte\/op\/op-ob-01-1\/\"><img loading=\"lazy\" decoding=\"async\" class=\"alignnone wp-image-12299 size-full\" src=\"https:\/\/www.topohvar.at\/wp-content\/uploads\/2018\/09\/push-next-30.jpg\" alt=\"\" width=\"61\" height=\"30\" \/><\/a><\/strong><\/p>\n<hr \/>\n<p><strong>Adresa \/ Adresse<br \/>\n<\/strong>Pakleni otoci, Otok Sv. Klement, Palmi\u017eana<\/p>\n<p><strong>Lokacija \/ Position<a href=\"https:\/\/goo.gl\/maps\/GZqojZMX5YFckAjB9\"><img loading=\"lazy\" decoding=\"async\" class=\"alignright wp-image-12761\" src=\"https:\/\/www.topohvar.at\/wp-content\/uploads\/2018\/10\/1685.jpg\" alt=\"\" width=\"134\" height=\"100\" \/><\/a><br \/>\n<\/strong><span style=\"color: #3366ff;\"><a style=\"color: #3366ff;\" href=\"https:\/\/goo.gl\/maps\/GZqojZMX5YFckAjB9\">Latitude: N 43,15953\u00b0\u00a0 \u00a0Longitude: E 16,39121\u00b0<\/a> <\/span><strong><br \/>\n<\/strong>Visina \/ H\u00f6he: 20 m<\/p>\n<p><strong>Katastarska \u010destica <\/strong><strong>\/ Grundst\u00fccke<br \/>\n<\/strong>4118\/1 <div class='content-column one_half'><div style=\"padding-right:6px;\"><p><strong>Datum snimanja \/ Erfassungsdatum<br \/>\n<\/strong>01.01.2000 00:00:00<\/p>\n<hr \/>\n<p><strong>Informacije<\/strong><\/p>\n<p><strong>Botani\u010dki vrt u Palmi\u017eani<\/strong><\/p>\n<p>Vlasnici ve\u0107eg dijela otoka Sv. Klement u arhipelagu hvarskih \u0161koja po\u010detkom ovog stolje\u0107a bili su bra\u0107a Mate i Eugen Meneghello.<\/p><\/div><\/div><div class='content-column one_half last_column'><div style=\"padding-right:0px;padding-left:6px;\"><p><strong>Stupanj za\u0161tite<\/strong><strong> \/ Schutzstellung<br \/>\n<\/strong>&#8211;<\/p>\n<hr \/>\n<p><strong>Info<\/strong><\/p>\n<p><strong>Botanischer Garten in Palmi\u017eana<\/strong><\/p>\n<p>Die Besitzer des gr\u00f6\u00dften Teils der Insel Sv. Klement im Hvarer Archipel waren zu Beginn des 20. Jahrhunderts die Br\u00fcder Mate und Eugen Meneghello.<\/p><\/div><\/div><div class='clear_column'><\/div><div class='content-column one_half'><div style=\"padding-right:6px;\"><p>Eugen Meneghello (1878-1947) bio je profesor botanike i matematike na gimnaziji i kasnije Nauti\u010dkoj \u0161koli u Dubrovniku. Po naravi je bio ljubitelj lova i prirode, pa je oko 1906, g., po povratku iz Dubrovnika, po\u010deo po svojoj Palmi\u017eani saditi borove, kaktuse, tamarise, juke i oleandre. Medu njima na\u0161la se jo\u0161 jedna rijetka biljka &#8211; turizam.<\/p><\/div><\/div><div class='content-column one_half last_column'><div style=\"padding-right:0px;padding-left:6px;\"><p>Eugen Meneghello (1878-1947) war Professor f\u00fcr Botanik und Mathematik am Gymnasium und sp\u00e4ter an der Seemannsschule in Dubrovnik. Von Natur aus liebte er die Jagd und die Natur. Als er um etwa 1906 von Dubrovnik zur\u00fcckkehrte, begann er in Palmi\u017eana Pinien, Kakteen, Tamaris, Yucca und Oleander zu pflanzen. Und es gab es noch ein weiteres seltenes Pfl\u00e4nzchen &#8211; den Tourismus.<\/p><\/div><\/div><div class='clear_column'><\/div><div class='content-column one_half'><div style=\"padding-right:6px;\"><p>Svoju je ladanjsku vilu na Palmi\u017eani, koja je dotad slu\u017eila kao mjesto obiteljskog okupljanja i razonodu za ljetnih mjeseci, uredio u ljetovali\u0161te i nazvao Palmi\u017eanski dvorac, koje je ubrzo postalo stjeci\u0161te turisti\u010dkih hodo\u010dasnika, pa je predstavljalo rasadnik svekolikog budu\u0107eg turisti\u010dkog procvata hvarskih \u0160koja.<\/p><\/div><\/div><div class='content-column one_half last_column'><div style=\"padding-right:0px;padding-left:6px;\"><p>Sein Landhaus auf Palmi\u017eana, das bisher f\u00fcr Familienfeiern und Unterhaltung in den Sommermonaten diente, wurde zum Sommerferienort umgestaltet und Palmi\u017eaner Hof genannt. Bald wurde er zu einem Zentrum touristischer Pilgern und die Baumschule entwickelte sich fortan zum Touristenmagnet auf Hvar.<\/p><\/div><\/div><div class='clear_column'><\/div><div class='content-column one_half'><div style=\"padding-right:6px;\"><p>Tu si i hidroarheolo\u0161ka zbirka Meneghello i Galerija \u201c\u0160korpion\u201d.<\/p><\/div><\/div><div class='content-column one_half last_column'><div style=\"padding-right:0px;padding-left:6px;\"><p>Es befinden sich hier auch die hydroarcheologische Sammlung Meneghello und die Galerie \u201c\u0160korpion\u201d .<\/p><\/div><\/div><div class='clear_column'><\/div><\/p>\n<p style=\"text-align: right;\"><span style=\"color: #3366ff;\"><a style=\"color: #3366ff;\" href=\"#seite_oben\">natrag na vrh \/ Seitenanfang<\/a><\/span><\/p>\n<hr \/>\n<p><strong>Linkovi \/ Links<\/strong><\/p>\n<p><span style=\"color: #3366ff;\"><a style=\"color: #3366ff;\" href=\"https:\/\/www.topohvar.at\/orte\/op\/op-pk-01-1\/\">Hidroarheolo\u0161ka zbirka \/ Hydroarcheologische Sammlung &#8222;Meneghello&#8220;<\/a>\u00a0<\/span><br \/>\n<span style=\"color: #3366ff;\"><a style=\"color: #3366ff;\" href=\"https:\/\/www.topohvar.at\/orte\/op\/op-pk-02-1\/\">Galerija \/ Galerie \u201c\u0160korpion\u201d<\/a><\/span><\/p>\n","protected":false},"excerpt":{"rendered":"<p>Ime \/ Name Objekt \u00bbBotani\u010dki vrt\u00ab \/ Botanischer Garten Code: OP-OV-01\u00a0 \u00a0 \u00a0 \u00a0 \u00a0 \u00a0 \u00a0 \u00a0 \u00a0 \u00a0 \u00a0 \u00a0 \u00a0 \u00a0 \u00a0 \u00a0 \u00a0 \u00a0\u00a0 Adresa \/ Adresse Pakleni otoci, Otok Sv. Klement, Palmi\u017eana Lokacija \/ Position &hellip; <a href=\"https:\/\/www.topohvar.at\/topo\/orte\/op\/op-ov-01-1\/\">Weiterlesen <span class=\"meta-nav\">&rarr;<\/span><\/a><\/p>\n","protected":false},"author":1,"featured_media":0,"parent":123,"menu_order":0,"comment_status":"closed","ping_status":"closed","template":"","meta":{"footnotes":""},"class_list":["post-12702","page","type-page","status-publish","hentry"],"_links":{"self":[{"href":"https:\/\/www.topohvar.at\/topo\/wp-json\/wp\/v2\/pages\/12702","targetHints":{"allow":["GET"]}}],"collection":[{"href":"https:\/\/www.topohvar.at\/topo\/wp-json\/wp\/v2\/pages"}],"about":[{"href":"https:\/\/www.topohvar.at\/topo\/wp-json\/wp\/v2\/types\/page"}],"author":[{"embeddable":true,"href":"https:\/\/www.topohvar.at\/topo\/wp-json\/wp\/v2\/users\/1"}],"replies":[{"embeddable":true,"href":"https:\/\/www.topohvar.at\/topo\/wp-json\/wp\/v2\/comments?post=12702"}],"version-history":[{"count":12,"href":"https:\/\/www.topohvar.at\/topo\/wp-json\/wp\/v2\/pages\/12702\/revisions"}],"predecessor-version":[{"id":54132,"href":"https:\/\/www.topohvar.at\/topo\/wp-json\/wp\/v2\/pages\/12702\/revisions\/54132"}],"up":[{"embeddable":true,"href":"https:\/\/www.topohvar.at\/topo\/wp-json\/wp\/v2\/pages\/123"}],"wp:attachment":[{"href":"https:\/\/www.topohvar.at\/topo\/wp-json\/wp\/v2\/media?parent=12702"}],"curies":[{"name":"wp","href":"https:\/\/api.w.org\/{rel}","templated":true}]}}