{"id":12819,"date":"2018-10-07T08:38:44","date_gmt":"2018-10-07T06:38:44","guid":{"rendered":"https:\/\/www.topohvar.at\/?page_id=12819"},"modified":"2021-12-01T14:00:56","modified_gmt":"2021-12-01T13:00:56","slug":"op-is-01-1","status":"publish","type":"page","link":"https:\/\/www.topohvar.at\/topo\/orte\/op\/op-is-01-1\/","title":{"rendered":"OTOK GALI\u0160NIK &#8211; Spomen plo\u010da \u00bbProlje\u010de 1936\u00ab"},"content":{"rendered":"<p><a name=\"seite_oben\"><\/a><br \/>\n<img loading=\"lazy\" decoding=\"async\" class=\"alignnone wp-image-12815 size-large\" src=\"https:\/\/www.topohvar.at\/wp-content\/uploads\/2018\/10\/og-is-01-0-1024x503.jpg\" alt=\"\" width=\"640\" height=\"314\" srcset=\"https:\/\/www.topohvar.at\/wp-content\/uploads\/2018\/10\/og-is-01-0-1024x503.jpg 1024w, https:\/\/www.topohvar.at\/wp-content\/uploads\/2018\/10\/og-is-01-0-300x147.jpg 300w, https:\/\/www.topohvar.at\/wp-content\/uploads\/2018\/10\/og-is-01-0-768x377.jpg 768w, https:\/\/www.topohvar.at\/wp-content\/uploads\/2018\/10\/og-is-01-0.jpg 1080w\" sizes=\"auto, (max-width: 640px) 100vw, 640px\" \/><\/p>\n<p><strong>Ime \/ Name<br \/>\n<\/strong>Spomen plo\u010da \u00bbProlje\u010de 1936\u00ab \/ Gedenktafel\u00a0\u00bbFr\u00fchling 1936\u00ab<\/p>\n<p><strong>Code: <\/strong>OP-IS-01\u00a0 \u00a0 \u00a0 \u00a0 \u00a0 \u00a0 \u00a0 \u00a0 \u00a0 \u00a0 \u00a0 \u00a0 \u00a0 \u00a0 \u00a0 \u00a0 \u00a0 \u00a0 \u00a0 \u00a0 \u00a0 \u00a0 \u00a0 <strong>\u00a0<a href=\"https:\/\/www.topohvar.at\/orte\/op\/\"><img loading=\"lazy\" decoding=\"async\" class=\"alignnone wp-image-535 size-full\" src=\"https:\/\/www.topohvar.at\/wp-content\/uploads\/2018\/07\/push-o-30.jpg\" alt=\"\" width=\"61\" height=\"30\" \/><\/a> <\/strong><\/p>\n<hr \/>\n<p><strong>Adresa \/ Adresse<br \/>\n<\/strong>Oto\u010di\u0107 Gali\u0161nik<\/p>\n<p><strong>Lokacija \/ Position<a href=\"https:\/\/goo.gl\/maps\/qJDVWKRfMW9gmdS98\"><img loading=\"lazy\" decoding=\"async\" class=\"alignright wp-image-12827\" src=\"https:\/\/www.topohvar.at\/wp-content\/uploads\/2018\/10\/0313.jpg\" alt=\"\" width=\"134\" height=\"100\" \/><\/a><br \/>\n<\/strong><span style=\"color: #3366ff;\"><a style=\"color: #3366ff;\" href=\"https:\/\/goo.gl\/maps\/qJDVWKRfMW9gmdS98\">Latitude: N 43,16630\u00b0\u00a0 \u00a0Longitude: E 16,43848\u00b0<\/a> <\/span><strong><br \/>\n<\/strong>Visina \/ H\u00f6he: 8 m<\/p>\n<p><strong>Katastarska \u010destica <\/strong><strong>\/ Grundst\u00fccke<br \/>\n<\/strong>*489, *582, 3910\u00a0<div class='content-column one_half'><div style=\"padding-right:6px;\"><p><strong>Datum snimanja \/ Erfassungsdatum<br \/>\n<\/strong>11.02.2017 12:47:05<\/p>\n<hr \/>\n<p><strong>Informacije<\/strong><\/p>\n<p><strong>Spomen plo\u010da &#8222;Prolje\u010de 1936&#8220;<\/strong><\/p>\n<p>Spomen plo\u010da od bijelog mramora, dimenzija: \u0161irina 74 cm, visina 120 cm, postavljena je u spomen okrutnog mu\u010denja komunista u ku\u0107i nekada\u0161nje vojne austrijsike baterije na oto\u010di\u0107u Gale\u0161nik ispred hvarske luke.<\/p><\/div><\/div><div class='content-column one_half last_column'><div style=\"padding-right:0px;padding-left:6px;\"><p><strong>Stupanj za\u0161tite<\/strong><strong> \/ Schutzstellung<br \/>\n<\/strong>&#8211;<\/p>\n<hr \/>\n<p><strong>Info<\/strong><\/p>\n<p><strong>Gedenktafel &#8222;<\/strong><strong>Fr\u00fchling <\/strong><strong>1936&#8243;<\/strong><\/p>\n<p>Gedenktafel aus wei\u00dfem Marmor in den Ma\u00dfen: Breite 74 cm, H\u00f6he 120 cm. In Erinnerung an die grausame Folter von Kommunisten in der ehemaligen \u00f6sterreichischen Milit\u00e4rbatterie auf der Insel Gale\u0161nik vor dem Hafen der Stadt Hvar.<\/p><\/div><\/div><div class='clear_column'><\/div><div class='content-column one_half'><div style=\"padding-right:6px;\"><p>Natpis:<\/p>\n<p style=\"text-align: center;\">OVDJE SU U PROLJE\u010cE 1936 GODINE<br \/>\nBILI ZATO\u010cENI I OKRUTNO MU\u010cENI<br \/>\nVJERNI SINOVI OVOG OTOKA<br \/>\n\u010cLANOVI KOMUNISTI\u010cKE PARTIJE<\/p><\/div><\/div><div class='content-column one_half last_column'><div style=\"padding-right:0px;padding-left:6px;\"><p>Inschrift:<\/p>\n<p style=\"text-align: center;\">Hier wurden im Fr\u00fchjahr 1936<br \/>\nfestgehalten und grausam gefoltert<br \/>\ntreue S\u00f6hne der Insel Hvar und<br \/>\nMitglieder der Kommunistischen Partei<\/p><\/div><\/div><div class='clear_column'><\/div><div class='content-column one_half'><div style=\"padding-right:6px;\"><p style=\"padding-left: 130px;\">ANI\u0106 IVO<br \/>\nANTUNOVI\u0106 IVAN<br \/>\nBARBARI\u0106 JURAJ<br \/>\nBUDROVI\u0106 DINKO<br \/>\nBUZOLI\u0106 TOMA<br \/>\nBUZOLI\u0106 IVAN<br \/>\nHAVANA TOMA<br \/>\nKOVA\u010cEVI\u0106 ANDRO<\/p>\n<p style=\"text-align: center;\">NEKA OVAJ ZAPIS U KAMENU<br \/>\nSVJEDO\u010cI POKOLJENJIMA<br \/>\nKAKO SE RAZGARAO SAM O<br \/>\nSLOBODI I LJEP\u0160EM \u017dIVOTU PUKA<\/p>\n<p style=\"text-align: center;\">IX. 1975\u00a0 \u00a0 \u00a0 \u00a0KOMUNISTI OTOKA HVARA<\/p><\/div><\/div><div class='content-column one_half last_column'><div style=\"padding-right:0px;padding-left:6px;\"><p>KOVA\u010cEVI\u0106 JURE<br \/>\nLU\u010cI\u0106 IVAN<br \/>\nMILA\u0160I\u0106 MIKOLA<br \/>\nNOVAK DINKO-NOVAK<br \/>\nNOVAK DINKO-FALKO<br \/>\nVOJKOVI\u0106 ANTE<br \/>\nVRANJICAN PAVAO<br \/>\n\u017dUMKOVI\u0106 DR. OREST<\/p>\n<p style=\"text-align: center;\">Lasst diese Steintafel<br \/>\nden Generationen bezeugen<br \/>\nwie sie f\u00fcr Freiheit und<br \/>\nein besseres Leben brannten.<\/p>\n<p style=\"text-align: center;\">September 1975, Kommunisten der Insel Hvar.<\/p><\/div><\/div><div class='clear_column'><\/div><\/p>\n<p style=\"text-align: right;\"><span style=\"color: #3366ff;\"><a style=\"color: #3366ff;\" href=\"#seite_oben\">natrag na vrh \/ Seitenanfang<\/a><\/span><\/p>\n<hr \/>\n<p><strong>Linkovi \/ Links<\/strong><\/p>\n<p><span style=\"color: #3366ff;\"><a style=\"color: #3366ff;\" href=\"https:\/\/www.topohvar.at\/topo\/orte\/op\/op-td-01-1\/\">Biv\u0161a tvr\u0111ava \u00bbBaterija Gale\u0161nik\u00ab \/ Ehemalige Festung\u00a0\u00bbBatterie Gale\u0161nik\u00ab<\/a><\/span><\/p>\n","protected":false},"excerpt":{"rendered":"<p>Ime \/ Name Spomen plo\u010da \u00bbProlje\u010de 1936\u00ab \/ Gedenktafel\u00a0\u00bbFr\u00fchling 1936\u00ab Code: OP-IS-01\u00a0 \u00a0 \u00a0 \u00a0 \u00a0 \u00a0 \u00a0 \u00a0 \u00a0 \u00a0 \u00a0 \u00a0 \u00a0 \u00a0 \u00a0 \u00a0 \u00a0 \u00a0 \u00a0 \u00a0 \u00a0 \u00a0 \u00a0 \u00a0 Adresa \/ Adresse Oto\u010di\u0107 Gali\u0161nik &hellip; <a href=\"https:\/\/www.topohvar.at\/topo\/orte\/op\/op-is-01-1\/\">Weiterlesen <span class=\"meta-nav\">&rarr;<\/span><\/a><\/p>\n","protected":false},"author":1,"featured_media":0,"parent":123,"menu_order":0,"comment_status":"closed","ping_status":"closed","template":"","meta":{"footnotes":""},"class_list":["post-12819","page","type-page","status-publish","hentry"],"_links":{"self":[{"href":"https:\/\/www.topohvar.at\/topo\/wp-json\/wp\/v2\/pages\/12819","targetHints":{"allow":["GET"]}}],"collection":[{"href":"https:\/\/www.topohvar.at\/topo\/wp-json\/wp\/v2\/pages"}],"about":[{"href":"https:\/\/www.topohvar.at\/topo\/wp-json\/wp\/v2\/types\/page"}],"author":[{"embeddable":true,"href":"https:\/\/www.topohvar.at\/topo\/wp-json\/wp\/v2\/users\/1"}],"replies":[{"embeddable":true,"href":"https:\/\/www.topohvar.at\/topo\/wp-json\/wp\/v2\/comments?post=12819"}],"version-history":[{"count":16,"href":"https:\/\/www.topohvar.at\/topo\/wp-json\/wp\/v2\/pages\/12819\/revisions"}],"predecessor-version":[{"id":54122,"href":"https:\/\/www.topohvar.at\/topo\/wp-json\/wp\/v2\/pages\/12819\/revisions\/54122"}],"up":[{"embeddable":true,"href":"https:\/\/www.topohvar.at\/topo\/wp-json\/wp\/v2\/pages\/123"}],"wp:attachment":[{"href":"https:\/\/www.topohvar.at\/topo\/wp-json\/wp\/v2\/media?parent=12819"}],"curies":[{"name":"wp","href":"https:\/\/api.w.org\/{rel}","templated":true}]}}