{"id":14137,"date":"2018-12-29T06:19:15","date_gmt":"2018-12-29T05:19:15","guid":{"rendered":"https:\/\/www.topohvar.at\/?page_id=14137"},"modified":"2024-06-10T17:55:30","modified_gmt":"2024-06-10T15:55:30","slug":"hv-ca-01-1","status":"publish","type":"page","link":"https:\/\/www.topohvar.at\/topo\/orte\/hv\/hv-ca-01-1\/","title":{"rendered":"HVAR &#8211; Franjeva\u010dki samostan \u00bbGospe od Milosti\u00ab"},"content":{"rendered":"<p><a name=\"seite_oben\"><\/a><br \/>\n<img loading=\"lazy\" decoding=\"async\" class=\"alignnone wp-image-14143 size-large\" src=\"https:\/\/www.topohvar.at\/wp-content\/uploads\/2018\/12\/HV-CA-01-1-1024x503.jpg\" alt=\"\" width=\"640\" height=\"314\" srcset=\"https:\/\/www.topohvar.at\/wp-content\/uploads\/2018\/12\/HV-CA-01-1-1024x503.jpg 1024w, https:\/\/www.topohvar.at\/wp-content\/uploads\/2018\/12\/HV-CA-01-1-300x147.jpg 300w, https:\/\/www.topohvar.at\/wp-content\/uploads\/2018\/12\/HV-CA-01-1-768x377.jpg 768w, https:\/\/www.topohvar.at\/wp-content\/uploads\/2018\/12\/HV-CA-01-1.jpg 1080w\" sizes=\"auto, (max-width: 640px) 100vw, 640px\" \/><\/p>\n<p><strong>Ime \/ Name<br \/>\n<\/strong>Franjeva\u010dki samostan \u00bbGospe od Milosti\u00ab \/ Franziskanerkloster<\/p>\n<p><strong>Code: <\/strong>HV-CA-01\u00a0 \u00a0 \u00a0 \u00a0 \u00a0 \u00a0 \u00a0 \u00a0 \u00a0 \u00a0 \u00a0 \u00a0 \u00a0 \u00a0 \u00a0 \u00a0 \u00a0 \u00a0 <a href=\"https:\/\/www.topohvar.at\/hv-ck-01-1\/\"><img loading=\"lazy\" decoding=\"async\" class=\"alignnone wp-image-12300 size-full\" src=\"https:\/\/www.topohvar.at\/wp-content\/uploads\/2018\/09\/push-vor-30.jpg\" alt=\"\" width=\"61\" height=\"30\" \/><\/a>\u00a0<strong><a href=\"https:\/\/www.topohvar.at\/orte\/hv\/hv-ca-06-1\/\"><img loading=\"lazy\" decoding=\"async\" class=\"alignnone wp-image-533 size-full\" src=\"https:\/\/www.topohvar.at\/wp-content\/uploads\/2018\/07\/push-l-30.jpg\" alt=\"\" width=\"61\" height=\"30\" \/><\/a> <a href=\"https:\/\/www.topohvar.at\/orte\/hv\/\"><img loading=\"lazy\" decoding=\"async\" class=\"alignnone wp-image-535 size-full\" src=\"https:\/\/www.topohvar.at\/wp-content\/uploads\/2018\/07\/push-o-30.jpg\" alt=\"\" width=\"61\" height=\"30\" \/><\/a> <a href=\"https:\/\/www.topohvar.at\/orte\/hv\/hv-ca-04-1\/\"><img loading=\"lazy\" decoding=\"async\" class=\"alignnone wp-image-536 size-full\" src=\"https:\/\/www.topohvar.at\/wp-content\/uploads\/2018\/07\/push-r-30.jpg\" alt=\"\" width=\"61\" height=\"30\" \/><\/a>\u00a0<a href=\"https:\/\/www.topohvar.at\/hv-ci-01-1\/\"><img loading=\"lazy\" decoding=\"async\" class=\"alignnone wp-image-12299 size-full\" src=\"https:\/\/www.topohvar.at\/wp-content\/uploads\/2018\/09\/push-next-30.jpg\" alt=\"\" width=\"61\" height=\"30\" \/><\/a><\/strong><\/p>\n<hr \/>\n<p><strong>Adresa \/ Adresse<br \/>\n<\/strong>Grad Hvar,\u00a0\u0160etali\u0161te put Kri\u017ea 15<\/p>\n<p><strong>Lokacija \/ Position<a href=\"https:\/\/goo.gl\/maps\/8umb2qv18knp37p78\"><img loading=\"lazy\" decoding=\"async\" class=\"alignright wp-image-15572\" src=\"https:\/\/www.topohvar.at\/wp-content\/uploads\/2019\/01\/0223.jpg\" alt=\"\" width=\"134\" height=\"100\" \/><\/a><br \/>\n<\/strong><span style=\"color: #3366ff;\"><a style=\"color: #3366ff;\" href=\"https:\/\/goo.gl\/maps\/8umb2qv18knp37p78\">Latitude: N 43,16814\u00b0\u00a0 \u00a0Longitude: E 16,44307\u00b0<\/a> <\/span><strong><br \/>\n<\/strong>Visina \/ H\u00f6he: 7 m<\/p>\n<p><strong>Katastarska \u010destica \/ Grundst\u00fccke<br \/>\n<\/strong>*485, *486<div class='content-column one_half'><div style=\"padding-right:6px;\"><p><strong>Datum snimanja \/ Erfassungsdatum<br \/>\n<\/strong>28.10.2014 09:15:41<\/p>\n<hr \/>\n<p><strong>Informacije<\/strong><\/p>\n<p>Samostan bl. Gospe od Milosti sagra\u0111en je 1461. uz kapelu sv. Kri\u017ea (u vrijeme kad je sagra\u0111ena polovica samostana Provincije) na inicijativu hvarskog biskupa Tome Tomassinija, apostolskog delegata za Bosnu uz dozvolu pape Pija II. Motivi gradnje su prodor Turaka i potrebe franjevaca u Bosni. Donatori su gradske vlasti i gra\u0111ani (djed pjesnika Hanibala Lu\u010di\u0107a darovao je 1000 dukata).<\/p><\/div><\/div><div class='content-column one_half last_column'><div style=\"padding-right:0px;padding-left:6px;\"><p><strong>Stupanj za\u0161tite \/ Schutzstellung<br \/>\n<\/strong>Z-5091, RST 205<\/p>\n<hr \/>\n<p><strong>Info<\/strong><\/p>\n<p>Das Kloster zur Heiligen Jungfrau Maria wurde im Jahr 1461 bei der Kapelle zum hl. Kreuz (zu einer Zeit, als die H\u00e4lfte des Klosters der Provinz gebaut wurden) auf Initiative des Hvarer Bischofs Tome Tomassini, Apostolischer Delegat in Bosnien mit der Erlaubnis von Papst Pius II. errichtet. Die Motive der Bauten sind das Vordringen der T\u00fcrken und die Bed\u00fcrfnisse der Franziskaner aus Bosnien. Spender sind Stadtbeh\u00f6rden und B\u00fcrger (der Gro\u00dfvater von Hanibal Lu\u010di\u0107 hat 1000 Dukaten gespendet).<\/p><\/div><\/div><div class='clear_column'><\/div><div class='content-column one_half'><div style=\"padding-right:6px;\"><p>S istoka je imao kulu za obranu od gusara. Renesansni je klaustar s polukru\u017enim arkadama 1489. gradio majstor Rade iz \u0160ibenika. Bunar je gra\u0111en prinosom gra\u0111ana i mleta\u010dke mornarice.<\/p><\/div><\/div><div class='content-column one_half last_column'><div style=\"padding-right:0px;padding-left:6px;\"><p>Im Osten stand ein Turm zur Verteidigung gegen die Piraten. Das Renaissancekloster mit halbrunden Arkaden wurde im Jahr 1493 von Meister Rada aus \u0160ibenik erbaut. Der Brunnen war eine Gabe der B\u00fcrger und venezianischer Seeleute.<\/p><\/div><\/div><div class='clear_column'><\/div><div class='content-column one_half'><div style=\"padding-right:6px;\"><p>Al\u017eirski su gusari (oko 80 la\u0111a) 17. kolovoza 1571. orobili i zapalili grad i samostan (spomen plo\u010da iznad vrata zvonika).<\/p><\/div><\/div><div class='content-column one_half last_column'><div style=\"padding-right:0px;padding-left:6px;\"><p>Algerischen Piraten (etwa 80 Schiffe) raubten und pl\u00fcnderten am 17. August 1571 und z\u00fcndeten Stadt und Kloster an (Gedenktafel \u00fcber der T\u00fcre zum Glockenturm).<\/p><\/div><\/div><div class='clear_column'><\/div><div class='content-column one_half'><div style=\"padding-right:6px;\"><p>Svrsi, za koju je sagra\u0111en, samostan nije dugo slu\u017eio, jer je Venecija zabranila bra\u0107i iz Bosne boravak na svom podru\u010dju. Poslu\u017eio je za lije\u010denje i oporavak bra\u0107i iz Provincije (radi blage klime).<\/p><\/div><\/div><div class='content-column one_half last_column'><div style=\"padding-right:0px;padding-left:6px;\"><p>Das Kloster konnte lange Zeit nicht entsprechend genutzt werden, weil Venedig den Br\u00fcdern aus Bosnien verboten hat, hier zu bleiben. Es diente der Heilung und Genesung von Br\u00fcdern aus der Provinz (wegen des milden Klimas).<\/p><\/div><\/div><div class='clear_column'><\/div><div class='content-column one_half'><div style=\"padding-right:6px;\"><p>S amostan je bio otvoren i znanstvenicima. Primjerice fra Bonagracija Marojevi\u0107 pru\u017eio je gostoprimstvo ekipi njema\u010dkih botani\u010dara pod vodstvom evolucioniste i neprijatelja Crkve E. Haeckela istra\u017eiva\u010da flore i faune mora u Hvaru.<\/p><\/div><\/div><div class='content-column one_half last_column'><div style=\"padding-right:0px;padding-left:6px;\"><p>Das Kloster war offen f\u00fcr Wissenschaftler. Zum Beispiel nahm Br. Bonagracija Marojevi\u0107 ein Team deutscher Botaniker unter der Leitung des kirchenfernen Evolutionisten E. Haeckel, einem Forscher der Flora und Fauna des Meeres in Hvar, gastfreundschaftlich auf.<\/p><\/div><\/div><div class='clear_column'><\/div><div class='content-column one_half'><div style=\"padding-right:6px;\"><p>O radu redovnika svjedo\u010de samostanska knji\u017enica i arhiv. Knji\u017enicu spominje Vinko Pribojevi\u0107 1525. Fond knji\u017enice je oko 15.000 bibliotetskih jedinica. Zastupljene su inkunabule (66) i rijetke knjige (83 na hrvatskom, XVI-XIX.st; 248 stranih). U arhivu ima isprava i papinskih bula.<\/p><\/div><\/div><div class='content-column one_half last_column'><div style=\"padding-right:0px;padding-left:6px;\"><p>Die Klosterbibliothek und das Archiv zeugen von der Arbeit der M\u00f6nche. Die Bibliothek wird bereits von Vinko Pribojevi\u0107 im Jahr 1525 erw\u00e4hnt. Der Bibliotheksfonds umfasst etwa 15.000 Objekte. So sind 66 Inkunabeln, 83 kroatische aus dem 16.-19. Jh. und 248 ausl\u00e4ndische seltene B\u00fccher erhalten. In den Archiven befinden sich Dokumente und p\u00e4pstliche Bullen.<\/p><\/div><\/div><div class='clear_column'><\/div><div class='content-column one_half'><div style=\"padding-right:6px;\"><p>Nedavno je prona\u0111en satni mehanizam iz XV. st.<\/p><\/div><\/div><div class='content-column one_half last_column'><div style=\"padding-right:0px;padding-left:6px;\"><p>K\u00fcrzlich wurde eine mechanische Uhr aus dem 15. Jh. \u00a0gefunden.<\/p><\/div><\/div><div class='clear_column'><\/div><div class='content-column one_half'><div style=\"padding-right:6px;\"><p><img loading=\"lazy\" decoding=\"async\" class=\"size-full wp-image-61714\" src=\"https:\/\/www.topohvar.at\/wp-content\/uploads\/2022\/11\/hv-ca-01-10.jpg\" alt=\"\" width=\"530\" height=\"530\" srcset=\"https:\/\/www.topohvar.at\/wp-content\/uploads\/2022\/11\/hv-ca-01-10.jpg 530w, https:\/\/www.topohvar.at\/wp-content\/uploads\/2022\/11\/hv-ca-01-10-300x300.jpg 300w, https:\/\/www.topohvar.at\/wp-content\/uploads\/2022\/11\/hv-ca-01-10-150x150.jpg 150w\" sizes=\"auto, (max-width: 530px) 100vw, 530px\" \/><\/p><\/div><\/div><div class='content-column one_half last_column'><div style=\"padding-right:0px;padding-left:6px;\"><p>&nbsp;<\/p>\n<p>Registar kulturnih dobara Republike Hrvatske br. 01\/2011. Datum tiskanog izdanja: 04. 08. 2011. Broj registra Z-5091<\/p>\n<ul style=\"text-align: center;\">&#8211; \/ &#8211;<\/ul>\n<p>Register der Kulturg\u00fcter der Republik Kroatien Nr. 01\/2011. Ver\u00f6ffentlichungsdatum: 04. 08. 2011. Registriernummer Z-5091<\/p><\/div><\/div><div class='clear_column'><\/div><\/p>\n<hr \/>\n<div class='content-column one_half'><div style=\"padding-right:6px;\"><p><strong>Zbirka umjetnina franjeva\u010dkog samostana<\/strong><\/p>\n<p>U franjeva\u010dkom samostanu u Hvaru sve\u010dano je 2. lipnja 2001.g. nakon du\u017ee obnove ponovno otvoren muzejski prostor. Muzej, otvorena za javnost 1889. g., sadr\u017eava slike starih majstora, skulpture, liturgijski pribor i opremu, stare knjige, stare rukopise i\u00a0 numizmati\u010dku zbirku.<\/p><\/div><\/div><div class='content-column one_half last_column'><div style=\"padding-right:0px;padding-left:6px;\"><p><strong>Sammlung des Franziskanerklosters<\/strong><\/p>\n<p>Am 2. Juni 2001 wurde im Franziskanerkloster in Hvar nach langer Renovierung der Museumsraum wieder feierlich er\u00f6ffnet. Das Museum das 1889 der \u00d6ffentlichkeit zug\u00e4nglich gemacht wurde, beherbergt Bilder von alten Meistern, Skulpturen, liturgisches Zubeh\u00f6r und Ausr\u00fcstung, alte B\u00fccher, Manuskripte und eine numismatische Sammlung.<\/p><\/div><\/div><div class='clear_column'><\/div><div class='content-column one_half'><div style=\"padding-right:6px;\"><p>Samostan je jedan od prvih na\u0161ih samostana koji je dodao turizmu kulturni element, urediv\u0161i u blagovaonici riznicu. Tu su uz sliku Posljednje ve\u010dere izlo\u017eene druge znamenitosti.<\/p><\/div><\/div><div class='content-column one_half last_column'><div style=\"padding-right:0px;padding-left:6px;\"><p>Das Kloster ist eines der ersten Kl\u00f6ster, das sich kulturell dem Tourismus ge\u00f6ffnet hat und im Speisesaal eine Schatzkammer geschaffen hat. Hier sind das Bild vom Letzten Abendmahl und andere Sehensw\u00fcrdigkeiten ausgestellt.<\/p><\/div><\/div><div class='clear_column'><\/div><div class='content-column one_half'><div style=\"padding-right:6px;\"><p>Sjajna i rasko\u0161na slika seicenta, &#8222;Posljednja ve\u010dera&#8220;, pokriva cijeli zapadni zid u blagovaonici (2 x 8 m). Ona je djelo firentinca Mattea Roselli (1578. do 1650. godine) koji ju je, prema obi\u010daju, poklonio franjevcima zato \u0161to su ga bolesnoga primili i u samostanu njegovali. Neki kriti\u010dari sliku pripisuju ravenskom slikaru Matteu Ingoli, no kasniji kriti\u010dari smatraju da slika pripada \u0161koli Palme Mla\u0111eg. Slika je golemih dimenzija s osobama u prirodnoj veli\u010dini. Uobi\u010dajeno su slikari davali svoj autoportret krajnjem apostolu lijevo od Isusa, koji daje milostinju.<\/p><\/div><\/div><div class='content-column one_half last_column'><div style=\"padding-right:0px;padding-left:6px;\"><p>Das herrliche und luxuri\u00f6se Bild des &#8222;Letzten Abendmahls&#8220; bedeckt die gesamte Westwand des Speisesaals (2 x 8 m) Es ist das Werk von Florentiner Matte Roselli (1578 bis 1650), der es nach Sitte den Franziskanern schenkte, weil er krank war und im Kloster gehegt und gepflegt wurde. Manche Kritiker schreiben das Bild dem Maler Matteo Ingoli aus Ravenna zu, sp\u00e4tere Kritiker meinen, dass das Gem\u00e4lde zur Schule des Palma Junior geh\u00f6rt. Das Bild ist von riesigen Dimensionen und zeigt Menschen in Lebensgr\u00f6\u00dfe. Das Selbstportr\u00e4t des Malers findet sich im Apostel links von Jesus wieder, der Almosen verteilt.<\/p><\/div><\/div><div class='clear_column'><\/div><div class='content-column one_half'><div style=\"padding-right:6px;\"><p>Druge znamenitosti su: Sv. Petar Alkantarski od Magnascoa, Sv. Spiridion (polovina XVIII.st.), Sv. Karlo i Sv. Gajetan, Zaruke sv. Katarine, Oplakivanje Krista, Ecce homo, reljef Navje\u0161tenje u orahovini od Krstulovi\u0107a, primjerci iz knji\u017enice, iluminirani kodeksi XVII. i XVIII.st, rukopisi iz XVI.st, Ptolomejev atlas iz 1525. tiskan u Nuernbergu, sveta\u010dke relikvije, posu\u0111e i crkveno ruho iz XVI. i XVII.st., sv. Jeronim (drvena skulptura), prizori Kristove muke (engleska skulptura u alabastru iz XV.st.), sv. Vinko Fererski (mleta\u010dka \u0161kola XVIII.st.), Bogorodica s Djetetom (ikona iz XVI.st.), Oplakivanje Krista (mleta\u010dka slikarska \u0161kola, Palma Mla\u0111i) itd.<\/p><\/div><\/div><div class='content-column one_half last_column'><div style=\"padding-right:0px;padding-left:6px;\"><p>Weitere Sehensw\u00fcrdigkeiten sind: Hl. Petrus Alkantarski von Magnasca, hl. Spiridion (aus der Mitte des 18. Jh.), hl. Karl und hl. Gajetan, die Verlobung der hl. Katharina, die Beweinung Christi, Ecce homo, das Relief &#8211; Die Verk\u00fcndigung des Chrysostomus von Krstulovic, Kopien aus der Bibliothek, illuminierte Codices aus dem 17. und 18. Jh., Handschriften aus dem 16. Jh., Ein Atlas des Ptolem\u00e4us aus dem Jahr 1525, gedruckt in N\u00fcrnberg, Reliquien, T\u00f6pferwaren und Kirchengew\u00e4nder aus dem 16. und 17. Jh., eine Holzskulptur des hl. Jeronim, Szenen der Leiden Christi (eine englische Alabasterskulptur aus dem 15. Jh.), der hl. Vinzenz Feurerskorn (venezianische Schule des 18. Jh.), die Jungfrau mit dem Kind (Ikone aus dem 16. Jh.), die Beweinung Christi (Venezianische Malschule, Palma der J\u00fcngere), usw.<\/p><\/div><\/div><div class='clear_column'><\/div><div class='content-column one_half'><div style=\"padding-right:6px;\"><p>Numizmati\u010dka zbirka 480 primjeraka kovanoga novca ure\u0111ena je prema povijesnim razdobljima od IV. st. prije Krista do danas.<\/p><\/div><\/div><div class='content-column one_half last_column'><div style=\"padding-right:0px;padding-left:6px;\"><p>Weiters findet sich eine numismatische Sammlung von 480 M\u00fcnzen aus historischen Epochen vom 4. Jh. v. Chr. bis heute.<\/p><\/div><\/div><div class='clear_column'><\/div><div class='content-column one_half'><div style=\"padding-right:6px;\"><p>Va\u017ean je primjerak iz gr\u010dkoga razdoblja s natpisom PHAROS (grad na mjestu dana\u0161njeg Starigrada na Hvaru).<\/p><\/div><\/div><div class='content-column one_half last_column'><div style=\"padding-right:0px;padding-left:6px;\"><p>Interessant ist auch die Kopie eines Denkmals aus der griechischen \u00c4ra mit der Inschrift &#8222;PHAROS&#8220; (einer Stadt an der Stelle des heutigen Stari Grad).<\/p><\/div><\/div><div class='clear_column'><\/div><\/p>\n<p style=\"text-align: center;\"><em>(35_24_1_4_1993_Marinko_Petric.pdf &#8211; \u00dcberblick \u00fcber die Sammlungen von Museen und Galerien der Insel Hvar)<\/em><\/p>\n<hr \/>\n<div class='content-column one_third'><div style=\"padding-right:6px;\"><p>Jo\u0161 jedan raritet po kojem je samostan poznat je \u010dempres star 200 od 300 godina koji se nalazi u samostanskom vrtu, zanimljiv zbog fascijacije (rasta u \u0161irinu).<\/p><\/div><\/div><div class='content-column one_third'><div style=\"padding-right:6px;\"><p><strong style=\"font-size: 16px;\"><img loading=\"lazy\" decoding=\"async\" class=\"size-full wp-image-15581 aligncenter\" src=\"https:\/\/www.topohvar.at\/wp-content\/uploads\/2019\/01\/hv-ca-04-11.jpg\" alt=\"\" width=\"189\" height=\"300\" \/><\/strong><\/p><\/div><\/div><div class='content-column one_third last_column'><div style=\"padding-right:0px;padding-left:6px;\"><p>Eine weitere Rarit\u00e4t, die das Kloster ber\u00fchmt macht, ist eine 200 &#8211; 300 Jahre alte Zypresse im Klostergarten, deren Breitenwachstum fasziniert.<\/p><\/div><\/div><div class='clear_column'><\/div><\/p>\n<p style=\"text-align: right;\"><span style=\"color: #3366ff;\"><a style=\"color: #3366ff;\" href=\"#seite_oben\">natrag na vrh \/ Seitenanfang<\/a><\/span><\/p>\n<hr \/>\n<p><strong>Linkovi \/ Links<\/strong><\/p>\n<p><span style=\"color: #3366ff;\"><a style=\"color: #3366ff;\" href=\"https:\/\/www.topohvar.at\/orte\/hv\/hv-ci-06-1\/\">Crkva samostana sv. Marije \/ Klosterkirche zur hl. Maria<\/a><br \/>\n<a style=\"color: #3366ff;\" href=\"https:\/\/www.topohvar.at\/orte\/hv\/hv-is-35-1\/\">Natpis \u00bbiznad vratima zvonika\u00ab \/ Inschrift \u00fcber der T\u00fcre zum Glockenturm<\/a><\/span><br \/>\n<span style=\"color: #3366ff;\"><a style=\"color: #3366ff;\" href=\"https:\/\/www.topohvar.at\/orte\/hv\/hv-in-08-1\/\">Natpis \/ Inschrift \u00bbFRANCISCHVS DEPOLO \u2026\u00ab<\/a><br \/>\n<a style=\"color: #3366ff;\" href=\"https:\/\/www.topohvar.at\/orte\/hv\/hv-in-18-1\/\">Natpis \/ Inschrift \u00bbAVGVSTINI.IOANNIS \u2026\u00ab<\/a><\/span><br \/>\n<span style=\"color: #3366ff;\"><a style=\"color: #3366ff;\" href=\"https:\/\/www.topohvar.at\/orte\/hv\/hv-ir-42-1\/\">Reljef \u00bb800. obljetnica sv. Franje\u00ab \/ Relief &#8211; 800. Jahrestag hl. Franziskus<\/a><\/span><br \/>\n<span style=\"color: #3366ff;\"><a style=\"color: #3366ff;\" href=\"https:\/\/www.topohvar.at\/orte\/hv\/hv-is-28-1\/\">Spomen plo\u010da \u00bbPrigodom proslave 500. godo\u0161njice\u00ab \/ Gedenktafel &#8211; 500. Jahrestag des Klosterbestandes<\/a><\/span><br \/>\n<span style=\"color: #3366ff;\"><a style=\"color: #3366ff;\" href=\"https:\/\/www.topohvar.at\/orte\/hv\/hv-mo-11-1\/\">Skulptura \u00bbU dvori\u0161tu samostana\u00ab \/ Skulptur im Klosterhof<\/a><\/span><br \/>\n<span style=\"color: #3366ff;\"><a style=\"color: #3366ff;\" href=\"https:\/\/www.topohvar.at\/orte\/hv\/hv-mo-13-1\/\">Kip \u00bbU dvori\u0161tu samostana\u00ab \/ Statue im Klosterhof<\/a><\/span><br \/>\n<span style=\"color: #3366ff;\"><a style=\"color: #3366ff;\" href=\"https:\/\/www.topohvar.at\/orte\/hv\/hv-ob-05-1\/\">Objekt \u00bbBroj\u010danik i sun\u010dani sat u dvori\u0161tu samostana\u00ab \/ Steinernes Zifferblatt und Sonnenuhr im Klosterhof<\/a><\/span><br \/>\n<span style=\"color: #3366ff;\"><a style=\"color: #3366ff;\" href=\"https:\/\/www.topohvar.at\/topo\/orte\/hv\/hv-op-00-0\/#op-04\">Objekt \u00bbZdenac u dvori\u0161tu samostana\u00ab \/ Brunnen im Klosterhof<\/a><br \/>\n<\/span><span style=\"color: #000000;\"><span style=\"color: #3366ff;\"><a style=\"color: #3366ff;\" href=\"https:\/\/www.topohvar.at\/topo\/orte\/hv\/hv-op-00-0\/#op-08\">Objekt \u00bbGustirna u dvori\u0161tu vrtu samostana\u00ab \/ Zisterne im Gartenhof des Klosters<\/a><br \/>\n<\/span><\/span><span style=\"color: #3366ff;\"><a style=\"color: #3366ff;\" href=\"https:\/\/www.topohvar.at\/topo\/orte\/hv\/hv-op-00-0\/#op-24\">Objekt \u00bbBunar u samostanu\u00ab \/ Brunnen beim Kloster<\/a><\/span><br \/>\n<span style=\"color: #3366ff;\"><a style=\"color: #3366ff;\" href=\"https:\/\/www.topohvar.at\/orte\/hv\/hv-mo-01-1\/\">Kip \u00bbSv. Franjo Asi\u0161k\u00ab \/ Statue des hl. Franz von Assisi<\/a><br \/>\n<a style=\"color: #3366ff;\" href=\"https:\/\/www.topohvar.at\/orte\/hv\/hv-mo-12-1\/\">Kip \u00bbSv. Antonija\u00ab \/ Statue des hl. Antonius<\/a><\/span><br \/>\n<span style=\"color: #3366ff;\"><a style=\"color: #3366ff;\" href=\"https:\/\/www.topohvar.at\/orte\/hv\/hv-ig-23-1\/\">Grb \u00bbNa vanjski zid franjeva\u010dkog samostana\u00ab \/ Wappen an der Au\u00dfenmauer des Franziskanerklosters<\/a><br \/>\n<a style=\"color: #3366ff;\" href=\"https:\/\/www.topohvar.at\/orte\/hv\/hv-ob-09-1\/\">Objekt \u00bbPiramida na samostanskom zidu\u00ab \/ Pyramide auf der Klostermauer<\/a><br \/>\n<a style=\"color: #3366ff;\" href=\"https:\/\/www.topohvar.at\/orte\/hv\/hv-ov-05-1\/\">Objekt \u00bb\u010cempres u vrtu Franjeva\u010dkog samostana\u00ab \/ Zypresse im Garten des Franziskanerklosters<\/a><br \/>\n<\/span><\/p>\n","protected":false},"excerpt":{"rendered":"<p>Ime \/ Name Franjeva\u010dki samostan \u00bbGospe od Milosti\u00ab \/ Franziskanerkloster Code: HV-CA-01\u00a0 \u00a0 \u00a0 \u00a0 \u00a0 \u00a0 \u00a0 \u00a0 \u00a0 \u00a0 \u00a0 \u00a0 \u00a0 \u00a0 \u00a0 \u00a0 \u00a0 \u00a0 \u00a0 \u00a0 Adresa \/ Adresse Grad Hvar,\u00a0\u0160etali\u0161te put Kri\u017ea 15 Lokacija &hellip; <a href=\"https:\/\/www.topohvar.at\/topo\/orte\/hv\/hv-ca-01-1\/\">Weiterlesen <span class=\"meta-nav\">&rarr;<\/span><\/a><\/p>\n","protected":false},"author":1,"featured_media":0,"parent":80,"menu_order":0,"comment_status":"closed","ping_status":"closed","template":"","meta":{"footnotes":""},"class_list":["post-14137","page","type-page","status-publish","hentry"],"_links":{"self":[{"href":"https:\/\/www.topohvar.at\/topo\/wp-json\/wp\/v2\/pages\/14137","targetHints":{"allow":["GET"]}}],"collection":[{"href":"https:\/\/www.topohvar.at\/topo\/wp-json\/wp\/v2\/pages"}],"about":[{"href":"https:\/\/www.topohvar.at\/topo\/wp-json\/wp\/v2\/types\/page"}],"author":[{"embeddable":true,"href":"https:\/\/www.topohvar.at\/topo\/wp-json\/wp\/v2\/users\/1"}],"replies":[{"embeddable":true,"href":"https:\/\/www.topohvar.at\/topo\/wp-json\/wp\/v2\/comments?post=14137"}],"version-history":[{"count":47,"href":"https:\/\/www.topohvar.at\/topo\/wp-json\/wp\/v2\/pages\/14137\/revisions"}],"predecessor-version":[{"id":68507,"href":"https:\/\/www.topohvar.at\/topo\/wp-json\/wp\/v2\/pages\/14137\/revisions\/68507"}],"up":[{"embeddable":true,"href":"https:\/\/www.topohvar.at\/topo\/wp-json\/wp\/v2\/pages\/80"}],"wp:attachment":[{"href":"https:\/\/www.topohvar.at\/topo\/wp-json\/wp\/v2\/media?parent=14137"}],"curies":[{"name":"wp","href":"https:\/\/api.w.org\/{rel}","templated":true}]}}