{"id":14169,"date":"2018-12-29T07:32:58","date_gmt":"2018-12-29T06:32:58","guid":{"rendered":"https:\/\/www.topohvar.at\/?page_id=14169"},"modified":"2022-01-28T18:49:52","modified_gmt":"2022-01-28T17:49:52","slug":"hv-ci-01-1","status":"publish","type":"page","link":"https:\/\/www.topohvar.at\/topo\/orte\/hv\/hv-ci-01-1\/","title":{"rendered":"HVAR &#8211; Katedrala \u00bbSv. Stjepan I. papostola i mu\u010denik\u00ab"},"content":{"rendered":"<p><a name=\"seite_oben\"><\/a><br \/>\n<img loading=\"lazy\" decoding=\"async\" class=\"alignnone wp-image-14173 size-large\" src=\"https:\/\/www.topohvar.at\/wp-content\/uploads\/2018\/12\/HV-CI-01-1-1024x503.jpg\" alt=\"\" width=\"640\" height=\"314\" srcset=\"https:\/\/www.topohvar.at\/wp-content\/uploads\/2018\/12\/HV-CI-01-1-1024x503.jpg 1024w, https:\/\/www.topohvar.at\/wp-content\/uploads\/2018\/12\/HV-CI-01-1-300x147.jpg 300w, https:\/\/www.topohvar.at\/wp-content\/uploads\/2018\/12\/HV-CI-01-1-768x377.jpg 768w, https:\/\/www.topohvar.at\/wp-content\/uploads\/2018\/12\/HV-CI-01-1.jpg 1080w\" sizes=\"auto, (max-width: 640px) 100vw, 640px\" \/><\/p>\n<p><strong>Ime \/ Name<br \/>\n<\/strong>Katedrala \u00bbSv. Stjepan I. papostola i mu\u010denik\u00ab \/ Kathedrale des hl. Stefan I., Papst und M\u00e4rtyrer<\/p>\n<p><strong>Code: <\/strong>HV-CI-01\u00a0 \u00a0 \u00a0 \u00a0 \u00a0 \u00a0 \u00a0 \u00a0 \u00a0 \u00a0 \u00a0 \u00a0 \u00a0 \u00a0 \u00a0 \u00a0 \u00a0 \u00a0 <a href=\"https:\/\/www.topohvar.at\/hv-ca-01-1\/\"><img loading=\"lazy\" decoding=\"async\" class=\"alignnone wp-image-12300 size-full\" src=\"https:\/\/www.topohvar.at\/wp-content\/uploads\/2018\/09\/push-vor-30.jpg\" alt=\"\" width=\"61\" height=\"30\" \/><\/a>\u00a0<strong><a href=\"https:\/\/www.topohvar.at\/orte\/hv\/hv-ci-12-1\/\"><img loading=\"lazy\" decoding=\"async\" class=\"alignnone wp-image-533 size-full\" src=\"https:\/\/www.topohvar.at\/wp-content\/uploads\/2018\/07\/push-l-30.jpg\" alt=\"\" width=\"61\" height=\"30\" \/><\/a> <a href=\"https:\/\/www.topohvar.at\/orte\/hv\/\"><img loading=\"lazy\" decoding=\"async\" class=\"alignnone wp-image-535 size-full\" src=\"https:\/\/www.topohvar.at\/wp-content\/uploads\/2018\/07\/push-o-30.jpg\" alt=\"\" width=\"61\" height=\"30\" \/><\/a> <a href=\"https:\/\/www.topohvar.at\/orte\/hv\/hv-ci-06-1\/\"><img loading=\"lazy\" decoding=\"async\" class=\"alignnone wp-image-536 size-full\" src=\"https:\/\/www.topohvar.at\/wp-content\/uploads\/2018\/07\/push-r-30.jpg\" alt=\"\" width=\"61\" height=\"30\" \/><\/a>\u00a0<a href=\"https:\/\/www.topohvar.at\/hv-ck-01-1\/\"><img loading=\"lazy\" decoding=\"async\" class=\"alignnone wp-image-12299 size-full\" src=\"https:\/\/www.topohvar.at\/wp-content\/uploads\/2018\/09\/push-next-30.jpg\" alt=\"\" width=\"61\" height=\"30\" \/><\/a><\/strong><\/p>\n<hr \/>\n<p><strong>Adresa \/ Adresse<br \/>\n<\/strong>Grad Hvar,\u00a0Trg sv. Stjepana 26<\/p>\n<p><strong>Lokacija \/ Position<a href=\"https:\/\/goo.gl\/maps\/dRVGqZfxdCty1bYs8\"><img loading=\"lazy\" decoding=\"async\" class=\"alignright wp-image-15620\" src=\"https:\/\/www.topohvar.at\/wp-content\/uploads\/2019\/01\/1010.jpg\" alt=\"\" width=\"134\" height=\"100\" \/><\/a><br \/>\n<\/strong><span style=\"color: #3366ff;\"><a style=\"color: #3366ff;\" href=\"https:\/\/goo.gl\/maps\/dRVGqZfxdCty1bYs8\">Latitude: N 43,17218\u00b0\u00a0 \u00a0Longitude: E 16,44353\u00b0<\/a> <\/span><strong><br \/>\n<\/strong>Visina \/ H\u00f6he: 3 m<\/p>\n<p><strong>Katastarska \u010destica<\/strong><strong> \/ Grundst\u00fccke<br \/>\n<\/strong>*173, *174<div class='content-column one_half'><div style=\"padding-right:6px;\"><p><strong>Datum snimanja \/ Erfassungsdatum<br \/>\n<\/strong>27.05.2013 17:00:00<\/p>\n<hr \/>\n<p><strong>Informacije<\/strong><\/p>\n<p>Katedrala je posve\u0107ena Sv Stjepanu, papi i mu\u010deniku, za\u0161titniku Biskupije i grada Hvara.<\/p><\/div><\/div><div class='content-column one_half last_column'><div style=\"padding-right:0px;padding-left:6px;\"><p><strong>Stupanj za\u0161tite <\/strong><strong>\/ Schutzstellung<br \/>\n<\/strong>Z-5084, RST 206<strong><br \/>\n<\/strong><\/p>\n<hr \/>\n<p><strong>Info<\/strong><\/p>\n<p>Die Kathedrale ist dem heiligen Stephanus, Papst und M\u00e4rtyrer, Patron der Di\u00f6zese und der Stadt Hvar gewidmet.<\/p><\/div><\/div><div class='clear_column'><\/div><div class='content-column one_half'><div style=\"padding-right:6px;\"><p>Katedralom postaje u 13. st., kada se sredi\u0161te biskupije premje\u0161ta iz Starog Grada u Hvar, na temeljima ranokr\u0161\u0107anske crkve Sv. Marije od Lesne iz 6. stolje\u0107a. U 14. stolje\u0107u ta se crkva pregra\u0111uje u goti\u010dkom stilu, a o njoj danas svjedo\u010di tek goti\u010dki svod u prostoru izme\u0111u glavnog broda i naknadno pro\u0161irena sveti\u0161ta koje slu\u017ei kao kor. Graditelji crkve nisu poznati sve do pregradnje koja se doga\u0111a u 15. stolje\u0107u, a pisani izvori spominju kor\u010dulanske majstore.<\/p><\/div><\/div><div class='content-column one_half last_column'><div style=\"padding-right:0px;padding-left:6px;\"><p>Sie wurde im 13. Jh., als das Zentrum der Di\u00f6zese von Stari Grad in die Stadt Hvar \u00fcbersiedelte auf den Fundamenten der fr\u00fchchristlichen Kirche der hl. Maria von Hvar aus dem 6. Jahrhundert errichtet. Im 14. Jahrhundert wurde die Kirche im gotischen Stil restauriert. Heute ist nur ein gotisches Gew\u00f6lbe im Raum zwischen dem Hauptschiff und dem sp\u00e4ter erweiterten Altarraum, der als Chor dient erhalten. Die Erbauer der Kirche sind bis zum Wiederaufbau im 15. Jahrhundert nicht bekannt. Schriftliche Quellen erw\u00e4hnen Baumeister aus Kor\u010dula.<\/p><\/div><\/div><div class='clear_column'><\/div><div class='content-column one_half'><div style=\"padding-right:6px;\"><p>Tada je crkvi nadodana la\u0111a s pro\u010deljem, no i ona je u 17. stolje\u0107u sru\u0161ena. Prema istra\u017eivanjima u prvoj polovici 15. stolje\u0107a jednobrodnoj goti\u010dkoj crkvi dodana je goti\u010dko-renesansna la\u0111a s bo\u010dnim kapelama odijeljenim stupovima, a u 17. stolje\u0107u ona je zamijenjena trobrodnim tijelom crkve.<\/p><\/div><\/div><div class='content-column one_half last_column'><div style=\"padding-right:0px;padding-left:6px;\"><p>Dann wurde der Kirche ein Kirchenschiff mit neuer Fassade hinzugef\u00fcgt, aber im 17. Jahrhundert wieder abgerissen. Forschungen haben ergeben, dass in der ersten H\u00e4lfte des 15. Jahrhunderts dem Gotisch-Renaissance-Kirchenschiff seitliche, durch S\u00e4ulen getrennten Kapellen hinzugef\u00fcgt wurden. Im 17. Jahrhundert wurde diese durch einen dreischiffigen Kirchenbau ersetzt.<\/p><\/div><\/div><div class='clear_column'><\/div><div class='content-column one_half'><div style=\"padding-right:6px;\"><p>1571. godine spali\u0161e ju i sru\u0161i\u0161e Turci. Ostao je prezbiterij, koji je zadr\u017eao svoj stari, goti\u010dki oblik. Po odlasku Turaka, krajom 16. i po\u010detkom 17. stolje\u0107a, hvarski &#8222;operari&#8220; restaurirali su ju po nacrtu iz 1549. godine, bez prekidanja crkvenih obreda.<\/p><\/div><\/div><div class='content-column one_half last_column'><div style=\"padding-right:0px;padding-left:6px;\"><p>Im Jahre 1571 wurde die Kirche durch die T\u00fcrken niedergebrannt und demoliert. Es blieb das Presbyterium mit seiner alten gotischen Form erhalten. Nach Abzug der T\u00fcrken im sp\u00e4ten 16. und fr\u00fchen 17. Jahrhundert, wurde die Kirche gem\u00e4\u00df dem Hvarer &#8222;operari&#8220; Plan aus dem Jahr 1549 wiederhergestellt ohne dabei die Gottesdienste zu unterbrechen.<\/p><\/div><\/div><div class='clear_column'><\/div><div class='content-column one_half'><div style=\"padding-right:6px;\"><p>Stariji raspored crkve djelomi\u010dno nalazimo u opisu Augustina Valiera, biskupa iz Verone koji 1579. godine obilazi Hvar. Unutar nekada\u0161nje crkve biskup spominje kapele, \u010dije je postojanje potvr\u0111eno u bilje\u0161kama i ra\u010dunima o ru\u0161enju. Ve\u0107 za pohoda biskupa smatra se da je zapo\u010dela gradnja nove, dana\u0161nje katedrale te se prote\u017ee sve do 18. stolje\u0107a. Razlog za\u0161to on daje opis starije crkve je taj \u0161to se paralelno grade pro\u010delje i apsida, dok la\u0111a gotovo ostaje u obliku iz 14. i 15. stolje\u0107a, uz manje preinake. Na apsidi katedrale po nacrtu rade Ivan Pomeni\u0107 i Nikola Vlahoti\u0107.<\/p><\/div><\/div><div class='content-column one_half last_column'><div style=\"padding-right:0px;padding-left:6px;\"><p>Das Aussehen der damaligen Kirche findet sich in der Beschreibung von Augustin Valier, einem Bischof aus Verona, der 1579 Hvar besuchte. Der Bischof erw\u00e4hnt die Kapellen in der ehemaligen Kirche, deren Existenz in den Notizen und Berichten des Abrisses best\u00e4tigt wird. Bereits zum Zeitpunkt des Bischofbesuchs wird davon ausgegangen, dass der Bau einer neuen, modernen Kathedrale bereits begonnen hat und sich bis ins 18. Jahrhundert erstreckt. Der Grund, warum er die \u00e4ltere Kirche beschreibt, ist, dass Fassade und Apsis parallel gebaut werden, w\u00e4hrend das Kirchenschiff fast in der Form des 14. und 15. Jahrhunderts und mit wenigen Modifikationen erhalten bleibt. Ivan Pomeni\u0107 und Nikola Vlahoti\u0107 arbeiten an der Apsis der Kathedrale.<\/p><\/div><\/div><div class='clear_column'><\/div><div class='content-column one_half'><div style=\"padding-right:6px;\"><p>Pro\u010delje katedrale je zapo\u010deto gotovo istovremeno i gradilo zajedno sa zvonikom, ali se oteglo dva stolje\u0107a, do druge polovice 18. st. Pro\u010delje se podredilo urbanisti\u010dkim datostima trga, ne korespondiraju\u0107i s \u0161irokim trobrodnim prostorom baroknog interijera.\u00a0 Svojim trodjelnim zabatom predstavlja refl eks renesansnih pro\u010delja poput \u0161ibenske katedrale i dubrova\u010dke crkve sv. Spasa.<\/p><\/div><\/div><div class='content-column one_half last_column'><div style=\"padding-right:0px;padding-left:6px;\"><p>Die Fertigstellung der Fassade der Kathedrale deren Bau fast gleichzeitig mit dem Glockenturm begonnen hatte, dauerte allerdings mehr als zwei Jahrhunderte bis zur zweiten H\u00e4lfte des 18. Jh. Die Fassade ordnet sich den st\u00e4dtischen Gegebenheiten des Platzes unter und entspricht nicht dem breiten dreischiffigen barocken Innenraum. Ihr dreiteiliger Giebel nimmt Bezug auf die Renaissance-Fassaden der Kathedrale von Sibenik und der Dubrovniker Kirche St. Spas.<\/p><\/div><\/div><div class='clear_column'><\/div><div class='content-column one_half'><div style=\"padding-right:6px;\"><p>U posljednjim desetlje\u0107ima 17. stolje\u0107a do\u0161lo je do barokne obnove crkve. Uklopljen je srednjovjekovni kor i renesansno-barokno pro\u010delje. Stvorena je cjelina zahvaljuju\u0107i osvijetljenoj apsidi, a posebno kapelama sv. Kri\u017ea i Pro\u0161pera koje se nastavljaju na bo\u010dne brodove te su uzdignute za dvije stepenice od razine poda crkve.<\/p><\/div><\/div><div class='content-column one_half last_column'><div style=\"padding-right:0px;padding-left:6px;\"><p>In den letzten Jahrzehnten des 17. Jahrhunderts erfolgte eine barocke \u00dcberarbeitung der Kirche. Eingearbeitet wurden der mittelalterliche Chor und die Renaissance-Barock-Fassade. Geschaffen wurde das Ganze dank der hellen Apsis und besonders durch die Kapellen vom hl. Kreuz und des hl. Pro\u0161per, die die Seitenschiffe verl\u00e4ngern und um zwei Stufen \u00fcber dem Kirchenboden liegen.<\/p><\/div><\/div><div class='clear_column'><\/div><div class='content-column one_half'><div style=\"padding-right:6px;\"><p>U kapeli sv. Kri\u017ea u ju\u017enoj la\u0111i hvarske katedrale \u010duva se u posebnom okviru malo goti\u010dko raspelo koje se prema predaji 6. velja\u010de, na dan sv. Doroteje 1510. godine, u osvit pu\u010dkog ustanka Matija Ivani\u0107a, orosilo krvlju (vidi crkva sv. Anunciata) i tako pozvalo stanovnike komune na pokoru i pomirenje. U potonjoj se \u010duvaju kosti sveca suza\u0161titnika grada Hvara \u2013 Sv. Pro\u0161pera.<\/p><\/div><\/div><div class='content-column one_half last_column'><div style=\"padding-right:0px;padding-left:6px;\"><p>In der Heiligen-Kreuz-Kapelle im s\u00fcdlichen Seitenschiff der Kathedrale ist in einem besonderen Rahmen ein kleines gotisches Kruzifix erhalten, das am 6. Februar 1510, am Tag der hl. Dorothea nach Ausbruch des Aufstandes von Matija Ivani\u0107, blutete (siehe Kirche der hl. Anunciata) und so die Bewohner der Stadt wieder vers\u00f6hnte. In einem Schrein werden die Gebeine des Heiligen des Schutzpatrons der Stadt Hvar \u2013 des hl. Prosper \u2013 verwahrt.<\/p><\/div><\/div><div class='clear_column'><\/div><div class='content-column one_half'><div style=\"padding-right:6px;\"><p>Zemne ostatke mu\u010denika iz rimskih katakombi donio je 1671. hvarski biskup Trogiranin Ivan Andreis, a Hvarani 10. svibnja slave kao zavjetni blagdan od 1674. godine kada je jednoglasnim odlukama Velikog vije\u0107a i Kaptola s biskupom sveti Pro\u0161per progla\u0161en suza\u0161titnikom grada i \u010ditave biskupije.<\/p><\/div><\/div><div class='content-column one_half last_column'><div style=\"padding-right:0px;padding-left:6px;\"><p>Die irdischen \u00dcberreste des M\u00e4rtyrers aus den r\u00f6mischen Katakomben wurden 1671 vom Bischof von Hvar, Ivan Andreis aus Trogir, gebracht, und das Volk von Hvar feiert den 10. Mai seit 1674 als Votivfeiertag, als der heilige Pro\u0161per zum Mitpatron der Stadt und der gesamten Di\u00f6zese ernannt wurde.<\/p><\/div><\/div><div class='clear_column'><\/div><\/p>\n<p style=\"text-align: right;\"><a href=\"#seite_oben\"><span style=\"color: #3366ff;\">natrag na vrh \/ Seitenanfang<\/span><\/a><\/p>\n<hr \/>\n<div class='content-column one_half'><div style=\"padding-right:6px;\"><p>Povjesni\u010dar Grga Novak zapisao je 1918.g. sljede\u0107u legendu:<\/p><\/div><\/div><div class='content-column one_half last_column'><div style=\"padding-right:0px;padding-left:6px;\"><p>Der Historiker Grga Novak schrieb 1918 folgende Legende dazu auf:<\/p><\/div><\/div><div class='clear_column'><\/div><div class='content-column one_half'><div style=\"padding-right:6px;\"><p>Na Badnjak su se Hvarani okupili u katedrali. Pu\u010dani su, kako je bio obi\u010daj, ulazili na mala vrata, a vlastela na vela (glavna). Tijekom mise pu\u010dani su primijetili da im je svima na \u010delu crni kri\u017e. U krstionici uz mala vrata vidjeli su crnilo sipe. Doznali su da je to zlodjelo plemi\u0107a te su im se odlu\u010dili osvetiti. Zakleli su se na mali drveni kri\u017e da \u0107e poubijati svu vlastelu, te su to u\u010dinili na dan sv. Doroteje, 6. velja\u010de. Poklali su sve plemi\u0107e, osim jednog dje\u010daka iz obitelji Jak\u0161a, koji se spasio sakriv\u0161i se u dimnjak. Zbog tog pokolja nastala je silna oluja, tijekom koje se raspukne svod u crkvi Anuncijati, a kri\u017e na koji su se zakleli procurio je krvlju. Nakon tih doga\u0111aja do\u0161li su Mle\u010dani, uhvatili vo\u0111e pu\u010dana i ubili ih. Kako bi prestra\u0161ili Hvarane i opomenuli ih, dali su isklesati glave ubijenih pu\u010dana i postaviti ih na vrh lukova na Lo\u0111i\u2026<\/p><\/div><\/div><div class='content-column one_half last_column'><div style=\"padding-right:0px;padding-left:6px;\"><p>Am Heiligabend versammelten sich die Hvaraner in der Kathedrale. Sie gingen wie es \u00fcblich war durch das kleine Tor und bekreuzigten sich. W\u00e4hrend der Messe bemerkten sie, dass jeder von ihnen ein schwarzes Kreuz an der Stirn hatte. Im Weihwasserbecken neben der kleinen T\u00fcr bemerkten sie die schwarze \u201eTinte\u201c eines Tintenfisches. Sie erfuhren, dass es sich um eine \u00dcbeltat von Adligen handelte, und sie beschlossen, sich zu r\u00e4chen. Sie schworen vor einem kleinen Holzkreuz, dass sie alle \u201eHerren\u201c am Tag der hl. Dorothea, am 6. Februar, t\u00f6ten w\u00fcrden. Sie metzelten die Adligen nieder, bis auf einen Jungen aus der Familie Jak\u0161a, der gerettet wurde, indem er sich im Schornstein versteckte. Wegen dieses Gemetzels gab es einen schweren Sturm, bei dem das Gew\u00f6lbe der Kirche Anuncijata zerbarst und das Kreuz, auf das sie schworen, zu bluten begann. Nach diesen Ereignissen kamen die Venezianer, nahmen die Anf\u00fchrer des Aufruhrs gefangen und t\u00f6teten sie. Um den Hvaranern Angst einzujagen und sie zu warnen, modellierten sie die K\u00f6pfe der Get\u00f6teten und platzierten sie auf den Spitzen der B\u00f6gen der Loggia &#8230;<\/p><\/div><\/div><div class='clear_column'><\/div><div class='content-column one_half'><div style=\"padding-right:6px;\"><p>Vidi tako\u0111er \u201eI nebo je plakalo &#8211; pri\u010da o Hvarskom Svetom Kri\u017ei\u0107u&#8220; (kod crkve sv. Anunciata)<\/p><\/div><\/div><div class='content-column one_half last_column'><div style=\"padding-right:0px;padding-left:6px;\"><p>Siehe auch \u201eUnd der Himmel weinte &#8211; die Geschichte vom Heiligen Kreuz in Hvar\u201c (unter Kirche sv. Anunciata)<\/p><\/div><\/div><div class='clear_column'><\/div><\/p>\n<p><img loading=\"lazy\" decoding=\"async\" class=\"size-full wp-image-15621 aligncenter\" src=\"https:\/\/www.topohvar.at\/wp-content\/uploads\/2019\/01\/Hv-ci-01-21.jpg\" alt=\"\" width=\"199\" height=\"300\" \/><\/p>\n<hr \/>\n<div class='content-column one_half'><div style=\"padding-right:6px;\"><p>Nakon dugotrajne gradnje i obnove posvetio crkva je bila posve\u0107ena 1706. godine, no ne i gotova. Natpis o tome postavljen je nad vratima sakristije:<\/p><\/div><\/div><div class='content-column one_half last_column'><div style=\"padding-right:0px;padding-left:6px;\"><p>Die Kirche wurde nach langer Bau- und Renovierungszeit im Jahre 1706 eingeweiht, war aber noch nicht fertiggestellt.\u00a0Eine Inschrift dar\u00fcber wurde \u00fcber der T\u00fcr der Sakristei angebracht:<\/p><\/div><\/div><div class='clear_column'><\/div><\/p>\n<p style=\"text-align: center;\">DIE XI IVLII MDC \u201eCVI CONSECRATIO HVIVS CATHEDRALIS\u201c<\/p>\n<div class='content-column one_half'><div style=\"padding-right:6px;\"><p>11. srpnja 1706. godine posve\u0107ena je ova stolna crkva<\/p><\/div><\/div><div class='content-column one_half last_column'><div style=\"padding-right:0px;padding-left:6px;\"><p>Am 11. Juli 1706 wurde diese Tafelkirche geweiht.<\/p><\/div><\/div><div class='clear_column'><\/div><div class='content-column one_half'><div style=\"padding-right:6px;\"><p>Prema istra\u017eivanjima Cvita Fiskovi\u0107a pro\u010delje je dovr\u0161eno 1755. godine pod majstorom Vickom Portolanom, a 1756. godine kona\u010dno je o\u017ebukana i apsida, \u010dime je nakon gotovo tri stolje\u0107a dovr\u0161ena kompletna katedrala.<\/p><\/div><\/div><div class='content-column one_half last_column'><div style=\"padding-right:0px;padding-left:6px;\"><p>Laut einer Untersuchung von Cvita Fiskovi\u0107 wurde die Fassade 1755 von Meister Vicko Portola fertiggestellt und 1756 die Apsis endlich verputzt, so dass die komplette Kathedrale nach fast drei Jahrhunderten fertiggestellt wurde.<\/p><\/div><\/div><div class='clear_column'><\/div><div class='content-column one_half'><div style=\"padding-right:6px;\"><p>Deset mramornih oltara krasi pobo\u010dne la\u0111e. U glavnoj je oltar sa slikom &#8222;Gospa sa Sv. Stjepanom i drugim svecima&#8220; od Jacopa Palme Mla\u0111ega (1554. do 1632.), posljednjega dobroga slikara sjajnoga doba mleta\u010dkoga slikarstva koji je ukrasio du\u017edovu pala\u010du u Veneciji mnogim remek djelima.<\/p><\/div><\/div><div class='content-column one_half last_column'><div style=\"padding-right:0px;padding-left:6px;\"><p>Zehn Marmoralt\u00e4re zieren die Seitenschiffe. Am Hauptaltar befindet sich das Gem\u00e4lde &#8222;Madonna mit St. Stefan und anderen Heiligen&#8220; von Jakob Palma dem J\u00fcngeren (1554 &#8211; 1632), dem letzten gro\u00dfen Maler aus der brillanten Zeit venezianischer Malerei, die den Dogenpalast in Venedig durch viele Meisterwerke bereicherten.<\/p><\/div><\/div><div class='clear_column'><\/div><div class='content-column one_half'><div style=\"padding-right:6px;\"><p>Svi oltari su iz vremena baroka, ali su im stupovi u \u010distom i lijepom korintskom stilu. Vrijedni stari oltari (od 12. do 16. stolje\u0107a) zamijenjeni su u 17 stolje\u0107u novim, rasko\u0161nim, koje su podizale hvarske vlastelinske obitelji, sve\u0107enici ili bratov\u0161tine: Bra\u0107a Hektorovi\u0107 (1686. godine oltar Gospe od Kamena), vlastelin Vidali (1692. godine oltar Sv. Kri\u017ea s divnim crnim stupovima), hvarski biskup Jerolim Priolus (1687. godine oltar Sv. Gaetana), bra\u0107a Vinko i Jerolim Ivaneo &#8211; Fasani (1692. godine oltar Sv. Josipa), Franjo Lupi (oltar Sv. Antuna, danas Srca Isusova), kanonik Dominik Damiani (1674. godine oltare Sv. Lucije i Sv. Petra).<\/p><\/div><\/div><div class='content-column one_half last_column'><div style=\"padding-right:0px;padding-left:6px;\"><p>Alle Alt\u00e4re sind aus der Barockzeit mit sch\u00f6nen S\u00e4ulen in reinem korinthischen Stil. Wertvolle alte Alt\u00e4re (aus dem 12. bis 16. Jahrhundert) wurden im 17. Jahrhundert durch neue luxuri\u00f6se ersetzt, die durch Hvarer Adelsfamilien, Priester und Bruderschaften aufgestellt wurden: Die Br\u00fcder Hektorovi\u0107 (1686 Altar Unserer Lieben Frau vom Stein), ein Adliger Vidali (1692 Altar vom hl. Kreuz mit sch\u00f6nen schwarzen S\u00e4ulen), der Hvarer Bischof Jerome Priolus (1687 Altar des hl. Gaetano), die Br\u00fcder Vincent und Jerome Ivaneli &#8211; Fasani (1692 Altar des hl. Josef), Francis Lupi (Altar des heiligen Antonius, heute Herz Jesu), Pfarrer Dominik Damiani (1674 Alt\u00e4re der hl. Lucia und des hl. Peter).<\/p><\/div><\/div><div class='clear_column'><\/div><div class='content-column one_half'><div style=\"padding-right:6px;\"><p>Najstariji, glavni oltar, sagradila je crkvena uprava (1620. do 1626. godine). Slike na oltarima su od slikara mleta\u010dkoga seicenta i Setecenta. Isti\u010du se slika &#8222;Bogorodica sa Sv. Josipom&#8220; u kapeli obitelji Ivaneo &#8211; Bogli\u0107 od Domenica Ubertia iz 1692. godine i rasko\u0161an oltar u kapeli Hektorovi\u0107, s mramorima, kipovima i reljefima (&#8222;Bogorodica s Isusom na lijevoj ruci&#8220; iz 13. stolje\u0107a, jedna je od najstarijih ikona u Dalmaciji), te dva velika barokna kandelabra iz 1674. godine na ulazu u kapelu.<\/p><\/div><\/div><div class='content-column one_half last_column'><div style=\"padding-right:0px;padding-left:6px;\"><p>Der \u00e4lteste, der Hauptaltar, wurde durch die Kirchenbeh\u00f6rde in den Jahren 1620 \u2013 1626 errichtet. Die Bilder auf den Alt\u00e4ren stammen von Malern des 17. und 18. Jahrhunderts. Unter diesen ragt das Bild der &#8222;Madonna mit hl. Josef&#8220; in der Kapelle der Familie Ivaneo &#8211; Bogli\u0107 des Domenico Ubertia aus dem Jahr 1692 heraus. Bemerkenswert sind weiters der pr\u00e4chtige Altar in der Kapelle Hektorovi\u0107, mit Marmorstatuen und Reliefs (&#8222;Jungfrau Maria mit Jesus auf dem linken Arm&#8220; aus dem 13. Jahrhundert, eines der \u00e4ltesten Ikonen in Dalmatien), sowie zwei gro\u00dfe barocke Kerzenleuchter aus dem Jahre 1674 am Eingang zur Kapelle.<\/p><\/div><\/div><div class='clear_column'><\/div><div class='content-column one_half'><div style=\"padding-right:6px;\"><p>Pjevali\u0161te za sve\u0107enike je krasan rad iz 1572. godine od Markantonia Veneta, a renesansna korska sjedala su rad F. \u010cio\u010di\u0107a iz 1583. godine. Uz lijeva ulazna vrata nalaze se dva vrlo lijepa reljefa, jedan od nepoznatoga kipara iz kraja 14. ili po\u010detka 15. stolje\u0107a, a jedan od Giorgia Orsinia ili iz njegove radionice. Remek djelo mleta\u010dke umjetnosti je tabernakul, rad Lorenza Viviania iz 1700. godine. Jedna od najstarijih u stolnoj crkvi, jo\u0161 iz 15. stolje\u0107a, je Pieta &#8222;Gospa od Sedam \u017ealosti&#8220; nepoznatoga autora. &#8222;Bogorodica sa Sv. Petrom i drugim svecima&#8220; na prvom oltaru lijevo od glavnoga ulaza u katedralu, &#8222;Sv. Lucija&#8220; na desnom oltaru do ulaza u katedralu i &#8222;Bogorodica sa Sv. Gajetanom, Sv. Jerolimom i biskupom Priuli&#8220; nepoznatih su autora.<\/p><\/div><\/div><div class='content-column one_half last_column'><div style=\"padding-right:0px;padding-left:6px;\"><p>Der Priesterchor ist eine sch\u00f6ne Arbeit aus dem Jahr 1572 von Marcantonio Veneta, das Renaissance-Chorgest\u00fchl ist ein Werk des F. \u010cio\u010di\u0107a aus dem Jahre 1583. Beim linken Eingangstor sind zwei sehr sch\u00f6ne Reliefs. Das Eine von einem unbekannten Bildhauer des sp\u00e4ten 14. oder fr\u00fchen 15. Jahrhunderts, das andere von Giorgio Orsinia oder aus seiner Werkstatt. Ein Meisterwerk venezianischer Kunst ist der Tabernakel von Lorenzo Viviania aus dem Jahr 1700. Eines der \u00e4ltesten Tafelbilder der Kirche ist die Pieta &#8222;Madonna der sieben Schmerzen&#8220; aus dem 15. Jahrhundert eines unbekannten K\u00fcnstlers. \u201eMadonna mit Hl. Petrus und anderen Heiligen\u201c am ersten Altar auf der linken Seite, &#8222;hl. Luzia&#8220; am rechten Altar beim Haupteingang, sowie &#8222;Madonna mit dem hl. Gajetan, dem hl. Jerome und den Bischof Priuli&#8220; stammen von unbekannten Meistern.<\/p><\/div><\/div><div class='clear_column'><\/div><div class='content-column one_half'><div style=\"padding-right:6px;\"><p>Sakristija obiluje dragocjenostima: biskupski \u0161tap iz 1809. godine od doma\u0107eg cizelatora Pavla Dubrav\u010di\u0107a, poprsje Sv. Stjepana, protektora Hvarske komune, iz 17. stolje\u0107a, kale\u017e i monstranca hvarskoga biskupa Tome Tomasinia (1428. do 1466. godine), legata pape Eugena IV. kod bosanskih kraljeva Stjepana Tome i Stjepana Toma\u0161evi\u0107a, planeta i pluvial iz I5. stolje\u0107a s vrijednim figurainim vezom, kaptolski kri\u017e i klasicisti\u010dko srebrno poprsje konprotektora Hvara Sv. Prospera iz 18. stolje\u0107a, pla\u0161t posljednjega mleta\u010dkoga du\u017eda preure\u0111en za pluvial, &#8230;<\/p><\/div><\/div><div class='content-column one_half last_column'><div style=\"padding-right:0px;padding-left:6px;\"><p>Die Sakristei ist reich an Sch\u00e4tzen: Ein Bischofsstab aus dem Jahr 1809 des heimischen Ziselators Paul Dubrav\u010di\u0107, eine B\u00fcste des hl. Stefan, dem Besch\u00fctzer der Stadt Hvar aus dem 17. Jahrhundert, ein Kelch und eine Monstranz des Hvarer Bischofs Thomas Tomasini (1428 &#8211; 1466), Legat des Papst Eugen IV. bei den bosnischen K\u00f6nigen Stjepan Tome und Stjepan Toma\u0161evi\u0107, Planeten und Pluviale (Segens- oder Vesperm\u00e4ntel) aus dem 15. Jahrhundert mit wertvollen figuralen Schlie\u00dfen, ein Kapitol-Kreuz, eine klassizistische Silberb\u00fcste des Hvarer Konprotektor hl. Prosper aus dem 18. Jahrhundert, ein Mantel des letzten Dogen als Umhang umgearbeitet, &#8230;<\/p><\/div><\/div><div class='clear_column'><\/div><div class='content-column one_half'><div style=\"padding-right:6px;\"><p>U katedrali je reljef, jednak onomu na Orsinijevu sarkofagu u Splitu, ali ve\u0107i, vjerojatno rad Nikole Jurjeva iz Hvara, u\u010denika Jurja Dalmatinca. Sa staroga glavnoga oltara prene\u0161en je ovaj krasan reljef iz kraja 14. ili ranog 15. stolje\u0107a na ju\u017eni zid hvarske stolne crkve.<\/p><\/div><\/div><div class='content-column one_half last_column'><div style=\"padding-right:0px;padding-left:6px;\"><p>In der Kathedrale befindet sich ein Relief, identisch mit dem auf dem Sarkophag des Orsini in Split, aber eher ein Werk des Nikol Juraj aus Hvar, Sch\u00fcler des Juraj Dalmatinac. Mit dem alten Hauptaltar wurde dieses sch\u00f6ne Relief aus dem sp\u00e4ten 14. oder fr\u00fchen 15. Jahrhundert an die S\u00fcdwand des Hvarer Doms verlegt.<\/p><\/div><\/div><div class='clear_column'><\/div><div class='content-column one_half'><div style=\"padding-right:6px;\"><p>Velika vrata koja je majstorski ostvario 1990. g. Prof. Kuzma Kova\u010di\u0107, ispunjena su sna\u017enim kiparskim akcentima na osam kvadranata povr\u0161ine vratiju.<\/p><\/div><\/div><div class='content-column one_half last_column'><div style=\"padding-right:0px;padding-left:6px;\"><p>Das gro\u00dfe Kirchenportal wurde 1990 von Prof. Kuzmo Kova\u010di\u0107 meisterhaft realisiert. Die acht quadratischen Fl\u00e4chen auf der T\u00fcroberfl\u00e4che sind gef\u00fcllt mit kraftvollen skulpturalen Akzenten.<\/p><\/div><\/div><div class='clear_column'><\/div><div class='content-column one_half'><div style=\"padding-right:6px;\"><p>Mala Vrata hvarske katedrale iz 2006. g., djelo je fra Joakima Gregova, predstojniku franjeva\u010dkog samostana. On je kipar, slikar, pjesnik i restaurator. Na \u0161est kvadranata, nakoja je podijelio povr\u0161inu vrata, prikazao je \u0161est scena koje sadr\u017eajno izra\u017eavaju hrvatsku i hvarsku sakralnu tematiku. Na prvom kvadrantu prikazan je sv. Josip, za\u0161titnik Hrvatske, i globusni, zemljovidni prikaz Hrvatske. Na drugom kvadrantu je sv. Stjepan, za\u0161titnik Hvarske biskupije, na tre\u0107em sv. Nikola, za\u0161titnik pomoraca, a na \u010detvrtom sv. Pro\u0161per, suza\u0161titnik grada Hvara. Na petom i \u0161estom kvadrantu prikazani su crkva Gospe od Kruvenice i tri crkvena dostojanstvenika zna\u010dajna za Hrvatsku &#8211; to su kardinal Alojzije Stepinac, papa Ivan Pavao II. i papa Benedikt XVI.<\/p><\/div><\/div><div class='content-column one_half last_column'><div style=\"padding-right:0px;padding-left:6px;\"><p>Das kleine Kirchenportal aus dem Jahr 2006 ist ein Werk des Paters Joachim Greg, dem Leiter des Franziskanerklosters. Er ist Bildhauer, Maler, Dichter und Restaurator. Die sechs Quadrate auf der T\u00fcroberfl\u00e4che zeigen sechs Szenen, in denen kroatische und die Hvarer Sakralthemen besonders hervorgehoben wurden. Im ersten Quadrant der hl. Josef, der Patron von Kroatien, ein Globus und die Karte von Kroatien. Auf dem zweiten Quadranten befindet sich der hl. Stefan, Patron des Bistums Hvar, auf dem dritten der hl. Nikolaus, der Patron der Seeleute, und im vierten der hl. Pro\u0161per, der Schutzpatron der Stadt Hvar. Im f\u00fcnften und sechsten Quadranten sind die Kirche Unserer Lieben Frau von Kruvenica und drei kirchliche W\u00fcrdentr\u00e4ger die f\u00fcr Kroatien von Bedeutung waren &#8211; Kardinal Alojzije Stepinac, Papst Johannes Paul II. und Papst Benedikt XVI.<\/p><\/div><\/div><div class='clear_column'><\/div><div class='content-column one_half'><div style=\"padding-right:6px;\"><p>U 10. svibnja, Hvar slavi blagdan sv. Pro\u0161pera, suza\u0161titnika grada. U katedrali \u0107e biti misa, procesija po trgu, zabavni program i prodajni \u0161tandovi s ponudom oto\u010dkih proizvo\u0111a\u010da.<\/p><\/div><\/div><div class='content-column one_half last_column'><div style=\"padding-right:0px;padding-left:6px;\"><p>Am 10. Mai feiert Hvar das Fest des hl. Prosper, dem Schutzpatron der Stadt. Gefeiert wird mit einer heiligen Messe in der Kathedrale einer Prozession auf der Piazza, einem unterhaltsamen Programm und Verkaufsst\u00e4nden mit Inselprodukten.<\/p><\/div><\/div><div class='clear_column'><\/div><div class='content-column one_half'><div style=\"padding-right:6px;\"><p>2. listopada je dan grada Hvara i blagdan sv. Stjepana I, za\u0161titnika grada Hvara i biskupije. U 10 sati sveta misa se slavi i odr\u017eava se sve\u010dana procesija.<\/p><\/div><\/div><div class='content-column one_half last_column'><div style=\"padding-right:0px;padding-left:6px;\"><p>Der 2. Oktober ist der Tag der Stadt Hvar und des Festes der hl. Stefan I, des Schutzpatrons der Stadt Hvar und der Di\u00f6zese. Um 10 Uhr wird die heilige Messe gefeiert und eine feierliche Prozession veranstaltet.<\/p><\/div><\/div><div class='clear_column'><\/div><div class='content-column one_half'><div style=\"padding-right:6px;\"><p>Blagdan, Sv. Kri\u017eic &#8211; Hvar 06.02<\/p><\/div><\/div><div class='content-column one_half last_column'><div style=\"padding-right:0px;padding-left:6px;\"><p>Feiertag, Sv. Kri\u017eic &#8211; Hvar 06.02<\/p><\/div><\/div><div class='clear_column'><\/div><\/p>\n<hr \/>\n<p style=\"text-align: right;\"><a href=\"#seite_oben\"><span style=\"color: #3366ff;\">natrag na vrh \/ Seitenanfang<\/span><\/a><\/p>\n<div class='content-column one_half'><div style=\"padding-right:6px;\"><p><strong>Zvonik basilike Sv. Stjepana<\/strong><\/p>\n<p>Renesansni zvonik katedrale &#8211; sa zvonikom kula crkve Sv. Marka, zvonikom crkve sv. Marije (franjeva\u010dkog samostana) i zvonikom biv\u0161e crkve sv. Venerande (na\u017ealost, vi\u0161e ne postoje\u0107i) &#8211; spada u najljep\u0161e spomenike renesanse XVI.st. u Dalmaciji.<\/p><\/div><\/div><div class='content-column one_half last_column'><div style=\"padding-right:0px;padding-left:6px;\"><p><strong>Kirchturm der Basilika zum hl. Stefan<\/strong><\/p>\n<p>Der Renaissanceturm der Kathedrale z\u00e4hlt mit den Glockent\u00fcrmen der Kirche Sv. Marka, dem Turm der Kirche der hl. Maria (Franziskanerkloster) und dem (leider nicht mehr vorhandenem) Turm der ehemaligen Kirche sv. Venerande, zu den sch\u00f6nsten Denkm\u00e4lern der Renaissance des 16. Jahrhunderts in Dalmatien.<\/p><\/div><\/div><div class='clear_column'><\/div><div class='content-column one_half'><div style=\"padding-right:6px;\"><p>Zvonik i pro\u010delje katedrale, kao i ostali dijelovi nove katedrale zapo\u010deti su s gradnjom istovremeno. Projektanti i graditelji su isti, kako zvonika i pro\u010delja katedrale, tako i same katedrale. Zvonik je sastavni dio pro\u010delja katedrale, pa je morao biti projektiran tako, da se uklapa u cijelu gra\u0111evinu.<\/p><\/div><\/div><div class='content-column one_half last_column'><div style=\"padding-right:0px;padding-left:6px;\"><p>Mit dem Bau des Glockenturms und der Fassade des Doms sowie andere Teile des neuen Doms wurde gleichzeitig begonnen. Planer und Bauherren des Glockenturms, der Domfassade, sowie die Kathedrale selbst, waren die gleichen. Der Glockenturm war integraler Bestandteil der Fassade des Doms und musste daher mit dem gesamten Geb\u00e4ude entworfen werden.<\/p><\/div><\/div><div class='clear_column'><\/div><div class='content-column one_half'><div style=\"padding-right:6px;\"><p>Stari je zvonik bio sru\u0161en, i od njegovog kamena gra\u0111en novi, te ostali dijelovi katedrale. Dok se nije izgradio novi zvonik, katedrala bi bila bez zvonika, pa se izgradio mali zvonik na krovu stare katedrale za smje\u0161taj zvona, kako bi ona mogla biti u funkciji. Taj je mali zvonik slu\u017eio kao privremeni.<\/p><\/div><\/div><div class='content-column one_half last_column'><div style=\"padding-right:0px;padding-left:6px;\"><p>Der alte Glockenturm wurde abgerissen, und seine Steine wurden zum Bau der Kathedrale verwendet. Bis zum Bau eines neuen Glockenturms m\u00fcsste die Kathedrale ohne Glockenturm auskommen, so dass ein kleiner Glockenturm auf dem Dach der alten Kathedrale gebaut werden sollte, um funktionieren zu k\u00f6nnen. Dieser kleine Glockenturm diente als vor\u00fcbergehender Ersatz.<\/p><\/div><\/div><div class='clear_column'><\/div><div class='content-column one_half'><div style=\"padding-right:6px;\"><p>Zvonik hvarske katedrale je zapo\u010det s gradnjom u 1632. godine, nakon kuge koja je u gradu vladala 1516. godine, a dovr\u0161en sredinom istog stolje\u0107a.<\/p><\/div><\/div><div class='content-column one_half last_column'><div style=\"padding-right:0px;padding-left:6px;\"><p>Der Bau des Glockenturms der Kathedrale von Hvar begann, nachdem der Pest die Stadt im Jahr 1516 heimgesucht hatte, im Jahr 1632 und wurde in der Mitte des gleichen Jahrhunderts abgeschlossen.<\/p><\/div><\/div><div class='clear_column'><\/div><div class='content-column one_half'><div style=\"padding-right:6px;\"><p>Dokument iz 1520. g., koji je objavio Cvito Fiskovi\u0107 u svojoj knjizi o hvarskoj katedrali, spominje da su zvonik hvarske katedrale gradili Kor\u010dulani Marko Mili\u0107 Pavlovi\u0107 i Nikola Karli\u0107.<\/p><\/div><\/div><div class='content-column one_half last_column'><div style=\"padding-right:0px;padding-left:6px;\"><p>In einem Dokument aus dem Jahr 1520, herausgegeben von Cvito Fiskovi\u0107 in seinem Buch \u00fcber die Kathedrale von Hvar, wird berichtet, dass der Glockenturm der Kathedrale von Hvar von den Kor\u010dulaern Marko Mili\u0107 Pavlovi\u0107 und Nikola Karli\u0107 gebaut wurde.<\/p><\/div><\/div><div class='clear_column'><\/div><div class='content-column one_half'><div style=\"padding-right:6px;\"><p>U tom dokumentu se vidi da je gradnja ugovorena na na\u010din da zvonik bude po uzoru na zvonik crkve sv. Marije od milosti u Hvaru, s \u010detiri nivoa, ali i s mjerama koje je imao stari zvonik hvarske katedrale. Stari zvonik je imao druga\u010diji arhitektonski izgled pro\u010delja. Imao je i krov na \u010detiri vode.<\/p><\/div><\/div><div class='content-column one_half last_column'><div style=\"padding-right:0px;padding-left:6px;\"><p>Aus diesem Dokument geht weiters hervor, dass der Turm so konzipiert war, dass er dem Glockenturm der Kirche St. Maria der Gnade in Hvar mit seinen vier Ebenen \u00e4hnelt aber auch die Ma\u00dfe des alten Glockenturm der Kathedrale von Hvar aufweisen sollte. Der alte Glockenturm hatte allerdings eine andere architektonische Fassadengestaltung und auch ein Zeltdach.<\/p><\/div><\/div><div class='clear_column'><\/div><div class='content-column one_half'><div style=\"padding-right:6px;\"><p>Zvonik hvarske katedrale je ra\u0111en po principu kao i zvonik franjeva\u010dke crkve sv. Marije od milosti, ali samo u I., II. i III. katu. Prizemlje i IV. kat su druga\u010diji. Proporcije su druga\u010dije. \u010cetvrti kat ra\u0111en je na principu II. i III. kata.<\/p><\/div><\/div><div class='content-column one_half last_column'><div style=\"padding-right:0px;padding-left:6px;\"><p>Der Glockenturm der Kathedrale von Hvar wurde nach dem Prinzip des Glockenturms der Franziskanerkirche St. Maria der Gnade, aber nur in seiner I., II. und III. Etage. Das Erdgeschoss und der IV. Stock sind anders. Die Proportionen sind unterschiedlich. Der vierte Stock wurde nach dem Prinzip des II. und III. Stocks gebaut.<\/p><\/div><\/div><div class='clear_column'><\/div><div class='content-column one_half'><div style=\"padding-right:6px;\"><p>Sve eta\u017ee su ozna\u010dene s markapjanom-vijencem. Prizemlje ima rasko\u0161ni ulaz i druga\u010diji sokl od zvonika crkve sv. Marije od milosti. Na drugom katu nalaze se dva visoka \u010dvora, a iznad nje su tri kvadrupolske rozete. Na tre\u0107em katu nalaze se tri bifore i iznad njih tri kvadrupolske rozetice. \u010cetvrti kat ima \u010detiri visoka \u010dvora i iznad \u010detiri \u010detverodjelne rozete.<\/p><\/div><\/div><div class='content-column one_half last_column'><div style=\"padding-right:0px;padding-left:6px;\"><p>Alle Etagen sind durch Zwischengesimse gekennzeichnet. Das Erdgeschoss hat einen luxuri\u00f6sen Eingang und einen anderen Sockel wie der des Glockenturms von St. Maria der Gnade. Der zweite Stock hat zwei hohe Biforen und dar\u00fcber drei vierteilige Rosetten. Der dritte Stock hat drei Biforen und dar\u00fcber drei vierteilige Rosetten. Der vierte Stock hat vier hohe Biforen und dar\u00fcber vier vierteilige Rosetten.<\/p><\/div><\/div><div class='clear_column'><\/div><div class='content-column one_half'><div style=\"padding-right:6px;\"><p>Na sjevernom zidu zvonika 1997. god. Dru\u017eba bra\u0107e hrvatskog zmaja postavila je plo\u010du u spomen na 850. obljetnicu hvarske biskupije.<\/p><\/div><\/div><div class='content-column one_half last_column'><div style=\"padding-right:0px;padding-left:6px;\"><p>An der Nordwand des Glockenturms befestigten im Jahr 1997 die Kongregation der kroatischen Drachenbr\u00fcder eine Gedenktafel zum Ged\u00e4chtnis an das 850 j\u00e4hrige Jubil\u00e4um der Di\u00f6zese Hvar.<\/p><\/div><\/div><div class='clear_column'><\/div><\/p>\n<p><img loading=\"lazy\" decoding=\"async\" class=\"alignnone size-large wp-image-15635\" src=\"https:\/\/www.topohvar.at\/wp-content\/uploads\/2019\/01\/HV-oz-01-1-1024x503.jpg\" alt=\"\" width=\"640\" height=\"314\" srcset=\"https:\/\/www.topohvar.at\/wp-content\/uploads\/2019\/01\/HV-oz-01-1-1024x503.jpg 1024w, https:\/\/www.topohvar.at\/wp-content\/uploads\/2019\/01\/HV-oz-01-1-300x147.jpg 300w, https:\/\/www.topohvar.at\/wp-content\/uploads\/2019\/01\/HV-oz-01-1-768x377.jpg 768w, https:\/\/www.topohvar.at\/wp-content\/uploads\/2019\/01\/HV-oz-01-1.jpg 1080w\" sizes=\"auto, (max-width: 640px) 100vw, 640px\" \/><\/p>\n<p style=\"text-align: right;\"><span style=\"color: #3366ff;\"><a style=\"color: #3366ff;\" href=\"#seite_oben\">natrag na vrh \/ Seitenanfang<\/a><\/span><\/p>\n<hr \/>\n<p><strong>Linkovi \/ Links<\/strong><\/p>\n<p><span style=\"color: #3366ff;\"><a style=\"color: #3366ff;\" href=\"https:\/\/www.topohvar.at\/topo\/orte\/hv\/hv-ca-06-1\/\">Biv\u0161i benediktinski samostan \u00bbSv. Marije od Lesnje\u00ab \/ ehemaliges Benediktinerkloster der hl. Maria von Hvar<\/a><br \/>\n<a style=\"color: #3366ff;\" href=\"https:\/\/www.topohvar.at\/topo\/orte\/hv\/hv-ci-03-1\/\">Crkva \u00bbGospa Anuncijata\u00ab \/\u00a0Kirche Maria Verk\u00fcndigung<\/a><\/span><br \/>\n<span style=\"color: #3366ff;\"><a style=\"color: #3366ff;\" href=\"https:\/\/www.topohvar.at\/orte\/hv\/hv-mo-17-1\/\">Reljef \u00bbKip reljef sv. Papa Stjepan\u00ab \/ Relieffigur des hl. Papstes Stephan<\/a><br \/>\n<a style=\"color: #3366ff;\" href=\"https:\/\/www.topohvar.at\/topo\/orte\/hv\/hv-mo-19-1\/\">Poprsje \u00bbSv. Pro\u0161pera\u00ab \/ B\u00fcste des hl. Pro\u0161per<\/a><br \/>\n<a style=\"color: #3366ff;\" href=\"https:\/\/www.topohvar.at\/orte\/hv\/hv-is-42-1\/\">Spomen plo\u010da \u00bbPod desnoj ni\u0161i na pro\u010delju katedrale\u00ab \/ Gedenktafel unter der rechten Nische in der Kirchenfassade<\/a><br \/>\n<a style=\"color: #3366ff;\" href=\"https:\/\/www.topohvar.at\/orte\/hv\/hv-is-43-1\/\">Spomen plo\u010da \u00bbNa lijevoj ni\u0161i na pro\u010delju katedrale\u00ab \/\u00a0Gedenktafel unter der linken Nische in der Kirchenfassade<\/a><br \/>\n<a style=\"color: #3366ff;\" href=\"https:\/\/www.topohvar.at\/orte\/hv\/hv-ig-19-1\/\">Grb \u00bbIznad ulaza u zvoniku basilike\u00ab \/ Wappen \u00fcber dem Turmeingang<\/a><br \/>\n<a style=\"color: #3366ff;\" href=\"https:\/\/www.topohvar.at\/orte\/hv\/hv-is-01-1\/\">Spomen plo\u010da \u00bb850. obljetnice Hvarske Biskupije\u00ab \/ Gedenktafel zum 850. Jubil\u00e4ums des Bistums Hvar<\/a><br \/>\n<a style=\"color: #3366ff;\" href=\"https:\/\/www.topohvar.at\/orte\/hv\/hv-in-05-1\/\">Natpis \u00bbMDXIX \/ DIE XXVI SEPTEMBRIS\u00ab \/ Inschrift &#8211; 26. September 1519<\/a><\/span><\/p>\n","protected":false},"excerpt":{"rendered":"<p>Ime \/ Name Katedrala \u00bbSv. Stjepan I. papostola i mu\u010denik\u00ab \/ Kathedrale des hl. Stefan I., Papst und M\u00e4rtyrer Code: HV-CI-01\u00a0 \u00a0 \u00a0 \u00a0 \u00a0 \u00a0 \u00a0 \u00a0 \u00a0 \u00a0 \u00a0 \u00a0 \u00a0 \u00a0 \u00a0 \u00a0 \u00a0 \u00a0 \u00a0 \u00a0 &hellip; <a href=\"https:\/\/www.topohvar.at\/topo\/orte\/hv\/hv-ci-01-1\/\">Weiterlesen <span class=\"meta-nav\">&rarr;<\/span><\/a><\/p>\n","protected":false},"author":1,"featured_media":0,"parent":80,"menu_order":0,"comment_status":"closed","ping_status":"closed","template":"","meta":{"footnotes":""},"class_list":["post-14169","page","type-page","status-publish","hentry"],"_links":{"self":[{"href":"https:\/\/www.topohvar.at\/topo\/wp-json\/wp\/v2\/pages\/14169","targetHints":{"allow":["GET"]}}],"collection":[{"href":"https:\/\/www.topohvar.at\/topo\/wp-json\/wp\/v2\/pages"}],"about":[{"href":"https:\/\/www.topohvar.at\/topo\/wp-json\/wp\/v2\/types\/page"}],"author":[{"embeddable":true,"href":"https:\/\/www.topohvar.at\/topo\/wp-json\/wp\/v2\/users\/1"}],"replies":[{"embeddable":true,"href":"https:\/\/www.topohvar.at\/topo\/wp-json\/wp\/v2\/comments?post=14169"}],"version-history":[{"count":53,"href":"https:\/\/www.topohvar.at\/topo\/wp-json\/wp\/v2\/pages\/14169\/revisions"}],"predecessor-version":[{"id":56903,"href":"https:\/\/www.topohvar.at\/topo\/wp-json\/wp\/v2\/pages\/14169\/revisions\/56903"}],"up":[{"embeddable":true,"href":"https:\/\/www.topohvar.at\/topo\/wp-json\/wp\/v2\/pages\/80"}],"wp:attachment":[{"href":"https:\/\/www.topohvar.at\/topo\/wp-json\/wp\/v2\/media?parent=14169"}],"curies":[{"name":"wp","href":"https:\/\/api.w.org\/{rel}","templated":true}]}}