{"id":14189,"date":"2018-12-29T10:58:35","date_gmt":"2018-12-29T09:58:35","guid":{"rendered":"https:\/\/www.topohvar.at\/?page_id=14189"},"modified":"2023-06-08T17:22:58","modified_gmt":"2023-06-08T15:22:58","slug":"hv-ci-03-1","status":"publish","type":"page","link":"https:\/\/www.topohvar.at\/topo\/orte\/hv\/hv-ci-03-1\/","title":{"rendered":"HVAR &#8211; Crkva \u00bbGospa Anuncijata, (Navje\u0161tenja Bla\u017eene Djevice Marije)\u00ab"},"content":{"rendered":"<p><a name=\"seite_oben\"><\/a><br \/>\n<img loading=\"lazy\" decoding=\"async\" class=\"alignnone wp-image-14175 size-large\" src=\"https:\/\/www.topohvar.at\/wp-content\/uploads\/2018\/12\/HV-CI-03-1-1024x503.jpg\" alt=\"\" width=\"640\" height=\"314\" srcset=\"https:\/\/www.topohvar.at\/wp-content\/uploads\/2018\/12\/HV-CI-03-1-1024x503.jpg 1024w, https:\/\/www.topohvar.at\/wp-content\/uploads\/2018\/12\/HV-CI-03-1-300x147.jpg 300w, https:\/\/www.topohvar.at\/wp-content\/uploads\/2018\/12\/HV-CI-03-1-768x377.jpg 768w, https:\/\/www.topohvar.at\/wp-content\/uploads\/2018\/12\/HV-CI-03-1.jpg 1080w\" sizes=\"auto, (max-width: 640px) 100vw, 640px\" \/><\/p>\n<p><strong>Ime \/ Name<br \/>\n<\/strong>Crkva \u00bbGospa Anuncijata, (Navje\u0161tenja Bla\u017eene Djevice Marije)\u00ab \/\u00a0Kirche Maria Verk\u00fcndigung (Unserer Lieben Frau von der Verk\u00fcndigung)<\/p>\n<p><strong>Code: <\/strong>HV-CI-03\u00a0 \u00a0 \u00a0 \u00a0 \u00a0 \u00a0 \u00a0 \u00a0 \u00a0 \u00a0 \u00a0 \u00a0 \u00a0 \u00a0 \u00a0 \u00a0 \u00a0 \u00a0\u00a0<a href=\"https:\/\/www.topohvar.at\/orte\/hv\/hv-ca-01-1\/\"><img loading=\"lazy\" decoding=\"async\" class=\"alignnone wp-image-12300 size-full\" src=\"https:\/\/www.topohvar.at\/wp-content\/uploads\/2018\/09\/push-vor-30.jpg\" alt=\"\" width=\"61\" height=\"30\" \/><\/a>\u00a0<strong><a href=\"https:\/\/www.topohvar.at\/orte\/hv\/hv-ci-09-1\/\"><img loading=\"lazy\" decoding=\"async\" class=\"alignnone wp-image-533 size-full\" src=\"https:\/\/www.topohvar.at\/wp-content\/uploads\/2018\/07\/push-l-30.jpg\" alt=\"\" width=\"61\" height=\"30\" \/><\/a> <a href=\"https:\/\/www.topohvar.at\/orte\/hv\/\"><img loading=\"lazy\" decoding=\"async\" class=\"alignnone wp-image-535 size-full\" src=\"https:\/\/www.topohvar.at\/wp-content\/uploads\/2018\/07\/push-o-30.jpg\" alt=\"\" width=\"61\" height=\"30\" \/><\/a> <a href=\"https:\/\/www.topohvar.at\/orte\/hv\/hv-ci-04-1\/\"><img loading=\"lazy\" decoding=\"async\" class=\"alignnone wp-image-536 size-full\" src=\"https:\/\/www.topohvar.at\/wp-content\/uploads\/2018\/07\/push-r-30.jpg\" alt=\"\" width=\"61\" height=\"30\" \/><\/a>\u00a0<a href=\"https:\/\/www.topohvar.at\/orte\/hv\/hv-ck-01-1\/\"><img loading=\"lazy\" decoding=\"async\" class=\"alignnone wp-image-12299 size-full\" src=\"https:\/\/www.topohvar.at\/wp-content\/uploads\/2018\/09\/push-next-30.jpg\" alt=\"\" width=\"61\" height=\"30\" \/><\/a><\/strong><\/p>\n<hr \/>\n<p><strong>Adresa \/ Adresse<br \/>\n<\/strong>Grad Hvar, Ulica Kroz Burak<\/p>\n<p><strong>Lokacija \/ Position<a href=\"https:\/\/goo.gl\/maps\/jEzSYpBCzYp84nQX8\"><img loading=\"lazy\" decoding=\"async\" class=\"alignright wp-image-15672\" src=\"https:\/\/www.topohvar.at\/wp-content\/uploads\/2019\/01\/0229.jpg\" alt=\"\" width=\"134\" height=\"100\" \/><\/a><br \/>\n<\/strong><span style=\"color: #3366ff;\"><a style=\"color: #3366ff;\" href=\"https:\/\/goo.gl\/maps\/jEzSYpBCzYp84nQX8\">Latitude: N 43,17171\u00b0\u00a0 \u00a0Longitude: E 16,44177\u00b0<\/a> <\/span><strong><br \/>\n<\/strong>Visina \/ H\u00f6he: 12 m<\/p>\n<p><strong>Katastarska \u010destica<\/strong><strong> \/ Grundst\u00fccke<br \/>\n<\/strong>*302, *304,<div class='content-column one_half'><div style=\"padding-right:6px;\"><p><strong>Datum snimanja \/ Erfassungsdatum<br \/>\n<\/strong>28.10.2014 10:17:11<\/p>\n<hr \/>\n<p><strong>Informacije<\/strong><\/p>\n<p>Crkva Gospe Anuncijate prvi se put u izvorima spominje u prvoj polovini 15. stolje\u0107a kao nadarbina plemi\u0107ke obitelji Zorzi, a izgra\u0111ena je na zapadnoj padini brda sv. Mikule i nalazi se u sjeverozapadnom dijelu hvarskoga predjela Burak. Izvorno je stajala na hridinama blizu mora, a u strukturi ju\u017enoga zida sakristije, koji se isti\u010de debljinom i nepravilnom strukturom zidanja, neki autori uo\u010davaju ostatke kasnoanti\u010dkih obzida. Danas je crkva ugra\u0111ena u stambeni blok tako da ima samo dva pro\u010delja, sjeverno i zapadno, koje je okrenuto ka glavnoj ulici Burka.<\/p><\/div><\/div><div class='content-column one_half last_column'><div style=\"padding-right:0px;padding-left:6px;\"><p><strong>Stupanj za\u0161tite<\/strong><strong> \/ Schutzstellung<br \/>\n<\/strong>Z-6397, P-3896 (Kameni portal crkve)<strong><br \/>\n<\/strong><\/p>\n<hr \/>\n<p><strong>Info<\/strong><\/p>\n<p>Die Kirche Maria Verk\u00fcndigung wurde erstmals in der ersten H\u00e4lfte des 15. Jahrhunderts als Geschenk der Adelsfamilie Zorzi erw\u00e4hnt. Sie befindet sich am Westhang des H\u00fcgels St. Michael im nordwestlichen Teil des Ortsteiles Burak. Urspr\u00fcnglich stand es auf Klippen in der N\u00e4he des Meeres. Auf Grund der Bauweise S\u00fcdwand der Sakristei, die sich durch ihre Dicke und unregelm\u00e4\u00dfige Mauerwerksstruktur auszeichnet, vermuten einige Autoren die \u00dcberreste sp\u00e4tantiker Mauern. Heute ist die Kirche in ein Wohnhaus eingebaut, so dass sie nur zwei Fassaden hat, die Nordfassade und die Westfassade an der Stra\u00dfe von Burak.<\/p><\/div><\/div><div class='clear_column'><\/div><div class='content-column one_half'><div style=\"padding-right:6px;\"><p>Crkva je jednobrodna gra\u0111evina gra\u0111ena priklesanim kamenom slaganim u horizontalne redove, ima tlocrt izduljenoga pravokutnika, s glavnim portalom na zapadu i sveti\u0161tem na istoku. Crkva nema nagla\u0161enu apsidu, na sjevernom zidu ima bo\u010dni ulaz s pretprostorom, a ju\u017eno od crkve su sakristija i prostorije bratov\u0161tine nad njom. Na sjevernom i ju\u017enom pro\u010delju po jedan je polukru\u017eni barokni prozor.<\/p><\/div><\/div><div class='content-column one_half last_column'><div style=\"padding-right:0px;padding-left:6px;\"><p>Die Kirche ist ein einschiffiges Bauwerk mit einem l\u00e4nglichen, rechteckigen Grundrissaus und ist aus behauenen Steinen, die in horizontalen Reihen geschichtet sind errichtet. Im Westen ist das Hauptportal im Osten das Allerheiligste. Die Kirche hat keine prominente Apsis. An der Nordwand befindet sich ein Seiteneingang mit einem Vorraum. Im S\u00fcden der Kirche befinden sich die Sakristei und dar\u00fcber die Bruderschaftsr\u00e4ume. An der Nord- und S\u00fcdfassade befindet sich ein halbkreisf\u00f6rmiges Barockfenster.<\/p><\/div><\/div><div class='clear_column'><\/div><div class='content-column one_half'><div style=\"padding-right:6px;\"><p>Krajem 15. stolje\u0107a, fasada je gra\u0111ena s rozetama i renesansnim portalom. U renesansnoj luneti nad portalom su reljefnim likovima Marije i Gabrijela iz prizora Navje\u0161tenja.<\/p><\/div><\/div><div class='content-column one_half last_column'><div style=\"padding-right:0px;padding-left:6px;\"><p>Am Ende des 15. Jahrhunderts wurde die Fassade mit Rosette und Portal im Stil der Renaissance errichtet. In der Renaissancel\u00fcnette oberhalb des Portals befindet sich das Relief von Maria und dem Erzengel Gabriel mit der Szene der Verk\u00fcndigung.<\/p><\/div><\/div><div class='clear_column'><\/div><div class='content-column one_half'><div style=\"padding-right:6px;\"><p>Crkva imala je bitnu ulogu u pripremi Pu\u010dkog ustanka 1510. godine, kada je slu\u017eila kao svojevrsni sto\u017eer ustanika. U obli\u017enjoj ulici su se ustanici &#8211; pu\u010dani zakleli da \u0107e pobiti sve hvarske plemi\u0107e, te je zbog toga.<\/p><\/div><\/div><div class='content-column one_half last_column'><div style=\"padding-right:0px;padding-left:6px;\"><p>Die Kirche spielte eine wichtige Rolle bei der Vorbereitung des Volksaufstandes im Jahre 1510, als sie als eine Art Hauptquartier der Rebellen diente. In einer nahe gelegenen Stra\u00dfe schworen die b\u00fcrgerlichen Rebellen den gesamten Hvarer Adel zu t\u00f6ten.<\/p><\/div><\/div><div class='clear_column'><\/div><div class='content-column one_half'><div style=\"padding-right:6px;\"><p>Uz slike ima \u010detiri savr\u0161eno lijepa barokna &#8222;ceroferarija&#8220; bratov\u0161tine Sv. Kri\u017ea, lijep barokni drveni antependij na lijevomu oltaru i reljef iznad ulaznih vratiju. Od 1603. godine crkva postaje sredi\u0161te i danas aktivne bratov\u0161tine Sv. Kri\u017ea (Gedenktafel).<\/p><\/div><\/div><div class='content-column one_half last_column'><div style=\"padding-right:0px;padding-left:6px;\"><p>Neben Bildern gibt es vier sch\u00f6ne barocke &#8222;Leuchtertr\u00e4ger&#8220; der Bruderschaft des hl. Kreuzes. Eine sch\u00f6nes barockes Holz-Antependium besitzt der linke Altar. Seit 1603 ist die Kirche das Zentrum der heute noch aktiven Bruderschaften vom hl. Kreuz (Gedenktafel).<\/p><\/div><\/div><div class='clear_column'><\/div><div class='content-column one_half'><div style=\"padding-right:6px;\"><p>Godine 1784 zidovi la\u0111e bijahu povi\u0161eni (u dogovoru sa susjedima), staro sveti\u0161te uklonjeno, a novo sagra\u0111eno na polovici ku\u0107e Bartu\u010devi\u0107-Bertuzzi, sada\u0161nja sakristija na jugoistoku (na mjestu stare bolnice &#8211; u bo\u017enice). Novo je sveti\u0161te dobilo kri\u017eni svod, trijumfalni luk i balustradu; ono i la\u0111a po polukru\u017ean prozor na sjeveru i jugu. Sve je to bilo dovr\u0161eno oko 1788. g.<\/p><\/div><\/div><div class='content-column one_half last_column'><div style=\"padding-right:0px;padding-left:6px;\"><p>Im Jahr 1784 wurden die Mauern des Kirchenschiffs in Absprache mit den Nachbarn erh\u00f6ht, der alte Altarraum wurde entfernt und der neue im Bereich der H\u00e4lfte des Hauses Bartucevi\u0107-Bertuzzi gebaut. Weiters wurde die heutige Sakristei im S\u00fcdosten (an der Stelle des alten Hospizes) errichtet. Der neue Altarraum bekam ein Kreuzgew\u00f6lbe, einen Triumphbogen und eine Balustrade, das Kirchenschiff im Norden und S\u00fcden ein halbkreisf\u00f6rmiges Fenster. All dies wurde um 1788 vollendet.<\/p><\/div><\/div><div class='clear_column'><\/div><div class='content-column one_half'><div style=\"padding-right:6px;\"><p>Ustupak na \u0161tetu crkvenog prostora u\u010dinjen je na Rivi, kada je iste 1931. godine pjaceta Anuncijate (nekad trg ispred crkve) \u017ertvovana za gradnju carinarnice (danas \u201eSplitska banka\u201c), tako\u0111er po projektu S. Sponze. Crkva Anuncijata dobila je zauzvrat 1 dinar u zlatu godi\u0161njeg najma terena na kojem je carinarnica, kori\u0161tenje terase na novogradnji te 20 kvintala cementa za popravak crkve, a nepovratno je izgubljen pogled na crkvu i ku\u0107u Lukani\u0107 do nje. I od dobitaka u cijelosti je realiziran (mo\u017eda) samo cement, jer ve\u0107 dugi niz godina crkva ne dobiva ni simboli\u010dnu cijenu najma niti mo\u017ee koristiti terasu na maloj lo\u017ei.<\/p><\/div><\/div><div class='content-column one_half last_column'><div style=\"padding-right:0px;padding-left:6px;\"><p>Ein Zugest\u00e4ndnis auf Kosten der Kirche wurde an der Riva gemacht, als 1931 die pjaceta Anuncijate (ehemals der Platz vor der Kirche) f\u00fcr den Bau eines Zollamtes (jetzt &#8222;Splitska banka&#8220;) geopfert wurde. Die Kirche von Anuncijata erhielt im Gegenzug 1 Dinar in Gold als Jahresmiete f\u00fcr den Grund auf dem das Zollamt steht, die Nutzung der Terrasse nach dem Neubau und 20 Doppelzentner Zement f\u00fcr die Renovierung der Kirche. Irreversibel verloren ist jedoch der Blick auf die Kirche und das Haus Lukani\u0107 und von den Gewinnen ist (vielleicht) nur der Zement realisiert, weil die Kirche seit vielen Jahren keinen symbolischen Mietpreis mehr bekommt und die Terrasse auf der Kleinen Loggia auch nicht benutzt werden kann.<\/p><\/div><\/div><div class='clear_column'><\/div><div class='content-column one_half'><div style=\"padding-right:6px;\"><p><img loading=\"lazy\" decoding=\"async\" class=\"size-full wp-image-61717\" src=\"https:\/\/www.topohvar.at\/wp-content\/uploads\/2022\/11\/hv-ci-03-10.jpg\" alt=\"\" width=\"530\" height=\"530\" srcset=\"https:\/\/www.topohvar.at\/wp-content\/uploads\/2022\/11\/hv-ci-03-10.jpg 530w, https:\/\/www.topohvar.at\/wp-content\/uploads\/2022\/11\/hv-ci-03-10-300x300.jpg 300w, https:\/\/www.topohvar.at\/wp-content\/uploads\/2022\/11\/hv-ci-03-10-150x150.jpg 150w\" sizes=\"auto, (max-width: 530px) 100vw, 530px\" \/><\/p><\/div><\/div><div class='content-column one_half last_column'><div style=\"padding-right:0px;padding-left:6px;\"><p>&nbsp;<\/p>\n<p>Godine 1936. crkva je bila temeljito obnovljena.<\/p>\n<p style=\"text-align: center;\">&#8211; \/ &#8211;<\/p>\n<p>Im Jahr 1939 wurde die Kirche gr\u00fcndlich restauriert.<\/p><\/div><\/div><div class='clear_column'><\/div><\/p>\n<hr \/>\n<div class='content-column one_half'><div style=\"padding-right:6px;\"><p><strong>I nebo je plakalo &#8211; pri\u010da o Hvarskom Svetom Kri\u017ei\u0107u u Hvaru.<\/strong><\/p>\n<p>U prvim danima velja\u010de davne 1510. g. puhalo je sna\u017eno, te\u0161ko, zimsko jugo. A onda se 6. velja\u010de zamra\u010dilo nebo i po\u010deo je padati jaki pljusak, koji je trajao cijeli dan. Oko 19 sati triput se zatresla zemlja i sru\u0161io se krov crkve Anuncijate u Burku.<\/p><\/div><\/div><div class='content-column one_half last_column'><div style=\"padding-right:0px;padding-left:6px;\"><p><strong>Und der Himmel weinte &#8211; die Geschichte vom Heiligen Kreuz in Hvar<\/strong><\/p>\n<p>In den ersten Februartagen des Jahre 1510 blies ein starker, schwerer Wintersturm. Am 6. Februar, verdunkelte sich der Himmel und es regnete heftig den ganzen Tag. Gegen 19 Uhr bebte die Erde dreimal und das Dach der Kirche Anuncijata in Burak st\u00fcrzte ein.<\/p><\/div><\/div><div class='clear_column'><\/div><div class='content-column one_half'><div style=\"padding-right:6px;\"><p>Negdje u to vrijeme, u jednoj ku\u0107i iza Anuncijate je unuka lu\u010dkog armirala Nikole Bevilaque spremala rublje i krenula o\u010distiti pra\u0161inu u sobi. Uzela je malo drveno, \u010da\u0111avo raspelo i odlu\u010dila ga o\u010distiti, ali je primijetila ne\u0161to \u010dudno. Iz raspela je kapala crvena, gusta teku\u0107ina. Pozvala je majku i djeda, koji su zaklju\u010dili da se vjerojatno otopila boja zbog vlage, no i\u0161li su po susjeda, mjesnog slikara, koji je mogao to\u010dno odrediti o \u010demu se radi. Slikar \u2013 Stjepan Vitalji\u0107 mu je bilo ime \u2013 rekao im je da iz raspela ne kapa boja, ve\u0107 prava pravcata krv.<\/p><\/div><\/div><div class='content-column one_half last_column'><div style=\"padding-right:0px;padding-left:6px;\"><p>Um diese Zeit b\u00fcgelte die Enkelin des Hafenkapit\u00e4ns Nikola Bevilaque in einem Haus hinter Anuncijata die W\u00e4sche und begann Staub im Zimmer zu putzen. Sie nahm ein kleines h\u00f6lzernes, verru\u00dftes Kruzifix und beschloss es zu s\u00e4ubern. Sie bemerkte jedoch etwas Seltsames. Aus dem Kreuz tropfte eine rote, dicke Fl\u00fcssigkeit. Sie rief nach ihrer Mutter und ihrem Gro\u00dfvater. Die glaubten, dass wahrscheinlich die Feuchtigkeit einen Farbstoff zum Gerinnen brachte, gingen aber zu einem Nachbarn, einem lokalen Maler, der genau herausfinden sollte was geschah. Der Maler Stjepan Vitalji\u0107 meinte, dass aus dem Kruzifix nicht Farbe rann, sondern echtes Blut.<\/p><\/div><\/div><div class='clear_column'><\/div><div class='content-column one_half'><div style=\"padding-right:6px;\"><p>Odmah su otr\u010dali do Anuncijate po Matija Lukani\u0107a, kanonika i upravitelja te crkve. Lukani\u0107 je bio uznemiren jer je potres sru\u0161io krov crkve, no vijest o krvi iz raspela ga je u potpunosti potresla. Naime, Lukani\u0107 je bio jedan od ustanika koji su se 1509.g. u ku\u0107i Bevilaqua zakleli na taj maleni kri\u017e da \u0107e pobiti hvarske plemi\u0107e.<\/p><\/div><\/div><div class='content-column one_half last_column'><div style=\"padding-right:0px;padding-left:6px;\"><p>Sofort liefen sie zum Kanoniker Matija Lukani\u0107 in die Kirche Anuncijata. Lukani\u0107 war ver\u00e4rgert, weil das Erdbeben das Dach der Kirche zerst\u00f6rte, aber die Nachricht von Blut aus dem Kruzifix ersch\u00fctterte ihn v\u00f6llig. Lukani\u0107 war einer der Aufst\u00e4ndischen, die im Jahre 1509 im Haus Bevilaqua auf dieses kleine Kreuz schw\u00f6rten, die Adligen von Hvar zu schlagen.<\/p><\/div><\/div><div class='clear_column'><\/div><div class='content-column one_half'><div style=\"padding-right:6px;\"><p>Jedan od vo\u0111a ustanika, Toma Bevilaqua, admiralov sin i otac djevoj\u010dice koja je primijetila krv, nesretno je nastradao u studenom 1509. i zbog njegove smrti plan je bio odgo\u0111en. No, ni u najgorim snovima Lukani\u0107 nije mogao zamisliti ono \u0161to se doga\u0111alo. Sav potresen, odnio je raspelo u Katedralu i po\u010deo zvoniti u sva zvona.<\/p><\/div><\/div><div class='content-column one_half last_column'><div style=\"padding-right:0px;padding-left:6px;\"><p>Einer der Anf\u00fchrer des Aufstandes, Toma Bevilaqua, Sohn des Admirals und Vater des M\u00e4dchens das das Blut bemerkte, starb im November 1509. Wegen seines Todes wurde der Aufstand verschoben. Aber selbst in seinen schlimmsten Tr\u00e4umen konnte Lukani\u0107 sich nicht vorstellen, was da vor sich ging. V\u00f6llig ersch\u00fcttert, nahm das Kruzifix, ging in die Kathedrale und fing an, alle Glocken zu l\u00e4uten.<\/p><\/div><\/div><div class='clear_column'><\/div><div class='content-column one_half'><div style=\"padding-right:6px;\"><p>Skupilo se mno\u0161tvo svijeta, kako Hvarana, tako i stranaca i putnika \u010dije je brodove jako jugo zadr\u017ealo u hvarskoj luci. Ljude je uhvatio strah i panika. Vjerovali su da im Bog \u0161alje kaznu za njihove grijehe i kaznu za netrpeljivosti izme\u0111u vlastele i pu\u010dana.<\/p><\/div><\/div><div class='content-column one_half last_column'><div style=\"padding-right:0px;padding-left:6px;\"><p>Es versammelten sich viele, sowohl Hvaraner, als auch Fremde und Reisende, deren Schiffe im Hafen von Hvar wegen des starken S\u00fcdwindes festsa\u00dfen. Die Leute waren voller Angst und Panik. Sie glaubten, dass Gott sie strafe wegen ihrer Intoleranz zwischen dem Adel und dem \u00fcbrigen Volk.<\/p><\/div><\/div><div class='clear_column'><\/div><div class='content-column one_half'><div style=\"padding-right:6px;\"><p>Sljede\u0107ih dana odr\u017eane su procesije s raspelom iz kojeg je i dalje kapala krv. Ljudi su \u010dinili pokoru, javno se bi\u010devali, \u010dak i djeca. Umjesto karnevala, plesa i veselja, u Hvaru je te velja\u010de vladao strah, pla\u010d i jauci, histerija.<\/p><\/div><\/div><div class='content-column one_half last_column'><div style=\"padding-right:0px;padding-left:6px;\"><p>In den folgenden Tagen tropfte bei den Prozessionen mit dem Kruzifix immer noch Blut. Die Leute, ja sogar die Kinder, taten Bu\u00dfe und weinten \u00f6ffentlich. Statt Karneval, Tanz und Fr\u00f6hlichkeit gab es im Februar nur Angst, Weinen, Geschrei und Hysterie in Hvar.<\/p><\/div><\/div><div class='clear_column'><\/div><div class='content-column one_half'><div style=\"padding-right:6px;\"><p>Doga\u0111aj sa kri\u017ei\u0107em najvi\u0161e je pogodio Matija Lukani\u0107a koji je dojmljivo propovijedao o izmirenju plemi\u0107a i pu\u010dana, bi\u010devao se do krvi zbog osje\u0107aja straha i krivnje, i naposljetku umro potpuno pomra\u010denog uma \u0161est dana nakon \u010duda, 16. velja\u010de.<\/p><\/div><\/div><div class='content-column one_half last_column'><div style=\"padding-right:0px;padding-left:6px;\"><p>Das Ereignis mit dem Kreuz beeindruckte Matij Lukani\u0107 am meisten, der eindringlich um die Vers\u00f6hnung von Adel und Volk predigte. Er schrie aus Angst und Schuldgef\u00fchl und starb schlie\u00dflich sechs Tage nach dem Wunder am 16. Februar in v\u00f6lliger Umnachtung.<\/p><\/div><\/div><div class='clear_column'><\/div><div class='content-column one_half'><div style=\"padding-right:6px;\"><p>Ovo \u010dudo samo je odgodilo po\u010detak Pu\u010dkog ustanka. Po\u010det \u0107e u svibnju 1510.g. i trajati \u010detiri duge, krvave godine.<\/p><\/div><\/div><div class='content-column one_half last_column'><div style=\"padding-right:0px;padding-left:6px;\"><p>Dieses Wunder verz\u00f6gerte aber nur den Beginn des Volksaufstandes. Er wird im Mai 1510 beginnen und vier lange, blutige Jahre dauern.<\/p><\/div><\/div><div class='clear_column'><\/div><div class='content-column one_half'><div style=\"padding-right:6px;\"><p>Doga\u0111aje 6. velja\u010de 1510. godine prvi je zapisao suvremenik doga\u0111aja, hvarski sudac Pavao Paladini\u0107. Ostala svjedo\u010danstva sakupio je apostolski vizitator 69 godina nakon \u010duda, 1579. godine, kada je napravio istragu i razgovarao s Hvaranima koji su bili djeca u vrijeme \u010duda, ili su \u010duli o svemu od svojih roditelja.<\/p><\/div><\/div><div class='content-column one_half last_column'><div style=\"padding-right:0px;padding-left:6px;\"><p>\u00dcber die Ereignisse am 6. Februar 1510 berichtete als Erster der Richter von Hvar, Pavao Paladini\u0107. Andere Zeugenaussagen wurden vom Apostolischen Visitator, 69 Jahre nach den Wunder gesammelt, als er 1579 mit den Hvaranern, die zur Zeit des Wunders noch Kinder waren, redete und erfuhr was sie erlebten oder von ihren Eltern h\u00f6rten.<\/p><\/div><\/div><div class='clear_column'><\/div><div class='content-column one_half'><div style=\"padding-right:6px;\"><p>Maleni kri\u017ei\u0107 Hvarani \u010daste vi\u0161e od 500 godina, a oko njega su se isplele brojne legende: jedna od njih kazuje, na primjer, da se na ovaj dan ne smije peglati, jer je djevojka peglala u trenutku kada je ugledala krv gdje kapa s raspela.<\/p><\/div><\/div><div class='content-column one_half last_column'><div style=\"padding-right:0px;padding-left:6px;\"><p>Das Kleine Kreuz von Hvar wird seit mehr als 500 Jahren verehrt, und viele Legenden sind darum entstanden: eine von ihnen sagt zum Beispiel, dass man an diesem Tag nicht b\u00fcgeln sollte, weil das M\u00e4dchen zu der Zeit als das Blut aus dem Kruzifix rann, b\u00fcgelte.<\/p><\/div><\/div><div class='clear_column'><\/div><div class='content-column one_half'><div style=\"padding-right:6px;\"><p>Malo goti\u010dko raspelo je u kapeli sv. Kri\u017ea u ju\u017enoj la\u0111i hvarske katedrale sv. Stjepana \u010duva se u posebnom okviru.<\/p><\/div><\/div><div class='content-column one_half last_column'><div style=\"padding-right:0px;padding-left:6px;\"><p>In der Heiligen-Kreuz-Kapelle im s\u00fcdlichen (rechten) Seitenschiff der Kathedrale St. Stefan ist in einem besonderen Rahmen das kleine gotische Kruzifix verwahrt.<\/p><\/div><\/div><div class='clear_column'><\/div><\/p>\n<p style=\"text-align: right;\"><span style=\"color: #3366ff;\"><a style=\"color: #3366ff;\" href=\"#seite_oben\">natrag na vrh \/ Seitenanfang<\/a><\/span><\/p>\n<hr \/>\n<p><strong>Linkovi \/ Links<\/strong><\/p>\n<p><span style=\"color: #3366ff;\"><a style=\"color: #3366ff;\" href=\"https:\/\/www.topohvar.at\/orte\/hv\/hv-is-02-1\/\">Spomen plo\u010da \/ Gedenktafel \u00bbFrane Zivkovi\u0107\u00bb<\/a><a style=\"color: #3366ff;\" href=\"https:\/\/www.topohvar.at\/orte\/hv\/hv-is-02-1\/\"><br \/>\n<\/a><a style=\"color: #3366ff;\" href=\"https:\/\/www.topohvar.at\/orte\/hv\/hv-ir-09-1\/\">Reljef \u00bbMarija i Gabrijela\u00ab \/ Relief &#8211; Maria und der Erzengel Gabriel<\/a><a style=\"color: #3366ff;\" href=\"https:\/\/www.topohvar.at\/orte\/hv\/hv-is-02-1\/\">en plo\u010da \/\u00a0<\/a><\/span><br \/>\n<span style=\"color: #3366ff;\"><a style=\"color: #3366ff;\" href=\"https:\/\/www.topohvar.at\/orte\/hv\/hv-tg-11-1\/\">Zgrada \u00bbMala lo\u0111a\u00ab \/ Geb\u00e4ude \u2013 Kleine Loggia<\/a><br \/>\n<a style=\"color: #3366ff;\" href=\"https:\/\/www.topohvar.at\/orte\/hv\/hv-tg-59-1\/\">Ku\u0107a \u00bbUz crkvu Gospe Anuncijate\u00ab \/ Haus neben der Kirche Maria Verk\u00fcndigung<\/a><\/span><\/p>\n<p><span style=\"color: #3366ff;\"><strong><a style=\"color: #3366ff;\" href=\"https:\/\/www.topohvar.at\/topo\/orte\/vj\/vj-tg-08-1\/\">Mehr \u00fcber <\/a><a style=\"color: #3366ff;\" href=\"https:\/\/www.topohvar.at\/topo\/orte\/vj\/vj-tg-08-1\/\">Matij Ivani\u0107<\/a><a style=\"color: #3366ff;\" href=\"https:\/\/www.topohvar.at\/topo\/orte\/vj\/vj-tg-08-1\/\">\u00a0\/ vi\u0161e o Matiji Ivani\u0107u<\/a><\/strong><\/span><\/p>\n<p><a href=\"https:\/\/www.topohvar.at\/topo\/orte\/hv\/hv-is-12-1\/\"><span style=\"color: #3366ff;\">Hvar &#8211; Spomen plo\u010da \u00bbMatij Ivani\u0107\u00ab \/ Gedenktafel \u00bbMatij Ivani\u0107\u00ab<\/span><\/a><span style=\"color: #3366ff;\">\u00a0<\/span><br \/>\n<span style=\"color: #3366ff;\"><a style=\"color: #3366ff;\" href=\"https:\/\/www.topohvar.at\/topo\/orte\/je\/je-is-05-1\/\">Jelsa &#8211; Spomen plo\u010da \u00bb\u0106eta Matij Ivani\u0107\u00ab \/ Gedenktafel Partisaneneinheit Matij Ivani\u0107<\/a>\u00a0<\/span><\/p>\n<p><span style=\"color: #3366ff;\"><a style=\"color: #3366ff;\" href=\"https:\/\/www.topohvar.at\/topo\/orte\/sg\/sg-is-08-2\/\">Stari Grad &#8211; Spomen plo\u010da \u00bbMatij Ivani\u0107, napad 1510\u00ab\/ Gedenktafel an den Aufstand des\u00a0Matij Ivani\u0107 im Jahr 1510<\/a><\/span><\/p>\n<p><span style=\"color: #3366ff;\"><a style=\"color: #3366ff;\" href=\"https:\/\/www.topohvar.at\/topo\/orte\/sv\/sv-cp-07-1\/\">Svir\u010de &#8211; Kapela \u00bbSv. Nikole od Planine\u00ab \/ Kapelle des hl. Nikolaus am Berg<\/a><\/span><\/p>\n<p><span style=\"color: #3366ff;\"><a style=\"color: #3366ff;\" href=\"https:\/\/www.topohvar.at\/topo\/orte\/vj\/vj-is-03-1\/\">Vrbanj &#8211; Spomen plo\u010da \u00bbKu\u010da Matij Ivani\u0107a\u00ab \/ Gedenktafel Haus Matij Ivani\u0107<\/a>\u00a0<\/span><br \/>\n<span style=\"color: #3366ff;\"><a style=\"color: #3366ff;\" href=\"https:\/\/www.topohvar.at\/topo\/orte\/vj\/vj-tg-01-1\/\">Vrbanj &#8211; Ku\u0107a \u00bbDom Matij Ivani\u0107\u00ab \/ Kulturhaus Matij Ivani\u0107<\/a>\u00a0<\/span><br \/>\n<span style=\"color: #3366ff;\"><a style=\"color: #3366ff;\" href=\"https:\/\/www.topohvar.at\/topo\/orte\/vj\/vj-is-06-1\/\">Vrbanj &#8211; Spomen plo\u010da \u00bbMatij Ivani\u0107, na 444-tu godisnjicu pu\u010dana\u00ab \/ Gedenktafel Matij Ivani\u0107, zum 444. Jahrestag des Aufstandes<\/a>\u00a0<\/span><br \/>\n<span style=\"color: #3366ff;\"><a style=\"color: #3366ff;\" href=\"https:\/\/www.topohvar.at\/topo\/orte\/vj\/vj-is-05-1\/\">Vrbanj &#8211; Spomen plo\u010da \u00bbMatij Ivani\u0107, na 500-tu godisnjicu pu\u010dana\u00ab \/ Gedenktafel Matij Ivani\u0107, zum 500. Jahrestag des Aufstandes<\/a>\u00a0<\/span><br \/>\n<span style=\"color: #3366ff;\"><a style=\"color: #3366ff;\" href=\"https:\/\/www.topohvar.at\/topo\/orte\/vj\/vj-pu-01-1\/\">Vrbanj &#8211; Objekt \u00bbPut Matija Ivani\u0107a\u00ab \/ Ivani\u0107-Weg<\/a>\u00a0<\/span><br \/>\n<span style=\"color: #3366ff;\"><a style=\"color: #3366ff;\" href=\"https:\/\/www.topohvar.at\/topo\/orte\/vj\/vj-ip-01-1\/\">Vrbanj &#8211; Informativna plo\u010da \u00bbPut Matija Ivani\u0107a\u00ab \/ Infotafel Ivani\u0107-Weg<\/a><\/span><\/p>\n<p><span style=\"color: #3366ff;\"><a style=\"color: #3366ff;\" href=\"https:\/\/www.topohvar.at\/topo\/orte\/va\/va-tg-05-1\/\">Vrboska &#8211; Ku\u0107a \u00bbMatije Ivani\u0107a\u00ab \/ Haus des\u00a0Matij Ivani\u0107<\/a>\u00a0<\/span><br \/>\n<span style=\"color: #3366ff;\"><a style=\"color: #3366ff;\" href=\"https:\/\/www.topohvar.at\/topo\/orte\/va\/va-is-02-1\/\">Vrboska &#8211; Spomen plo\u010da \u00bbKu\u0107a Matije Ivani\u0107a\u00ab \/ Gedenktafel Haus des Matij Ivani\u0107<\/a><\/span><\/p>\n","protected":false},"excerpt":{"rendered":"<p>Ime \/ Name Crkva \u00bbGospa Anuncijata, (Navje\u0161tenja Bla\u017eene Djevice Marije)\u00ab \/\u00a0Kirche Maria Verk\u00fcndigung (Unserer Lieben Frau von der Verk\u00fcndigung) Code: HV-CI-03\u00a0 \u00a0 \u00a0 \u00a0 \u00a0 \u00a0 \u00a0 \u00a0 \u00a0 \u00a0 \u00a0 \u00a0 \u00a0 \u00a0 \u00a0 \u00a0 \u00a0 \u00a0\u00a0\u00a0 \u00a0 Adresa &hellip; <a href=\"https:\/\/www.topohvar.at\/topo\/orte\/hv\/hv-ci-03-1\/\">Weiterlesen <span class=\"meta-nav\">&rarr;<\/span><\/a><\/p>\n","protected":false},"author":1,"featured_media":0,"parent":80,"menu_order":0,"comment_status":"closed","ping_status":"closed","template":"","meta":{"footnotes":""},"class_list":["post-14189","page","type-page","status-publish","hentry"],"_links":{"self":[{"href":"https:\/\/www.topohvar.at\/topo\/wp-json\/wp\/v2\/pages\/14189","targetHints":{"allow":["GET"]}}],"collection":[{"href":"https:\/\/www.topohvar.at\/topo\/wp-json\/wp\/v2\/pages"}],"about":[{"href":"https:\/\/www.topohvar.at\/topo\/wp-json\/wp\/v2\/types\/page"}],"author":[{"embeddable":true,"href":"https:\/\/www.topohvar.at\/topo\/wp-json\/wp\/v2\/users\/1"}],"replies":[{"embeddable":true,"href":"https:\/\/www.topohvar.at\/topo\/wp-json\/wp\/v2\/comments?post=14189"}],"version-history":[{"count":29,"href":"https:\/\/www.topohvar.at\/topo\/wp-json\/wp\/v2\/pages\/14189\/revisions"}],"predecessor-version":[{"id":62905,"href":"https:\/\/www.topohvar.at\/topo\/wp-json\/wp\/v2\/pages\/14189\/revisions\/62905"}],"up":[{"embeddable":true,"href":"https:\/\/www.topohvar.at\/topo\/wp-json\/wp\/v2\/pages\/80"}],"wp:attachment":[{"href":"https:\/\/www.topohvar.at\/topo\/wp-json\/wp\/v2\/media?parent=14189"}],"curies":[{"name":"wp","href":"https:\/\/api.w.org\/{rel}","templated":true}]}}