{"id":14195,"date":"2018-12-29T11:04:38","date_gmt":"2018-12-29T10:04:38","guid":{"rendered":"https:\/\/www.topohvar.at\/?page_id=14195"},"modified":"2021-11-10T11:37:25","modified_gmt":"2021-11-10T10:37:25","slug":"hv-ci-05-1","status":"publish","type":"page","link":"https:\/\/www.topohvar.at\/topo\/orte\/hv\/hv-ci-05-1\/","title":{"rendered":"HVAR &#8211; Crkva \u00bbSv. Kuzme i Damjana\u00ab"},"content":{"rendered":"<p><a name=\"seite_oben\"><\/a><br \/>\n<img loading=\"lazy\" decoding=\"async\" class=\"alignnone wp-image-38733 size-full\" src=\"https:\/\/www.topohvar.at\/wp-content\/uploads\/2020\/06\/hv-ci-05-13.jpg\" alt=\"\" width=\"1080\" height=\"530\" srcset=\"https:\/\/www.topohvar.at\/wp-content\/uploads\/2020\/06\/hv-ci-05-13.jpg 1080w, https:\/\/www.topohvar.at\/wp-content\/uploads\/2020\/06\/hv-ci-05-13-300x147.jpg 300w, https:\/\/www.topohvar.at\/wp-content\/uploads\/2020\/06\/hv-ci-05-13-1024x503.jpg 1024w, https:\/\/www.topohvar.at\/wp-content\/uploads\/2020\/06\/hv-ci-05-13-768x377.jpg 768w\" sizes=\"auto, (max-width: 1080px) 100vw, 1080px\" \/><\/p>\n<p><strong>Ime \/ Name<br \/>\n<\/strong>Crkva \u00bbSv. Kuzme i Damjana\u00ab \/\u00a0Kirche der Heiligen Cosmas und Damian<\/p>\n<p><strong>Code: <\/strong>HV-CI-05\u00a0 \u00a0 \u00a0 \u00a0 \u00a0 \u00a0 \u00a0 \u00a0 \u00a0 \u00a0 \u00a0 \u00a0 \u00a0 \u00a0 \u00a0 \u00a0 \u00a0 \u00a0\u00a0<a href=\"https:\/\/www.topohvar.at\/orte\/hv\/hv-ca-01-1\/\"><img loading=\"lazy\" decoding=\"async\" class=\"alignnone wp-image-12300 size-full\" src=\"https:\/\/www.topohvar.at\/wp-content\/uploads\/2018\/09\/push-vor-30.jpg\" alt=\"\" width=\"61\" height=\"30\" \/><\/a>\u00a0<strong><a href=\"https:\/\/www.topohvar.at\/orte\/hv\/hv-ci-02-1\/\"><img loading=\"lazy\" decoding=\"async\" class=\"alignnone wp-image-533 size-full\" src=\"https:\/\/www.topohvar.at\/wp-content\/uploads\/2018\/07\/push-l-30.jpg\" alt=\"\" width=\"61\" height=\"30\" \/><\/a> <a href=\"https:\/\/www.topohvar.at\/orte\/hv\/\"><img loading=\"lazy\" decoding=\"async\" class=\"alignnone wp-image-535 size-full\" src=\"https:\/\/www.topohvar.at\/wp-content\/uploads\/2018\/07\/push-o-30.jpg\" alt=\"\" width=\"61\" height=\"30\" \/><\/a> <a href=\"https:\/\/www.topohvar.at\/orte\/hv\/hv-ci-07-1\/\"><img loading=\"lazy\" decoding=\"async\" class=\"alignnone wp-image-536 size-full\" src=\"https:\/\/www.topohvar.at\/wp-content\/uploads\/2018\/07\/push-r-30.jpg\" alt=\"\" width=\"61\" height=\"30\" \/><\/a>\u00a0<a href=\"https:\/\/www.topohvar.at\/orte\/hv\/hv-ck-01-1\/\"><img loading=\"lazy\" decoding=\"async\" class=\"alignnone wp-image-12299 size-full\" src=\"https:\/\/www.topohvar.at\/wp-content\/uploads\/2018\/09\/push-next-30.jpg\" alt=\"\" width=\"61\" height=\"30\" \/><\/a><\/strong><\/p>\n<hr \/>\n<p><strong>Adresa \/ Adresse<br \/>\n<\/strong>Grad Hvar,\u00a0Ulica Marije Mari\u010di\u0107 2<\/p>\n<p><strong>Lokacija \/ Position<a href=\"https:\/\/goo.gl\/maps\/NZfycAfLaXqL4YLz9\"><img loading=\"lazy\" decoding=\"async\" class=\"alignright wp-image-15685\" src=\"https:\/\/www.topohvar.at\/wp-content\/uploads\/2019\/01\/0231.jpg\" alt=\"\" width=\"134\" height=\"100\" \/><\/a><br \/>\n<\/strong><span style=\"color: #3366ff;\"><a style=\"color: #3366ff;\" href=\"https:\/\/goo.gl\/maps\/NZfycAfLaXqL4YLz9\">Latitude: N 43,17281\u00b0\u00a0 \u00a0Longitude: E 16,44181\u00b0<\/a> <\/span><strong><br \/>\n<\/strong>Visina \/ H\u00f6he: 6 m<\/p>\n<p><strong>Katastarska \u010destica<\/strong><strong> \/ Grundst\u00fccke<br \/>\n<\/strong>*80<div class='content-column one_half'><div style=\"padding-right:6px;\"><p><strong>Datum snimanja \/ Erfassungsdatum<br \/>\n<\/strong>17.02.2015 16:15:41<\/p>\n<hr \/>\n<p><strong>Informacije<\/strong><\/p>\n<p>Posebnu pa\u017enju u gradu Hvaru zavrje\u0111uje romani\u010dka crkva sv. Kuzme i Damjana u blizini glavnih gradskih vrata. Crkva je oblika izrazito izdu\u017eene pa\u010detvorine, dimenzija 5,2 x 12,8 m, orijentirana u smjeru sjever-jug, s upisanom pa\u010detvorinastom apsidom. Gra\u0111ena je pravilnim izdu\u017eenim klesanicima u redovima, \u0161to je izrazita odlika gradske romani\u010dke arhitekture. Na glavnom ju\u017enom pro\u010delju crkve su naknadno postavljena ranobarokna vrata uz koja su vidljivi obrisi ranijeg romani\u010dkog ulaza. U visini prvog kata, iznad ravnog razdijelnog glatkog vijenca, dva su romani\u010dka lu\u010dna prozora. Na isto\u010dnom zidu crkve, sa strane ulice u prizemlju, vidljivi su tragovi romani\u010dkih vrata pri samom uglu gra\u0111evine prema glavnoj ulici. Kao i na ju\u017enom pro\u010delju ponavlja se razdijelni kameni vijenac nad kojim su dva uska romani\u010dka prozora. Struktura zida i njegove dimenzije s vanjske strane ovih prozora pokazuju da se radi o naknadnom su\u017eenju \u0161irih romani\u010dkih prozora istovjetnih onima na pro\u010delju crkve. Na istom je zidu prilikom baroknog ure\u0111enja crkve otvoren i ovalni prozor.<\/p><\/div><\/div><div class='content-column one_half last_column'><div style=\"padding-right:0px;padding-left:6px;\"><p><strong>Stupanj za\u0161tite<\/strong><strong> \/ Schutzstellung<br \/>\n<\/strong>Z-5044, RST 211<strong><br \/>\n<\/strong><\/p>\n<hr \/>\n<p><strong>Info<\/strong><\/p>\n<p>Besondere Aufmerksamkeit gilt der romanischen Kirche der Heiligen Cosmas und Damian in der N\u00e4he des Haupt-Stadttores. Die Kirche hat die Form eines au\u00dfergew\u00f6hnlich langgestreckten Rechtecks von 5,2 x 12,8 m, das in Nord-S\u00fcd-Richtung orientiert ist und eine rechteckige Apsis aufweist. Sie wurde in Reihen regelm\u00e4\u00dfiger l\u00e4nglicher Quadersteiner gebaut, ein markantes Merkmal st\u00e4dtischer romanischer Architektur. An der s\u00fcdlichen Hauptfassade der Kirche befindet sich eine fr\u00fchbarocke T\u00fcr mit sichtbaren Konturen eines fr\u00fcheren romanischen Eingangs. Auf der H\u00f6he des ersten Stockwerks, \u00fcber dem flachen Zwischengesimse, befinden sich zwei romanische Fenster. An der Ostwand der Kirche finden sich im Erdgeschoss Spuren einer romanischen T\u00fcre an der Ecke des Geb\u00e4udes zur Stra\u00dfe. Wie an der S\u00fcdfassade wiederholt sich ein fragmentarisches Gesimse, auf dem sich zwei schmale romanische Fenster befinden. Die Struktur der Wand, und die Ma\u00dfe der Au\u00dfenseite des Fensters zeigen, dass es sich hier um eine nachtr\u00e4gliche Verengung der breiteren romanischen Fenster, die einst identisch mit denen auf der Vorderseite der Kirche waren, handelt. An der gleichen Wand befindet sich ein ovales Fenster, das w\u00e4hrend der barocken Ausschm\u00fcckung der Kirche geschaffen wurde.<\/p><\/div><\/div><div class='clear_column'><\/div><div class='content-column one_half'><div style=\"padding-right:6px;\"><p>Artikulacija zidova crkve s razdijelnim vijencem, raspored prozora i vrata, atipi\u010dan tloris u crkvenom graditeljstvu, kao i orijentacija sveti\u0161ta pokazuje da se izvomo radi o romani\u010dkoj stambenoj zgradi koja se po svom obliku i dimenzijama uklapa u matricu romani\u010dke stambene arhitekture grada Hvara. Sa zapadne strane crkve je do 30.-ih godina ovog stolje\u0107a bila sa\u010duvana cjelovita zgrada u ravnini pro\u010delja crkve sv. Kuzme i Damjana \u0161to je vidljivo po strukturi zapadnog zida crkve kao i po uglovnom kamenju. Na pro\u010delju crkve je jo\u0161 vidljiv kvadratni prozor\u010di\u0107 potkrovlja nekada\u0161nje romani\u010dke ku\u0107e, a prilikom adaptacije za crkvu vjerojatno je nadozidan zvonik na preslicu. Prema analizi romani\u010dke stambene arhitekture u gradu Hvaru, koja poglavito pripada vremenu od polovine 13. do po\u010detka 14. stolje\u0107a, ku\u0107a je vjerojatno izgra\u0111ena polovinom 13. stolje\u0107a, a funkcionalnu preinaku za sakralnu namjenu je dobila koncem 13. stolje\u0107a. Naime u drugoj polovini 13. stolje\u0107a grad Hvar dosi\u017ee izraziti kulturni i urbani zamah, budu\u0107i da je u to doba u njemu smje\u0161tena biskupija, i od tada grad Hvar postaje glavno sredi\u0161te otoka i crkveni centar.<\/p><\/div><\/div><div class='content-column one_half last_column'><div style=\"padding-right:0px;padding-left:6px;\"><p>Die Gestaltung der Kirchenw\u00e4nde durch Gesimsteilung, Anordnung von Fenstern und T\u00fcren, atypischen Grundriss der Kirche sowie die Orientierung Geb\u00e4udes legen die Vermutung nahe, dass es sich hier urspr\u00fcnglich um ein Wohngeb\u00e4ude handelte, das in seiner Form und Abmessungen in die Matrix der romanischen Wohnarchitektur der Stadt Hvar passt. An der Westseite der Kirche stand bis zu den 30er Jahren des 20. Jahrhunderts ein Geb\u00e4ude dessen S\u00fcdwand in einer Ebene mit der Fassade von St. Kuzme und Damjan war. Reste davon sind noch in der Struktur der Westwand der Kirche sowie in den Ecksteinen sichtbar. Auf der Vorderseite der Kirche ist noch ein quadratisches Fenster zu sehen, des Dachgeschosses des ehemaligen romanischen Hauses. Im Zuge einer der Restaurierung der Kirche wurde wahrscheinlich der Glockenturm errichtet. Nach der Analyse der romanischen Wohnarchitektur der Stadt Hvar, wurde das Haus wahrscheinlich in der Mitte des 13. Jh. gebaut und am Ende des 13. Jh. f\u00fcr religi\u00f6se Zwecke umgestaltet. In der Tat erfolgte in der zweiten H\u00e4lfte des 13. Jh. in der Stadt Hvar eine kulturelle und urbane Dynamik, da zu dieser Zeit der Bischofssitz hierher verlegt, und die Stadt Hvar das Zentrum der Insel wurde.<\/p><\/div><\/div><div class='clear_column'><\/div><\/p>\n<p style=\"text-align: center;\"><em>(Nik\u0161a Petri\u0107)<\/em><\/p>\n<hr \/>\n<div class='content-column one_half'><div style=\"padding-right:6px;\"><p>Crkva Sv. Kuzme i Damjana ima lijep renesansni sofit i oltarnu sliku\u00a0s portretom donatora, don Alvi\u017ea Ivani\u0107a.<\/p><\/div><\/div><div class='content-column one_half last_column'><div style=\"padding-right:0px;padding-left:6px;\"><p>In der Kirche der Heiligen\u00a0 Cosmas und Damian finden sich sch\u00f6ne Renaissanceleuchten und ein sch\u00f6nes Altarbild mit einem Portr\u00e4t des Spenders Don Alviz Ivanic.<\/p><\/div><\/div><div class='clear_column'><\/div><div class='content-column one_half'><div style=\"padding-right:6px;\"><p>O \u017ealosnom stanju crkve sv. Kuzme i Damjana u Grodi, najstarije crkve u sa\u010duvanom obliku u Hvaru, ve\u0107 je pisao Jo\u0161ko Kova\u010di\u0107 u Kruvenici u lipnju 2015. godine. Od tada se \u017ealosno stanje nije promijenila &#8211; radska ulica koja do nje vodi i dalje je blokirana s obje strane, restaurirani oltar i svije\u0107njaci i dalje polako propadaju u podrumu benediktinki, prozori jo\u0161 nisu obnovljeni, a kroz otvorena vrata i dalje ulaze ma\u010dke i ptice.<\/p><\/div><\/div><div class='content-column one_half last_column'><div style=\"padding-right:0px;padding-left:6px;\"><p>\u00dcber den traurigen Zustand der Kirche der hl. Cosma und Damjan, der \u00e4ltesten Kirche in Hvar, wurde bereits im Juni 2015 von Jo\u0161ko Kova\u010di\u0107 in Kruvenica geschrieben. Seitdem hat sich der traurige Zustand nicht ver\u00e4ndert &#8211; die Baustra\u00dfe, die zu ihm f\u00fchrt, ist immer noch auf beiden Seiten gesperrt, der restaurierte Altar und die Kerzenleuchter verfallen weiter langsam im Keller der Benediktiner, die Fenster sind noch nicht restauriert, und Katzen und V\u00f6gel kommen weiterhin durch die T\u00fcr.<\/p><\/div><\/div><div class='clear_column'><\/div><div class='content-column one_half'><div style=\"padding-right:6px;\"><p>Pored svoje vrijednosti kao sakralna arhitektura, gra\u0111evina je jedina sa\u010duvana romani\u010dka ku\u0107a u Hvaru. U crkvi je sa\u010duvana oltarna pala s portretom donatora, don Alvi\u017ea Ivani\u0107a. Registar kulturnih dobara Republike Hrvatske br. 01\/2011. Datum tiskanog izdanja: 04. 08. 2011. Broj registra Z-5044<\/p><\/div><\/div><div class='content-column one_half last_column'><div style=\"padding-right:0px;padding-left:6px;\"><p>Neben seinem Wert als sakrale Architektur ist das Geb\u00e4ude das einzige erhaltene romanische Haus in Hvar.\u00a0Register der Kulturg\u00fcter der Republik Kroatien Nr. 01\/2011. Ver\u00f6ffentlichungsdatum: 04. 08. 2011. Registriernummer Z-5044<\/p><\/div><\/div><div class='clear_column'><\/div><\/p>\n<hr \/>\n<div class='content-column one_half'><div style=\"padding-right:6px;\"><p>Biskupski arhiv u Hvaru \u010duva dokumente koji svjedo\u010de o namjeravanoj pregradnji crkve 1930-ih godina, kojom je i za\u010deta dana\u0161nja zanemarenost ove crkve:<\/p><\/div><\/div><div class='content-column one_half last_column'><div style=\"padding-right:0px;padding-left:6px;\"><p>Das Archiv des Erzbischofs in Hvar bewahrt Dokumente auf, die \u00fcber den geplanten Wiederaufbau der Kirche in den 1930er Jahren berichten, der auch die gegenw\u00e4rtige Vernachl\u00e4ssigung dieser Kirche vorbereitete:<\/p><\/div><\/div><div class='clear_column'><\/div><div class='content-column one_half'><div style=\"padding-right:6px;\"><p>Crkva se, naime, na\u0161la na putu \u0161irenja hotela Palace. Sagra\u0111en kao hotel Carice Elizabete, preimenovanje 1918. u Grand hotel Palace, kada ga je &#8211; zajedno s ostalom imovinom Higijeni\u010dkog dru\u0161tva &#8211; otkupio poduzetnik Milan \u010canak. Zbog dugova hotel je kasnije pripao hipotekarnoj Srpskoj banci, a od nje je hotel &#8211; koji \u0107e od tada nositi dana\u0161nje ime Palace &#8211; otkupio Roko Bradanovi\u0107, Vi\u0161anin, veletrgovac vinom i po\u010dasni jugoslavenski konzul u Pragu. Upravitelj hotela bio je raniji hvarski gradona\u010delnik dr. Josip Avelini. Bradanovi\u0107 je 13. svibnja 1931. putio pismo \u0111on Ivanu Kasandri\u0107u, <em>rektoru Beneficija Crkve Sv. Kuzme i Damjana (intra moenia).<\/em> Pi\u0161e kako je <em>u interesu napretka Hvara odlu\u010dio da nadogradi svoj Hotel Palace pro\u0161iriv\u0161i staru ku\u0107u Mili\u010di\u0107 u produ\u017eenoj liniji ostoje\u0107e praonice<\/em> kako bi <em>prednje sobe u novoj zgradi bile sa svim konfortom.<\/em><\/p><\/div><\/div><div class='content-column one_half last_column'><div style=\"padding-right:0px;padding-left:6px;\"><p>Die Kirche befindet sich auf einer Verbreiterung des Weges des Palasthotels. Erbaut wurde das Hotel als Kaiserin Elizabeth und im Jahr 1918 in Grand Hotel Palace umbenannt, als es vom Gesch\u00e4ftsmann Milan \u010canak zusammen mit anderen Verm\u00f6genswerten der Hygienischen Gesellschaft gekauft wurde. Wegen der Schulden wurde das Hotel sp\u00e4ter Teil der Hypothekenbank der Srpska Bank. Von dieser wurde das Hotel, das ab nun den heutigen Namen Palace tragen wird, von dem Weingro\u00dfh\u00e4ndler und ehrenamtlichen jugoslawischen Konsul in Prag Roko Bradanovi\u0107, Visman, erworben. Der Hoteldirektor war der ehemalige B\u00fcrgermeister der Stadt, Dr. Josip Avelini. Am 13. Mai 1931 sandte Bradanovi\u0107 einen Brief an Ivan Kasandri\u0107, dem Rektor des Benefiz der Kirche der hl. Kuzme und Damjana (intra moenia). Er schrieb, dass er im Interesse der Weiterentwicklung von Hvar beschlossen hat, sein Hotel Palace zu modernisieren, indem er das alte Haus Mili\u010di\u0107 um eine Reihe von Waschr\u00e4umen erweiterte, um die vorderen R\u00e4umlichkeiten im neuen Geb\u00e4ude mit allen Annehmlichkeiten auszustatten.<\/p><\/div><\/div><div class='clear_column'><\/div><div class='content-column one_half'><div style=\"padding-right:6px;\"><p>To je bilo jedino mogu\u0107e da prostor hotela u\u0111e u prostor crkve tj. da se radi <em>estetske strane fasade zahvati i jedan dio oltarske ni\u0161e.<\/em><\/p><\/div><\/div><div class='content-column one_half last_column'><div style=\"padding-right:0px;padding-left:6px;\"><p>Das war nur m\u00f6glich, wenn der Raum des Hotels in den Kirchenraum eindringt, dh dass <em>die \u00e4sthetische Seitenfassade eingenommen wird und ein Teil der Altarnische<\/em>.<\/p><\/div><\/div><div class='clear_column'><\/div><div class='content-column one_half'><div style=\"padding-right:6px;\"><p>Kao naknadu za dio ni\u0161e Bradanovi\u0107 je nudio sljede\u0107e radove na ure\u0111enju crkve &#8211; ru\u0161enje vanjskog starog zida u dvori\u0161tu; postavljanje \u017eeljeznih re\u0161etaka na prozorima zgrade; gradnju sakristije crkvi do visine hotelske terase (pri gradnji bi se nastojalo sa\u010duvati \u0161ipak); na ulazu u dvori\u0161te postavio bi se \u017eeljezni ra\u0161tel, e da bi se uredjeni perivoj pred crkvom ispod luka vidio; gradnja <em>male lijehe uz ostoje\u0107i gradski zid<\/em> i oplo\u010danje prostora pred crkvom; te ure\u0111enje oltara tako da \u0161irina baze drvenog okvira ostane u ni\u0161i.<\/p><\/div><\/div><div class='content-column one_half last_column'><div style=\"padding-right:0px;padding-left:6px;\"><p>Als Ausgleich f\u00fcr die Inanspruchnahme eines Teils der Nische bot Bradanovi\u0107 folgenden Arbeiten zur Dekoration der Kirche an &#8211; den Abriss einer Au\u00dfenmauer im Hof; die Installation von Gitter an den Fenstern; den Bau einer Sakristei auf H\u00f6he der Hotelterrasse (w\u00e4hrend des Baus wird versucht, die \u0161ipak zu erhalten); am Eingang des Hofes w\u00e4re ein eiserner Schl\u00e4ger, sodass ein Garten vor der Kirche unter den B\u00f6gen zu sehen war; <em>eine kleine Rinne bei der Stadtmauer<\/em> und Verputzen des Raumes vor der Kirche; und die Dekoration des Altar so zu gestalten, dass die Breite der Basis des Holzrahmens in die Nische passt.<\/p><\/div><\/div><div class='clear_column'><\/div><div class='content-column one_half'><div style=\"padding-right:6px;\"><p>Kona\u010dno, Bradanovi\u0107 isti\u010de kako je ovo privremena mjera jer je, pretpostavlja, \u017eelja beneficijata, crkvenih nadle\u0161tva i svih dobromisle\u0107ih ljudi, da se ta crkvica prenese s tog mjesta, jer takvo sveti\u0161te ne mo\u017ee da stoji u tom nehygjenskom ambijentu. Planirao je otkupiti \u010detiri ru\u0161evine ku\u0107a u Grodi &#8211; inzulu Gazzari &#8211; te na to mjesto dislocirati crkvu (sre\u0107om to nije u\u010dinjeno a ku\u0107e u Grodi uspje\u0161no su obnovljene 1980-ih). Mo\u017eda iz toga razloga crkva nije nacrtana na reklanli hotela Palace iz 1930-ih.<\/p><\/div><\/div><div class='content-column one_half last_column'><div style=\"padding-right:0px;padding-left:6px;\"><p>Abschlie\u00dfend weist Bradanovi\u0107 darauf hin, dass dies eine vor\u00fcbergehende Ma\u00dfnahme sei, da vermutlich der Wunsch nach Sozialleistungen, kirchlichen Verantwortlichkeiten und all den guten Menschen, um diese Kirche von diesem Ort wegzubringen, weil solch ein Heiligtum nicht in diesem touristischen Ambiente stehen k\u00f6nne. Er plane, die vier Ruinen eines Hauses in Grodi \u2013 die \u201eInsel\u201c Gazzari &#8211; zu kaufen und an diese Stelle die Kirche zu stellen (zum Gl\u00fcck wurde dies nicht getan und die H\u00e4user in Grodi wurden in den 1980er Jahren erfolgreich restauriert). Vielleicht ist die Kirche aus diesem Grund nicht aus dem Palace Hotel der 1930er Jahre ausgezogen.<\/p><\/div><\/div><div class='clear_column'><\/div><div class='content-column one_half'><div style=\"padding-right:6px;\"><p>Bradanovi\u0107ev dopis je ve\u0107 14. svibnja rektor crkve, dr. Kasandri\u0107, proslijedio Ordinarijatu u Hvar uz <em>mnijenje da se ovaj podnesak mo\u017ee uzeti kao baza za pregovore.<\/em><\/p><\/div><\/div><div class='content-column one_half last_column'><div style=\"padding-right:0px;padding-left:6px;\"><p>Bradanovi\u0107s Brief wurde bereits am 14. Mai vom Rektor der Kirche, Dr. Kasandri\u0107, an das Ordinariat in Hvar geschickt, mit der Anregung, diesen Brief als Grundlage f\u00fcr Verhandlungen zu verwenden.<\/p><\/div><\/div><div class='clear_column'><\/div><div class='content-column one_half'><div style=\"padding-right:6px;\"><p>Prilo\u017eio je i 5 kopija Bradanovi\u0107eva pisma koji su trebali biti proslije\u0111eni patronima crkve &#8211; Stolnom kaptolu (koji je u odlu\u010divanju kao nasljednik kanonika Ozori\u0107a imao jedan glas), ba\u0161tinicima pok. Josipa Bogli\u0107a zastupanim od dr. Luje Bogli\u0107a iz Splita (1 glas), ba\u0161tinicima pok. Joakima Bogli\u0107a zastupanim od Ivanke ud. Bo\u017ei\u0107 iz Hvara (1 glas), ba\u0161tinicima pok. Ivana Krstitelja Ka\u010di\u0107-Dimitrija zastupanim od njegova sina Jerka, <em>oficira bojne mornarice<\/em> \u2013 poru\u010dnika bojnog broda 1. klase i komandanta kraljevske podmornice \u201eNeboj\u0161a\u201c u Tivtu (1\/3 glasa) te ba\u0161tinicima pok. Antuna Nimire u Rabu (1\/6 glasa). Ba\u0161tinici ostalih patrona bili su izumrli.<\/p><\/div><\/div><div class='content-column one_half last_column'><div style=\"padding-right:0px;padding-left:6px;\"><p>Beiliegend waren auch 5 Kopien von Bradanovics Briefen, die an die Kirchenpatrone weitergeleitet werden sollten \u2013 an das Stolni Kaptol (der eine Stimme als Nachfolger des Kanonikus Ozori\u0107 hatte), die Erben von Josef Bogli\u0107, vertreten durch Dr. Lujo Bogli\u0107 aus Split (1 Stimme), die Erben von Joakim Bogli\u0107, vertreten durch Ivanka&#8217;s Bruder Bo\u017ei\u0107 aus Hvar (1 Stimme), die Erben von Johann Baptist Kacic-Dimitris G\u00f6nnern, vertreten durch seinen Sohn Jerka, Marineoffizier &#8211; Leutnant 1. Klasse des Kriegsschiffs und Kommandant des k\u00f6niglichen U-Bootes \u201eNeboj\u0161a\u201c in Tivat&#8220; (1\/3 Stimme) und die Erben\u00a0 gen. Antuna Nimire in Rab (1\/6 Stimme). Die Erben der anderen G\u00f6nner waren ausgestorben.<\/p><\/div><\/div><div class='clear_column'><\/div><div class='content-column one_half'><div style=\"padding-right:6px;\"><p>Sa\u010duvani su odgovori Jerka Ka\u010di\u0107-Dimitrija i Vjekoslava (Luje) Bogli\u0107a koji su istaknuli kako svoju odluku prepu\u0161taju rektoru Kasandri\u0107u.<\/p><\/div><\/div><div class='content-column one_half last_column'><div style=\"padding-right:0px;padding-left:6px;\"><p>Die Antworten auf Jerka Ka\u010di\u0107-Dimitrija und Vjekoslava (Luje) Bogli\u0107 sind erhalten geblieben und weisen auf ihre Entscheidung hin, den Rektor Kasandri\u0107 zu empfangen.<\/p><\/div><\/div><div class='clear_column'><\/div><div class='content-column one_half'><div style=\"padding-right:6px;\"><p>Iz Raba je nad\u017eupnik dr. Anton Mrakov\u010di\u0107 odgovorio kako ba\u0161tinici Ninlire &#8211; dr. Demetrij, dr. Antun, Juraj i Jelena -\u017eive u Trstu, pa je pismo odaslano dr. Demetriju, no odgovor nije rona\u0111en.<\/p><\/div><\/div><div class='content-column one_half last_column'><div style=\"padding-right:0px;padding-left:6px;\"><p>Aus Rab antwortete Superintendent Dr. Anton Mrakovcic, dass die Erben Ninlire &#8211; Dr. Demetrius, Dr. Antun, Juraj und Jelena &#8211; in Triest leben, also wurde der Brief an Dr. Demetrius geschickt, aber keine Antwort erhalten.<\/p><\/div><\/div><div class='clear_column'><\/div><div class='content-column one_half'><div style=\"padding-right:6px;\"><p>Stolni Kaptol sastao se na sjednici 30. svibnja 1931. i zaklju\u010dio kako Bradanovi\u0107 mora dostaviti <em>detaljan nacrt e da bude u stanju znati \u0161to g Bradanovi\u0107 pita. <\/em>Nacrt je izradio ing. Silvije Sponza, a primjerci nacrta \u010duvaju se u njegovoj ostav\u0161tini (sada u Muzeju hvarske ba\u0161tine) i u Biskupskom arhivu.<\/p><\/div><\/div><div class='content-column one_half last_column'><div style=\"padding-right:0px;padding-left:6px;\"><p>Das Stol Kapitel traf sich am 30. Mai 1931 zu einer Sitzung und kam zu dem Schluss, dass Bradanovi\u0107 einen detaillierten Plan vorlegen muss um Herrn Bradanovi\u0107 Fragen beantworten zu k\u00f6nnen. Der Entwurf stammt von Ing. Silvije Sponza, und die Entw\u00fcrfe sind in seinem Verm\u00e4chtnis (jetzt im Museum des Hvarer Erbes) und im Archiv des Bischofs aufbewahrt.<\/p><\/div><\/div><div class='clear_column'><\/div><div class='content-column one_half'><div style=\"padding-right:6px;\"><p>Zaklju\u010div\u0161i kako Bradanovi\u0107evom ponudom crkva dobiva sakristiju, ure\u0111eni okoli\u0161 i \u017eeljezna vrata na ulazu u dvori\u0161te, a gubi samo <em>jedan dio ni\u0161e, u kojoj je sada oltar to lm 63cm,<\/em> Kaptol je na sjednici 20. lipnja 1931. dao svoj glas za izvo\u0111enje radova. Uvjetovali su da prozori nad crkvom ne smiju imati <em>kapke (\u0161kure) ve\u0107 \u017eeljezne re\u0161etke (feriate)<\/em> i da krov novogradnje ne smije imati strehu nad crkvom, sakristijom i vrtom.<\/p><\/div><\/div><div class='content-column one_half last_column'><div style=\"padding-right:0px;padding-left:6px;\"><p>Schlussendlich, gem\u00e4\u00df Bradanovi\u0107s Angebot erhielt die Kirche eine Sakristei, eine dekorative Gestaltung des Umfeldes und ein eisernes Tor am Eingang zum Hof. Sie verliert nur einen Teil der Nische deren Abstand jetzt 63 cm zum Altar betr\u00e4gt. In seiner Sitzung am 20. Juni 1931 gab das Kapitel dann seine Zustimmung \u00fcber \u00fcber die Ausf\u00fchrung der Arbeiten. Es legte fest, dass die Kirchenfenster keine L\u00e4den (Scheren), sondern Eisenst\u00e4be haben sollten und dass das Dach des Neubaues nicht \u00fcber Kirche, Sakristei und Garten ragen d\u00fcrfe.<\/p><\/div><\/div><div class='clear_column'><\/div><div class='content-column one_half'><div style=\"padding-right:6px;\"><p>Tako\u0111er Bradanovi\u0107 je morao jam\u010diti za sebe i nasljednike <em>da \u0107e se brinuti za otstranjenje vlage na crkvici i na sakristiji, koju bi mogla prouzro\u010diti novogradnja.<\/em><\/p><\/div><\/div><div class='content-column one_half last_column'><div style=\"padding-right:0px;padding-left:6px;\"><p>Bradanovi\u0107 musste auch f\u00fcr sich und seine Nachfolger garantieren, dass er sich um die Feuchtigkeit der Kirche und der Sakristei k\u00fcmmern w\u00fcrde, was zu Neubauten f\u00fchren k\u00f6nnte.<\/p><\/div><\/div><div class='clear_column'><\/div><div class='content-column one_half'><div style=\"padding-right:6px;\"><p>Dakle bez obzira na neprona\u0111ene odgovore, ovim je bilo dostatno glasova (2 i 1\/3 nasuprot 1 i 1\/6) za prihva\u0107anje prijedloga radova na sv. Kuzmi i Damjanu.<\/p><\/div><\/div><div class='content-column one_half last_column'><div style=\"padding-right:0px;padding-left:6px;\"><p>Also unabh\u00e4ngig von den unbeantworteten Ersuchen, waren das genug Stimmen (2 und 1\/3 gegen 1 und 1\/6), um die Vorschl\u00e4ge der Arbeiten an der Kirche zu akzeptieren.<\/p><\/div><\/div><div class='clear_column'><\/div><div class='content-column one_half'><div style=\"padding-right:6px;\"><p>No, <em>neopozivi<\/em> ugovor izme\u0111u Biskupskog ordinarijata u Hvaru, kojeg je zastupao prepozit Kaptola on Ivo Bojani\u0107 i dr. Josipa Avelinija, opunomo\u0107enika Roka Bradanovi\u0107a sklopljen je tek pune \u010detiri godine nakon slanja prijedloga, 13. svibnja 1935. godine. K tome, ugovor uop\u0107e ne predvi\u0111a radove iz Sponzina nacrta nego tek <em>da mo\u017ee krov crkve sv. Kuzme i Damjana preudesiti sa sjeverne strane tako, da ga skrati u du\u017eini prema tehni\u010dkoj mogu\u0107nosti i izgradi ponovno na tro\u0161ak R. Bradanovi\u0107a sa re\u0107om stranicom (t.z. na 3 vode) i da \u017elijeb spojni izme\u0111u crkve i ku\u0107e bude po zanatu izoliran, e da\u00a0 crkva i ku\u0107a ne trpi o nikakve vlage.<\/em><\/p><\/div><\/div><div class='content-column one_half last_column'><div style=\"padding-right:0px;padding-left:6px;\"><p><em> Das unwiderrufliche Abkommen zwischen dem Bischofsordinariat in Hvar, vertreten durch den Probst des Kaptol Ivo Bojanic und Dr. Josip Avelini, des Bevollm\u00e4chtigten von Roko Bradanovi\u0107, wurde erst vier Jahre nach Vorlage des Vorschlags am 13. Mai 1935 abgeschlossen. Au\u00dferdem sieht der Vertrag keine Arbeiten aus dem Sponzin-Entwurf vor, sondern nur, dass das Dach der Kirche der hl. Kuzme und Damjan an der Nordseite umgestaltet werden muss, um es entsprechend den technischen M\u00f6glichkeiten zu k\u00fcrzen und es auf Kosten von R. Bradanovi\u0107 dreiseitig (d.h. nach 3 Seiten) wieder aufzubauen. Weiters muss die Fuge zwischen der Kirche und dem Haus isoliert werden, damit Kirche und das Haus nicht an Feuchtigkeit leiden.<\/em><\/p><\/div><\/div><div class='clear_column'><\/div><div class='content-column one_half'><div style=\"padding-right:6px;\"><p><em>\u00a0<\/em>Tako je i u\u010dinjeno. Okoli\u0161 crkve ostao je neure\u0111en a nije izgra\u0111ena ni sakristija.<\/p><\/div><\/div><div class='content-column one_half last_column'><div style=\"padding-right:0px;padding-left:6px;\"><p>So wurde es auch gemacht. Das Umfeld der Kirche blieb unangetastet und es wurde auch keine Sakristei gebaut.<\/p><\/div><\/div><div class='clear_column'><\/div><div class='content-column one_half'><div style=\"padding-right:6px;\"><p>Poplo\u010denje pred crkvom je izvedeno tek za njezine obnove po\u010detkom 2000-ih godina. Hotel se naslonio na sami zid crkve, a kasnije je &#8211; gradnjom krajnje neprimjerenog bazena sa staklenom ogradom i ruzinavim metalnim okvirom &#8211; oduzeo i ve\u0107i dio crkvenog vrta. \u017deljezni <em>ra\u0161tel<\/em> &#8211; za kojeg ne mo\u017eemo sa sigurno\u0161\u0107u re\u0107i kada je postavljen &#8211; sada se nalazi odba\u010den naslonjen na zapadni zid crkve.Za zadnje obnove na ulazu u dvori\u0161te postavljena su drvena vrata.<\/p><\/div><\/div><div class='content-column one_half last_column'><div style=\"padding-right:0px;padding-left:6px;\"><p>Der B\u00fcrgersteig vor der Kirche wurde nur f\u00fcr den Wiederaufbau in den fr\u00fchen 2000er Jahren gemacht. Das Hotel lehnte sich an die Wand der Kirche und sp\u00e4ter, mit dem Bau eines extrem unzureichenden Pools mit Glasgel\u00e4nder und Metallrahmen, wurde der gr\u00f6\u00dfte Teil des Kirchengartens beansprucht. Der Eisen-<em>ra\u0161tel<\/em><em> &#8211; <\/em>von dem man nicht mit Sicherheit sagen kann wann er errichtet wurde \u2013 befindet sich jetzt auf die Westwand der Kirche. F\u00fcr die letzte Renovierung gibt es am Eingang zum Hof eine Holzt\u00fcr.<\/p><\/div><\/div><div class='clear_column'><\/div><div class='content-column one_half'><div style=\"padding-right:6px;\"><p>Razlog odustajanju od izvornog projekta bio je vjerojatno nedostatak novca, uslijed gospodarske krize koja je 1930-ih zahvatila svijet. Spremno prihva\u0107anje projekta pregradnje crkve od strane crkvenih vlasti ne treba \u010duditi. Crkve, koje su vapile za obnovom, kao i danas, bile su brojne, a sredstva za njihovo redovno odr\u017eavanje znatno su smanjena uslijed agrarne reforme.<\/p><\/div><\/div><div class='content-column one_half last_column'><div style=\"padding-right:0px;padding-left:6px;\"><p>Der Grund f\u00fcr den R\u00fccktritt vom urspr\u00fcnglichen Projekt war wahrscheinlich Geldmangel aufgrund der Wirtschaftskrise, die die Welt in den 1930er Jahren traf. Die Bereitschaft, das kirchliche Umverteilungsprojekt der Kirche zu akzeptieren, sollte also nicht \u00fcberraschen. Kirchen, die um Renovierung jammerten, waren, wie auch heute zahlreich, und die Mittel f\u00fcr ihre regelm\u00e4\u00dfige Wartung wurden durch die Agrarreform erheblich reduziert.<\/p><\/div><\/div><div class='clear_column'><\/div><div class='content-column one_half'><div style=\"padding-right:6px;\"><p>Obnova crkve sv. Kuzme i Damjana danas bi se uz male izdatke mogla dovr\u0161iti, a put do nje bi morao kona\u010dno biti otvoren.<\/p><\/div><\/div><div class='content-column one_half last_column'><div style=\"padding-right:0px;padding-left:6px;\"><p>Die Restaurierung der Kirche der hl. Kuzme und Damian k\u00f6nnte heute mit geringen Kosten abgeschlossen werden und der Weg dorthin sollte endlich offen sein.<\/p><\/div><\/div><div class='clear_column'><\/div><\/p>\n<p style=\"text-align: center;\"><em>(Izvor \/ Quelle: Kruvenica br-41)<\/em><\/p>\n<hr \/>\n<div class='content-column one_half'><div style=\"padding-right:6px;\"><p>Obnova crkve sv. Kuzme i Damian uglavnom su zavr\u0161eni 2019. godine. Me\u0111utim, nesmetan pristup jo\u0161 nije bio mogu\u0107.<\/p><\/div><\/div><div class='content-column one_half last_column'><div style=\"padding-right:0px;padding-left:6px;\"><p>Die Restaurierung der Kirche der hl. Kuzme und Damian wurde im Jahr 2019 weitgewhend abgeschlossen. Der freie Zugang war allerdings noch nicht m\u00f6glich.<\/p><\/div><\/div><div class='clear_column'><\/div><\/p>\n<p style=\"text-align: right;\"><span style=\"color: #3366ff;\"><a style=\"color: #3366ff;\" href=\"#seite_oben\">natrag na vrh \/ Seitenanfang<\/a><\/span><\/p>\n<hr \/>\n<p><strong>Linkovi \/ Links<\/strong><\/p>\n<p><span style=\"color: #3366ff;\">&#8211;<\/span><\/p>\n","protected":false},"excerpt":{"rendered":"<p>Ime \/ Name Crkva \u00bbSv. Kuzme i Damjana\u00ab \/\u00a0Kirche der Heiligen Cosmas und Damian Code: HV-CI-05\u00a0 \u00a0 \u00a0 \u00a0 \u00a0 \u00a0 \u00a0 \u00a0 \u00a0 \u00a0 \u00a0 \u00a0 \u00a0 \u00a0 \u00a0 \u00a0 \u00a0 \u00a0\u00a0\u00a0 \u00a0 Adresa \/ Adresse Grad Hvar,\u00a0Ulica Marije &hellip; <a href=\"https:\/\/www.topohvar.at\/topo\/orte\/hv\/hv-ci-05-1\/\">Weiterlesen <span class=\"meta-nav\">&rarr;<\/span><\/a><\/p>\n","protected":false},"author":1,"featured_media":0,"parent":80,"menu_order":0,"comment_status":"closed","ping_status":"closed","template":"","meta":{"footnotes":""},"class_list":["post-14195","page","type-page","status-publish","hentry"],"_links":{"self":[{"href":"https:\/\/www.topohvar.at\/topo\/wp-json\/wp\/v2\/pages\/14195","targetHints":{"allow":["GET"]}}],"collection":[{"href":"https:\/\/www.topohvar.at\/topo\/wp-json\/wp\/v2\/pages"}],"about":[{"href":"https:\/\/www.topohvar.at\/topo\/wp-json\/wp\/v2\/types\/page"}],"author":[{"embeddable":true,"href":"https:\/\/www.topohvar.at\/topo\/wp-json\/wp\/v2\/users\/1"}],"replies":[{"embeddable":true,"href":"https:\/\/www.topohvar.at\/topo\/wp-json\/wp\/v2\/comments?post=14195"}],"version-history":[{"count":25,"href":"https:\/\/www.topohvar.at\/topo\/wp-json\/wp\/v2\/pages\/14195\/revisions"}],"predecessor-version":[{"id":53393,"href":"https:\/\/www.topohvar.at\/topo\/wp-json\/wp\/v2\/pages\/14195\/revisions\/53393"}],"up":[{"embeddable":true,"href":"https:\/\/www.topohvar.at\/topo\/wp-json\/wp\/v2\/pages\/80"}],"wp:attachment":[{"href":"https:\/\/www.topohvar.at\/topo\/wp-json\/wp\/v2\/media?parent=14195"}],"curies":[{"name":"wp","href":"https:\/\/api.w.org\/{rel}","templated":true}]}}