{"id":14329,"date":"2018-12-30T08:33:29","date_gmt":"2018-12-30T07:33:29","guid":{"rendered":"https:\/\/www.topohvar.at\/?page_id=14329"},"modified":"2021-11-12T15:26:56","modified_gmt":"2021-11-12T14:26:56","slug":"hv-cs-05-1","status":"publish","type":"page","link":"https:\/\/www.topohvar.at\/topo\/orte\/hv\/hv-cs-05-1\/","title":{"rendered":"HVAR &#8211; Kapelica \u00bbSv. Josipe\u00ab"},"content":{"rendered":"<p><a name=\"seite_oben\"><\/a><br \/>\n<img loading=\"lazy\" decoding=\"async\" class=\"alignnone wp-image-14321 size-large\" src=\"https:\/\/www.topohvar.at\/wp-content\/uploads\/2018\/12\/hv-cs-05-1-1024x503.jpg\" alt=\"\" width=\"640\" height=\"314\" srcset=\"https:\/\/www.topohvar.at\/wp-content\/uploads\/2018\/12\/hv-cs-05-1-1024x503.jpg 1024w, https:\/\/www.topohvar.at\/wp-content\/uploads\/2018\/12\/hv-cs-05-1-300x147.jpg 300w, https:\/\/www.topohvar.at\/wp-content\/uploads\/2018\/12\/hv-cs-05-1-768x377.jpg 768w, https:\/\/www.topohvar.at\/wp-content\/uploads\/2018\/12\/hv-cs-05-1.jpg 1080w\" sizes=\"auto, (max-width: 640px) 100vw, 640px\" \/><\/p>\n<p><strong>Ime \/ Name<br \/>\n<\/strong>Kapelica \u00bbSv. Josipe\u00ab \/ Bildstock zum hl. Josef<\/p>\n<p><strong>Code: <\/strong>HV-CS-05\u00a0 \u00a0 \u00a0 \u00a0 \u00a0 \u00a0 \u00a0 \u00a0 \u00a0 \u00a0 \u00a0 \u00a0 \u00a0 \u00a0 \u00a0 \u00a0 \u00a0 \u00a0 \u00a0<strong><a href=\"https:\/\/www.topohvar.at\/orte\/hv\/hv-cs-02-1\/\"><img loading=\"lazy\" decoding=\"async\" class=\"alignnone wp-image-533 size-full\" src=\"https:\/\/www.topohvar.at\/wp-content\/uploads\/2018\/07\/push-l-30.jpg\" alt=\"\" width=\"61\" height=\"30\" \/><\/a> <a href=\"https:\/\/www.topohvar.at\/orte\/hv\/\"><img loading=\"lazy\" decoding=\"async\" class=\"alignnone wp-image-535 size-full\" src=\"https:\/\/www.topohvar.at\/wp-content\/uploads\/2018\/07\/push-o-30.jpg\" alt=\"\" width=\"61\" height=\"30\" \/><\/a> <a href=\"https:\/\/www.topohvar.at\/orte\/hv\/hv-cs-04-1\/\"><img loading=\"lazy\" decoding=\"async\" class=\"alignnone wp-image-536 size-full\" src=\"https:\/\/www.topohvar.at\/wp-content\/uploads\/2018\/07\/push-r-30.jpg\" alt=\"\" width=\"61\" height=\"30\" \/><\/a>\u00a0<\/strong><\/p>\n<hr \/>\n<p><strong>Adresa \/ Adresse<br \/>\n<\/strong>Grad Hvar,\u00a0Ulica Matija Ivani\u0107a, Gornja Vrata<\/p>\n<p><strong>Lokacija \/ Position<a href=\"https:\/\/goo.gl\/maps\/akbYrtp1YCH2fGhx6\"><img loading=\"lazy\" decoding=\"async\" class=\"alignright wp-image-15853\" src=\"https:\/\/www.topohvar.at\/wp-content\/uploads\/2019\/01\/0303.jpg\" alt=\"\" width=\"134\" height=\"100\" \/><\/a><br \/>\n<\/strong><span style=\"color: #3366ff;\"><a style=\"color: #3366ff;\" href=\"https:\/\/goo.gl\/maps\/akbYrtp1YCH2fGhx6\">Latitude: N 43,17328\u00b0\u00a0 \u00a0Longitude: E 16,44160\u00b0<\/a> <\/span><strong><br \/>\n<\/strong>Visina \/ H\u00f6he: 22 m<\/p>\n<p><strong>Katastarska \u010destica \/ Grundst\u00fccke<br \/>\n<\/strong>*63<div class='content-column one_half'><div style=\"padding-right:6px;\"><p><strong>Datum snimanja \/ Erfassungsdatum<br \/>\n<\/strong>16.02.2015 11:11:21<\/p>\n<hr \/>\n<p><strong>Informacije<\/strong><\/p>\n<p>Dana 30.o\u017eujka 2012 na zapadnim gradkim vratima (od Gojave) zamijenjena je stara slika sv. Josipa i stavljena nova, koju su poklonile koludrice. Gospo\u0111a Marija Bibi\u0107-Fjokotova je na\u010dinila novu tavaju sa natpisom \u201eSveti Josipe moli za nas\u201c, Dinka Novak-Kogo je donijela cvije\u0107e, a maranguni Mi\u0107o i Jo\u0161ko Rosso su asistirali.<\/p><\/div><\/div><div class='content-column one_half last_column'><div style=\"padding-right:0px;padding-left:6px;\"><p><strong>Stupanj za\u0161tite \/ Schutzstellung<br \/>\n<\/strong>&#8211;<\/p>\n<hr \/>\n<p><strong>Info<\/strong><\/p>\n<p>Am 30. M\u00e4rz 2012, wurde am westlichen Stadttor (bei Gojave) das alte Bild des heiligen Josef durch ein neues ersetzt, das durch Spenden erm\u00f6glicht wurde. Frau Marija Bibi\u0107-Fjokotov machte ein neues Tuch mit der Inschrift &#8222;Heiliger Josef bitte f\u00fcr uns&#8220;. Dinka Novak-Kogo brachte Blumen, und Maranguni Mi\u0107o und Jo\u0161ko Rosso assistierten.<\/p><\/div><\/div><div class='clear_column'><\/div><div class='content-column one_half'><div style=\"padding-right:6px;\"><p>Me\u0111utim, 2017. godine ni\u0161a koja je sadr\u017eavala sliku ponovno je bila prazna<\/p><\/div><\/div><div class='content-column one_half last_column'><div style=\"padding-right:0px;padding-left:6px;\"><p>Im Jahr 2017 war die Nische die das Bild enthielt allerdings wieder leer<\/p><\/div><\/div><div class='clear_column'><\/div><div class='content-column one_third'><div style=\"padding-right:12px;\"><p>U velja\u010di 2019., je u ni\u0161i lik sv. Josip s Isusom.<\/p><\/div><\/div><div class='content-column one_third'><div style=\"padding-right:6px;\"><p><img loading=\"lazy\" decoding=\"async\" class=\"alignnone wp-image-20455 size-full\" src=\"https:\/\/www.topohvar.at\/wp-content\/uploads\/2019\/02\/hv-cs-05-11.jpg\" alt=\"\" width=\"200\" height=\"200\" srcset=\"https:\/\/www.topohvar.at\/wp-content\/uploads\/2019\/02\/hv-cs-05-11.jpg 200w, https:\/\/www.topohvar.at\/wp-content\/uploads\/2019\/02\/hv-cs-05-11-150x150.jpg 150w\" sizes=\"auto, (max-width: 200px) 100vw, 200px\" \/><\/p><\/div><\/div><div class='content-column one_third last_column'><div style=\"padding-right:0px;padding-left:6px;\"><p>Im Februar 2019 steht in der Nische eine Figur des hl. Josef mit Jesuskind.<\/p><\/div><\/div><div class='clear_column'><\/div><\/p>\n<p style=\"text-align: right;\"><span style=\"color: #3366ff;\"><a style=\"color: #3366ff;\" href=\"#seite_oben\">natrag na vrh \/ Seitenanfang<\/a><\/span><\/p>\n<hr \/>\n<p>&nbsp;<\/p>\n<p><strong>Linkovi \/ Links<\/strong><\/p>\n<p><span style=\"color: #3366ff;\"><a style=\"color: #3366ff;\" href=\"https:\/\/www.topohvar.at\/orte\/hv\/hv-td-04-1\/\">Gradska vrata \u00bbGornja vrata ili Vrata od Goljava\u00ab \/ Stadttor Gornja Vrata oder Tor nach Goljava<\/a><\/span><br \/>\n<span style=\"color: #3366ff;\"><a style=\"color: #3366ff;\" href=\"https:\/\/www.topohvar.at\/orte\/hv\/hv-ig-12-1\/\">Grb \u00bbVani na tornju Gornja Vrata\u00ab \/ Wappen au\u00dfen am Stadttor Gornja Vrata<\/a><\/span><br \/>\n<span style=\"color: #3366ff;\"><a style=\"color: #3366ff;\" href=\"https:\/\/www.topohvar.at\/orte\/hv\/hv-ig-13-1\/\">Grb \u00bbIznutra na tornju Gornja vrata\u00ab \/ Wappen innen am Stadttor Gornja Vrata<\/a><\/span><\/p>\n","protected":false},"excerpt":{"rendered":"<p>Ime \/ Name Kapelica \u00bbSv. Josipe\u00ab \/ Bildstock zum hl. Josef Code: HV-CS-05\u00a0 \u00a0 \u00a0 \u00a0 \u00a0 \u00a0 \u00a0 \u00a0 \u00a0 \u00a0 \u00a0 \u00a0 \u00a0 \u00a0 \u00a0 \u00a0 \u00a0 \u00a0 \u00a0 \u00a0 Adresa \/ Adresse Grad Hvar,\u00a0Ulica Matija Ivani\u0107a, Gornja &hellip; <a href=\"https:\/\/www.topohvar.at\/topo\/orte\/hv\/hv-cs-05-1\/\">Weiterlesen <span class=\"meta-nav\">&rarr;<\/span><\/a><\/p>\n","protected":false},"author":1,"featured_media":0,"parent":80,"menu_order":0,"comment_status":"closed","ping_status":"closed","template":"","meta":{"footnotes":""},"class_list":["post-14329","page","type-page","status-publish","hentry"],"_links":{"self":[{"href":"https:\/\/www.topohvar.at\/topo\/wp-json\/wp\/v2\/pages\/14329","targetHints":{"allow":["GET"]}}],"collection":[{"href":"https:\/\/www.topohvar.at\/topo\/wp-json\/wp\/v2\/pages"}],"about":[{"href":"https:\/\/www.topohvar.at\/topo\/wp-json\/wp\/v2\/types\/page"}],"author":[{"embeddable":true,"href":"https:\/\/www.topohvar.at\/topo\/wp-json\/wp\/v2\/users\/1"}],"replies":[{"embeddable":true,"href":"https:\/\/www.topohvar.at\/topo\/wp-json\/wp\/v2\/comments?post=14329"}],"version-history":[{"count":15,"href":"https:\/\/www.topohvar.at\/topo\/wp-json\/wp\/v2\/pages\/14329\/revisions"}],"predecessor-version":[{"id":53430,"href":"https:\/\/www.topohvar.at\/topo\/wp-json\/wp\/v2\/pages\/14329\/revisions\/53430"}],"up":[{"embeddable":true,"href":"https:\/\/www.topohvar.at\/topo\/wp-json\/wp\/v2\/pages\/80"}],"wp:attachment":[{"href":"https:\/\/www.topohvar.at\/topo\/wp-json\/wp\/v2\/media?parent=14329"}],"curies":[{"name":"wp","href":"https:\/\/api.w.org\/{rel}","templated":true}]}}