{"id":1438,"date":"2018-07-30T06:35:22","date_gmt":"2018-07-30T04:35:22","guid":{"rendered":"https:\/\/www.topohvar.at\/?page_id=1438"},"modified":"2021-08-24T17:50:12","modified_gmt":"2021-08-24T15:50:12","slug":"do-aa-04-2","status":"publish","type":"page","link":"https:\/\/www.topohvar.at\/topo\/orte\/do\/do-aa-04-2\/","title":{"rendered":"DOL &#8211; Biv\u0161eg zaseoka \u00bbBorovik\u00ab"},"content":{"rendered":"<p><a name=\"seite_oben\"><\/a><br \/>\n<strong><img loading=\"lazy\" decoding=\"async\" class=\"alignnone wp-image-1442 size-large\" src=\"https:\/\/www.topohvar.at\/wp-content\/uploads\/2018\/07\/do-aa-04-1-1024x503.jpg\" alt=\"\" width=\"640\" height=\"314\" srcset=\"https:\/\/www.topohvar.at\/wp-content\/uploads\/2018\/07\/do-aa-04-1-1024x503.jpg 1024w, https:\/\/www.topohvar.at\/wp-content\/uploads\/2018\/07\/do-aa-04-1-300x147.jpg 300w, https:\/\/www.topohvar.at\/wp-content\/uploads\/2018\/07\/do-aa-04-1-768x377.jpg 768w\" sizes=\"auto, (max-width: 640px) 100vw, 640px\" \/><\/strong><\/p>\n<p><strong>Ime \/ Name<br \/>\n<\/strong>Biv\u0161i zaseo \u00bbBorovik\u00ab \/ ehemaliger Weiler \u00bbBorovik\u00ab<\/p>\n<p><strong>Code: <\/strong>DO-AA-04\u00a0 \u00a0 \u00a0 \u00a0 \u00a0 \u00a0 \u00a0<a href=\"https:\/\/www.topohvar.at\/orte\/do\/do-aa-00-2\/\"><img loading=\"lazy\" decoding=\"async\" class=\"alignnone size-full wp-image-12300\" src=\"https:\/\/www.topohvar.at\/wp-content\/uploads\/2018\/09\/push-vor-30.jpg\" alt=\"\" width=\"61\" height=\"30\" \/><\/a>\u00a0<strong><a href=\"https:\/\/www.topohvar.at\/orte\/do\/do-aa-03-2\/\"><img loading=\"lazy\" decoding=\"async\" class=\"alignnone wp-image-533 size-full\" src=\"https:\/\/www.topohvar.at\/wp-content\/uploads\/2018\/07\/push-l-30.jpg\" alt=\"\" width=\"61\" height=\"30\" \/><\/a> <a href=\"https:\/\/www.topohvar.at\/orte\/do\/\"><img loading=\"lazy\" decoding=\"async\" class=\"alignnone wp-image-535 size-full\" src=\"https:\/\/www.topohvar.at\/wp-content\/uploads\/2018\/07\/push-o-30.jpg\" alt=\"\" width=\"61\" height=\"30\" \/><\/a> <a href=\"https:\/\/www.topohvar.at\/orte\/do\/do-ai-01-1\/\"><img loading=\"lazy\" decoding=\"async\" class=\"alignnone wp-image-536 size-full\" src=\"https:\/\/www.topohvar.at\/wp-content\/uploads\/2018\/07\/push-r-30.jpg\" alt=\"\" width=\"61\" height=\"30\" \/><\/a> <a href=\"https:\/\/www.topohvar.at\/orte\/do\/do-ai-01-1\/\"><img loading=\"lazy\" decoding=\"async\" class=\"alignnone size-full wp-image-12299\" src=\"https:\/\/www.topohvar.at\/wp-content\/uploads\/2018\/09\/push-next-30.jpg\" alt=\"\" width=\"61\" height=\"30\" \/><\/a><\/strong><\/p>\n<hr \/>\n<p><strong>Adresa \/ Adresse<br \/>\n<\/strong>Dol, Borovik<\/p>\n<p><strong>Lokacija<\/strong><strong> \/ Position<a href=\"https:\/\/goo.gl\/maps\/acVkgpneSWex4d7r7\"><img loading=\"lazy\" decoding=\"async\" class=\"alignright wp-image-1443\" src=\"https:\/\/www.topohvar.at\/wp-content\/uploads\/2018\/07\/1761.jpg\" alt=\"\" width=\"134\" height=\"100\" \/><\/a><br \/>\n<\/strong><span style=\"color: #3366ff;\"><a style=\"color: #3366ff;\" href=\"https:\/\/goo.gl\/maps\/acVkgpneSWex4d7r7\">Latitude: N 43,15779\u00b0\u00a0 \u00a0Longitude: E 16,60086\u00b0<\/a> <\/span><strong><br \/>\n<\/strong>Visina \/ H\u00f6he: 345 m<\/p>\n<p><strong>Katastarska \u010destica<\/strong><strong> \/ Grundst\u00fccke<br \/>\n<\/strong>*413<div class='content-column one_half'><div style=\"padding-right:6px;\"><p><strong>Datum snimanja \/ Erfassungsdatum<br \/>\n<\/strong>21.05.2018 10:15:00<\/p>\n<hr \/>\n<p><strong>Informacije<\/strong><\/p>\n<p>Borovik je danas napu\u0161teno i u dubokom zelenilu skriveno naselje sezonskog tipa. Nalazi se na visoravni ispod Remika. Ime mu o\u010dito potje\u010de od borovih \u0161uma koje ga okru\u017euju.<\/p><\/div><\/div><div class='content-column one_half last_column'><div style=\"padding-right:0px;padding-left:6px;\"><p><strong>Stupanj za\u0161tite<\/strong><strong> \/ Schutzstellung<br \/>\n<\/strong>&#8211;<\/p>\n<hr \/>\n<p><strong>Info<\/strong><\/p>\n<p>Borovik ist heute eine verlassene, tief im Gr\u00fcn versteckte Sekund\u00e4rsiedlung. Sie liegt auf einem Plateau unterhalb von Remik. Ihr Name leitet sich offensichtlich von den Kiefernw\u00e4ldern ab, die sie umgeben.<\/p><\/div><\/div><div class='clear_column'><\/div><div class='content-column one_half'><div style=\"padding-right:6px;\"><p>Me\u0111utim bez iskusnog vodi\u010da te\u0161ko \u0107ete prona\u0107i ovo jedinstveno naselje otoka Hvara. Ku\u0107e, njih petnaestak \u0161to ve\u0107ih \u0161to manjih, Plenkovi\u0107a, Vrankovi\u0107a i Milati\u0107a iz Svira\u010da, Matijevi\u0107a iz Jagodne i Milati\u0107a iz Sv. Nedjelje.<\/p><\/div><\/div><div class='content-column one_half last_column'><div style=\"padding-right:0px;padding-left:6px;\"><p>Ohne einen erfahrenen F\u00fchrer ist es schwer, diese einzigartige Siedlung auf der Insel Hvar zu finden. Hier stehen etwa f\u00fcnfzehn gro\u00dfe H\u00e4user &#8211; Plenkovi\u0107, Vrankovi\u0107 i Milati\u0107 aus Svir\u010de, Matijevi\u0107 aus Jagodna und Milati\u0107 aus Sv. Nedjelja.<\/p><\/div><\/div><div class='clear_column'><\/div><div class='content-column one_half'><div style=\"padding-right:6px;\"><p>U vrijeme naseljavanja, sva tri naselja bila su u sklopu \u017dupe Svir\u010de \u0161to poja\u0161njava tu strukturu stanovni\u0161tva. U to doba obitelji su bile mnogobrojne a zemlje malo, pa se pojavila potreba za \u0161irenjem \u017eivotnog prostora.<\/p><\/div><\/div><div class='content-column one_half last_column'><div style=\"padding-right:0px;padding-left:6px;\"><p>Zum Zeitpunkt der Besiedlung geh\u00f6rten alle drei Siedlungen zur Gemeinde Svir\u010de, was diese Bev\u00f6lkerungsstruktur erkl\u00e4rt. Zu dieser Zeit gab es zahlreiche Familien mit nur kleinen Grundst\u00fccken, so dass die Notwendigkeit bestand, ihren Lebensraum zu erweitern.<\/p><\/div><\/div><div class='clear_column'><\/div><div class='content-column one_half'><div style=\"padding-right:6px;\"><p>Vjerojatno je da su Plenkovi\u0107i, Vrankovi\u0107i, Matijevi\u0107i i Milati\u0107i dobili zemlju u tom predjelu na upotrebu od Mleta\u010dke Republike tzv. \u201egracije\u201c, dok su druge obitelji dobile na nekom drugom mjestu.<\/p><\/div><\/div><div class='content-column one_half last_column'><div style=\"padding-right:0px;padding-left:6px;\"><p>Es ist wahrscheinlich, dass die Plenkovi\u0107, Vrankovi\u0107, Matijevi\u0107 und Milati\u0107i Land in diesem Gebiet zur Nutzung durch die Venezianische Republik erhalten haben (sog. &#8222;Gnaden&#8220;), w\u00e4hrend andere Familien es woanders bekamen.<\/p><\/div><\/div><div class='clear_column'><\/div><div class='content-column one_half'><div style=\"padding-right:6px;\"><p>Tada se zemlja koristila za ljetnu ispa\u0161u pa su gradili minijaturne potleu\u0161ice za ljude trime za stoku. Dolaskom peronospere, luga i \u017eilo\u017edere do na\u0161ih krajeva, loza u nizini propada. Polja ostaju zarasla u travi a vinogradi izolirani na vi\u0161oj nadmorskoj visini odoljevaju bolesti. Loza je uni\u0161tena. Vino postaje skupo i pla\u0107a se u zlatu. Tada na\u0161i preci terene otimaju kr\u0161u i mukotrpnim radom pretvaraju ga u plodne vinograde.<\/p><\/div><\/div><div class='content-column one_half last_column'><div style=\"padding-right:0px;padding-left:6px;\"><p>Das Land als Sommerweide genutzt, so dass kleine H\u00fctten f\u00fcr Menschen und Trims zum Viehh\u00fcten gebaut wurden. Mit der Ankunft der Reblaus bricht der Weinbau im Tiefland zusammen. Die Felder verwilderten zusehends aber in h\u00f6heren Lagen widerstanden die Reben in den isolierten Weinbergen den Krankheiten. Der Weinbau lag darnieder. Wein wird teuer und wird wie Gold bezahlt. Also rodeten unsere Vorfahren den Karst und verwandeln ihn durch harte Arbeit in fruchtbare Weinberge.<\/p><\/div><\/div><div class='clear_column'><\/div><div class='content-column one_half'><div style=\"padding-right:6px;\"><p>S rastom profita po\u010dinje i gradnja ve\u0107ih ku\u0107a i katnica s konobama, gustirnama i kamenim turnima (prese za gro\u017e\u0111e). U naselju ima dosta ve\u0107ih prizemnica i \u010detri katnice koje su u vlasni\u0161tvu Plenkovi\u0107a i Vrankovi\u0107a. Sve ku\u0107e arhitektonski su skladne i estetski oblikovane. Grupirane su po prezimenima, svaka obitelj imala je svoj sklop ku\u0107a i popratnih sadr\u017eaja (kuhinja, pe\u0107 za kruh, male ku\u0107ice za stoku, gustirne i konobe), a opet su bili blizu jedni drugima za ispomo\u0107 i sigurnost. Od svih ku\u0107a posebno se izdvaja ku\u0107a Vrankovi\u0107a kao prekrasan primjer pu\u010dkog graditeljstva.<\/p><\/div><\/div><div class='content-column one_half last_column'><div style=\"padding-right:0px;padding-left:6px;\"><p>Mit zunehmenden Wohlstand begann der Bau gr\u00f6\u00dferer H\u00e4user und H\u00e4user mit Tavernen, Gastst\u00e4tten und steinernen Weinpressen. In der Siedlung stehen bald mehrere gr\u00f6\u00dfere einst\u00f6ckige H\u00e4user und vier H\u00e4user der Plenkovi\u0107 und Vrankovi\u0107. Alle H\u00e4user sind architektonisch harmonisch und \u00e4sthetisch gestaltet. Nach Familiennamen gruppiert, hatte jede Familie ihre eigenen H\u00e4user und Nebeneinrichtungen (K\u00fcche, Brotofen, kleine Viehst\u00e4lle, Zisternen und Tavernen). Aus Gr\u00fcnden der Sicherheit und Nachbarschaftshilfe standen sie nahe beieinander. Von allen H\u00e4usern ist das Haus des Vrankovi\u0107 ein wunderbares Beispiel f\u00fcr Volksarchitektur.<\/p><\/div><\/div><div class='clear_column'><\/div><div class='content-column one_half'><div style=\"padding-right:6px;\"><p>Borovik u Drugom svjetskom ratu, zbog svoje izoliranosti, pru\u017ea skloni\u0161te partizanima, a oni na pojedinim ku\u0107ama pi\u0161u svoje parole. Prije pada Italije 1943. g. do Borovika sti\u017ee i talijanska \u201ekaznena ekspedicija\u201c koja je prethodno zapalila Vrbanj i oba Dola, a u Boroviku pali ku\u0107e s partizanskim parolama. Ku\u0107e se vi\u0161e nikad nisu obnovile.<\/p><\/div><\/div><div class='content-column one_half last_column'><div style=\"padding-right:0px;padding-left:6px;\"><p>Im Zweiten Weltkrieg bietet Borovik den Partisanen aufgrund seiner isolierten Lage Schutz und sie schreiben ihre Slogans auf einzelne H\u00e4user. Vor dem Fall Italiens im Jahr 1943 traf in Borovik eine italienische Strafexpedition ein, die zuvor Vrbanj und Dol in Brand gesteckt hatte, und auch in Borovik die H\u00e4user mit den Partisanenslogans niederbrannte. Die H\u00e4user wurden nie wieder aufgebaut.<\/p><\/div><\/div><div class='clear_column'><\/div><div class='content-column one_half'><div style=\"padding-right:6px;\"><p>Dolaskom lavande na Hvar, pedesetih godina 20 stolje\u0107a, biv\u0161i vinogradarski tereni postaju plava i mirisna polja lavande iz kojih se u po\u010detku ostvarivala pristojna materijalna dobit. Krajem sedamdesetih godina pro\u0161log stolje\u0107a pada cijena lavandinog ulja te tada stvarno prestaje svaki interes za posjede u Boroviku i njega polako, ali \u010dvrsto obavija dra\u010da.<\/p><\/div><\/div><div class='content-column one_half last_column'><div style=\"padding-right:0px;padding-left:6px;\"><p>Mit dem Beginn des Lavendelanbaues auf der Insel Hvar in den 1950er Jahren wurden die ehemaligen Weinberge zu blauen und duftenden Lavendelfeldern, aus denen zun\u00e4chst gute materielle Gewinne erzielt wurden. Ende der 1970er Jahre fiel der Preis f\u00fcr Lavendel\u00f6l und dann h\u00f6rte jegliches Interesse an den Grundst\u00fccken in Borovik auf und sie verschwanden langsam im Gestr\u00fcpp.<\/p><\/div><\/div><div class='clear_column'><\/div><\/p>\n<p style=\"text-align: center;\"><em>(Tartajun br. 9)<\/em><\/p>\n<p style=\"text-align: right;\"><a href=\"#seite_oben\">natrag na vrh \/ Seitenanfang<\/a><\/p>\n<hr \/>\n<p><strong>Linkovi \/ Links<\/strong><\/p>\n<p><span style=\"color: #3366ff;\"><a style=\"color: #3366ff;\" href=\"http:\/\/www.tartajun.hr\/tartajun-9-broj\/\">Mehr \u00fcber Borovik \/ Vi\u0161e o Boroviku (Tartajun br. 9)<\/a><\/span><br \/>\n<span style=\"color: #3366ff;\"><a style=\"color: #3366ff;\" href=\"https:\/\/www.topohvar.at\/topo\/orte\/do\/do-tg-05-1\">Ku\u0107a\/ Haus Vrankovi\u0107<\/a><\/span><\/p>\n<p><strong>Code:\u00a0<\/strong>DO-TG-05<\/p>\n","protected":false},"excerpt":{"rendered":"<p>Ime \/ Name Biv\u0161i zaseo \u00bbBorovik\u00ab \/ ehemaliger Weiler \u00bbBorovik\u00ab Code: DO-AA-04\u00a0 \u00a0 \u00a0 \u00a0 \u00a0 \u00a0 \u00a0\u00a0 Adresa \/ Adresse Dol, Borovik Lokacija \/ Position Latitude: N 43,15779\u00b0\u00a0 \u00a0Longitude: E 16,60086\u00b0 Visina \/ H\u00f6he: 345 m Katastarska \u010destica \/ &hellip; <a href=\"https:\/\/www.topohvar.at\/topo\/orte\/do\/do-aa-04-2\/\">Weiterlesen <span class=\"meta-nav\">&rarr;<\/span><\/a><\/p>\n","protected":false},"author":1,"featured_media":0,"parent":68,"menu_order":0,"comment_status":"closed","ping_status":"closed","template":"","meta":{"footnotes":""},"class_list":["post-1438","page","type-page","status-publish","hentry"],"_links":{"self":[{"href":"https:\/\/www.topohvar.at\/topo\/wp-json\/wp\/v2\/pages\/1438","targetHints":{"allow":["GET"]}}],"collection":[{"href":"https:\/\/www.topohvar.at\/topo\/wp-json\/wp\/v2\/pages"}],"about":[{"href":"https:\/\/www.topohvar.at\/topo\/wp-json\/wp\/v2\/types\/page"}],"author":[{"embeddable":true,"href":"https:\/\/www.topohvar.at\/topo\/wp-json\/wp\/v2\/users\/1"}],"replies":[{"embeddable":true,"href":"https:\/\/www.topohvar.at\/topo\/wp-json\/wp\/v2\/comments?post=1438"}],"version-history":[{"count":16,"href":"https:\/\/www.topohvar.at\/topo\/wp-json\/wp\/v2\/pages\/1438\/revisions"}],"predecessor-version":[{"id":51494,"href":"https:\/\/www.topohvar.at\/topo\/wp-json\/wp\/v2\/pages\/1438\/revisions\/51494"}],"up":[{"embeddable":true,"href":"https:\/\/www.topohvar.at\/topo\/wp-json\/wp\/v2\/pages\/68"}],"wp:attachment":[{"href":"https:\/\/www.topohvar.at\/topo\/wp-json\/wp\/v2\/media?parent=1438"}],"curies":[{"name":"wp","href":"https:\/\/api.w.org\/{rel}","templated":true}]}}