{"id":14396,"date":"2018-12-30T11:10:02","date_gmt":"2018-12-30T10:10:02","guid":{"rendered":"https:\/\/www.topohvar.at\/?page_id=14396"},"modified":"2021-11-12T15:57:58","modified_gmt":"2021-11-12T14:57:58","slug":"hv-in-03-1","status":"publish","type":"page","link":"https:\/\/www.topohvar.at\/topo\/orte\/hv\/hv-in-03-1\/","title":{"rendered":"HVAR &#8211; Natpis \u00bbANNO SECVNDO PACIS MDCXII\u00ab"},"content":{"rendered":"<p><a name=\"seite_oben\"><\/a><br \/>\n<img loading=\"lazy\" decoding=\"async\" class=\"alignnone wp-image-14373 size-large\" src=\"https:\/\/www.topohvar.at\/wp-content\/uploads\/2018\/12\/HV-IN-03-1-1024x503.jpg\" alt=\"\" width=\"640\" height=\"314\" srcset=\"https:\/\/www.topohvar.at\/wp-content\/uploads\/2018\/12\/HV-IN-03-1-1024x503.jpg 1024w, https:\/\/www.topohvar.at\/wp-content\/uploads\/2018\/12\/HV-IN-03-1-300x147.jpg 300w, https:\/\/www.topohvar.at\/wp-content\/uploads\/2018\/12\/HV-IN-03-1-768x377.jpg 768w, https:\/\/www.topohvar.at\/wp-content\/uploads\/2018\/12\/HV-IN-03-1.jpg 1080w\" sizes=\"auto, (max-width: 640px) 100vw, 640px\" \/><\/p>\n<p><strong>Ime \/ Name<br \/>\n<\/strong>Natpis \u00bbANNO SECVNDO PACIS MDCXII\u00ab \/ Inschrift &#8211; Zweites Feriedensjahr<\/p>\n<p><strong>Code: <\/strong>HV-IN-03\u00a0 \u00a0 \u00a0 \u00a0 \u00a0 \u00a0 \u00a0 \u00a0 \u00a0 \u00a0 \u00a0 \u00a0 \u00a0 \u00a0 \u00a0 \u00a0 \u00a0 \u00a0 \u00a0<strong><a href=\"https:\/\/www.topohvar.at\/orte\/hv\/hv-in-06-1\/\"><img loading=\"lazy\" decoding=\"async\" class=\"alignnone wp-image-533 size-full\" src=\"https:\/\/www.topohvar.at\/wp-content\/uploads\/2018\/07\/push-l-30.jpg\" alt=\"\" width=\"61\" height=\"30\" \/><\/a> <a href=\"https:\/\/www.topohvar.at\/orte\/hv\/\"><img loading=\"lazy\" decoding=\"async\" class=\"alignnone wp-image-535 size-full\" src=\"https:\/\/www.topohvar.at\/wp-content\/uploads\/2018\/07\/push-o-30.jpg\" alt=\"\" width=\"61\" height=\"30\" \/><\/a> <a href=\"https:\/\/www.topohvar.at\/orte\/hv\/hv-in-11-1\/\"><img loading=\"lazy\" decoding=\"async\" class=\"alignnone wp-image-536 size-full\" src=\"https:\/\/www.topohvar.at\/wp-content\/uploads\/2018\/07\/push-r-30.jpg\" alt=\"\" width=\"61\" height=\"30\" \/><\/a>\u00a0<\/strong><\/p>\n<hr \/>\n<p><strong>Adresa \/ Adresse<br \/>\n<\/strong>Grad Hvar,\u00a0Trg sv. Stjepana 43-44 \/ Obala Riva 1, Arsenal<\/p>\n<p><strong>Lokacija<\/strong><strong> \/ Position<a href=\"https:\/\/goo.gl\/maps\/2Q2eA1SzejkAWKVq7\"><img loading=\"lazy\" decoding=\"async\" class=\"alignright wp-image-15964\" src=\"https:\/\/www.topohvar.at\/wp-content\/uploads\/2019\/01\/1200.jpg\" alt=\"\" width=\"134\" height=\"100\" \/><\/a><br \/>\n<\/strong><span style=\"color: #3366ff;\"><a style=\"color: #3366ff;\" href=\"https:\/\/goo.gl\/maps\/2Q2eA1SzejkAWKVq7\">Latitude: N 43,17212\u00b0\u00a0 \u00a0Longitude: E 16,44175\u00b0<\/a> <\/span><strong><br \/>\n<\/strong>Visina \/ H\u00f6he: 1 m<\/p>\n<p><strong>Katastarska \u010destica<\/strong><strong> \/ Grundst\u00fccke<br \/>\n<\/strong>*204, *205<div class='content-column one_half'><div style=\"padding-right:6px;\"><p><strong>Datum snimanja \/ Erfassungsdatum<br \/>\n<\/strong>18.02.2015 15:47:52<\/p>\n<hr \/>\n<p><strong>Informacije<\/strong><\/p>\n<p>Iznad ulaza u kazali\u0161te na drugom katu zgrade Arsenala nalazi se natpis koji obilje\u017eava druga je godina mira izme\u0111u sukobljenih stale\u017ea hvarske komune:<\/p><\/div><\/div><div class='content-column one_half last_column'><div style=\"padding-right:0px;padding-left:6px;\"><p><strong>Stupanj za\u0161tite<\/strong><strong> \/ Schutzstellung<br \/>\n<\/strong>&#8211;<\/p>\n<hr \/>\n<p><strong>Info<\/strong><\/p>\n<p>\u00dcber dem Theatereingang im zweiten Stock des Arsenals befindet sich eine Inschrift die an das zweite Jahr des Friedens zwischen den Klassenk\u00e4mpfen in der Gemeinde Hvar erinnert:<\/p><\/div><\/div><div class='clear_column'><\/div><\/p>\n<p style=\"text-align: center;\">ANNO SECVNDO PACIS MDCXII<\/p>\n<p style=\"text-align: left;\"><div class='content-column one_half'><div style=\"padding-right:6px;\"><p style=\"text-align: left;\">(= Drugu godinu mira 1612)<\/p>\n<p>Mleta\u010dki namjesnik, knez Petar Semitecolo, koji je u Hvaru slu\u017ebovao izme\u0111u 1611. i1613.g., sanirao je Arsenal i druge objekte koji su tih godina bili uni\u0161teni.<\/p><\/div><\/div><div class='content-column one_half last_column'><div style=\"padding-right:0px;padding-left:6px;\"><p style=\"text-align: left;\">(= Zweites Friedensjahr 1612)<\/p>\n<p>Der venezianische Gouverneur, F\u00fcrst Petar Semitecolo, der in Hvar zwischen 1611 und 1613 wirkte, erneuerte das Arsenal und andere Geb\u00e4ude, die in diesen Jahren zerst\u00f6rt wurden.<\/p><\/div><\/div><div class='clear_column'><\/div><\/p>\n<p style=\"text-align: right;\"><span style=\"color: #3366ff;\"><a style=\"color: #3366ff;\" href=\"#seite_oben\">natrag na vrh \/ Seitenanfang<\/a><\/span><\/p>\n<hr \/>\n<p><strong>Linkovi \/ Links<\/strong><\/p>\n<p><span style=\"color: #3366ff;\"><a style=\"color: #3366ff;\" href=\"https:\/\/www.topohvar.at\/orte\/hv\/hv-in-06-1\/\">Natpis \u00bbANNO PACIS PRIMO MDCXI\u00ab \/ Inschrift &#8211; Erstes Friedensjahr 1611<\/a><br \/>\n<a style=\"color: #3366ff;\" href=\"https:\/\/www.topohvar.at\/orte\/hv\/hv-tg-04-1\/\">Zgrada \/ Geb\u00e4ude \u00bbArsenal\u00ab<\/a><\/span><br \/>\n<span style=\"color: #3366ff;\"><a style=\"color: #3366ff;\" href=\"https:\/\/www.topohvar.at\/orte\/hv\/hv-tg-05-1\/\">Kazali\u0161ta \/ Theater<\/a><\/span><br \/>\n<span style=\"color: #3366ff;\"><a style=\"color: #3366ff;\" href=\"https:\/\/www.topohvar.at\/orte\/hv\/hv-ir-21-1\/\">Reljef \u00bbLav na isto\u010dnom pro\u010delju Arsenala\u00ab \/ Relief &#8211; L\u00f6we an der Ostfassade des Arsenals<\/a><\/span><br \/>\n<span style=\"color: #3366ff;\"><a style=\"color: #3366ff;\" href=\"https:\/\/www.topohvar.at\/orte\/hv\/hv-is-10-1\/\">Spomen plo\u010da \u00bbKonferencija kulturnih radnika Dalmacije\u00ab \/ Gedenktafe &#8211;\u00a0Konferenz der Kulturschaffenden Dalmatiens<\/a><\/span><br \/>\n<span style=\"color: #3366ff;\"><a style=\"color: #3366ff;\" href=\"https:\/\/www.topohvar.at\/orte\/hv\/hv-is-11-1\/\">Spomen plo\u010da \u00bbPrve konferencije Narodnog fronta Hrvatske za Dalmaciju\u00ab \/ Gedenktafel &#8211; Erste Konferenz der Hvarer Volksfront in Dalmatien<\/a><\/span><br \/>\n<span style=\"color: #3366ff;\"><a style=\"color: #3366ff;\" href=\"https:\/\/www.topohvar.at\/orte\/hv\/hv-is-27-1\/\">Spomen plo\u010da \u00bbDesetogodi\u0161njice oslobo\u0111enja od talijanskog okupatora\u00ab \/ Gedenktafel &#8211; 10. Jahrestag der Befreiung aus der italienischen Besatzung<\/a><\/span><br \/>\n<span style=\"color: #3366ff;\"><a style=\"color: #3366ff;\" href=\"https:\/\/www.topohvar.at\/orte\/hv\/hv-ob-08-1\/\">Objekt \u00bbKamena geodetska osnaka na Fontiku\u00ab \/ Geod\u00e4tische Basis am Fontik<\/a><\/span><\/p>\n<p>&nbsp;<\/p>\n","protected":false},"excerpt":{"rendered":"<p>Ime \/ Name Natpis \u00bbANNO SECVNDO PACIS MDCXII\u00ab \/ Inschrift &#8211; Zweites Feriedensjahr Code: HV-IN-03\u00a0 \u00a0 \u00a0 \u00a0 \u00a0 \u00a0 \u00a0 \u00a0 \u00a0 \u00a0 \u00a0 \u00a0 \u00a0 \u00a0 \u00a0 \u00a0 \u00a0 \u00a0 \u00a0 \u00a0 Adresa \/ Adresse Grad Hvar,\u00a0Trg sv. &hellip; <a href=\"https:\/\/www.topohvar.at\/topo\/orte\/hv\/hv-in-03-1\/\">Weiterlesen <span class=\"meta-nav\">&rarr;<\/span><\/a><\/p>\n","protected":false},"author":1,"featured_media":0,"parent":80,"menu_order":0,"comment_status":"closed","ping_status":"closed","template":"","meta":{"footnotes":""},"class_list":["post-14396","page","type-page","status-publish","hentry"],"_links":{"self":[{"href":"https:\/\/www.topohvar.at\/topo\/wp-json\/wp\/v2\/pages\/14396","targetHints":{"allow":["GET"]}}],"collection":[{"href":"https:\/\/www.topohvar.at\/topo\/wp-json\/wp\/v2\/pages"}],"about":[{"href":"https:\/\/www.topohvar.at\/topo\/wp-json\/wp\/v2\/types\/page"}],"author":[{"embeddable":true,"href":"https:\/\/www.topohvar.at\/topo\/wp-json\/wp\/v2\/users\/1"}],"replies":[{"embeddable":true,"href":"https:\/\/www.topohvar.at\/topo\/wp-json\/wp\/v2\/comments?post=14396"}],"version-history":[{"count":13,"href":"https:\/\/www.topohvar.at\/topo\/wp-json\/wp\/v2\/pages\/14396\/revisions"}],"predecessor-version":[{"id":53459,"href":"https:\/\/www.topohvar.at\/topo\/wp-json\/wp\/v2\/pages\/14396\/revisions\/53459"}],"up":[{"embeddable":true,"href":"https:\/\/www.topohvar.at\/topo\/wp-json\/wp\/v2\/pages\/80"}],"wp:attachment":[{"href":"https:\/\/www.topohvar.at\/topo\/wp-json\/wp\/v2\/media?parent=14396"}],"curies":[{"name":"wp","href":"https:\/\/api.w.org\/{rel}","templated":true}]}}