{"id":14496,"date":"2018-12-30T19:35:24","date_gmt":"2018-12-30T18:35:24","guid":{"rendered":"https:\/\/www.topohvar.at\/?page_id=14496"},"modified":"2021-11-12T16:30:27","modified_gmt":"2021-11-12T15:30:27","slug":"hv-is-05-1","status":"publish","type":"page","link":"https:\/\/www.topohvar.at\/topo\/orte\/hv\/hv-is-05-1\/","title":{"rendered":"HVAR &#8211; Spomen plo\u010da \u00bbMarini Gaballi\u00ab"},"content":{"rendered":"<p><a name=\"seite_oben\"><\/a><br \/>\n<img loading=\"lazy\" decoding=\"async\" class=\"alignnone wp-image-14447 size-large\" src=\"https:\/\/www.topohvar.at\/wp-content\/uploads\/2018\/12\/HV-IS-05-1-1024x503.jpg\" alt=\"\" width=\"640\" height=\"314\" srcset=\"https:\/\/www.topohvar.at\/wp-content\/uploads\/2018\/12\/HV-IS-05-1-1024x503.jpg 1024w, https:\/\/www.topohvar.at\/wp-content\/uploads\/2018\/12\/HV-IS-05-1-300x147.jpg 300w, https:\/\/www.topohvar.at\/wp-content\/uploads\/2018\/12\/HV-IS-05-1-768x377.jpg 768w, https:\/\/www.topohvar.at\/wp-content\/uploads\/2018\/12\/HV-IS-05-1.jpg 1080w\" sizes=\"auto, (max-width: 640px) 100vw, 640px\" \/><\/p>\n<p><strong>Ime \/ Name<br \/>\n<\/strong>Spomen plo\u010da \/ Gedenktafel \u00bbMarini Gaballi\u00ab<\/p>\n<p><strong>Code: <\/strong>HV-IS-05\u00a0 \u00a0 \u00a0 \u00a0 \u00a0 \u00a0 \u00a0 \u00a0 \u00a0 \u00a0 \u00a0 \u00a0 \u00a0 \u00a0 \u00a0 \u00a0 \u00a0 \u00a0\u00a0<a href=\"https:\/\/www.topohvar.at\/hv-ip-08-1\/\"><img loading=\"lazy\" decoding=\"async\" class=\"alignnone wp-image-12300 size-full\" src=\"https:\/\/www.topohvar.at\/wp-content\/uploads\/2018\/09\/push-vor-30.jpg\" alt=\"\" width=\"61\" height=\"30\" \/><\/a>\u00a0<strong><a href=\"https:\/\/www.topohvar.at\/orte\/hv\/hv-is-04-1\/\"><img loading=\"lazy\" decoding=\"async\" class=\"alignnone wp-image-533 size-full\" src=\"https:\/\/www.topohvar.at\/wp-content\/uploads\/2018\/07\/push-l-30.jpg\" alt=\"\" width=\"61\" height=\"30\" \/><\/a> <a href=\"https:\/\/www.topohvar.at\/orte\/hv\/\"><img loading=\"lazy\" decoding=\"async\" class=\"alignnone wp-image-535 size-full\" src=\"https:\/\/www.topohvar.at\/wp-content\/uploads\/2018\/07\/push-o-30.jpg\" alt=\"\" width=\"61\" height=\"30\" \/><\/a> <a href=\"https:\/\/www.topohvar.at\/orte\/hv\/hv-is-31-1\/\"><img loading=\"lazy\" decoding=\"async\" class=\"alignnone wp-image-536 size-full\" src=\"https:\/\/www.topohvar.at\/wp-content\/uploads\/2018\/07\/push-r-30.jpg\" alt=\"\" width=\"61\" height=\"30\" \/><\/a>\u00a0<a href=\"https:\/\/www.topohvar.at\/hv-ip-08-1\/\"><img loading=\"lazy\" decoding=\"async\" class=\"alignnone wp-image-12299 size-full\" src=\"https:\/\/www.topohvar.at\/wp-content\/uploads\/2018\/09\/push-next-30.jpg\" alt=\"\" width=\"61\" height=\"30\" \/><\/a><\/strong><\/p>\n<hr \/>\n<p><strong>Adresa \/ Adresse<br \/>\n<\/strong>Grad Hvar,\u00a0\u0160etali\u0161te put Kri\u017ea 15<\/p>\n<p><strong>Lokacija<\/strong><strong> \/ Position<a href=\"https:\/\/goo.gl\/maps\/rCDvncujAC93ZtDo7\"><img loading=\"lazy\" decoding=\"async\" class=\"alignright wp-image-16102\" src=\"https:\/\/www.topohvar.at\/wp-content\/uploads\/2019\/01\/0278.jpg\" alt=\"\" width=\"134\" height=\"100\" \/><\/a><br \/>\n<\/strong><span style=\"color: #3366ff;\"><a style=\"color: #3366ff;\" href=\"https:\/\/goo.gl\/maps\/rCDvncujAC93ZtDo7\">Latitude: N 43,16869\u00b0\u00a0 \u00a0Longitude: E 16,44349\u00b0<\/a> <\/span><strong><br \/>\n<\/strong>Visina \/ H\u00f6he: 3 m<\/p>\n<p><strong>Katastarska \u010destica<\/strong><strong> \/ Grundst\u00fccke<br \/>\n<\/strong>3902<div class='content-column one_half'><div style=\"padding-right:6px;\"><p><strong>Datum snimanja \/ Erfassungsdatum<br \/>\n<\/strong>28.10.2014 09:28:48<\/p>\n<hr \/>\n<p style=\"text-align: left;\"><strong>Informacije<\/strong><\/p>\n<p style=\"text-align: left;\">Spomen-plo\u010da na zidu nekada\u0161njeg pomorskog groblja:<\/p><\/div><\/div><div class='content-column one_half last_column'><div style=\"padding-right:0px;padding-left:6px;\"><p><strong>Stupanj za\u0161tite<\/strong><strong> \/ Schutzstellung<br \/>\n<\/strong>&#8211;<\/p>\n<hr \/>\n<p style=\"text-align: left;\"><strong>Info<\/strong><\/p>\n<p style=\"text-align: left;\">Inschrift an der Mauer zum ehemaligen Marinefriedhof:<\/p><\/div><\/div><div class='clear_column'><\/div><\/p>\n<p style=\"text-align: center;\">D.O.M.<br \/>\nIN AMBITU LAPIDEM QVO CAEMETERIM<br \/>\nFR. MINR. DEOBSERA APETATE ILLATO\u00a0EXC<br \/>\nD.D. MARINI CABALLI ADRIATICAE ORAE<br \/>\nPRAEFECTI SPLJNDIDE EST OBSEPTVM.<br \/>\n~ DISTICHON CRONOGRAPICVM ~<br \/>\nHIC NOVA DEFVNCTIS CONSTRVXITA SYLA<br \/>\nCABALLVS<br \/>\nQVO SOVEDECENS VIVOS QVA PIETATE<br \/>\nIVIVAT<\/p>\n<p style=\"text-align: left;\"><div class='content-column one_half'><div style=\"padding-right:6px;\"><p style=\"text-align: left;\">(= D.O.M. (<strong>D<\/strong>eo\u00a0<strong>O<\/strong>ptimo\u00a0<strong>M<\/strong>aximo = najboljem i najve\u0107em Bogu) Na nadgrobnom spomeniku groblja fra Minr. neopa\u017eena otvorena donijela je izvrsnost D.D. Marinus Gaballus, izvanredan ardijanski jezero, ovjekovje\u010den. ~ Distichon cronograpicum ~ Tu novu strukturu dovr\u0161ila je syla Gaballus, koja je \u017eivjela u pobo\u017enosti. (?)<\/p>\n<p style=\"text-align: left;\"><\/div><\/div><div class='content-column one_half last_column'><div style=\"padding-right:0px;padding-left:6px;\"><p>(= D.O.M. (<strong>D<\/strong>eo\u00a0<strong>O<\/strong>ptimo\u00a0<strong>M<\/strong>aximo = Gott ist der beste und gr\u00f6\u00dfte) Am Grabstein dieses Friedhofs wurde Fr. Minr. unbeobachtet ge\u00f6ffnet gebracht Exzellenz D.D. Marinus Gaballus, herausragender ardiatischer Seepr\u00e4fekt, verewigt. ~ Distichon cronograpicum ~ Dieses neue Bauwerk wurde durch syla Gaballus fertig gestellt, der in Fr\u00f6mmigkeit lebte. (?)<\/p><\/div><\/div><div class='clear_column'><\/div><div class='content-column one_half'><div style=\"padding-right:6px;\"><p>Iznad ulaznih vrata nekada\u0161njeg groblja nalazi se druga plo\u010da.<\/p>\n<p style=\"text-align: left;\"><\/div><\/div><div class='content-column one_half last_column'><div style=\"padding-right:0px;padding-left:6px;\"><p>\u00dcber dem Eingangstor zur ehemaligen Friedhof befindet sich eine weitere Gedenktafel.<\/p><\/div><\/div><div class='clear_column'><\/div><\/p>\n<p style=\"text-align: right;\"><span style=\"color: #3366ff;\"><a style=\"color: #3366ff;\" href=\"#seite_oben\">natrag na vrh \/ Seitenanfang<\/a><\/span><\/p>\n<hr \/>\n<p><strong>Linkovi \/ Links<\/strong><\/p>\n<p><span style=\"color: #3366ff;\"><a style=\"color: #3366ff;\" href=\"https:\/\/www.topohvar.at\/orte\/hv\/hv-og-03-1\/\">Biv\u0161i mornari\u010dko groblje \/ ehemaliger Marinefriedhof<\/a><\/span><br \/>\n<span style=\"color: #3366ff;\"><a style=\"color: #3366ff;\" href=\"https:\/\/www.topohvar.at\/orte\/hv\/hv-is-04-1\/\">Spomen plo\u010da \/ Gedenktafel \u00bbMarinus Gaballus<\/a>\u00ab<\/span><\/p>\n","protected":false},"excerpt":{"rendered":"<p>Ime \/ Name Spomen plo\u010da \/ Gedenktafel \u00bbMarini Gaballi\u00ab Code: HV-IS-05\u00a0 \u00a0 \u00a0 \u00a0 \u00a0 \u00a0 \u00a0 \u00a0 \u00a0 \u00a0 \u00a0 \u00a0 \u00a0 \u00a0 \u00a0 \u00a0 \u00a0 \u00a0\u00a0\u00a0 \u00a0 Adresa \/ Adresse Grad Hvar,\u00a0\u0160etali\u0161te put Kri\u017ea 15 Lokacija \/ Position &hellip; <a href=\"https:\/\/www.topohvar.at\/topo\/orte\/hv\/hv-is-05-1\/\">Weiterlesen <span class=\"meta-nav\">&rarr;<\/span><\/a><\/p>\n","protected":false},"author":1,"featured_media":0,"parent":80,"menu_order":0,"comment_status":"closed","ping_status":"closed","template":"","meta":{"footnotes":""},"class_list":["post-14496","page","type-page","status-publish","hentry"],"_links":{"self":[{"href":"https:\/\/www.topohvar.at\/topo\/wp-json\/wp\/v2\/pages\/14496","targetHints":{"allow":["GET"]}}],"collection":[{"href":"https:\/\/www.topohvar.at\/topo\/wp-json\/wp\/v2\/pages"}],"about":[{"href":"https:\/\/www.topohvar.at\/topo\/wp-json\/wp\/v2\/types\/page"}],"author":[{"embeddable":true,"href":"https:\/\/www.topohvar.at\/topo\/wp-json\/wp\/v2\/users\/1"}],"replies":[{"embeddable":true,"href":"https:\/\/www.topohvar.at\/topo\/wp-json\/wp\/v2\/comments?post=14496"}],"version-history":[{"count":25,"href":"https:\/\/www.topohvar.at\/topo\/wp-json\/wp\/v2\/pages\/14496\/revisions"}],"predecessor-version":[{"id":53491,"href":"https:\/\/www.topohvar.at\/topo\/wp-json\/wp\/v2\/pages\/14496\/revisions\/53491"}],"up":[{"embeddable":true,"href":"https:\/\/www.topohvar.at\/topo\/wp-json\/wp\/v2\/pages\/80"}],"wp:attachment":[{"href":"https:\/\/www.topohvar.at\/topo\/wp-json\/wp\/v2\/media?parent=14496"}],"curies":[{"name":"wp","href":"https:\/\/api.w.org\/{rel}","templated":true}]}}