{"id":14498,"date":"2018-12-30T19:37:14","date_gmt":"2018-12-30T18:37:14","guid":{"rendered":"https:\/\/www.topohvar.at\/?page_id=14498"},"modified":"2021-11-12T16:33:15","modified_gmt":"2021-11-12T15:33:15","slug":"hv-is-35-1","status":"publish","type":"page","link":"https:\/\/www.topohvar.at\/topo\/orte\/hv\/hv-is-35-1\/","title":{"rendered":"HVAR &#8211; Spomen plo\u010da \u00bbPlo\u010da nad vratima zvonika\u00ab"},"content":{"rendered":"<p><a name=\"seite_oben\"><\/a><br \/>\n<img loading=\"lazy\" decoding=\"async\" class=\"aligncenter wp-image-24017 size-large\" src=\"https:\/\/www.topohvar.at\/wp-content\/uploads\/2019\/08\/hv-is-35-1-1024x503.jpg\" alt=\"\" width=\"640\" height=\"314\" srcset=\"https:\/\/www.topohvar.at\/wp-content\/uploads\/2019\/08\/hv-is-35-1-1024x503.jpg 1024w, https:\/\/www.topohvar.at\/wp-content\/uploads\/2019\/08\/hv-is-35-1-300x147.jpg 300w, https:\/\/www.topohvar.at\/wp-content\/uploads\/2019\/08\/hv-is-35-1-768x377.jpg 768w, https:\/\/www.topohvar.at\/wp-content\/uploads\/2019\/08\/hv-is-35-1.jpg 1080w\" sizes=\"auto, (max-width: 640px) 100vw, 640px\" \/><\/p>\n<p><strong>Ime \/ Name<br \/>\n<\/strong>Spomen plo\u010da \u00bbPlo\u010da nad vratima zvonika\u00ab \/ Gedenktafel oberhalb der T\u00fcre zum Glockenturm<\/p>\n<p><strong>Code: <\/strong>HV-IS-35\u00a0 \u00a0 \u00a0 \u00a0 \u00a0 \u00a0 \u00a0 \u00a0 \u00a0 \u00a0 \u00a0 \u00a0 \u00a0 \u00a0 \u00a0 \u00a0 \u00a0 \u00a0\u00a0<a href=\"https:\/\/www.topohvar.at\/hv-ip-08-1\/\"><img loading=\"lazy\" decoding=\"async\" class=\"alignnone wp-image-12300 size-full\" src=\"https:\/\/www.topohvar.at\/wp-content\/uploads\/2018\/09\/push-vor-30.jpg\" alt=\"\" width=\"61\" height=\"30\" \/><\/a>\u00a0<strong><a href=\"https:\/\/www.topohvar.at\/orte\/hv\/hv-is-03-1\/\"><img loading=\"lazy\" decoding=\"async\" class=\"alignnone wp-image-533 size-full\" src=\"https:\/\/www.topohvar.at\/wp-content\/uploads\/2018\/07\/push-l-30.jpg\" alt=\"\" width=\"61\" height=\"30\" \/><\/a> <a href=\"https:\/\/www.topohvar.at\/orte\/hv\/\"><img loading=\"lazy\" decoding=\"async\" class=\"alignnone wp-image-535 size-full\" src=\"https:\/\/www.topohvar.at\/wp-content\/uploads\/2018\/07\/push-o-30.jpg\" alt=\"\" width=\"61\" height=\"30\" \/><\/a> <a href=\"https:\/\/www.topohvar.at\/orte\/hv\/hv-is-28-1\/\"><img loading=\"lazy\" decoding=\"async\" class=\"alignnone wp-image-536 size-full\" src=\"https:\/\/www.topohvar.at\/wp-content\/uploads\/2018\/07\/push-r-30.jpg\" alt=\"\" width=\"61\" height=\"30\" \/><\/a>\u00a0<a href=\"https:\/\/www.topohvar.at\/hv-ip-08-1\/\"><img loading=\"lazy\" decoding=\"async\" class=\"alignnone wp-image-12299 size-full\" src=\"https:\/\/www.topohvar.at\/wp-content\/uploads\/2018\/09\/push-next-30.jpg\" alt=\"\" width=\"61\" height=\"30\" \/><\/a><\/strong><\/p>\n<hr \/>\n<p><strong>Adresa \/ Adresse<br \/>\n<\/strong>Grad Hvar,\u00a0\u0160etali\u0161te put Kri\u017ea 15, crkva sv. Marije<\/p>\n<p><strong>Lokacija<\/strong><strong> \/ Position<a href=\"https:\/\/goo.gl\/maps\/um8kNDYvp3bwZeBE8\"><img loading=\"lazy\" decoding=\"async\" class=\"alignright wp-image-15646\" src=\"https:\/\/www.topohvar.at\/wp-content\/uploads\/2019\/01\/1007.jpg\" alt=\"\" width=\"134\" height=\"100\" \/><\/a><br \/>\n<\/strong><span style=\"color: #3366ff;\"><a style=\"color: #3366ff;\" href=\"https:\/\/goo.gl\/maps\/um8kNDYvp3bwZeBE8\">Latitude: N 43,16835\u00b0\u00a0 \u00a0Longitude: E 16,44312\u00b0<\/a> <\/span><strong><br \/>\n<\/strong>Visina \/ H\u00f6he: 7 m<\/p>\n<p><strong>Katastarska \u010destica<\/strong><strong> \/ Grundst\u00fccke<br \/>\n<\/strong>*486<div class='content-column one_half'><div style=\"padding-right:6px;\"><p><strong>Datum snimanja \/ Erfassungsdatum<br \/>\n<\/strong>01.01.2000 00:00:00<\/p>\n<hr \/>\n<p><strong>Informacije<\/strong><\/p>\n<p>Al\u017eirski su gusari (oko 80 la\u0111a) orobili i zapalili grad i samostan. Kamena plo\u010da nad vratima zvonika podsje\u0107a na obnovu samostana nakon ovoga pusto\u0161enja.<\/p><\/div><\/div><div class='content-column one_half last_column'><div style=\"padding-right:0px;padding-left:6px;\"><p><strong>Stupanj za\u0161tite<\/strong><strong> \/ Schutzstellung<br \/>\n<\/strong>&#8211;<\/p>\n<hr \/>\n<p><strong>Info<\/strong><\/p>\n<p>Algerischen Piraten (etwa 80 Schiffe) raubten, pl\u00fcnderten und z\u00fcndeten Stadt und Kloster an. Die Steintafel \u00fcber der T\u00fcr des Glockenturms erinnert an den Wiederaufbau des Klosters nach dieser Verw\u00fcstung.<\/p><\/div><\/div><div class='clear_column'><\/div><\/p>\n<p style=\"text-align: center;\">Natpis: \/ Inschrift:<\/p>\n<p style=\"text-align: center;\">HOC VIRGINIS DELPARAE MARIAE<br \/>\nTEMPLUM POST INCENDIUM AB IM<br \/>\nMANITATE TURCHAR FACTUM A. D.<br \/>\nMDLXXI XVI KLE SEP ELEMOSINIS<br \/>\nCHRISTI FIDELIUM SZ MAGISTRATU<br \/>\nUM NOBILIUM MERCATOR NAUTAR<br \/>\nPAUPER PISCATORO OB MAXIMA BE<br \/>\nNEDICIA EIS COLLATA NUC UNA CU<br \/>\nDOMICILIO RESTAURATUM MANET<br \/>\nMDLXXIIII VI KE NOVB<\/p>\n<div class='content-column one_half'><div style=\"padding-right:6px;\"><p>(= Ova crkva, posve\u0107ena Bla\u017eenoj Djevici Mariji, sada je, nakon po\u017eara okrutnosti Turaka 16. rujna 1571., obnovljena blagoslovljenim darovima dobronamjernih kr\u0161\u0107ana, plemi\u0107kih slu\u017ebenika, trgovaca i siroma\u0161nih ribara, zajedno s ostacima samostana 6. studenog 1574.)<\/p><\/div><\/div><div class='content-column one_half last_column'><div style=\"padding-right:0px;padding-left:6px;\"><p>(= Diese, der Jungfrau Maria geweihte Kirche, wurde jetzt, nach einem Brand der durch die Grausamkeit der T\u00fcrken am 16. September 1571 erfolgte, durch die segensreichen Spenden wohlt\u00e4tiger Christen, edler Beamten, H\u00e4ndler und armer Fischer, gemeinsam mit den \u00dcberresten des Klosters restauriert. 6. November 1574)<\/p><\/div><\/div><div class='clear_column'><\/div><\/p>\n<p style=\"text-align: right;\"><span style=\"color: #3366ff;\"><a style=\"color: #3366ff;\" href=\"#seite_oben\">natrag na vrh \/ Seitenanfang<\/a><\/span><\/p>\n<hr \/>\n<p><strong>Linkovi \/ Links<\/strong><\/p>\n<p><span style=\"color: #3366ff;\"><a style=\"color: #3366ff;\" href=\"https:\/\/www.topohvar.at\/orte\/hv\/hv-ci-06-1\/\">Crkva \u00bbSv. Marije (Gospa od Milosta)\u00ab \/ Kirche zur hl. Maria (der Barmherzigkeit)<\/a><br \/>\n<a style=\"color: #3366ff;\" href=\"https:\/\/www.topohvar.at\/topo\/orte\/hv\/hv-in-14-1\/\">Natpis \u00bbiznad vratima zvonika\u00ab \/ Inschrift \u00fcber der T\u00fcre zum Glockenturm<\/a><\/span><br \/>\n<span style=\"color: #3366ff;\"><a style=\"color: #3366ff;\" href=\"https:\/\/www.topohvar.at\/orte\/hv\/hv-ir-08-1\/\">Reljef\u00a0u luneti portala crkve sv. Marije (Gospa od Milosta) \/ Relief in der L\u00fcnette der Kirche zur hl. Maria (Mutter der Barmherzigkeit)<\/a><\/span><\/p>\n","protected":false},"excerpt":{"rendered":"<p>Ime \/ Name Spomen plo\u010da \u00bbPlo\u010da nad vratima zvonika\u00ab \/ Gedenktafel oberhalb der T\u00fcre zum Glockenturm Code: HV-IS-35\u00a0 \u00a0 \u00a0 \u00a0 \u00a0 \u00a0 \u00a0 \u00a0 \u00a0 \u00a0 \u00a0 \u00a0 \u00a0 \u00a0 \u00a0 \u00a0 \u00a0 \u00a0\u00a0\u00a0 \u00a0 Adresa \/ Adresse Grad &hellip; <a href=\"https:\/\/www.topohvar.at\/topo\/orte\/hv\/hv-is-35-1\/\">Weiterlesen <span class=\"meta-nav\">&rarr;<\/span><\/a><\/p>\n","protected":false},"author":1,"featured_media":0,"parent":80,"menu_order":0,"comment_status":"closed","ping_status":"closed","template":"","meta":{"footnotes":""},"class_list":["post-14498","page","type-page","status-publish","hentry"],"_links":{"self":[{"href":"https:\/\/www.topohvar.at\/topo\/wp-json\/wp\/v2\/pages\/14498","targetHints":{"allow":["GET"]}}],"collection":[{"href":"https:\/\/www.topohvar.at\/topo\/wp-json\/wp\/v2\/pages"}],"about":[{"href":"https:\/\/www.topohvar.at\/topo\/wp-json\/wp\/v2\/types\/page"}],"author":[{"embeddable":true,"href":"https:\/\/www.topohvar.at\/topo\/wp-json\/wp\/v2\/users\/1"}],"replies":[{"embeddable":true,"href":"https:\/\/www.topohvar.at\/topo\/wp-json\/wp\/v2\/comments?post=14498"}],"version-history":[{"count":18,"href":"https:\/\/www.topohvar.at\/topo\/wp-json\/wp\/v2\/pages\/14498\/revisions"}],"predecessor-version":[{"id":53494,"href":"https:\/\/www.topohvar.at\/topo\/wp-json\/wp\/v2\/pages\/14498\/revisions\/53494"}],"up":[{"embeddable":true,"href":"https:\/\/www.topohvar.at\/topo\/wp-json\/wp\/v2\/pages\/80"}],"wp:attachment":[{"href":"https:\/\/www.topohvar.at\/topo\/wp-json\/wp\/v2\/media?parent=14498"}],"curies":[{"name":"wp","href":"https:\/\/api.w.org\/{rel}","templated":true}]}}