{"id":14518,"date":"2018-12-30T19:51:59","date_gmt":"2018-12-30T18:51:59","guid":{"rendered":"https:\/\/www.topohvar.at\/?page_id=14518"},"modified":"2021-11-12T16:46:46","modified_gmt":"2021-11-12T15:46:46","slug":"hv-is-09-1","status":"publish","type":"page","link":"https:\/\/www.topohvar.at\/topo\/orte\/hv\/hv-is-09-1\/","title":{"rendered":"HVAR &#8211; Spomen plo\u010da \u00bbHigijeni\u010dko dru\u0161tvo Hvar\u00ab"},"content":{"rendered":"<p><a name=\"seite_oben\"><\/a><br \/>\n<img loading=\"lazy\" decoding=\"async\" class=\"alignnone wp-image-14451 size-large\" src=\"https:\/\/www.topohvar.at\/wp-content\/uploads\/2018\/12\/HV-IS-09-1-1024x503.jpg\" alt=\"\" width=\"640\" height=\"314\" srcset=\"https:\/\/www.topohvar.at\/wp-content\/uploads\/2018\/12\/HV-IS-09-1-1024x503.jpg 1024w, https:\/\/www.topohvar.at\/wp-content\/uploads\/2018\/12\/HV-IS-09-1-300x147.jpg 300w, https:\/\/www.topohvar.at\/wp-content\/uploads\/2018\/12\/HV-IS-09-1-768x377.jpg 768w, https:\/\/www.topohvar.at\/wp-content\/uploads\/2018\/12\/HV-IS-09-1.jpg 1080w\" sizes=\"auto, (max-width: 640px) 100vw, 640px\" \/><\/p>\n<p><strong>Ime \/ Name<br \/>\n<\/strong>Spomen plo\u010da \u00bbHigijeni\u010dko dru\u0161tvo Hvar\u00ab \/ Gedenktafel &#8211; Hygienischer Verein Hvar<\/p>\n<p><strong>Code: <\/strong>HV-IS-09\u00a0 \u00a0 \u00a0 \u00a0 \u00a0 \u00a0 \u00a0 \u00a0 \u00a0 \u00a0 \u00a0 \u00a0 \u00a0 \u00a0 \u00a0 \u00a0 \u00a0 \u00a0\u00a0<a href=\"https:\/\/www.topohvar.at\/hv-ip-08-1\/\"><img loading=\"lazy\" decoding=\"async\" class=\"alignnone wp-image-12300 size-full\" src=\"https:\/\/www.topohvar.at\/wp-content\/uploads\/2018\/09\/push-vor-30.jpg\" alt=\"\" width=\"61\" height=\"30\" \/><\/a>\u00a0<strong><a href=\"https:\/\/www.topohvar.at\/orte\/hv\/hv-is-43-1\/\"><img loading=\"lazy\" decoding=\"async\" class=\"alignnone wp-image-533 size-full\" src=\"https:\/\/www.topohvar.at\/wp-content\/uploads\/2018\/07\/push-l-30.jpg\" alt=\"\" width=\"61\" height=\"30\" \/><\/a> <a href=\"https:\/\/www.topohvar.at\/orte\/hv\/\"><img loading=\"lazy\" decoding=\"async\" class=\"alignnone wp-image-535 size-full\" src=\"https:\/\/www.topohvar.at\/wp-content\/uploads\/2018\/07\/push-o-30.jpg\" alt=\"\" width=\"61\" height=\"30\" \/><\/a> <a href=\"https:\/\/www.topohvar.at\/orte\/hv\/hv-is-10-1\/\"><img loading=\"lazy\" decoding=\"async\" class=\"alignnone wp-image-536 size-full\" src=\"https:\/\/www.topohvar.at\/wp-content\/uploads\/2018\/07\/push-r-30.jpg\" alt=\"\" width=\"61\" height=\"30\" \/><\/a>\u00a0<a href=\"https:\/\/www.topohvar.at\/hv-ip-08-1\/\"><img loading=\"lazy\" decoding=\"async\" class=\"alignnone wp-image-12299 size-full\" src=\"https:\/\/www.topohvar.at\/wp-content\/uploads\/2018\/09\/push-next-30.jpg\" alt=\"\" width=\"61\" height=\"30\" \/><\/a><\/strong><\/p>\n<hr \/>\n<p><strong>Adresa \/ Adresse<br \/>\n<\/strong>Grad Hvar,\u00a0Trg sv. Stjepana 35<\/p>\n<p><strong>Lokacija<\/strong><strong> \/ Position<a href=\"https:\/\/goo.gl\/maps\/d4nH5hFyMd4XUBkW7\"><img loading=\"lazy\" decoding=\"async\" class=\"alignright wp-image-16251\" src=\"https:\/\/www.topohvar.at\/wp-content\/uploads\/2019\/01\/0376.jpg\" alt=\"\" width=\"134\" height=\"100\" \/><\/a><br \/>\n<\/strong><span style=\"color: #3366ff;\"><a style=\"color: #3366ff;\" href=\"https:\/\/goo.gl\/maps\/d4nH5hFyMd4XUBkW7\">Latitude: N 43,17221\u00b0\u00a0 \u00a0Longitude: E 16,44222\u00b0<\/a><\/span><\/p>\n<p>Visina \/ H\u00f6he: 8 m<\/p>\n<p><strong>Katastarska \u010destica<\/strong><strong> \/ Grundst\u00fccke<br \/>\n<\/strong>*198<div class='content-column one_half'><div style=\"padding-right:6px;\"><p><strong>Datum snimanja \/ Erfassungsdatum<br \/>\n<\/strong>29.10.2014 14:15:18<\/p>\n<hr \/>\n<p><strong>Informacije<\/strong><\/p>\n<p>Spomen plo\u010da &#8211; najstarije turisti\u010dko udru\u017eenje u Europi<\/p>\n<p>U mirno poslijepodne, 15. listopada 1998.g. na Pjaci je otkrivena plo\u010da o 130. obljetnici hvarskog turizma sa sljede\u0107im natpisom.<\/p><\/div><\/div><div class='content-column one_half last_column'><div style=\"padding-right:0px;padding-left:6px;\"><p><strong>Stupanj za\u0161tite<\/strong><strong> \/ Schutzstellung<br \/>\n<\/strong>&#8211;<\/p>\n<hr \/>\n<p><strong>Info<\/strong><\/p>\n<p>Gedenktafel \u2013 \u00e4ltester Touristenverband in Europa<\/p>\n<p>Am ruhigen Nachmittag des 15. Oktober 1998 wurde auf dem Hauptplatz eine Tafel zum Gedenken an den 130. Jahrestages des Tourismus von Hvar mit folgender Inschrift enth\u00fcllt.<\/p><\/div><\/div><div class='clear_column'><\/div><div class='content-column one_half'><div style=\"padding-right:6px;\"><p style=\"text-align: center;\">U OVOJ JE ZGRADI<br \/>\n<strong>HIGIJENI\u010cKO DRU\u0160TVO HVAR<\/strong><br \/>\nNAJSTARIJE TURISTI\u010cKO UDRU\u017dENJE U EUROPI<br \/>\n1868.g. OTVORILO PRVI HVARSKI HOTEL<\/p>\n<p style=\"text-align: center;\">NA \u010cAST I SPOMEN<br \/>\nUTEMELJITELJIMA MODERNOG TURIZMA U HVARU<br \/>\nOVU PLO\u010cU POSTAVLJA.<\/p>\n<p style=\"text-align: center;\"><strong>TZ GRADA HVARA<\/strong><br \/>\nPRIGODOM 130. OBLJETNICE<br \/>\ngodine 1998<\/p><\/div><\/div><div class='content-column one_half last_column'><div style=\"padding-right:0px;padding-left:6px;\"><p style=\"text-align: center;\">In diesem Geb\u00e4ude er\u00f6ffnete der<br \/>\n<strong>Hhygienische Verein Hvar,<\/strong><br \/>\nder \u00e4lteste Touristenverband Europas,<br \/>\nim Jahr 1868 das erste Hotel in Hvar.<\/p>\n<p style=\"text-align: center;\">Zu Ehren und in Gedenken an die<br \/>\nGr\u00fcndung des modernen Tourismus in Hvar<br \/>\nwurde diese Tafel angebracht.<\/p>\n<p style=\"text-align: center;\">Touristische Vereinigung der Stadt Hvar<br \/>\nanl\u00e4sslich des 130. Jahrestages<br \/>\nim Jahr 1998<\/p><\/div><\/div><div class='clear_column'><\/div><div class='content-column one_half'><div style=\"padding-right:6px;\"><p>Dr. Juraj Dubokovi\u0107, od mnogih poznatih iz obitelji Dubokovi\u0107, hvarsko-bra\u010dko-vi\u0161ki biskup iz 19. stolje\u0107a, utemeljitelj Higijeni\u010dkog dru\u0161tva Hvar, prete\u010de dana\u0161njeg turizma.<\/p><\/div><\/div><div class='content-column one_half last_column'><div style=\"padding-right:0px;padding-left:6px;\"><p>Dr. Georg Dubokovi\u0107 aus der bekannten Familie Dubokovi\u0107, Bischof von Hvar-Brac-Vite aus dem 19. Jh., war Mitbegr\u00fcnder der Hygienischen Gesellschaft von Hvar, der Vorl\u00e4ufer des heutigen Tourismus.<\/p><\/div><\/div><div class='clear_column'><\/div><\/p>\n<p style=\"text-align: right;\"><span style=\"color: #3366ff;\"><a style=\"color: #3366ff;\" href=\"#seite_oben\">natrag na vrh \/ Seitenanfang<\/a><\/span><\/p>\n<hr \/>\n<div class='content-column one_half'><div style=\"padding-right:6px;\"><p><strong>Povijest hvarskog turizma<\/strong><\/p>\n<p>Rezultati klimatolo\u0161kih istra\u017eivanja sredinom XIX stolje\u0107a pokazali su izvrsna svojstva hvarskog podneblja, pogodnog za lije\u010denje raznih bolesti a posebno onih di\u0161nih organa. Zahvaljuju\u0107i Franzu Ungeru, botani\u010daru iz Graza, ubrzo se rodila ideja da se ove pogodnosti iskoriste te\u00a0 se u Hvaru osnuje zdravstveno-higijenska ustanova. Godine 1868. Osniva se Higijeni\u010dko dru\u0161tvo u Hvaru (Societa&#8216; igienica di Lesina) \u010dime po\u010dinje era suvremenog turizma.<\/p><\/div><\/div><div class='content-column one_half last_column'><div style=\"padding-right:0px;padding-left:6px;\"><p><strong>Geschichte des Hvarer Tourismus<\/strong><\/p>\n<p>Die Ergebnisse der Klimaforschung in der Mitte des 19. Jh. zeigten, dass das Klima von Hvar ausgezeichnete Voraussetzungen f\u00fcr die Behandlung verschiedener Krankheiten, insbesondere der Atmungsorgane. Dank dem Grazer Botaniker Franz Unger wurde die Idee, diese Vorteile zu nutzen, schnell Realit\u00e4t und in Hvar wurde eine Einrichtung f\u00fcr Gesundheit und Hygiene gegr\u00fcndet. Im Jahr 1868 wurde die Hygienische Gesellschaft in Hvar (Societ\u00e0 &#8218;Igienica di Lesina) gegr\u00fcndet, womit die \u00c4ra des modernen Tourismus begann.<\/p><\/div><\/div><div class='clear_column'><\/div><div class='content-column one_half'><div style=\"padding-right:6px;\"><p>Prvi hotel u Hvaru ure\u0111en je u iznajmljenoj ku\u0107i na ju\u017enoj strani hvarske pjace a imao je 13 jednokrevetnih soba s grijanjem i restoran.<\/p><\/div><\/div><div class='content-column one_half last_column'><div style=\"padding-right:0px;padding-left:6px;\"><p>Das erste Hotel in Hvar wurde in einem gemieteten Haus an der S\u00fcdseite des Hvarer Platzes eingerichtet und verf\u00fcgte \u00fcber 13 einzelne beheizte Zimmer und ein Restaurant.<\/p><\/div><\/div><div class='clear_column'><\/div><div class='content-column one_half'><div style=\"padding-right:6px;\"><p>Me\u0111utim, zadatak Higijeni\u010dkog dru\u0161tva je bio gradnja suvremenog lje\u010dili\u0161nog hotela. Kako Dru\u0161tvo nije imalo dovoljno novca za njegovu izgradnju obratilo se Be\u010dkom dvoru za nov\u010danu pomo\u0107, izraziv\u0161i \u017eelju da kraljica Elizabeta bude pokroviteljica te da budu\u0107i hotel nosi njeno ime. Izgradnja je zapo\u010dela 1881. godine na mjestu nekada\u0161nje kne\u017eeve pala\u010de, ali zbog vje\u010ditog nedostatka sredstava radovi su se nepredvi\u0111eno otegli.<\/p><\/div><\/div><div class='content-column one_half last_column'><div style=\"padding-right:0px;padding-left:6px;\"><p>Die Aufgabe der Hygienischen Gesellschaft war jedoch der Bau eines modernen Kurhotels. Da die Gesellschaft nicht genug Geld f\u00fcr den Bau hatte, baten sie den Wiener Hof um Geld und dr\u00fcckte ihren Wunsch aus, dass K\u00f6nigin Elisabeth die Schirmherrin sei und dass das zuk\u00fcnftige Hotel ihren Namen tr\u00e4gt. Der Bau begann im Jahre 1881 auf dem Gel\u00e4nde des ehemaligen F\u00fcrstenpalastes, aber wegen des st\u00e4ndigen Geldmangels wurden die Arbeiten unerwartet eingestellt.<\/p><\/div><\/div><div class='clear_column'><\/div><div class='content-column one_half'><div style=\"padding-right:6px;\"><p>Prvi dio hotela bio je dovr\u0161en 1898. godine te sve\u010dano otvoren 1. travnja 1899. Gradnja je zavr\u0161ena 1903. a hotel je imao 26 soba sa 35 le\u017eaja, kupaonice, blagovaonicu i kavanu (Cur-salon) u staroj gradskoj Loggi. U Cur-salonu se mogao prelistati doma\u0107i i strani tisak, zaigrati karte ili biljar a prire\u0111ivali su se koncerti, plesovi i predavanja.<\/p><\/div><\/div><div class='content-column one_half last_column'><div style=\"padding-right:0px;padding-left:6px;\"><p>Ein Teil des Hotels wurde 1898 fertiggestellt und am 1. April 1899 offiziell er\u00f6ffnet. Das Geb\u00e4ude wurde 1903 fertiggestellt und hatte 26 Zimmer mit 35 Betten, Badezimmer, Esszimmer und Kaffeehaus (Cur-Salon) in der Loggia. Der Kursalon bot inl\u00e4ndische und ausl\u00e4ndische Zeitschriften, man konnte Karten oder Billard zu spielen und Konzerten, Tanzveranstaltungen und Vortr\u00e4ge besuchen.<\/p><\/div><\/div><div class='clear_column'><\/div><div class='content-column one_half'><div style=\"padding-right:6px;\"><p>Po\u010detkom XX stolje\u0107a Higijeni\u010dko dru\u0161tvo i hotel uspje\u0161no su poslovali.\u00a0 Gosti su ponajvi\u0161e dolazili sa podru\u010dja Austro-ugarske monarhije (u\u017ee Austrije, \u010ceske i Ma\u0111arske) ali i iz drugih zemalja koji su svoje hladne zime zamijenili blagim hvarskim.<\/p><\/div><\/div><div class='content-column one_half last_column'><div style=\"padding-right:0px;padding-left:6px;\"><p>Zu Beginn des 20. Jahrhunderts wurden die Hygienische Gesellschaft und das Hotel erfolgreich betrieben. Die G\u00e4ste stammten \u00fcberwiegend aus der \u00f6sterreichisch-ungarischen Monarchie (\u00d6sterreich, Tschechoslowakei und Ungarn), aber auch aus anderen L\u00e4ndern, die ihre kalten Winter durch das milde Hvar ersetzten.<\/p><\/div><\/div><div class='clear_column'><\/div><div class='content-column one_half'><div style=\"padding-right:6px;\"><p>Uspjeh Higijeni\u010dkog dru\u0161tva pobudio je turisti\u010dke inicijative na otoku. U Jelsi je 1911. otvoren moderno ure\u0111eni hotel jadran sa 14 soba, blagovaonicom, pivnicom, salonom za \u010ditanje i obli\u017enjim kupali\u0161tem. Ubrzo zatim u Hvaru je otvoren novi hotel \u2013 \u201eHotel Kova\u010di\u0107\u201c sa 30 le\u017eaja<\/p><\/div><\/div><div class='content-column one_half last_column'><div style=\"padding-right:0px;padding-left:6px;\"><p>Der Erfolg der Hygienischen Gesellschaft hat touristische Initiativen auf der Insel inspiriert. Im Jahr 1911 er\u00f6ffnete in Jelsa ein modernes Hotel mit 14 Zimmern, einem Speiseraum, einer Bierbar, einer Leselounge und einem nahegelegenen Schwimmbad. Kurz darauf wurde in Hvar ein neues Hotel \u2013 das &#8222;Hotel Kova\u010di\u0107&#8220; mit 30 Betten er\u00f6ffnet.<\/p><\/div><\/div><div class='clear_column'><\/div><div class='content-column one_half'><div style=\"padding-right:6px;\"><p>Nakon prvog svjetskog rata Higijeni\u010dko dru\u0161tvo upada u te\u0161ko\u0107e te 1918. hotel Kraljice Elizabete prodaje Milanu \u010canku koji ga preimenuje u Hotel Grand Palace. Nekoliko godina kasnije gasi se Higijeni\u010dko dru\u0161tvo a Hvar uz zimski i zdravstveni turizam sve vi\u0161e postaje poznat po ljetnom, kupali\u0161nom turizmu. Ure\u0111uju se gradski parkovi, obale, pla\u017ee, a 1927. gradi se kameno gradsko kupali\u0161te i otvaraju hoteli Slavija i Overland. Godinu dana kasnije, Hotel Grand Palace prelazi u vlasni\u0161tvo Vi\u0161anina Roka Bradanovi\u0107a i se zove Hotel Palace.<\/p><\/div><\/div><div class='content-column one_half last_column'><div style=\"padding-right:0px;padding-left:6px;\"><p>Nach dem Ersten Weltkrieg geriet die Hygienische Gesellschaft in Schwierigkeiten, und verkaufte im Jahr 1918 das Hotel Elisabeth an Milan \u010canko, der es in Hotel Grand Palace umbenannte. Ein paar Jahre sp\u00e4ter verschwindet die Hygienische Gesellschaft und Hvar mit seinem Winter- und Gesundheitstourismus wird zunehmend f\u00fcr seinen Sommerbadetourismus bekannt. Stadtparks, Promenaden und Str\u00e4nde werden bereitgestellt. Im Jahr 1927 wird das felsiges Stadtbad gebaut und die Hotels Slavija und Overland er\u00f6ffnet. Ein Jahr sp\u00e4ter kam das Hotel Grand Palace in den Besitz von\u00a0 Vi\u0161anin Rok Bradanovi\u0107 und hei\u00dft fortan Hotel Palace.<\/p><\/div><\/div><div class='clear_column'><\/div><\/p>\n<hr \/>\n<div class='content-column one_half'><div style=\"padding-right:6px;\"><p><strong>Turisti\u010dki ljetopis <\/strong><strong>od 1868.g. do 2000.g. <\/strong><\/p>\n<p><strong>1868<\/strong>.<br \/>\nUtemeljeno<strong> Higijeni\u010dko dru\u0161tvo u Hvaru.<br \/>\n<\/strong>Ure\u0111en prvi hotel u ku\u0107i Dubokovi\u0107-Samohod na trgu.<\/p><\/div><\/div><div class='content-column one_half last_column'><div style=\"padding-right:0px;padding-left:6px;\"><p><strong>Touristische Chronik von 1868 bis 2000<\/strong><\/p>\n<p><strong>1868<br \/>\n<\/strong>Gr\u00fcndung der <strong>Hygienischen Gesellschaft in Hvar<\/strong>.<br \/>\nDas erste Hotel im Haus Dubokovi\u0107-Samohod wurde auf der Piazza eingerichtet.<\/p><\/div><\/div><div class='clear_column'><\/div><div class='content-column one_half'><div style=\"padding-right:6px;\"><p><strong>1875<\/strong>.<br \/>\nOsnovano dru\u0161tvo<br \/>\nHvar posjetio austrijski Car Franjo Josip I.<br \/>\nKoncem stolje\u0107a osnovano<strong> Dru\u0161tvo za poljep\u0161anje grada.<\/strong><\/p><\/div><\/div><div class='content-column one_half last_column'><div style=\"padding-right:0px;padding-left:6px;\"><p><strong>1875<br \/>\n<\/strong>Die Vereinigung <strong>Kursalon<\/strong> wurde gegr\u00fcndet.<br \/>\nDer \u00f6sterreichische Kaiser Franz Josef I. besuchte Hvar.<br \/>\nAm Ende des Jahrhunderts wurde der <strong>Versch\u00f6nerungsverein<\/strong> der Stadt gegr\u00fcndet.<\/p><\/div><\/div><div class='clear_column'><\/div><div class='content-column one_half'><div style=\"padding-right:6px;\"><p><strong>1888.<\/strong><br \/>\nOtvorena za javnost umjetni\u010dka zbirka franjeva\u010dkog samostana.<\/p><\/div><\/div><div class='content-column one_half last_column'><div style=\"padding-right:0px;padding-left:6px;\"><p><strong>1888<br \/>\n<\/strong>F\u00fcr die \u00d6ffentlichkeit wurde die Kunstsammlung des Franziskanerklosters zug\u00e4nglich gemacht.<\/p><\/div><\/div><div class='clear_column'><\/div><div class='content-column one_half'><div style=\"padding-right:6px;\"><p><strong>1899<\/strong>.<br \/>\nIzgra\u0111en hotel<strong> Carice Elizabete.<br \/>\n<\/strong>Objavljen prvi vodi\u010d Hvara.<br \/>\nlzgra\u0111eno \u0161etali\u0161te od obale do Franjeva\u010dkog samostana.<br \/>\nOko 1900. g. zavr\u0161ena restauracija hvarskog gradskog kazali\u0161ta.<\/p><\/div><\/div><div class='content-column one_half last_column'><div style=\"padding-right:0px;padding-left:6px;\"><p><strong>1899<br \/>\n<\/strong>Das Hotel <strong>Kaiserin Elizabeth<\/strong> wird errichtet.<br \/>\nDer erster Hvarf\u00fchrer wird ver\u00f6ffentlicht.<br \/>\nDie Promenade von der Mole bis zum Franziskanerkloster wird errichtet.<br \/>\nUm 1900 erfolgte die Restaurierung des Stadttheaters Hvar.<\/p><\/div><\/div><div class='clear_column'><\/div><div class='content-column one_half'><div style=\"padding-right:6px;\"><p><strong>1903.<br \/>\n<\/strong>Hotel <strong>Carice Elizabete<\/strong> po\u010deo s radom<br \/>\nObjavljen nov op\u0161irniji vodi\u010d Hvara.<br \/>\nlzme\u0111u 1910. i 1912. g. ure\u0111eno \u0161etali\u0161te uz more od grada do uvale Majerovica, izgra\u0111eno malo gradsko kupali\u0161te s kabinama, a u borovoj \u0161umi zapadno od grada ure\u0111eno tenis \u2013 igrali\u0161te.<\/p><\/div><\/div><div class='content-column one_half last_column'><div style=\"padding-right:0px;padding-left:6px;\"><p><strong>1903<br \/>\n<\/strong>Das Hotel <strong>Kaiserin Elizabeth<\/strong> wurde er\u00f6ffnet.<br \/>\nEin umfangreicher Hvarf\u00fchrer wurde ver\u00f6ffentlicht.<br \/>\nIn den Jahren 1910 und 1912 wurde die geschm\u00fcckte Promenade am Meer von der Stadt bis zur Bucht von Majerovica, ein kleines Stadtbad mit Kabinen gebaut. In einem Kiefernwald, westlich der Stadt, gibt es einen Tennisplatz.<\/p><\/div><\/div><div class='clear_column'><\/div><div class='content-column one_half'><div style=\"padding-right:6px;\"><p><strong>1906.<\/strong><br \/>\nOtvoreno ljetovali\u0161te<strong> Palmi\u017eanski dvorac.<\/strong><\/p>\n<p><strong>\u00a0<\/strong><strong>1913<\/strong>.<br \/>\nAustrijanac iz Graza, Tarmann sagradio vilu u uvali Majerovica, kasnije poru\u0161enu.<\/p><\/div><\/div><div class='content-column one_half last_column'><div style=\"padding-right:0px;padding-left:6px;\"><p><strong>1906<br \/>\n<\/strong>Das Sommerresort <strong>Palmi\u017eaner Hof<\/strong> wird er\u00f6ffnet.<\/p>\n<p><strong>1913<br \/>\n<\/strong>Ein \u00d6sterreicher aus Graz, Tarmann baute eine Villa in der Bucht von Majerovica, diese wurde sp\u00e4ter abgerissen.<\/p><\/div><\/div><div class='clear_column'><\/div><div class='content-column one_half'><div style=\"padding-right:6px;\"><p><strong>1914<\/strong>.<br \/>\nOtvoren hotel<strong> Kova\u010di\u0107.<\/strong><\/p>\n<p><strong>1918<\/strong>.<br \/>\nMilan \u010canak kupio hotel<strong> Carice Elizabete.<\/strong><\/p>\n<p><strong>1921<\/strong>.<br \/>\nMilan \u010canak kupio od porodice Bogli\u0107 ku\u0107u na Gojavi, koju \u0107e kasnije urediti kao hotel<strong> Vila Maca<\/strong> (kasnije nazvan Park).<\/p><\/div><\/div><div class='content-column one_half last_column'><div style=\"padding-right:0px;padding-left:6px;\"><p><strong>1914<br \/>\n<\/strong>Er\u00f6ffnung des Hotels <strong>Kova\u010di\u0107<\/strong>.<\/p>\n<p><strong>1918<br \/>\n<\/strong>Kaufte Milan \u010canak das Hotel <strong>Kaiserin Elizabeth<\/strong>.<\/p>\n<p><strong>1921<br \/>\n<\/strong>Kaufte Milan \u010canak von der Familie Bogli\u0107 ein Haus auf Gojava, das er zum Hotel <strong>Vila Maca <\/strong>(dann Hotel Park) umbaute.<\/p><\/div><\/div><div class='clear_column'><\/div><div class='content-column one_half'><div style=\"padding-right:6px;\"><p><strong>Oko 1925. g<\/strong>.<br \/>\nOtvoren hotel<strong> Park.<br \/>\n<\/strong>Ure\u0111en park zapadno od grada, pun tropske i subtropske flore, nazvan<strong> Park Kraljice Marije.<\/strong><\/p><\/div><\/div><div class='content-column one_half last_column'><div style=\"padding-right:0px;padding-left:6px;\"><p><strong>Um 1925<\/strong><br \/>\nwurde das Hotel <strong>Park<\/strong> er\u00f6ffnet.<br \/>\nwird ein Landschaftspark westlich der Stadt, voller tropischer und subtropischer Flora, <strong>Park K\u00f6nigin Maria<\/strong>, angelegt.<\/p><\/div><\/div><div class='clear_column'><\/div><div class='content-column one_half'><div style=\"padding-right:6px;\"><p><strong>1927.<\/strong><br \/>\nOtvoreno gradsko kupali\u0161te u Hvaru.<br \/>\nOtvoreni hoteli <strong>Slavija<\/strong> i <strong>Overland.<\/strong><\/p>\n<p><strong>\u00a01928.<\/strong><br \/>\nVi\u0161anin Roko Bradanovi\u0107 kupio<strong> Grand hotel Palace.<\/strong><\/p>\n<p><strong>1929.<\/strong><br \/>\nPo\u010dela gradnja hotela<strong> Madeira<\/strong>.<br \/>\n\u0160tampan turisti\u010dko-povijesni vodi\u010d Hvara (autor teksta dr. Grga Novak).<br \/>\nDvadesetih godina razmi\u0161lja se o gradnji hotela u uvali Soline na otoku Sv. Klement (ideja je potekla od strane nekolicine \u010de\u0161kih poduzetnika).<br \/>\nOko 1930. g. osnovan nogometni klub<strong> Madeira.<\/strong><\/p><\/div><\/div><div class='content-column one_half last_column'><div style=\"padding-right:0px;padding-left:6px;\"><p><strong>1927<br \/>\n<\/strong>Das Freibad wid in Hvar er\u00f6ffnet.<br \/>\nDie Hotels <strong>Slavija<\/strong> und <strong>Overland<\/strong> werden er\u00f6ffnet.<\/p>\n<p><strong>1928<br \/>\n<\/strong>Vi\u0161anin Roko Bradanovi\u0107 kaufte das <strong>Grand Hotel Palace<\/strong>.<\/p>\n<p><strong>1929<br \/>\n<\/strong>Der Bau des Hotels <strong>Madeira<\/strong> beginnt.<br \/>\nEin touristisch-historischer Hvarf\u00fchrer von (Autor Dr. Grga Novak) erscheint.<br \/>\nIn den zwanziger Jahren wird \u00fcber den Bau eines Hotels in der Bucht von Soline auf der Insel Sv. Clement (die Idee stammt von tschechischen Unternehmern) nachgedacht.<br \/>\nUm 1930 wurde der Fu\u00dfballverein <strong>Madeira<\/strong> gegr\u00fcndet.<\/p><\/div><\/div><div class='clear_column'><\/div><div class='content-column one_half'><div style=\"padding-right:6px;\"><p><strong>1931.<\/strong><br \/>\nPo koncepciji dr. Josipa Avelinija, arhitekt Silvije Sponza zapo\u010deo grad-nju trijema, koji se trebao pru\u017eati po svoj du\u017eini hvarske rive. Trijem je bio zami\u0161ljen kao \u0161etnica gostima i za\u0161tita od ki\u0161e. Sre\u0107om, izveden je samo po\u010detni dio (zgrada nekada\u0161njeg Carinskog ureda, odnosno da-na\u0161nje Splitske banke).<br \/>\nPo\u010detkom tridesetih godina, ispod gradske tvr\u0111ave ure\u0111en<strong> Park Kralja Aleksandra<\/strong> s nasadima palmi, kaktusa, aloja, mimoza, narana\u010da, bougainvilla. U uvali Kri\u017ea ure\u0111eno <strong>Egipatsko \u0161etali\u0161te<\/strong>, s nasadima bra-zilijanskog duhana.<\/p><\/div><\/div><div class='content-column one_half last_column'><div style=\"padding-right:0px;padding-left:6px;\"><p><strong>1931<br \/>\n<\/strong>Nach dem Konzept von Dr. Josip Avelini begann die Architektin Silvije Sponza mit der Planung einer S\u00e4ulenhalle sie sich entlang der ganzen Hvarer Riva erstrecken sollte. Die Veranda wurde als \u00fcberdachter Weg zum Schutz vor dem Regen f\u00fcr die G\u00e4ste konzipiert. Gl\u00fccklicherweise wurde nur der erste Teil (Geb\u00e4ude des ehemaligen Zollamts, heute Splitska Bank) realisiert.<br \/>\nAnfang der drei\u00dfiger Jahre wurde der <strong>Park K\u00f6nig Alexander<\/strong> unter der Stadtfestung mit Palmen, Kakteen, Aloe, Mimosen, Orangen und Bougainvillea bepflanzt. In der Bucht Kri\u017e wurde eine <strong>\u201e\u00e4gyptische Promenade\u201c<\/strong> arrangiert und mit brasilianischen Tabak bepflanzt.<\/p><\/div><\/div><div class='clear_column'><\/div><div class='content-column one_half'><div style=\"padding-right:6px;\"><p><strong>1932<\/strong>.<br \/>\nSlikar Valdimir Kirin sagradio svoju dra\u017eesnu vilu.<\/p><\/div><\/div><div class='content-column one_half last_column'><div style=\"padding-right:0px;padding-left:6px;\"><p><strong>1932<br \/>\n<\/strong>Der Maler Valdimir Kirin baute seine bezaubernde Villa.<\/p><\/div><\/div><div class='clear_column'><\/div><div class='content-column one_half'><div style=\"padding-right:6px;\"><p><strong>1935<\/strong>.<br \/>\nPro\u0161iren hotel Palast.<br \/>\nSredinom tridesetih godina posjetitelje plesne terase hotela<strong> Palace <\/strong>zabavljao je na\u0161 prvi jazz-sastav <strong>Kolibri<\/strong>, a hotela Kova\u010di\u0107 sastav<strong> Santo.<\/strong><\/p><\/div><\/div><div class='content-column one_half last_column'><div style=\"padding-right:0px;padding-left:6px;\"><p><strong>1935<br \/>\n<\/strong>Das Hotel <strong>Palast<\/strong> wird erweitert.<br \/>\nMitte der 30er Jahre genossen die Besucher der Tanzfl\u00e4che des Hotel Palace unser erstes Jazz-Ensemble <strong>Kolibri<\/strong>, und das Hotel Kova\u010di\u0107 die Komposition von <strong>Santo<\/strong>.<\/p><\/div><\/div><div class='clear_column'><\/div><div class='content-column one_half'><div style=\"padding-right:6px;\"><p><strong>1937<\/strong>.<br \/>\nPro\u0161iren hotel<strong> Kova\u010di\u0107.<br \/>\n<\/strong>Tridesetih godina otvoren prvi espresso caffe u Hvaru, u prizemlju ku\u0107e Kova\u010devi\u0107, izme\u0111u dana\u0161nje po\u0161te i hotela Slavije (vlasnik Zavoreo iz Splita).<br \/>\nTridesetih godina osniva se pliva\u010dki i vaterpolo klub.<br \/>\nKasnih tridesetih godina, grupa engleskih poduzetnika zainteresirala se gradnju sanatorija za alergijske bolesti na oto\u010di\u0107u Marinkovac ispred Hvara. Projekt nije ostvaren. Ostao je me\u0111utim sa\u010duvan naziv za taj dio oto\u010di\u0107a &#8211;<strong> Na Engleze.<\/strong><\/p><\/div><\/div><div class='content-column one_half last_column'><div style=\"padding-right:0px;padding-left:6px;\"><p><strong>1937<br \/>\n<\/strong>Das Hotel <strong>Kova\u010di\u0107<\/strong> wird erweitert.<br \/>\nIn den drei\u00dfiger Jahren wurde der erste Espresso in Hvar, im Erdgeschoss des Hauses Kova\u010devi\u0107, zwischen der heutigen Post und dem Hotel Slavia (Besitzer Zavoreo aus Split) er\u00f6ffnet.<br \/>\nIn den drei\u00dfiger Jahren wurde der Schwimm- und Wasserballclub gegr\u00fcndet.<br \/>\nEnde der drei\u00dfiger Jahre interessierte sich eine Gruppe englischer Unternehmer f\u00fcr den Bau von Sanatorien f\u00fcr allergische Erkrankungen auf der Insel Marinkovac vor Hvar. Das Projekt ist fehlgeschlagen. Es blieb jedoch der Name <strong>Engl\u00e4nder<\/strong> f\u00fcr den Teil der Insel erhalten.<\/p><\/div><\/div><div class='clear_column'><\/div><div class='content-column one_half'><div style=\"padding-right:6px;\"><p><strong>1938<\/strong>. ili<strong> 1939<\/strong>.<br \/>\nOdr\u017ean me\u0111unarodni teniski turnir u Hvaru.<\/p>\n<p><strong>1939<\/strong>.<br \/>\nPo\u010dela gradnja Lije\u010dili\u0161nog doma dr. Josip Avelini (kasnije hotel Dalmacija).<\/p>\n<p><strong>1943<\/strong>.<br \/>\nKoncem 1943. i po\u010detkom 1944, g. hotel<strong> Palace <\/strong>pretvoren je u partizansku bolnicu.<\/p><\/div><\/div><div class='content-column one_half last_column'><div style=\"padding-right:0px;padding-left:6px;\"><p><strong>1938<\/strong> oder <strong>1939<br \/>\n<\/strong>Hvar veranstaltete ein internationales Tennisturnier.<\/p>\n<p><strong>1939<br \/>\n<\/strong>Der Bau des Kurhauses von Dr. Josip Avelini (sp\u00e4ter Hotel Dalmacija) wurde begonnen.<\/p>\n<p><strong>1943<br \/>\n<\/strong>Ende 1943 und Anfang 1944 wurde das Hotel<strong> Palace<\/strong> in ein Krankenhaus f\u00fcr Partisanen umgewandelt.<\/p><\/div><\/div><div class='clear_column'><\/div><div class='content-column one_half'><div style=\"padding-right:6px;\"><p><strong>1945<\/strong>.<br \/>\nU miesecu lipnju ponovno otvorena gostionica<strong> Palmi\u017eana <\/strong>obitelji Meneghello.<\/p>\n<p><strong>1948<\/strong>.<br \/>\nOsnovano ugostiteljsko poduze\u0107e<br \/>\nOtvoren hotel<strong> Dalmacija.<\/strong><\/p>\n<p><strong>\u00a0<\/strong><strong>1951<\/strong>.<br \/>\nRestaurirana gradska Lo\u017ea.<br \/>\nPo\u010detkom pedesetih godina u prizemlju zgrade arsenal otvoreno kino<strong> Madeira<\/strong>. (Prije toga kino projekcije su se povremeno odr\u017eavale u Lo\u017ei).<\/p><\/div><\/div><div class='content-column one_half last_column'><div style=\"padding-right:0px;padding-left:6px;\"><p><strong>1945<br \/>\n<\/strong>Im Juni wurde das G\u00e4stehaus <strong>Palmi\u017eana <\/strong>der Familie Meneghello im Juni wiederer\u00f6ffnet.<\/p>\n<p><strong>1948<br \/>\n<\/strong>Das Catering-Unternehmen <strong>Turist<\/strong> wurde gegr\u00fcndet.<br \/>\nDas Hotel <strong>Dalmacia<\/strong> wurde er\u00f6ffnet.<\/p>\n<p><strong>1951<br \/>\n<\/strong>Die Stadtloggia wird restauriert.<br \/>\nAnfang der f\u00fcnfziger Jahre er\u00f6ffnete im Erdgeschoss des Arsenalgeb\u00e4udes das Kino <strong>Madeira<\/strong>. (Zuvor wurden in der Loggia gelegentlich Kinoprojektionen durchgef\u00fchrt).<\/p><\/div><\/div><div class='clear_column'><\/div><div class='content-column one_half'><div style=\"padding-right:6px;\"><p><strong>1953<\/strong>.<br \/>\nU okviru ostataka nekada\u0161njeg samostana sv. Venerande, odnosno kasnije austrijske utvrde, ure\u0111ena ljetna pozornica.<\/p>\n<p><strong>1957<\/strong>.<br \/>\nOtvorena gradska galerija slika<\/p>\n<p><strong>1958<\/strong>.<br \/>\nUre\u0111eno sportsko kupali\u0161te<strong> Pliva\u010dki<\/strong> s Ijetnim restoranom.<\/p>\n<p><strong>1959<\/strong>.<br \/>\nOsnovano<strong> Hotelsko poduze\u010de Hvar.<\/strong><\/p>\n<p><strong>1960<\/strong>.<br \/>\nOtvoren gradski restoran.<br \/>\nSagra\u0111ena vila Sabora SR Hrvatske, zvana Vladimira Bakari\u0107a.<\/p><\/div><\/div><div class='content-column one_half last_column'><div style=\"padding-right:0px;padding-left:6px;\"><p><strong>1953<br \/>\n<\/strong>In den \u00dcberresten des ehemaligen Klosters St. Veneranda bzw. der sp\u00e4teren \u00f6sterreichischen Festung wurde eine Sommerb\u00fchne errichtet.<\/p>\n<p><strong>1957<br \/>\n<\/strong>Die st\u00e4dtische Bildergalerie <strong>Arsenal <\/strong>wurde errichtet.<\/p>\n<p><strong>1958<br \/>\n<\/strong>Der Sportkomplex <strong>Pliva\u010dki<\/strong> mit einem Sommerrestaurant wird errichtet.<\/p>\n<p><strong>1959<br \/>\n<\/strong>Gr\u00fcndung der <strong>\u201eHotelunternehmer Hvar\u201c.<\/strong><\/p>\n<p><strong>1960<br \/>\n<\/strong>Ein Stadtrestaurant er\u00f6ffnet.<br \/>\nDie Villa des kroatischen Parlaments, bekannt als Vladimir Bakari\u0107 wurde errichtet.<\/p><\/div><\/div><div class='clear_column'><\/div><div class='content-column one_half'><div style=\"padding-right:6px;\"><p><strong>1961<\/strong>.<br \/>\nNa oto\u010di\u0107u Gale\u0161nik ure\u0111eno izleti\u0161te s restoranom. Utemeljena glazbeno-scenska manifestacija<strong> Hvarsko Ljeto.<br \/>\n<\/strong>Ugostiteljska radnja Meneghello na Palmi\u017eani izdala prvi posljeratni hvarski vodi\u010d u koloru.<\/p><\/div><\/div><div class='content-column one_half last_column'><div style=\"padding-right:0px;padding-left:6px;\"><p><strong>1961<br \/>\n<\/strong>Die Insel Gale\u0161nik wird Ausflugsort mit Restaurant. Das Musik-Szene-Event <strong>Hvarer Sommer<\/strong> wird gegr\u00fcndet.<br \/>\nMeneghello auf Palmi\u017eana gab den ersten Hvarf\u00fchrer der Nachkriegszeit in Farbe heraus.<\/p><\/div><\/div><div class='clear_column'><\/div><div class='content-column one_half'><div style=\"padding-right:6px;\"><p><strong>1962<\/strong>.<br \/>\nlzgra\u0111en hotel Osnovana<br \/>\nUgostiteljska \u0161kola.<\/p>\n<p><strong>1963<\/strong>.<br \/>\nUre\u0111ena i otvorena zbirka umjetnina hvarske stolnice &#8211;<strong> Biskupski muzej.<\/strong><\/p><\/div><\/div><div class='content-column one_half last_column'><div style=\"padding-right:0px;padding-left:6px;\"><p><strong>1962<br \/>\n<\/strong>Das Hotel <strong>Pharos<\/strong> wird errichtet.<br \/>\nEine Gastwirtschaftsschule wird eingerichtet.<\/p>\n<p><strong>1963<br \/>\n<\/strong>Eine gut organisierte Sammlung von Kunstwerken des Hvarer Doms \u2013 das <strong>Bischofsmuseum<\/strong> wird errichtet.<\/p><\/div><\/div><div class='clear_column'><\/div><div class='content-column one_half'><div style=\"padding-right:6px;\"><p><strong>1964<\/strong>.<br \/>\nObjavljen prvi moderni turisti\u010dko-povijesni vodi\u010d otoka Hvara (autor dr. Niko Dubokovi\u0107-Nadalini).<br \/>\nOsnovan u Hvaru prvi doma\u0107i vokalno-instrumentalni sastav &#8222;na struju&#8220; &#8211;<strong> Dimos.<\/strong><\/p><\/div><\/div><div class='content-column one_half last_column'><div style=\"padding-right:0px;padding-left:6px;\"><p><strong>1964<br \/>\n<\/strong>Der erste moderne touristisch-historische F\u00fchrer der Insel Hvar (Autor Dr. Niko Dubokovi\u0107-Nadalini) wurde ver\u00f6ffentlicht.<br \/>\nIn Hvar wurde die erste inl\u00e4ndische Vokal-instrumentalgruppe &#8222;am Strom&#8220; \u2013 <strong>Dimos<\/strong> gegr\u00fcndet.<\/p><\/div><\/div><div class='clear_column'><\/div><div class='content-column one_half'><div style=\"padding-right:6px;\"><p><strong>1965<\/strong>.<br \/>\nUtemeljen sanatorij<strong> Alergolo\u0161ki centar dr. Orest \u017dunkovi\u0107<\/strong>, kao zajedni\u010dki projekt hvarskog hotelskog poduze\u0107a i tada\u0161nje Akademije znanosti i umjetnosti u Zagrebu<\/p><\/div><\/div><div class='content-column one_half last_column'><div style=\"padding-right:0px;padding-left:6px;\"><p><strong>1965<br \/>\n<\/strong>Gr\u00fcndung des Sanatoriums <strong>Allergiezentrum Dr. Orest \u017dunkovi\u0107<\/strong>, als ein gemeinsames Projekt der Hotelgesellschaft Hvar und der Akademie der Wissenschaften und K\u00fcnste in Zagreb.<\/p><\/div><\/div><div class='clear_column'><\/div><div class='content-column one_half'><div style=\"padding-right:6px;\"><p><strong>1966<\/strong>.<br \/>\nU okviru nekada\u0161nje crkve sv. Marka, otvorena<strong> Arheolo\u0161ka zbirka i lapidarij<\/strong> Centra za za\u0161titu kulturne ba\u0161tine otoka Hvara.<\/p>\n<p><strong>1967.<\/strong><br \/>\nOtvoren prvi moderni privatni restoran<strong> Zlatna \u0161koljka <\/strong>(vlasni\u0161tvo Pro\u0161perina &#8211; Rina Novaka) u predjelu Groda u Hvaru.<br \/>\nU Hvaru odr\u017ean me\u0111unarodni susret <strong>Ljudi od pera i turizam.<\/strong><\/p>\n<p><strong>1968<\/strong>.<br \/>\nIzra\u0111en Generalni urbanisti\u010dki plan zapadnog dijela otoka Hvara. lzgra\u0111eni hoteli<strong> Adriatic <\/strong>i <strong>Galeb<\/strong>.<br \/>\nStari trabakul u hvarskoj luci adaptiran u ljetni restoran<strong> Galipici<\/strong> (viasni\u0161tvo Stjepana Matijevi\u0107a-Galija i Tonka Bari\u0161i\u010da-Picija).<br \/>\nSve\u010dano obilje\u017eena 100. godi\u0161njica hvarskog turizma.<br \/>\nOsnovan prvi lokalni rock sastav <strong>Problemi.<\/strong><\/p><\/div><\/div><div class='content-column one_half last_column'><div style=\"padding-right:0px;padding-left:6px;\"><p><strong>1966<br \/>\n<\/strong>In der ehemaligen Kirche St. Marka, wird eine <strong>arch\u00e4ologische Sammlung und ein Lapidarium<\/strong> vom Schutz des Kulturellen Erbes der Insel Hvar er\u00f6ffnet.<\/p>\n<p><strong>1967<br \/>\n<\/strong>Er\u00f6ffnung des ersten modernen privaten Restaurants <strong>Goldener Shellfisch<\/strong> (im Besitz von Pro\u0161perin &#8211; Rina Novak) in Groda.<br \/>\nIn Hvar fand ein internationales Treffen von <strong>People of Pear und Tourismus<\/strong> statt.<\/p>\n<p><strong>1968<br \/>\n<\/strong>wurde der Entwicklungsplan f\u00fcr den westlichen Teils der Insel Hvar erstellt.<br \/>\nDie Hotels <strong>AdriatIc<\/strong> und <strong>Galeb<\/strong>\u00a0werden errichtet.<br \/>\nEin altes Schiff im Hafen von Hvar wird als Sommerrestaurant <strong>Galipici<\/strong> (Eigent\u00fcmer Stjepan Matijevi\u0107-Galija und Tonka Bari\u0161i\u010da-Picija) adaptiert.<br \/>\nDas 100-j\u00e4hrige Jubil\u00e4um des Tourismus in Hvar wird gefeiert.<br \/>\nDie erste lokale Rockband <strong>Probleme<\/strong> wird gegr\u00fcndet.<\/p><\/div><\/div><div class='clear_column'><\/div><div class='content-column one_half'><div style=\"padding-right:6px;\"><p><strong>1969.<\/strong><br \/>\nlzgra\u0111eni hoteli <strong>Delfin<\/strong> i<strong> Sirena.<br \/>\n<\/strong>Otvoren prvi disco-club u Hvaru &#8211;<strong> Moby Dick.<\/strong><\/p>\n<p><strong>\u00a0<\/strong><strong>1971<\/strong>.<br \/>\nlzgra\u0111eni hoteli <strong>Amfora i Bodul.<br \/>\n<\/strong>U hotelu Amfora odr\u017eava se me\u0111unarodni<strong> IV. Kup Jadrana u vaterpolu.<br \/>\n<\/strong>Hvarska srednjovjekovna tvr\u0111ava adaptirana u ugostiteljski i zabavni centar.<br \/>\nPreure\u0111en hotel<strong> Palace.<br \/>\n<\/strong>Hvar dobio no\u0107nu rasvjetu.<br \/>\nHotelsko poduze\u0107e Hvar uredilo i otvorilo sportsko lovi\u0161te na poluotoku Pelegrin.<br \/>\nU hotelu Amfora se odr\u017eava finale<strong> Evropskog kupa u vateroplu.<\/strong><\/p><\/div><\/div><div class='content-column one_half last_column'><div style=\"padding-right:0px;padding-left:6px;\"><p><strong>1969<br \/>\n<\/strong>Die Hotels <strong>Delphin<\/strong> und <strong>Sirene<\/strong> werden errichtet.<br \/>\nDer erste Disco Club in Hvar er\u00f6ffnet &#8211; <strong>Moby Dick.<\/strong><\/p>\n<p><strong>1971<br \/>\n<\/strong>Die Hotels <strong>Amfora<\/strong> und <strong>Bodul<\/strong> werden gebaut.<br \/>\nDas Hotel <strong>Amfora <\/strong>ist Gastgeber des internationalen <strong>IV. Adria-Cup im Wasserball<\/strong>.<br \/>\nDie mittelalterliche Festung von Hvar wird als Gastgewerbe- und Unterhaltungszentrum adaptiert.<br \/>\nDas Hotel <strong>Palace<\/strong> wird renoviert.<br \/>\nDie Stadt hat eine Nachtbeleuchtung erhalten.<br \/>\nDie Hvarer Hotelgesellschaft organisierte und er\u00f6ffnete eine Sportjagdh\u00fctte auf der Halbinsel Pelegrin.<br \/>\nDas Hotel Amfora ist Gastgeber des Endspiels des <strong>Europ\u00e4ischen Wasserball Cups<\/strong>.<\/p><\/div><\/div><div class='clear_column'><\/div><div class='content-column one_half'><div style=\"padding-right:6px;\"><p><strong>1972.<\/strong><br \/>\nOtvoren prvi privatni kafi\u0107 s talijanskom esspreso kavom (vlasnik Nikola Zaninovi\u0107), kasnije nazvan <strong>Aloha<\/strong>.<\/p>\n<p><strong>1975<\/strong>.<br \/>\n\u0160tampan turisti\u010dko &#8211; povijesni vodi\u010d otoka Hvara u koloru (autor dr. Niko Dubokovi\u0107-Nadalini).<br \/>\nOtvorena galerija<strong> Na Bankete.<\/strong><\/p>\n<p><strong>1976<\/strong>.<br \/>\nOdr\u017ean na hvarskom trgu \u010detvrti svjetski festival mode &#8211;<strong> Modefest International.<\/strong><\/p>\n<p><strong>1977<\/strong>.<br \/>\nUtemeljena<strong> Turisti\u010dka \u0161kola.<br \/>\n<\/strong><strong>Modefest Intemational <\/strong>ponovno u Hvaru.<\/p><\/div><\/div><div class='content-column one_half last_column'><div style=\"padding-right:0px;padding-left:6px;\"><p><strong>1972<br \/>\n<\/strong>Er\u00f6ffnung des ersten privaten Caf\u00e9s mit italienischem Espresso (Inhaber Nikola Zaninovi\u0107), sp\u00e4ter <strong>Aloha<\/strong> genannt.<\/p>\n<p><strong>1975<br \/>\n<\/strong>Gedruckter touristisch-historischer F\u00fchrer der Insel Hvar in der Farbe (Autor von Dr. Niko Dubokovi\u0107-Nadalini).<br \/>\nDie Galerie \u201e<strong>auf dem Bankett\u201c <\/strong>wird er\u00f6ffnet.<\/p>\n<p><strong>1976<br \/>\n<\/strong>Hvar erh\u00e4lt das Vierte Weltmodefestival \u2013 <strong>Internationales Modefest<\/strong>.<\/p>\n<p><strong>1977<br \/>\n<\/strong>Die Touristenschule wird gegr\u00fcndet.<br \/>\nDas <strong>Internationale Modefest<\/strong> wird wieder in Hvar abgehalten.<\/p><\/div><\/div><div class='clear_column'><\/div><div class='content-column one_half'><div style=\"padding-right:6px;\"><p><strong>1978<\/strong>.<br \/>\nPrva pizzeria u Hvaru &#8211;<strong> Miko<\/strong> (vlasnik Nikola Zaninovi\u0107).<br \/>\nU okviru Hvarskog ljeta, u Hvaru nastupio pijanist lvo Pogoreli\u0107.<\/p>\n<p><strong>1979<\/strong>.<br \/>\nU hotelu Amfora se odr\u017eavaju natjecanja u ma\u010devanju i stolnom tenisu (u okviru<strong> Mediteranskih igara Split 1979<\/strong>).<br \/>\nUtemeljena me\u0111unarodna jedrili\u010darka regata u Hvaru.<\/p><\/div><\/div><div class='content-column one_half last_column'><div style=\"padding-right:0px;padding-left:6px;\"><p><strong>1978<br \/>\n<\/strong>Erste Pizzeria in Hvar &#8211; <strong>Miko<\/strong> (Besitzer Nikola Zaninovi\u0107).<br \/>\nIm Rahmen des Hvarer Sommerfestivals trat der Pianist lvo Pogoreli\u0107 in Hvar auf.<\/p>\n<p><strong>1979<br \/>\n<\/strong>Das Hotel Amfora veranstaltet Wettbewerbe im Schwertkampf und Tischtennis (im Rahmen <strong>der Mittelmeerspiele von Split 1979<\/strong>).<br \/>\nGr\u00fcndung einer internationalen Segelregatta in Hvar.<\/p><\/div><\/div><div class='clear_column'><\/div><div class='content-column one_half'><div style=\"padding-right:6px;\"><p><strong>1980<\/strong>.<br \/>\nU okviru pansiona Meneghello na Palmi\u017eani otvorena galerija<strong> \u0160korpion.<\/strong><\/p>\n<p><strong>1982<\/strong>.<br \/>\nObnovljena i pro\u0161irena<strong> Arheolo\u0161ka zbirka i lapidarij dr. Grga Novak <\/strong>Centra za za\u0161titu kulturne ba\u0161tine otoka Hvara.<\/p><\/div><\/div><div class='content-column one_half last_column'><div style=\"padding-right:0px;padding-left:6px;\"><p><strong>1980<br \/>\n<\/strong>Die Galerie <strong>\u0160korpion<\/strong> wird in der Pension Meneghello in Palmi\u017eani er\u00f6ffnet.<\/p>\n<p><strong>1982<br \/>\n<\/strong>Die <strong>Arch\u00e4ologische Sammlung und das Lapidarium von Dr. Grga Novak<\/strong> wird vom Zentrum f\u00fcr den Schutz des kulturellen Erbes der Insel Hvar erneuert und erweitert.<\/p><\/div><\/div><div class='clear_column'><\/div><div class='content-column one_half'><div style=\"padding-right:6px;\"><p><strong>1983.<br \/>\nSun\u010dani Hvar<\/strong> &#8211; prva turisti\u010dka promid\u017ebena video kaseta na 5 jezika u re\u017eiji Daniela Maru\u0161i\u0107a i trajanju od 14 minuta.<\/p><\/div><\/div><div class='content-column one_half last_column'><div style=\"padding-right:0px;padding-left:6px;\"><p><strong>1983<br \/>\n<\/strong><strong>Sun\u010dani Hvar<\/strong> &#8211; die erste touristische Werbevideo-Kassette in 5 Sprachen wird von Daniel Maru\u0161i\u0107 ver\u00f6ffentlicht und dauert 14 Minuten.<\/p><\/div><\/div><div class='clear_column'><\/div><div class='content-column one_half'><div style=\"padding-right:6px;\"><p><strong>1985<\/strong>.<br \/>\nOtvoren nauti\u010dki centar na Palmi\u017eani.<br \/>\nHotelsko poduze\u0107e Hvar otvorilo sportski centar kod hotela Amfora (tenis, ko\u0161arka, odbojka, rukomet, mali nogomet).<\/p>\n<p><strong>1986<\/strong>.<br \/>\nlzgra\u0111en novi hotel<br \/>\nHvarska hotelska poduze\u0107a objedinjena u<strong> Sun\u010dani Hvar.<br \/>\n<\/strong>U srednjovjekovnoj hvarskoj tvr\u0111avi uredena i otvorena zbirka amfora &#8211;<strong> Fortica.<br \/>\n<\/strong>Otvorena zhirka umjetnina samostana Benediktinki &#8211;<strong> Zbirka umjetnina Hanibal Lu\u010di\u0107.<br \/>\n<\/strong>Na Palmi\u017eani, u okviru pansiona Meneghello otvorena<strong> Hidroarheolo\u0161ka zbirka ing. jurja Tota Meneghella.<br \/>\n<\/strong>Objavljen nov turisti\u010dki vodi\u010d otoka Hvara (autori prof. Mirjana Kolumbi\u0107 i prof. Marinko Petri\u0107).<\/p><\/div><\/div><div class='content-column one_half last_column'><div style=\"padding-right:0px;padding-left:6px;\"><p><strong>1985<br \/>\n<\/strong>Das nautische Zentrum auf Palmi\u017eana wird er\u00f6ffnet.<br \/>\nDie Hotelgesellschaft Hvar er\u00f6ffnete das Sportzentrum beim Amfora Hotel (Tennis, Basketball, Volleyball, Handball, Fu\u00dfball).<\/p>\n<p><strong>1986<br \/>\n<\/strong>Bau des neuen Hotels <strong>Slavija<\/strong>.<br \/>\nDie Hvarer Hotelgesellschaft wird mit <strong>Sun\u010dani Hvar<\/strong> vereinigt.<br \/>\nIn der mittelalterlichen Festung Hvar, wird eine Amphorensammlung \u2013 <strong>Fortica<\/strong> er\u00f6ffnet.<br \/>\nIm Benediktinerinnen-Kloster wird eine Kunst-Sammlung \u2013 die Sammlung Hanibal <strong>Lu\u010di\u0107<\/strong> er\u00f6ffnet.<br \/>\nIn Palmi\u017eani, innerhalb der Pension Meneghello, wird die Hydroarcheologische Sammlung von Tatto Meneghella er\u00f6ffnet.<br \/>\nEin neuer Reisef\u00fchrer der Insel Hvar wurde ver\u00f6ffentlicht (Autoren: Prof. Mirjana Kolumbic und Prof. Marinko Petri\u0107).<\/p><\/div><\/div><div class='clear_column'><\/div><div class='content-column one_half'><div style=\"padding-right:6px;\"><p><strong>1988<\/strong>.<br \/>\nNa trgu ispred katedrale, ansambl splitskog kazali\u0161ta pod ravnanjem maestra Sandra Zaninovi\u0107a i uz strane soliste izveo &#8211;<strong> Requiem <\/strong>Giuseppe Verdija.<br \/>\nSve\u010dano obilje\u017eeno 120. godina modernog hvarskog turizma.<br \/>\nTuristi\u010dki savez op\u0107ine Hvar objavio bro\u0161uru<strong> Hvar &#8211; otok za sva vre-mena<\/strong>, koja je po prvi put objedinila ukupnu turisti\u010dku ponudu Hvara (kako dr\u017eavnog tako i privatnog sektora).<\/p><\/div><\/div><div class='content-column one_half last_column'><div style=\"padding-right:0px;padding-left:6px;\"><p><strong>1988<br \/>\n<\/strong>Auf dem Platz vor der Kathedrale f\u00fchrt das Ensemble des Theaters Split unter der Leitung von Meister Sandra Zaninovic das <strong>Requiem<\/strong> von Giuseppe Verdi auf.<br \/>\n120-j\u00e4hriges Jubil\u00e4um des modernen Tourismus in Hvar.<br \/>\nDer Tourismusverband Hvar ver\u00f6ffentlichte eine Brosch\u00fcre <strong>Hvar &#8211; eine Insel f\u00fcr alle Altersgruppe<\/strong>n, die zum ersten Mal das gesamte touristische Angebot von Hvar (Staat und Privatwirtschaft) zusammenf\u00fchrte.<\/p><\/div><\/div><div class='clear_column'><\/div><div class='content-column one_half'><div style=\"padding-right:6px;\"><p><strong>1989<\/strong>.<br \/>\nSun\u010dani Hvar se ponovo cijepa na tri hotelske tvrtke.<br \/>\nObjavljena monografija<strong> Otok Hvar <\/strong>hotelskog poduze\u0107a Sun\u010dani Hvar (autor knji\u017eevnik Veljko Barbieri).<\/p>\n<p><strong>1990<\/strong>.<br \/>\nU okviru Splitskog ljeta, u hvarskom kazali\u0161tu nastupa moskovski dramski ansambl s djelom Luigija Pirandella<strong> Ve\u010deras improviziramo <\/strong>u re\u017eiji Anatolija Vasiljeva.<\/p><\/div><\/div><div class='content-column one_half last_column'><div style=\"padding-right:0px;padding-left:6px;\"><p><strong>1989<br \/>\n<\/strong>Sun\u010dani Hvar wird in drei Hotelbetriebe aufgeteilt.<br \/>\nDie Monographie <strong>Insel Hvar<\/strong> Hotelbetrieb Sun\u010dani Hvar (Autor Schriftsteller Veljko Barbieri) wird ver\u00f6ffentlicht.<\/p>\n<p><strong>1990<br \/>\n<\/strong>Im Rahmen des Spliter Sommers spielt im Hvarer Theater das Moskauer Schauspielensemble das Werk von Luigi Pirandello, <strong>heute Abend improvisieren wir<\/strong>, unter der Regie von Anatoli Vasiljeva.<\/p><\/div><\/div><div class='clear_column'><\/div><div class='content-column one_half'><div style=\"padding-right:6px;\"><p><strong>1991<\/strong>.<br \/>\nObjavljen u Italiji putopisni roman ugledne talijanske spisateljice Lalle Romano<strong> Le lune di Hvar.<\/strong><\/p><\/div><\/div><div class='content-column one_half last_column'><div style=\"padding-right:0px;padding-left:6px;\"><p><strong>1991<br \/>\n<\/strong>Ein Reiseroman des renommierten italienischen Schriftstellers Lalle Romano, <strong>der Mond von Hvar<\/strong>, wird ver\u00f6ffentlicht.<\/p><\/div><\/div><div class='clear_column'><\/div><div class='content-column one_half'><div style=\"padding-right:6px;\"><p><strong>1992<\/strong>.<br \/>\nOsnovana <strong>Turisti\u010dka zajednica grada Hvara.<\/strong><\/p>\n<p><strong>1993<\/strong>.<br \/>\nU Hvaru i Dubrovniku odr\u017ean 59. svjetski <strong>P.E.N. <\/strong>kongres.<\/p><\/div><\/div><div class='content-column one_half last_column'><div style=\"padding-right:0px;padding-left:6px;\"><p><strong>1992<br \/>\n<\/strong>Der <strong>Tourismusverband der Stadt Hvar<\/strong> wird gegr\u00fcndet.<\/p>\n<p><strong>1993<br \/>\n<\/strong>In Hvar und Dubrovnik findet der 59. Weltkongress des <strong>P.E.N.<\/strong> statt.<\/p><\/div><\/div><div class='clear_column'><\/div><div class='content-column one_half'><div style=\"padding-right:6px;\"><p><strong>1994<\/strong>.<br \/>\nlzvr\u0161ena pretvorba tvrtke Sun\u010dani Hvar u dioni\u010dko dru\u0161tvo.<br \/>\nU okviru nekada\u0161njeg samostana sv. Venerande, otvoren multimedija-Ini zabavni centar<strong> Veneranda.<\/strong><\/p>\n<p><strong>1995<\/strong>.<br \/>\nObjavljen<strong> Hvar &#8211; Total<\/strong>, moderni turisti\u010dki priru\u010dnik grada Hvara (autor Marinko Petri\u0107).<\/p>\n<p><strong>1996<\/strong>.<br \/>\nU Hvaru utemeljena manifestacija<strong> Miss Adriatic<\/strong> &#8211; revija ljepotica s obje strane Jadrana.<\/p><\/div><\/div><div class='content-column one_half last_column'><div style=\"padding-right:0px;padding-left:6px;\"><p><strong>1994<br \/>\n<\/strong>erfolgte die Umwandlung von Sun\u010dani Hvar in eine AG.<br \/>\nIm ehemaligen Kloster Venerande, wird das Multimedia-Unterhaltungszentrum <strong>Veneranda<\/strong> er\u00f6ffnet.<\/p>\n<p><strong>1995<br \/>\n<\/strong><strong>Hvar &#8211; Total<\/strong>, ein moderner Reisef\u00fchrer der Stadt Hvar (Autor Marinko Petri\u0107) erscheint.<\/p>\n<p><strong>1996<br \/>\n<\/strong>Die Veranstaltung zur Wahl der <strong>Miss Adria<\/strong> wurde in Hvar gegr\u00fcndet &#8211; eine Sch\u00f6nheitsshow auf beiden Seiten der Adria.<\/p><\/div><\/div><div class='clear_column'><\/div><div class='content-column one_half'><div style=\"padding-right:6px;\"><p><strong>1997<\/strong>.<br \/>\nPo anketi ameri\u010dkog turisti\u010dkog magazina <strong>Traveler, <\/strong>otok Hvar je pro-gla\u0161en me\u0111u 10 najljep\u0161ih na svijetu.<br \/>\nUtemeljeno me\u0111unarodno sportsko natjecanje u tenisu<strong> Biseri Dalmacije<\/strong>.<\/p>\n<p><strong>1998<\/strong>.<br \/>\nSve\u010dano obilje\u017eena 130. obljetnica modernog hvarskog turizma otkri-vanjem spomen-plo\u010de na zgradi prvog hvarskog hotela i izlo\u017ebom o povijesti hvarskog turizma. Pokrovitelj proslave bilo je Ministarstvo turi-zma Republike Hrvatske.<\/p><\/div><\/div><div class='content-column one_half last_column'><div style=\"padding-right:0px;padding-left:6px;\"><p><strong>1997<br \/>\n<\/strong>Nach einer Umfrage des US-Reisemagazins <strong>Traveller<\/strong> z\u00e4hlt die Insel Hvar zu den 10 sch\u00f6nsten Destinationen der Welt.<br \/>\nGr\u00fcndung des internationalen Tennisturniers <strong>Dalmatinische Perlen<\/strong>.<\/p>\n<p><strong>1998<br \/>\n<\/strong>Das 130-j\u00e4hrige Jubil\u00e4um des modernen Tourismus in Hvar wird durch die Enth\u00fcllung einer Gedenktafel am Geb\u00e4ude des ersten Hotels in Hvar und einer Ausstellung \u00fcber die Geschichte des Tourismus in Hvar gefeiert. Der Schirmherr der Feier war das Ministerium f\u00fcr Tourismus der Republik Kroatien.<\/p><\/div><\/div><div class='clear_column'><\/div><div class='content-column one_half'><div style=\"padding-right:6px;\"><p><strong>1999<\/strong>.<br \/>\nObjavljen novi turisti\u010dki prospekt Hvara, u izdanju Turisti\u010dke zajednice Hvar.<\/p>\n<p><strong>2000<\/strong>.<br \/>\nObjavljene<strong> Kantilene i kartoline<\/strong>, romaneskni zapis o Hvaru knji\u017eevnika Veljka Barbierija.<\/p><\/div><\/div><div class='content-column one_half last_column'><div style=\"padding-right:0px;padding-left:6px;\"><p><strong>1999<br \/>\n<\/strong>Eine neue Touristische Brosch\u00fcre von Hvar, wurde vom Fremdenverkehrsamt von Hvar ver\u00f6ffentlicht.<\/p>\n<p><strong>2000<br \/>\n<\/strong><strong>Kantilene i kartoline<\/strong>, ein Roman des Hvarer Schriftstellers Veljko Barbierija wird ver\u00f6ffentlicht.<\/p><\/div><\/div><div class='clear_column'><\/div><\/p>\n<hr \/>\n<p><strong>Linkovi \/ Links<\/strong><\/p>\n<p><span style=\"color: #3366ff;\"><a style=\"color: #3366ff;\" href=\"https:\/\/www.topohvar.at\/topo\/orte\/hv\/hv-is-41-1\">HVAR &#8211; Spomen plo\u010da \/ Gedenktafel \u00bbGeorgius Dubokovich<\/a><br \/>\n<a style=\"color: #3366ff;\" href=\"https:\/\/www.topohvar.at\/orte\/hv\/hv-tg-67-1\/\">Prvi hotel u Hvaru \/ Erstes Hotel auf Hvar<\/a><\/span><\/p>\n","protected":false},"excerpt":{"rendered":"<p>Ime \/ Name Spomen plo\u010da \u00bbHigijeni\u010dko dru\u0161tvo Hvar\u00ab \/ Gedenktafel &#8211; Hygienischer Verein Hvar Code: HV-IS-09\u00a0 \u00a0 \u00a0 \u00a0 \u00a0 \u00a0 \u00a0 \u00a0 \u00a0 \u00a0 \u00a0 \u00a0 \u00a0 \u00a0 \u00a0 \u00a0 \u00a0 \u00a0\u00a0\u00a0 \u00a0 Adresa \/ Adresse Grad Hvar,\u00a0Trg sv. &hellip; <a href=\"https:\/\/www.topohvar.at\/topo\/orte\/hv\/hv-is-09-1\/\">Weiterlesen <span class=\"meta-nav\">&rarr;<\/span><\/a><\/p>\n","protected":false},"author":1,"featured_media":0,"parent":80,"menu_order":0,"comment_status":"closed","ping_status":"closed","template":"","meta":{"footnotes":""},"class_list":["post-14518","page","type-page","status-publish","hentry"],"_links":{"self":[{"href":"https:\/\/www.topohvar.at\/topo\/wp-json\/wp\/v2\/pages\/14518","targetHints":{"allow":["GET"]}}],"collection":[{"href":"https:\/\/www.topohvar.at\/topo\/wp-json\/wp\/v2\/pages"}],"about":[{"href":"https:\/\/www.topohvar.at\/topo\/wp-json\/wp\/v2\/types\/page"}],"author":[{"embeddable":true,"href":"https:\/\/www.topohvar.at\/topo\/wp-json\/wp\/v2\/users\/1"}],"replies":[{"embeddable":true,"href":"https:\/\/www.topohvar.at\/topo\/wp-json\/wp\/v2\/comments?post=14518"}],"version-history":[{"count":22,"href":"https:\/\/www.topohvar.at\/topo\/wp-json\/wp\/v2\/pages\/14518\/revisions"}],"predecessor-version":[{"id":53507,"href":"https:\/\/www.topohvar.at\/topo\/wp-json\/wp\/v2\/pages\/14518\/revisions\/53507"}],"up":[{"embeddable":true,"href":"https:\/\/www.topohvar.at\/topo\/wp-json\/wp\/v2\/pages\/80"}],"wp:attachment":[{"href":"https:\/\/www.topohvar.at\/topo\/wp-json\/wp\/v2\/media?parent=14518"}],"curies":[{"name":"wp","href":"https:\/\/api.w.org\/{rel}","templated":true}]}}