{"id":14564,"date":"2018-12-31T12:25:13","date_gmt":"2018-12-31T11:25:13","guid":{"rendered":"https:\/\/www.topohvar.at\/?page_id=14564"},"modified":"2021-11-15T10:24:03","modified_gmt":"2021-11-15T09:24:03","slug":"hv-ig-23-1","status":"publish","type":"page","link":"https:\/\/www.topohvar.at\/topo\/orte\/hv\/hv-ig-23-1\/","title":{"rendered":"HVAR &#8211; Grb \u00bbNa vanjski zid franjeva\u010dkog samostana\u00ab"},"content":{"rendered":"<p><a name=\"seite_oben\"><\/a><br \/>\n<img loading=\"lazy\" decoding=\"async\" class=\"alignnone wp-image-14588 size-large\" src=\"https:\/\/www.topohvar.at\/wp-content\/uploads\/2018\/12\/HV-ig-23-1-1024x503.jpg\" alt=\"\" width=\"640\" height=\"314\" srcset=\"https:\/\/www.topohvar.at\/wp-content\/uploads\/2018\/12\/HV-ig-23-1-1024x503.jpg 1024w, https:\/\/www.topohvar.at\/wp-content\/uploads\/2018\/12\/HV-ig-23-1-300x147.jpg 300w, https:\/\/www.topohvar.at\/wp-content\/uploads\/2018\/12\/HV-ig-23-1-768x377.jpg 768w, https:\/\/www.topohvar.at\/wp-content\/uploads\/2018\/12\/HV-ig-23-1.jpg 1080w\" sizes=\"auto, (max-width: 640px) 100vw, 640px\" \/><\/p>\n<p><strong>Ime \/ Name<br \/>\n<\/strong>Grb \u00bbNa vanjski zid franjeva\u010dkog samostana\u00ab \/ Wappen an der Au\u00dfenmauer des Franziskanerklosters<\/p>\n<p><strong>Code: <\/strong>HV-IG-23\u00a0 \u00a0 \u00a0 \u00a0 \u00a0 \u00a0 \u00a0 \u00a0 \u00a0 \u00a0 \u00a0 \u00a0 \u00a0 \u00a0 \u00a0 \u00a0 \u00a0 \u00a0\u00a0\u00a0<strong><a href=\"https:\/\/www.topohvar.at\/orte\/hv\/hv-ig-55-1\/\"><img loading=\"lazy\" decoding=\"async\" class=\"alignnone wp-image-533 size-full\" src=\"https:\/\/www.topohvar.at\/wp-content\/uploads\/2018\/07\/push-l-30.jpg\" alt=\"\" width=\"61\" height=\"30\" \/><\/a> <a href=\"https:\/\/www.topohvar.at\/orte\/hv\/\"><img loading=\"lazy\" decoding=\"async\" class=\"alignnone wp-image-535 size-full\" src=\"https:\/\/www.topohvar.at\/wp-content\/uploads\/2018\/07\/push-o-30.jpg\" alt=\"\" width=\"61\" height=\"30\" \/><\/a> <a href=\"https:\/\/www.topohvar.at\/orte\/hv\/hv-ig-42-1\/\"><img loading=\"lazy\" decoding=\"async\" class=\"alignnone wp-image-536 size-full\" src=\"https:\/\/www.topohvar.at\/wp-content\/uploads\/2018\/07\/push-r-30.jpg\" alt=\"\" width=\"61\" height=\"30\" \/><\/a>\u00a0<a href=\"https:\/\/www.topohvar.at\/hv-ir-22-1\/\"><img loading=\"lazy\" decoding=\"async\" class=\"alignnone wp-image-12299 size-full\" src=\"https:\/\/www.topohvar.at\/wp-content\/uploads\/2018\/09\/push-next-30.jpg\" alt=\"\" width=\"61\" height=\"30\" \/><\/a><\/strong><\/p>\n<hr \/>\n<p><strong>Adresa \/ Adresse<br \/>\n<\/strong>Grad Hvar,\u00a0\u0160etali\u0161te Put Kri\u017ea<\/p>\n<p><strong>Lokacija<\/strong><strong> \/ Position<a href=\"https:\/\/goo.gl\/maps\/awWxaLbTTc48vGGZ9\"><img loading=\"lazy\" decoding=\"async\" class=\"alignright wp-image-16430\" src=\"https:\/\/www.topohvar.at\/wp-content\/uploads\/2019\/01\/1438.jpg\" alt=\"\" width=\"134\" height=\"100\" \/><\/a><br \/>\n<\/strong><span style=\"color: #3366ff;\"><a style=\"color: #3366ff;\" href=\"https:\/\/goo.gl\/maps\/awWxaLbTTc48vGGZ9\">Latitude: N 43,16786\u00b0\u00a0 \u00a0Longitude: E 16,44288<\/a>\u00b0<\/span> <strong><br \/>\n<\/strong>Visina \/ H\u00f6he: 4 m<\/p>\n<p><strong>Katastarska \u010destica<\/strong><strong> \/ Grundst\u00fccke<br \/>\n<\/strong>3905<div class='content-column one_half'><div style=\"padding-right:6px;\"><p><strong>Datum snimanja \/ Erfassungsdatum<br \/>\n<\/strong>22.02.2017 14:50:00<\/p>\n<hr \/>\n<p><strong>Informacije<\/strong><\/p>\n<p>&#8211;<\/p><\/div><\/div><div class='content-column one_half last_column'><div style=\"padding-right:0px;padding-left:6px;\"><p><strong>Stupanj za\u0161tite<\/strong><strong> \/ Schutzstellung<br \/>\n<\/strong>&#8211;<\/p>\n<hr \/>\n<p><strong>Info<\/strong><\/p>\n<p>&#8211;<\/p><\/div><\/div><div class='clear_column'><\/div><\/p>\n<p style=\"text-align: right;\"><span style=\"color: #3366ff;\"><a style=\"color: #3366ff;\" href=\"#seite_oben\">natrag na vrh \/ Seitenanfang<\/a><\/span><\/p>\n<hr \/>\n<p><strong>Linkovi \/ Links<\/strong><\/p>\n<p><span style=\"color: #3366ff;\"><a style=\"color: #3366ff;\" href=\"https:\/\/www.topohvar.at\/orte\/hv\/hv-ca-01-1\/\">Franjeva\u010dki samostan \/ Franziskanerkloster<\/a><\/span><br \/>\n<span style=\"color: #3366ff;\"><a style=\"color: #3366ff;\" href=\"https:\/\/www.topohvar.at\/orte\/hv\/hv-in-08-1\/\">Natpis \/ Inschrift \u00bbFRANCISCHVS DEPOLO \u2026\u00ab<\/a><\/span><br \/>\n<span style=\"color: #3366ff;\"><a style=\"color: #3366ff;\" href=\"https:\/\/www.topohvar.at\/orte\/hv\/hv-ir-42-1\/\">Reljef \u00bb800. obljetnica sv. Franje\u00ab \/ Relief \u2013 800. Jahrestag hl. Franziskus<\/a><\/span><br \/>\n<span style=\"color: #3366ff;\"><a style=\"color: #3366ff;\" href=\"https:\/\/www.topohvar.at\/orte\/hv\/hv-is-28-1\/\">Spomen plo\u010da \u00bbPrigodom proslave 500. godo\u0161njice\u00ab \/ Gedenktafel \u2013 500. Jahrestag des Klosterbestandes<\/a><\/span><br \/>\n<span style=\"color: #3366ff;\"><a style=\"color: #3366ff;\" href=\"https:\/\/www.topohvar.at\/orte\/hv\/hv-mo-11-1\/\">Skulptura \u00bbU dvori\u0161tu samostana\u00ab \/ Skulptur im Klosterhof<\/a><\/span><br \/>\n<span style=\"color: #3366ff;\"><a style=\"color: #3366ff;\" href=\"https:\/\/www.topohvar.at\/orte\/hv\/hv-mo-13-1\/\">Kip \u00bbU dvori\u0161tu samostana\u00ab \/ Statue im Klosterhof<\/a><\/span><br \/>\n<span style=\"color: #3366ff;\"><a style=\"color: #3366ff;\" href=\"https:\/\/www.topohvar.at\/orte\/hv\/hv-ob-05-1\/\">Objekt \u00bbBroj\u010danik i sun\u010dani sat u dvori\u0161tu samostana\u00ab \/ Steinernes Zifferblatt und Sonnenuhr im Klosterhof<\/a><\/span><br \/>\n<span style=\"color: #3366ff;\"><a style=\"color: #3366ff;\" href=\"https:\/\/www.topohvar.at\/orte\/hv\/hv-op-04-1\/\">Objekt \u00bbZdenac u dvori\u0161tu samostana\u00ab \/ Brunnen im Klosterhof<\/a><\/span><br \/>\n<span style=\"color: #3366ff;\"><a style=\"color: #3366ff;\" href=\"https:\/\/www.topohvar.at\/orte\/hv\/hv-mo-01-1\/\">Kip \u00bbSv. Franjo Asi\u0161k\u00ab \/ Statue des hl. Franz von Assisi<\/a><\/span><br \/>\n<span style=\"color: #3366ff;\"><a style=\"color: #3366ff;\" href=\"https:\/\/www.topohvar.at\/orte\/hv\/hv-mo-12-1\/\">Kip \u00bbSv. Antonija\u00ab \/ Statue des hl. Antonius<\/a><\/span><br \/>\n<span style=\"color: #3366ff;\"><a style=\"color: #3366ff;\" href=\"https:\/\/www.topohvar.at\/orte\/hv\/hv-ob-09-1\/\">Objekt \u00bbPiramida na samostanskom zidu\u00ab \/ Pyramide auf der Klostermauer<\/a><br \/>\n<a style=\"color: #3366ff;\" href=\"https:\/\/www.topohvar.at\/orte\/hv\/hv-op-08-1\/\">Objekt \u00bbGustirna u dvori\u0161tu vrtu samostana\u00ab \/ Zisterne im Gartenhof des Klosters<\/a><br \/>\n<\/span><\/p>\n","protected":false},"excerpt":{"rendered":"<p>Ime \/ Name Grb \u00bbNa vanjski zid franjeva\u010dkog samostana\u00ab \/ Wappen an der Au\u00dfenmauer des Franziskanerklosters Code: HV-IG-23\u00a0 \u00a0 \u00a0 \u00a0 \u00a0 \u00a0 \u00a0 \u00a0 \u00a0 \u00a0 \u00a0 \u00a0 \u00a0 \u00a0 \u00a0 \u00a0 \u00a0 \u00a0\u00a0\u00a0 \u00a0 Adresa \/ Adresse Grad &hellip; <a href=\"https:\/\/www.topohvar.at\/topo\/orte\/hv\/hv-ig-23-1\/\">Weiterlesen <span class=\"meta-nav\">&rarr;<\/span><\/a><\/p>\n","protected":false},"author":1,"featured_media":0,"parent":80,"menu_order":0,"comment_status":"closed","ping_status":"closed","template":"","meta":{"footnotes":""},"class_list":["post-14564","page","type-page","status-publish","hentry"],"_links":{"self":[{"href":"https:\/\/www.topohvar.at\/topo\/wp-json\/wp\/v2\/pages\/14564","targetHints":{"allow":["GET"]}}],"collection":[{"href":"https:\/\/www.topohvar.at\/topo\/wp-json\/wp\/v2\/pages"}],"about":[{"href":"https:\/\/www.topohvar.at\/topo\/wp-json\/wp\/v2\/types\/page"}],"author":[{"embeddable":true,"href":"https:\/\/www.topohvar.at\/topo\/wp-json\/wp\/v2\/users\/1"}],"replies":[{"embeddable":true,"href":"https:\/\/www.topohvar.at\/topo\/wp-json\/wp\/v2\/comments?post=14564"}],"version-history":[{"count":13,"href":"https:\/\/www.topohvar.at\/topo\/wp-json\/wp\/v2\/pages\/14564\/revisions"}],"predecessor-version":[{"id":53531,"href":"https:\/\/www.topohvar.at\/topo\/wp-json\/wp\/v2\/pages\/14564\/revisions\/53531"}],"up":[{"embeddable":true,"href":"https:\/\/www.topohvar.at\/topo\/wp-json\/wp\/v2\/pages\/80"}],"wp:attachment":[{"href":"https:\/\/www.topohvar.at\/topo\/wp-json\/wp\/v2\/media?parent=14564"}],"curies":[{"name":"wp","href":"https:\/\/api.w.org\/{rel}","templated":true}]}}