{"id":1457,"date":"2018-07-30T07:10:02","date_gmt":"2018-07-30T05:10:02","guid":{"rendered":"https:\/\/www.topohvar.at\/?page_id=1457"},"modified":"2022-01-29T09:43:08","modified_gmt":"2022-01-29T08:43:08","slug":"do-ci-02-2","status":"publish","type":"page","link":"https:\/\/www.topohvar.at\/topo\/orte\/do\/do-ci-02-2\/","title":{"rendered":"DOL &#8211; Crkva \u00bbSv. Marije (Guospa od dvo luja, Gospa od sela)\u00ab"},"content":{"rendered":"<p><a name=\"seite_oben\"><\/a><br \/>\n<strong><img loading=\"lazy\" decoding=\"async\" class=\"alignnone wp-image-1461 size-large\" src=\"https:\/\/www.topohvar.at\/wp-content\/uploads\/2018\/07\/DO-CI-02-1-1024x503.jpg\" alt=\"\" width=\"640\" height=\"314\" srcset=\"https:\/\/www.topohvar.at\/wp-content\/uploads\/2018\/07\/DO-CI-02-1-1024x503.jpg 1024w, https:\/\/www.topohvar.at\/wp-content\/uploads\/2018\/07\/DO-CI-02-1-300x147.jpg 300w, https:\/\/www.topohvar.at\/wp-content\/uploads\/2018\/07\/DO-CI-02-1-768x377.jpg 768w\" sizes=\"auto, (max-width: 640px) 100vw, 640px\" \/><\/strong><\/p>\n<p><strong>Ime \/ Name<br \/>\n<\/strong>Crkva \u00bbSv. Marije (Guospa od dvo luja, Gospa od sela)\u00ab \/ Kirche der hl. Maria (Unsere Liebe Frau der zwei Lilien, Unsere Liebe Frau vom Dorf)\u00ab<\/p>\n<p><strong>Code: <\/strong>DO-CI-02\u00a0 \u00a0 \u00a0 \u00a0 \u00a0 \u00a0 \u00a0 \u00a0<a href=\"https:\/\/www.topohvar.at\/orte\/do\/do-ci-01-2\/\"><img loading=\"lazy\" decoding=\"async\" class=\"alignnone size-full wp-image-12300\" src=\"https:\/\/www.topohvar.at\/wp-content\/uploads\/2018\/09\/push-vor-30.jpg\" alt=\"\" width=\"61\" height=\"30\" \/><\/a>\u00a0<strong><a href=\"https:\/\/www.topohvar.at\/orte\/do\/do-ci-01-2\/\"><img loading=\"lazy\" decoding=\"async\" class=\"alignnone wp-image-533 size-full\" src=\"https:\/\/www.topohvar.at\/wp-content\/uploads\/2018\/07\/push-l-30.jpg\" alt=\"\" width=\"61\" height=\"30\" \/><\/a> <a href=\"https:\/\/www.topohvar.at\/orte\/do\/\"><img loading=\"lazy\" decoding=\"async\" class=\"alignnone wp-image-535 size-full\" src=\"https:\/\/www.topohvar.at\/wp-content\/uploads\/2018\/07\/push-o-30.jpg\" alt=\"\" width=\"61\" height=\"30\" \/><\/a> <a href=\"https:\/\/www.topohvar.at\/orte\/do\/do-ci-03-2\/\"><img loading=\"lazy\" decoding=\"async\" class=\"alignnone wp-image-536 size-full\" src=\"https:\/\/www.topohvar.at\/wp-content\/uploads\/2018\/07\/push-r-30.jpg\" alt=\"\" width=\"61\" height=\"30\" \/><\/a>\u00a0<a href=\"https:\/\/www.topohvar.at\/orte\/do\/do-ck-01-2\/\"><img loading=\"lazy\" decoding=\"async\" class=\"alignnone wp-image-12299 size-full\" src=\"https:\/\/www.topohvar.at\/wp-content\/uploads\/2018\/09\/push-next-30.jpg\" alt=\"\" width=\"61\" height=\"30\" \/><\/a><\/strong><\/p>\n<hr \/>\n<p><strong>Adresa \/ Adresse<br \/>\n<\/strong>Dol,\u00a0Sv. Marija<\/p>\n<p><strong>Lokacija<\/strong><strong> \/ Position<a href=\"https:\/\/goo.gl\/maps\/2whECLBmLCDYY9xL7\"><img loading=\"lazy\" decoding=\"async\" class=\"alignright wp-image-1464\" src=\"https:\/\/www.topohvar.at\/wp-content\/uploads\/2018\/07\/0067.jpg\" alt=\"\" width=\"134\" height=\"100\" \/><\/a><br \/>\n<\/strong><span style=\"color: #3366ff;\"><a style=\"color: #3366ff;\" href=\"https:\/\/goo.gl\/maps\/2whECLBmLCDYY9xL7\">Latitude: N 43,16827\u00b0\u00a0 \u00a0Longitude: E 16,61214\u00b0<\/a> <\/span><strong><br \/>\n<\/strong>Visina \/ H\u00f6he: 77 m<\/p>\n<p><strong>Katastarska \u010destica<\/strong><strong> \/ Grundst\u00fccke<br \/>\n<\/strong>*13\/1, *13\/2, 569<div class='content-column one_half'><div style=\"padding-right:6px;\"><p><strong>Datum snimanja \/ Erfassungsdatum<br \/>\n<\/strong>13.05.2013 10:41:01<\/p>\n<hr \/>\n<p><strong>Informacije<\/strong><\/p>\n<p>Crkva Sv. Marije se nalazi u zapadnoj dolini sela Dol, u njegovom zaselku koji po crkvi nosi naziv Dol Sv. Marije. Nekad je bila posve\u0107ena Sv. Petru i Pavlu. Crkva se prvi put u povijesnim izvorima spominje 1331. godine kada je bila jednobrodna pravokutna gra\u0111evina s \u010detvrtastom apsidom. Gra\u0111evina koja se sa\u010duvala do danas datira iz 15. stolje\u0107a.<\/p><\/div><\/div><div class='content-column one_half last_column'><div style=\"padding-right:0px;padding-left:6px;\"><p><strong>Stupanj za\u0161tite<\/strong><strong> \/ Schutzstellung<br \/>\n<\/strong>Z-7001, P-819<\/p>\n<hr \/>\n<p><strong>Info<\/strong><\/p>\n<p>Die Kirche der hl. Maria liegt im westlichen Teil der Ortschaft Dol, der nach der Kirche \u201eDol Sv. Marije\u201c benannt ist. Fr\u00fcher war die Kirche den Heiligen Peter und Paul geweiht. Die Kirche wurde erstmals 1331 in historischen Quellen als einschiffiges, rechteckiges Geb\u00e4ude mit qudratischer Apsis erw\u00e4hnt. Das bis heute erhaltene Geb\u00e4ude stammt aus dem 15. Jahrhundert.<\/p><\/div><\/div><div class='clear_column'><\/div><div class='content-column one_half'><div style=\"padding-right:6px;\"><p>Jednobrodna je crkva sa kvadrati\u010dnom apsidom, tlocrtne dimenzije 7,5 x 19 metara. Brod crkve iz 15. stolje\u0107a zasvo\u0111en je \u0161iljastim svodom sa pojasnicama, to je danas sredi\u0161nji dio crkve, a 1621. crkvu pro\u0161iru njezina bratov\u0161tina dogradnjom prednjeg dijela. Do 18. st. je na vrhu pro\u010delja stajala preslica koja je tada preseljena na specifi\u010dan jednozidni zvonik ispred crkveu. U 18. stolje\u0107u je taj naknadno sazidani, zapadni dio crkve zbog tro\u0161nosti sru\u0161en i ponovno izgra\u0111en sa obilje\u017ejima doma\u0107eg baroka.<\/p><\/div><\/div><div class='content-column one_half last_column'><div style=\"padding-right:0px;padding-left:6px;\"><p>Die Kirche ist einschiffig mit einer einer Gr\u00f6\u00dfe von 7,5 x 19 Metern Gr\u00f6\u00dfe und besitzt eine quadratische Apsis.\u00a0 Das Kirchenschiff aus dem 15. Jh. hat ein Gew\u00f6lbe mit B\u00f6gen, das heute der zentrale Teil der Kirche ist. Im Jahre 1621 wurde die Kirche im vorderen Teil durch ihre Bruderschaft erweitert. Bis zum 18. Jh. war an der Giebelspitze ein Turm, der dann durch einen frei stehenden Turm vor der Kirche ersetzt wurde. Im 18. Jahrhundert wurde dieser sp\u00e4ter erbaute westliche Teil der Kirche abgerissen und aufgrund seiner Haltbarkeit mit den Merkmalen des lokalen Barock wieder aufgebaut.<\/p><\/div><\/div><div class='clear_column'><\/div><div class='content-column one_half'><div style=\"padding-right:6px;\"><p>Crkva je gra\u0111ena priklesanim kamenom u horizontalnim redovima, zakrovljena je dvostre\u0161nim krovom. Zapadno pro\u010delje crkve dobiva barokni portal flankiran sa dva kvadrati\u010dna prozora, te po dva ovalna prozora baroknog oblikovanja pod zabatom. Na uzdu\u017enim pro\u010deljima nalaze se po dva ovalna prozora baroknog oblikovanja, te jo\u0161 jedan ulaz na ju\u017enom pro\u010delju, u kamenim pragovima s baroknim nadvojem na kojem je uklesana: 4. LVG o 1774.<\/p><\/div><\/div><div class='content-column one_half last_column'><div style=\"padding-right:0px;padding-left:6px;\"><p>Die Kirche wurde aus behauenen Steinen in horizontalen Schichten gebaut und mit einem Satteldach gedeckt. Die Westfassade der Kirche erh\u00e4lt ein Barockportal, das von zwei quadratischen Fenstern flankiert wird und zwei ovale Barockfenster unter dem Giebel. An den L\u00e4ngsfassaden befinden sich zwei ovale Fenster im Barockstil und ein weiterer Eingang an der S\u00fcdfassade mit Steinschwellen mit einem Barocksturz mit eingemei\u00dfelter Inschrift: 4. Juli 1774.<\/p><\/div><\/div><div class='clear_column'><\/div><div class='content-column one_half'><div style=\"padding-right:6px;\"><p>Brod crkve ima horizontalan o\u017ebukani plafon i kameno poplo\u010danje izvedeno od lokalnog kamena. Sveti\u0161te je za\u0161ti\u0107eno kovanom \u017eeljeznom pregradom iz 1767 godine s vratima u sredi\u0161tu. Na lijepom secesionisti\u010dkom oltaru (Ivan Rendi\u0107a 1849.-1932.) u apsidi nalazi se ranorenesansna slika Gospe koju Kruno Prijatelj datira u 1480. godinu i atribuira toskanskom anonimu poznatom kao \u00abMaestro di Stratonice\u00bb.<\/p><\/div><\/div><div class='content-column one_half last_column'><div style=\"padding-right:0px;padding-left:6px;\"><p>Das Kirchenschiff hat eine horizontale verputzte Decke und Steinpflaster aus lokalem Stein. Das Heiligtum ist durch eine schmiedeeisernes Gitter aus dem Jahr 1767 mit einer T\u00fcr in der Mitte abgegrenzt. Auf dem wundersch\u00f6nen Sezessionsaltar (Ivan Rendi\u0107 1849-1932) in der Apsis befindet sich ein Renaissancebildnis der Muttergottes mit Kind, das 1480 von Kruno Prijatelj datiert und dem toskanischen Anonymen &#8222;Maestro di Stratonice&#8220; zugeschrieben wird.<\/p><\/div><\/div><div class='clear_column'><\/div><div class='content-column one_half'><div style=\"padding-right:6px;\"><p>Na ju\u017enom zidu je spomen-plo\u010da.<\/p><\/div><\/div><div class='content-column one_half last_column'><div style=\"padding-right:0px;padding-left:6px;\"><p>Eine Gedenktafel befindet sich an der S\u00fcdwand.<\/p><\/div><\/div><div class='clear_column'><\/div><div class='content-column one_half'><div style=\"padding-right:6px;\"><p>U\u017ee\u017ein blagdan &#8222;Gospe od sela&#8220; ili po starinsku Guospe od dvo luja, u 2. srpnle u Dolu je po\u010delo obilje\u017eavanje sveti\u0161ta \u010dija se tradicija \u010duvala vi\u0161e od 500 godina.<\/p><\/div><\/div><div class='content-column one_half last_column'><div style=\"padding-right:0px;padding-left:6px;\"><p>Das Fest der \u201eMuttergottes vom Dorf&#8220; oder von altersher \u201eMuttergottes der zwei Lilien\u201c, am 2. Juli pr\u00e4gt diese Kirche, deren Tradition seit \u00fcber 500 Jahren bewahrt wurde.<\/p><\/div><\/div><div class='clear_column'><\/div><div class='content-column one_half'><div style=\"padding-right:6px;\"><p>Crkva je registrirana pod brojem Z-7001 pod kulturnih dobara Republike Hrvatske.<\/p><\/div><\/div><div class='content-column one_half last_column'><div style=\"padding-right:0px;padding-left:6px;\"><p>Die Kirche ist mit der Nummer Z-7001 unter den Kulturg\u00fctern der Republik Kroatien registriert.<\/p><\/div><\/div><div class='clear_column'><\/div><\/p>\n<p style=\"text-align: right;\"><a href=\"#seite_oben\">natrag na vrh \/ Seitenanfang<\/a><\/p>\n<hr \/>\n<div class='content-column one_half'><div style=\"padding-right:6px;\"><p><strong>Zvonik crkve Sv. Marije<\/strong><\/p>\n<p>Do 18. st. je na vrhu pro\u010delja stajala preslica crkva Sv. Marije koja je tada preseljena na specifi\u010dan jednozidni zvonik ispred crkve.<\/p><\/div><\/div><div class='content-column one_half last_column'><div style=\"padding-right:0px;padding-left:6px;\"><p><strong>Glockenturm der Kirche zur hl. Maria<\/strong><\/p>\n<p>Bis zum 18. Jh. war an der Giebelspitze der Kirche zur hl. Maria ein Turm, der dann durch einen frei stehenden Turm vor der Kirche ersetzt wurde.<\/p><\/div><\/div><div class='clear_column'><\/div><img loading=\"lazy\" decoding=\"async\" class=\"alignnone size-full wp-image-18069\" src=\"https:\/\/www.topohvar.at\/wp-content\/uploads\/2019\/01\/DO-ci-02-22.jpg\" alt=\"\" width=\"673\" height=\"530\" srcset=\"https:\/\/www.topohvar.at\/wp-content\/uploads\/2019\/01\/DO-ci-02-22.jpg 673w, https:\/\/www.topohvar.at\/wp-content\/uploads\/2019\/01\/DO-ci-02-22-300x236.jpg 300w\" sizes=\"auto, (max-width: 673px) 100vw, 673px\" \/><\/p>\n<hr \/>\n<div class='content-column one_half'><div style=\"padding-right:6px;\"><p><strong>Legenda o Gospe od sela<\/strong><\/p>\n<p>U \u017eupi Dol na otoku Hvaru Majka Bo\u017eja se \u0161tuje i \u010dasti od 1478. godine kao Gospa od Sela. Predaja i kronika govore da je te godine u blizini crkvice Sv. Petra i Pavla iz 1430. godine jedna pastirica u nekom grmu na\u0161la Gospinu sliku, sakrila je u ormar i o tome obavijestila svoje roditelje..<\/p><\/div><\/div><div class='content-column one_half last_column'><div style=\"padding-right:0px;padding-left:6px;\"><p><strong>Die Sage vom Muttergottesbild<\/strong><\/p>\n<p>In der Gemeinde Dol auf der Insel Hvar wird die Gottesmutter seit 1478 als Muttergottes des Dorfes verehrt und verehrt. \u00dcberlieferungen und Chroniken besagen, dass in diesem Jahr in der N\u00e4he der Kirche St. Peter und Paul aus dem Jahr 1430, eine Hirtin fand in einem Geb\u00fcsch ein Bild der Muttergottes, versteckte es in einem Schrank und informierte ihre Eltern.<\/p><\/div><\/div><div class='clear_column'><\/div><div class='content-column one_half'><div style=\"padding-right:6px;\"><p>Boje\u0107i se da im je k\u0107i Gospinu sliku negdje ukrala roditelji su pozvali svog \u017eupnika, a on je sliku postavio u spomenutu crkvicu koja je potom pro\u0161irena i dobila ime crkva Gospe od Sela. \u017dupljani susjedne \u017eupe Stari Grad svojatali su sliku sebi. Do\u0161li su u Dol, uzeli sliku i ponijeli je u svoju \u017eupu. Ali na izlasku iz Dola iznenada je nastalo nevrijeme, pa su sliku vratili nazad.<\/p><\/div><\/div><div class='content-column one_half last_column'><div style=\"padding-right:0px;padding-left:6px;\"><p>Aus Angst, dass ihre Tochter das Bild der Muttergottes irgendwo gestohlen hatte, riefen die Eltern ihren Pfarrer an. Der stellte das Bild in der erw\u00e4hnten Kirche auf. Die Kirche wurde sp\u00e4ter erweitert und Kirche der Muttergottes des Dorfes genannt. Die\u00a0 Gemeindemitglieder der Nachbargemeinde Stari Grad machten sich selbst ein Bild. Sie kamen nach Dol, nahmen das Bild und wollten es in ihre Gemeinde bringen. Aber auf dem Weg aus Dol kam pl\u00f6tzlich ein Sturm auf, also brachten sie das Bild zur\u00fcck.<\/p><\/div><\/div><div class='clear_column'><\/div><div class='content-column one_half'><div style=\"padding-right:6px;\"><p>Nakon osam dana opet su do\u0161li po sliku. Na izlasku iz Dola ponovno se dogodilo nevrijeme. Tako je bilo i prigodom tre\u0107eg poku\u0161aja. To su bili znaci i opomene da je slika ipak dolska, pa je u Dolu ostala sve do danas.<\/p><\/div><\/div><div class='content-column one_half last_column'><div style=\"padding-right:0px;padding-left:6px;\"><p>Nach acht Tagen kamen sie noch einmal um das Bild zu holen. Auf dem Weg aus Dol kam der Sturm erneut. So war es auch beim dritten Versuch. Dies waren Zeichen und Warnungen, dass das Bild nach Dol geh\u00f6rte, also ist es bis heute auch hier in Dol geblieben.<\/p><\/div><\/div><div class='clear_column'><\/div><\/p>\n<p style=\"text-align: center;\"><em>(Izvor: \/ Quelle: <span style=\"color: #3366ff;\"><a style=\"color: #3366ff;\" href=\"https:\/\/ika.hkm.hr\/novosti\/dol-530-obljetnica-gospe-od-sela\/\">Informativna Katoli\u010dka Agencija<\/a><\/span>)<\/em><\/p>\n<div class='content-column one_half'><div style=\"padding-right:6px;\"><p>Usporedite legendu o izgradnji crkve Gospe od Zdravlja u Zara\u010de.<\/p><\/div><\/div><div class='content-column one_half last_column'><div style=\"padding-right:0px;padding-left:6px;\"><p>Vergleiche die Sage von der Entstehung der Kirche Unserer Lieben Frau vom Heil in Zara\u010de.<\/p><\/div><\/div><div class='clear_column'><\/div><\/p>\n<hr \/>\n<div class='content-column one_half'><div style=\"padding-right:6px;\"><p>Svake godine 2. srpnja, na blagdan Gospe od sela, Gospa se sve\u010dano slavi u crkvici i kraj nje. Sve\u010danost se otvara nave\u010der, uo\u010di blagdana. Gospina slika se za vjerni\u010dko \u0161tovanje prenosi s oltara na sredinu Crkve. Pjeva se i moli, osobito krunica. Svu no\u0107 dolaze hodo\u010dasnici s cijelog otoka Hvara i izvan njega. Obi\u010daj je da tu no\u0107 mladi\u0107i idu do ku\u0107a i vrtova djevojaka i \u201ckradu\u201d im najljep\u0161e cvije\u0107e koje nose Gospi da bi se s njim okitila Gospina crkva i njeno dvori\u0161te.<\/p><\/div><\/div><div class='content-column one_half last_column'><div style=\"padding-right:0px;padding-left:6px;\"><p>Jedes Jahr am 2. Juli, am Fest Unserer Lieben Frau vom Dorf, wird Unsere Liebe Frau in und um die Kirche feierlich gefeiert. Die Zeremonie beginnt am Abend, am Vorabend des Feiertages. Das Bild Unserer Lieben Frau wird vom Altar in das Zentrum der Kirche \u00fcbertragen, um von den Gl\u00e4ubigen angebetet zu werden. Es wird gesungen und gebetet, besonders der Rosenkranz. W\u00e4hrend er Nacht kommen von \u00fcberall die Pilger. Es ist \u00fcblich, dass die Burschen in dieser Nacht zu den H\u00e4usern und G\u00e4rten der M\u00e4dchen gehen und die sch\u00f6nsten Blumen &#8222;stehlen&#8220;, die sie zur Muttergottes tragen, um damit die Kirche Unserer Lieben Frau und ihren Hof damit zu schm\u00fccken.<\/p><\/div><\/div><div class='clear_column'><\/div><\/p>\n<p><img loading=\"lazy\" decoding=\"async\" class=\"aligncenter size-full wp-image-37404\" src=\"https:\/\/www.topohvar.at\/wp-content\/uploads\/2020\/05\/do-ci-02-8.jpg\" alt=\"\" width=\"289\" height=\"175\" \/><\/p>\n<p style=\"text-align: right;\"><a href=\"#seite_oben\">natrag na vrh \/ Seitenanfang<\/a><\/p>\n<hr \/>\n<p><strong>Linkovi \/ Links<\/strong><\/p>\n<p><span style=\"color: #3366ff;\"><a style=\"color: #3366ff;\" href=\"https:\/\/www.topohvar.at\/orte\/do\/do-is-01-2\/\">Spomen plo\u010da na ju\u017enom zidu \/ Gedenktafel an der S\u00fcdwand<\/a><br \/>\n<a style=\"color: #3366ff;\" href=\"https:\/\/www.topohvar.at\/orte\/do\/do-in-01-2\/\">Natpis \u00bbna nadvratniku\u00ab \/ Inschrift am T\u00fcrsturz<\/a>\u00a0<\/span><br \/>\n<span style=\"color: #3366ff;\"><a style=\"color: #3366ff;\" href=\"https:\/\/www.topohvar.at\/orte\/zr\/zr-ck-01-1\/\">Legenda o izgradnji crkve u Zara\u010de \/ Sage von der Entstehung der Kirche in Zara\u010de<\/a><br \/>\n<a style=\"color: #3366ff;\" href=\"https:\/\/www.topohvar.at\/topo\/orte\/do\/do-ob-03-2\/\">Objekt \u00bbStandarac ispred crkvu\u00ab \/ Fahnenmast vor der Kirche<\/a><\/span><\/p>\n<p><span style=\"color: #3366ff;\">\u00a0<\/span><\/p>\n","protected":false},"excerpt":{"rendered":"<p>Ime \/ Name Crkva \u00bbSv. Marije (Guospa od dvo luja, Gospa od sela)\u00ab \/ Kirche der hl. Maria (Unsere Liebe Frau der zwei Lilien, Unsere Liebe Frau vom Dorf)\u00ab Code: DO-CI-02\u00a0 \u00a0 \u00a0 \u00a0 \u00a0 \u00a0 \u00a0 \u00a0\u00a0 \u00a0 Adresa &hellip; <a href=\"https:\/\/www.topohvar.at\/topo\/orte\/do\/do-ci-02-2\/\">Weiterlesen <span class=\"meta-nav\">&rarr;<\/span><\/a><\/p>\n","protected":false},"author":1,"featured_media":0,"parent":68,"menu_order":0,"comment_status":"closed","ping_status":"closed","template":"","meta":{"footnotes":""},"class_list":["post-1457","page","type-page","status-publish","hentry"],"_links":{"self":[{"href":"https:\/\/www.topohvar.at\/topo\/wp-json\/wp\/v2\/pages\/1457","targetHints":{"allow":["GET"]}}],"collection":[{"href":"https:\/\/www.topohvar.at\/topo\/wp-json\/wp\/v2\/pages"}],"about":[{"href":"https:\/\/www.topohvar.at\/topo\/wp-json\/wp\/v2\/types\/page"}],"author":[{"embeddable":true,"href":"https:\/\/www.topohvar.at\/topo\/wp-json\/wp\/v2\/users\/1"}],"replies":[{"embeddable":true,"href":"https:\/\/www.topohvar.at\/topo\/wp-json\/wp\/v2\/comments?post=1457"}],"version-history":[{"count":37,"href":"https:\/\/www.topohvar.at\/topo\/wp-json\/wp\/v2\/pages\/1457\/revisions"}],"predecessor-version":[{"id":56912,"href":"https:\/\/www.topohvar.at\/topo\/wp-json\/wp\/v2\/pages\/1457\/revisions\/56912"}],"up":[{"embeddable":true,"href":"https:\/\/www.topohvar.at\/topo\/wp-json\/wp\/v2\/pages\/68"}],"wp:attachment":[{"href":"https:\/\/www.topohvar.at\/topo\/wp-json\/wp\/v2\/media?parent=1457"}],"curies":[{"name":"wp","href":"https:\/\/api.w.org\/{rel}","templated":true}]}}