{"id":14708,"date":"2018-12-31T19:04:13","date_gmt":"2018-12-31T18:04:13","guid":{"rendered":"https:\/\/www.topohvar.at\/?page_id=14708"},"modified":"2021-11-26T16:37:26","modified_gmt":"2021-11-26T15:37:26","slug":"hv-ig-01-1","status":"publish","type":"page","link":"https:\/\/www.topohvar.at\/topo\/orte\/hv\/hv-ig-01-1\/","title":{"rendered":"HVAR &#8211; Grb \u00bbFrane i An\u0111ela Gariboldia\u00ab"},"content":{"rendered":"<p><a name=\"seite_oben\"><\/a><br \/>\n<img loading=\"lazy\" decoding=\"async\" class=\"alignnone wp-image-14566 size-large\" src=\"https:\/\/www.topohvar.at\/wp-content\/uploads\/2018\/12\/hv-ig-01-1-1024x503.jpg\" alt=\"\" width=\"640\" height=\"314\" srcset=\"https:\/\/www.topohvar.at\/wp-content\/uploads\/2018\/12\/hv-ig-01-1-1024x503.jpg 1024w, https:\/\/www.topohvar.at\/wp-content\/uploads\/2018\/12\/hv-ig-01-1-300x147.jpg 300w, https:\/\/www.topohvar.at\/wp-content\/uploads\/2018\/12\/hv-ig-01-1-768x377.jpg 768w, https:\/\/www.topohvar.at\/wp-content\/uploads\/2018\/12\/hv-ig-01-1.jpg 1080w\" sizes=\"auto, (max-width: 640px) 100vw, 640px\" \/><\/p>\n<p><strong>Ime \/ Name<br \/>\n<\/strong>Grb \u00bbFrane i An\u0111ela Gariboldia\u00ab \/ Wappen der Frane und An\u0111ela Gariboldi<\/p>\n<p><strong>Code: <\/strong>HV-IG-01\u00a0 \u00a0 \u00a0 \u00a0 \u00a0 \u00a0 \u00a0 \u00a0 \u00a0 \u00a0 \u00a0 \u00a0 \u00a0 \u00a0 \u00a0 \u00a0 \u00a0 \u00a0\u00a0\u00a0<strong><a href=\"https:\/\/www.topohvar.at\/orte\/hv\/hv-ig-16-1\/\"><img loading=\"lazy\" decoding=\"async\" class=\"alignnone wp-image-533 size-full\" src=\"https:\/\/www.topohvar.at\/wp-content\/uploads\/2018\/07\/push-l-30.jpg\" alt=\"\" width=\"61\" height=\"30\" \/><\/a> <a href=\"https:\/\/www.topohvar.at\/orte\/hv\/\"><img loading=\"lazy\" decoding=\"async\" class=\"alignnone wp-image-535 size-full\" src=\"https:\/\/www.topohvar.at\/wp-content\/uploads\/2018\/07\/push-o-30.jpg\" alt=\"\" width=\"61\" height=\"30\" \/><\/a> <a href=\"https:\/\/www.topohvar.at\/orte\/hv\/hv-ig-52-1\/\"><img loading=\"lazy\" decoding=\"async\" class=\"alignnone wp-image-536 size-full\" src=\"https:\/\/www.topohvar.at\/wp-content\/uploads\/2018\/07\/push-r-30.jpg\" alt=\"\" width=\"61\" height=\"30\" \/><\/a>\u00a0<a href=\"https:\/\/www.topohvar.at\/hv-ir-22-1\/\"><img loading=\"lazy\" decoding=\"async\" class=\"alignnone wp-image-12299 size-full\" src=\"https:\/\/www.topohvar.at\/wp-content\/uploads\/2018\/09\/push-next-30.jpg\" alt=\"\" width=\"61\" height=\"30\" \/><\/a><\/strong><\/p>\n<hr \/>\n<p><strong>Adresa \/ Adresse<br \/>\n<\/strong>Grad Hvar,\u00a0Ulica Vicka Butorovi\u0107a 8<\/p>\n<p><strong>Lokacija<\/strong><strong> \/ Position<a href=\"https:\/\/goo.gl\/maps\/W8XoBHMui25ATeGL9\"><img loading=\"lazy\" decoding=\"async\" class=\"alignright wp-image-16801\" src=\"https:\/\/www.topohvar.at\/wp-content\/uploads\/2019\/01\/0268.jpg\" alt=\"\" width=\"134\" height=\"100\" \/><\/a><br \/>\n<\/strong><span style=\"color: #3366ff;\"><a style=\"color: #3366ff;\" href=\"https:\/\/goo.gl\/maps\/W8XoBHMui25ATeGL9\">Latitude: N 43,17173\u00b0\u00a0 \u00a0Longitude: E 16,44289\u00b0<\/a> <\/span><strong><br \/>\n<\/strong>Visina \/ H\u00f6he: 12 m<\/p>\n<p><strong>Katastarska <\/strong><strong>\u010d<\/strong><strong>estica <\/strong><strong>\/ Grundst\u00fccke<br \/>\n<\/strong>*316\/1,\u00a0 *316\/2, *333\/1, 424<div class='content-column one_half'><div style=\"padding-right:6px;\"><p><strong>Datum snimanja \/ Erfassungsdatum<br \/>\n<\/strong>21.02.2016 15:02:54<\/p>\n<hr \/>\n<p><strong>Informacije<\/strong><\/p>\n<p>Grb je iznad ulaza u ku\u0107u U. Vicka Butorovi\u0107a 8. Pored grba klesane su inicijale A.G. Ku\u0107a je u potpunosti obnovljena i modernizirana u 2017-2019.<\/p><\/div><\/div><div class='content-column one_half last_column'><div style=\"padding-right:0px;padding-left:6px;\"><p><strong>Stupanj za\u0161tite<\/strong><strong> \/ Schutzstellung<br \/>\n<\/strong>&#8211;<\/p>\n<hr \/>\n<p><strong>Info<\/strong><\/p>\n<p>Das Wappen befindet sich \u00fcber dem Eingang in das Haus U. Vicka Butorovi\u0107a 8. Neben dem Wappen sind die Initialen A. G. eingemei\u00dfelt. Das Haus wurde in Jahren 2017-2019 grundlegend renoviert und modernisiert.<\/p><\/div><\/div><div class='clear_column'><\/div><\/p>\n<p style=\"text-align: right;\"><span style=\"color: #3366ff;\"><a style=\"color: #3366ff;\" href=\"#seite_oben\">natrag na vrh \/ Seitenanfang<\/a><\/span><\/p>\n<p><img loading=\"lazy\" decoding=\"async\" class=\"size-full wp-image-20680 aligncenter\" src=\"https:\/\/www.topohvar.at\/wp-content\/uploads\/2019\/03\/hv-ig-01-10.jpg\" alt=\"\" width=\"225\" height=\"300\" \/><\/p>\n<hr \/>\n<p><strong>Linkovi \/ Links<\/strong><\/p>\n<p><span style=\"color: #3366ff;\">&#8211;<\/span><\/p>\n","protected":false},"excerpt":{"rendered":"<p>Ime \/ Name Grb \u00bbFrane i An\u0111ela Gariboldia\u00ab \/ Wappen der Frane und An\u0111ela Gariboldi Code: HV-IG-01\u00a0 \u00a0 \u00a0 \u00a0 \u00a0 \u00a0 \u00a0 \u00a0 \u00a0 \u00a0 \u00a0 \u00a0 \u00a0 \u00a0 \u00a0 \u00a0 \u00a0 \u00a0\u00a0\u00a0 \u00a0 Adresa \/ Adresse Grad Hvar,\u00a0Ulica &hellip; <a href=\"https:\/\/www.topohvar.at\/topo\/orte\/hv\/hv-ig-01-1\/\">Weiterlesen <span class=\"meta-nav\">&rarr;<\/span><\/a><\/p>\n","protected":false},"author":1,"featured_media":0,"parent":80,"menu_order":0,"comment_status":"closed","ping_status":"closed","template":"","meta":{"footnotes":""},"class_list":["post-14708","page","type-page","status-publish","hentry"],"_links":{"self":[{"href":"https:\/\/www.topohvar.at\/topo\/wp-json\/wp\/v2\/pages\/14708","targetHints":{"allow":["GET"]}}],"collection":[{"href":"https:\/\/www.topohvar.at\/topo\/wp-json\/wp\/v2\/pages"}],"about":[{"href":"https:\/\/www.topohvar.at\/topo\/wp-json\/wp\/v2\/types\/page"}],"author":[{"embeddable":true,"href":"https:\/\/www.topohvar.at\/topo\/wp-json\/wp\/v2\/users\/1"}],"replies":[{"embeddable":true,"href":"https:\/\/www.topohvar.at\/topo\/wp-json\/wp\/v2\/comments?post=14708"}],"version-history":[{"count":12,"href":"https:\/\/www.topohvar.at\/topo\/wp-json\/wp\/v2\/pages\/14708\/revisions"}],"predecessor-version":[{"id":53585,"href":"https:\/\/www.topohvar.at\/topo\/wp-json\/wp\/v2\/pages\/14708\/revisions\/53585"}],"up":[{"embeddable":true,"href":"https:\/\/www.topohvar.at\/topo\/wp-json\/wp\/v2\/pages\/80"}],"wp:attachment":[{"href":"https:\/\/www.topohvar.at\/topo\/wp-json\/wp\/v2\/media?parent=14708"}],"curies":[{"name":"wp","href":"https:\/\/api.w.org\/{rel}","templated":true}]}}