{"id":14793,"date":"2019-01-01T12:56:20","date_gmt":"2019-01-01T11:56:20","guid":{"rendered":"https:\/\/www.topohvar.at\/?page_id=14793"},"modified":"2021-11-26T16:55:39","modified_gmt":"2021-11-26T15:55:39","slug":"hv-ir-49-1","status":"publish","type":"page","link":"https:\/\/www.topohvar.at\/topo\/orte\/hv\/hv-ir-49-1\/","title":{"rendered":"HVAR &#8211; Reljef plo\u010da \u00bbIUBILAEUM A.D. 2000\u00ab"},"content":{"rendered":"<p><a name=\"seite_oben\"><\/a><br \/>\n<img loading=\"lazy\" decoding=\"async\" class=\"alignnone wp-image-14778 size-large\" src=\"https:\/\/www.topohvar.at\/wp-content\/uploads\/2019\/01\/hv-ir-49-1-1024x503.jpg\" alt=\"\" width=\"640\" height=\"314\" srcset=\"https:\/\/www.topohvar.at\/wp-content\/uploads\/2019\/01\/hv-ir-49-1-1024x503.jpg 1024w, https:\/\/www.topohvar.at\/wp-content\/uploads\/2019\/01\/hv-ir-49-1-300x147.jpg 300w, https:\/\/www.topohvar.at\/wp-content\/uploads\/2019\/01\/hv-ir-49-1-768x377.jpg 768w, https:\/\/www.topohvar.at\/wp-content\/uploads\/2019\/01\/hv-ir-49-1.jpg 1080w\" sizes=\"auto, (max-width: 640px) 100vw, 640px\" \/><\/p>\n<p><strong>Ime \/ Name<br \/>\n<\/strong>Reljef plo\u010da \u00bbIUBILAEUM A.D. 2000\u00ab \/ Reliefplatte &#8211; Jubil\u00e4um im Jahr 2000<\/p>\n<p><strong>Code: <\/strong>HV-IR-49\u00a0 \u00a0 \u00a0 \u00a0 \u00a0 \u00a0 \u00a0 \u00a0 \u00a0 \u00a0 \u00a0 \u00a0 \u00a0 \u00a0 \u00a0 \u00a0 \u00a0 \u00a0\u00a0<a href=\"https:\/\/www.topohvar.at\/hv-ig-23-1\/\"><img loading=\"lazy\" decoding=\"async\" class=\"alignnone wp-image-12300 size-full\" src=\"https:\/\/www.topohvar.at\/wp-content\/uploads\/2018\/09\/push-vor-30.jpg\" alt=\"\" width=\"61\" height=\"30\" \/><\/a>\u00a0<strong><a href=\"https:\/\/www.topohvar.at\/orte\/hv\/hv-ir-47-1\/\"><img loading=\"lazy\" decoding=\"async\" class=\"alignnone wp-image-533 size-full\" src=\"https:\/\/www.topohvar.at\/wp-content\/uploads\/2018\/07\/push-l-30.jpg\" alt=\"\" width=\"61\" height=\"30\" \/><\/a> <a href=\"https:\/\/www.topohvar.at\/orte\/hv\/\"><img loading=\"lazy\" decoding=\"async\" class=\"alignnone wp-image-535 size-full\" src=\"https:\/\/www.topohvar.at\/wp-content\/uploads\/2018\/07\/push-o-30.jpg\" alt=\"\" width=\"61\" height=\"30\" \/><\/a> <a href=\"https:\/\/www.topohvar.at\/orte\/hv\/hv-ir-46-1\/\"><img loading=\"lazy\" decoding=\"async\" class=\"alignnone wp-image-536 size-full\" src=\"https:\/\/www.topohvar.at\/wp-content\/uploads\/2018\/07\/push-r-30.jpg\" alt=\"\" width=\"61\" height=\"30\" \/><\/a>\u00a0<\/strong><\/p>\n<hr \/>\n<p><strong>Adresa \/ Adresse<br \/>\n<\/strong>Grad Hvar,\u00a0Trg sv. Stjepana 26, Biskopija<\/p>\n<p><strong>Lokacija <\/strong><strong>\/ Position<a href=\"https:\/\/goo.gl\/maps\/UzKkPp7HNk5EtjKw6\"><img loading=\"lazy\" decoding=\"async\" class=\"alignright wp-image-15618\" src=\"https:\/\/www.topohvar.at\/wp-content\/uploads\/2019\/01\/0316.jpg\" alt=\"\" width=\"134\" height=\"100\" \/><\/a><br \/>\n<\/strong><span style=\"color: #3366ff;\"><a style=\"color: #3366ff;\" href=\"https:\/\/goo.gl\/maps\/UzKkPp7HNk5EtjKw6\">Latitude: N 43,17233\u00b0\u00a0 \u00a0Longitude: E 16,44345\u00b0<\/a> <\/span><strong><br \/>\n<\/strong>Visina \/ H\u00f6he: 4 m<\/p>\n<p><strong>Katastarska <\/strong><strong>\u010d<\/strong><strong>estica <\/strong><strong>\/ Grundst\u00fccke<br \/>\n<\/strong>*173, 403<div class='content-column one_half'><div style=\"padding-right:6px;\"><p><strong>Datum snimanja \/ Erfassungsdatum<br \/>\n<\/strong>24.02.2018 09:24:00<\/p>\n<hr \/>\n<p><strong>Informacije<\/strong><\/p>\n<p>Iznad \u0161irokog luka nalazi se reljefna plo\u010da sa sljede\u0107im natpisom na latinskom jeziku:<\/p><\/div><\/div><div class='content-column one_half last_column'><div style=\"padding-right:0px;padding-left:6px;\"><p><strong>Stupanj za\u0161tite<\/strong><strong> \/ Schutzstellung<br \/>\n<\/strong>&#8211;<\/p>\n<hr \/>\n<p><strong>Info<\/strong><\/p>\n<p>\u00dcber dem breiten Torbogen befindet sich eine Reliefplatte mit folgender Inschrift in lateinischer Sprache:<\/p><\/div><\/div><div class='clear_column'><\/div><\/p>\n<p style=\"text-align: center;\">IUBILAEUM<br \/>\nCHRISTUS HERI<br \/>\nHODIE SEMPER<br \/>\nA.D. 2000<\/p>\n<div class='content-column one_half'><div style=\"padding-right:6px;\"><p>(= Obljetnica 2000. godine \/ Kriste ju\u010der, danas, uvijek)<\/p><\/div><\/div><div class='content-column one_half last_column'><div style=\"padding-right:0px;padding-left:6px;\"><p>(= Jubil\u00e4um im Jahr 2000 \/ Christus gestern, heute, immer)<\/p><\/div><\/div><div class='clear_column'><\/div><\/p>\n<p style=\"text-align: right;\"><span style=\"color: #3366ff;\"><a style=\"color: #3366ff;\" href=\"#seite_oben\">natrag na vrh \/ Seitenanfang<\/a><\/span><\/p>\n<hr \/>\n<p><strong>Linkovi \/ Links<\/strong><\/p>\n<p><span style=\"color: #3366ff;\"><a style=\"color: #3366ff;\" href=\"https:\/\/www.topohvar.at\/orte\/hv\/hv-tg-75-1\/\">Zgrada \u00bbBiskupski Dvor\u00ab \/ Geb\u00e4ude Bischofspalast<\/a><\/span><br \/>\n<span style=\"color: #3366ff;\"><a style=\"color: #3366ff;\" href=\"https:\/\/www.topohvar.at\/orte\/hv\/hv-ig-09-1\/\">Grb \u00bbiznad\u00a0ulaza u biskupski dvor\u00ab \/ Wappen \u00fcber dem Eingang zum Bischofspalast<\/a><\/span><br \/>\n<span style=\"color: #3366ff;\"><a style=\"color: #3366ff;\" href=\"https:\/\/www.topohvar.at\/orte\/hv\/hv-ig-47-1\/\">Grb \u00bbu dvori\u0161tu biskupskog dvora (1)\u00ab \/ Wappen im Hof des Bischofspalastes (1)<\/a><\/span><br \/>\n<span style=\"color: #3366ff;\"><a style=\"color: #3366ff;\" href=\"https:\/\/www.topohvar.at\/orte\/hv\/hv-ig-48-1\/\">Grb \u00bbu dvori\u0161tu biskupskog dvora (2)\u00ab \/ Wappen im Hof des Bischofspalastes (2)<\/a><br \/>\n<a style=\"color: #3366ff;\" href=\"https:\/\/www.topohvar.at\/orte\/hv\/hv-in-15-1\/\">Natpis u dvori\u0161tu biskupske pala\u010de \/ Inschrift im Hof des Bischofpalastes<\/a><\/span><br \/>\n<span style=\"color: #3366ff;\"><a style=\"color: #3366ff;\" href=\"https:\/\/www.topohvar.at\/orte\/hv\/hv-ca-06-1\/\">Biv\u0161i benediktinski samostan \u00bbSv. Marije od Lesnje\u00ab \/ ehemaliges Benediktinerkloster der hl. Maria von Hvar<\/a><\/span><br \/>\n<span style=\"color: #3366ff;\"><a style=\"color: #3366ff;\" href=\"https:\/\/www.topohvar.at\/orte\/hv\/hv-is-40-1\/\">Spomen plo\u010da \/ Gedenktafel \u00bbIstas riboli sic Petrus &#8230;\u00ab<\/a><\/span><br \/>\n<span style=\"color: #3366ff;\"><a style=\"color: #3366ff;\" href=\"https:\/\/www.topohvar.at\/orte\/hv\/hv-is-41-1\/\">Spomen plo\u010da \/ Gedenktafel \u00bbGeorgius Dubokovich\u00ab<\/a><\/span><br \/>\n<span style=\"color: #3366ff;\"><a style=\"color: #3366ff;\" href=\"https:\/\/www.topohvar.at\/orte\/hv\/hv-mo-16-1\/\">Bista \/ B\u00fcste \u00bbMsgr. Mihi Pusicu\u00ab<\/a><\/span><br \/>\n<span style=\"color: #3366ff;\"><a style=\"color: #3366ff;\" href=\"https:\/\/www.topohvar.at\/orte\/hv\/hv-op-10-1\/\">Objekt \u00bb3 gustirne u vrtu biskupskog dvora\u00ab \/ 3 Brunnen im Garten des Bischofpalastes<\/a><\/span><\/p>\n","protected":false},"excerpt":{"rendered":"<p>Ime \/ Name Reljef plo\u010da \u00bbIUBILAEUM A.D. 2000\u00ab \/ Reliefplatte &#8211; Jubil\u00e4um im Jahr 2000 Code: HV-IR-49\u00a0 \u00a0 \u00a0 \u00a0 \u00a0 \u00a0 \u00a0 \u00a0 \u00a0 \u00a0 \u00a0 \u00a0 \u00a0 \u00a0 \u00a0 \u00a0 \u00a0 \u00a0\u00a0\u00a0 \u00a0 Adresa \/ Adresse Grad Hvar,\u00a0Trg &hellip; <a href=\"https:\/\/www.topohvar.at\/topo\/orte\/hv\/hv-ir-49-1\/\">Weiterlesen <span class=\"meta-nav\">&rarr;<\/span><\/a><\/p>\n","protected":false},"author":1,"featured_media":0,"parent":80,"menu_order":0,"comment_status":"closed","ping_status":"closed","template":"","meta":{"footnotes":""},"class_list":["post-14793","page","type-page","status-publish","hentry"],"_links":{"self":[{"href":"https:\/\/www.topohvar.at\/topo\/wp-json\/wp\/v2\/pages\/14793","targetHints":{"allow":["GET"]}}],"collection":[{"href":"https:\/\/www.topohvar.at\/topo\/wp-json\/wp\/v2\/pages"}],"about":[{"href":"https:\/\/www.topohvar.at\/topo\/wp-json\/wp\/v2\/types\/page"}],"author":[{"embeddable":true,"href":"https:\/\/www.topohvar.at\/topo\/wp-json\/wp\/v2\/users\/1"}],"replies":[{"embeddable":true,"href":"https:\/\/www.topohvar.at\/topo\/wp-json\/wp\/v2\/comments?post=14793"}],"version-history":[{"count":14,"href":"https:\/\/www.topohvar.at\/topo\/wp-json\/wp\/v2\/pages\/14793\/revisions"}],"predecessor-version":[{"id":53604,"href":"https:\/\/www.topohvar.at\/topo\/wp-json\/wp\/v2\/pages\/14793\/revisions\/53604"}],"up":[{"embeddable":true,"href":"https:\/\/www.topohvar.at\/topo\/wp-json\/wp\/v2\/pages\/80"}],"wp:attachment":[{"href":"https:\/\/www.topohvar.at\/topo\/wp-json\/wp\/v2\/media?parent=14793"}],"curies":[{"name":"wp","href":"https:\/\/api.w.org\/{rel}","templated":true}]}}