{"id":14818,"date":"2019-01-01T13:16:20","date_gmt":"2019-01-01T12:16:20","guid":{"rendered":"https:\/\/www.topohvar.at\/?page_id=14818"},"modified":"2021-11-26T17:05:28","modified_gmt":"2021-11-26T16:05:28","slug":"hv-ir-21-1","status":"publish","type":"page","link":"https:\/\/www.topohvar.at\/topo\/orte\/hv\/hv-ir-21-1\/","title":{"rendered":"HVAR &#8211; Reljef \u00bbLav na isto\u010dnom pro\u010delju Arsenala\u00ab"},"content":{"rendered":"<p><a name=\"seite_oben\"><\/a><br \/>\n<img loading=\"lazy\" decoding=\"async\" class=\"alignnone wp-image-14763 size-large\" src=\"https:\/\/www.topohvar.at\/wp-content\/uploads\/2019\/01\/HV-ir-21-1-1024x503.jpg\" alt=\"\" width=\"640\" height=\"314\" srcset=\"https:\/\/www.topohvar.at\/wp-content\/uploads\/2019\/01\/HV-ir-21-1-1024x503.jpg 1024w, https:\/\/www.topohvar.at\/wp-content\/uploads\/2019\/01\/HV-ir-21-1-300x147.jpg 300w, https:\/\/www.topohvar.at\/wp-content\/uploads\/2019\/01\/HV-ir-21-1-768x377.jpg 768w, https:\/\/www.topohvar.at\/wp-content\/uploads\/2019\/01\/HV-ir-21-1.jpg 1080w\" sizes=\"auto, (max-width: 640px) 100vw, 640px\" \/><\/p>\n<p><strong>Ime \/ Name<br \/>\n<\/strong>Reljef \u00bbLav na isto\u010dnom pro\u010delju Arsenala\u00ab \/ Relief &#8211; L\u00f6we an der Ostfassade des Arsenals<\/p>\n<p><strong>Code: <\/strong>HV-IR-21\u00a0 \u00a0 \u00a0 \u00a0 \u00a0 \u00a0 \u00a0 \u00a0 \u00a0 \u00a0 \u00a0 \u00a0 \u00a0 \u00a0 \u00a0 \u00a0 \u00a0 \u00a0\u00a0<a href=\"https:\/\/www.topohvar.at\/hv-ig-23-1\/\"><img loading=\"lazy\" decoding=\"async\" class=\"alignnone wp-image-12300 size-full\" src=\"https:\/\/www.topohvar.at\/wp-content\/uploads\/2018\/09\/push-vor-30.jpg\" alt=\"\" width=\"61\" height=\"30\" \/><\/a>\u00a0<strong><a href=\"https:\/\/www.topohvar.at\/orte\/hv\/hv-ir-45-1\/\"><img loading=\"lazy\" decoding=\"async\" class=\"alignnone wp-image-533 size-full\" src=\"https:\/\/www.topohvar.at\/wp-content\/uploads\/2018\/07\/push-l-30.jpg\" alt=\"\" width=\"61\" height=\"30\" \/><\/a> <a href=\"https:\/\/www.topohvar.at\/orte\/hv\/\"><img loading=\"lazy\" decoding=\"async\" class=\"alignnone wp-image-535 size-full\" src=\"https:\/\/www.topohvar.at\/wp-content\/uploads\/2018\/07\/push-o-30.jpg\" alt=\"\" width=\"61\" height=\"30\" \/><\/a> <a href=\"https:\/\/www.topohvar.at\/orte\/hv\/hv-ir-24-1\/\"><img loading=\"lazy\" decoding=\"async\" class=\"alignnone wp-image-536 size-full\" src=\"https:\/\/www.topohvar.at\/wp-content\/uploads\/2018\/07\/push-r-30.jpg\" alt=\"\" width=\"61\" height=\"30\" \/><\/a>\u00a0<\/strong><\/p>\n<hr \/>\n<p><strong>Adresa \/ Adresse<br \/>\n<\/strong>Grad Hvar,\u00a0Ulica Stjepana Papafave, Arsenal<\/p>\n<p><strong>Lokacija<\/strong><strong> \/ Position<a href=\"https:\/\/goo.gl\/maps\/zxYxbfnVVQSSgQ6N8\"><img loading=\"lazy\" decoding=\"async\" class=\"alignright wp-image-15964\" src=\"https:\/\/www.topohvar.at\/wp-content\/uploads\/2019\/01\/1200.jpg\" alt=\"\" width=\"134\" height=\"100\" \/><\/a><br \/>\n<\/strong><span style=\"color: #3366ff;\"><a style=\"color: #3366ff;\" href=\"https:\/\/goo.gl\/maps\/zxYxbfnVVQSSgQ6N8\">Latitude: N 43,17212\u00b0\u00a0 \u00a0Longitude: E 16,44175\u00b0<\/a> <\/span><strong><br \/>\n<\/strong>Visina \/ H\u00f6he: 2 m<\/p>\n<p><strong>Katastarska <\/strong><strong>\u010d<\/strong><strong>estica <\/strong><strong>\/ Grundst\u00fccke<br \/>\n<\/strong>*204, *205<div class='content-column one_half'><div style=\"padding-right:6px;\"><p><strong>Datum snimanja \/ Erfassungsdatum<br \/>\n<\/strong>22.02.2017 11:21:00<\/p>\n<hr \/>\n<p><strong>Informacije<\/strong><\/p>\n<p>Lav se nalazi na kamenoj konzoli na isto\u010dnom pro\u010delju Arsenala, iznad vrata nad kojima je natpis ANNO PACIS PRIMO MDCXI (prva godina mira 1611., spomen na izmirenje plemi\u0107a i pu\u010dana nakon stoljetnog sukoba).<\/p><\/div><\/div><div class='content-column one_half last_column'><div style=\"padding-right:0px;padding-left:6px;\"><p><strong>Stupanj za\u0161tite<\/strong><strong> \/ Schutzstellung<br \/>\n<\/strong>&#8211;<\/p>\n<hr \/>\n<p><strong>Info<\/strong><\/p>\n<p>Der L\u00f6ve befindet sich auf einer Steinkonsole an der \u00f6stlichen Fassade des Arsenals, \u00fcber dem Tor mit der Inschrift ANNO PACIS PRIMO MDCXI (das erste Jahr des Friedens im Jahre 1611, ein Denkmal f\u00fcr die Vers\u00f6hnung von Adel und B\u00fcrgertum nach Jahrhunderten von Konflikten).<\/p><\/div><\/div><div class='clear_column'><\/div><div class='content-column one_half'><div style=\"padding-right:6px;\"><p>Prednjom desnom \u0161apom oslanja se na du\u017edevu kapu pod kojem je otu\u010deni grb. Rizzi smatra da je to bio grb du\u017eda Marina Grimanija (1595.-1605.), no ne mo\u017eemo sa sigurno\u0161\u0107u potvrditi. Iznad grba je reljef tvr\u0111ave na \u010dijem pro\u010delu su dva reda otvora za topove i stijeg na vrhu. Nepoznati kipar unio je dozu realizma i ekspresionizma u obradu: lav ima skulpturalno oblikovano aureolu i \u0161irom rastvorene ralje, \u0161to je ikonografska rijetkost. Stvoren je dojam urlanja od ponosa i bijesa, \u0161to Rizzija podsje\u0107a na pobunjeni\u010dki krik hvarskih pu\u010dna. Vidljivi su jezik i dva o\u0161tra zuba, kao i spolna obilje\u017eja.<\/p><\/div><\/div><div class='content-column one_half last_column'><div style=\"padding-right:0px;padding-left:6px;\"><p>Die vordere rechte Pranke lehnt auf einer Dogenkappe, unter der das Wappen entfernt wurde. Rizzi denkt, dass dies das Wappen von Marina Grimanija (1595-1605) war, aber das kann nicht mit Sicherheit best\u00e4tigt werden. \u00dcber dem Wappen befindet sich das Relief der Festung, auf deren Vorderseite sich zwei Reihen von Kanonen\u00f6ffnungen und eine Fahne an der Spitze befinden. Der unbekannte Bildhauer brachte eine Dosis Realismus und Expressionismus in das Werk: Der L\u00f6we hat einen plastisch geformten Heiligenschein und ein weit ge\u00f6ffnetes Maul, eine ikonografische Seltenheit. Er erweckt den Eindruck von Dr\u00f6hnen, Stolz und Wut, die Rizzi an den rebellischen Schrei des b\u00fcrgerlichen Hvar, erinnert. Zu sehen sind weiters die Zunge und zwei scharfe Z\u00e4hne sowie das Geschlechtsorgan.<\/p><\/div><\/div><div class='clear_column'><\/div><div class='content-column one_half'><div style=\"padding-right:6px;\"><p>Tijekom venecijanske vlasti, Arsenal je slu\u017eio za potrebe mornarice i skladi\u0161tenje brodske opreme. Na njegovoj isto\u010dnoj strani je 1612.g. knez Pietro Semitecolo u znak spomenutog mira otvorio prvo komunalno kazali\u0161te u Europi. Godine 1757. venecijanska flota odabire Kotor kao novo zimovali\u0161te, \u010dime je Arsenal, time i Hvar, po\u010deo gubiti svoj pomorska zna\u010daj.<\/p><\/div><\/div><div class='content-column one_half last_column'><div style=\"padding-right:0px;padding-left:6px;\"><p>W\u00e4hrend der venezianischen Herrschaft diente das Arsenal der Marine zur Lagerung von Schiffsausr\u00fcstung. Im \u00f6stlichen Teil er\u00f6ffnete F\u00fcrst Pietro Semitecolo im Jahr 1612 das erste kommunale Theater in Europa, um den erw\u00e4hnten Frieden zu gedenken. Im Jahr 1757 w\u00e4hlte die venezianische Flotte Kotor als neues Winterquartier. Arsenal und Hvar verloren allm\u00e4hlich ihren maritimen Charakter.<\/p><\/div><\/div><div class='clear_column'><\/div><div class='content-column one_half'><div style=\"padding-right:6px;\"><p>Preuzev\u0161i vlast 1813., Austrija je u sklopu svojih projekata odlu\u010dila izvr\u0161iti pregradnju Arsenala. Na nacrtu iz 1822. prikazano je zapadno pro\u010delje prije pregradnje, gdje se vidi reljef mleta\u010dkog lava, te dva manja lava <em>in moleca<\/em> u medaljonima na rubovima pro\u010delja. Kvadratne plohe unutar kojih su bili medaljoni se i dana vide.<\/p><\/div><\/div><div class='content-column one_half last_column'><div style=\"padding-right:0px;padding-left:6px;\"><p>Um 1813 beschloss \u00d6sterreich den Wiederaufbau des Arsenals. In einer Skizze aus dem Jahr 1822 ist die Vorderfront vor der Umgestaltung zu sehen, ein Relief eines L\u00f6wen, und zwei kleinere L\u00f6wen in Medaillons an den Fassadenr\u00e4ndern. Eine quadratische Fl\u00e4che ist in den Medaillons zu sehen.<\/p><\/div><\/div><div class='clear_column'><\/div><div class='content-column one_half'><div style=\"padding-right:6px;\"><p>Nepoznata je sudbina tih lavova: mo\u017eda su uni\u0161teni ili negdje premje\u0161teni. Dugo se mislilo da le lav premje\u0161ten na isto\u010dnu pro\u010delje Arsenala nakon pregradnje. Me\u0111itim, lav na crte\u017eu okrenut je prema desno, a onaj na pro\u010delju prema lijevo, \u0161to upu\u0107uje na to da su na Arsenalu bila dva lava, a ovaj na zapadnom pro\u010delju je pri pregradnji uni\u0161ten. Lav na crte\u017eu dodu\u0161e izgleda kao da je nepoznati crta\u010d naknadno dodao, te postoji mogu\u0107nost da je slu\u010dajno zamijenio strane. Tako ostaje uvrije\u017eeno mi\u0161ljenje da je lav na isto\u010dnom pro\u010delju do pregradnje 1822.g. bio na zapadnom, okrenutom moru.<\/p><\/div><\/div><div class='content-column one_half last_column'><div style=\"padding-right:0px;padding-left:6px;\"><p>Das Schicksal dieser L\u00f6wen ist unbekannt: Sie wurden entweder zerst\u00f6rt oder entfernt. Lange wurde angenommen, dass der L\u00f6we nach der Umgestaltung an die Ostfassade des Arsenals verlegt wurde. Jedoch der L\u00f6we in der Skizze ist nach rechts gerichtet, w\u00e4hrend der auf der Ostfassade nach links gerichtet ist. Alles deutet darauf hin, dass am Arsenal zwei L\u00f6wen waren, und der an der Westfront beim Wiederaufbau zerst\u00f6rt wurde. Der L\u00f6we auf der Zeichnung d\u00fcrfte durch einen unbekannten Zeichner sp\u00e4ter hinzugef\u00fcgt worden sein und es besteht die M\u00f6glichkeit, dass er versehentlich vertauscht wurde. So wird allgemein angenommen, dass der L\u00f6we mit Blick auf das Meer der im Jahr 1822 an der Ostfassade errichtet wurde vorher an der Westfassade war.<\/p><\/div><\/div><div class='clear_column'><\/div><div class='content-column one_half'><div style=\"padding-right:6px;\"><p>Povjesni\u010dar Jo\u0161ko Kova\u010di\u0107 spominje da su lava s Arsenala pri padu Italije u rujnu 1943. htjeli \u010deki\u0107ima otu\u0107i neki Hvarani, no od toga ih je uspio odgovoriti mjesni lije\u010dnik dr. Jerko Machiedo.<\/p><\/div><\/div><div class='content-column one_half last_column'><div style=\"padding-right:0px;padding-left:6px;\"><p>Der Historiker Josko Kovacic erw\u00e4hnt, dass vor dem Fall Italiens im September 1943, einige Bewohner mit H\u00e4mmern den L\u00f6wen am Arsenal abstemmen wollten, aber es gelang dem ans\u00e4ssigen Arzt, Dr. Jerko Machiedo, dies zu verhindern.<\/p><\/div><\/div><div class='clear_column'><\/div><\/p>\n<p style=\"text-align: right;\"><span style=\"color: #3366ff;\"><a style=\"color: #3366ff;\" href=\"#seite_oben\">natrag na vrh \/ Seitenanfang<\/a><\/span><\/p>\n<p style=\"text-align: center;\"><em>(Hvar i Venezija, kulturne i povijesne poveznice)<\/em><\/p>\n<hr \/>\n<p><strong>Linkovi \/ Links<\/strong><\/p>\n<p><span style=\"color: #3366ff;\"><a style=\"color: #3366ff;\" href=\"https:\/\/www.topohvar.at\/orte\/hv\/hv-tg-04-1\/\">Zgrada \/ Geb\u00e4ude \u00bbArsenal\u00ab<\/a><\/span><br \/>\n<span style=\"color: #3366ff;\"><a style=\"color: #3366ff;\" href=\"https:\/\/www.topohvar.at\/orte\/hv\/hv-tg-05-1\/\">Kazali\u0161ta \/ Theater<\/a><\/span><br \/>\n<span style=\"color: #3366ff;\"><a style=\"color: #3366ff;\" href=\"https:\/\/www.topohvar.at\/orte\/hv\/hv-in-06-1\/\">Natpis \u00bbANNO PACIS PRIMO MDCXI\u00ab \/ Inschrift &#8211; Erstes Friedensjahr 1611<\/a><\/span><br \/>\n<span style=\"color: #3366ff;\"><a style=\"color: #3366ff;\" href=\"https:\/\/www.topohvar.at\/orte\/hv\/hv-in-03-1\/\">Natpis \u00bbANNO SECVNDO PACIS MDCXII\u00ab \/\u00a0Inschrift &#8211; Zweites Friedensjahr 1612<\/a><\/span><br \/>\n<span style=\"color: #3366ff;\"><a style=\"color: #3366ff;\" href=\"https:\/\/www.topohvar.at\/orte\/hv\/hv-is-10-1\/\">Spomen plo\u010da \u00bbKonferencija kulturnih radnika Dalmacije\u00ab \/ Gedenktafel &#8211;\u00a0Konferenz der Kulturschaffenden Dalmatiens<\/a><\/span><br \/>\n<span style=\"color: #3366ff;\"><a style=\"color: #3366ff;\" href=\"https:\/\/www.topohvar.at\/orte\/hv\/hv-is-11-1\/\">Spomen plo\u010da \u00bbPrve konferencije Narodnog fronta Hrvatske za Dalmaciju\u00ab \/ Gedenktafel &#8211; Erste Konferenz der Hvarer Volksfront in Dalmatien<\/a><\/span><br \/>\n<span style=\"color: #3366ff;\"><a style=\"color: #3366ff;\" href=\"https:\/\/www.topohvar.at\/orte\/hv\/hv-is-27-1\/\">Spomen plo\u010da \u00bbDesetogodi\u0161njice oslobo\u0111enja od talijanskog okupatora\u00ab \/ Gedenktafel &#8211; 10. Jahrestag der Befreiung aus der italienischen Besatzung<\/a><\/span><br \/>\n<span style=\"color: #3366ff;\"><a style=\"color: #3366ff;\" href=\"https:\/\/www.topohvar.at\/orte\/hv\/hv-ob-08-1\/\">Objekt \u00bbKamena geodetska osnaka na Fontiku\u00ab \/ Geod\u00e4tische Basis am Fontik<\/a><\/span><\/p>\n","protected":false},"excerpt":{"rendered":"<p>Ime \/ Name Reljef \u00bbLav na isto\u010dnom pro\u010delju Arsenala\u00ab \/ Relief &#8211; L\u00f6we an der Ostfassade des Arsenals Code: HV-IR-21\u00a0 \u00a0 \u00a0 \u00a0 \u00a0 \u00a0 \u00a0 \u00a0 \u00a0 \u00a0 \u00a0 \u00a0 \u00a0 \u00a0 \u00a0 \u00a0 \u00a0 \u00a0\u00a0\u00a0 \u00a0 Adresa \/ &hellip; <a href=\"https:\/\/www.topohvar.at\/topo\/orte\/hv\/hv-ir-21-1\/\">Weiterlesen <span class=\"meta-nav\">&rarr;<\/span><\/a><\/p>\n","protected":false},"author":1,"featured_media":0,"parent":80,"menu_order":0,"comment_status":"closed","ping_status":"closed","template":"","meta":{"footnotes":""},"class_list":["post-14818","page","type-page","status-publish","hentry"],"_links":{"self":[{"href":"https:\/\/www.topohvar.at\/topo\/wp-json\/wp\/v2\/pages\/14818","targetHints":{"allow":["GET"]}}],"collection":[{"href":"https:\/\/www.topohvar.at\/topo\/wp-json\/wp\/v2\/pages"}],"about":[{"href":"https:\/\/www.topohvar.at\/topo\/wp-json\/wp\/v2\/types\/page"}],"author":[{"embeddable":true,"href":"https:\/\/www.topohvar.at\/topo\/wp-json\/wp\/v2\/users\/1"}],"replies":[{"embeddable":true,"href":"https:\/\/www.topohvar.at\/topo\/wp-json\/wp\/v2\/comments?post=14818"}],"version-history":[{"count":16,"href":"https:\/\/www.topohvar.at\/topo\/wp-json\/wp\/v2\/pages\/14818\/revisions"}],"predecessor-version":[{"id":53616,"href":"https:\/\/www.topohvar.at\/topo\/wp-json\/wp\/v2\/pages\/14818\/revisions\/53616"}],"up":[{"embeddable":true,"href":"https:\/\/www.topohvar.at\/topo\/wp-json\/wp\/v2\/pages\/80"}],"wp:attachment":[{"href":"https:\/\/www.topohvar.at\/topo\/wp-json\/wp\/v2\/media?parent=14818"}],"curies":[{"name":"wp","href":"https:\/\/api.w.org\/{rel}","templated":true}]}}