{"id":14824,"date":"2019-01-01T13:21:33","date_gmt":"2019-01-01T12:21:33","guid":{"rendered":"https:\/\/www.topohvar.at\/?page_id=14824"},"modified":"2021-11-26T17:07:52","modified_gmt":"2021-11-26T16:07:52","slug":"hv-ir-16-1","status":"publish","type":"page","link":"https:\/\/www.topohvar.at\/topo\/orte\/hv\/hv-ir-16-1\/","title":{"rendered":"HVAR &#8211; Reljef \u00bbLav na ju\u017enoj strani crkve sv. Marka\u00ab"},"content":{"rendered":"<p><a name=\"seite_oben\"><\/a><br \/>\n<img loading=\"lazy\" decoding=\"async\" class=\"alignnone wp-image-14758 size-large\" src=\"https:\/\/www.topohvar.at\/wp-content\/uploads\/2019\/01\/HV-IR-16-1-1024x503.jpg\" alt=\"\" width=\"640\" height=\"314\" srcset=\"https:\/\/www.topohvar.at\/wp-content\/uploads\/2019\/01\/HV-IR-16-1-1024x503.jpg 1024w, https:\/\/www.topohvar.at\/wp-content\/uploads\/2019\/01\/HV-IR-16-1-300x147.jpg 300w, https:\/\/www.topohvar.at\/wp-content\/uploads\/2019\/01\/HV-IR-16-1-768x377.jpg 768w, https:\/\/www.topohvar.at\/wp-content\/uploads\/2019\/01\/HV-IR-16-1.jpg 1080w\" sizes=\"auto, (max-width: 640px) 100vw, 640px\" \/><\/p>\n<p><strong>Ime \/ Name<br \/>\n<\/strong>Reljef \u00bbLav na ju\u017enoj strani crkve sv. Marka\u00ab \/ Relief &#8211; L\u00f6we an der S\u00fcdseite der Markuskirche<\/p>\n<p><strong>Code: <\/strong>HV-IR-16\u00a0 \u00a0 \u00a0 \u00a0 \u00a0 \u00a0 \u00a0 \u00a0 \u00a0 \u00a0 \u00a0 \u00a0 \u00a0 \u00a0 \u00a0 \u00a0 \u00a0 \u00a0\u00a0<a href=\"https:\/\/www.topohvar.at\/hv-ig-23-1\/\"><img loading=\"lazy\" decoding=\"async\" class=\"alignnone wp-image-12300 size-full\" src=\"https:\/\/www.topohvar.at\/wp-content\/uploads\/2018\/09\/push-vor-30.jpg\" alt=\"\" width=\"61\" height=\"30\" \/><\/a>\u00a0<strong><a href=\"https:\/\/www.topohvar.at\/orte\/hv\/hv-ir-04-1\/\"><img loading=\"lazy\" decoding=\"async\" class=\"alignnone wp-image-533 size-full\" src=\"https:\/\/www.topohvar.at\/wp-content\/uploads\/2018\/07\/push-l-30.jpg\" alt=\"\" width=\"61\" height=\"30\" \/><\/a> <a href=\"https:\/\/www.topohvar.at\/orte\/hv\/\"><img loading=\"lazy\" decoding=\"async\" class=\"alignnone wp-image-535 size-full\" src=\"https:\/\/www.topohvar.at\/wp-content\/uploads\/2018\/07\/push-o-30.jpg\" alt=\"\" width=\"61\" height=\"30\" \/><\/a> <a href=\"https:\/\/www.topohvar.at\/orte\/hv\/hv-ir-25-1\/\"><img loading=\"lazy\" decoding=\"async\" class=\"alignnone wp-image-536 size-full\" src=\"https:\/\/www.topohvar.at\/wp-content\/uploads\/2018\/07\/push-r-30.jpg\" alt=\"\" width=\"61\" height=\"30\" \/><\/a>\u00a0<\/strong><\/p>\n<hr \/>\n<p><strong>Adresa \/ Adresse<br \/>\n<\/strong>Grad Hvar,\u00a0Ulica Sveti Marak 16, crkva sv. Marka<\/p>\n<p><strong>Lokacija<\/strong><strong> \/ Position<a href=\"https:\/\/goo.gl\/maps\/TQ6fpZerrE9pHgUk8\"><img loading=\"lazy\" decoding=\"async\" class=\"alignright wp-image-15701\" src=\"https:\/\/www.topohvar.at\/wp-content\/uploads\/2019\/01\/1456.jpg\" alt=\"\" width=\"134\" height=\"100\" \/><\/a><br \/>\n<\/strong><span style=\"color: #3366ff;\"><a style=\"color: #3366ff;\" href=\"https:\/\/goo.gl\/maps\/TQ6fpZerrE9pHgUk8\">Latitude: N 43,17295\u00b0\u00a0 \u00a0Longitude: E 16,43960\u00b0<\/a> <\/span><strong><br \/>\n<\/strong>Visina \/ H\u00f6he: 14 m<\/p>\n<p><strong>Katastarska <\/strong><strong>\u010d<\/strong><strong>estica <\/strong><strong>\/ Grundst\u00fccke<br \/>\n<\/strong>*15<div class='content-column one_half'><div style=\"padding-right:6px;\"><p><strong>Datum snimanja \/ Erfassungsdatum<br \/>\n<\/strong>01.01.2000 00:00:00<\/p>\n<hr \/>\n<p><strong>Informacije<\/strong><\/p>\n<p>Lav dr\u017ei otvorneu knjigu s natpisom. Griva mu je u obliku lire. Vidlijivo je samo lijevo krilo, nedostaje desni dio reljefa. Nedostaje dio stra\u017enje desne \u0161ape. I ovaj lav prednjom \u0161apom stoji na tlu, a stra\u017enjima na morskim valovima.<\/p><\/div><\/div><div class='content-column one_half last_column'><div style=\"padding-right:0px;padding-left:6px;\"><p><strong>Stupanj za\u0161tite<\/strong><strong> \/ Schutzstellung<br \/>\n<\/strong>&#8211;<\/p>\n<hr \/>\n<p><strong>Info<\/strong><\/p>\n<p>Der L\u00f6we h\u00e4lt ein offenes Buch mit einer Inschrift. Seine M\u00e4hne ist in Form einer Lyra gestaltet. Nur der linke Fl\u00fcgel ist sichtbar. Der rechte Teil des Reliefs und ein Teil der hinteren rechten Pfote fehlen. Der L\u00f6we steht mit den Vorderpfoten am Land und mit den hinteren in den Meereswellen.<\/p><\/div><\/div><div class='clear_column'><\/div><div class='content-column one_half'><div style=\"padding-right:6px;\"><p>Krajem 13.st., kada je sjedi\u0161te biskupije preseljeno iz Starog Hvara (dana\u0161nji Stari Grad) u Novi Hvar, u gradnu nije bilo redovni\u010dkih zajednica. Tada je osnovan dominikanski samostan, \u010diji je prvi spomen iz 1312.g. Neobi\u010dan izbor titulara nove crkve i samostana \u2013 sv. Marka evan\u0111elista \u2013 potvr\u0111uje da je izgra\u0111en pod mleta\u010dkim patronatom. Iz povijesnih izvora doznajemo da su se na tom mjestu odr\u017eavale sjednice plemi\u010dkog vije\u0107a, te postoji naznaka da je neko vrijeme bio sjedi\u0161te lokalne vlasti.<\/p><\/div><\/div><div class='content-column one_half last_column'><div style=\"padding-right:0px;padding-left:6px;\"><p>Am Ende des 13. Jahrhunderts, als der Sitz der Di\u00f6zese von Alt-Hvar (heute Stari Grad) nach Neu-Hvar verlegt wurde, gab es keine religi\u00f6sen Gemeinschaften in der Stadt. Dann wurde ein Dominikanerkloster gegr\u00fcndet, dessen erste Erw\u00e4hnung ab 1312 erfolgte. Eine ungew\u00f6hnliche Wahl des neuen Kirchen- und Klosternamen \u2013 hl. Evangelist Markus &#8211; best\u00e4tigt, dass es unter der venezianischen Schirmherrschaft gebaut wurde. Aus historischen Quellen ist zu entnehmen, dass dort die Sitzungen der Stadtregierung abgehalten wurden, und es gibt Hinweise daf\u00fcr, dass es seit dieser Zeit Sitz der lokalen Regierung war.<\/p><\/div><\/div><div class='clear_column'><\/div><div class='content-column one_half'><div style=\"padding-right:6px;\"><p>Sve do ukinu\u0107a 1811.g. bio je sredi\u0161te kulturnog i duhovnog \u017eivota: tu je djelovalo teolo\u0161ko u\u010dili\u0161te, bio je dom zna\u010dajnim ljudima iz hvarske povijesti i imao je bogat umjetni\u010dki inventar. Danas taj prostor \u010dine samo vanjski zidovi crkve, apsida i zvonik te ostaci klaustara. U prostoru nekada\u0161nje crkve nalazi se lapidarij \u010dijem inventaru pripada sa\u010duvani lav.<\/p><\/div><\/div><div class='content-column one_half last_column'><div style=\"padding-right:0px;padding-left:6px;\"><p>Bis zur Aufhebung im Jahr 1811 war hier das Zentrum des kulturellen und spirituellen Lebens: Es gab eine theologische Hochschule, ein Zuhause f\u00fcr bedeutende Leute aus der Geschichte von Hvar und ein reiches Kunstinventar. Heute besteht dieser Raum nur aus den Au\u00dfenw\u00e4nden der Kirche, der Apsis und dem Glockenturm sowie den \u00dcberresten des Kreuzgangs. Im Bereich der ehemaligen Kirche befindet sich ein Lapidarium, in dessen Inventar sich der erhaltene L\u00f6we befindet.<\/p><\/div><\/div><div class='clear_column'><\/div><\/p>\n<p style=\"text-align: right;\"><span style=\"color: #3366ff;\"><a style=\"color: #3366ff;\" href=\"#seite_oben\">natrag na vrh \/ Seitenanfang<\/a><\/span><\/p>\n<p style=\"text-align: center;\"><em>(Izvor \/ Quelle: Hvar i Venezija, kulturne i povijesne poveznice)<\/em><\/p>\n<hr \/>\n<p><strong>Linkovi \/ Links<\/strong><\/p>\n<p><span style=\"color: #3366ff;\"><a style=\"color: #3366ff;\" href=\"https:\/\/www.topohvar.at\/orte\/hv\/hv-ci-07-1\/\">Biv\u0161a crkva \u00bbSv. Marka\u00ab \/ ehemalige Markuskirche<\/a><\/span><br \/>\n<span style=\"color: #3366ff;\"><a style=\"color: #3366ff;\" href=\"https:\/\/www.topohvar.at\/orte\/hv\/hv-ig-51-1\/\">Grb \u201eObitelj Bartu\u010devi\u0107a &#8211; loza Hortenzija Bartu\u010devi\u0107a\u201c \/ Wappen der Familie\u00a0Bartu\u010devi\u0107 &#8211; Geschlecht Hortenzija Bartu\u010devi\u0107a<\/a><\/span><br \/>\n<span style=\"color: #3366ff;\"><a style=\"color: #3366ff;\" href=\"https:\/\/www.topohvar.at\/orte\/hv\/hv-is-23-1\/\">Spomen plo\u010da \/ Gedenktafel \u00bbVicko Priboevi\u0107\u00ab<\/a><\/span><\/p>\n","protected":false},"excerpt":{"rendered":"<p>Ime \/ Name Reljef \u00bbLav na ju\u017enoj strani crkve sv. Marka\u00ab \/ Relief &#8211; L\u00f6we an der S\u00fcdseite der Markuskirche Code: HV-IR-16\u00a0 \u00a0 \u00a0 \u00a0 \u00a0 \u00a0 \u00a0 \u00a0 \u00a0 \u00a0 \u00a0 \u00a0 \u00a0 \u00a0 \u00a0 \u00a0 \u00a0 \u00a0\u00a0\u00a0 \u00a0 &hellip; <a href=\"https:\/\/www.topohvar.at\/topo\/orte\/hv\/hv-ir-16-1\/\">Weiterlesen <span class=\"meta-nav\">&rarr;<\/span><\/a><\/p>\n","protected":false},"author":1,"featured_media":0,"parent":80,"menu_order":0,"comment_status":"closed","ping_status":"closed","template":"","meta":{"footnotes":""},"class_list":["post-14824","page","type-page","status-publish","hentry"],"_links":{"self":[{"href":"https:\/\/www.topohvar.at\/topo\/wp-json\/wp\/v2\/pages\/14824","targetHints":{"allow":["GET"]}}],"collection":[{"href":"https:\/\/www.topohvar.at\/topo\/wp-json\/wp\/v2\/pages"}],"about":[{"href":"https:\/\/www.topohvar.at\/topo\/wp-json\/wp\/v2\/types\/page"}],"author":[{"embeddable":true,"href":"https:\/\/www.topohvar.at\/topo\/wp-json\/wp\/v2\/users\/1"}],"replies":[{"embeddable":true,"href":"https:\/\/www.topohvar.at\/topo\/wp-json\/wp\/v2\/comments?post=14824"}],"version-history":[{"count":12,"href":"https:\/\/www.topohvar.at\/topo\/wp-json\/wp\/v2\/pages\/14824\/revisions"}],"predecessor-version":[{"id":53619,"href":"https:\/\/www.topohvar.at\/topo\/wp-json\/wp\/v2\/pages\/14824\/revisions\/53619"}],"up":[{"embeddable":true,"href":"https:\/\/www.topohvar.at\/topo\/wp-json\/wp\/v2\/pages\/80"}],"wp:attachment":[{"href":"https:\/\/www.topohvar.at\/topo\/wp-json\/wp\/v2\/media?parent=14824"}],"curies":[{"name":"wp","href":"https:\/\/api.w.org\/{rel}","templated":true}]}}