{"id":14961,"date":"2019-01-02T15:52:16","date_gmt":"2019-01-02T14:52:16","guid":{"rendered":"https:\/\/www.topohvar.at\/?page_id=14961"},"modified":"2021-12-16T19:06:23","modified_gmt":"2021-12-16T18:06:23","slug":"hv-op-04-1","status":"publish","type":"page","link":"https:\/\/www.topohvar.at\/topo\/orte\/hv\/hv-op-04-1\/","title":{"rendered":"HVAR &#8211; Objekt \u00bbZdenac u dvori\u0161tu samostana\u00ab"},"content":{"rendered":"<p><a name=\"seite_oben\"><\/a><br \/>\n<img loading=\"lazy\" decoding=\"async\" class=\"alignnone wp-image-14946 size-large\" src=\"https:\/\/www.topohvar.at\/wp-content\/uploads\/2019\/01\/hv-op-04-1-1024x503.jpg\" alt=\"\" width=\"640\" height=\"314\" srcset=\"https:\/\/www.topohvar.at\/wp-content\/uploads\/2019\/01\/hv-op-04-1-1024x503.jpg 1024w, https:\/\/www.topohvar.at\/wp-content\/uploads\/2019\/01\/hv-op-04-1-300x147.jpg 300w, https:\/\/www.topohvar.at\/wp-content\/uploads\/2019\/01\/hv-op-04-1-768x377.jpg 768w, https:\/\/www.topohvar.at\/wp-content\/uploads\/2019\/01\/hv-op-04-1.jpg 1080w\" sizes=\"auto, (max-width: 640px) 100vw, 640px\" \/><\/p>\n<p><strong>Ime \/ Name<br \/>\n<\/strong>Objekt \u00bbZdenac u dvori\u0161tu samostana\u00ab \/ Brunnen im Klosterhof<\/p>\n<p><strong>Code: <\/strong>HV-OP-04\u00a0 \u00a0 \u00a0 \u00a0 \u00a0 \u00a0 \u00a0 \u00a0 \u00a0 \u00a0 \u00a0 \u00a0 \u00a0 \u00a0 \u00a0 \u00a0 \u00a0 \u00a0\u00a0 <strong><a href=\"https:\/\/www.topohvar.at\/orte\/hv\/hv-op-00-1\/\"><img loading=\"lazy\" decoding=\"async\" class=\"alignnone wp-image-12300 size-full\" src=\"https:\/\/www.topohvar.at\/wp-content\/uploads\/2018\/09\/push-vor-30.jpg\" alt=\"\" width=\"61\" height=\"30\" \/><\/a><\/strong> <strong><a href=\"https:\/\/www.topohvar.at\/orte\/hv\/hv-op-18-1\/\"><img loading=\"lazy\" decoding=\"async\" class=\"alignnone wp-image-533 size-full\" src=\"https:\/\/www.topohvar.at\/wp-content\/uploads\/2018\/07\/push-l-30.jpg\" alt=\"\" width=\"61\" height=\"30\" \/><\/a> <a href=\"https:\/\/www.topohvar.at\/orte\/hv\/\"><img loading=\"lazy\" decoding=\"async\" class=\"alignnone wp-image-535 size-full\" src=\"https:\/\/www.topohvar.at\/wp-content\/uploads\/2018\/07\/push-o-30.jpg\" alt=\"\" width=\"61\" height=\"30\" \/><\/a> <a href=\"https:\/\/www.topohvar.at\/orte\/hv\/hv-op-08-1\/\"><img loading=\"lazy\" decoding=\"async\" class=\"alignnone wp-image-536 size-full\" src=\"https:\/\/www.topohvar.at\/wp-content\/uploads\/2018\/07\/push-r-30.jpg\" alt=\"\" width=\"61\" height=\"30\" \/><\/a>\u00a0<\/strong><\/p>\n<hr \/>\n<p><strong>Adresa \/ Adresse<br \/>\n<\/strong>Grad Hvar,\u00a0\u0160etali\u0161te put Kri\u017ea 15, Franjeva\u010dki samostan<\/p>\n<p><strong>Lokacija<\/strong><strong> \/ Position<a href=\"https:\/\/goo.gl\/maps\/bKwGz2GmMG6Egwr18\"><img loading=\"lazy\" decoding=\"async\" class=\"alignright wp-image-15572\" src=\"https:\/\/www.topohvar.at\/wp-content\/uploads\/2019\/01\/0223.jpg\" alt=\"\" width=\"134\" height=\"100\" \/><\/a><br \/>\n<\/strong><span style=\"color: #3366ff;\"><a style=\"color: #3366ff;\" href=\"https:\/\/goo.gl\/maps\/bKwGz2GmMG6Egwr18\">Latitude: N 43,16814\u00b0\u00a0 \u00a0Longitude: E 16,44307\u00b0<\/a> <\/span><strong><br \/>\n<\/strong>Visina \/ H\u00f6he: 7 m<\/p>\n<p><strong>Katastarska \u010destica <\/strong><strong>\/ Grundst\u00fccke<br \/>\n<\/strong>*485, *486<div class='content-column one_half'><div style=\"padding-right:6px;\"><p><strong>Datum snimanja \/ Erfassungsdatum<br \/>\n<\/strong>22.02.2017 15:01:00<\/p>\n<hr \/>\n<p><strong>Informacije<\/strong><\/p>\n<p>U dvori\u0161tu franjeva\u010dkog samostana nalazi se lijepa kamena fontana. Bio je dar gra\u0111ana i mleta\u010dkih jedrili\u010dara.<\/p><\/div><\/div><div class='content-column one_half last_column'><div style=\"padding-right:0px;padding-left:6px;\"><p><strong>Stupanj za\u0161tite<\/strong><strong> \/ Schutzstellung<br \/>\n<\/strong>&#8211;<\/p>\n<hr \/>\n<p><strong>Info<\/strong><\/p>\n<p>Im Hof des Franziskanerklosters steht ein sch\u00f6ner Steinbrunnen. Er war eine Gabe der B\u00fcrger und venezianischen Seeleute.<\/p><\/div><\/div><div class='clear_column'><\/div><div class='content-column one_half'><div style=\"padding-right:6px;\"><p>Gustirna ima po sredini povi\u0161enu i ogra\u0111enu nakapnicu (cisternu) s krunom (bucalom). Na obodu krune cisterne e o\u0161te\u0107en natpis:<\/p><\/div><\/div><div class='content-column one_half last_column'><div style=\"padding-right:0px;padding-left:6px;\"><p>Die Zisterne hat eine erh\u00f6hte und geschlossene Krone (Zisterne) mit einer Krone (bucal) in der Mitte. Auf dem Rand der Tankkrone befindet sich eine besch\u00e4digte Inschrift:<\/p><\/div><\/div><div class='clear_column'><\/div><\/p>\n<p style=\"text-align: center;\">&#8230; RADO DASI .. N &#8230; ?<\/p>\n<div class='content-column one_half'><div style=\"padding-right:6px;\"><p>Smatra je, da ovome cisternu djelom Rade Radetovi\u0107a (Radosti\u0107a, Radosavljevi\u0107a?) iz \u0160ibenika (umro prije 1497.). I njegov otac i sin Juraj bavili su se gradnjom nakapnica, pa su dobili nadimak \u201ede cisternis\u201c. Ni\u017ee na kruni je drugi tako\u0111er o\u0161te\u0107en natpis:<\/p><\/div><\/div><div class='content-column one_half last_column'><div style=\"padding-right:0px;padding-left:6px;\"><p>Es wird angenommen, dass dieser Brunnen eine Arbeit des Rade Radetovi\u0107 (Radosti\u0107, Radosavljevi\u0107?) aus \u0160ibenik (er starb vor 1497) ist. Sowohl sein Vater als auch sein Sohn Juraj waren mit dem Bau von Zisternen besch\u00e4ftigt und erhielten den Spitznamen &#8222;de cisternis&#8220;. Unten auf der Krone ist eine zweite, auch besch\u00e4digt Inschrift:<\/p><\/div><\/div><div class='clear_column'><\/div><\/p>\n<p style=\"text-align: center;\">PIVS ET IVSTVS FRANCISC(us) NOBIS NOVA IVRA DARET .. ? (E?)RIS CEPTA PA &#8230; VI<br \/>\nPius et iustus Franciscus nobis nova iura daret liberis cepta pace frui<\/p>\n<div class='content-column one_half'><div style=\"padding-right:6px;\"><p>(= u slobodnom prijevodu: Pravedni i pobo\u017eni (sv.) Frane neka nam dade novi zakon da se kao (slobodna) djeca (Bo\u017eja) okoristimo (samostanskim) mirom u koji smo u\u0161li).<\/p><\/div><\/div><div class='content-column one_half last_column'><div style=\"padding-right:0px;padding-left:6px;\"><p>(= in einer freien \u00dcbersetzung: Fair und fromm w\u00fcrde uns der (hl.) Franziskus ein neues Gesetz geben, das wir als (freie) Kinder (Gottes) durch den (kl\u00f6sterlichen) Frieden, in den wir eingetreten sind, nutzen k\u00f6nnen).<\/p><\/div><\/div><div class='clear_column'><\/div><div class='content-column one_half'><div style=\"padding-right:6px;\"><p>Kruna klesana od jednog komada kamena visoka je 95cm, a podno\u017eje je visoko 20 cm (sa zapadne strane 10 cm).<\/p><\/div><\/div><div class='content-column one_half last_column'><div style=\"padding-right:0px;padding-left:6px;\"><p>Die Krone aus einem einzigen St\u00fcck Stein ist 95 cm hoch und steht auf einem 20 cm (10 cm im Westen) hohen Sockel.<\/p><\/div><\/div><div class='clear_column'><\/div><div class='content-column one_half'><div style=\"padding-right:6px;\"><p>Na kruni je vi\u0161e \u017eljebova i do 15-ak cm dubokih. Gustirna nema (kao ve\u0107ina drugih) limeni poklopac ve\u0107 je doslovno na kamenu krunu postavljena kruna od \u017eeljeznog \u201etondina&#8220;, rad fra Jakija, postavljena 1977. g.<\/p><\/div><\/div><div class='content-column one_half last_column'><div style=\"padding-right:0px;padding-left:6px;\"><p>Auf der Krone sind mehrere bis zu 15 cm tiefe Rillen. Es gibt keinen (wie bei den meisten anderen) Kalkanstrich. Der Brunnenkranz ist nochmals durch eine Eisenkrone (Eisengitter) gekr\u00f6nt, ein Werk von Pater Jaki aus dem Jahr 1977.<\/p><\/div><\/div><div class='clear_column'><\/div><div class='content-column one_half'><div style=\"padding-right:6px;\"><p>Sjeverno od krune nalazi se kamenica dimenzija 125 x 62 cm sa dva korita 50 x 50 cm.<\/p><\/div><\/div><div class='content-column one_half last_column'><div style=\"padding-right:0px;padding-left:6px;\"><p>N\u00f6rdlich der Krone steht ein Steinblock im Ausma\u00df von 125&#215;62 cm mit zwei runden Tr\u00f6gen 50x50cm.<\/p><\/div><\/div><div class='clear_column'><\/div><div class='content-column one_half'><div style=\"padding-right:6px;\"><p>Gustirna se nalazi na terasi veli\u010dine 8,70 x 11,50 m. Na kamenom uko\u0161enom podu su \u010detiri filtera za sakupljanje ki\u0161nice. Osamnaest pilona dr\u017ei gornju terasu s koje se voda kroz \u010detiri otvora slijeva na donju terasu.<\/p><\/div><\/div><div class='content-column one_half last_column'><div style=\"padding-right:0px;padding-left:6px;\"><p>Die Zisterne befindet sich auf einer Terrasse von 8,70 x 11,50 m. Auf dem Steinboden gibt es vier Filter um das Regenwasser zu reinigen. Achtzehn Pylone st\u00fctzen die obere Terrasse von der das Wasser durch vier \u00d6ffnungen zur unteren Terrasse flie\u00dft.<\/p><\/div><\/div><div class='clear_column'><\/div><div class='content-column one_half'><div style=\"padding-right:6px;\"><p>Ispod terase sa\u010duvan je odvodni kanal do ispred klaustra, kojije slu\u017eio za napajanje brodova vodom, poglavito u vrijeme mleta\u010dke uprave, ali i kasnije.<\/p><\/div><\/div><div class='content-column one_half last_column'><div style=\"padding-right:0px;padding-left:6px;\"><p>Unterhalb der Terrasse befindet sich vor dem Kreuzgang eine Entw\u00e4sserungsrinne, die zur Versorgung der Schiffe mit Wasser diente, insbesondere zur Zeit der venezianischen Verwaltung, aber auch sp\u00e4ter.<\/p><\/div><\/div><div class='clear_column'><\/div><\/p>\n<p style=\"text-align: right;\"><span style=\"color: #3366ff;\"><a style=\"color: #3366ff;\" href=\"#seite_oben\">natrag na vrh \/ Seitenanfang<\/a><\/span><\/p>\n<hr \/>\n<p><strong>Linkovi \/ Links<\/strong><\/p>\n<p><span style=\"color: #3366ff;\"><a style=\"color: #3366ff;\" href=\"https:\/\/www.topohvar.at\/orte\/hv\/hv-ca-01-1\/\">Franjeva\u010dki samostan \/ Franziskanerkloster<\/a><\/span><br \/>\n<span style=\"color: #3366ff;\"><a style=\"color: #3366ff;\" href=\"https:\/\/www.topohvar.at\/orte\/hv\/hv-in-08-1\/\">Natpis \/ Inschrift \u00bbFRANCISCHVS DEPOLO \u2026\u00ab<\/a><\/span><br \/>\n<span style=\"color: #3366ff;\"><a style=\"color: #3366ff;\" href=\"https:\/\/www.topohvar.at\/orte\/hv\/hv-ir-42-1\/\">Reljef \u00bb800. obljetnica sv. Franje\u00ab \/ Relief \u2013 800. Jahrestag hl. Franziskus<\/a><\/span><br \/>\n<span style=\"color: #3366ff;\"><a style=\"color: #3366ff;\" href=\"https:\/\/www.topohvar.at\/orte\/hv\/hv-is-28-1\/\">Spomen plo\u010da \u00bbPrigodom proslave 500. godo\u0161njice\u00ab \/ Gedenktafel \u2013 500. Jahrestag des Klosterbestandes<\/a><\/span><br \/>\n<span style=\"color: #3366ff;\"><a style=\"color: #3366ff;\" href=\"https:\/\/www.topohvar.at\/orte\/hv\/hv-mo-11-1\/\">Skulptura \u00bbU dvori\u0161tu samostana\u00ab \/ Skulptur im Klosterhof<\/a><\/span><br \/>\n<span style=\"color: #3366ff;\"><a style=\"color: #3366ff;\" href=\"https:\/\/www.topohvar.at\/orte\/hv\/hv-mo-13-1\/\">Kip \u00bbU dvori\u0161tu samostana\u00ab \/ Statue im Klosterhof<\/a><\/span><br \/>\n<span style=\"color: #3366ff;\"><a style=\"color: #3366ff;\" href=\"https:\/\/www.topohvar.at\/orte\/hv\/hv-ob-05-1\/\">Objekt \u00bbBroj\u010danik i sun\u010dani sat u dvori\u0161tu samostana\u00ab \/ Steinernes Zifferblatt und Sonnenuhr im Klosterhof<\/a><\/span><br \/>\n<span style=\"color: #3366ff;\"><a style=\"color: #3366ff;\" href=\"https:\/\/www.topohvar.at\/orte\/hv\/hv-mo-01-1\/\">Kip \u00bbSv. Franjo Asi\u0161k\u00ab \/ Statue des hl. Franz von Assisi<\/a><\/span><br \/>\n<span style=\"color: #3366ff;\"><a style=\"color: #3366ff;\" href=\"https:\/\/www.topohvar.at\/orte\/hv\/hv-mo-12-1\/\">Kip \u00bbSv. Antonija\u00ab \/ Statue des hl. Antonius<\/a><\/span><br \/>\n<span style=\"color: #3366ff;\"><a style=\"color: #3366ff;\" href=\"https:\/\/www.topohvar.at\/orte\/hv\/hv-ig-23-1\/\">Grb \u00bbNa vanjski zid franjeva\u010dkog samostana\u00ab \/ Wappen an der Au\u00dfenmauer des Franziskanerklosters<\/a><\/span><br \/>\n<span style=\"color: #3366ff;\"><a style=\"color: #3366ff;\" href=\"https:\/\/www.topohvar.at\/orte\/hv\/hv-ob-09-1\/\">Objekt \u00bbPiramida na samostanskom zidu\u00ab \/ Pyramide auf der Klostermauer<\/a><br \/>\n<a style=\"color: #3366ff;\" href=\"https:\/\/www.topohvar.at\/orte\/hv\/hv-op-08-1\/\">Objekt \u00bbGustirna u dvori\u0161tu vrtu samostana\u00ab \/ Zisterne im Gartenhof des Klosters<\/a><br \/>\n<\/span><\/p>\n<p>&nbsp;<\/p>\n","protected":false},"excerpt":{"rendered":"<p>Ime \/ Name Objekt \u00bbZdenac u dvori\u0161tu samostana\u00ab \/ Brunnen im Klosterhof Code: HV-OP-04\u00a0 \u00a0 \u00a0 \u00a0 \u00a0 \u00a0 \u00a0 \u00a0 \u00a0 \u00a0 \u00a0 \u00a0 \u00a0 \u00a0 \u00a0 \u00a0 \u00a0 \u00a0\u00a0 \u00a0 Adresa \/ Adresse Grad Hvar,\u00a0\u0160etali\u0161te put Kri\u017ea 15, &hellip; <a href=\"https:\/\/www.topohvar.at\/topo\/orte\/hv\/hv-op-04-1\/\">Weiterlesen <span class=\"meta-nav\">&rarr;<\/span><\/a><\/p>\n","protected":false},"author":1,"featured_media":0,"parent":80,"menu_order":0,"comment_status":"closed","ping_status":"closed","template":"","meta":{"footnotes":""},"class_list":["post-14961","page","type-page","status-publish","hentry"],"_links":{"self":[{"href":"https:\/\/www.topohvar.at\/topo\/wp-json\/wp\/v2\/pages\/14961","targetHints":{"allow":["GET"]}}],"collection":[{"href":"https:\/\/www.topohvar.at\/topo\/wp-json\/wp\/v2\/pages"}],"about":[{"href":"https:\/\/www.topohvar.at\/topo\/wp-json\/wp\/v2\/types\/page"}],"author":[{"embeddable":true,"href":"https:\/\/www.topohvar.at\/topo\/wp-json\/wp\/v2\/users\/1"}],"replies":[{"embeddable":true,"href":"https:\/\/www.topohvar.at\/topo\/wp-json\/wp\/v2\/comments?post=14961"}],"version-history":[{"count":14,"href":"https:\/\/www.topohvar.at\/topo\/wp-json\/wp\/v2\/pages\/14961\/revisions"}],"predecessor-version":[{"id":55209,"href":"https:\/\/www.topohvar.at\/topo\/wp-json\/wp\/v2\/pages\/14961\/revisions\/55209"}],"up":[{"embeddable":true,"href":"https:\/\/www.topohvar.at\/topo\/wp-json\/wp\/v2\/pages\/80"}],"wp:attachment":[{"href":"https:\/\/www.topohvar.at\/topo\/wp-json\/wp\/v2\/media?parent=14961"}],"curies":[{"name":"wp","href":"https:\/\/api.w.org\/{rel}","templated":true}]}}