{"id":15069,"date":"2019-01-02T19:39:01","date_gmt":"2019-01-02T18:39:01","guid":{"rendered":"https:\/\/www.topohvar.at\/?page_id=15069"},"modified":"2024-06-10T17:51:17","modified_gmt":"2024-06-10T15:51:17","slug":"hv-td-14-1","status":"publish","type":"page","link":"https:\/\/www.topohvar.at\/topo\/orte\/hv\/hv-td-14-1\/","title":{"rendered":"HVAR &#8211; Biv\u0161a tvr\u0111ava \u00bbVenerande\u00ab"},"content":{"rendered":"<p><a name=\"seite_oben\"><\/a><br \/>\n<img loading=\"lazy\" decoding=\"async\" class=\"alignnone wp-image-20547 size-large\" src=\"https:\/\/www.topohvar.at\/wp-content\/uploads\/2019\/02\/hv-td-14-10-1024x503.jpg\" alt=\"\" width=\"640\" height=\"314\" srcset=\"https:\/\/www.topohvar.at\/wp-content\/uploads\/2019\/02\/hv-td-14-10-1024x503.jpg 1024w, https:\/\/www.topohvar.at\/wp-content\/uploads\/2019\/02\/hv-td-14-10-300x147.jpg 300w, https:\/\/www.topohvar.at\/wp-content\/uploads\/2019\/02\/hv-td-14-10-768x377.jpg 768w, https:\/\/www.topohvar.at\/wp-content\/uploads\/2019\/02\/hv-td-14-10.jpg 1080w\" sizes=\"auto, (max-width: 640px) 100vw, 640px\" \/><\/p>\n<p><strong>Ime \/ Name<br \/>\n<\/strong>Biv\u0161a tvr\u0111ava \u00bbVenerande\u00ab \/ ehemalige Festung Venerande<\/p>\n<p><strong>Code: <\/strong>HV-TD-14\u00a0 \u00a0 \u00a0 \u00a0 \u00a0 \u00a0 \u00a0 \u00a0 \u00a0 \u00a0 \u00a0 \u00a0 \u00a0 \u00a0 \u00a0 \u00a0 \u00a0 \u00a0 \u00a0<strong><a href=\"https:\/\/www.topohvar.at\/orte\/hv\/hv-td-11-1\/\"><img loading=\"lazy\" decoding=\"async\" class=\"alignnone wp-image-533 size-full\" src=\"https:\/\/www.topohvar.at\/wp-content\/uploads\/2018\/07\/push-l-30.jpg\" alt=\"\" width=\"61\" height=\"30\" \/><\/a> <a href=\"https:\/\/www.topohvar.at\/orte\/hv\/\"><img loading=\"lazy\" decoding=\"async\" class=\"alignnone wp-image-535 size-full\" src=\"https:\/\/www.topohvar.at\/wp-content\/uploads\/2018\/07\/push-o-30.jpg\" alt=\"\" width=\"61\" height=\"30\" \/><\/a>\u00a0<a href=\"https:\/\/www.topohvar.at\/orte\/hv\/hv-td-15-1\/\"><img loading=\"lazy\" decoding=\"async\" class=\"alignnone wp-image-536 size-full\" src=\"https:\/\/www.topohvar.at\/wp-content\/uploads\/2018\/07\/push-r-30.jpg\" alt=\"\" width=\"61\" height=\"30\" \/><\/a><\/strong><\/p>\n<hr \/>\n<p><strong>Adresa \/ Adresse<br \/>\n<\/strong>Grad Hvar,\u00a0Ulica Dinka Kova\u010devi\u0107a 3, Venerande<\/p>\n<p><strong>Lokacija<\/strong><strong> \/ Position<a href=\"https:\/\/goo.gl\/maps\/ACAingz6DMCSRYZm9\"><img loading=\"lazy\" decoding=\"async\" class=\"alignright wp-image-15602\" src=\"https:\/\/www.topohvar.at\/wp-content\/uploads\/2019\/01\/0225.jpg\" alt=\"\" width=\"134\" height=\"100\" \/><\/a><br \/>\n<\/strong><span style=\"color: #3366ff;\"><a style=\"color: #3366ff;\" href=\"https:\/\/goo.gl\/maps\/ACAingz6DMCSRYZm9\">Latitude: N 43,17097\u00b0\u00a0 \u00a0Longitude: E 16,43705\u00b0<\/a> <\/span><strong><br \/>\n<\/strong>Visina \/ H\u00f6he: 20 m<\/p>\n<p><strong>Katastarska <\/strong><strong>\u010d<\/strong><strong>estica <\/strong><strong>\/ Grundst\u00fccke<br \/>\n<\/strong>*553<div class='content-column one_half'><div style=\"padding-right:6px;\"><p><strong>Datum snimanja \/ Erfassungsdatum<br \/>\n<\/strong>27.02.2016 12:00:00<\/p>\n<hr \/>\n<p><strong>Informacije<\/strong><\/p>\n<p>Tijekom 1806. i 1807. godine Rusi \u0107e poku\u0161ati osvojiti grad. U prosincu 1806. godine po\u010deli su opsadu, ali su od nje morali odustati jer je generai Guillet do\u0161ao s poja\u010danjem iz Splita.<\/p><\/div><\/div><div class='content-column one_half last_column'><div style=\"padding-right:0px;padding-left:6px;\"><p><strong>Stupanj za\u0161tite <\/strong><strong>\/ Schutzstellung<br \/>\n<\/strong>Z-6013<\/p>\n<hr \/>\n<p><strong>Info<\/strong><\/p>\n<p>In den Jahren 1806 und 1807 versuchten die Russen die Stadt Hvar von den Franzosen zu erobern. Im Dezember 1806 begannen sie mit der Belagerung, mussten aber aufgeben, weil General Guillet von Split Verst\u00e4rkung bekam.<\/p><\/div><\/div><div class='clear_column'><\/div><div class='content-column one_half'><div style=\"padding-right:6px;\"><p>U travnju 1807. godine poku\u0161ali su ponovno zauzeti grad. S linijskog broda Asia i topni\u0161tvom koje su iskrcali na oto\u010di\u0107u Gale\u0161niku \u010detiri su dana bombardirali gradi njegove utvrde. Potom su iskrcali 700-800 vojnika u uvali nedaleko od samostanu Sv. Venerande i krenuli prema gradu. Francuzi su ih zaustavili na vrhu brijega sv . Katarine, a potom ih potisnuli u prostor sklopa Sv. Venerande, gdje su se Rusi jo\u0161 dugo opirali, pri \u010demu je sklop te\u0161ko o\u0161te\u0107en.<\/p><\/div><\/div><div class='content-column one_half last_column'><div style=\"padding-right:0px;padding-left:6px;\"><p>Im April 1807 versuchten sie erneut die Stadt zu besetzen. Mit dem Linienschiff \u201eAsien\u201c und der Artillerie, die sie auf die kleine Insel Gale\u0161nik brachten, bombardierten sie vier Tage lang die Stadt und seine Festungsanlagen. Danach setzten sie 700-800 Soldaten ans Ufer unweit des Klosters Sv. Venerande und marschierten auf die Stadt zu. Die Franzosen hielten sie auf dem H\u00fcgel St. Katharina auf und dr\u00e4ngten sie in den Raum Venerande, wo die Russen lange Widerstand leisteten. Venerande wurde dabei schwer besch\u00e4digt.<\/p><\/div><\/div><div class='clear_column'><\/div><div class='content-column one_half'><div style=\"padding-right:6px;\"><p>Ulaz u luku branile su i dvije bo\u010dne baterije: Gospina baterija , koja se nalazila nedaleko od crkve Zvijezda Mora sa zapada i baterija pred franjeva\u010dkim samostanom, s istoka. Obje su baterije od ruskog bombardiranja bile brzo uni\u0161tene, te se jasno pokazala potreba da luka bude bo\u010dno branjena s ja\u010dim utvrdama. Osim spomenutih baterija i u sklopu Sv. Venerande nalazili su se topovi manjeg kalibra, ali su ti topovi bili povu\u010deni \u010dim se ustanovilo da se ne mogu suprotstaviti ruskim snagama. To je prvi spomen fortifikacijske namjene Sv. Venerande.<\/p><\/div><\/div><div class='content-column one_half last_column'><div style=\"padding-right:0px;padding-left:6px;\"><p>Die Hafeneinfahrt war weiters durch zwei Seitenbatterien gesch\u00fctzt: die Batterie der Madonna, die sich in der N\u00e4he der Kirche \u201eMeerstern\u201c im Westen befand und eine Batterie vor dem Franziskanerkloster im Osten. Beide Batterien wurden durch die russische Bombardierung schnell zerst\u00f6rt, und es bestand ein eindeutiger Bedarf, den Hafen seitw\u00e4rts durch st\u00e4rkere Befestigungen zu sch\u00fctzen. Zus\u00e4tzlich zu den erw\u00e4hnten Batterien gab es auf Sv. Venerande Kanonen kleineren Kalibers, aber diese Kanonen wurden zur\u00fcckgezogen, sobald festgestellt wurde, dass sie den russischen Kr\u00e4ften nicht widerstehen konnten. Das ist die erste Erw\u00e4hnung von Befestigungen auf Sv. Veneranda.<\/p><\/div><\/div><div class='clear_column'><\/div><div class='content-column one_half'><div style=\"padding-right:6px;\"><p>Porazom francuske flote po\u010detkom 1811. godine u pomorskoj bici s Englezima kod Visa otvorila se mogu\u0107nost engleskog napada na Hvar. Francuzi su tada odlu\u010dili oja\u010dati bo\u010dnu obranu luke, nakon \u0161to su ve\u0107 1807. godine, nakon ruskog napada, sagradili tvrdavu Napoleon iznad stare Fortice, koja je sprje\u010daval a napad na grad s istoka.<\/p><\/div><\/div><div class='content-column one_half last_column'><div style=\"padding-right:0px;padding-left:6px;\"><p>Die Niederlage der franz\u00f6sischen Flotte Anfang 1811 durch die Engl\u00e4nder bei der Insel Vis er\u00f6ffnete die M\u00f6glichkeit eines englischen Angriffs auf Hvar. Die Franzosen beschlossen, die seitliche Verteidigung des Hafens zu verst\u00e4rken, nachdem 1807, nach der russischen Invasion, das Fort \u201eNapoleon\u201c \u00fcber der alten Festung gebaut wurde, das einen Angriff auf die Stadt von Osten her verhindern sollte.<\/p><\/div><\/div><div class='clear_column'><\/div><div class='content-column one_half'><div style=\"padding-right:6px;\"><p>Godine 1811. grade tvrdavu na isto\u010dnoj strani luke koju nazivaju <em>Batterie de gauche<\/em> (baterija s lijeva, kasnije baterija Andreas), i tvrdavu sa zapadne strane luke, pored nekada\u0161njeg sklopa Sv. Venerande, <em>Batterie de droite<\/em> (bateriju zdesna).<\/p><\/div><\/div><div class='content-column one_half last_column'><div style=\"padding-right:0px;padding-left:6px;\"><p>Im Jahr 1811 errichteten sie eine Festung auf der \u00f6stlichen Seite des Hafens, die <em>Batterie de gauche<\/em> (linke Batterie, sp\u00e4ter Batterie Andreas) genannt wurde, und eine Festung auf der Westseite des Hafens neben den Geb\u00e4uden der ehemaligen Anlage von St. Venerande, die <em>Batterie de droite<\/em> (Batterie rechts).<\/p><\/div><\/div><div class='clear_column'><\/div><div class='content-column one_half'><div style=\"padding-right:6px;\"><p>Napoleonska uprava samostan pretvara u tvr\u0111avu i gradi topovske polo\u017eaje prema jugu, a sklop utvr\u0111uje zidom s pu\u0161karnicama.<\/p><\/div><\/div><div class='content-column one_half last_column'><div style=\"padding-right:0px;padding-left:6px;\"><p>Die napoleonische Regierung verwandelte das Kloster in eine Festung und baute im S\u00fcden Kanonenstellungen und befestigte den Komplex mit einer Mauer mit Schie\u00dfscharten.<\/p><\/div><\/div><div class='clear_column'><\/div><div class='content-column one_half'><div style=\"padding-right:6px;\"><p>Francuski nacrti tvr\u0111ava nisu poznati, ali su sa\u010duvani snimci postoje\u0107eg stanja tvr\u0111ava, koje su izradili austrijski vojni in\u017eenjeri prilikom priprema za zahvate na jednoj i drugoj tvr\u0111avi 1830-31. godine. Tlocrt postoje\u0107eg stanja sklopa hospicija Sv. Venerande i nove tvr\u0111ave, koji su spojeni u novu cjelinu, nije datiran, ali je sigurno nastao kratko prije 1830. godine.<\/p><\/div><\/div><div class='content-column one_half last_column'><div style=\"padding-right:0px;padding-left:6px;\"><p>Franz\u00f6sische Festungsentw\u00fcrfe sind nicht bekannt, aber Bilder des bestehenden Festungszustandes sind erhalten, die von \u00f6sterreichischen Milit\u00e4ringenieuren zur Vorbereitungen von Ma\u00dfnahmen auf der einen und anderen Festung in den Jahren 1830-31 gemacht wurden. Die Bestandsaufnahme des Hospizkomplexes Sv. Venerande mit den neuen Festungsanlagen, sind nicht datiert, aber es muss kurz vor 1830 gewesen sein.<\/p><\/div><\/div><div class='clear_column'><\/div><img loading=\"lazy\" decoding=\"async\" class=\"alignnone size-large wp-image-20548\" src=\"https:\/\/www.topohvar.at\/wp-content\/uploads\/2019\/02\/hv-td-14-11-1024x503.jpg\" alt=\"\" width=\"640\" height=\"314\" srcset=\"https:\/\/www.topohvar.at\/wp-content\/uploads\/2019\/02\/hv-td-14-11-1024x503.jpg 1024w, https:\/\/www.topohvar.at\/wp-content\/uploads\/2019\/02\/hv-td-14-11-300x147.jpg 300w, https:\/\/www.topohvar.at\/wp-content\/uploads\/2019\/02\/hv-td-14-11-768x377.jpg 768w, https:\/\/www.topohvar.at\/wp-content\/uploads\/2019\/02\/hv-td-14-11.jpg 1080w\" sizes=\"auto, (max-width: 640px) 100vw, 640px\" \/><\/p>\n<div class='content-column one_half'><div style=\"padding-right:6px;\"><p>Ostatke sklopa hospicija Sv. Venerande i fortifikacijske zahvate Francuza iz 1811. godine ponovno nadogra\u0111uju Austrijanci 1830-1831. godine. Razvoj balistike je naveo Austrijance da oja\u010daju fortifikacijsku trasu i nasip iz 1811. godine, te da ostatke hospicija i crkve pretvore u aktivni dio utvrde, otvaraju\u0107i pu\u0161karnice u gotovo svim dijelovima nekada\u0161nje crkve i hospicija. Tada je sru\u0161en zvonik crkve do visine prvog kata, zbog mogu\u010dnosti da bude oboren od strane neprijateljskog topni\u0161tva, sto bi u unutra\u0161njosti tvr\u0111ave napravilo velike \u0161tete. Austrijski zahvat je dokumentiran nacrtom iz 1837. godine. Legenda ka\u017ee da je sedam redova agava posa\u0111eno na padinama za dodatnu za\u0161titu.<\/p><\/div><\/div><div class='content-column one_half last_column'><div style=\"padding-right:0px;padding-left:6px;\"><p>Die \u00dcberreste des Hospizkomplexes Sv. Venerande und der Befestigungen der Franzosen von 1811 wurden von den \u00d6sterreichern in den Jahren 1830-1831 wieder aufgebaut. Die ballistische Entwicklung veranlasste die \u00d6sterreicher die Befestigungsanlagen und den Wall von 1811 zu verst\u00e4rken, die Reste des Hospizes und der Kirche in die Festung einzubinden und Schie\u00dfscharten in fast allen Teilen der ehemaligen Kirche und des Hospizes zu \u00f6ffnen. Dann wurde der Glockenturm der Kirche bis auf die H\u00f6he des ersten Stocks abgetragen, aus Angst, von feindlicher Artillerie getroffen zu werden, was im Inneren der Festung gro\u00dfen Schaden bereiten w\u00fcrde. Die Ma\u00dfnahmen der \u00d6sterreicher wurden in einem Plan aus dem Jahr 1837 dokumentiert. Legenden berichten, dass zum weiteren Schutz auf den B\u00f6schungen sieben Reihen Agaven gepflanzt wurden.<\/p><\/div><\/div><div class='clear_column'><\/div><div class='content-column one_half'><div style=\"padding-right:6px;\"><p>Kada je Hvar do\u0161ao pod austrijsku vlast, nastavili su rad na utvr\u0111ivanju biv\u0161eg hospicija. Oko ju\u017enog obrambenog zida su tada posa\u0111ene agave, vrsta kaktusa mesnatih i \u010dvrstih listova, kako bi utvrda imala dodatnu obrambenu funkciju.<\/p><\/div><\/div><div class='content-column one_half last_column'><div style=\"padding-right:0px;padding-left:6px;\"><p>Als Hvar unter \u00f6sterreichische Herrschaft kam, wurden die Arbeiten an der Befestigung des ehemaligen Hospizes fortgesetzt. Um die s\u00fcdliche Verteidigungsmauer wurden Agaven gepflanzt, eine Art Kaktus mit fleischigen und festen Bl\u00e4ttern, so dass die Befestigung eine zus\u00e4tzliche Verteidigung bekam.<\/p><\/div><\/div><div class='clear_column'><\/div><div class='content-column one_half'><div style=\"padding-right:6px;\"><p>Razvoj balistike doveo je do ukinu\u0107a vojne namjene niz fortifikacijskih gra\u0111evina na obali i otocima.<\/p><\/div><\/div><div class='content-column one_half last_column'><div style=\"padding-right:0px;padding-left:6px;\"><p>Die Entwicklung der Ballistik f\u00fchrte zur Abschaffung der milit\u00e4rischen Nutzung einer Reihe von Befestigungsanlagen an der K\u00fcste und auf den Inseln.<\/p><\/div><\/div><div class='clear_column'><\/div><div class='content-column one_half'><div style=\"padding-right:6px;\"><p>Tvr\u0111ava Veneranda je predana op\u0107ini 19. lipnja 1859. godine, zajedno s tvr\u0111avom na isto\u010dnoj strani luke, \u0107ime prestaje njena obrambena namjena, a ujedno se mo\u017ee smatrati da tom godinom zavr\u0161ava tisu\u0107ljetno vojno zna\u010denje luke grada Hvara.<\/p><\/div><\/div><div class='content-column one_half last_column'><div style=\"padding-right:0px;padding-left:6px;\"><p>Die Festung Veneranda wurde am 19. Juni 1859 zusammen mit der Festung auf der Ostseite des Hafens an die Gemeinde \u00fcbergeben. Damit h\u00f6rte ihr Verteidigungszweck auf und gleichzeitig die tausendj\u00e4hrige milit\u00e4rische Bedeutung des Hafens der Stadt Hvar.<\/p><\/div><\/div><div class='clear_column'><\/div><div class='content-column one_half'><div style=\"padding-right:6px;\"><p>Na Venerande su dvine gustirne. Velika je zapadno od zvonika. Kruna je jednog lijepog obra\u0111enog kamena 82x80cm, visina 80cm. Vodu dobiva sa krova biv\u0161e crkve putem olunka. Iznutra je oblo\u017eena kamenim plo\u010dama. Kruna je sli\u010dna onoj gustirne iz biv\u0161eg samostana sv. Marka. Druga gustirna nalazi se sjeverno od glavnog ulaza u Venerandu, ali oko nje sagra\u0111ena nekakva staklena konstrukcija.<\/p><\/div><\/div><div class='content-column one_half last_column'><div style=\"padding-right:0px;padding-left:6px;\"><p>Auf Veneranda gibt es zwei Zisternen. Die gr\u00f6\u00dfere befindet sich westlich des Glockenturms. Die Krone besteht aus einem wundersch\u00f6n gearbeiteten Stein 82x80cm, H\u00f6he 80cm. Das Wasser kommt mittels olunka vom Dach der ehemaligen Kirche. Das Inneren ist mit Steinplatten verkleidet. Die Krone \u00e4hnelt der des ehemaligen Klosters sv. Marka. Die zweite Zisterne befindet sich n\u00f6rdlich des Haupteingangs von Venerande und ist mit einer Glaskonstruktion umgeben.<\/p><\/div><\/div><div class='clear_column'><\/div><\/p>\n<p><img loading=\"lazy\" decoding=\"async\" class=\"alignnone wp-image-20692 size-full\" src=\"https:\/\/www.topohvar.at\/wp-content\/uploads\/2019\/03\/hv-td-14-30.jpg\" alt=\"\" width=\"640\" height=\"314\" srcset=\"https:\/\/www.topohvar.at\/wp-content\/uploads\/2019\/03\/hv-td-14-30.jpg 640w, https:\/\/www.topohvar.at\/wp-content\/uploads\/2019\/03\/hv-td-14-30-300x147.jpg 300w\" sizes=\"auto, (max-width: 640px) 100vw, 640px\" \/><\/p>\n<div class='content-column one_third'><div style=\"padding-right:6px;\"><p>Nakon \u0161to je austrijska vojska kona\u010dno napustila objekt, svestrani i samouki znanstvenik-amater, Hvaranin Grgur Bu\u010di\u0107 na tom mjestu vr\u0161i meteorolo\u0161ka mjerenja. Tako Veneranda postaje jedna od najstarijih meteorolo\u0161kih postaja u Hrvatskoj (1858.). Djeluje i danas, nakon vi\u0161e od stolje\u0107a i pol, u prostoru nekada\u0161njeg zvonika.<\/p><\/div><\/div><div class='content-column one_third'><div style=\"padding-right:6px;\"><p><img loading=\"lazy\" decoding=\"async\" class=\"size-full wp-image-20553 aligncenter\" style=\"font-size: 16px;\" src=\"https:\/\/www.topohvar.at\/wp-content\/uploads\/2019\/02\/hv-td-14-14.jpg\" alt=\"\" width=\"280\" height=\"280\" srcset=\"https:\/\/www.topohvar.at\/wp-content\/uploads\/2019\/02\/hv-td-14-14.jpg 280w, https:\/\/www.topohvar.at\/wp-content\/uploads\/2019\/02\/hv-td-14-14-150x150.jpg 150w\" sizes=\"auto, (max-width: 280px) 100vw, 280px\" \/><\/p><\/div><\/div><div class='content-column one_third last_column'><div style=\"padding-right:0px;padding-left:6px;\"><p>Nachdem die \u00f6sterreichische Armee die Anlage Mitte des 19. Jh. verlassen hatte, f\u00fchrte der vielseitige, autodidaktische Wissenschaftler-Amateur Grgur Bu\u010di\u0107 aus Hvar dort meteorologische Messungen durch. So wurde Veneranda zu einer der \u00e4ltesten meteorologischen Stationen in Kroatien (1858). Sie ist heute noch, nach mehr als anderthalb Jahrhunderten, im ehemaligen Glockenturm in Betrieb.<\/p><\/div><\/div><div class='clear_column'><\/div><div class='content-column one_half'><div style=\"padding-right:6px;\"><p>Prostor Venerande kakav Hvarani pamte definiran je 1950-ih, kada je pretvoren u ljetnu pozornicu i kino. Sve do 1990-ih gostovali su brojni doma\u0107i i svjetski glazbenici, opere i baleti, festivali, i\u0161\u010dekivali su se filmski hitovi\u2026<\/p><\/div><\/div><div class='content-column one_half last_column'><div style=\"padding-right:0px;padding-left:6px;\"><p>Der Bereich des ehemaligen Klosters\/Festung von Veneranda in den 1950er Jahren es in eine Sommerb\u00fchne und ein Kino umgewandelt. Bis in die 1990er Jahre gab es hier zahlreiche nationale und internationale Musikveranstaltungen, Opern und Ballette, Festivals, Filmhits &#8230;.<\/p><\/div><\/div><div class='clear_column'><\/div><img loading=\"lazy\" decoding=\"async\" class=\"alignnone wp-image-20694 size-full\" src=\"https:\/\/www.topohvar.at\/wp-content\/uploads\/2019\/03\/hv-td-14-31.jpg\" alt=\"\" width=\"640\" height=\"314\" srcset=\"https:\/\/www.topohvar.at\/wp-content\/uploads\/2019\/03\/hv-td-14-31.jpg 640w, https:\/\/www.topohvar.at\/wp-content\/uploads\/2019\/03\/hv-td-14-31-300x147.jpg 300w\" sizes=\"auto, (max-width: 640px) 100vw, 640px\" \/><div class='content-column one_half'><div style=\"padding-right:6px;\"><p>Registar kulturnih dobara Republike Hrvatske br. 03\/2013. Datum tiskanog izdanja: 12.6.2013. Broj registra Z-6013<\/p><\/div><\/div><div class='content-column one_half last_column'><div style=\"padding-right:0px;padding-left:6px;\"><p>Register der Kulturg\u00fcter der Republik Kroatien Nr. 03\/2013, Ver\u00f6ffentlichungsdatum: 12.6.2013. Registriernummer Z-6013<\/p><\/div><\/div><div class='clear_column'><\/div><div class='content-column one_half'><div style=\"padding-right:6px;\"><p><img loading=\"lazy\" decoding=\"async\" class=\"aligncenter wp-image-55755\" src=\"https:\/\/www.topohvar.at\/wp-content\/uploads\/2022\/01\/hd-td-14-22.jpg\" alt=\"\" width=\"300\" height=\"458\" srcset=\"https:\/\/www.topohvar.at\/wp-content\/uploads\/2022\/01\/hd-td-14-22.jpg 315w, https:\/\/www.topohvar.at\/wp-content\/uploads\/2022\/01\/hd-td-14-22-196x300.jpg 196w\" sizes=\"auto, (max-width: 300px) 100vw, 300px\" \/><\/p><\/div><\/div><div class='content-column one_half last_column'><div style=\"padding-right:0px;padding-left:6px;\"><p>&nbsp;<\/p>\n<p>&nbsp;<\/p>\n<p>2021. g. do\u0161lo je do o\u017eivljavanja ljetnog kina na Venerandi.<\/p>\n<p style=\"text-align: center;\">&#8211; \/ &#8211;<\/p>\n<p>Im Jahr 2021 erfolgte eine Wiederbelebung des Sommerkinos auf Veneranda.<\/p><\/div><\/div><div class='clear_column'><\/div><\/p>\n<p style=\"text-align: right;\"><span style=\"color: #3366ff;\"><a style=\"color: #3366ff;\" href=\"#seite_oben\">natrag na vrh \/ Seitenanfang<\/a><\/span><\/p>\n<hr \/>\n<p><strong>Linkovi \/ Links<\/strong><\/p>\n<p><span style=\"color: #3366ff;\"><a style=\"color: #3366ff;\" href=\"https:\/\/www.topohvar.at\/orte\/hv\/hv-ca-03-1\/\">Samostan \/ Kloster Sv. Venerande<\/a><br \/>\n<\/span><span style=\"color: #3366ff;\"><a style=\"color: #3366ff;\" href=\"https:\/\/www.topohvar.at\/topo\/orte\/hv\/hv-op-00-0\/#op-23\">Objekt \u00bb2 gustirne u Venerandi\u00ab \/ 2 Zisternen in Venerande<\/a><\/span><br \/>\n<span style=\"color: #3366ff;\"><a style=\"color: #3366ff;\" href=\"https:\/\/www.topohvar.at\/orte\/hv\/hv-td-15-1\/\">Biv\u0161a tvr\u0111ava \u00bbRotonda, Gospine bitnice\u00ab \/ ehemalige Festung &#8211; Rotonda, Batterie der Madonna<\/a>\u00a0<\/span><br \/>\n<span style=\"color: #3366ff;\"><a style=\"color: #3366ff;\" href=\"https:\/\/www.topohvar.at\/orte\/hv\/hv-td-09-1\/\">Baterija Andreas (baterija s lijeva) \/ Batterie Andreas (die linke Batterie)<\/a><\/span><br \/>\n<span style=\"color: #3366ff;\"><a style=\"color: #3366ff;\" href=\"https:\/\/www.topohvar.at\/orte\/hv\/hv-is-14-1\/\">Spomen plo\u010da \u00bbSamostan isto\u010dnog obreda \u2026\u00ab \/ Gedenktafel \u2013 Kloster mit \u00f6stlichem Ritus\u00a0<\/a><br \/>\n<a style=\"color: #3366ff;\" href=\"https:\/\/www.topohvar.at\/orte\/hv\/hv-is-36-1\/\">Spomen plo\u010da \/ Gedenktafel \u00bbGrgur Bu\u010di\u0107 (1)\u00ab<\/a><br \/>\n<\/span><\/p>\n","protected":false},"excerpt":{"rendered":"<p>Ime \/ Name Biv\u0161a tvr\u0111ava \u00bbVenerande\u00ab \/ ehemalige Festung Venerande Code: HV-TD-14\u00a0 \u00a0 \u00a0 \u00a0 \u00a0 \u00a0 \u00a0 \u00a0 \u00a0 \u00a0 \u00a0 \u00a0 \u00a0 \u00a0 \u00a0 \u00a0 \u00a0 \u00a0 \u00a0 \u00a0 Adresa \/ Adresse Grad Hvar,\u00a0Ulica Dinka Kova\u010devi\u0107a 3, Venerande &hellip; <a href=\"https:\/\/www.topohvar.at\/topo\/orte\/hv\/hv-td-14-1\/\">Weiterlesen <span class=\"meta-nav\">&rarr;<\/span><\/a><\/p>\n","protected":false},"author":1,"featured_media":0,"parent":80,"menu_order":0,"comment_status":"closed","ping_status":"closed","template":"","meta":{"footnotes":""},"class_list":["post-15069","page","type-page","status-publish","hentry"],"_links":{"self":[{"href":"https:\/\/www.topohvar.at\/topo\/wp-json\/wp\/v2\/pages\/15069","targetHints":{"allow":["GET"]}}],"collection":[{"href":"https:\/\/www.topohvar.at\/topo\/wp-json\/wp\/v2\/pages"}],"about":[{"href":"https:\/\/www.topohvar.at\/topo\/wp-json\/wp\/v2\/types\/page"}],"author":[{"embeddable":true,"href":"https:\/\/www.topohvar.at\/topo\/wp-json\/wp\/v2\/users\/1"}],"replies":[{"embeddable":true,"href":"https:\/\/www.topohvar.at\/topo\/wp-json\/wp\/v2\/comments?post=15069"}],"version-history":[{"count":39,"href":"https:\/\/www.topohvar.at\/topo\/wp-json\/wp\/v2\/pages\/15069\/revisions"}],"predecessor-version":[{"id":68505,"href":"https:\/\/www.topohvar.at\/topo\/wp-json\/wp\/v2\/pages\/15069\/revisions\/68505"}],"up":[{"embeddable":true,"href":"https:\/\/www.topohvar.at\/topo\/wp-json\/wp\/v2\/pages\/80"}],"wp:attachment":[{"href":"https:\/\/www.topohvar.at\/topo\/wp-json\/wp\/v2\/media?parent=15069"}],"curies":[{"name":"wp","href":"https:\/\/api.w.org\/{rel}","templated":true}]}}