{"id":15226,"date":"2019-01-04T18:37:11","date_gmt":"2019-01-04T17:37:11","guid":{"rendered":"https:\/\/www.topohvar.at\/?page_id=15226"},"modified":"2024-06-10T16:53:24","modified_gmt":"2024-06-10T14:53:24","slug":"hv-tg-12-1","status":"publish","type":"page","link":"https:\/\/www.topohvar.at\/topo\/orte\/hv\/hv-tg-12-1\/","title":{"rendered":"HVAR &#8211; Ku\u0107a \u00bbSuburbani ljetnikovac Hanibal Luci\u0107\u00ab"},"content":{"rendered":"<p><a name=\"seite_oben\"><\/a><br \/>\n<img loading=\"lazy\" decoding=\"async\" class=\"alignnone wp-image-15126 size-large\" src=\"https:\/\/www.topohvar.at\/wp-content\/uploads\/2019\/01\/HV-TG-12-1-1024x503.jpg\" alt=\"\" width=\"640\" height=\"314\" srcset=\"https:\/\/www.topohvar.at\/wp-content\/uploads\/2019\/01\/HV-TG-12-1-1024x503.jpg 1024w, https:\/\/www.topohvar.at\/wp-content\/uploads\/2019\/01\/HV-TG-12-1-300x147.jpg 300w, https:\/\/www.topohvar.at\/wp-content\/uploads\/2019\/01\/HV-TG-12-1-768x377.jpg 768w, https:\/\/www.topohvar.at\/wp-content\/uploads\/2019\/01\/HV-TG-12-1.jpg 1080w\" sizes=\"auto, (max-width: 640px) 100vw, 640px\" \/><\/p>\n<p><strong>Ime \/ Name<br \/>\n<\/strong>Ku\u0107a \u00bbSuburbani ljetnikovac Hanibal Luci\u0107\u00ab \/ Sommerhaus des Hannibal Luci\u0107<\/p>\n<p><strong>Code: <\/strong>HV-TG-12\u00a0 \u00a0 \u00a0 \u00a0 \u00a0 \u00a0 \u00a0 \u00a0 \u00a0 \u00a0 \u00a0 \u00a0 \u00a0 \u00a0 \u00a0 \u00a0 \u00a0 \u00a0\u00a0<a href=\"https:\/\/www.topohvar.at\/hv-tg-92-1\/\"><img loading=\"lazy\" decoding=\"async\" class=\"alignnone wp-image-12300 size-full\" src=\"https:\/\/www.topohvar.at\/wp-content\/uploads\/2018\/09\/push-vor-30.jpg\" alt=\"\" width=\"61\" height=\"30\" \/><\/a>\u00a0<strong><a href=\"https:\/\/www.topohvar.at\/orte\/hv\/hv-tg-05-1\/\"><img loading=\"lazy\" decoding=\"async\" class=\"alignnone wp-image-533 size-full\" src=\"https:\/\/www.topohvar.at\/wp-content\/uploads\/2018\/07\/push-l-30.jpg\" alt=\"\" width=\"61\" height=\"30\" \/><\/a> <a href=\"https:\/\/www.topohvar.at\/orte\/hv\/\"><img loading=\"lazy\" decoding=\"async\" class=\"alignnone wp-image-535 size-full\" src=\"https:\/\/www.topohvar.at\/wp-content\/uploads\/2018\/07\/push-o-30.jpg\" alt=\"\" width=\"61\" height=\"30\" \/><\/a> <a href=\"https:\/\/www.topohvar.at\/orte\/hv\/hv-tg-79-1\/\"><img loading=\"lazy\" decoding=\"async\" class=\"alignnone wp-image-536 size-full\" src=\"https:\/\/www.topohvar.at\/wp-content\/uploads\/2018\/07\/push-r-30.jpg\" alt=\"\" width=\"61\" height=\"30\" \/><\/a>\u00a0<a href=\"https:\/\/www.topohvar.at\/hv-tg-65-1\/\"><img loading=\"lazy\" decoding=\"async\" class=\"alignnone wp-image-12299 size-full\" src=\"https:\/\/www.topohvar.at\/wp-content\/uploads\/2018\/09\/push-next-30.jpg\" alt=\"\" width=\"61\" height=\"30\" \/><\/a><\/strong><\/p>\n<hr \/>\n<p><strong>Adresa \/ Adresse<br \/>\n<\/strong>Grad Hvar,\u00a0Ulica Hanibala Luci\u0107a 12<\/p>\n<p><strong>Lokacija \/ Position<a href=\"https:\/\/goo.gl\/maps\/7tU8E75hPKKYmDjw9\"><img loading=\"lazy\" decoding=\"async\" class=\"alignright wp-image-29159\" src=\"https:\/\/www.topohvar.at\/wp-content\/uploads\/2020\/01\/0323.jpg\" alt=\"\" width=\"134\" height=\"100\" \/><\/a><br \/>\n<\/strong><span style=\"color: #3366ff;\"><a style=\"color: #3366ff;\" href=\"https:\/\/goo.gl\/maps\/7tU8E75hPKKYmDjw9\">Latitude: N 43,17157\u00b0\u00a0 \u00a0Longitude: E 16,44570\u00b0<\/a> <\/span><strong><br \/>\n<\/strong>Visina \/ H\u00f6he: 8 m<\/p>\n<p><strong>Katastarska <\/strong><strong>\u010d<\/strong><strong>estica <\/strong><strong>\/ Grundst\u00fccke<br \/>\n<\/strong>*398, 589, 594<div class='content-column one_half'><div style=\"padding-right:6px;\"><p><strong>Datum snimanja \/ Erfassungsdatum<br \/>\n<\/strong>14.02.2015 11:16:32<\/p>\n<hr \/>\n<p><strong>Informacije<\/strong><\/p>\n<p>Izvan gradske jezgre nalazi se ljetnikovac pjesnika Hanibala Luci\u0107a, (ljetnikovac) na isto\u010dnoj strani Hvara, izgra\u0111ena je ladanjske arhitekture, s tipi\u010dnim obilje\u017ejima dalmatinskoga renesansnoga graditeljstva. Zajedno s vrtom ispred njega, bilo je najljep\u0161e odmarali\u0161te. U ljetnikovcu je proveo posljednje godine \u017eivota.<\/p><\/div><\/div><div class='content-column one_half last_column'><div style=\"padding-right:0px;padding-left:6px;\"><p><strong>Stupanj za\u0161tite<\/strong><strong> \/ Schutzstellung<br \/>\n<\/strong>Z-4293, Z-6301, P-3725\u00a0<strong><br \/>\n<\/strong><\/p>\n<hr \/>\n<p><strong>Info<\/strong><\/p>\n<p>\u00d6stlich des Stadtzentrums steht die Sommerresidenz (Sommerhaus) des Dichters Hanibal Luci\u0107. Errichtet in rustikaler Manier, mit den typischen Merkmalen der dalmatinischen Renaissance-Architektur. Zusammen mit dem davorliegenden Garten, war es der sch\u00f6nste Urlaubsaufenthalt. Im Sommer verbrachte er hier die letzten Jahre des Lebens.<\/p><\/div><\/div><div class='clear_column'><\/div><div class='content-column one_half'><div style=\"padding-right:6px;\"><p>Ljetnikovac Hanibala Luci\u0107a sagra\u0111en je u 1533. godine. Pravokutni vrtje sa svih strana okru\u017een zidom, a uz ju\u017eni zid su smje\u0161tene dvije ku\u0107e, me\u0111usobno povezane \u0161etnicom. Vrt je u pravcu sjever-jug, presje\u010den \u0161etnicom na \u010dijoj sredini je bogato ukra\u0161ena kruna zdenca s grbovima Luci\u0107a i Gazarovi\u0107a. Uz zapadni, isto\u010dni i sjeverni zid, kao i uz \u0161etnicu pru\u017eala se odrina na kamenim stupovima.<\/p><\/div><\/div><div class='content-column one_half last_column'><div style=\"padding-right:0px;padding-left:6px;\"><p>Das Sommerhaus von Hanibal Luci\u0107 wurde 1533 erbaut. Der rechteckige Garten ist von einer Mauer umgeben. Entlang der s\u00fcdlichen Mauer befinden sich zwei H\u00e4user, die durch eine Promenade miteinander verbunden sind. Den Garten durchquert in Nord-S\u00fcd-Richtung eine Promenade, in deren Mitte sich ein reich verzierter Steinkronenbrunnen mit Wappen der Luci\u0107 und Gazarovi\u0107 befindet. Entlang der West-, Ost- und Nordw\u00e4nde sowie entlang der Promenade waren Gel\u00e4nder mit Steins\u00e4ulen.<\/p><\/div><\/div><div class='clear_column'><\/div><div class='content-column one_half'><div style=\"padding-right:6px;\"><p>Isto\u010dna ku\u0107a je jednokatnica s velikom terasom na katu. Terasa je oslonjena na kamene konzole, a na ogradi terase su podignuti stupovi odrine. Arhitektonska dekoracija ove ku\u0107e bogata je u svim detaljima otvora pro\u010delja, ograde ili konzola terase. U unutra\u0161njosti se isti\u010de ukra\u0161eni lavel.<\/p><\/div><\/div><div class='content-column one_half last_column'><div style=\"padding-right:0px;padding-left:6px;\"><p>Das \u00f6stliche Haus ist einst\u00f6ckig mit einer gro\u00dfen Terrasse im ersten Stock. Die Terrasse wird von Steins\u00e4ulen gest\u00fctzt und mit einem Steingel\u00e4nder mit S\u00e4ulchen begrenzt. Die architektonische Dekoration dieses Hauses ist reich in allen Details der Fassaden\u00f6ffnungen, Gel\u00e4nder oder Konsole der Terrasse. Das Innere ist mit einem verzierten Lavel geschm\u00fcckt.<\/p><\/div><\/div><div class='clear_column'><\/div><div class='content-column one_half'><div style=\"padding-right:6px;\"><p>Zapadna ku\u0107a je jednostavna jednokatnica, bez istaknute arhitektonske dekoracije i s manjim prigradnjama gospodarske namjene uz sjeverno pro\u010delje. Sjeverno od gra\u0111evine su ostatci nekada\u0161nje gospodarske ku\u0107e, s nizom ni\u0161a u sjevernom zidu, koja je danas adaptirana za potrebe arhivskog spremi\u0161ta Muzeja hvarske ba\u0161tine.<\/p><\/div><\/div><div class='content-column one_half last_column'><div style=\"padding-right:0px;padding-left:6px;\"><p>Das westliche Haus ist ein einfaches einst\u00f6ckiges Geb\u00e4ude mit kleineren Wirtschaftsgeb\u00e4uden neben der Nordfassade und weist keine besonderen architektonische Dekorationen auf. N\u00f6rdlich des Geb\u00e4udes befinden sich die \u00dcberreste eines ehemaligen Bauernhauses mit einer Reihe von Nischen in seiner Nordwand. Das Geb\u00e4ude wird heute f\u00fcr das Archiv des Hvar Heritage Museum verwendet.<\/p><\/div><\/div><div class='clear_column'><\/div><div class='content-column one_half'><div style=\"padding-right:6px;\"><p>Perivoj ljetnikovca Luci\u0107 ogra\u0111en je visokim kamenim zidovima, gra\u0111enim priklesanim kamenom, od kojih je zapadni zid u ve\u0107oj mjeri sru\u0161en, prema dokumentima, ve\u0107 sredinom XVII. stolje\u0107a. Perivoj kvadrati\u010dnog tlocrta, projektiran je u vi\u0161e nivoa, posve u renesansnoj tradiciji. Naran\u010de, limuni i vjekovni br\u0161ljan danas su ostatak nekada rasko\u0161noga vrta, koji je postao komunalan rasadnik.<\/p><\/div><\/div><div class='content-column one_half last_column'><div style=\"padding-right:0px;padding-left:6px;\"><p>Der Garten des Herrenhauses Luci\u0107 ist von hohen Steinmauern umgeben, die aus behauenen Stein gebaut wurden. Die Westmauer wurde laut Dokumenten bereits Mitte des 17. Jahrhunderts weitgehend abgerissen. Der quadratische Garten wurde in mehreren Ebenen vollst\u00e4ndig in der Tradition der Renaissance angelegt. Orangen, Zitronen und immergr\u00fcner Efeu sind heute das \u00dcberbleibsel eines einst luxuri\u00f6sen Gartens, der zu einer kommunalen Baumschule wurde.<\/p><\/div><\/div><div class='clear_column'><\/div><\/p>\n<p style=\"text-align: right;\"><span style=\"color: #3366ff;\"><a style=\"color: #3366ff;\" href=\"#seite_oben\">natrag na vrh \/ Seitenanfang<\/a><\/span><\/p>\n<hr \/>\n<div class='content-column one_half'><div style=\"padding-right:6px;\"><p><strong>Hanibal Luci\u0107<\/strong> (1485. \u2013 1553.)<\/p>\n<p>Hanibal Luci\u0107 ro\u0111en je 1485. u Hvaru, gdje je i umro 1553. Najve\u0107i je versifikator hrvatske renesansne knji\u017eevnosti. Autor je nevelikog kanconijera Pisni ljuvene ili Skladanja izvarsnih, poslanica, prevoditelj Ovidija i pisac prve romance europske knji\u017eevnosti, drame Robinja, nastale pola stolje\u0107a prije Shakespeareove Oluje. U svom ni\u0161ta manje poznatom ljubavnom kanconijeru Luci\u0107 se, istina, oslanja na pisce kasnoga talijanskog petrarkizma (Petrarkizam je nova stilska forma koja zamjenjuje srednjovjekovni pjesme minstrela, koji se nastavio daleko u moderno doba i sna\u017eno je utjecao na Williama Shakespearea. Osniva\u010d stila je Francesco Petrarca (1304-1374).), posebno na pjesni\u0161tvo Pietra Bemba.<\/p><\/div><\/div><div class='content-column one_half last_column'><div style=\"padding-right:0px;padding-left:6px;\"><p><strong>Hanibal Luci\u0107<\/strong> (1485-1553)<\/p>\n<p>Hanibal Luci\u0107 wurde 1485 in Hvar geboren, wo er auch 1553 starb. Er ist der wichtigste Vertreter der kroatischen Renaissance-Literatur. Er ist Autor diverser Lieder, Briefe Ljuven oder Komponieren izvarsnih, Epistel, \u00dcbersetzer von Ovid und Autor der ersten Romanze der europ\u00e4ischen Literatur, dem Drama Robinja, geschrieben ein halbes Jahrhundert vor Shakespeares Sturm. In seinem nicht minder ber\u00fchmten Liebeslied st\u00fctzt sich Luci\u0107 auf die Schriften des sp\u00e4ten italienischen Petrarkismus (Der <em>Petrarkismus i<\/em>st eine den mittelalterlichen Minnesang abl\u00f6sende neue Stilform, die weit in die Neuzeit hinein fortlebte und z. B. William Shakespeare stark beeinflusste. Als Begr\u00fcnder des Stils gilt Francesco Petrarca (1304\u20131374).), besonders auf die Poesie des Pietro Bembo.<\/p><\/div><\/div><div class='clear_column'><\/div><div class='content-column one_half'><div style=\"padding-right:6px;\"><p>Njegova je djela nekoliko godina nakon njegove smrti tiskao sin Antun, u Veneciji, 1556., a drama Robinja objavljena je nekoliko desetlje\u0107a poslije.<\/p><\/div><\/div><div class='content-column one_half last_column'><div style=\"padding-right:0px;padding-left:6px;\"><p>Seine Werke wurden im Jahr 1556 nach seinem Tod von Sohn Antun in Venedig ver\u00f6ffentlicht. Das Drama Robin wurden einige Jahrzehnte sp\u00e4ter ver\u00f6ffentlicht.<\/p><\/div><\/div><div class='clear_column'><\/div><div class='content-column one_half'><div style=\"padding-right:6px;\"><p>Izraziti pripadnik aristokracije, Luci\u0107 je obna\u0161ao najvi\u0161e du\u017enosti u Hvarskoj komuni, a potpomogao je pregradnju hvarske katedrale te dovr\u0161enje franjeva\u010dkog samostana sv. Marije od Milosti.<\/p><\/div><\/div><div class='content-column one_half last_column'><div style=\"padding-right:0px;padding-left:6px;\"><p>Luci\u0107 war Mitglied der Aristokratie, bekleidete die h\u00f6chsten \u00c4mter in der Gemeinde Hvar ist und half bei der Umgestaltung der Kathedrale von Hvar und der Fertigstellung des Franziskanerklosters St. Maria der Gnade.<\/p><\/div><\/div><div class='clear_column'><\/div><div class='content-column one_third'><div style=\"padding-right:6px;\"><p>U svom ljetnikovcu na izmaku grada, Hanibal Luci\u0107 proveo je posljednje godine svoga pjesni\u010dkog i duhovnog \u017eivota. pokopan je u franjeva\u010dkom samostanu, o kojemu se njegova obitelj brinula generacijama. Njegovi stihovi, prepjevi, poslanice, a posebice drama Robinja danas \u010dine mali, ali nezaobilazan dio europske renesansne knji\u017eevne ba\u0161tine.<\/p><\/div><\/div><div class='content-column one_third'><div style=\"padding-right:6px;\"><p><img loading=\"lazy\" decoding=\"async\" class=\"aligncenter wp-image-28468 size-medium\" src=\"https:\/\/www.topohvar.at\/wp-content\/uploads\/2020\/01\/hv-tg-12-17-200x300.jpg\" alt=\"\" width=\"200\" height=\"300\" srcset=\"https:\/\/www.topohvar.at\/wp-content\/uploads\/2020\/01\/hv-tg-12-17-200x300.jpg 200w, https:\/\/www.topohvar.at\/wp-content\/uploads\/2020\/01\/hv-tg-12-17.jpg 210w\" sizes=\"auto, (max-width: 200px) 100vw, 200px\" \/><\/p><\/div><\/div><div class='content-column one_third last_column'><div style=\"padding-right:0px;padding-left:6px;\"><p>In seinem Sommerhaus am Rand der Stadt Hvar verbrachte Hanibal Lucic die letzten Jahre seines poetischen und spirituellen Lebens. Er wurde im Franziskanerkloster begraben, um das sich seine Familie seit Generationen k\u00fcmmerte. Seine Verse, Briefe, Episteln und besonders das Drama von Robinja sind heute ein kleiner, aber wesentlicher Teil des literarischen Erbes der europ\u00e4ischen Renaissance.<\/p><\/div><\/div><div class='clear_column'><\/div><\/p>\n<p style=\"text-align: right;\"><span style=\"color: #3366ff;\"><a style=\"color: #3366ff;\" href=\"#seite_oben\">natrag na vrh \/ Seitenanfang<\/a><\/span><\/p>\n<hr \/>\n<div class='content-column one_half'><div style=\"padding-right:6px;\"><p><strong>Muzej hvarske ba\u0161tine \u2013 muzejska gra\u0111a: Zbirka kamenih ulomaka i Zbirka razglednica<\/strong><\/p>\n<p>Salon Hanibala Luci\u0107a<\/p>\n<p>Spomen-soba posve\u0107ena Hanibalu Luci\u0107u ure\u0111ena je 1999. g. na katu isto\u010dne zgrade ljetnikovca. Hanibal je sam koncipirao prostrani studio za svoj ljetni boravak. To je prostorija s \u010detiri velika prozora koji kada su otvoreni, pretvaraju sobu u lijepu, prozra\u010dnu lo\u0111u. U salonu su izlo\u017eeni predmeti iz fundusa Muzeja, slike i posoblje, zbirka medalja i portret Hanibala Luci\u0107a. Vjerojatno je u prizemlju bila spavaonica, a sada je arhivsko spremi\u0161te Muzeja.<\/p><\/div><\/div><div class='content-column one_half last_column'><div style=\"padding-right:0px;padding-left:6px;\"><p><strong>Hvar Heritage Museum \u2013 st\u00e4dtisches Museum: Sammlung von Steinskulpturen und Postkarten.<\/strong><\/p>\n<p>Salon des Hanibal Luci\u0107<\/p>\n<p>Der Gedenkraum f\u00fcr Hanibal Luci\u0107 wurde 1999 im \u00f6stlichen Teil des Geb\u00e4udes der Sommerresidenz eingerichtet. Hanibal selbst konzipierte einen ger\u00e4umigen Arbeitsraum f\u00fcr seine Sommerferien. Der Raum verwandelt sich, wenn seine vier gro\u00dfen Fenster ge\u00f6ffnet sind, in eine sch\u00f6ne, luftige Loggia. Im Salon sind Gegenst\u00e4nde aus dem Fundus des Museums, Bilder und Kunsthandwerk, eine Medaillensammlung und ein Portrait des Hanibal Luci\u0107 ausgestellt. Im Erdgeschoss war wahrscheinlich der Schlafraum, jetzt das Archiv des Museums.<\/p><\/div><\/div><div class='clear_column'><\/div><\/p>\n<p style=\"text-align: center;\"><em>(Vi\u0161e detalja mo\u017eete na\u0107i u Kruvenici br. 15 \/ N\u00e4heres findet sich in Kruvenica Nr. 15)<\/em><\/p>\n<p><img loading=\"lazy\" decoding=\"async\" class=\"alignnone size-large wp-image-15499\" src=\"https:\/\/www.topohvar.at\/wp-content\/uploads\/2019\/01\/hv-pk-15-1-1024x503.jpg\" alt=\"\" width=\"640\" height=\"314\" srcset=\"https:\/\/www.topohvar.at\/wp-content\/uploads\/2019\/01\/hv-pk-15-1-1024x503.jpg 1024w, https:\/\/www.topohvar.at\/wp-content\/uploads\/2019\/01\/hv-pk-15-1-300x147.jpg 300w, https:\/\/www.topohvar.at\/wp-content\/uploads\/2019\/01\/hv-pk-15-1-768x377.jpg 768w, https:\/\/www.topohvar.at\/wp-content\/uploads\/2019\/01\/hv-pk-15-1.jpg 1080w\" sizes=\"auto, (max-width: 640px) 100vw, 640px\" \/><div class='content-column one_half'><div style=\"padding-right:6px;\"><p>Registar kulturnih dobara Republike Hrvatske br. 03\/2016. Datum tiskanog izdanja: 10.10.2016. Broj registra Z-4293<\/p>\n<p>Numizmati\u010dka zbirka<\/p>\n<p>Registar kulturnih dobara Republike Hrvatske br. 03\/2015. Datum tiskanog izdanja: 25.5.2015. Broj registra Z-4293<\/p><\/div><\/div><div class='content-column one_half last_column'><div style=\"padding-right:0px;padding-left:6px;\"><p>Register der Kulturg\u00fcter der Republik Kroatien Nr. 03\/2016, Ver\u00f6ffentlichungsdatum: 10.10.2016. Registriernummer Z-4293<\/p>\n<p>Numismatische Sammlung<\/p>\n<p>Register der Kulturg\u00fcter der Republik Kroatien Nr. 03\/2015, Ver\u00f6ffentlichungsdatum: 25.5.2015. Registriernummer Z-4293<\/p><\/div><\/div><div class='clear_column'><\/div><\/p>\n<p style=\"text-align: right;\"><span style=\"color: #3366ff;\"><a style=\"color: #3366ff;\" href=\"#seite_oben\">natrag na vrh \/ Seitenanfang<\/a><\/span><\/p>\n<hr \/>\n<div class='content-column one_half'><div style=\"padding-right:6px;\"><p><strong>Prirodoslovni kabinet &#8222;Dr. Grgur Bu\u010di\u0107&#8220;<\/strong><\/p>\n<p>Zbirka je studijskog karaktera i nije otvorena za javnost. Osnovana je krajem 1950-ih godina kao jedna od prvih zbirki Muzeja hvarske ba\u0161tine.<\/p><\/div><\/div><div class='content-column one_half last_column'><div style=\"padding-right:0px;padding-left:6px;\"><p><strong>Das Naturhistorische Kabinett &#8222;Dr. Grgur Bu\u010di\u0107&#8220;<\/strong><\/p>\n<p>Die Sammlung hat Studiencharakter und ist f\u00fcr die \u00d6ffentlichkeit nicht zug\u00e4nglich. Sie wurde Ende der 1950er Jahre als eine der ersten Sammlungen des Museums des Hvarer Kulturerbe gegr\u00fcndet.<\/p><\/div><\/div><div class='clear_column'><\/div><div class='content-column one_half'><div style=\"padding-right:6px;\"><p>Smje\u0161tena je u ljetnikovcu Hanibala Luci\u0107a i ima oko 350 predmeta. Stari prirodoslovni i meteorolo\u0161ki instrumenti, fosili, biljni preparati, herbarij, arheolo\u0161ki artefakti, fotografije, diplome, stare prirodoslovne knjige i periodika, meteorolo\u0161ki podaci o Hvaru, arhiv te novija izdanja s podru\u010dja hvarskog prirodoslovlja.<\/p><\/div><\/div><div class='content-column one_half last_column'><div style=\"padding-right:0px;padding-left:6px;\"><p>Es befindet sich in der Laube der Sommerresidenz des Hanibal Luci\u0107 und verwahrt etwa 350 Artikel. Alte naturgeschichtliche und meteorologische Instrumente, Fossilien, Kr\u00e4uterpr\u00e4parate, Herbarien, arch\u00e4ologische Artefakte, Fotografien, Urkunden, alte wissenschaftliche B\u00fccher und Zeitschriften, meteorologische Daten von Hvar, antiquarische und aktuelle Ver\u00f6ffentlichungen von naturwissenschaftlichem Charakter der Insel Hvar.<\/p><\/div><\/div><div class='clear_column'><\/div><div class='content-column one_half'><div style=\"padding-right:6px;\"><p>Glavninu zbirke \u010dini ostav\u0161tina hvarskog prirodoslovca dr. Grgura Bu\u010di\u0107a, a manji je dio predmeta nabavljen otkupom ili dobiven na dar.<\/p><\/div><\/div><div class='content-column one_half last_column'><div style=\"padding-right:0px;padding-left:6px;\"><p>Die Sammlung ist das Verm\u00e4chtnis des Hvarer Naturwissenschaftlers Dr. Grgur Bu\u010di\u0107. Eeinige wenige Artikel wurden gekauft oder waren ein Geschenk.<\/p><\/div><\/div><div class='clear_column'><\/div><div class='content-column one_half'><div style=\"padding-right:6px;\"><p>Dr. Grgur Bu\u010di\u0107 (1829.-1911.) bio je telegrafist u Hvaru i voditelj <span style=\"color: #3366ff;\"><a style=\"color: #3366ff;\" href=\"https:\/\/www.topohvar.at\/topo\/orte\/hv\/hv-td-14-1\/\">meteorolo\u0161ke postaje<\/a><\/span> od njezina osnutka 1858. g. Po vokaciji je pak bio prirodoslovac, te se bavio \u0161irokim spektrom istra\u017eivanja, od klimatolo\u0161kih, biolo\u0161kih, zoolo\u0161kih, paleontolo\u0161kih, mineralo\u0161kih do oceanografskih, o \u010demu je izvje\u0161tavao u brojnim radovima. Od prirodoslovnih istra\u017eivanja osobito je va\u017ean njegov rad na umjetnom uzgoju jedne podvrste jadranske spu\u017eve. Bavio se i arheologijom, te prvi zapo\u010deo prapovijesna istra\u017eivanja na Hvaru (i u Hrvatskoj). Za svoj rad dobio je nekoliko priznanja, me\u0111u ostalima i po\u010dasni doktorat Sveu\u010dili\u0161ta u Grazu.<\/p><\/div><\/div><div class='content-column one_half last_column'><div style=\"padding-right:0px;padding-left:6px;\"><p>Dr. Gregor Bu\u010di\u0107 (1829-1911) war Telegraphist in Hvar und Leiter der <span style=\"color: #3366ff;\"><a style=\"color: #3366ff;\" href=\"https:\/\/www.topohvar.at\/topo\/orte\/hv\/hv-td-14-1\/\">meteorologischen Station<\/a><\/span> seit ihrer Gr\u00fcndung im Jahr 1858. Er war Naturwissenschaftler aus Berufung und befasste sich mit einem breiten Spektrum von Forschungen. \u00dcber klimatologische, biologische, zoologische, pal\u00e4ontologische, mineralogische und ozeanographische Themen berichtete er in zahlreichen Artikeln. Seine naturgeschichtliche Forschung war besonders wichtig f\u00fcr seine Arbeit an der k\u00fcnstlichen Zucht einer Unterart eines adriatischen Schwammes. Er besch\u00e4ftigte sich auch mit Arch\u00e4ologie und begann mit pr\u00e4historischen Forschungen auf Hvar (und in Kroatien). F\u00fcr seine Arbeit erhielt er mehrere Auszeichnungen, unter anderem eine Ehrendoktorw\u00fcrde der Universit\u00e4t Graz.<\/p><\/div><\/div><div class='clear_column'><\/div><div class='content-column one_half'><div style=\"padding-right:6px;\"><p>Prirodoslovni kabinet njegova imena je uredio i dugo godina vodio suradnik Muzeja prof. Ante Tadi\u0107 (1892. \u20131988.), po struci prirodoslovac. Izradio je popis Zbirke te objavio vi\u0161e stru\u010dnih i popularnih radova o dr. Bu\u010di\u0107u.<\/p><\/div><\/div><div class='content-column one_half last_column'><div style=\"padding-right:0px;padding-left:6px;\"><p>Das Naturhistorische Kabinett seines Namens wurde gegr\u00fcndet und lange Zeit vom Mitarbeiter des Museums, dem Naturforscher Prof. Ante Tadi\u0107 (1892-1988) geleitet. Er inventarisierte auch die Sammlung und ver\u00f6ffentlichte mehrere professionelle und popul\u00e4re Artikel \u00fcber Dr. Bu\u010di\u0107.<\/p><\/div><\/div><div class='clear_column'><\/div><div class='content-column one_half'><div style=\"padding-right:6px;\"><p>\u017divot i djelo dr. Grgura Bu\u010di\u0107 tema je izlo\u017ebe koja se predvi\u0111a za 2008. g. (u sklopu proslave 150. obljetnice osnutka prve meteorolo\u0161ke postaje u Hvaru), a bit \u0107e jezgra budu\u0107e javne prirodoslovne zbirke Muzeja hvarske ba\u0161tine.<\/p><\/div><\/div><div class='content-column one_half last_column'><div style=\"padding-right:0px;padding-left:6px;\"><p>Leben und Werk von Dr. Gregor Bu\u010di\u0107 war auch Gegenstand einer Ausstellung im Jahr 2008 (Anl\u00e4sslich des 150. Jahrestages der ersten meteorologischen Station in Hvar) und sollte auch Kern einer k\u00fcnftigen \u00f6ffentlichen naturwissenschaftlichen Sammlung des Museums f\u00fcr das Erbe von Hvar werden.<\/p><\/div><\/div><div class='clear_column'><\/div><\/p>\n<p style=\"text-align: center;\"><em>(Marinko Petri\u0107)<\/em><\/p>\n<p><img loading=\"lazy\" decoding=\"async\" class=\"alignnone size-large wp-image-15501\" src=\"https:\/\/www.topohvar.at\/wp-content\/uploads\/2019\/01\/hv-pk-11-1-1024x503.jpg\" alt=\"\" width=\"640\" height=\"314\" srcset=\"https:\/\/www.topohvar.at\/wp-content\/uploads\/2019\/01\/hv-pk-11-1-1024x503.jpg 1024w, https:\/\/www.topohvar.at\/wp-content\/uploads\/2019\/01\/hv-pk-11-1-300x147.jpg 300w, https:\/\/www.topohvar.at\/wp-content\/uploads\/2019\/01\/hv-pk-11-1-768x377.jpg 768w, https:\/\/www.topohvar.at\/wp-content\/uploads\/2019\/01\/hv-pk-11-1.jpg 1080w\" sizes=\"auto, (max-width: 640px) 100vw, 640px\" \/><\/p>\n<p style=\"text-align: right;\"><span style=\"color: #3366ff;\"><a style=\"color: #3366ff;\" href=\"#seite_oben\">natrag na vrh \/ Seitenanfang<\/a><\/span><\/p>\n<hr \/>\n<p><strong>Linkovi \/ Links<\/strong><\/p>\n<p><span style=\"color: #3366ff;\"><a style=\"color: #3366ff;\" href=\"https:\/\/www.topohvar.at\/topo\/orte\/hv\/hv-op-00-0\/#op-05\">Zdenac u ljetnikovci Hanibala Luci\u0107a \/ Brunnen im Sommerhaus des\u00a0Hannibal Luci\u0107<\/a><\/span><br \/>\n<span style=\"color: #3366ff;\"><a style=\"color: #3366ff;\" href=\"https:\/\/www.topohvar.at\/orte\/hv\/hv-ig-29-1\/\">Grb \u00bbLuci\u0107a na zdencu\u00ab\u00a0\/ Wappen der Luci\u0107 am Brunnen<\/a><\/span><br \/>\n<span style=\"color: #3366ff;\"><a style=\"color: #3366ff;\" href=\"https:\/\/www.topohvar.at\/orte\/hv\/hv-ig-30-1\/\">Grb \u00bbObitelj Gazarovi\u0107a na zdencu\u00ab Wappen der\u00a0Gazarovi\u0107 am Brunnen<\/a><\/span><br \/>\n<span style=\"color: #3366ff;\"><a style=\"color: #3366ff;\" href=\"https:\/\/www.topohvar.at\/orte\/hv\/hv-ir-26-1\/\">Reljef na zdencu \/ Relief am Brunnen<\/a><br \/>\n<a style=\"color: #3366ff;\" href=\"https:\/\/www.topohvar.at\/orte\/hv\/hv-ir-26-1\/\">Reljef \u00bbna zdenzu ljetnikovca\u00ab \/ Relief am Brunnen des Sommerhauses<\/a><br \/>\n<a style=\"color: #3366ff;\" href=\"https:\/\/www.topohvar.at\/orte\/hv\/hv-mo-03-1\/\">Bista \u00bbHanibal Lu\u010di\u0107\u00ab \/ B\u00fcste des\u00a0Hanibal Lu\u010di\u0107<\/a><br \/>\n<a style=\"color: #3366ff;\" href=\"https:\/\/www.topohvar.at\/topo\/orte\/hv\/hv-tg-46-1\/\">Ku\u0107a \/ Haus \u00bbBu\u010di\u0107\u00ab<\/a><br \/>\n<\/span><\/p>\n<p>Muzej hvarske bastine, zbirke \/ Hvar Heritage Museum, Sammlungen:<\/p>\n<p>&#8211; <a href=\"http:\/\/mhb.mdc.hr\/zbirke.aspx?kid=2\"><span style=\"color: #3366ff;\">Arheolo\u0161ka zbirka i lapidarij &#8222;Dr. Grga Novak&#8220; \/ Arch\u00e4ologische Sammlung und Lapidarium &#8222;Dr. Grga Novak&#8220;<\/span><\/a><br \/>\n&#8211; <span style=\"color: #3366ff;\"><a style=\"color: #3366ff;\" href=\"http:\/\/mhb.mdc.hr\/zbirke.aspx?kid=1\">Galerija Aresenal \/ Galerie Arsenal<\/a><\/span><br \/>\n&#8211; <span style=\"color: #3366ff;\"><a style=\"color: #3366ff;\" href=\"http:\/\/mhb.mdc.hr\/zbirke.aspx?kid=3\">Hvarsko povijesno Kazali\u0161te \/ huistorisches Theater Hvar<\/a><\/span><br \/>\n&#8211; <span style=\"color: #3366ff;\"><a style=\"color: #3366ff;\" href=\"http:\/\/mhb.mdc.hr\/zbirke.aspx?kid=4\">Ljetnikovac Hanibala Luci\u0107a \/ Sommerhaus des Hannibal Luci\u0107<\/a><br \/>\n&#8211; <a style=\"color: #3366ff;\" href=\"http:\/\/mhb.mdc.hr\/zbirke.aspx?kid=5\">Prirodoslovni kabinet &#8222;Dr. Grgur Bu\u010di\u0107&#8220; \/ Naturwissenschaftliches Kabinett &#8222;Dr. Grgur Bu\u010di\u0107&#8220;<\/a><\/span><\/p>\n","protected":false},"excerpt":{"rendered":"<p>Ime \/ Name Ku\u0107a \u00bbSuburbani ljetnikovac Hanibal Luci\u0107\u00ab \/ Sommerhaus des Hannibal Luci\u0107 Code: HV-TG-12\u00a0 \u00a0 \u00a0 \u00a0 \u00a0 \u00a0 \u00a0 \u00a0 \u00a0 \u00a0 \u00a0 \u00a0 \u00a0 \u00a0 \u00a0 \u00a0 \u00a0 \u00a0\u00a0\u00a0 \u00a0 Adresa \/ Adresse Grad Hvar,\u00a0Ulica Hanibala Luci\u0107a &hellip; <a href=\"https:\/\/www.topohvar.at\/topo\/orte\/hv\/hv-tg-12-1\/\">Weiterlesen <span class=\"meta-nav\">&rarr;<\/span><\/a><\/p>\n","protected":false},"author":1,"featured_media":0,"parent":80,"menu_order":0,"comment_status":"closed","ping_status":"closed","template":"","meta":{"footnotes":""},"class_list":["post-15226","page","type-page","status-publish","hentry"],"_links":{"self":[{"href":"https:\/\/www.topohvar.at\/topo\/wp-json\/wp\/v2\/pages\/15226","targetHints":{"allow":["GET"]}}],"collection":[{"href":"https:\/\/www.topohvar.at\/topo\/wp-json\/wp\/v2\/pages"}],"about":[{"href":"https:\/\/www.topohvar.at\/topo\/wp-json\/wp\/v2\/types\/page"}],"author":[{"embeddable":true,"href":"https:\/\/www.topohvar.at\/topo\/wp-json\/wp\/v2\/users\/1"}],"replies":[{"embeddable":true,"href":"https:\/\/www.topohvar.at\/topo\/wp-json\/wp\/v2\/comments?post=15226"}],"version-history":[{"count":41,"href":"https:\/\/www.topohvar.at\/topo\/wp-json\/wp\/v2\/pages\/15226\/revisions"}],"predecessor-version":[{"id":68480,"href":"https:\/\/www.topohvar.at\/topo\/wp-json\/wp\/v2\/pages\/15226\/revisions\/68480"}],"up":[{"embeddable":true,"href":"https:\/\/www.topohvar.at\/topo\/wp-json\/wp\/v2\/pages\/80"}],"wp:attachment":[{"href":"https:\/\/www.topohvar.at\/topo\/wp-json\/wp\/v2\/media?parent=15226"}],"curies":[{"name":"wp","href":"https:\/\/api.w.org\/{rel}","templated":true}]}}