{"id":15238,"date":"2019-01-04T18:49:24","date_gmt":"2019-01-04T17:49:24","guid":{"rendered":"https:\/\/www.topohvar.at\/?page_id=15238"},"modified":"2021-04-18T18:00:14","modified_gmt":"2021-04-18T16:00:14","slug":"hv-tg-04-1","status":"publish","type":"page","link":"https:\/\/www.topohvar.at\/topo\/orte\/hv\/hv-tg-04-1\/","title":{"rendered":"HVAR &#8211; Zgrada \u00bbArsenal s Fontikom\u00ab"},"content":{"rendered":"<p><a name=\"seite_oben\"><\/a><br \/>\n<img loading=\"lazy\" decoding=\"async\" class=\"alignnone wp-image-15118 size-large\" src=\"https:\/\/www.topohvar.at\/wp-content\/uploads\/2019\/01\/HV-TG-04-1-1024x503.jpg\" alt=\"\" width=\"640\" height=\"314\" srcset=\"https:\/\/www.topohvar.at\/wp-content\/uploads\/2019\/01\/HV-TG-04-1-1024x503.jpg 1024w, https:\/\/www.topohvar.at\/wp-content\/uploads\/2019\/01\/HV-TG-04-1-300x147.jpg 300w, https:\/\/www.topohvar.at\/wp-content\/uploads\/2019\/01\/HV-TG-04-1-768x377.jpg 768w, https:\/\/www.topohvar.at\/wp-content\/uploads\/2019\/01\/HV-TG-04-1.jpg 1080w\" sizes=\"auto, (max-width: 640px) 100vw, 640px\" \/><\/p>\n<p><strong>Ime \/ Name<br \/>\n<\/strong>Zgrada \u00bbArsenal s Fontikom\u00ab \/ Geb\u00e4ude \u00bbArsenal mit Fontik\u00ab<\/p>\n<p><strong>Code: <\/strong>HV-TG-04\u00a0 \u00a0 \u00a0 \u00a0 \u00a0 \u00a0 \u00a0 \u00a0 \u00a0 \u00a0 \u00a0 \u00a0 \u00a0 \u00a0 \u00a0 \u00a0 \u00a0 \u00a0\u00a0<a href=\"https:\/\/www.topohvar.at\/hv-tg-80-1\/\"><img loading=\"lazy\" decoding=\"async\" class=\"alignnone wp-image-12300 size-full\" src=\"https:\/\/www.topohvar.at\/wp-content\/uploads\/2018\/09\/push-vor-30.jpg\" alt=\"\" width=\"61\" height=\"30\" \/><\/a>\u00a0<strong><a href=\"https:\/\/www.topohvar.at\/orte\/hv\/hv-tg-75-1\/\"><img loading=\"lazy\" decoding=\"async\" class=\"alignnone wp-image-533 size-full\" src=\"https:\/\/www.topohvar.at\/wp-content\/uploads\/2018\/07\/push-l-30.jpg\" alt=\"\" width=\"61\" height=\"30\" \/><\/a> <a href=\"https:\/\/www.topohvar.at\/orte\/hv\/\"><img loading=\"lazy\" decoding=\"async\" class=\"alignnone wp-image-535 size-full\" src=\"https:\/\/www.topohvar.at\/wp-content\/uploads\/2018\/07\/push-o-30.jpg\" alt=\"\" width=\"61\" height=\"30\" \/><\/a> <a href=\"https:\/\/www.topohvar.at\/orte\/hv\/hv-tg-66-1\/\"><img loading=\"lazy\" decoding=\"async\" class=\"alignnone wp-image-536 size-full\" src=\"https:\/\/www.topohvar.at\/wp-content\/uploads\/2018\/07\/push-r-30.jpg\" alt=\"\" width=\"61\" height=\"30\" \/><\/a>\u00a0<a href=\"https:\/\/www.topohvar.at\/hv-tg-92-1\/\"><img loading=\"lazy\" decoding=\"async\" class=\"alignnone wp-image-12299 size-full\" src=\"https:\/\/www.topohvar.at\/wp-content\/uploads\/2018\/09\/push-next-30.jpg\" alt=\"\" width=\"61\" height=\"30\" \/><\/a><\/strong><\/p>\n<hr \/>\n<p><strong>Adresa \/ Adresse<br \/>\n<\/strong>Grad Hvar,\u00a0Trg sv. Stjepana 43-44 \/ Obala Riva 1<\/p>\n<p><strong>Lokacija \/ Position<a href=\"https:\/\/goo.gl\/maps\/Ev6pE7GiuRYwKLrM6\"><img loading=\"lazy\" decoding=\"async\" class=\"alignright wp-image-15964\" src=\"https:\/\/www.topohvar.at\/wp-content\/uploads\/2019\/01\/1200.jpg\" alt=\"\" width=\"134\" height=\"100\" \/><\/a><br \/>\n<\/strong><span style=\"color: #3366ff;\"><a style=\"color: #3366ff;\" href=\"https:\/\/goo.gl\/maps\/Ev6pE7GiuRYwKLrM6\">Latitude: N 43,17212\u00b0\u00a0 \u00a0Longitude: E 16,44175\u00b0<\/a> <\/span><strong><br \/>\n<\/strong>Visina \/ H\u00f6he: 1 m<\/p>\n<p><strong>Katastarska \u010destica \/ Grundst\u00fccke<br \/>\n<\/strong>*204, *205<div class='content-column one_half'><div style=\"padding-right:6px;\"><p><strong>Datum snimanja \/ Erfassungsdatum<br \/>\n<\/strong>23.05.2013 12:00:00<\/p>\n<hr \/>\n<p><strong>Informacije<\/strong><\/p>\n<p>Hvarski arsenal jedan je od najbolje sa\u010duvanih objekata svoje vrste na Mediteranu. Prvi Arsenal sagra\u0111en je izme\u0111u 1292. i 1331. godine i slu\u017eio je kao brodogradili\u0161te za galije. Pregra\u0111en je u 14. stolje\u0107u kada je Hvar, zbog svog vojno-strate\u0161kog Hvarsko povijesnokazali\u0161te zna\u010daja, bio slu\u017ebeno upori\u0161te venecijanske flote na Jadranu.<\/p><\/div><\/div><div class='content-column one_half last_column'><div style=\"padding-right:0px;padding-left:6px;\"><p><strong>Stupanj za\u0161tite \/ Schutzstellung<br \/>\n<\/strong>RST 215-1964<\/p>\n<hr \/>\n<p><strong>Info<\/strong><\/p>\n<p>Das Hvar Arsenal ist eines der am besten erhaltenen Objekte seiner Art im Mittelmeerraum. Das erste Arsenal wurde zwischen 1292 und 1331 erbaut und diente als Werft f\u00fcr Galeeren. Im 14. Jh wurde es umgebaut, als Hvar wegen seines milit\u00e4rstrategischen Hvar-Geschichtsdenkmals der offizielle St\u00fctzpunkt der venezianischen Flotte an der Adria war.<\/p><\/div><\/div><div class='clear_column'><\/div><div class='content-column one_half'><div style=\"padding-right:6px;\"><p>Arsenal (u obliku bez Fontika koji je adicija ranog 17. stolje\u0107a) je zavrsena1558.-1559. godine. Zapadni ulaz presvo\u0111en je finim renesansnim lukom. Prostrana unutra\u0161njost slu\u017eilaje za smje\u0161taj hvarske ratne galije, kao i za spremanje i popravak drugih brodova.<\/p><\/div><\/div><div class='content-column one_half last_column'><div style=\"padding-right:0px;padding-left:6px;\"><p>Der Bau des Arsenals (in der Form ohne Fontik, die im fr\u00fchen 17. Jahrhunderts angebaut wurde) wurde in den Jahren 1558-1559 abgeschlossen. Der westliche Eingang hat einen sch\u00f6nen Renaissancebogen. Der ger\u00e4umige Innenraum des diente zur Unterbringung der Kriegsschiffe von Hvar, sowie zur Lagerung und Reparatur anderer Schiffe<\/p><\/div><\/div><div class='clear_column'><\/div><div class='content-column one_half'><div style=\"padding-right:6px;\"><p>Mleta\u010dki namjesnik, knez Petar Semitecolo, koji je u Hvaru slu\u017ebovao izme\u0111u 1611. i1613.g., sanirao je Arsenal i druge objekte koji su tih godina bili uni\u0161teni. Iznad visoke \u0161upljine prizemlja Arsenala napravio je kat i postavio krovi\u0161te.<\/p><\/div><\/div><div class='content-column one_half last_column'><div style=\"padding-right:0px;padding-left:6px;\"><p>Der venezianische Gouverneur, F\u00fcrst Petar Semitecolo, der in Hvar zwischen 1611 und 1613 wirkte, erneuerte das Arsenal und andere Geb\u00e4ude, die in diesen Jahren zerst\u00f6rt wurden. \u00dcber dem hohen Raum des Erdgeschosses des Arsenals wurde ein Stockwerk und Dach errichtet.<\/p><\/div><\/div><div class='clear_column'><\/div><\/p>\n<div id=\"attachment_24598\" style=\"width: 650px\" class=\"wp-caption aligncenter\"><img loading=\"lazy\" decoding=\"async\" aria-describedby=\"caption-attachment-24598\" class=\"size-large wp-image-24598\" src=\"https:\/\/www.topohvar.at\/wp-content\/uploads\/2019\/10\/hv-tg-04-21-1024x486.jpg\" alt=\"\" width=\"640\" height=\"304\" srcset=\"https:\/\/www.topohvar.at\/wp-content\/uploads\/2019\/10\/hv-tg-04-21-1024x486.jpg 1024w, https:\/\/www.topohvar.at\/wp-content\/uploads\/2019\/10\/hv-tg-04-21-300x143.jpg 300w, https:\/\/www.topohvar.at\/wp-content\/uploads\/2019\/10\/hv-tg-04-21-768x365.jpg 768w, https:\/\/www.topohvar.at\/wp-content\/uploads\/2019\/10\/hv-tg-04-21.jpg 1080w\" sizes=\"auto, (max-width: 640px) 100vw, 640px\" \/><p id=\"caption-attachment-24598\" class=\"wp-caption-text\">Izlo\u017eba 2019. godine \/ Ausstellung im Jahr 2019<\/p><\/div>\n<div class='content-column one_half'><div style=\"padding-right:6px;\"><p>Uz sjeverno pro\u010delje 1611.\/1612. godine dogra\u0111en je Fontik &#8211; skladi\u0161te za \u017eito, u kojem se \u010duvala op\u0107inska zaliha \u017eita i soli. Nad kojim je Belvedere. Fontik, potpuno ustrojen 1613. godine, bio je otvoren svakoga dana, osim nedjelje, dva sata prije podne i dva sata poslije podne.<\/p><\/div><\/div><div class='content-column one_half last_column'><div style=\"padding-right:0px;padding-left:6px;\"><p>Entlang der Nordwand des Arsenals wurde im Jahr 1611\/1612 das \u201eFontiko\u201c (\u201eKornkammer\u201c) &#8211; ein Lagerhaus f\u00fcr Getreide \u2013 errichtet, wo die kommunalen Getreide- und Salzreserven aufbewahrt wurden. \u00dcber ihm befindet sich das Belvedere.\u00a0Das Fontik wurde im Jahre 1613 fertig gestellt und war jeden Tag, au\u00dfer Sonntag, zwei Stunden am Vormittag und zwei am Nachmittag ge\u00f6ffnet.<\/p><\/div><\/div><div class='clear_column'><\/div><div class='content-column one_half'><div style=\"padding-right:6px;\"><p>Na ravnom krovu Fontika izgra\u0111ena je terasa (Belvedere), koja je okru\u017eena prekrasnom renesansnom ogradom.. Do terase se dolazi kamenim stubama. Na taj je na\u010din Belveder postao reprezentativni ulaz u kazali\u0161te, ozna\u010den velikim profiliranim vratima s natpisom \u201eDrugu godinu mira, 1612.\u201c<\/p><\/div><\/div><div class='content-column one_half last_column'><div style=\"padding-right:0px;padding-left:6px;\"><p>Am Flachdach des Fontik wurde eine Terrasse errichtet (Belvedere), die von einer sch\u00f6nen Renaissancebalustrade umgeben ist. Auf die Terrasse kommt man \u00fcber eine Steintreppe und auf diese Weise erreicht man \u00fcber das Belvedere den repr\u00e4sentativen Theatereingang, auf dessen gro\u00dfem profilierten Tor die Inschrift \u201eZweites Friedensjahr 1612\u201c zu lesen ist.<\/p><\/div><\/div><div class='clear_column'><\/div><div class='content-column one_half'><div style=\"padding-right:6px;\"><p>Zavr\u0161etak radova u prizemlju Arsenala obilje\u017eio je natpisom \u201ePrva godina mira 1611\u201c na isto\u010dnim vratima prizemlja. 1952. godine belvederu je vra\u0107en prija\u0161nji izgled.<\/p><\/div><\/div><div class='content-column one_half last_column'><div style=\"padding-right:0px;padding-left:6px;\"><p>Die Fertigstellung der Arbeiten im Erdgeschoss des Arsenals wurde mit der Inschrift \u201eErstes Friedensjahr 1611\u201c an der \u00f6stlichen T\u00fcr des Erdgeschosses markiert. Im Jahr 1952 wurde das fr\u00fchere Aussehen der Aussichtsterrasse wiederhergestellt.<\/p><\/div><\/div><div class='clear_column'><\/div><\/p>\n<p style=\"text-align: right;\"><a href=\"#seite_oben\">natrag na vrh \/ Seitenanfang<\/a><\/p>\n<hr \/>\n<div class='content-column one_half'><div style=\"padding-right:6px;\"><p>Hvarski Arsenal dobitnik presti\u017ene Nagrade europske ba\u0161tine \u2013 Europa Nostra nagrade za 2020. godinu. Priznato je:<\/p><\/div><\/div><div class='content-column one_half last_column'><div style=\"padding-right:0px;padding-left:6px;\"><p>Das Arsenal war Gewinner des renommierten European Heritage Award &#8211; Europa Nostra Award f\u00fcr das Jahr 2020. Gew\u00fcrdigt wurde:<\/p><\/div><\/div><div class='clear_column'><\/div><div class='content-column one_half'><div style=\"padding-right:6px;\"><p>\u201cIzuzetno zahtjevan projekt revitalizacije Arsenala uklju\u010divao je tehni\u010dku dokumentaciju, istra\u017eiva\u010dke radove i konzervatorski elaborat (1989.-2005.); rekonstrukciju nosive konstrukcije (2005.-2009.); arheolo\u0161ka iskapanja (1994-1996. i 2014-2015.); fazu rekonstrukcije i obnove (2014.-2018.); i zavr\u0161ne radove u unutra\u0161njosti zgrade, uklju\u010duju\u0107i opremanje kazali\u0161ta, galerije i kapetanske sobe (2018.-2019.).<\/p><\/div><\/div><div class='content-column one_half last_column'><div style=\"padding-right:0px;padding-left:6px;\"><p>Das \u00e4u\u00dferst anspruchsvolle Revitalisierungsprojekt von Arsenal umfasste technische Dokumentation, Forschungsarbeiten und eine Erhaltungsstudie (1989-2005). Rekonstruktion der tragenden Struktur (2005-2009); arch\u00e4ologische Ausgrabungen (1994-1996 und 2014-2015); Wiederaufbau und Wiederaufbauphase (2014-2018); und Abschluss der Arbeiten im Geb\u00e4ude, einschlie\u00dflich der Ausstattung des Theaters, der Galerie und des Kapit\u00e4nsraums (2018-2019).<\/p><\/div><\/div><div class='clear_column'><\/div><div class='content-column one_half'><div style=\"padding-right:6px;\"><p>Prostor u prizemlju zadr\u017eao je svoj izvorni oblik s prezentiranim kamenim zidovima i lukovima, dok suvremena vi\u0161enamjenska oprema pru\u017ea gra\u0111anima prostor odr\u017eavanja \u0161irokog spektra kulturnih i dru\u0161tvenih doga\u0111anja. Izvorne venecijanske drvene grede i danas se nalaze na stropu galerije na prvom katu, dok su druge originalne zna\u010dajke zgrade, ponajvi\u0161e freske i kazali\u0161ne lo\u017ee, sa\u010duvane i restaurirane u njihovom izvornom izgledu.<\/p><\/div><\/div><div class='content-column one_half last_column'><div style=\"padding-right:0px;padding-left:6px;\"><p>Der Raum im Erdgeschoss hat seine urspr\u00fcngliche Form mit pr\u00e4sentierten Steinmauern und B\u00f6gen beibehalten, w\u00e4hrend moderne Mehrzweckger\u00e4te den B\u00fcrgern Raum f\u00fcr eine Vielzahl von kulturellen und gesellschaftlichen Veranstaltungen bieten. Die originalen venezianischen Holzbalken befinden sich noch immer an der Decke der Galerie im ersten Stock, w\u00e4hrend andere urspr\u00fcngliche Merkmale des Geb\u00e4udes, haupts\u00e4chlich Fresken und Theaterh\u00fctten, in ihrem urspr\u00fcnglichen Aussehen erhalten und restauriert wurden.<\/p><\/div><\/div><div class='clear_column'><\/div><div class='content-column one_half'><div style=\"padding-right:6px;\"><p>Potrebne inovacije bitne za namjenu zgrade suvremeno su dizajnirane, time nagla\u0161avaju\u0107i izvorni karakter zgrade. Ovi novi elementi ukomponirani u povijesne slojeve zgrade, uspje\u0161no su doveli do dramati\u010dnog spoja starog i novog.\u201d<\/p><\/div><\/div><div class='content-column one_half last_column'><div style=\"padding-right:0px;padding-left:6px;\"><p>Die notwendigen Neuerungen, die f\u00fcr den Zweck des Geb\u00e4udes wesentlich sind, sind modern gestaltet und betonen so den urspr\u00fcnglichen Charakter des Geb\u00e4udes. Diese neuen Elemente, die in die historischen Schichten des Geb\u00e4udes integriert sind, haben erfolgreich zu einer dramatischen Verschmelzung von Altem und Neuem gef\u00fchrt.\u201c<\/p><\/div><\/div><div class='clear_column'><\/div><\/p>\n<p style=\"text-align: center;\"><em>(izvor \/ Quelle: http:\/\/www.hvar.hr\/portal\/)<\/em><\/p>\n<p style=\"text-align: right;\"><a href=\"#seite_oben\">natrag na vrh \/ Seitenanfang<\/a><\/p>\n<hr \/>\n<p><img loading=\"lazy\" decoding=\"async\" class=\"aligncenter size-full wp-image-15119\" src=\"https:\/\/www.topohvar.at\/wp-content\/uploads\/2019\/01\/hv-tg-05-1.jpg\" alt=\"\" width=\"1080\" height=\"530\" srcset=\"https:\/\/www.topohvar.at\/wp-content\/uploads\/2019\/01\/hv-tg-05-1.jpg 1080w, https:\/\/www.topohvar.at\/wp-content\/uploads\/2019\/01\/hv-tg-05-1-300x147.jpg 300w, https:\/\/www.topohvar.at\/wp-content\/uploads\/2019\/01\/hv-tg-05-1-768x377.jpg 768w, https:\/\/www.topohvar.at\/wp-content\/uploads\/2019\/01\/hv-tg-05-1-1024x503.jpg 1024w\" sizes=\"auto, (max-width: 1080px) 100vw, 1080px\" \/><\/p>\n<div class='content-column one_half'><div style=\"padding-right:6px;\"><p><strong>Kazali\u0161ta<\/strong><\/p>\n<p>Hvarsko je kazali\u0161te smje\u0161teno u monumentalnoj zgradi Arsenala u samom sredi\u0161tu grada Hvara. Nastalo je u isto\u010dnom dijelu prvog kata Arsenala. Kao spomeni\u010dki objekt i prostor scenskog djelovanja zna\u010dajan je dio hvarske pro\u0161losti, ali i sada\u0161njosti.<\/p><\/div><\/div><div class='content-column one_half last_column'><div style=\"padding-right:0px;padding-left:6px;\"><p><strong>Theater<\/strong><\/p>\n<p>Das Theater der Stadt Hvar befindet sich in dem monumentalen Arsenal-Geb\u00e4ude im Zentrum der Stadt. Es wurde im \u00f6stlichen Teil des ersten Stocks errichtet. Als monumentales Objekt und Ort der B\u00fchnenaktivit\u00e4t ist es ein bedeutender Teil der Vergangenheit aber auch der Gegenwart der Stadt Hvar.<\/p><\/div><\/div><div class='clear_column'><\/div><div class='content-column one_half'><div style=\"padding-right:6px;\"><p>Na terasi Fontika je ulaz u kazali\u0161te, utemeljeno 1611\/1612 godine, kao prvo javno kazali\u0161te u Europi. Danas je hvarsko kazali\u0161te otvoreno za javnu upotrebu i se svrstava u deset najstarijih baroknih teatara Europe. Natpis iznad kazali\u0161nog ulaza.<\/p><\/div><\/div><div class='content-column one_half last_column'><div style=\"padding-right:0px;padding-left:6px;\"><p>Auf der Terrasse des Fontik ist der Eingang zum Theater, das im Jahr 1611\/1612 errichtet wurde und damit eines der ersten \u00f6ffentlichen Theater Europas war. Heute ist das Hvarer Theater der \u00d6ffentlichkeit ge\u00f6ffnet und geh\u00f6rt zu den zehn \u00e4ltesten Barocktheater Europas. Inschrift \u00fcber dem Theatereingang.<\/p><\/div><\/div><div class='clear_column'><\/div><div class='content-column one_third'><div style=\"padding-right:6px;\"><p>Iznutra kazali\u0161te uredi hvarski knez Semitecolo po uzoru na talijanska kazali\u0161ta. Odmah na ulazu izlo\u017eena je Zvir (\u201eZmaj od Lepanta&#8220;), drvena pram\u010dana figura (pulena) s hvarske galije Sv. Jerolim, poznate po borbi protiv turskog brodovlja u glasovitoj bitki kod Lepanta 1571. g.<\/p><\/div><\/div><div class='content-column one_third'><div style=\"padding-right:6px;\"><p><img loading=\"lazy\" decoding=\"async\" class=\"aligncenter size-full wp-image-37408\" src=\"https:\/\/www.topohvar.at\/wp-content\/uploads\/2020\/05\/hv-tg-05-8.jpg\" alt=\"\" width=\"209\" height=\"241\" \/><\/p><\/div><\/div><div class='content-column one_third last_column'><div style=\"padding-right:0px;padding-left:6px;\"><p>Das Innere des Theaters lies Semitecolo, der F\u00fcrst von Hvar, nach dem Vorbild italienischer Theater. Direkt am Eingang ist der \u201eZvir\u201c (\u201eDrachen von Lepanto\u201c) ausgestellt, eine Holzfigur (Repr\u00e4sentations-, Galionsfigur) der Galeere Sv. Jerolim, die am Kampf gegen die t\u00fcrkische Flotte in der ber\u00fchmten Schlacht von Lepanto im Jahr 1571 teilnahm.<\/p><\/div><\/div><div class='clear_column'><\/div><div class='content-column one_half'><div style=\"padding-right:6px;\"><p>Dana\u0161nji neobarokni izgled Kazali\u0161te je sa\u010duvalo iz 19. st. kao 28 najodli\u010dnijih obitelji otoka Hvara i Visa, sve\u0107enici i hvarski biskup osnovali su 1800. godine kazali\u0161no dru\u0161tvo, koje je 1803. godine iznutra obnovilo kazali\u0161te i materijalno osiguralo njegov rad.<\/p><\/div><\/div><div class='content-column one_half last_column'><div style=\"padding-right:0px;padding-left:6px;\"><p>Die heutige neo-barocke Ausgestaltung des Theaters erfolgte im 19. Jh. als die 28 vornehmsten Familien der Inseln Hvar und Vis, Geistliche und der Bischof von Hvar im Jahr 1800 eine Theatergesellschaft gr\u00fcndeten die 1803 das Theater innen erneuerte und den Theaterbetrieb finanziell absicherte.<\/p><\/div><\/div><div class='clear_column'><\/div><div class='content-column one_half'><div style=\"padding-right:6px;\"><p>Sa\u010duvane su dvije zidne scenografije, freska iz 1819. godine i danas je na za\u010delnom zidu pozornice. Freska s prikazom kne\u017eeva dvora izra\u0111ena oko 1900. restaurirana je i postavljena na pomi\u010dne panoe.<\/p><\/div><\/div><div class='content-column one_half last_column'><div style=\"padding-right:0px;padding-left:6px;\"><p>Zwei Wandszenen sind erhalten geblieben. Ein Fresko aus dem Jahr 1819 befindet sich auf der B\u00fchnenwand und ein Fresko mit der Ansicht des F\u00fcrstenpalastes, um 1900 entstandenen, wurde restauriert und auf beweglichen Paneelen platziert.<\/p><\/div><\/div><div class='clear_column'><\/div><div class='content-column one_half'><div style=\"padding-right:6px;\"><p>1952. godine belvederu je vra\u0107en prija\u0161nji izgled. Od 2010. do 2018. kazali\u0161te je temeljito obnovljeno i sada je dostupno javnosti u novom svjetlu.<\/p><\/div><\/div><div class='content-column one_half last_column'><div style=\"padding-right:0px;padding-left:6px;\"><p>Im Jahr 1952 wurde das fr\u00fchere Aussehen der Aussichtsterrasse wiederhergestellt. In den Jahren 2010 &#8211; 2018 wurde das Theater gr\u00fcndlich restauriert und steht nunmehr der \u00d6ffentlichkeit in neuem Glanz zu Verf\u00fcgung.<\/p><\/div><\/div><div class='clear_column'><\/div><\/p>\n<p style=\"text-align: right;\"><a href=\"#seite_oben\">gore \/ Seitenanfang<\/a><\/p>\n<hr \/>\n<div class='content-column one_half'><div style=\"padding-right:6px;\"><p><strong>Galerija suvremene umjetnosti \u201eArsenal\u201d<\/strong><\/p>\n<p>Galerija moderne umjetnosti u Hvaru osnovana je 1957. godine marom dr. Grge Gamulina i dr. Nike Dubokovi\u0107a. Smje\u0161tena je u zgradi Arsenala, u predvorju hvarskoga povijesnog Kazali\u0161ta, a nakon preure\u0111enja 1984. godine dobila je naziv Arsenal.<\/p><\/div><\/div><div class='content-column one_half last_column'><div style=\"padding-right:0px;padding-left:6px;\"><p><strong>Zeitgen\u00f6ssische Kunstgalerie \u201eArsenal&#8220;<\/strong><\/p>\n<p>Die von Dr. Grge Gamulin und Dr. Nike Dubokovic sorgf\u00e4ltig zusammengestellte Galerie zeitgen\u00f6ssischer Kunst in Hvar wurde im Jahr 1957 er\u00f6ffnet. Sie ist in der Lobby des historischen Theaters im Arsenal untergebracht, und wurde nach dem Umbau im Jahr 1984 Galerie \u201eArsenal\u201c genannt.<\/p><\/div><\/div><div class='clear_column'><\/div><div class='content-column one_half'><div style=\"padding-right:6px;\"><p>Prvi stalni postav uredio je dr. Grgo Gamulin, tada jedan od vode\u0107ih stru\u010dnjaka na podru\u010dju hrvatske suvremene umjetnosti, te je novonastala zbirka odra\u017eavala hrvatske likovne te\u017enje toga prijelomnog razdoblja 1950-ih godina, razdoblja stvaranja avangardne umjetnosti i sintetiziranja figurativnosti kao polazne to\u010dke prema apstrakciji. Stalni postav Grge Gamulina ostao je do danas jezgra fundusa i njegov najvredniji dio.<\/p><\/div><\/div><div class='content-column one_half last_column'><div style=\"padding-right:0px;padding-left:6px;\"><p>Die erste Dauerausstellung erfolgte durch Dr. Grgo Gamulin, einem der f\u00fchrenden Experten auf dem Gebiet zeitgen\u00f6ssischer kroatischer Kunst. Diese Sammlung reflektierte die kroatischen k\u00fcnstlerischen Bestrebungen der \u00dcbergangszeit in den 1950er Jahren, einer Zeit der Entstehung der Avantgarde und der Synthese von Fig\u00fcrlichkeit als Ausgangspunkt zur Abstraktion.\u00a0Die Dauerausstellung von Grge Gamulin blieb Kern des Fundus und sein wertvollster Teil.<\/p><\/div><\/div><div class='clear_column'><\/div><div class='content-column one_half'><div style=\"padding-right:6px;\"><p>Godine 1984. Galerija se preure\u0111uje i postaje dio Centra za za\u0161titu kulturne ba\u0161tine otoka Hvara. Tada\u0161nji je stalni postav napravljen prema prijedlozima dr. Kruna Prijatelja, tako da su izdvojena djela kojima bi je obuhva\u0107eno vremenski \u0161to ve\u0107e razdoblje slikarstva biv\u0161e dr\u017eave, uz grupiranje hvarskih i dubrova\u010dkih slikara.<\/p><\/div><\/div><div class='content-column one_half last_column'><div style=\"padding-right:0px;padding-left:6px;\"><p>Im Jahr 1984 wurde die Galerie neu gestaltet und wurde Teil des Zentrums zum Schutz des kulturellen Erbes der Insel Hvar. Die Dauerausstellung wurde nach Vorschl\u00e4gen des Dr. Kruna Priajelja erstellt. So sollen ausgew\u00e4hlte Werke der Maler aus Hvar und Dubrovnik. die Zeit des ehemaligen Staates veranschaulichen.<\/p><\/div><\/div><div class='clear_column'><\/div><div class='content-column one_half'><div style=\"padding-right:6px;\"><p>Danas je Galerija Arsenal zbirka u sastavu Muzeja hvarske ba\u0161tine. U prostoru Galerije izmjenjuje se stalni postav koji obuhva\u0107a najvrednije slike, skulpture i grafike iz fundusa te povremene izlo\u017ebe koje se postavljaju u sklopu projekta Muzeja Hvarsko likovno ljeto.<\/p><\/div><\/div><div class='content-column one_half last_column'><div style=\"padding-right:0px;padding-left:6px;\"><p>Heute betreibt die Arsenal Galerie die Sammlung mit dem Museum des Hvarer Erbes. In den R\u00e4umlichkeiten der Galerie gibt es eine Dauerausstellung der wertvollsten Gem\u00e4lde, Skulpturen und Drucke aus dem Fundus sowie Wechselausstellungen, die im Rahmen des Projektes \u201eMuseum der Sch\u00f6nen Sommer\u201c veranstaltet werden.<\/p><\/div><\/div><div class='clear_column'><\/div><div class='content-column one_half'><div style=\"padding-right:6px;\"><p>Programska shema izlo\u017ebene djelatnosti Muzeja obuhva\u0107a izlo\u017ebe iz ba\u0161tine i izlo\u017ebe suvremenih umjetnika.<\/p><\/div><\/div><div class='content-column one_half last_column'><div style=\"padding-right:0px;padding-left:6px;\"><p>Das Ausstellungsprogramm des Museums umfasst Ausstellungen aus dem Erbe sowie Ausstellungen zeitgen\u00f6ssischer K\u00fcnstler.<\/p><\/div><\/div><div class='clear_column'><\/div><\/p>\n<p style=\"text-align: center;\"><em>(35_24_1_4_1993_Marinko_Petric.pdf \u2013 Pregled zna\u010dajnijih muzejskih i galerijskih zbirki Otoka Hvara)<\/em><\/p>\n<p style=\"text-align: right;\"><a href=\"#seite_oben\">gore \/ Seitenanfang<\/a><\/p>\n<hr \/>\n<p><strong>Linkovi \/ Links<\/strong><\/p>\n<p><span style=\"color: #3366ff;\"><a style=\"color: #3366ff;\" href=\"https:\/\/www.topohvar.at\/orte\/hv\/hv-ir-21-1\/\">Reljef \u00bbLav na isto\u010dnom pro\u010delju Arsenala\u00ab \/ Relief &#8211; L\u00f6we an der Ostfassade des Arsenals<\/a><\/span><br \/>\n<span style=\"color: #3366ff;\"><a style=\"color: #3366ff;\" href=\"https:\/\/www.topohvar.at\/orte\/hv\/hv-in-06-1\/\">Natpis \u00bbANNO PACIS PRIMO MDCXI\u00ab \/ Inschrift &#8211; Erstes Friedensjahr 1611<\/a><\/span><br \/>\n<span style=\"color: #3366ff;\"><a style=\"color: #3366ff;\" href=\"https:\/\/www.topohvar.at\/orte\/hv\/hv-in-03-1\/\">Natpis \u00bbANNO SECVNDO PACIS MDCXII\u00ab \/\u00a0Inschrift &#8211; Zweites Friedensjahr 1612<\/a><\/span><br \/>\n<span style=\"color: #3366ff;\"><a style=\"color: #3366ff;\" href=\"https:\/\/www.topohvar.at\/orte\/hv\/hv-is-10-1\/\">Spomen plo\u010da \u00bbKonferencija kulturnih radnika Dalmacije\u00ab \/ Gedenktafe &#8211;\u00a0Konferenz der Kulturschaffenden Dalmatiens<\/a><\/span><br \/>\n<span style=\"color: #3366ff;\"><a style=\"color: #3366ff;\" href=\"https:\/\/www.topohvar.at\/orte\/hv\/hv-is-11-1\/\">Spomen plo\u010da \u00bbPrve konferencije Narodnog fronta Hrvatske za Dalmaciju\u00ab \/ Gedenktafel &#8211; Erste Konferenz der Hvarer Volksfront in Dalmatien<\/a><\/span><br \/>\n<span style=\"color: #3366ff;\"><a style=\"color: #3366ff;\" href=\"https:\/\/www.topohvar.at\/orte\/hv\/hv-is-27-1\/\">Spomen plo\u010da \u00bbDesetogodi\u0161njice oslobo\u0111enja od talijanskog okupatora\u00ab \/ Gedenktafel &#8211; 10. Jahrestag der Befreiung aus der italienischen Besatzung<\/a><\/span><br \/>\n<span style=\"color: #3366ff;\"><a style=\"color: #3366ff;\" href=\"https:\/\/www.topohvar.at\/orte\/hv\/hv-ob-08-1\/\">Objekt \u00bbKamena geodetska osnaka na Fontiku\u00ab \/ Geod\u00e4tische Basis am Fontik<\/a><\/span><\/p>\n<p>Muzej hvarske bastine, zbirke \/ Hvar Heritage Museum, Sammlungen:<\/p>\n<p>&#8211; <a href=\"http:\/\/mhb.mdc.hr\/zbirke.aspx?kid=2\"><span style=\"color: #3366ff;\">Arheolo\u0161ka zbirka i lapidarij &#8222;Dr. Grga Novak&#8220; \/ Arch\u00e4ologische Sammlung und Lapidarium &#8222;Dr. Grga Novak&#8220;<\/span><\/a><br \/>\n&#8211; <span style=\"color: #3366ff;\"><a style=\"color: #3366ff;\" href=\"http:\/\/mhb.mdc.hr\/zbirke.aspx?kid=1\">Galerija Aresenal \/ Galerie Arsenal<\/a><\/span><br \/>\n&#8211; <span style=\"color: #3366ff;\"><a style=\"color: #3366ff;\" href=\"http:\/\/mhb.mdc.hr\/zbirke.aspx?kid=3\">Hvarsko povijesno Kazali\u0161te \/ huistorisches Theater Hvar<\/a><\/span><br \/>\n&#8211; <span style=\"color: #3366ff;\"><a style=\"color: #3366ff;\" href=\"http:\/\/mhb.mdc.hr\/zbirke.aspx?kid=4\">Ljetnikovac Hanibala Luci\u0107a \/ Sommerhaus des Hannibal Luci\u0107<\/a><br \/>\n&#8211; <a style=\"color: #3366ff;\" href=\"http:\/\/mhb.mdc.hr\/zbirke.aspx?kid=5\">Prirodoslovni kabinet &#8222;Dr. Grgur Bu\u010di\u0107&#8220; \/ Naturwissenschaftliches Kabinett &#8222;Dr. Grgur Bu\u010di\u0107&#8220;<\/a><\/span><\/p>\n","protected":false},"excerpt":{"rendered":"<p>Ime \/ Name Zgrada \u00bbArsenal s Fontikom\u00ab \/ Geb\u00e4ude \u00bbArsenal mit Fontik\u00ab Code: HV-TG-04\u00a0 \u00a0 \u00a0 \u00a0 \u00a0 \u00a0 \u00a0 \u00a0 \u00a0 \u00a0 \u00a0 \u00a0 \u00a0 \u00a0 \u00a0 \u00a0 \u00a0 \u00a0\u00a0\u00a0 \u00a0 Adresa \/ Adresse Grad Hvar,\u00a0Trg sv. Stjepana 43-44 &hellip; <a href=\"https:\/\/www.topohvar.at\/topo\/orte\/hv\/hv-tg-04-1\/\">Weiterlesen <span class=\"meta-nav\">&rarr;<\/span><\/a><\/p>\n","protected":false},"author":1,"featured_media":0,"parent":80,"menu_order":0,"comment_status":"closed","ping_status":"closed","template":"","meta":{"footnotes":""},"class_list":["post-15238","page","type-page","status-publish","hentry"],"_links":{"self":[{"href":"https:\/\/www.topohvar.at\/topo\/wp-json\/wp\/v2\/pages\/15238","targetHints":{"allow":["GET"]}}],"collection":[{"href":"https:\/\/www.topohvar.at\/topo\/wp-json\/wp\/v2\/pages"}],"about":[{"href":"https:\/\/www.topohvar.at\/topo\/wp-json\/wp\/v2\/types\/page"}],"author":[{"embeddable":true,"href":"https:\/\/www.topohvar.at\/topo\/wp-json\/wp\/v2\/users\/1"}],"replies":[{"embeddable":true,"href":"https:\/\/www.topohvar.at\/topo\/wp-json\/wp\/v2\/comments?post=15238"}],"version-history":[{"count":35,"href":"https:\/\/www.topohvar.at\/topo\/wp-json\/wp\/v2\/pages\/15238\/revisions"}],"predecessor-version":[{"id":48147,"href":"https:\/\/www.topohvar.at\/topo\/wp-json\/wp\/v2\/pages\/15238\/revisions\/48147"}],"up":[{"embeddable":true,"href":"https:\/\/www.topohvar.at\/topo\/wp-json\/wp\/v2\/pages\/80"}],"wp:attachment":[{"href":"https:\/\/www.topohvar.at\/topo\/wp-json\/wp\/v2\/media?parent=15238"}],"curies":[{"name":"wp","href":"https:\/\/api.w.org\/{rel}","templated":true}]}}