{"id":15328,"date":"2019-01-05T11:23:26","date_gmt":"2019-01-05T10:23:26","guid":{"rendered":"https:\/\/www.topohvar.at\/?page_id=15328"},"modified":"2021-11-30T15:42:03","modified_gmt":"2021-11-30T14:42:03","slug":"hv-tg-59-1","status":"publish","type":"page","link":"https:\/\/www.topohvar.at\/topo\/orte\/hv\/hv-tg-59-1\/","title":{"rendered":"HVAR &#8211; Ku\u0107a \u00bbMatij Lukani\u0107\u00ab"},"content":{"rendered":"<p><a name=\"seite_oben\"><\/a><br \/>\n<img loading=\"lazy\" decoding=\"async\" class=\"alignnone wp-image-15173 size-large\" src=\"https:\/\/www.topohvar.at\/wp-content\/uploads\/2019\/01\/hv-tg-59-1-1024x503.jpg\" alt=\"\" width=\"640\" height=\"314\" srcset=\"https:\/\/www.topohvar.at\/wp-content\/uploads\/2019\/01\/hv-tg-59-1-1024x503.jpg 1024w, https:\/\/www.topohvar.at\/wp-content\/uploads\/2019\/01\/hv-tg-59-1-300x147.jpg 300w, https:\/\/www.topohvar.at\/wp-content\/uploads\/2019\/01\/hv-tg-59-1-768x377.jpg 768w, https:\/\/www.topohvar.at\/wp-content\/uploads\/2019\/01\/hv-tg-59-1.jpg 1080w\" sizes=\"auto, (max-width: 640px) 100vw, 640px\" \/><\/p>\n<p><strong>Ime \/ Name<br \/>\n<\/strong>Ku\u0107a \u00bbMatij Lukani\u0107 (Uz crkvu Gospe Anuncijate)\u00ab \/ Haus Matij Lukani\u0107 (neben der Kirche Maria Verk\u00fcndigung)<\/p>\n<p><strong>Code: <\/strong>HV-TG-59\u00a0 \u00a0 \u00a0 \u00a0 \u00a0 \u00a0 \u00a0 \u00a0 \u00a0 \u00a0 \u00a0 \u00a0 \u00a0 \u00a0 \u00a0 \u00a0 \u00a0 \u00a0\u00a0<a href=\"https:\/\/www.topohvar.at\/hv-tg-63-1\/\"><img loading=\"lazy\" decoding=\"async\" class=\"alignnone wp-image-12300 size-full\" src=\"https:\/\/www.topohvar.at\/wp-content\/uploads\/2018\/09\/push-vor-30.jpg\" alt=\"\" width=\"61\" height=\"30\" \/><\/a>\u00a0<strong><a href=\"https:\/\/www.topohvar.at\/orte\/hv\/hv-tg-49-1\/\"><img loading=\"lazy\" decoding=\"async\" class=\"alignnone wp-image-533 size-full\" src=\"https:\/\/www.topohvar.at\/wp-content\/uploads\/2018\/07\/push-l-30.jpg\" alt=\"\" width=\"61\" height=\"30\" \/><\/a> <a href=\"https:\/\/www.topohvar.at\/orte\/hv\/\"><img loading=\"lazy\" decoding=\"async\" class=\"alignnone wp-image-535 size-full\" src=\"https:\/\/www.topohvar.at\/wp-content\/uploads\/2018\/07\/push-o-30.jpg\" alt=\"\" width=\"61\" height=\"30\" \/><\/a> <a href=\"https:\/\/www.topohvar.at\/orte\/hv\/hv-tg-39-1\/\"><img loading=\"lazy\" decoding=\"async\" class=\"alignnone wp-image-536 size-full\" src=\"https:\/\/www.topohvar.at\/wp-content\/uploads\/2018\/07\/push-r-30.jpg\" alt=\"\" width=\"61\" height=\"30\" \/><\/a>\u00a0<a href=\"https:\/\/www.topohvar.at\/hv-tg-80-1\/\"><img loading=\"lazy\" decoding=\"async\" class=\"alignnone wp-image-12299 size-full\" src=\"https:\/\/www.topohvar.at\/wp-content\/uploads\/2018\/09\/push-next-30.jpg\" alt=\"\" width=\"61\" height=\"30\" \/><\/a><\/strong><\/p>\n<hr \/>\n<p><strong>Adresa \/ Adresse<br \/>\n<\/strong>Grad Hvar, Ulica Kroz Burak 23\/25<\/p>\n<p><strong>Lokacija \/ Position<a href=\"https:\/\/goo.gl\/maps\/DCBBLFdrm3CmDpT18\"><img loading=\"lazy\" decoding=\"async\" class=\"alignright wp-image-17744\" src=\"https:\/\/www.topohvar.at\/wp-content\/uploads\/2019\/01\/0370.jpg\" alt=\"\" width=\"134\" height=\"100\" \/><\/a><br \/>\n<\/strong><span style=\"color: #3366ff;\"><a style=\"color: #3366ff;\" href=\"https:\/\/goo.gl\/maps\/DCBBLFdrm3CmDpT18\">Latitude: N 43,17161\u00b0\u00a0 \u00a0Longitude: E 16,44173\u00b0<\/a> <\/span><strong><br \/>\n<\/strong>Visina \/ H\u00f6he: 12 m<\/p>\n<p><strong>Katastarska \u010destica <\/strong><strong>\/ Grundst\u00fccke<br \/>\n<\/strong>*301<div class='content-column one_half'><div style=\"padding-right:6px;\"><p><strong>Datum snimanja \/ Erfassungsdatum<br \/>\n<\/strong>17.02.2015 10:59:04<\/p>\n<hr \/>\n<p><strong>Informacije<\/strong><\/p>\n<p>Goti\u010dka dvokatnica izgra\u0111ena u 15. stolje\u0107u u Burgu do crkve Gospe Anuncijate. Uskog i izdu\u017eenog pravokutnog tlocrta zaklju\u010dena je dvovodnim krovom. Isti\u010de se rijetko sa\u010duvanim \u201csularom\u201d na glavnom pro\u010delju. Povezana je s pu\u010dkom ustankom 1510. godine i prvim vo\u0111om ustanka Matijom Lukani\u0107em. Kanonik Matij Lukani\u0107 izgradio je ku\u0107u (danas\u00a0 ku\u0107ua Varda) ju\u017eno od crkve 1497. godine, otprilike u isto vrijeme kao fasada crkve.<\/p><\/div><\/div><div class='content-column one_half last_column'><div style=\"padding-right:0px;padding-left:6px;\"><p><strong>Stupanj za\u0161tite<\/strong><strong> \/ Schutzstellung<br \/>\n<\/strong>Z-6673, RST 623-1971<strong><br \/>\n<\/strong><\/p>\n<hr \/>\n<p><strong>Info<\/strong><\/p>\n<p>Das gotische zweist\u00f6ckige Haus aus dem 15. Jahrhundert steht in Burak neben der Kirche Unserer Lieben Frau von der Verk\u00fcndigung. Der schmale und langgestreckte rechteckige Bau ist mit einem Satteldach versehen. Es zeichnet sich durch die selten erhaltene &#8222;Sulara&#8220; an der Hauptfassade aus. Das Geb\u00e4ude ist mit dem Volksaufstand von 1510 und dem ersten F\u00fchrer des Aufstandes Matija Lukani\u0107 verbunden. Der Kanoniker Matij Lukani\u0107 errichtete das Haus (heute Haus Varda) im Jahr 1497, etwa zeitgleich mit der Fassade der Kirche.<\/p><\/div><\/div><div class='clear_column'><\/div><div class='content-column one_half'><div style=\"padding-right:6px;\"><p>U unutra\u0161njosti ku\u0107e na prvom katu je ugra\u0111eno pilo goti\u010dkog oblikovanja. Pilo je ugra\u0111eno u ju\u017eni zid ku\u0107e.<\/p><\/div><\/div><div class='content-column one_half last_column'><div style=\"padding-right:0px;padding-left:6px;\"><p>Im ersten Stock des Hauses befindet sich in der S\u00fcdwand ein gotisches Wasserbecken.<\/p><\/div><\/div><div class='clear_column'><\/div><div class='content-column one_half'><div style=\"padding-right:6px;\"><p>Registar kulturnih dobara Republike Hrvatske br. 01\/2016. Datum tiskanog izdanja: 10.2.2016. Broj registra Z-6673<\/p><\/div><\/div><div class='content-column one_half last_column'><div style=\"padding-right:0px;padding-left:6px;\"><p>Register der Kulturg\u00fcter der Republik Kroatien Nr. 01\/2016, Ver\u00f6ffentlichungsdatum: 10.2.2016. Registriernummer Z-6673<\/p><\/div><\/div><div class='clear_column'><\/div><\/p>\n<hr \/>\n<div class='content-column one_half'><div style=\"padding-right:6px;\"><p>Kanonik Lukani\u0107 bija\u0161e u osvitu hvarskoga pu\u010dkog ustanka jedan od glavnih vo\u0111a urotnika protiv plemi\u0107ke vlasti (dapa\u010de, kazuju izvori, bio je &#8222;mozak&#8220; \u010ditavog pokreta), a ova njegova ku\u0107a uz Anuncijatu jedan od dvaju \u201esto\u017eera&#8220; buntovnika (drugi je, ili prvi, bio u ku\u0107i Mari\u010di\u0107-Vodopija \/ Bevilakva, sjeveroisto\u010dno iza Anuncijate, sada vl. nasljednika Kova\u010devi\u0107-\u201ePuja&#8220;).<\/p><\/div><\/div><div class='content-column one_half last_column'><div style=\"padding-right:0px;padding-left:6px;\"><p>Der Kanoniker Lukani\u0107 war w\u00e4hrend des Volksaufstandes vo Hvar einer der wichtigsten F\u00fchrer der Verschw\u00f6rer gegen die aristokratische Regierung (in der Tat zeigen Quellen dass er das \u201eGehirn\u201c der gesamten Bewegung war), und sein Haus neben der Kirche Anuncijata war eines der zwei \u201eHauptquartier\u201c der Rebellen (das zweite, oder erste, war im Hause Maricic-Vodopija \/ Bevilaqua, im Nordosten hinter der Kirche, jetzt im Besitz der Nachfolger der Kova\u010devi\u0107- \u201ePuja\u201c.).<\/p><\/div><\/div><div class='clear_column'><\/div><\/p>\n<p style=\"text-align: right;\"><span style=\"color: #3366ff;\"><a style=\"color: #3366ff;\" href=\"#seite_oben\">natrag na vrh \/ Seitenanfang<\/a><\/span><\/p>\n<hr \/>\n<p><strong>Linkovi \/ Links<\/strong><\/p>\n<p><span style=\"color: #3366ff;\"><a style=\"color: #3366ff;\" href=\"https:\/\/www.topohvar.at\/orte\/hv\/hv-ci-03-1\/\">Crkva \u00bbGospa Anuncijata\u00ab \/ Kirche Maria Verk\u00fcndigung<\/a><\/span><\/p>\n","protected":false},"excerpt":{"rendered":"<p>Ime \/ Name Ku\u0107a \u00bbMatij Lukani\u0107 (Uz crkvu Gospe Anuncijate)\u00ab \/ Haus Matij Lukani\u0107 (neben der Kirche Maria Verk\u00fcndigung) Code: HV-TG-59\u00a0 \u00a0 \u00a0 \u00a0 \u00a0 \u00a0 \u00a0 \u00a0 \u00a0 \u00a0 \u00a0 \u00a0 \u00a0 \u00a0 \u00a0 \u00a0 \u00a0 \u00a0\u00a0\u00a0 \u00a0 Adresa &hellip; <a href=\"https:\/\/www.topohvar.at\/topo\/orte\/hv\/hv-tg-59-1\/\">Weiterlesen <span class=\"meta-nav\">&rarr;<\/span><\/a><\/p>\n","protected":false},"author":1,"featured_media":0,"parent":80,"menu_order":0,"comment_status":"closed","ping_status":"closed","template":"","meta":{"footnotes":""},"class_list":["post-15328","page","type-page","status-publish","hentry"],"_links":{"self":[{"href":"https:\/\/www.topohvar.at\/topo\/wp-json\/wp\/v2\/pages\/15328","targetHints":{"allow":["GET"]}}],"collection":[{"href":"https:\/\/www.topohvar.at\/topo\/wp-json\/wp\/v2\/pages"}],"about":[{"href":"https:\/\/www.topohvar.at\/topo\/wp-json\/wp\/v2\/types\/page"}],"author":[{"embeddable":true,"href":"https:\/\/www.topohvar.at\/topo\/wp-json\/wp\/v2\/users\/1"}],"replies":[{"embeddable":true,"href":"https:\/\/www.topohvar.at\/topo\/wp-json\/wp\/v2\/comments?post=15328"}],"version-history":[{"count":16,"href":"https:\/\/www.topohvar.at\/topo\/wp-json\/wp\/v2\/pages\/15328\/revisions"}],"predecessor-version":[{"id":53787,"href":"https:\/\/www.topohvar.at\/topo\/wp-json\/wp\/v2\/pages\/15328\/revisions\/53787"}],"up":[{"embeddable":true,"href":"https:\/\/www.topohvar.at\/topo\/wp-json\/wp\/v2\/pages\/80"}],"wp:attachment":[{"href":"https:\/\/www.topohvar.at\/topo\/wp-json\/wp\/v2\/media?parent=15328"}],"curies":[{"name":"wp","href":"https:\/\/api.w.org\/{rel}","templated":true}]}}