{"id":15413,"date":"2019-01-05T12:27:33","date_gmt":"2019-01-05T11:27:33","guid":{"rendered":"https:\/\/www.topohvar.at\/?page_id=15413"},"modified":"2025-04-14T08:56:32","modified_gmt":"2025-04-14T06:56:32","slug":"hv-tg-41-1","status":"publish","type":"page","link":"https:\/\/www.topohvar.at\/topo\/orte\/hv\/hv-tg-41-1\/","title":{"rendered":"HVAR &#8211; Pala\u010da \u00bbRado\u0161evi\u0107 (Vuka\u0161inovi\u0107-Dojmi)\u00ab (pu\u010dki Adis Abeba)"},"content":{"rendered":"<p><a name=\"seite_oben\"><\/a><br \/>\n<img loading=\"lazy\" decoding=\"async\" class=\"alignnone wp-image-15155 size-large\" src=\"https:\/\/www.topohvar.at\/wp-content\/uploads\/2019\/01\/HV-TG-41-1-1024x503.jpg\" alt=\"\" width=\"640\" height=\"314\" srcset=\"https:\/\/www.topohvar.at\/wp-content\/uploads\/2019\/01\/HV-TG-41-1-1024x503.jpg 1024w, https:\/\/www.topohvar.at\/wp-content\/uploads\/2019\/01\/HV-TG-41-1-300x147.jpg 300w, https:\/\/www.topohvar.at\/wp-content\/uploads\/2019\/01\/HV-TG-41-1-768x377.jpg 768w, https:\/\/www.topohvar.at\/wp-content\/uploads\/2019\/01\/HV-TG-41-1.jpg 1080w\" sizes=\"auto, (max-width: 640px) 100vw, 640px\" \/><\/p>\n<p><strong>Ime \/ Name<br \/>\n<\/strong>Pala\u010da \u00bbRado\u0161evi\u0107 (Vuka\u0161inovi\u0107-Dojmi)\u00ab (pu\u010dki Adis Abeba) \/ Palast Rado\u0161evi\u0107 (Vuka\u0161inovi\u0107-Dojmi) im Volksmund Adis Abeba<\/p>\n<p><strong>Code: <\/strong>HV-TG-41\u00a0 \u00a0 \u00a0 \u00a0 \u00a0 \u00a0 \u00a0 \u00a0 \u00a0 \u00a0 \u00a0 \u00a0 \u00a0 \u00a0 \u00a0 \u00a0 \u00a0 \u00a0\u00a0<a href=\"https:\/\/www.topohvar.at\/hv-tg-63-1\/\"><img loading=\"lazy\" decoding=\"async\" class=\"alignnone wp-image-12300 size-full\" src=\"https:\/\/www.topohvar.at\/wp-content\/uploads\/2018\/09\/push-vor-30.jpg\" alt=\"\" width=\"61\" height=\"30\" \/><\/a>\u00a0<strong><a href=\"https:\/\/www.topohvar.at\/orte\/hv\/hv-tg-61-1\/\"><img loading=\"lazy\" decoding=\"async\" class=\"alignnone wp-image-533 size-full\" src=\"https:\/\/www.topohvar.at\/wp-content\/uploads\/2018\/07\/push-l-30.jpg\" alt=\"\" width=\"61\" height=\"30\" \/><\/a> <a href=\"https:\/\/www.topohvar.at\/orte\/hv\/\"><img loading=\"lazy\" decoding=\"async\" class=\"alignnone wp-image-535 size-full\" src=\"https:\/\/www.topohvar.at\/wp-content\/uploads\/2018\/07\/push-o-30.jpg\" alt=\"\" width=\"61\" height=\"30\" \/><\/a> <a href=\"https:\/\/www.topohvar.at\/orte\/hv\/hv-tg-58-1\/\"><img loading=\"lazy\" decoding=\"async\" class=\"alignnone wp-image-536 size-full\" src=\"https:\/\/www.topohvar.at\/wp-content\/uploads\/2018\/07\/push-r-30.jpg\" alt=\"\" width=\"61\" height=\"30\" \/><\/a>\u00a0<a href=\"https:\/\/www.topohvar.at\/hv-tg-80-1\/\"><img loading=\"lazy\" decoding=\"async\" class=\"alignnone wp-image-12299 size-full\" src=\"https:\/\/www.topohvar.at\/wp-content\/uploads\/2018\/09\/push-next-30.jpg\" alt=\"\" width=\"61\" height=\"30\" \/><\/a><\/strong><\/p>\n<hr \/>\n<p><strong>Adresa \/ Adresse<br \/>\n<\/strong>Grad Hvar,\u00a0Ulica Vicka Butorovi\u0107a 2, pala\u010da Rado\u0161evi\u0107<\/p>\n<p><strong>Lokacija<\/strong><strong> \/ Position<a href=\"https:\/\/goo.gl\/maps\/BfvYWjAMkd5NwobG6\"><img loading=\"lazy\" decoding=\"async\" class=\"alignright wp-image-16790\" src=\"https:\/\/www.topohvar.at\/wp-content\/uploads\/2019\/01\/0351.jpg\" alt=\"\" width=\"134\" height=\"100\" \/><\/a><br \/>\n<\/strong><span style=\"color: #3366ff;\"><a style=\"color: #3366ff;\" href=\"https:\/\/goo.gl\/maps\/BfvYWjAMkd5NwobG6\">Latitude: N 43,17177\u00b0\u00a0 \u00a0Longitude: E 16,44220\u00b0<\/a> <\/span><strong><br \/>\n<\/strong>Visina \/ H\u00f6he: 8 m<\/p>\n<p><strong>Katastarska <\/strong><strong>\u010d<\/strong><strong>estica <\/strong><strong>\/ Grundst\u00fccke<br \/>\n<\/strong>*310, *311, 393<div class='content-column one_half'><div style=\"padding-right:6px;\"><p><strong>Datum snimanja \/ Erfassungsdatum<br \/>\n<\/strong>13.02.2015 11:17:55<\/p>\n<hr \/>\n<p><strong>Informacije<\/strong><\/p>\n<p>Najmonumentalnija hvarska ku\u0107e iz druge polovice 17 st. jest barokna pala\u010da Doimi, sagra\u0111ena na padini Burka iznad Pjace, odakle su pogled na nju otele novogradnje iz 19 stolje\u0107a. Podignuta je na mjestu starijih ku\u0107a kojih su pro\u010delja s plo\u0161nim goti\u010dkim otvorima jelomi\u010dno uklju\u010dena u njene zidove.\u00a0U za\u010delju pala\u010de organizirane u U-tlocrtu je prostrano dvori\u0161te\u00a0okru\u017eeno lijepom lo\u017eom na katu.<\/p><\/div><\/div><div class='content-column one_half last_column'><div style=\"padding-right:0px;padding-left:6px;\"><p><strong>Stupanj za\u0161tite<\/strong><strong> \/ Schutzstellung<br \/>\n<\/strong>Z-5144, RST 15?<\/p>\n<hr \/>\n<p><strong>Info<\/strong><\/p>\n<p>Das monumentalste Hvarer Haus aus der zweiten H\u00e4lfte des 17. Jahrhunderts ist der barocke Palast Doimi. Er wurde auf dem Hang gegen Burak oberhalb der Piazza gebaut, und wird durch neuere Geb\u00e4ude aus dem 19. Jahrhundert verdeckt. Er wurde an der Stelle von \u00e4lteren H\u00e4usern errichtet, deren Fassaden mit flachen gotischen \u00d6ffnungen in seinen W\u00e4nden erhalten blieben.\u00a0\u00a0Im hinteren Teil des Palastes, der im U-Grundriss angeordnet ist, befindet sich ein ger\u00e4umiger Innenhof ,umgeben von einer sch\u00f6nen Galerie im ersten Stock.<\/p><\/div><\/div><div class='clear_column'><\/div><div class='content-column one_half'><div style=\"padding-right:6px;\"><p>Reprezentativno sjeverno pro\u010delje krasi niz baroknih otvori, plitki, sedam skoro neupotrebljivi balkoni i terasom nad ulicom. Elementi ladanjske isto\u010dnojadranske stambene arhitekture baroknog razdoblja su terase s odrinom na kamenim stupi\u0107ima.<\/p><\/div><\/div><div class='content-column one_half last_column'><div style=\"padding-right:0px;padding-left:6px;\"><p>Die repr\u00e4sentative Nordfassade schm\u00fcckt eine Reihe barocker \u00d6ffnungen mit sieben schmalen, fast unbrauchbaren Balkonen und Terrassen mit Blick auf die Stra\u00dfe. Diese Balkone mit ihren Br\u00fcstungen und steinernen Kragbalken sind Elemente l\u00e4ndlicher ostadriatischer Wohnarchitektur des Barock.<\/p><\/div><\/div><div class='clear_column'><\/div><div class='content-column one_half'><div style=\"padding-right:6px;\"><p>Na sjeveroisto\u010dnom uglu je terasa, naslonjena na vrtni da se omogu\u0107i prolaz ulicom. I ona i prostran vrt pred ku\u0107om imaju stupove odrine, a \u010detvrtasti prozori prizemlja sa\u010duvali su lijepe kovane re\u0161etke-gitere.<\/p><\/div><\/div><div class='content-column one_half last_column'><div style=\"padding-right:0px;padding-left:6px;\"><p>In der nord\u00f6stlichen Ecke befindet sich eine Terrasse, die zum Garten f\u00fchrt und einen Durchgang der Stra\u00dfe erm\u00f6glicht. Auf ihr und im gro\u00dfen Garten vor dem Haus stehen S\u00e4ulen. Die gro\u00dfen rechteckigen Fenster des Erdgeschosses haben sch\u00f6ne schmiedeeiserne Gitter.<\/p><\/div><\/div><div class='clear_column'><\/div><div class='content-column one_half'><div style=\"padding-right:6px;\"><p>Radovi na popravku pala\u010d e Rado\u0161evi\u0107 otvorili su vrata njena ju\u017enog dvori\u0161ta i tako prolaznicima pogled na zanimljivu gustirnu.<\/p><\/div><\/div><div class='content-column one_half last_column'><div style=\"padding-right:0px;padding-left:6px;\"><p>Im Zuge der Restaurierung des Palastes Rado\u0161evi\u0107 konnte man durch die offene T\u00fcre seines s\u00fcdlichen Hofes einen Blick auf eine interessante Zisterne werfen.<\/p><\/div><\/div><div class='clear_column'><\/div><div class='content-column one_half'><div style=\"padding-right:6px;\"><p>Danas je gradska knji\u017enica smje\u0161tena u zgradi.<\/p><\/div><\/div><div class='content-column one_half last_column'><div style=\"padding-right:0px;padding-left:6px;\"><p>Heute ist in dem Geb\u00e4ude die st\u00e4dtische B\u00fccherei untergebracht.<\/p><\/div><\/div><div class='clear_column'><\/div><div class='content-column one_half'><div style=\"padding-right:6px;\"><p>Registar kulturnih dobara Republike Hrvatske br. 01\/2011. Datum tiskanog izdanja: 04. 08. 2011. Broj registra Z-5144<\/p><\/div><\/div><div class='content-column one_half last_column'><div style=\"padding-right:0px;padding-left:6px;\"><p>Register der Kulturg\u00fcter der Republik Kroatien Nr. 01\/2011. Ver\u00f6ffentlichungsdatum: 04. 08. 2011. Registriernummer Z-5144<\/p><\/div><\/div><div class='clear_column'><\/div><\/p>\n<p style=\"text-align: right;\"><span style=\"color: #3366ff;\"><a style=\"color: #3366ff;\" href=\"#seite_oben\">natrag na vrh \/ Seitenanfang<\/a><\/span><\/p>\n<hr \/>\n<div class='content-column one_half'><div style=\"padding-right:6px;\"><p>Hvarani ovu zgradu jo\u0161 od prije rata originalno zovu \u201eAdis Abeba\u201c, a u literaturu se uvukao dvostruko pogre\u0161ni naziv pala\u010de po Vuka\u0161inovi\u0107ima. Me\u0111utim, grb iznad terase s napravljenim lavom ma\u010donoscem pokazuje da ja podizatelj bila obitelj Rado\u0161evi\u0107-Radossio, mo\u017eda njen istaknuti \u010dlan Franjo, izaslanik puka 1668., koji je umro oko 1688.<\/p><\/div><\/div><div class='content-column one_half last_column'><div style=\"padding-right:0px;padding-left:6px;\"><p>Die Bewohner von Hvar haben dieses Geb\u00e4ude nach dem ersten Weltkrieg \u201eAddis Abeba\u201c genannt. Auch der falsche Name Vuka\u0161inovi\u0107 schien in der Literatur auf. Allerdings zeigt das Wappen \u00fcber der Terrasse, ein L\u00f6wen mit Schwert, dass der Bauherr die Familie Radosevic-Radossio war, vielleicht ihr prominentes Mitglied Franjo, der Gesandter des Volkes im Jahr 1668 war und um 1688 starb.<\/p><\/div><\/div><div class='clear_column'><\/div><div class='content-column one_half'><div style=\"padding-right:6px;\"><p>Njegova se obitelj uzalud borila\u00a0da bude primljena u hvarsku vlastelu. On je podigao sli\u010dnu pala\u010du i u Visu a obje je preko Lupijevih (koji nemaju veze s Vuka\u0161inovi\u0107ima) ba\u0161tinila obitelj Doimi, izvorno Dujmovi\u0107, kasnije zvana i Dojmi-de Lupis.<\/p><\/div><\/div><div class='content-column one_half last_column'><div style=\"padding-right:0px;padding-left:6px;\"><p>Seine Familie k\u00e4mpfte vergeblich in den Hvarer Adel aufgenommen zu werden. Er baute einen \u00e4hnlichen Palast in Vis. Beide wurden \u00fcber die Lupij (die nichts mit der Familie Vuka\u0161inovi\u0107 zu tun hatten) von der Familie Doimi, urspr\u00fcnglich Dujmovic, sp\u00e4ter genannt und Dojmi-de Lupis geerbt.<\/p><\/div><\/div><div class='clear_column'><\/div><\/p>\n<p><img loading=\"lazy\" decoding=\"async\" class=\"aligncenter size-full wp-image-61826\" src=\"https:\/\/www.topohvar.at\/wp-content\/uploads\/2022\/11\/hv-tg-41-11.jpg\" alt=\"\" width=\"1080\" height=\"530\" srcset=\"https:\/\/www.topohvar.at\/wp-content\/uploads\/2022\/11\/hv-tg-41-11.jpg 1080w, https:\/\/www.topohvar.at\/wp-content\/uploads\/2022\/11\/hv-tg-41-11-300x147.jpg 300w, https:\/\/www.topohvar.at\/wp-content\/uploads\/2022\/11\/hv-tg-41-11-1024x503.jpg 1024w, https:\/\/www.topohvar.at\/wp-content\/uploads\/2022\/11\/hv-tg-41-11-768x377.jpg 768w\" sizes=\"auto, (max-width: 1080px) 100vw, 1080px\" \/><\/p>\n<p style=\"text-align: right;\"><span style=\"color: #3366ff;\"><a style=\"color: #3366ff;\" href=\"#seite_oben\">natrag na vrh \/ Seitenanfang<\/a><\/span><\/p>\n<hr \/>\n<div class='content-column one_half'><div style=\"padding-right:6px;\"><p>Nakon analiza nekoliko alternativnih lokacija, Gradsko vije\u0107e Grada Hvara donijelo je 2020. god. odluku da vrt ispred pala\u010de Rado\u0161evi\u0107, u kojoj je danas smje\u0161tena Gradska knji\u017enica i \u010ditaonica, bude mjesto gradnje nove knji\u017enice.<\/p><\/div><\/div><div class='content-column one_half last_column'><div style=\"padding-right:0px;padding-left:6px;\"><p>Nach der Analyse mehrerer alternativer Standorte verabschiedete der Stadtrat der Stadt Hvar im Jahr 2020. die Entscheidung, dass im Garten vor dem Rado\u0161evi\u0107-Palast, in dem sich heute die Stadtbibliothek und der Lesesaal befinden, eine neue Bibliothek entstehen soll.<\/p><\/div><\/div><div class='clear_column'><\/div><div class='content-column one_half'><div style=\"padding-right:6px;\"><p>Prije izgradnje nove knji\u017enice, 2020. godine provedena su arheolo\u0161ka probna istra\u017eivanja u vrtu pala\u010de Rado\u0161evi\u0107. Tom prilikom otkrivena je zna\u010dajna kasnoanti\u010dka nekropola iz druge polovice 4. stolje\u0107a i po\u010detne\/prve polovice 5. stolje\u0107a.<\/p><\/div><\/div><div class='content-column one_half last_column'><div style=\"padding-right:0px;padding-left:6px;\"><p>Vor dem Bau der neuen Bibliothek wurden im Jahre 2020 arch\u00e4ologische Probeuntersuchung im Garten des Rado\u0161evi\u0107-Palastes durchgef\u00fchrt. Dabei wurde eine bedeutende sp\u00e4tantike Nekropole aus der zweiten H\u00e4lfte des 4. und der beginnenden\/ersten H\u00e4lfte des 5. Jahrhunderts gefunden.<\/p><\/div><\/div><div class='clear_column'><\/div><div class='content-column one_half'><div style=\"padding-right:6px;\"><p>Detaljnije o tome pod &#8222;Povijesno nalazi\u0161te Rado\u0161evi\u0107&#8220;.<\/p><\/div><\/div><div class='content-column one_half last_column'><div style=\"padding-right:0px;padding-left:6px;\"><p>N\u00e4heres dazu unter &#8222;Historische St\u00e4tte Rado\u0161evi\u0107&#8220;.<\/p><\/div><\/div><div class='clear_column'><\/div><\/p>\n<p style=\"text-align: right;\"><span style=\"color: #3366ff;\"><a style=\"color: #3366ff;\" href=\"#seite_oben\">natrag na vrh \/ Seitenanfang<\/a><\/span><\/p>\n<hr \/>\n<p><strong>Linkovi \/ Links<\/strong><\/p>\n<p><span style=\"color: #3366ff;\"><a style=\"color: #3366ff;\" href=\"https:\/\/www.topohvar.at\/orte\/hv\/hv-ig-16-1\/\">Grb \u00bbObitelj Rado\u0161evi\u0107a\u00ab \/ Wappen der Familie\u00a0Rado\u0161evi\u0107<\/a><\/span><br \/>\n<span style=\"color: #3366ff;\"><a style=\"color: #3366ff;\" href=\"https:\/\/www.topohvar.at\/topo\/orte\/hv\/hv-op-00-0\/#op-07\">Objekt \u00bbGustirna u pala\u010de Rado\u0161evi\u0107\u00ab \/\u00a0Zisterne im Palast Rado\u0161evi\u0107<\/a><br \/>\n<a style=\"color: #3366ff;\" href=\"http:\/\/www.hvar.hr\/portal\/wp-content\/uploads\/Projekt-nove-gradske-knjiznice-u-vrtu-Palace-Radosevic-Idejno-rjesenje.pdf\">Projekt nove knji\u017enice \/ Projekt &#8211; neue Bibliothek<\/a><br \/>\n<a style=\"color: #3366ff;\" href=\"https:\/\/www.topohvar.at\/topo\/orte\/hv\/hv-po-04-1\/\">Povijesni lokalitet \u00bbnekrapola Rado\u0161evi\u0107\u00ab \/ Historische St\u00e4tte \u00bbNekrapole Rado\u0161evi\u0107\u00ab<\/a><br \/>\n<\/span><\/p>\n","protected":false},"excerpt":{"rendered":"<p>Ime \/ Name Pala\u010da \u00bbRado\u0161evi\u0107 (Vuka\u0161inovi\u0107-Dojmi)\u00ab (pu\u010dki Adis Abeba) \/ Palast Rado\u0161evi\u0107 (Vuka\u0161inovi\u0107-Dojmi) im Volksmund Adis Abeba Code: HV-TG-41\u00a0 \u00a0 \u00a0 \u00a0 \u00a0 \u00a0 \u00a0 \u00a0 \u00a0 \u00a0 \u00a0 \u00a0 \u00a0 \u00a0 \u00a0 \u00a0 \u00a0 \u00a0\u00a0\u00a0 \u00a0 Adresa \/ Adresse &hellip; <a href=\"https:\/\/www.topohvar.at\/topo\/orte\/hv\/hv-tg-41-1\/\">Weiterlesen <span class=\"meta-nav\">&rarr;<\/span><\/a><\/p>\n","protected":false},"author":1,"featured_media":0,"parent":80,"menu_order":0,"comment_status":"closed","ping_status":"closed","template":"","meta":{"footnotes":""},"class_list":["post-15413","page","type-page","status-publish","hentry"],"_links":{"self":[{"href":"https:\/\/www.topohvar.at\/topo\/wp-json\/wp\/v2\/pages\/15413","targetHints":{"allow":["GET"]}}],"collection":[{"href":"https:\/\/www.topohvar.at\/topo\/wp-json\/wp\/v2\/pages"}],"about":[{"href":"https:\/\/www.topohvar.at\/topo\/wp-json\/wp\/v2\/types\/page"}],"author":[{"embeddable":true,"href":"https:\/\/www.topohvar.at\/topo\/wp-json\/wp\/v2\/users\/1"}],"replies":[{"embeddable":true,"href":"https:\/\/www.topohvar.at\/topo\/wp-json\/wp\/v2\/comments?post=15413"}],"version-history":[{"count":25,"href":"https:\/\/www.topohvar.at\/topo\/wp-json\/wp\/v2\/pages\/15413\/revisions"}],"predecessor-version":[{"id":71455,"href":"https:\/\/www.topohvar.at\/topo\/wp-json\/wp\/v2\/pages\/15413\/revisions\/71455"}],"up":[{"embeddable":true,"href":"https:\/\/www.topohvar.at\/topo\/wp-json\/wp\/v2\/pages\/80"}],"wp:attachment":[{"href":"https:\/\/www.topohvar.at\/topo\/wp-json\/wp\/v2\/media?parent=15413"}],"curies":[{"name":"wp","href":"https:\/\/api.w.org\/{rel}","templated":true}]}}