{"id":1565,"date":"2018-07-30T16:34:43","date_gmt":"2018-07-30T14:34:43","guid":{"rendered":"https:\/\/www.topohvar.at\/?page_id=1565"},"modified":"2020-03-19T06:56:55","modified_gmt":"2020-03-19T05:56:55","slug":"do-cs-01-2","status":"publish","type":"page","link":"https:\/\/www.topohvar.at\/topo\/orte\/do\/do-cs-01-2\/","title":{"rendered":"DOL &#8211; Kapelica \u00bbSpomenik jednoj od \u017ertava paljenja Dola\u00ab"},"content":{"rendered":"<p><img loading=\"lazy\" decoding=\"async\" class=\"alignnone wp-image-1537 size-large\" src=\"https:\/\/www.topohvar.at\/wp-content\/uploads\/2018\/07\/DO-CS-01-1-1024x503.jpg\" alt=\"\" width=\"640\" height=\"314\" \/><\/p>\n<p><strong>Ime \/ Name<br \/>\n<\/strong>Kapelica \u00bbSpomenik jednoj od \u017ertava paljenja Dola\u00ab \/ Denkmal eines Opfers des Brandes von Dol<\/p>\n<p><strong>Code: <\/strong>DO-CS-01\u00a0 \u00a0 \u00a0 \u00a0 \u00a0 \u00a0 \u00a0 \u00a0 \u00a0 \u00a0 \u00a0 \u00a0 \u00a0 \u00a0 \u00a0 \u00a0 \u00a0 \u00a0\u00a0<strong><a href=\"https:\/\/www.topohvar.at\/orte\/do\/do-cs-15-1\/\"><img loading=\"lazy\" decoding=\"async\" class=\"alignnone wp-image-533 size-full\" src=\"https:\/\/www.topohvar.at\/wp-content\/uploads\/2018\/07\/push-l-30.jpg\" alt=\"\" width=\"61\" height=\"30\" \/><\/a> <a href=\"https:\/\/www.topohvar.at\/orte\/do\/\"><img loading=\"lazy\" decoding=\"async\" class=\"alignnone wp-image-535 size-full\" src=\"https:\/\/www.topohvar.at\/wp-content\/uploads\/2018\/07\/push-o-30.jpg\" alt=\"\" width=\"61\" height=\"30\" \/><\/a> <a href=\"https:\/\/www.topohvar.at\/orte\/do\/do-cs-05-2\/\"><img loading=\"lazy\" decoding=\"async\" class=\"alignnone wp-image-536 size-full\" src=\"https:\/\/www.topohvar.at\/wp-content\/uploads\/2018\/07\/push-r-30.jpg\" alt=\"\" width=\"61\" height=\"30\" \/><\/a><\/strong><\/p>\n<hr \/>\n<p><strong>Adresa \/ Adresse<br \/>\n<\/strong>Dol &#8211; Sv. Ane, u\u00a0blizini raskri\u017eja za Dol &#8211; Sv. Ane<\/p>\n<p><strong>Lokalna polo\u017eaj \/ Position<a href=\"https:\/\/goo.gl\/maps\/PLvA5ARbdFRFYJvU9\"><img loading=\"lazy\" decoding=\"async\" class=\"alignright wp-image-1611\" src=\"https:\/\/www.topohvar.at\/wp-content\/uploads\/2018\/07\/0074.jpg\" alt=\"\" width=\"134\" height=\"100\" \/><\/a><br \/>\n<\/strong><span style=\"color: #3366ff;\"><a style=\"color: #3366ff;\" href=\"https:\/\/goo.gl\/maps\/PLvA5ARbdFRFYJvU9\">Latitude: N 43,17396\u00b0\u00a0 \u00a0Longitude: E 16,61900\u00b0<\/a> <\/span><strong><br \/>\n<\/strong>Visina \/ H\u00f6he: 60 m<\/p>\n<p><strong>Zemlji\u0161te \/ Grundst\u00fccke<br \/>\n<\/strong>2122\/2<div class='content-column one_half'><div style=\"padding-right:6px;\"><p><strong>Datum snimanja \/ Erfassungsdatum<br \/>\n<\/strong>22.05.2013 10:01:26<\/p>\n<hr \/>\n<p><strong>Informacije<\/strong><\/p>\n<p>Na putu od Starog Grada do Vrbanj, na predjelu Dol, nalazi se spomen-spomenik sa sljede\u0107im natpisom:<\/p><\/div><\/div><div class='content-column one_half last_column'><div style=\"padding-right:0px;padding-left:6px;\"><p><strong>Za\u0161titni polo\u017eaj \/ Schutzstellung<br \/>\n<\/strong>&#8211;<\/p>\n<hr \/>\n<p><strong>Info<\/strong><\/p>\n<p>An der Stra\u00dfe von Stari Grad nach Vrbanj, steht in der Gegend von Dol ein Gedenkstein mit folgender Inschrift:<\/p><\/div><\/div><div class='clear_column'><\/div><div class='content-column one_half'><div style=\"padding-right:6px;\"><p style=\"text-align: center;\">ZA VRIJEME PALJENJA<br \/>\nMJESTA DOLA<br \/>\nOKUPATOR STRELJA OVDE<br \/>\nNEVINU \u017dRTVU<br \/>\n<strong>MATU ROI\u0106 POK. LUKE<\/strong><br \/>\n* 28. IV. 1887<br \/>\n+ 3. I. 1943<br \/>\nIZ LJUBAVI PODI\u017dU<br \/>\nRASTU\u017dENA DJECA<br \/>\n<strong>LUKA, FABIJAN, I KATICA<\/strong><\/p><\/div><\/div><div class='content-column one_half last_column'><div style=\"padding-right:0px;padding-left:6px;\"><p style=\"text-align: center;\">W\u00e4hrend der Ort<br \/>\nDol in Brand gesteckt wurde<br \/>\nschossen die Besatzer<br \/>\nhier auf unschuldige Opfer<br \/>\n<strong>Matu Roi\u0107 pok. Luke<\/strong><br \/>\ngeboren am 28. April 1887<br \/>\ngestorben am 3. J\u00e4nner 1943<br \/>\nAus Liebe errichtet<br \/>\nvon den betr\u00fcbten Kindern<br \/>\n<strong>Luka, Fabijan und Katica<\/strong><\/p><\/div><\/div><div class='clear_column'><\/div><\/p>\n<hr \/>\n<div class='content-column one_half'><div style=\"padding-right:6px;\"><p><strong>Paljenje Dola<br \/>\n<\/strong>Autor: Ivica Mo\u0161katelo, prof. (Tartajun)<\/p>\n<p>Nedjelja, 3. sie\u010dnja 1943 g. Danas je Dol zadesila nezapam\u0107ena tragedija. Ova ni\u017ee opisana nesre\u0107a nije nikada bila u Dolu, a za nadati se da i u budu\u0107e ovakvog ne\u0161to sli\u010dno ne\u0107e nigda Dol zapamtiti. Doga\u0111aj se zbio ovako:<\/p><\/div><\/div><div class='content-column one_half last_column'><div style=\"padding-right:0px;padding-left:6px;\"><p><strong>Brand in Dol<br \/>\n<\/strong>Autor: Prof. Ivica Mo\u0161katelo (Tartajun)<\/p>\n<p>Sonntag, 3. J\u00e4nner 1943. Heute geschah in Dol eine unvergessliche Trag\u00f6die. Dieser Vorfall, der nachstehend beschrieben wird, geschah in Dol, und es ist zu hoffen, dass sich so etwas in der Zukunft in Dol nicht mehr ereignen wird. Das Ereignis passierte so:<\/p><\/div><\/div><div class='clear_column'><\/div><div class='content-column one_half'><div style=\"padding-right:6px;\"><p>Oko 5 sati ujutro dok su ljudi bezbri\u017eno spavali, najednom ih iz sna trgne velika galama ljudskih glasova i buka automobila, te pu\u0161karanje iz raznog oru\u017eja. Bila je to talijanska ka\u017enjena ekspedicija, koja je odmah po\u010dela s plja\u010dkom i paljenjem ku\u0107a. Vojska se podijelila u vi\u0161e grupa. Jedni su plja\u010dkali, drugi palili a pok tre\u0107i \u010duvali\u00a0 stra\u017eu zaokru\u017eiv\u0161i cielu stranu sv. Ane. Najprije bi zapaljena ku\u0107a Andrije Posinkovi\u0107a pok. Luke i mjesna \u010ditaonica strane sv. Ana. Vidjev\u0161i ljudi \u0161to se doga\u0111a, uslied velikog straha po\u010de\u0161e bje\u017eati iz sela prema \u0161umi. Talijanska vojska misle\u0107i da su to oni\u00a0 zbog kojih su do\u0161li tj.\u201c partizani\u201c otvore na njih pu\u0161\u010danu vatru. Tom zgodom bijahu pogo\u0111eni: Fabijan Cari\u0107 i Anta Roi\u0107 \u017eena Jurja, koji nakon kratkog vremena preminu\u0161e.<\/p><\/div><\/div><div class='content-column one_half last_column'><div style=\"padding-right:0px;padding-left:6px;\"><p>Ungef\u00e4hr um f\u00fcnf Uhr morgens, w\u00e4hrend die Leute sorglos schliefen, h\u00f6rten sie pl\u00f6tzlich lautes Geschrei, menschliche Stimmen, Autol\u00e4rm und Sch\u00fcsse aus verschiedenen Waffen. Es war eine italienische Strafexpedition, die mit Raub und dem Niederbrennen von H\u00e4usern begann. Die Soldateska war in mehrere Gruppen eingeteilt. Die Ersten haben ausgeraubt, andere verbrannten und Dritte hielten Wache, indem sie das Dorf Sv. Ana umstellten. Als allererstes wurde das Haus von Andrija Posinkovi\u0107, genannt Luka und der lokale Lesesaal von Sv. Ana niedergebrannt. Als die Leute sahen was passierte, begannen sie unter gro\u00dfer Angst vom Dorf in den Wald zu rennen. Die italienischen Soldaten dachten, dass sie die &#8222;Partisanen&#8220; seien wegen derer sie kamen und er\u00f6ffneten das Feuer auf sie. Davon waren betroffen: Fabijan Cari\u0107 und Anta Roi\u0107 die Frau von Juraj, die nach kurzer Zeit verstarb.<\/p><\/div><\/div><div class='clear_column'><\/div><div class='content-column one_half'><div style=\"padding-right:6px;\"><p>Nekoliko starijih ljudi i \u017eena ostalo je kod ku\u0107e\u00a0 i s krunicom u ruci molili da ih po\u0161tede. Malo je bilo po\u0161te\u0111enih.\u00a0 Stara Marija Milati\u0107 nije se mogla micati i tako je jadnica izgorila\u00a0 zajedno sa svojom ku\u0107om. Bilo je takvih koji su ipak imali malo prisebnosti i znali u mnogo\u010demu da spase ono \u0161to se spasiti dalo. Tako i Luka Roi\u0107 (Kuve) mnogo je riskirao, ali na posljetku sa\u010duvao je svoju ku\u0107u. On je bio skriven u svojoj konobi iza ba\u010dava tako da ga talijani nijesu mogli primietiti.\u00a0 Kada su mu otvorili ba\u010dve i pustili vino, rakiju i sl. on je \u010dekao dok su oni nestali iz konobe, pa je za njima zatvarao ba\u010dve. Iza toga se kradomice uvukao i u sobe, te bi za njima i\u0161ao i ono \u0161to bi upalili on bi bacao vani. Veliku\u00a0 prisebnost je imao a ujedno i po\u017ertvovnost. Istina, na dosta mjesta po tielu zadobio je opekline, ali \u0161to je najglavnije spasio je svoju rodnu ku\u0107u.<\/p><\/div><\/div><div class='content-column one_half last_column'><div style=\"padding-right:0px;padding-left:6px;\"><p>Einige \u00e4ltere M\u00e4nner und Frauen blieben zu Hause und bettelten mit Kronen in ihren H\u00e4nden sie zu verschonen. Sie wurden ein wenig verschont. Die alte Maria Milati\u0107 konnte sich nicht bewegen und verbrannte elendiglich zusammen mit ihrem Haus. Es gab einige die nur etwas verwirrt waren und auf vielerlei Weise wussten, was zu retten war. Wie Luka Roi\u0107 (Kuve) der in gro\u00dfer Gefahr war, aber am Ende sein Haus behielt. Er war in seiner Taverne hinter einem Fass versteckt, sodass die Italiener ihn nicht bemerkten. Als sie die F\u00e4sser \u00f6ffneten und Wein, Branntwein usw. auslaufen lie\u00dfen, wartete er, bis sie aus der Taverne verschwanden und verschloss die F\u00e4sser hinter ihnen. Danach schlich er sich in die R\u00e4ume und ging ihnen nach und warf sie raus.\u00a0Er war sehr empf\u00e4nglich und gleichzeitig Opfer. Zwar erlitt er mehrfache Verbrennungen an seinem K\u00f6rper, aber vor allem rettete er sein Stammhaus.<\/p><\/div><\/div><div class='clear_column'><\/div><div class='content-column one_half'><div style=\"padding-right:6px;\"><p>Kod ku\u0107e se na\u0161ao i Matij Roi\u0107 pok. Luke. Me\u0111utim njega su talijani uhvatili, poveli sa sobom i na cesti od strane sv. Ane ubili. On je pao kako \u010detvrta \u017ertva. U predjelu Gojavi neki su sa\u010duvali ku\u0107e i to: Luka Roi\u0107, Mihovil Roi\u0107 i Visko Posinkovi\u0107 pok. Tome.<\/p><\/div><\/div><div class='content-column one_half last_column'><div style=\"padding-right:0px;padding-left:6px;\"><p>Zu Hause wurde auch Matij Roi\u0107 genannt Luke angetroffen. Die Italiener haben ihn\u00a0 erwischt, und ihn auf der Stra\u00dfe im Ortsteil Sv. Ana get\u00f6tet. Er fiel als viertes Opfer. In der Gegend von Gojava wurden einige H\u00e4user gerettete: Luka Roi\u0107, Mihovil Roi\u0107 und Visko Posinkovi\u0107 genannt Toma.<\/p><\/div><\/div><div class='clear_column'><\/div><div class='content-column one_half'><div style=\"padding-right:6px;\"><p>Jedna grupa vojnika do\u0161la je i na Glavicu u namjeri da i tu spale koju ku\u0107u. \u017dupnik Don Juraj Petri\u0107 oti\u0161ao im je u susret zahvaljuju\u0107i Bogu obranio Glavicu od pale\u017ea.<\/p><\/div><\/div><div class='content-column one_half last_column'><div style=\"padding-right:0px;padding-left:6px;\"><p>Eine Gruppe von Soldaten kam nach Glavica, um das Haus zu verbrennen. Der Pfarrer Don Juraj Petri\u0107 stellte sich ihnen entgegen, und Gott sei Dank konnte er Glavica vor dem Fall retten.<\/p><\/div><\/div><div class='clear_column'><\/div><div class='content-column one_half'><div style=\"padding-right:6px;\"><p>Zapaliv\u0161i ku\u0107e u dvorima Kuni\u010di\u0107a kao zadnje oti\u0111o\u0161e s \u010ditavim plienom prema Vrbanju, gdje su isto u\u010dinili \u0161to i u Dolu sv.Ane.<\/p><\/div><\/div><div class='content-column one_half last_column'><div style=\"padding-right:0px;padding-left:6px;\"><p>Von den Zapaliv\u0161i H\u00e4user im Ortsteil Kuni\u010di\u0107a die zuletzt \u00fcbrig blieben gingen sie mit der ganzen Beute in Richtung Vrbanj, wo sie das gleiche machten wie in Dol Sv. Ana.<\/p><\/div><\/div><div class='clear_column'><\/div><div class='content-column one_half'><div style=\"padding-right:6px;\"><p>U sve bi zapaljeno 34 ku\u0107e i 32 obitelji ( 141 osoba) ostado\u0161e bez krova nad glavom. Mnogo toga je uni\u0161teno: podrumi i konobe bili su puni vina, rakije, pro\u0161eka, ulja itd., i to sve bi skoro proliveno i uni\u0161teno. Ljudi su ostali bez ikakovih sprava, alata i sl. Jedino su u ve\u0107ini slu\u010dajeva ostale \u010ditave kuhinje. U njima su se sad ti biednici smjestili, neki su oti\u0161li i kod svoje rodbine u strani Bl. Gospe ili u Stari Grad. Dvije obitelji smje\u0161tene su i u u\u010diteljskom stanu na Glavici. U slu\u010daju potrebe nalazi se i dvorana \u010ditaonice kao i jedna soba \u0161kole na raspolaganju.<\/p><\/div><\/div><div class='content-column one_half last_column'><div style=\"padding-right:0px;padding-left:6px;\"><p>Insgesamt w\u00fcrden in 34 H\u00e4usern 32 Familien (141 Personen) ohne Dach \u00fcber dem Kopf bleiben. Es wurde viel zerst\u00f6rt: In Keller und Tavernen die voll mit Wein, Raki, Pro\u0161ek, \u00d6l, etc. waren, verschwand fast alles oder wurde zerst\u00f6rt. Den Leuten wurden keine Ger\u00e4te und Werkzeuge usw. gelassen. Allein die K\u00fcchen blieben meistens ganz. Hier hausten nun die \u00dcberlebenden, einige gingen zu ihren Verwandten nach Sv. Maria oder nach Stari Grad. Im Klassenzimmer von Glavica wurden auch zwei Familien untergebracht. Zur Not stand der Lesesaal sowie ein Schulraum zur Verf\u00fcgung.<\/p><\/div><\/div><div class='clear_column'><\/div><div class='content-column one_half'><div style=\"padding-right:6px;\"><p>Odmah se organizirao i odbor (mjesni) koji se brine za te jadne stradalnike, da bi im pribavio barem ono najnu\u017enie i najpotrebitie. Odbor je sastavljen od 20 \u2013orice mje\u0161tana i to:<\/p><\/div><\/div><div class='content-column one_half last_column'><div style=\"padding-right:0px;padding-left:6px;\"><p>Sofort wurde auch ein \u00f6rtliches Komitee gegr\u00fcndet, das sich um die armen Opfer k\u00fcmmerte, dass sie zumindest das Geringste und Notwendigste erhalten. Der Ausschuss besteht aus 20 \u00a0Einheimischen:<\/p><\/div><\/div><div class='clear_column'><\/div><div class='content-column one_half'><div style=\"padding-right:6px;\"><p style=\"padding-left: 90px;\">1. Don Juraj Petri\u0107, \u017eupnik<br \/>\n2. Miljenko Stazi\u0107, u\u010ditelj<br \/>\n3. Don Toma Mo\u0161katelo, sve\u0107enik<br \/>\n4. Juraj Mo\u0161katelo, Antunov<br \/>\n5. Luka Du\u017eevi\u0107 Tomin<br \/>\n6. Juraj Du\u017eevi\u0107 p. Andrije<br \/>\n7.Marin Du\u017eevi\u0107 p.Tome<br \/>\n8. Josip Stan\u010di\u0107 p. Marina<br \/>\n9. Mate Radoni\u0107 p. Jakova<br \/>\n10. Ivan Kuni\u010di\u0107- Posinkovi\u0107 p. Ivana<\/p><\/div><\/div><div class='content-column one_half last_column'><div style=\"padding-right:0px;padding-left:6px;\"><p>11. Vicko Mo\u0161katelo p.Tome<br \/>\n12. Roko Pavi\u010di\u0107 p. Marina<br \/>\n13. Petar Vrankovi\u0107 p. Filipa<br \/>\n14. Mihovil Roi\u0107 p. Mihovila<br \/>\n15. Vicko Posinkovi\u0107 p. Tome<br \/>\n16. Luka Roi\u0107 p. Stipana<br \/>\n17. Jakov Roi\u0107 Luke<br \/>\n18. Dinko Berkovi\u0107 p. Kuzme<br \/>\n19. Juraj Kuni\u010di\u0107 Markov<br \/>\n20. Andrija Posinkovi\u0107 p. Luke ml.<\/p><\/div><\/div><div class='clear_column'><\/div><div class='content-column one_half'><div style=\"padding-right:6px;\"><p>Poslije je formiran u\u017ei odbor koji glasi.<\/p><\/div><\/div><div class='content-column one_half last_column'><div style=\"padding-right:0px;padding-left:6px;\"><p>Sp\u00e4ter wurde ein schlankerer Ausschuss gebildet.<\/p><\/div><\/div><div class='clear_column'><\/div><\/p>\n<p style=\"text-align: center;\">1. Don Juraj Petri\u0107 \u2013 predsjednik \/ Pr\u00e4sident<br \/>\n2. Mate Radoni\u0107 p. Jakova \u2013podpredsjednik \/ Vizepr\u00e4sident<br \/>\n3. Don Toma Mo\u0161katelo &#8211; tajnik \/ Sekret\u00e4r<br \/>\n4. Luka Radoni\u0107 p. Ivana- Schatzmeister.<\/p>\n<p style=\"text-align: center;\">Odbornici:\u00a0 \/\u00a0Als Berater:<\/p>\n<div class='content-column one_half'><div style=\"padding-right:6px;\"><p style=\"padding-left: 90px;\">1. Vicko Mo\u0161katelo p. Jurja<br \/>\n2. Pavi\u010di\u0107 Roko p. Marina<br \/>\n3. Roi\u0107 Luka p. Stipana<br \/>\n4. Du\u017eevi\u0107 Juraj p. Andrije<\/p><\/div><\/div><div class='content-column one_half last_column'><div style=\"padding-right:0px;padding-left:6px;\"><p>5. Du\u017eevi\u0107 Marin p. Tome<br \/>\n6. Petar Vrankovi\u0107 p. Filipa<br \/>\n7. Jakov Roi\u0107 Lukin<\/p><\/div><\/div><div class='clear_column'><\/div><div class='content-column one_half'><div style=\"padding-right:6px;\"><p>Odbor je zatra\u017eio pomo\u0107 i od Staro-Gra\u0111ana, koji su se nadasve pozivu odazvali i pru\u017eili dosta toga bilo u novcu, hrani ili pak robi, prema svojim imu\u0107stvenim prilikama. Naro\u010dito je za spomenuti srda\u010dni odaziv trgova\u010dke zadruge \u201e Obnova\u201c koja je dala iznos od 150 tisu\u0107a kuna da se razdileli me\u0111u pogorelce Dola i Vrbanja. Kao prva pomo\u0107 bi pru\u017eeno stradalnicima ovo: Na svaku osobu po 14 kg razne hrane i 500 kuna u novcu. Radit \u0107e se i unapred na sakupljanju doprinosa, naro\u010dito hrane i robe.<\/p><\/div><\/div><div class='content-column one_half last_column'><div style=\"padding-right:0px;padding-left:6px;\"><p>Der Ausschuss bat auch um Unterst\u00fctzung bei den Stari-Gradern, wo die meisten auf den Hilferuf reagierten und eine Menge an Geld, Lebensmittel und Waren, je nach ihren M\u00f6glichkeiten spendeten. Besonders erw\u00e4hnt muss die herzliche Reaktion der \u00a0Genossenschaft \u201eObnova\u201c erw\u00e4hnt werden, die 150.000 Kuna zur Verf\u00fcgung stellte um sie unter Dol und Vrbanj aufzuteilen. Als Soforthilfe erhielten die Opfer pro Person 14 kg verschiedene Lebensmittel und 500 Kuna in bar. Es wurden auch weiter Beitr\u00e4ge gesammelt, insbesondere Lebensmittel und Waren.<\/p><\/div><\/div><div class='clear_column'><\/div><div class='content-column one_half'><div style=\"padding-right:6px;\"><p>4. sie\u010dnja. Ponedjeljak \u2013 Danas su bez zvona, ( po naredbi vlasti, a osim toga da se narod gore i ne \u017ealosti) bile sprovo\u0111ene vrlo tiho sve \u010detiri \u017ertve koje su stradale prigodom ju\u010dera\u0161njeg pale\u017ea.<\/p><\/div><\/div><div class='content-column one_half last_column'><div style=\"padding-right:0px;padding-left:6px;\"><p>4. J\u00e4nner. Montag &#8211; Heute keine Glocken, (im Auftrag der Beh\u00f6rde, um die Menschen aufzurichten und nicht in Traurigkeit zu verfallen) es war sehr ruhig, um der vier Opfer zu gedenken, die beim gestrigen Brand get\u00f6tet wurden.<\/p><\/div><\/div><div class='clear_column'><\/div><div class='content-column one_half'><div style=\"padding-right:6px;\"><p>11. sie\u010dnja. Bijahu u mjesnoj \u017eupskoj crkvi zadu\u0161nice za poginule. Crkva je bila dupkom puna ljudi i \u017eena. Pjeva\u010di sa nekoliko tu\u017enih pjesama jo\u0161 su vi\u0161e djelovali na du\u0161e prisutnih. Dogovoreno bi da poslie svr\u0161etka rata da se tim ljudima, koji su ostavili svoje \u017eivote, podigne spomen plo\u010da.<\/p><\/div><\/div><div class='content-column one_half last_column'><div style=\"padding-right:0px;padding-left:6px;\"><p>11. J\u00e4nner. Alle waren in der \u00f6rtlichen Pfarrkirche wegen der Get\u00f6teten. Die Kirche war voll von Menschen. S\u00e4nger mit mehreren traurigen Liedern r\u00fchrten die Seelen der Anwesenden. Es wurde vereinbart, dass am Ende des Krieges eine Gedenkst\u00e4tte f\u00fcr diejenigen Menschen errichtet werden w\u00fcrde, die ihr Leben gelassen haben.<\/p><\/div><\/div><div class='clear_column'><\/div><div class='content-column one_half'><div style=\"padding-right:6px;\"><p>Ovaj zapis iz Ljetopisa potvr\u0111uje i dokument \u017eandarmerijske stanice u Starom Gradu gdje stoji za datum napada stoji 2. sije\u010dnja 1943. \u0161to je u svakom slu\u010daju pogre\u0161no navedeno. Ostali podatci iz tog dokumenta govore o 2 talijanska tenka, 2 topa te 500 ljudi koji su u Dolu potpuno uni\u0161tili 32 ku\u0107e, a dvije djelomi\u010dno. Dok su fa\u0161isti palili i plja\u010dkali, Dol i Vrbanj nadlijetao je avion koji je izbacivao letke na kojima je pisalo: \u201eSve to smo u\u010dinili zato da vam doka\u017eemo da mora prestati va\u0161e zajedni\u010dko \u017eivljenje i va\u0161a suradnja s partizanima. Na \u017ealost, suprotno \u017eelji mojih trupa, mnogi nevini su platili za krivce.\u00a0 Moje trupe \u0107e nemilosrdno istrijebiti taj korov, kao i svakog onog koji ga gaji i podr\u017eava. Morate uni\u0161titi a ne pomagati partizane. To vam ka\u017eem ja, u ime svemogu\u0107eg Boga\u00a0 i kr\u0161\u0107anske civilizacije.\u201c<\/p><\/div><\/div><div class='content-column one_half last_column'><div style=\"padding-right:0px;padding-left:6px;\"><p>Diese Aufzeichnung aus der Chronik best\u00e4tigt auch ein Dokument des Gendarmerieposten in Stari Grad, wo das Datum des Angriffs mit 2. Januar 1943 steht, was in jedem Fall fehl am Platz ist. Weitere Angaben in diesem Dokument sprechen von 2 italienischen Panzern, 2 Kanonen und 500 Menschen, die 32 H\u00e4user in Dol ganz und zwei teilweise zerst\u00f6rt haben. W\u00e4hrend die Faschisten brannten und raubten, wurden in Dol und Vrbanj Flugbl\u00e4tter abgeworfen in denen geschrieben stand: &#8222;Wir haben all das getan um euch zu beweisen, dass ihr das Zusammenleben und die Zusammenarbeit mit den Partisanen beenden m\u00fcsst. Leider bezahlten auch Unschuldige entgegen den W\u00fcnschen meiner Truppen f\u00fcr die Schuldigen. Meine Truppen werden dieses Unkraut r\u00fccksichtslos ausrotten, ebenso jeden, der sich daran beteiligt und sie unterst\u00fctzt. Ihr m\u00fcsst die Partisanen vernichten und sie nicht unterst\u00fctzen. Das sage ich euch im Namen des allm\u00e4chtigen Gottes und der christlichen Zivilisation.&#8220;<\/p><\/div><\/div><div class='clear_column'><\/div><\/p>\n<p style=\"text-align: center;\"><em>(Tartajun br. 5)<\/em><\/p>\n<hr \/>\n<p><strong>Linkovi \/ Links<\/strong><\/p>\n<p>&#8211;<\/p>\n","protected":false},"excerpt":{"rendered":"<p>Ime \/ Name Kapelica \u00bbSpomenik jednoj od \u017ertava paljenja Dola\u00ab \/ Denkmal eines Opfers des Brandes von Dol Code: DO-CS-01\u00a0 \u00a0 \u00a0 \u00a0 \u00a0 \u00a0 \u00a0 \u00a0 \u00a0 \u00a0 \u00a0 \u00a0 \u00a0 \u00a0 \u00a0 \u00a0 \u00a0 \u00a0\u00a0 Adresa \/ Adresse &hellip; <a href=\"https:\/\/www.topohvar.at\/topo\/orte\/do\/do-cs-01-2\/\">Weiterlesen <span class=\"meta-nav\">&rarr;<\/span><\/a><\/p>\n","protected":false},"author":1,"featured_media":0,"parent":68,"menu_order":0,"comment_status":"closed","ping_status":"closed","template":"","meta":{"footnotes":""},"class_list":["post-1565","page","type-page","status-publish","hentry"],"_links":{"self":[{"href":"https:\/\/www.topohvar.at\/topo\/wp-json\/wp\/v2\/pages\/1565","targetHints":{"allow":["GET"]}}],"collection":[{"href":"https:\/\/www.topohvar.at\/topo\/wp-json\/wp\/v2\/pages"}],"about":[{"href":"https:\/\/www.topohvar.at\/topo\/wp-json\/wp\/v2\/types\/page"}],"author":[{"embeddable":true,"href":"https:\/\/www.topohvar.at\/topo\/wp-json\/wp\/v2\/users\/1"}],"replies":[{"embeddable":true,"href":"https:\/\/www.topohvar.at\/topo\/wp-json\/wp\/v2\/comments?post=1565"}],"version-history":[{"count":30,"href":"https:\/\/www.topohvar.at\/topo\/wp-json\/wp\/v2\/pages\/1565\/revisions"}],"predecessor-version":[{"id":33674,"href":"https:\/\/www.topohvar.at\/topo\/wp-json\/wp\/v2\/pages\/1565\/revisions\/33674"}],"up":[{"embeddable":true,"href":"https:\/\/www.topohvar.at\/topo\/wp-json\/wp\/v2\/pages\/68"}],"wp:attachment":[{"href":"https:\/\/www.topohvar.at\/topo\/wp-json\/wp\/v2\/media?parent=1565"}],"curies":[{"name":"wp","href":"https:\/\/api.w.org\/{rel}","templated":true}]}}