{"id":1845,"date":"2018-07-31T12:31:13","date_gmt":"2018-07-31T10:31:13","guid":{"rendered":"https:\/\/www.topohvar.at\/?page_id=1845"},"modified":"2024-05-31T08:47:18","modified_gmt":"2024-05-31T06:47:18","slug":"do-mo-01-2","status":"publish","type":"page","link":"https:\/\/www.topohvar.at\/topo\/orte\/do\/do-mo-01-2\/","title":{"rendered":"DOL &#8211; Spomenik palim borcima NOR-a i \u017ertvama fa\u0161isti\u010dkog terora"},"content":{"rendered":"<p><img loading=\"lazy\" decoding=\"async\" class=\"alignnone wp-image-1837 size-large\" src=\"https:\/\/www.topohvar.at\/wp-content\/uploads\/2018\/07\/DO-MO-01-1-1024x503.jpg\" alt=\"\" width=\"640\" height=\"314\" srcset=\"https:\/\/www.topohvar.at\/wp-content\/uploads\/2018\/07\/DO-MO-01-1-1024x503.jpg 1024w, https:\/\/www.topohvar.at\/wp-content\/uploads\/2018\/07\/DO-MO-01-1-300x147.jpg 300w, https:\/\/www.topohvar.at\/wp-content\/uploads\/2018\/07\/DO-MO-01-1-768x377.jpg 768w\" sizes=\"auto, (max-width: 640px) 100vw, 640px\" \/><\/p>\n<p><strong>Ime \/ Name<br \/>\n<\/strong>Spomenik palim borcima NOR-a i \u017ertvama fa\u0161isti\u010dkog terora \/ Denkmal f\u00fcr die Gefallenen des Nationalen Befreiungskampfes und des faschistischen Terrors<\/p>\n<p><strong>Code: <\/strong>DO-MO-01\u00a0 \u00a0 \u00a0 \u00a0 \u00a0 \u00a0 \u00a0 \u00a0 \u00a0 \u00a0 \u00a0 \u00a0 \u00a0 \u00a0 \u00a0 \u00a0 \u00a0 \u00a0\u00a0<strong><a href=\"https:\/\/www.topohvar.at\/orte\/do\/do-mo-07-1\/\"><img loading=\"lazy\" decoding=\"async\" class=\"alignnone wp-image-533 size-full\" src=\"https:\/\/www.topohvar.at\/wp-content\/uploads\/2018\/07\/push-l-30.jpg\" alt=\"\" width=\"61\" height=\"30\" \/><\/a> <a href=\"https:\/\/www.topohvar.at\/orte\/do\/\"><img loading=\"lazy\" decoding=\"async\" class=\"alignnone wp-image-535 size-full\" src=\"https:\/\/www.topohvar.at\/wp-content\/uploads\/2018\/07\/push-o-30.jpg\" alt=\"\" width=\"61\" height=\"30\" \/><\/a> <a href=\"https:\/\/www.topohvar.at\/orte\/do\/do-mo-02-2\/\"><img loading=\"lazy\" decoding=\"async\" class=\"alignnone wp-image-536 size-full\" src=\"https:\/\/www.topohvar.at\/wp-content\/uploads\/2018\/07\/push-r-30.jpg\" alt=\"\" width=\"61\" height=\"30\" \/><\/a><\/strong><\/p>\n<hr \/>\n<p><strong>Adresa \/ Adresse<br \/>\n<\/strong>Dol, Glaviva, u blizini crkvu sv. Mihovil<\/p>\n<p><strong>Lokalna polo\u017eaj \/ Position<a href=\"https:\/\/goo.gl\/maps\/62EWK8wuvBv2ngJP6\"><img loading=\"lazy\" decoding=\"async\" class=\"alignright wp-image-1857\" src=\"https:\/\/www.topohvar.at\/wp-content\/uploads\/2018\/07\/0085.jpg\" alt=\"\" width=\"134\" height=\"100\" \/><\/a><br \/>\n<\/strong><span style=\"color: #3366ff;\"><a style=\"color: #3366ff;\" href=\"https:\/\/goo.gl\/maps\/62EWK8wuvBv2ngJP6\">Latitude: N 43,16907\u00b0\u00a0 \u00a0Longitude: E 16,61837\u00b0<\/a> <\/span><strong><br \/>\n<\/strong>Visina \/ H\u00f6he: 119 m<\/p>\n<p><strong>Zemlji\u0161te \/ Grundst\u00fccke<br \/>\n<\/strong>1071\/3<div class='content-column one_half'><div style=\"padding-right:6px;\"><p><strong>Datum snimanja \/ Erfassungsdatum<br \/>\n<\/strong>04.05.2014 15:26:02<\/p>\n<hr \/>\n<p><strong>Informacije<\/strong><\/p>\n<p>Spomen plo\u010da palim borcima NOR-a i \u017ertvama fa\u0161isti\u010dkog terora, od bijelog mramora, nekad je stajao na zidinama groblja pred ulazom u dana\u0161nje groblje, u predjelu zvanom Glavica sv. Mihovila.<\/p><\/div><\/div><div class='content-column one_half last_column'><div style=\"padding-right:0px;padding-left:6px;\"><p><strong>Za\u0161titni polo\u017eaj \/ Schutzstellung<br \/>\n<\/strong>&#8211;<\/p>\n<hr \/>\n<p><strong>Info<\/strong><\/p>\n<p>Die Gedenktafel aus wei\u00dfem Marmor f\u00fcr die gefallenen Soldaten der Nationalen Befreiungskampfes und die Opfer des faschistischen Terrors stand urspr\u00fcnglich an der Friedhofsmauer beim Eingang zum alten Friedhof im Ortsteil Glavica (Sv. Mihovila).<\/p><\/div><\/div><div class='clear_column'><\/div><div class='content-column one_half'><div style=\"padding-right:6px;\"><p>Uz obilje\u017eavanje 100 godina od zavr\u0161etka Prvog svjetskog rata, Udruga Tartajun financirala je restauraciju spomenika poginulima u tom ratu. Spomenik je redizajniran, nadopunjen je reljefom bakra i preselio se dalje na istok. Radove je izvela Lena Buzoli\u0107, konzervator- restaurator iz Hvara. Tom prigodom restaurirala je natpis iznad ulaznih vrata u \u017eupnu crkvu i spomenik poginulima iz Drugog svjetskog rata.<\/p><\/div><\/div><div class='content-column one_half last_column'><div style=\"padding-right:0px;padding-left:6px;\"><p>Anl\u00e4sslich des 100. Jahrestages (2014) des Ende des Ersten Weltkriegs hat der Verein Tartajun die Restaurierung von Denkm\u00e4lern f\u00fcr die im Krieg Get\u00f6teten finanziert. Das Denkmal wurde neu gestaltet, durch ein Relief aus Kupfer erg\u00e4nzt und weiter \u00f6stlich neu aufgestellt. Die Arbeiten wurden von Lena Buzoli\u0107, einer Restauratorin aus Hvar, durchgef\u00fchrt. Bei dieser Gelegenheit restaurierte sie die Inschrift \u00fcber der Eingangst\u00fcr der Pfarrkirche und das Denkmal f\u00fcr die Opfer des Zweiten Weltkriegs.<\/p><\/div><\/div><div class='clear_column'><\/div><\/p>\n<hr \/>\n<div class='content-column one_half'><div style=\"padding-right:6px;\"><p>Natpis na reljefu:<\/p>\n<p>MAMA NE PLA\u010cI VRATIT \u010cU SE<\/p><\/div><\/div><div class='content-column one_half last_column'><div style=\"padding-right:0px;padding-left:6px;\"><p>Inschrift am Relief:<\/p>\n<p>Mutter weine nicht, ich werde zur\u00fcckkommen:<\/p><\/div><\/div><div class='clear_column'><\/div><\/p>\n<hr \/>\n<div class='content-column one_half'><div style=\"padding-right:6px;\"><p>Natpis na spomen-kamenu:<\/p>\n<p style=\"text-align: center;\">PALIM BORCIMA U N. O. B.<br \/>\n1941-1945<\/p>\n<p style=\"text-align: center;\">PODI\u017dU DOLJANI<\/p><\/div><\/div><div class='content-column one_half last_column'><div style=\"padding-right:0px;padding-left:6px;\"><p>Inschrift am Gedenkstein:<\/p>\n<p style=\"text-align: center;\">Die gefallenen Soldaten des Nationalen<br \/>\nBefreiungskampfes von 1941-1945.<\/p>\n<p style=\"text-align: center;\">Von der Bev\u00f6lkerung Dols errichtet.<\/p><\/div><\/div><div class='clear_column'><\/div><div class='content-column one_half'><div style=\"padding-right:6px;\"><p>CARI\u0106 JAKOV ANTUNA\u00a0 \u00a0 \u00a0 \u00a0 \u00a0 \u00a0 \u00a0 \u00a0 \u00a0 \u00a0 \u00a0 \u00a0 \u00a0 RO\u0110. 1924<br \/>\nDU\u017dEVI\u0106 TOMA ANTUNA\u00a0 \u00a0 \u00a0 \u00a0 \u00a0 \u00a0 \u00a0 \u00a0 \u00a0 \u00a0 \u00a0 RO\u0110. 1919<br \/>\nDU\u017dEVI\u0106 STJEPAN TOME\u00a0 \u00a0 \u00a0 \u00a0 \u00a0 \u00a0 \u00a0 \u00a0 \u00a0 \u00a0 \u00a0 RO\u0110. 1920<br \/>\nDU\u017dEVI\u0106 ANTUN JURJA\u00a0\u00a0\u00a0\u00a0\u00a0\u00a0\u00a0\u00a0\u00a0\u00a0\u00a0\u00a0\u00a0\u00a0\u00a0\u00a0\u00a0\u00a0\u00a0\u00a0\u00a0\u00a0\u00a0\u00a0 RO\u0110. 1923<br \/>\nDU\u017dEVI\u0106 TOMA JURJA\u00a0 \u00a0 \u00a0 \u00a0 \u00a0 \u00a0 \u00a0 \u00a0 \u00a0 \u00a0 \u00a0 \u00a0 \u00a0 \u00a0RO\u0110. 1927<br \/>\nKUN\u010cI\u0106 TADIJA POK. MARKA\u00a0 \u00a0 \u00a0 \u00a0 \u00a0 \u00a0 \u00a0 \u00a0 RO\u0110. 1917<br \/>\nPAVI\u010cI\u0106 JAKOV ANDRIJE\u00a0 \u00a0 \u00a0 \u00a0 \u00a0 \u00a0 \u00a0 \u00a0 \u00a0 \u00a0 \u00a0 \u00a0 RO\u0110. 1920<br \/>\nPOSINKOVI\u0106 ANDRIJA POK. LUKE\u00a0 \u00a0 \u00a0 \u00a0 \u00a0RO\u0110. 1909<br \/>\nPOSINKOVI\u0106 TOMA POK. LUKE\u00a0 \u00a0 \u00a0 \u00a0 \u00a0 \u00a0 \u00a0RO\u0110. 1919<br \/>\nPOSINKOVI\u0106 DRAGOLJUB P. ANTE\u00a0 \u00a0 \u00a0 \u00a0 \u00a0RO\u0110. 1919<\/p>\n<p>\u017dRTVAMA FA\u0160ISTI\u010cKOG TERORA OD 3 I 1943<\/p>\n<p>CARI\u0106 FABIJAN POK. LUKE\u00a0 \u00a0 \u00a0 \u00a0 \u00a0 \u00a0 \u00a0 \u00a0 \u00a0 \u00a0 RO\u0110 1910<br \/>\nMILATI\u0106 MARIJA UD. MATIJA\u00a0 \u00a0 \u00a0 \u00a0 \u00a0 \u00a0 \u00a0 \u00a0 \u00a0RO\u0110. 1864<\/p><\/div><\/div><div class='content-column one_half last_column'><div style=\"padding-right:0px;padding-left:6px;\"><p>MO\u0160KATELO STJEPAN NIKOLE\u00a0 \u00a0 \u00a0 \u00a0 \u00a0 \u00a0 \u00a0 RO\u0110. 1919<br \/>\nRADONI\u0106 MATE \u0160IMUNA\u00a0 \u00a0 \u00a0 \u00a0 \u00a0 \u00a0 \u00a0 \u00a0 \u00a0 \u00a0 \u00a0 \u00a0RO\u0110. 1906<br \/>\nRADONI\u0106 MATE JOSIPA\u00a0 \u00a0 \u00a0 \u00a0 \u00a0 \u00a0 \u00a0 \u00a0 \u00a0 \u00a0 \u00a0 \u00a0 \u00a0RO\u0110. 1912<br \/>\nRADONI\u0106 MIRO MATIJA\u00a0 \u00a0 \u00a0 \u00a0 \u00a0 \u00a0 \u00a0 \u00a0 \u00a0 \u00a0 \u00a0 \u00a0 \u00a0RO\u0110. 1926<br \/>\nROJI\u0106 IVAN FILIPA\u00a0 \u00a0 \u00a0 \u00a0 \u00a0 \u00a0 \u00a0 \u00a0 \u00a0 \u00a0 \u00a0 \u00a0 \u00a0 \u00a0 \u00a0 \u00a0 \u00a0RO\u0110. 1914<br \/>\nSANSOVI\u0106 ANTE POK. JURJA\u00a0 \u00a0 \u00a0 \u00a0 \u00a0 \u00a0 \u00a0 \u00a0 \u00a0RO\u0110. 1915<br \/>\nSTAN\u010cI\u0106 JOSIP TOME\u00a0 \u00a0 \u00a0 \u00a0 \u00a0 \u00a0 \u00a0 \u00a0 \u00a0 \u00a0 \u00a0 \u00a0 \u00a0 \u00a0 RO\u0110. 1914<br \/>\nSTAN\u010cI\u0106 JAKOV LUKE\u00a0 \u00a0 \u00a0 \u00a0 \u00a0 \u00a0 \u00a0 \u00a0 \u00a0 \u00a0 \u00a0 \u00a0 \u00a0 \u00a0 RO\u0110. 1926<br \/>\n\u0160EVELJ TADIJA ANTUNA\u00a0 \u00a0 \u00a0 \u00a0 \u00a0 \u00a0 \u00a0 \u00a0 \u00a0 \u00a0 \u00a0 \u00a0 RO\u0110. 1924<br \/>\nVRAKOVI\u0106 \u0160ANDOR POK. FILIPA\u00a0 \u00a0 \u00a0 \u00a0 \u00a0 \u00a0RO\u0110. 1919<\/p>\n<p>Die Opfer des faschistischen Terrors ab 3. 1. 1943<\/p>\n<p>ROJI\u0106 ANTE \u017d. JURJA\u00a0 \u00a0 \u00a0 \u00a0 \u00a0 \u00a0 \u00a0 \u00a0 \u00a0 \u00a0 \u00a0 \u00a0 \u00a0 \u00a0 \u00a0 RO\u0110. 1886<br \/>\nROJI\u0106 MATE POK. LUKE\u00a0 \u00a0 \u00a0 \u00a0 \u00a0 \u00a0 \u00a0 \u00a0 \u00a0 \u00a0 \u00a0 \u00a0 \u00a0RO\u0110. 1887<\/p><\/div><\/div><div class='clear_column'><\/div><div class='content-column one_half'><div style=\"padding-right:6px;\"><p>Spomen plo\u010da postavljena je od Mjesnog odbora SUBNOR-a Dol, 4. snpnja 1954. godine, uz proslavu Dana borca naroda Jugoslavije.<\/p><\/div><\/div><div class='content-column one_half last_column'><div style=\"padding-right:0px;padding-left:6px;\"><p>Die Gedenktafel wurde vom \u00f6rtlichen Vorstand der SUBNOR Dol am 4. Juli 1954, am Gedenktag der Volksk\u00e4mpfer Jugoslawiens, errichtet.<\/p><\/div><\/div><div class='clear_column'><\/div><\/p>\n<hr \/>\n<p><strong>Linkovi \/ Links<\/strong><\/p>\n<p>&#8211;<\/p>\n","protected":false},"excerpt":{"rendered":"<p>Ime \/ Name Spomenik palim borcima NOR-a i \u017ertvama fa\u0161isti\u010dkog terora \/ Denkmal f\u00fcr die Gefallenen des Nationalen Befreiungskampfes und des faschistischen Terrors Code: DO-MO-01\u00a0 \u00a0 \u00a0 \u00a0 \u00a0 \u00a0 \u00a0 \u00a0 \u00a0 \u00a0 \u00a0 \u00a0 \u00a0 \u00a0 \u00a0 \u00a0 &hellip; <a href=\"https:\/\/www.topohvar.at\/topo\/orte\/do\/do-mo-01-2\/\">Weiterlesen <span class=\"meta-nav\">&rarr;<\/span><\/a><\/p>\n","protected":false},"author":1,"featured_media":0,"parent":68,"menu_order":0,"comment_status":"closed","ping_status":"closed","template":"","meta":{"footnotes":""},"class_list":["post-1845","page","type-page","status-publish","hentry"],"_links":{"self":[{"href":"https:\/\/www.topohvar.at\/topo\/wp-json\/wp\/v2\/pages\/1845","targetHints":{"allow":["GET"]}}],"collection":[{"href":"https:\/\/www.topohvar.at\/topo\/wp-json\/wp\/v2\/pages"}],"about":[{"href":"https:\/\/www.topohvar.at\/topo\/wp-json\/wp\/v2\/types\/page"}],"author":[{"embeddable":true,"href":"https:\/\/www.topohvar.at\/topo\/wp-json\/wp\/v2\/users\/1"}],"replies":[{"embeddable":true,"href":"https:\/\/www.topohvar.at\/topo\/wp-json\/wp\/v2\/comments?post=1845"}],"version-history":[{"count":35,"href":"https:\/\/www.topohvar.at\/topo\/wp-json\/wp\/v2\/pages\/1845\/revisions"}],"predecessor-version":[{"id":67496,"href":"https:\/\/www.topohvar.at\/topo\/wp-json\/wp\/v2\/pages\/1845\/revisions\/67496"}],"up":[{"embeddable":true,"href":"https:\/\/www.topohvar.at\/topo\/wp-json\/wp\/v2\/pages\/68"}],"wp:attachment":[{"href":"https:\/\/www.topohvar.at\/topo\/wp-json\/wp\/v2\/media?parent=1845"}],"curies":[{"name":"wp","href":"https:\/\/api.w.org\/{rel}","templated":true}]}}