{"id":1847,"date":"2018-07-31T12:31:43","date_gmt":"2018-07-31T10:31:43","guid":{"rendered":"https:\/\/www.topohvar.at\/?page_id=1847"},"modified":"2024-10-13T17:50:32","modified_gmt":"2024-10-13T15:50:32","slug":"do-mo-02-2","status":"publish","type":"page","link":"https:\/\/www.topohvar.at\/topo\/orte\/do\/do-mo-02-2\/","title":{"rendered":"DOL &#8211; Spomenik palim borcima I. sv. Rat"},"content":{"rendered":"<p><img loading=\"lazy\" decoding=\"async\" class=\"alignnone wp-image-1838 size-large\" src=\"https:\/\/www.topohvar.at\/wp-content\/uploads\/2018\/07\/DO-MO-02-1-1024x503.jpg\" alt=\"\" width=\"640\" height=\"314\" srcset=\"https:\/\/www.topohvar.at\/wp-content\/uploads\/2018\/07\/DO-MO-02-1-1024x503.jpg 1024w, https:\/\/www.topohvar.at\/wp-content\/uploads\/2018\/07\/DO-MO-02-1-300x147.jpg 300w, https:\/\/www.topohvar.at\/wp-content\/uploads\/2018\/07\/DO-MO-02-1-768x377.jpg 768w\" sizes=\"auto, (max-width: 640px) 100vw, 640px\" \/><\/p>\n<p><strong>Ime \/ Name<br \/>\n<\/strong>Spomenik palim borcima I. sv. Rat \/ Denkmal der Gefallenen des I. Weltkriegs<\/p>\n<p><strong>Code: <\/strong>DO-MO-02\u00a0 \u00a0 \u00a0 \u00a0 \u00a0 \u00a0 \u00a0 \u00a0 \u00a0 \u00a0 \u00a0 \u00a0 \u00a0 \u00a0 \u00a0 \u00a0 \u00a0 \u00a0\u00a0<strong><a href=\"https:\/\/www.topohvar.at\/orte\/do\/do-mo-01-2\/\"><img loading=\"lazy\" decoding=\"async\" class=\"alignnone wp-image-533 size-full\" src=\"https:\/\/www.topohvar.at\/wp-content\/uploads\/2018\/07\/push-l-30.jpg\" alt=\"\" width=\"61\" height=\"30\" \/><\/a> <a href=\"https:\/\/www.topohvar.at\/orte\/do\/\"><img loading=\"lazy\" decoding=\"async\" class=\"alignnone wp-image-535 size-full\" src=\"https:\/\/www.topohvar.at\/wp-content\/uploads\/2018\/07\/push-o-30.jpg\" alt=\"\" width=\"61\" height=\"30\" \/><\/a> <a href=\"https:\/\/www.topohvar.at\/orte\/do\/do-mo-03-2\/\"><img loading=\"lazy\" decoding=\"async\" class=\"alignnone wp-image-536 size-full\" src=\"https:\/\/www.topohvar.at\/wp-content\/uploads\/2018\/07\/push-r-30.jpg\" alt=\"\" width=\"61\" height=\"30\" \/><\/a><\/strong><\/p>\n<hr \/>\n<p><strong>Adresa \/ Adresse<br \/>\n<\/strong>Dol &#8211; Sv. Mihovil, Groblje \/ Friedhof<\/p>\n<p><strong>Lokalna polo\u017eaj \/ Position<a href=\"https:\/\/goo.gl\/maps\/WbnYomYKkKcU7WJdA\"><img loading=\"lazy\" decoding=\"async\" class=\"alignright wp-image-1874\" src=\"https:\/\/www.topohvar.at\/wp-content\/uploads\/2018\/07\/0086.jpg\" alt=\"\" width=\"134\" height=\"100\" \/><\/a><br \/>\n<\/strong><span style=\"color: #3366ff;\"><a style=\"color: #3366ff;\" href=\"https:\/\/goo.gl\/maps\/WbnYomYKkKcU7WJdA\">Latitude: N 43,16907\u00b0\u00a0 \u00a0Longitude: E 16,61800\u00b0<\/a> <\/span><strong><br \/>\n<\/strong>Visina \/ H\u00f6he: 120 m<\/p>\n<p><strong>Zemlji\u0161te \/ Grundst\u00fccke<br \/>\n<\/strong>1068<div class='content-column one_half'><div style=\"padding-right:6px;\"><p><strong>Datum snimanja \/ Erfassungsdatum<br \/>\n<\/strong>08.10.2014 11:05:42<\/p>\n<hr \/>\n<p><strong>Informacije<\/strong><\/p>\n<p>Spomenik kao kamena granata na ju\u017enom rubu groblja sve\u010dano je otvoren 30. svibnja 1940.<\/p><\/div><\/div><div class='content-column one_half last_column'><div style=\"padding-right:0px;padding-left:6px;\"><p><strong>Za\u0161titni polo\u017eaj \/ Schutzstellung<br \/>\n<\/strong>&#8211;<\/p>\n<hr \/>\n<p><strong>Info<\/strong><\/p>\n<p>Das Denkmal in Form einer steinernen Granate am s\u00fcdlichen Rand des Friedhofs wurde am 30. Mai 1940 enth\u00fcllt.<\/p><\/div><\/div><div class='clear_column'><\/div><\/p>\n<hr \/>\n<p style=\"text-align: center;\">Natpis: \/ Inschrift:<\/p>\n<p style=\"text-align: center;\">DU\u017dEVI\u0106 ANTUN<strong>\u00a0 \u00a0 \u00a0 \u00a0 \u00a0 \u00a0<\/strong>1880<br \/>\nDU\u017dEVI\u0106\u00a0 -&#8220;-<strong>\u00a0 \u00a0 \u00a0 \u00a0 \u00a0 \u00a0 \u00a0 \u00a0 \u00a0 \u00a0 \u00a0 \u00a0<\/strong>73<br \/>\nDU\u017dEVI\u0106\u00a0 -&#8220;-<strong>\u00a0 \u00a0 \u00a0 \u00a0 \u00a0 \u00a0 \u00a0 \u00a0 \u00a0 \u00a0 \u00a0 \u00a0<\/strong>84<br \/>\nDU\u017dEVI\u0106 \u2013 M.\u00a0 -&#8220;- <strong>\u00a0\u00a0\u00a0\u00a0\u00a0\u00a0\u00a0\u00a0\u00a0\u00a0\u00a0\u00a0\u00a0 <\/strong>89<br \/>\nKUNI\u010cI\u0106\u00a0 -&#8220;- <strong>\u00a0\u00a0\u00a0\u00a0\u00a0\u00a0\u00a0\u00a0\u00a0\u00a0\u00a0\u00a0\u00a0\u00a0\u00a0\u00a0\u00a0\u00a0\u00a0\u00a0\u00a0 <\/strong>\u00a096<br \/>\nKUNI\u010cI\u0106\u00a0 -&#8220;- \u00a0<strong>\u00a0\u00a0\u00a0\u00a0\u00a0\u00a0\u00a0\u00a0\u00a0\u00a0\u00a0\u00a0\u00a0\u00a0\u00a0\u00a0\u00a0\u00a0\u00a0\u00a0\u00a0 <\/strong>95<br \/>\nDU\u017dEVI\u0106 JURAJ\u00a0 \u00a0\u00a0<strong>\u00a0 \u00a0 \u00a0 \u00a0 \u00a0 \u00a0 \u00a0\u00a0<\/strong>88<br \/>\nDU\u017dEVI\u0106\u00a0 -&#8220;- \u00a0<strong>\u00a0\u00a0\u00a0\u00a0\u00a0\u00a0\u00a0\u00a0\u00a0\u00a0\u00a0\u00a0\u00a0\u00a0\u00a0\u00a0\u00a0\u00a0\u00a0\u00a0 <\/strong>76<br \/>\nDU\u017dEVI\u0106\u00a0 -&#8220;- \u00a0<strong>\u00a0\u00a0\u00a0\u00a0\u00a0\u00a0\u00a0\u00a0\u00a0\u00a0\u00a0\u00a0\u00a0\u00a0\u00a0\u00a0\u00a0\u00a0\u00a0\u00a0 <\/strong>95<br \/>\nMO\u0160KATELO\u00a0 -&#8220;- \u00a0<strong>\u00a0 \u00a0 \u00a0 \u00a0 \u00a0 \u00a0 \u00a0 \u00a0<\/strong>90<br \/>\nPOSINKOVI\u0106\u00a0 -&#8220;- \u00a0<strong>\u00a0 \u00a0 \u00a0 \u00a0 \u00a0 \u00a0 \u00a0 \u00a0<\/strong>93<br \/>\nPOSINKOVI\u0106 IVAN\u00a0 \u00a0\u00a0<strong>\u00a0 \u00a0 \u00a0 \u00a0 \u00a0<\/strong>72<br \/>\nROI\u0106\u00a0 -&#8220;- <strong>\u00a0\u00a0\u00a0\u00a0\u00a0\u00a0\u00a0\u00a0\u00a0\u00a0\u00a0\u00a0\u00a0\u00a0\u00a0\u00a0\u00a0\u00a0\u00a0\u00a0\u00a0\u00a0\u00a0\u00a0\u00a0\u00a0\u00a0 <\/strong>\u00a095<br \/>\nDU\u017dEVI\u0106 NIKOLA\u00a0 \u00a0\u00a0<strong>\u00a0 \u00a0 \u00a0 \u00a0 \u00a0 \u00a0<\/strong>82<br \/>\nDU\u017dEVI\u0106\u00a0 -&#8220;- \u00a0<strong>\u00a0\u00a0\u00a0\u00a0\u00a0\u00a0\u00a0\u00a0\u00a0\u00a0\u00a0\u00a0\u00a0\u00a0\u00a0\u00a0\u00a0\u00a0\u00a0\u00a0 <\/strong>83<br \/>\nMO\u0160KATELO PAVAO\u00a0 \u00a0 \u00a0 \u00a0 \u00a0 98<br \/>\nKUNI\u010cI\u0106 JAKOV\u00a0 \u00a0 \u00a0<strong>\u00a0 \u00a0 \u00a0 \u00a0 \u00a0 \u00a0\u00a0<\/strong>96<br \/>\nPOSINKOVI\u0106 LUKA\u00a0 \u00a0 \u00a0<strong>\u00a0 \u00a0 \u00a0 \u00a0<\/strong>82<br \/>\nSURJAK FRANJO\u00a0 \u00a0 \u00a0<strong>\u00a0 \u00a0 \u00a0 \u00a0 \u00a0 \u00a0<\/strong>97<br \/>\nSURAK KUZMA\u00a0 \u00a0 \u00a0\u00a0<strong>\u00a0 \u00a0 \u00a0 \u00a0 \u00a0 \u00a0\u00a0<\/strong>85<br \/>\nZARKO TOMA\u00a0 \u00a0 \u00a0<strong>\u00a0 \u00a0 \u00a0 \u00a0 \u00a0 \u00a0 \u00a0 \u00a0<\/strong>91<\/p>\n<div class='content-column one_half'><div style=\"padding-right:6px;\"><p>SLAVA VOJNICIMA IZ DOLA\u00a0\u00a0 1946 + 1918<\/p><\/div><\/div><div class='content-column one_half last_column'><div style=\"padding-right:0px;padding-left:6px;\"><p>Ruhm den Soldaten aus Dol\u00a0\u00a0 1946 + 1918<\/p><\/div><\/div><div class='clear_column'><\/div><\/p>\n<hr \/>\n<div class='content-column one_third'><div style=\"padding-right:6px;\"><p>&nbsp;<\/p>\n<p>&nbsp;<\/p>\n<p>Uz obilje\u017eavanje 100 godina od zavr\u0161etka Prvog svjetskog rata, Udruga Tartajun financirala je restauraciju spomenika. Radove je izvela Lena Buzoli\u0107, konzervator- restaurator iz Hvara. Tom je prigodom i obnovila ovaj spomenik.<\/p><\/div><\/div><div class='content-column one_third'><div style=\"padding-right:6px;\"><p><img loading=\"lazy\" decoding=\"async\" class=\"size-full wp-image-69735 aligncenter\" src=\"https:\/\/www.topohvar.at\/wp-content\/uploads\/2024\/10\/DO-MO-02-21.jpg\" alt=\"\" width=\"205\" height=\"568\" srcset=\"https:\/\/www.topohvar.at\/wp-content\/uploads\/2024\/10\/DO-MO-02-21.jpg 205w, https:\/\/www.topohvar.at\/wp-content\/uploads\/2024\/10\/DO-MO-02-21-108x300.jpg 108w\" sizes=\"auto, (max-width: 205px) 100vw, 205px\" \/><\/p><\/div><\/div><div class='content-column one_third last_column'><div style=\"padding-right:0px;padding-left:6px;\"><p>&nbsp;<\/p>\n<p>&nbsp;<\/p>\n<p>Anl\u00e4sslich des 100. Jahrestages (2018) des Endes des Ersten Weltkrieges hat der Verein Tartajun die Restaurierung von Denkm\u00e4lern finanziert. Die Arbeiten wurden von Lena Buzolic, einer Restauratorin aus Hvar, durchgef\u00fchrt. Bei dieser Gelegenheit restaurierte sie auch dieses Denkmal.<\/p><\/div><\/div><div class='clear_column'><\/div><\/p>\n<p style=\"text-align: center;\"><em>(Tartajun)<\/em><\/p>\n<hr \/>\n<p><strong>Linkovi \/ Links<\/strong><\/p>\n<p><span style=\"color: #3366ff;\"><a style=\"color: #3366ff;\" href=\"https:\/\/www.topohvar.at\/topo\/orte\/do\/do-og-01-2\/\">Staro groblje \/ alter Friedhof<\/a><\/span><\/p>\n","protected":false},"excerpt":{"rendered":"<p>Ime \/ Name Spomenik palim borcima I. sv. Rat \/ Denkmal der Gefallenen des I. Weltkriegs Code: DO-MO-02\u00a0 \u00a0 \u00a0 \u00a0 \u00a0 \u00a0 \u00a0 \u00a0 \u00a0 \u00a0 \u00a0 \u00a0 \u00a0 \u00a0 \u00a0 \u00a0 \u00a0 \u00a0\u00a0 Adresa \/ Adresse Dol &#8211; &hellip; <a href=\"https:\/\/www.topohvar.at\/topo\/orte\/do\/do-mo-02-2\/\">Weiterlesen <span class=\"meta-nav\">&rarr;<\/span><\/a><\/p>\n","protected":false},"author":1,"featured_media":0,"parent":68,"menu_order":0,"comment_status":"closed","ping_status":"closed","template":"","meta":{"footnotes":""},"class_list":["post-1847","page","type-page","status-publish","hentry"],"_links":{"self":[{"href":"https:\/\/www.topohvar.at\/topo\/wp-json\/wp\/v2\/pages\/1847","targetHints":{"allow":["GET"]}}],"collection":[{"href":"https:\/\/www.topohvar.at\/topo\/wp-json\/wp\/v2\/pages"}],"about":[{"href":"https:\/\/www.topohvar.at\/topo\/wp-json\/wp\/v2\/types\/page"}],"author":[{"embeddable":true,"href":"https:\/\/www.topohvar.at\/topo\/wp-json\/wp\/v2\/users\/1"}],"replies":[{"embeddable":true,"href":"https:\/\/www.topohvar.at\/topo\/wp-json\/wp\/v2\/comments?post=1847"}],"version-history":[{"count":29,"href":"https:\/\/www.topohvar.at\/topo\/wp-json\/wp\/v2\/pages\/1847\/revisions"}],"predecessor-version":[{"id":69739,"href":"https:\/\/www.topohvar.at\/topo\/wp-json\/wp\/v2\/pages\/1847\/revisions\/69739"}],"up":[{"embeddable":true,"href":"https:\/\/www.topohvar.at\/topo\/wp-json\/wp\/v2\/pages\/68"}],"wp:attachment":[{"href":"https:\/\/www.topohvar.at\/topo\/wp-json\/wp\/v2\/media?parent=1847"}],"curies":[{"name":"wp","href":"https:\/\/api.w.org\/{rel}","templated":true}]}}