{"id":19390,"date":"2019-01-27T07:31:44","date_gmt":"2019-01-27T06:31:44","guid":{"rendered":"https:\/\/www.topohvar.at\/?page_id=19390"},"modified":"2024-04-24T11:56:12","modified_gmt":"2024-04-24T09:56:12","slug":"je-ig-04-1","status":"publish","type":"page","link":"https:\/\/www.topohvar.at\/topo\/orte\/je\/je-ig-04-1\/","title":{"rendered":"JELSA &#8211; Grb \u00bbIvan Obradi\u0107 Bevilaqua\u00ab"},"content":{"rendered":"<p><strong><img loading=\"lazy\" decoding=\"async\" class=\"aligncenter wp-image-54838 size-full\" src=\"https:\/\/www.topohvar.at\/wp-content\/uploads\/2021\/12\/je-ig-04-1.jpg\" alt=\"\" width=\"1080\" height=\"530\" srcset=\"https:\/\/www.topohvar.at\/wp-content\/uploads\/2021\/12\/je-ig-04-1.jpg 1080w, https:\/\/www.topohvar.at\/wp-content\/uploads\/2021\/12\/je-ig-04-1-300x147.jpg 300w, https:\/\/www.topohvar.at\/wp-content\/uploads\/2021\/12\/je-ig-04-1-1024x503.jpg 1024w, https:\/\/www.topohvar.at\/wp-content\/uploads\/2021\/12\/je-ig-04-1-768x377.jpg 768w\" sizes=\"auto, (max-width: 1080px) 100vw, 1080px\" \/><\/strong><\/p>\n<p><strong>Ime \/ Name<br \/>\n<\/strong>Grb \u00bbIvan Obradi\u0107 Bevilaqua\u00ab \/ Wappen des Ivan Obradi\u0107 Bevilaqua<\/p>\n<p><strong>Code: <\/strong>JE-IG-04\u00a0 \u00a0 \u00a0 \u00a0 \u00a0 \u00a0 \u00a0 \u00a0 \u00a0 \u00a0 \u00a0 \u00a0 \u00a0 \u00a0 \u00a0 \u00a0 \u00a0 \u00a0<strong><a href=\"https:\/\/www.topohvar.at\/orte\/je\/je-ig-03-1\/\"><img loading=\"lazy\" decoding=\"async\" class=\"alignnone wp-image-533 size-full\" src=\"https:\/\/www.topohvar.at\/wp-content\/uploads\/2018\/07\/push-l-30.jpg\" alt=\"\" width=\"61\" height=\"30\" \/><\/a> <a href=\"https:\/\/www.topohvar.at\/orte\/je\/\"><img loading=\"lazy\" decoding=\"async\" class=\"alignnone wp-image-535 size-full\" src=\"https:\/\/www.topohvar.at\/wp-content\/uploads\/2018\/07\/push-o-30.jpg\" alt=\"\" width=\"61\" height=\"30\" \/><\/a> <a href=\"https:\/\/www.topohvar.at\/orte\/je\/je-ig-01-1\/\"><img loading=\"lazy\" decoding=\"async\" class=\"alignnone wp-image-536 size-full\" src=\"https:\/\/www.topohvar.at\/wp-content\/uploads\/2018\/07\/push-r-30.jpg\" alt=\"\" width=\"61\" height=\"30\" \/><\/a>\u00a0<a href=\"https:\/\/www.topohvar.at\/orte\/je\/je-ir-02-1\/\"><img loading=\"lazy\" decoding=\"async\" class=\"alignnone wp-image-12299 size-full\" src=\"https:\/\/www.topohvar.at\/wp-content\/uploads\/2018\/09\/push-next-30.jpg\" alt=\"\" width=\"61\" height=\"30\" \/><\/a><\/strong><\/p>\n<hr \/>\n<p><strong>Adresa \/ Adresse<br \/>\n<\/strong>Jelsa, Trg kri\u017eono\u0161e, Lapedarij<\/p>\n<p><strong>Lokacija<\/strong><strong> \/ Position<a href=\"https:\/\/goo.gl\/maps\/KoDLQ5YkiF4AffLRA\"><img loading=\"lazy\" decoding=\"async\" class=\"alignright wp-image-8925\" src=\"https:\/\/www.topohvar.at\/wp-content\/uploads\/2018\/08\/0391.jpg\" alt=\"\" width=\"133\" height=\"100\" \/><\/a><br \/>\n<\/strong><a href=\"https:\/\/goo.gl\/maps\/KoDLQ5YkiF4AffLRA\">Latitude: N 43,16069\u00b0\u00a0 \u00a0Longitude: E 16,69256\u00b0<\/a> <strong><br \/>\n<\/strong>Visina \/ H\u00f6he: 6 m<\/p>\n<p><strong>Katastarska \u010destica <\/strong><strong>\/ Grundst\u00fccke<br \/>\n<\/strong>*202<div class='content-column one_half'><div style=\"padding-right:6px;\"><p><strong>Datum snimanja \/ Erfassungsdatum<br \/>\n<\/strong>17.05.2017 12:00:00<\/p>\n<hr \/>\n<p><strong>Informacije<\/strong><\/p>\n<p>U dvori\u0161tu ku\u0107e Bevilacqua-Machiedo stajala je kamena krunska bunara (stol) s grbom Ivana Obradi\u0107a Bevilaqua. Iznad grba nalazi se latinski natpis:<\/p><\/div><\/div><div class='content-column one_half last_column'><div style=\"padding-right:0px;padding-left:6px;\"><p><strong>Stupanj za\u0161tite<\/strong><strong> \/ Schutzstellung<br \/>\n<\/strong>&#8211;<\/p>\n<hr \/>\n<p><strong>Info<\/strong><\/p>\n<p>Ein Steinkronenbrunnen (Tisch) mit dem Wappen des Ivan Obradi\u0107 Bevilaqua stand fr\u00fcher im Hof des Hauses Bevilacqua-Machiedo. \u00dcber dem Wappen befindet sich eine lateinischen Inschrift:<\/p><\/div><\/div><div class='clear_column'><\/div><\/p>\n<p style=\"text-align: center;\">SEMPER RIGATA CRESCVNT IOANIS VNDIPOTAE.<\/p>\n<div class='content-column one_half'><div style=\"padding-right:6px;\"><p>(Ono \u0161to se stalno natapa \u2013 raste Ivan Undipota)<\/p>\n<p>Natpis je zapravo gelso ugledne jel\u0161anske obitelji Obradi\u0107-Bevilaqua, a nalazi se iznad obiteljskog grba. Stol je pripadao vitezu Ivanu Obradi\u0107u o \u010demu svjedo\u010di njegovo latinizirano ime na dnu stola, koji se izvorno nalazio u ladanjskoj ku\u0107i Machiedo u Jelsi, kasnijih nasljednika. Ivan Obradi\u0107 je ostao zapa\u017een tijekom Kandijskog rata u borbi protiv Turaka te kao prvi veliki brodovlasnik na otoku u 17. Stolje\u0107u.<\/p><\/div><\/div><div class='content-column one_half last_column'><div style=\"padding-right:0px;padding-left:6px;\"><p>(was immer bew\u00e4ssert wird &#8211; w\u00e4chst, Johann Undipota).<\/p>\n<p>Die Inschrift ist das Motto der bedeutenden Familie Jelsa Obradi\u0107-Bevilaqua und befindet sich \u00fcber dem Familienwappen. Der Tisch geh\u00f6rte dem Ritter Ivan Obradi\u0107, wie sein latinisierter Name am unteren Ende des Tisches beweist, der sich urspr\u00fcnglich im Landhaus Machiedo in Jelsa befand, sp\u00e4ter Erben. Ivan Obradi\u0107 blieb w\u00e4hrend des Kandischen Krieges im Kampf gegen die T\u00fcrken und als erster gro\u00dfer Reeder auf der Insel im 17. Jahrhundert bemerkenswert.<\/p><\/div><\/div><div class='clear_column'><\/div><\/p>\n<p style=\"text-align: right;\"><span style=\"color: #3366ff;\"><a style=\"color: #3366ff;\" href=\"#seite_oben\">natrag na vrh \/ Seitenanfang<\/a><\/span><\/p>\n<hr \/>\n<p><strong>Linkovi \/ Links<\/strong><\/p>\n<p><span style=\"color: #3366ff;\"><a style=\"color: #3366ff;\" href=\"https:\/\/www.topohvar.at\/orte\/je\/je-tg-17-1\/\">Ku\u0107a Ivana Obradi\u0107 Bevilaqua \/\u00a0 Haus des Ivan Obradi\u0107 Bevilaqua<\/a><\/span><br \/>\n<span style=\"color: #3366ff;\"><a style=\"color: #3366ff;\" href=\"https:\/\/www.topohvar.at\/orte\/je\/je-ci-01-1\/\">Lapedarij \/ Lapidarium<\/a><\/span><\/p>\n","protected":false},"excerpt":{"rendered":"<p>Ime \/ Name Grb \u00bbIvan Obradi\u0107 Bevilaqua\u00ab \/ Wappen des Ivan Obradi\u0107 Bevilaqua Code: JE-IG-04\u00a0 \u00a0 \u00a0 \u00a0 \u00a0 \u00a0 \u00a0 \u00a0 \u00a0 \u00a0 \u00a0 \u00a0 \u00a0 \u00a0 \u00a0 \u00a0 \u00a0 \u00a0 \u00a0 Adresa \/ Adresse Jelsa, Trg kri\u017eono\u0161e, Lapedarij &hellip; <a href=\"https:\/\/www.topohvar.at\/topo\/orte\/je\/je-ig-04-1\/\">Weiterlesen <span class=\"meta-nav\">&rarr;<\/span><\/a><\/p>\n","protected":false},"author":1,"featured_media":0,"parent":85,"menu_order":0,"comment_status":"closed","ping_status":"closed","template":"","meta":{"footnotes":""},"class_list":["post-19390","page","type-page","status-publish","hentry"],"_links":{"self":[{"href":"https:\/\/www.topohvar.at\/topo\/wp-json\/wp\/v2\/pages\/19390","targetHints":{"allow":["GET"]}}],"collection":[{"href":"https:\/\/www.topohvar.at\/topo\/wp-json\/wp\/v2\/pages"}],"about":[{"href":"https:\/\/www.topohvar.at\/topo\/wp-json\/wp\/v2\/types\/page"}],"author":[{"embeddable":true,"href":"https:\/\/www.topohvar.at\/topo\/wp-json\/wp\/v2\/users\/1"}],"replies":[{"embeddable":true,"href":"https:\/\/www.topohvar.at\/topo\/wp-json\/wp\/v2\/comments?post=19390"}],"version-history":[{"count":13,"href":"https:\/\/www.topohvar.at\/topo\/wp-json\/wp\/v2\/pages\/19390\/revisions"}],"predecessor-version":[{"id":66863,"href":"https:\/\/www.topohvar.at\/topo\/wp-json\/wp\/v2\/pages\/19390\/revisions\/66863"}],"up":[{"embeddable":true,"href":"https:\/\/www.topohvar.at\/topo\/wp-json\/wp\/v2\/pages\/85"}],"wp:attachment":[{"href":"https:\/\/www.topohvar.at\/topo\/wp-json\/wp\/v2\/media?parent=19390"}],"curies":[{"name":"wp","href":"https:\/\/api.w.org\/{rel}","templated":true}]}}