{"id":19486,"date":"2019-01-27T16:27:55","date_gmt":"2019-01-27T15:27:55","guid":{"rendered":"https:\/\/www.topohvar.at\/?page_id=19486"},"modified":"2021-06-30T09:15:51","modified_gmt":"2021-06-30T07:15:51","slug":"vj-mo-06-1","status":"publish","type":"page","link":"https:\/\/www.topohvar.at\/topo\/orte\/vj\/vj-mo-06-1\/","title":{"rendered":"VRBANJ &#8211; Spomenik kapela pala borcima"},"content":{"rendered":"<p><a name=\"seite_oben\"><\/a><br \/>\n<strong><img loading=\"lazy\" decoding=\"async\" class=\"alignnone wp-image-19489 size-large\" src=\"https:\/\/www.topohvar.at\/wp-content\/uploads\/2019\/01\/vj-mo-06-1-1024x503.jpg\" alt=\"\" width=\"640\" height=\"314\" srcset=\"https:\/\/www.topohvar.at\/wp-content\/uploads\/2019\/01\/vj-mo-06-1-1024x503.jpg 1024w, https:\/\/www.topohvar.at\/wp-content\/uploads\/2019\/01\/vj-mo-06-1-300x147.jpg 300w, https:\/\/www.topohvar.at\/wp-content\/uploads\/2019\/01\/vj-mo-06-1-768x377.jpg 768w, https:\/\/www.topohvar.at\/wp-content\/uploads\/2019\/01\/vj-mo-06-1.jpg 1080w\" sizes=\"auto, (max-width: 640px) 100vw, 640px\" \/><\/strong><\/p>\n<p><strong>Ime \/ Name<br \/>\n<\/strong>Spomenik kapela pala borcima \/ Ged\u00e4chtniskapelle der Gefallenen<\/p>\n<p><strong>Code: <\/strong>VJ-MO-06\u00a0 \u00a0 \u00a0 \u00a0 \u00a0 \u00a0 \u00a0 \u00a0<strong>\u00a0 \u00a0 \u00a0 \u00a0 \u00a0 \u00a0 \u00a0 \u00a0 \u00a0 \u00a0<a href=\"https:\/\/www.topohvar.at\/orte\/vj\/vj-mo-09-1\/\"><img loading=\"lazy\" decoding=\"async\" class=\"alignnone wp-image-533 size-full\" src=\"https:\/\/www.topohvar.at\/wp-content\/uploads\/2018\/07\/push-l-30.jpg\" alt=\"\" width=\"61\" height=\"30\" \/><\/a>\u00a0<a href=\"https:\/\/www.topohvar.at\/orte\/vj\/\"><img loading=\"lazy\" decoding=\"async\" class=\"alignnone wp-image-535 size-full\" src=\"https:\/\/www.topohvar.at\/wp-content\/uploads\/2018\/07\/push-o-30.jpg\" alt=\"\" width=\"61\" height=\"30\" \/><\/a>\u00a0<a href=\"https:\/\/www.topohvar.at\/orte\/vj\/vj-mo-08-1\/\"><img loading=\"lazy\" decoding=\"async\" class=\"alignnone wp-image-536 size-full\" src=\"https:\/\/www.topohvar.at\/wp-content\/uploads\/2018\/07\/push-r-30.jpg\" alt=\"\" width=\"61\" height=\"30\" \/><\/a><\/strong><\/p>\n<hr \/>\n<p><strong>Adresa \/ Adresse<br \/>\n<\/strong>Vrbanj,\u00a0Novo groblje<\/p>\n<p><strong>Lokalna polo\u017eaj \/ Position<a href=\"https:\/\/goo.gl\/maps\/hJqvMTFrCQReyAdF6\"><img loading=\"lazy\" decoding=\"async\" class=\"alignright wp-image-7142\" src=\"https:\/\/www.topohvar.at\/wp-content\/uploads\/2018\/08\/1727.jpg\" alt=\"\" width=\"134\" height=\"100\" \/><\/a><br \/>\n<\/strong><span style=\"color: #3366ff;\"><a style=\"color: #3366ff;\" href=\"https:\/\/goo.gl\/maps\/hJqvMTFrCQReyAdF6\">Latitude: N 43,16929\u00b0\u00a0 \u00a0 Longitude: E 16,64651\u00b0\u00a0<\/a><\/span><strong><br \/>\n<\/strong>Visina \/ H\u00f6he: 59 m<\/p>\n<p><strong>Zemlji\u0161te \/ Grundst\u00fccke<br \/>\n<\/strong>2401, 2402\/1-2, 2403, 2404\/1, 2405, 2407\/3<div class='content-column one_half'><div style=\"padding-right:6px;\"><p><strong>Datum snimanja \/ Erfassungsdatum<br \/>\n<\/strong>13.05.2018 10:22:28<\/p>\n<hr \/>\n<p><strong>Informacije<\/strong><\/p>\n<p>Na stra\u017enjem zidu spomen-kapele nalaze se fotografije s imenima \u017ertava<\/p><\/div><\/div><div class='content-column one_half last_column'><div style=\"padding-right:0px;padding-left:6px;\"><p><strong>Za\u0161titni polo\u017eaj \/ Schutzstellung<br \/>\n<\/strong>&#8211;<\/p>\n<hr \/>\n<p><strong>Info<\/strong><\/p>\n<p>An der R\u00fcckwand der Gedenkkapelle finden sich die Fotos mit den Namen der Opfer<\/p><\/div><\/div><div class='clear_column'><\/div><div class='content-column one_half'><div style=\"padding-right:6px;\"><p>1. red \/ 1. Reihe<\/p>\n<p>\u010cUBRE LUKA LUKE 1921 \u2013 1944<br \/>\n\u010cUBRE NIKOLA LUKE 1925 \u2013 1945<br \/>\nLIZATOVI\u0106 ANTE MARIJANA 1922 \u2013 1943<br \/>\nLIZATOVI\u0106 JOSIP MARIJANA 1922 \u2013 1943<br \/>\nPAVI\u010cI\u0106 SLAVO MIHOVILA 1922 \u2013 1943<br \/>\nPAVI\u010cI\u0106 MATE MIHOVILA 1921 &#8211; 1943<br \/>\nPAVI\u010cI\u0106 MARKO MIHOVILA 1924 &#8211; 1944<br \/>\nPAVI\u010cI\u0106 LUKE MARIJANA 1920 &#8211; 1943<br \/>\nPAVI\u010cI\u0106 MATE MARIJANA 1921 &#8211; 1943<br \/>\nMATKOVI\u0106 DRA\u017dICA IVAN MATIJA 1919 \u2013 1944<br \/>\nMATKOVI\u0106 DRA\u017dICA MARIN MATIJA 1921 \u2013 1944<\/p><\/div><\/div><div class='content-column one_half last_column'><div style=\"padding-right:0px;padding-left:6px;\"><p>2. red \/ 2. Reihe<\/p>\n<p>VODANOVI\u0106 NIKOLA ANTE 1924-1945<br \/>\nVODANOVI\u0106 JAKOV ANTE 1923-1943<br \/>\nVODANOVI\u0106 IVAN ANTE 1920-1943<br \/>\nBRATANI\u0106 BUDIMIR MIHOVILA 1918 \u2013 1944<br \/>\nPAVI\u010cI\u0106 TOMA JAKOVA 1914 \u2013 1943<br \/>\nMAKOVI\u0106 NIKOLA ANDRIJE 1918 \u2013 1943<br \/>\nMAKOVI\u0106 SERAFIN ANDRIJE 1925 \u2013 1944<br \/>\nMILO\u0160 NIKOLA IVANA 1921 \u2013 1945<br \/>\nTRESI\u0106 MATE PETRA 1920 \u2013 1942<\/p><\/div><\/div><div class='clear_column'><\/div><div class='content-column one_half'><div style=\"padding-right:6px;\"><p>3. red \/ 3. Reihe<\/p>\n<p>VIDO\u0160EVI\u0106 MARKO MARINA 1922 &#8211; 1944<br \/>\nJUSTIJANOVI\u0106 TONKO SPIRE 1922 \u2013 1943<br \/>\nPAVI\u010cI\u0106 IVELJA DRAGO ILIJE 1922 \u2013 1944<br \/>\nRAZOVI\u0106 MILAN VICKA 1923 \u2013 1944<br \/>\nLU\u0160I\u0106 MATE MATE 1922 \u2013 1942<br \/>\nBURATOVI\u0106 NIKOLA TOME 1921 \u2013 1943<br \/>\nTRESI\u0106 LUKA MATE 1920 \u2013 1943<br \/>\nVODANOVI\u0106 NIKOLA mld. JAKOVA 1924 &#8211; 1945<\/p><\/div><\/div><div class='content-column one_half last_column'><div style=\"padding-right:0px;padding-left:6px;\"><p>4. red \/ 4. Reihe<\/p>\n<p>VITALI IVO ANTE 1921 \u2013 1942<br \/>\nSTIPI\u0160I\u0106 JULIJAN JURE 1921 \u2013 1943<br \/>\nPAVI\u010cI\u0106 ANTE ANTE trbunol 1923 \u2013 1943<br \/>\nVODANOVI\u0106 JOSIP NIKOLE 1918 \u2013 1943<br \/>\nVODANOVI\u0106 MANDICA NIKOLE 1920 \u2013 1944<br \/>\nPAVI\u010cI\u0106 JOSIP KUZME 1923 \u2013 1943<br \/>\nBURATOVI\u0106 IVAN JAKOVA 1921 \u2013 1945<br \/>\nBURATOVI\u0106 JURAJ MAKSO ANTE 1922 \u2013 1942<br \/>\nMATKOVI\u0106 JURAJ IVANA 1920 \u2013 1943<\/p><\/div><\/div><div class='clear_column'><\/div><\/p>\n<p style=\"padding-left: 200px;\">5. red \/ 5. Reihe<\/p>\n<p style=\"padding-left: 200px;\">LU\u0160I\u0106 STJEPAN STJEPANA 1915 &#8211; 1944<br \/>\nPERI\u0106 IVO JERKA 1919 \u2013 1942<br \/>\n\u010cUBRE MILIVOJ JURJA 1914 \u2013 1944<br \/>\nLJUBI\u0106 ANDJELO CVITANA 1915 \u2013 1944<br \/>\nBURATOVI\u0106 \u0160IMUN GABRE 1917 \u2013 1943<br \/>\nBRATANI\u0106 DINKO NIKOLE 1925 \u2013 1944<br \/>\nVIDO\u0160EVI\u0106 JOSIP BLAZA 1919 \u2013 1943<br \/>\nMATKOVI\u0106 MIHOVIL MATIJE 1915 \u2013 1943<br \/>\nBULI\u0106 MARIJAN NIKOLE 1910 \u2013 1944<br \/>\n\u010cUBRE DUJNO LUKE 1911 \u2013 1944<br \/>\nMATKOVI\u0106 DRA\u017dICA ANTE IVANA 1919 &#8211; 1945<\/p>\n<div class='content-column one_half'><div style=\"padding-right:6px;\"><p>POGINULI U NARODNOOSLOBODILA\u010cKOM RATU 1941 \u2013 1945<br \/>\nUDRU\u017dENJE BORACA NOR-a VRBANJ 1987<\/p><\/div><\/div><div class='content-column one_half last_column'><div style=\"padding-right:0px;padding-left:6px;\"><p>Die Gefallenen im Volksbefreiungskampfes 1941 &#8211; 1945<br \/>\nVerein der K\u00e4mpfer des Volksbefreiungskampfes, Vrbanj 1987<\/p><\/div><\/div><div class='clear_column'><\/div><\/p>\n<p><img loading=\"lazy\" decoding=\"async\" class=\"aligncenter size-full wp-image-50405\" src=\"https:\/\/www.topohvar.at\/wp-content\/uploads\/2021\/06\/vj-mo-06-10.jpg\" alt=\"\" width=\"1080\" height=\"698\" srcset=\"https:\/\/www.topohvar.at\/wp-content\/uploads\/2021\/06\/vj-mo-06-10.jpg 1080w, https:\/\/www.topohvar.at\/wp-content\/uploads\/2021\/06\/vj-mo-06-10-300x194.jpg 300w, https:\/\/www.topohvar.at\/wp-content\/uploads\/2021\/06\/vj-mo-06-10-1024x662.jpg 1024w, https:\/\/www.topohvar.at\/wp-content\/uploads\/2021\/06\/vj-mo-06-10-768x496.jpg 768w\" sizes=\"auto, (max-width: 1080px) 100vw, 1080px\" \/><\/p>\n<hr \/>\n<div class='content-column one_half'><div style=\"padding-right:6px;\"><p>Spomen-kamen za Ivicu Stipi\u0161i\u0107a postavljen je uz spomen kapelu 2020. godine.<\/p><\/div><\/div><div class='content-column one_half last_column'><div style=\"padding-right:0px;padding-left:6px;\"><p>Neben der Ged\u00e4chtniskapelle wurde im Jahre 2020 ein Gedenkstein f\u00fcr Ivica Stipi\u0161i\u0107 errichet.<\/p><\/div><\/div><div class='clear_column'><\/div><\/p>\n<p style=\"text-align: right;\"><span style=\"color: #3366ff;\"><a style=\"color: #3366ff;\" href=\"#seite_oben\">Natrag na vrh \/ Seitenanfang<\/a><\/span><\/p>\n<hr \/>\n<p><strong>Linkovi \/ Links<\/strong><\/p>\n<p><span style=\"color: #3366ff;\"><a style=\"color: #3366ff;\" href=\"https:\/\/www.topohvar.at\/orte\/vj\/vj-og-02-1\/\">Novo groblje \/ Neuer Friedhof<\/a><br \/>\n<a style=\"color: #3366ff;\" href=\"https:\/\/www.topohvar.at\/topo\/orte\/vj\/vj-mo-08-1\/\">Spomen-kamen \u00bbIvica Stipi\u0161i\u0107\u00ab \/ Gedenkstein Ivica Stipi\u0161i\u0107<\/a><br \/>\n<a style=\"color: #3366ff;\" href=\"https:\/\/www.topohvar.at\/topo\/orte\/vj\/vj-tg-10-1\/\">Zgrada javne \u00bbStara mrtva\u010dnica\u00ab \/ alte Leichenhalle<\/a><br \/>\n<\/span><\/p>\n","protected":false},"excerpt":{"rendered":"<p>Ime \/ Name Spomenik kapela pala borcima \/ Ged\u00e4chtniskapelle der Gefallenen Code: VJ-MO-06\u00a0 \u00a0 \u00a0 \u00a0 \u00a0 \u00a0 \u00a0 \u00a0\u00a0 \u00a0 \u00a0 \u00a0 \u00a0 \u00a0 \u00a0 \u00a0 \u00a0 \u00a0\u00a0\u00a0 Adresa \/ Adresse Vrbanj,\u00a0Novo groblje Lokalna polo\u017eaj \/ Position Latitude: N &hellip; <a href=\"https:\/\/www.topohvar.at\/topo\/orte\/vj\/vj-mo-06-1\/\">Weiterlesen <span class=\"meta-nav\">&rarr;<\/span><\/a><\/p>\n","protected":false},"author":1,"featured_media":0,"parent":111,"menu_order":0,"comment_status":"closed","ping_status":"closed","template":"","meta":{"footnotes":""},"class_list":["post-19486","page","type-page","status-publish","hentry"],"_links":{"self":[{"href":"https:\/\/www.topohvar.at\/topo\/wp-json\/wp\/v2\/pages\/19486","targetHints":{"allow":["GET"]}}],"collection":[{"href":"https:\/\/www.topohvar.at\/topo\/wp-json\/wp\/v2\/pages"}],"about":[{"href":"https:\/\/www.topohvar.at\/topo\/wp-json\/wp\/v2\/types\/page"}],"author":[{"embeddable":true,"href":"https:\/\/www.topohvar.at\/topo\/wp-json\/wp\/v2\/users\/1"}],"replies":[{"embeddable":true,"href":"https:\/\/www.topohvar.at\/topo\/wp-json\/wp\/v2\/comments?post=19486"}],"version-history":[{"count":19,"href":"https:\/\/www.topohvar.at\/topo\/wp-json\/wp\/v2\/pages\/19486\/revisions"}],"predecessor-version":[{"id":50456,"href":"https:\/\/www.topohvar.at\/topo\/wp-json\/wp\/v2\/pages\/19486\/revisions\/50456"}],"up":[{"embeddable":true,"href":"https:\/\/www.topohvar.at\/topo\/wp-json\/wp\/v2\/pages\/111"}],"wp:attachment":[{"href":"https:\/\/www.topohvar.at\/topo\/wp-json\/wp\/v2\/media?parent=19486"}],"curies":[{"name":"wp","href":"https:\/\/api.w.org\/{rel}","templated":true}]}}