{"id":21057,"date":"2019-04-07T19:41:42","date_gmt":"2019-04-07T17:41:42","guid":{"rendered":"https:\/\/www.topohvar.at\/?page_id=21057"},"modified":"2025-02-12T16:45:58","modified_gmt":"2025-02-12T15:45:58","slug":"su-tg-04-1","status":"publish","type":"page","link":"https:\/\/www.topohvar.at\/topo\/orte\/su\/su-tg-04-1\/","title":{"rendered":"SU\u0106URAJ &#8211; Zgrada \u00bbPalac\u00ab"},"content":{"rendered":"<p><a name=\"seite_oben\"><\/a><br \/>\n<strong><img loading=\"lazy\" decoding=\"async\" class=\"aligncenter wp-image-71105 size-full\" src=\"https:\/\/www.topohvar.at\/wp-content\/uploads\/2025\/02\/su-tg-04-11.jpg\" alt=\"\" width=\"1080\" height=\"530\" srcset=\"https:\/\/www.topohvar.at\/wp-content\/uploads\/2025\/02\/su-tg-04-11.jpg 1080w, https:\/\/www.topohvar.at\/wp-content\/uploads\/2025\/02\/su-tg-04-11-300x147.jpg 300w, https:\/\/www.topohvar.at\/wp-content\/uploads\/2025\/02\/su-tg-04-11-1024x503.jpg 1024w, https:\/\/www.topohvar.at\/wp-content\/uploads\/2025\/02\/su-tg-04-11-768x377.jpg 768w\" sizes=\"auto, (max-width: 1080px) 100vw, 1080px\" \/><\/strong><\/p>\n<p><strong>Ime \/ Name<br \/>\n<\/strong>Zgrada \u00bbPalac\u00ab<\/p>\n<p><strong>Code: <\/strong>SU-TG-04\u00a0 \u00a0 \u00a0 \u00a0 \u00a0 \u00a0 \u00a0 \u00a0 \u00a0 \u00a0 \u00a0 \u00a0 \u00a0 \u00a0 \u00a0 \u00a0 \u00a0 \u00a0 \u00a0 \u00a0 <strong><a href=\"https:\/\/www.topohvar.at\/topo\/su-tg-01-1\/\"><img loading=\"lazy\" decoding=\"async\" class=\"alignnone wp-image-12300 size-full\" src=\"https:\/\/www.topohvar.at\/wp-content\/uploads\/2018\/09\/push-vor-30.jpg\" alt=\"\" width=\"61\" height=\"30\" \/><\/a><\/strong>\u00a0<a href=\"https:\/\/www.topohvar.at\/orte\/su\/su-tg-02-1\/\"><img loading=\"lazy\" decoding=\"async\" class=\"alignnone wp-image-533 size-full\" src=\"https:\/\/www.topohvar.at\/wp-content\/uploads\/2018\/07\/push-l-30.jpg\" alt=\"\" width=\"61\" height=\"30\" \/><\/a><strong> <a href=\"https:\/\/www.topohvar.at\/orte\/su\/\"><img loading=\"lazy\" decoding=\"async\" class=\"alignnone wp-image-535 size-full\" src=\"https:\/\/www.topohvar.at\/wp-content\/uploads\/2018\/07\/push-o-30.jpg\" alt=\"\" width=\"61\" height=\"30\" \/><\/a> <a href=\"https:\/\/www.topohvar.at\/orte\/su\/su-tg-06-1\/\"><img loading=\"lazy\" decoding=\"async\" class=\"alignnone wp-image-536 size-full\" src=\"https:\/\/www.topohvar.at\/wp-content\/uploads\/2018\/07\/push-r-30.jpg\" alt=\"\" width=\"61\" height=\"30\" \/><\/a><\/strong><\/p>\n<hr \/>\n<p><strong>Adresa \/ Adresse<br \/>\n<\/strong>Su\u0107uraj, Riva,\u00a0Ku\u0107a \/ Haus &#8222;Palac&#8220;<\/p>\n<p><strong>Lokacija \/ Position<a href=\"https:\/\/goo.gl\/maps\/rEZZGyBNDtwu3yia8\"><img loading=\"lazy\" decoding=\"async\" class=\"alignright wp-image-20861\" src=\"https:\/\/www.topohvar.at\/wp-content\/uploads\/2019\/04\/2011.jpg\" alt=\"\" width=\"134\" height=\"100\" \/><\/a><br \/>\n<\/strong><span style=\"color: #3366ff;\"><a style=\"color: #3366ff;\" href=\"https:\/\/goo.gl\/maps\/rEZZGyBNDtwu3yia8\">Latitude: N 43,12608\u00b0\u00a0 \u00a0Longitude: E 17,18761\u00b0<\/a> <\/span><strong><br \/>\n<\/strong>Visina \/ H\u00f6he: 4 m<\/p>\n<p><strong>Katastarska \u010destica <\/strong><strong>\/ Grundst\u00fccke<br \/>\n<\/strong>*119 <div class='content-column one_half'><div style=\"padding-right:6px;\"><p><strong>Datum snimanja \/ Erfassungsdatum<br \/>\n<\/strong>21.03.2019\u00a011:16:28<\/p>\n<hr \/>\n<p><strong>Informacije<\/strong><\/p>\n<p>Ku\u0107a zvana Palac nalazi se na Portu s sjeverne strane. Prvi podaci o njenoj gradnju idu u sredinu 15 stolje\u0107a kada hvarski plemi\u0107i dobivaju zemlju za sadnju vinove loze.<\/p><\/div><\/div><div class='content-column one_half last_column'><div style=\"padding-right:0px;padding-left:6px;\"><p><strong>Stupanj za\u0161tite<\/strong><strong> \/ Schutzstellung<br \/>\n<\/strong>&#8211;<\/p>\n<hr \/>\n<p><strong>Info<\/strong><\/p>\n<p>Das Palac genannte Haus liegt auf der Nordseite von Porto. Die ersten Informationen \u00fcber seinen Bau stammen aus der Mitte des 15. Jahrhunderts, als die Adeligen von Hvar Land zum Anpflanzen von Weinreben erhielten.<\/p><\/div><\/div><div class='clear_column'><\/div><div class='content-column one_half'><div style=\"padding-right:6px;\"><p>Ku\u0107a se nadogra\u0111uje pa tako i njen zapadni dio gdje su se pro\u0161le godine pri unutarnjoj obnovi otkrile faze gradnje iz 16 stolje\u0107a. Lice kruna zdenca je ukra\u0161eno cvijetom. Ju\u017eni zid s unutarnje strane otkrio je tragove komina(?).<\/p><\/div><\/div><div class='content-column one_half last_column'><div style=\"padding-right:0px;padding-left:6px;\"><p>Das Haus wird saniert, auch sein Westteil, wo im vergangenen Jahr bei Innenrenovierungen Bauphasen aus dem 16. Jahrhundert entdeckt wurden. Die Vorderseite der Brunnenkrone ist mit einer Blume verziert. Die S\u00fcdwand wies im Inneren Spuren einer Feuerstelle(?) auf.<\/p><\/div><\/div><div class='clear_column'><\/div><div class='content-column one_half'><div style=\"padding-right:6px;\"><p>Nnovi vlasnik je bio mleta\u010dki trgovac Fabrizio Salvarese koji je ku\u0107u kupio od hvarskog plemi\u0107a i ugra\u0111enim obiteljskim grbom potvrdio svoj boravak u Su\u0107urju 1560 godine.<\/p><\/div><\/div><div class='content-column one_half last_column'><div style=\"padding-right:0px;padding-left:6px;\"><p>Der neue Besitzer war der venezianische Kaufmann Fabrizio Salvarese, der das Haus von einem Hvarer Adligen kaufte und seinen Aufenthalt in Su\u0107uraj im Jahr 1560 mit dem eingebauten Familienwappen best\u00e4tigte.<\/p><\/div><\/div><div class='clear_column'><\/div><div class='content-column one_half'><div style=\"padding-right:6px;\"><p><img loading=\"lazy\" decoding=\"async\" class=\"aligncenter wp-image-71107 size-full\" src=\"https:\/\/www.topohvar.at\/wp-content\/uploads\/2025\/02\/su-tg-04-4.jpg\" alt=\"\" width=\"300\" height=\"300\" srcset=\"https:\/\/www.topohvar.at\/wp-content\/uploads\/2025\/02\/su-tg-04-4.jpg 300w, https:\/\/www.topohvar.at\/wp-content\/uploads\/2025\/02\/su-tg-04-4-150x150.jpg 150w\" sizes=\"auto, (max-width: 300px) 100vw, 300px\" \/><\/p><\/div><\/div><div class='content-column one_half last_column'><div style=\"padding-right:0px;padding-left:6px;\"><p>&nbsp;<\/p>\n<p style=\"text-align: center;\">Renesansni portal<\/p>\n<p style=\"text-align: center;\">\/<\/p>\n<p style=\"text-align: center;\">Renaissanceportal<\/p><\/div><\/div><div class='clear_column'><\/div><div class='content-column one_half'><div style=\"padding-right:6px;\"><p><img loading=\"lazy\" decoding=\"async\" class=\"aligncenter size-full wp-image-71108\" src=\"https:\/\/www.topohvar.at\/wp-content\/uploads\/2025\/02\/su-tg-04-5.jpg\" alt=\"\" width=\"300\" height=\"300\" srcset=\"https:\/\/www.topohvar.at\/wp-content\/uploads\/2025\/02\/su-tg-04-5.jpg 300w, https:\/\/www.topohvar.at\/wp-content\/uploads\/2025\/02\/su-tg-04-5-150x150.jpg 150w\" sizes=\"auto, (max-width: 300px) 100vw, 300px\" \/><\/div><\/div><div class='content-column one_half last_column'><div style=\"padding-right:0px;padding-left:6px;\"><p style=\"text-align: center;\">Renesansna kruna zdenca iz ku\u0107e zvane Palac na Portu.<\/p>\n<p style=\"text-align: center;\">\/<\/p>\n<p style=\"text-align: center;\">Renaissance-Brunnenkrone aus dem Palac na Portu genannten Haus.<\/p>\n<p style=\"text-align: center;\"><em>(Foto: Nik\u0161a Vujnovi\u0107)<\/em><\/p><\/div><\/div><div class='clear_column'><\/div><\/p>\n<p style=\"text-align: center;\"><em>Izvor \/ Quelle: Nik\u0161a Vujnovi\u0107, Facebook<\/em><\/p>\n<div class='content-column one_half'><div style=\"padding-right:6px;\"><p>Na sjevernom zidu ku\u0107e nalazi se grb mleta\u010dke plemkinje Fabrizie Salvarese iz 1560. godine.<\/p><\/div><\/div><div class='content-column one_half last_column'><div style=\"padding-right:0px;padding-left:6px;\"><p>Ein Wappen des venezianischen Adligen Fabrizia Salvarese aus dem Jahr 1560 befindet sich an der Nordwand des Hauses.<\/p><\/div><\/div><div class='clear_column'><\/div><\/p>\n<hr \/>\n<div class='content-column one_half'><div style=\"padding-right:6px;\"><p><strong>Fabrizio Salvese<\/strong><\/p>\n<p>Bio je tih pedesetih godina uvoznik \u017eita za Serrenisimu, a u Jelsi je posjedovao \u0161tavionicu ko\u017ee. Ko\u017eu je dobavljao preko veza koje je stvorio dok je bio dragoman (tuma\u010d) na Porti (Istanbul), a u Su\u0107urju je imao brod kojim je to prevozio do otoka.<\/p><\/div><\/div><div class='content-column one_half last_column'><div style=\"padding-right:0px;padding-left:6px;\"><p><strong>Fabrizio Salvese<\/strong><\/p>\n<p>In den 1550er Jahren war er Getreideimporteur f\u00fcr die Serrenisima und besa\u00df eine Ledergerberei in Jelsa. Er beschaffte das Leder \u00fcber Kontakte, die er w\u00e4hrend seiner T\u00e4tigkeit als Dragoman (Dolmetscher) an der Pforte (Istanbul) gekn\u00fcpft hatte, und er besa\u00df in Su\u0107uraj ein Schiff, mit dem er es auf die Insel transportierte.<\/p><\/div><\/div><div class='clear_column'><\/div><div class='content-column one_half'><div style=\"padding-right:6px;\"><p>Ku\u0107a Palac je ucrtana na crte\u017eu Corronelia iz 1682 godine i na njenom zapadnoj fasadi se vidi luk Arsenala gdje je Salvarese(?)\u00a0 dr\u017eao brod.<\/p><\/div><\/div><div class='content-column one_half last_column'><div style=\"padding-right:0px;padding-left:6px;\"><p>Das Haus Palac ist auf einer Zeichnung von Corronelli aus dem Jahr 1682 abgebildet und an seiner Westfassade ist der Bogen des Arsenals zu sehen, in dem Salvarese(?) sein Schiff unterbrachte.<\/p><\/div><\/div><div class='clear_column'><\/div><div class='content-column one_half'><div style=\"padding-right:6px;\"><p><img loading=\"lazy\" decoding=\"async\" class=\"aligncenter size-full wp-image-71114\" src=\"https:\/\/www.topohvar.at\/wp-content\/uploads\/2025\/02\/su-tg-04-8.jpg\" alt=\"\" width=\"320\" height=\"396\" srcset=\"https:\/\/www.topohvar.at\/wp-content\/uploads\/2025\/02\/su-tg-04-8.jpg 320w, https:\/\/www.topohvar.at\/wp-content\/uploads\/2025\/02\/su-tg-04-8-242x300.jpg 242w\" sizes=\"auto, (max-width: 320px) 100vw, 320px\" \/><\/p><\/div><\/div><div class='content-column one_half last_column'><div style=\"padding-right:0px;padding-left:6px;\"><p>&nbsp;<\/p>\n<p>Umjetni\u010dku sliku tj.\u00a0 portret je naru\u010dio od Tiziana a \u010duva se u Kunsthistorische museumu u Be\u010du. Na slici pi\u0161e godina 1558.<\/p>\n<p style=\"text-align: center;\">-\/-<\/p>\n<p>Ein k\u00fcnstlerisches Gem\u00e4lde, ein Portr\u00e4t, gab er bei Tizian in Auftrag; es wird im Kunsthistorischen Museum in Wien aufbewahrt. Auf dem Bild ist die Jahreszahl 1558 angegeben.<\/p><\/div><\/div><div class='clear_column'><\/div><\/p>\n<p style=\"text-align: center;\"><em>Izvor \/ Quelle: Nik\u0161a Vujnovi\u0107, Facebook<\/em><\/p>\n<p style=\"text-align: right;\"><span style=\"color: #3366ff;\"><a style=\"color: #3366ff;\" href=\"#seite_oben\">natrag na vrh \/ Seitenanfang<\/a><\/span><\/p>\n<hr \/>\n<p><strong>Linkovi \/ Links<\/strong><\/p>\n<p><span style=\"color: #3366ff;\"><a style=\"color: #3366ff;\" href=\"https:\/\/www.topohvar.at\/orte\/su\/su-ig-01-1\/\">Grb \/ Wappen \u00bbFabrizia Salvarese\u00ab<\/a><\/span><\/p>\n","protected":false},"excerpt":{"rendered":"<p>Ime \/ Name Zgrada \u00bbPalac\u00ab Code: SU-TG-04\u00a0 \u00a0 \u00a0 \u00a0 \u00a0 \u00a0 \u00a0 \u00a0 \u00a0 \u00a0 \u00a0 \u00a0 \u00a0 \u00a0 \u00a0 \u00a0 \u00a0 \u00a0 \u00a0 \u00a0 \u00a0 Adresa \/ Adresse Su\u0107uraj, Riva,\u00a0Ku\u0107a \/ Haus &#8222;Palac&#8220; Lokacija \/ Position Latitude: N &hellip; <a href=\"https:\/\/www.topohvar.at\/topo\/orte\/su\/su-tg-04-1\/\">Weiterlesen <span class=\"meta-nav\">&rarr;<\/span><\/a><\/p>\n","protected":false},"author":1,"featured_media":0,"parent":103,"menu_order":0,"comment_status":"closed","ping_status":"closed","template":"","meta":{"footnotes":""},"class_list":["post-21057","page","type-page","status-publish","hentry"],"_links":{"self":[{"href":"https:\/\/www.topohvar.at\/topo\/wp-json\/wp\/v2\/pages\/21057","targetHints":{"allow":["GET"]}}],"collection":[{"href":"https:\/\/www.topohvar.at\/topo\/wp-json\/wp\/v2\/pages"}],"about":[{"href":"https:\/\/www.topohvar.at\/topo\/wp-json\/wp\/v2\/types\/page"}],"author":[{"embeddable":true,"href":"https:\/\/www.topohvar.at\/topo\/wp-json\/wp\/v2\/users\/1"}],"replies":[{"embeddable":true,"href":"https:\/\/www.topohvar.at\/topo\/wp-json\/wp\/v2\/comments?post=21057"}],"version-history":[{"count":21,"href":"https:\/\/www.topohvar.at\/topo\/wp-json\/wp\/v2\/pages\/21057\/revisions"}],"predecessor-version":[{"id":71116,"href":"https:\/\/www.topohvar.at\/topo\/wp-json\/wp\/v2\/pages\/21057\/revisions\/71116"}],"up":[{"embeddable":true,"href":"https:\/\/www.topohvar.at\/topo\/wp-json\/wp\/v2\/pages\/103"}],"wp:attachment":[{"href":"https:\/\/www.topohvar.at\/topo\/wp-json\/wp\/v2\/media?parent=21057"}],"curies":[{"name":"wp","href":"https:\/\/api.w.org\/{rel}","templated":true}]}}