{"id":21293,"date":"2019-04-10T19:45:05","date_gmt":"2019-04-10T17:45:05","guid":{"rendered":"https:\/\/www.topohvar.at\/?page_id=21293"},"modified":"2022-10-02T05:43:46","modified_gmt":"2022-10-02T03:43:46","slug":"su-pu-01-1","status":"publish","type":"page","link":"https:\/\/www.topohvar.at\/topo\/orte\/su\/su-pu-01-1\/","title":{"rendered":"SU\u0106URAJ &#8211; Objekt \u00bbProjekt &#8211; nova luka za javni promet\u00ab"},"content":{"rendered":"<p><a name=\"seite_oben\"><\/a><br \/>\n<img loading=\"lazy\" decoding=\"async\" class=\"alignnone size-full wp-image-60684\" src=\"https:\/\/www.topohvar.at\/wp-content\/uploads\/2022\/09\/su-pu-01-5.jpg\" alt=\"\" width=\"1080\" height=\"530\" srcset=\"https:\/\/www.topohvar.at\/wp-content\/uploads\/2022\/09\/su-pu-01-5.jpg 1080w, https:\/\/www.topohvar.at\/wp-content\/uploads\/2022\/09\/su-pu-01-5-300x147.jpg 300w, https:\/\/www.topohvar.at\/wp-content\/uploads\/2022\/09\/su-pu-01-5-1024x503.jpg 1024w, https:\/\/www.topohvar.at\/wp-content\/uploads\/2022\/09\/su-pu-01-5-768x377.jpg 768w\" sizes=\"auto, (max-width: 1080px) 100vw, 1080px\" \/><\/p>\n<p><strong>Ime \/ Name<br \/>\n<\/strong>Objekt \u00bbProjekt &#8211; nova luka za javni promet\u00ab \/ Projekt &#8211; neuer F\u00e4hrhafen<\/p>\n<p><strong>Code: <\/strong>SU-PU-01\u00a0 \u00a0 \u00a0 \u00a0 \u00a0 \u00a0 \u00a0 \u00a0 \u00a0 \u00a0 \u00a0 \u00a0 \u00a0 \u00a0 \u00a0 \u00a0<strong><a href=\"https:\/\/www.topohvar.at\/orte\/su\/su-os-01-1\/\"><img loading=\"lazy\" decoding=\"async\" class=\"alignnone wp-image-12300 size-full\" src=\"https:\/\/www.topohvar.at\/wp-content\/uploads\/2018\/09\/push-vor-30.jpg\" alt=\"\" width=\"61\" height=\"30\" \/><\/a> <a href=\"https:\/\/www.topohvar.at\/topo\/orte\/su\/su-pu-02-1\/\"><img loading=\"lazy\" decoding=\"async\" class=\"alignnone wp-image-533 size-full\" src=\"https:\/\/www.topohvar.at\/wp-content\/uploads\/2018\/07\/push-l-30.jpg\" alt=\"\" width=\"61\" height=\"30\" \/><\/a>\u00a0<a href=\"https:\/\/www.topohvar.at\/orte\/su\/\"><img loading=\"lazy\" decoding=\"async\" class=\"alignnone wp-image-535 size-full\" src=\"https:\/\/www.topohvar.at\/wp-content\/uploads\/2018\/07\/push-o-30.jpg\" alt=\"\" width=\"61\" height=\"30\" \/><\/a> <a href=\"https:\/\/www.topohvar.at\/topo\/orte\/su\/su-pu-03-1\/\"><img loading=\"lazy\" decoding=\"async\" class=\"alignnone wp-image-536 size-full\" src=\"https:\/\/www.topohvar.at\/wp-content\/uploads\/2018\/07\/push-r-30.jpg\" alt=\"\" width=\"61\" height=\"30\" \/><\/a> <a href=\"https:\/\/www.topohvar.at\/orte\/su\/su-ov-01-1\/\"><img loading=\"lazy\" decoding=\"async\" class=\"alignnone wp-image-12299 size-full\" src=\"https:\/\/www.topohvar.at\/wp-content\/uploads\/2018\/09\/push-next-30.jpg\" alt=\"\" width=\"61\" height=\"30\" \/><\/a><\/strong><\/p>\n<hr \/>\n<p><strong>Adresa \/ Adresse<br \/>\n<\/strong>Su\u0107uraj, Ulica Trajektna<\/p>\n<p><strong>Lokacija \/ Position<img loading=\"lazy\" decoding=\"async\" class=\"alignright wp-image-60685\" src=\"https:\/\/www.topohvar.at\/wp-content\/uploads\/2022\/09\/3692.jpg\" alt=\"\" width=\"134\" height=\"100\" \/><br \/>\n<\/strong><span style=\"color: #3366ff;\"><a style=\"color: #3366ff;\" href=\"https:\/\/goo.gl\/maps\/EBawrWJ7rNXxZn7i9\">Latitude: N 43,12436\u00b0\u00a0 \u00a0Longitude: E 17,18897\u00b0 <\/a><\/span><strong><br \/>\n<\/strong>Visina \/ H\u00f6he: 0 m<\/p>\n<p><strong>Katastarska \u010destica <\/strong><strong>\/ Grundst\u00fccke<br \/>\n<\/strong>1498, 1499 <div class='content-column one_half'><div style=\"padding-right:6px;\"><p><strong>Datum snimanja \/ Erfassungsdatum<br \/>\n<\/strong>15.09.2022 17:10:00<\/p>\n<hr \/>\n<p><strong>Informacije<\/strong><\/p>\n<p>Trajektna luka Su\u0107uraj pro\u0161irena je novim dvoveznim terminalom 2021.\/2022. Svjetionik se nalazi na vrhu branu izme\u0111u dva gata na novom terminalu.<\/p><\/div><\/div><div class='content-column one_half last_column'><div style=\"padding-right:0px;padding-left:6px;\"><p><strong>Stupanj za\u0161tite<\/strong><strong> \/ Schutzstellung<br \/>\n<\/strong>&#8211;<\/p>\n<hr \/>\n<p><strong>Info<\/strong><\/p>\n<p>Der F\u00e4hrhafen von Su\u0107uraj wurde in den Jahren 2021\/2022 durch ein neues Terminal mit zwei Anlegepl\u00e4tzen ausgebaut. Ein Leuchtfeuer befindet sich am Kopf des Steges zwischen den zwei Anlegestellen am neuen Terminal.<\/p><\/div><\/div><div class='clear_column'><\/div><div class='content-column one_half'><div style=\"padding-right:6px;\"><p>Projekt je sufinancirala Europska unija.<\/p><\/div><\/div><div class='content-column one_half last_column'><div style=\"padding-right:0px;padding-left:6px;\"><p>Das Projekt wurde von der Europ\u00e4ischen Union kofinanziert.<\/p><\/div><\/div><div class='clear_column'><\/div><div class='content-column one_half'><div style=\"padding-right:6px;\"><p><img loading=\"lazy\" decoding=\"async\" class=\"size-medium wp-image-60688\" src=\"https:\/\/www.topohvar.at\/wp-content\/uploads\/2022\/09\/su-pu-01-6-300x235.jpg\" alt=\"\" width=\"300\" height=\"235\" srcset=\"https:\/\/www.topohvar.at\/wp-content\/uploads\/2022\/09\/su-pu-01-6-300x235.jpg 300w, https:\/\/www.topohvar.at\/wp-content\/uploads\/2022\/09\/su-pu-01-6.jpg 640w\" sizes=\"auto, (max-width: 300px) 100vw, 300px\" \/><\/p><\/div><\/div><div class='content-column one_half last_column'><div style=\"padding-right:0px;padding-left:6px;\"><p>Inschrift:<\/p>\n<p style=\"text-align: center;\">Europ\u00e4ischer Struktur<br \/>\nund Investmentfonds<\/p>\n<p style=\"text-align: center;\">Erweiterung des externen Eingangs nach Su\u0107uraj<\/p>\n<p style=\"text-align: center;\">Das Projekt wurde von der Europ\u00e4ischen Union aus kofinanziert<br \/>\nKoh\u00e4sionsfonds<\/p><\/div><\/div><div class='clear_column'><\/div><\/p>\n<hr \/>\n<div class='content-column one_half'><div style=\"padding-right:6px;\"><p>Projekt nove trajektne luke ju\u017eno od postoje\u0107e luke dovr\u0161en je u modificiranom obliku tek 2022. godine.<\/p><\/div><\/div><div class='content-column one_half last_column'><div style=\"padding-right:0px;padding-left:6px;\"><p>Das Projekt eines neuen F\u00e4hrhafens s\u00fcdlich des bestehenden Hafens wurde in abge\u00e4nderter Form erst im Jahr 2022 fertiggestellt.<\/div><\/div><div class='clear_column'><\/div><\/p>\n<div id=\"attachment_34077\" style=\"width: 650px\" class=\"wp-caption alignnone\"><img loading=\"lazy\" decoding=\"async\" aria-describedby=\"caption-attachment-34077\" class=\"wp-image-34077 size-large\" src=\"https:\/\/www.topohvar.at\/wp-content\/uploads\/2020\/03\/su-pu-01-7-1024x503.jpg\" alt=\"\" width=\"640\" height=\"314\" srcset=\"https:\/\/www.topohvar.at\/wp-content\/uploads\/2020\/03\/su-pu-01-7-1024x503.jpg 1024w, https:\/\/www.topohvar.at\/wp-content\/uploads\/2020\/03\/su-pu-01-7-300x147.jpg 300w, https:\/\/www.topohvar.at\/wp-content\/uploads\/2020\/03\/su-pu-01-7-768x377.jpg 768w, https:\/\/www.topohvar.at\/wp-content\/uploads\/2020\/03\/su-pu-01-7.jpg 1080w\" sizes=\"auto, (max-width: 640px) 100vw, 640px\" \/><p id=\"caption-attachment-34077\" class=\"wp-caption-text\">Prvobitan projekt \/ urspr\u00fcngliches Projekt<\/p><\/div>\n<div class='content-column one_half'><div style=\"padding-right:6px;\"><p>Projekt vrijedan 30 milijuna kuna. Izvoditelj radova je splitska tvrtka Marconi in\u017eenjering. Vrijednost ove investicije Lu\u010dke uprave Splitsko-dalmatinske \u017eupanije je 30.000.000,00 kuna, a sredstva su osigurana od strane EU fondova.<\/p><\/div><\/div><div class='content-column one_half last_column'><div style=\"padding-right:0px;padding-left:6px;\"><p>Das Projekt hat einen Wert von 30 Mio. HRK. Der Auftragnehmer ist Marconi Engineering, ein Split-Unternehmen. Der Wert dieser Investition durch die Hafenbeh\u00f6rde der Gespanschaft Split-Dalmatien betr\u00e4gt 30.000.000,00 HRK, und die Mittel werden aus EU-Mitteln bereitgestellt.<\/p><\/div><\/div><div class='clear_column'><\/div><\/p>\n<p style=\"text-align: center;\"><em>Izvor: \/ Quelle:<br \/>\nwww.dalmacijadanas.hr \u203a Dalmacija \u203a Otoci &#8211; 22.9-2019<\/em><\/p>\n<p><img loading=\"lazy\" decoding=\"async\" class=\"aligncenter size-full wp-image-60876\" src=\"https:\/\/www.topohvar.at\/wp-content\/uploads\/2022\/10\/su-pu-01-9.jpg\" alt=\"\" width=\"1080\" height=\"530\" srcset=\"https:\/\/www.topohvar.at\/wp-content\/uploads\/2022\/10\/su-pu-01-9.jpg 1080w, https:\/\/www.topohvar.at\/wp-content\/uploads\/2022\/10\/su-pu-01-9-300x147.jpg 300w, https:\/\/www.topohvar.at\/wp-content\/uploads\/2022\/10\/su-pu-01-9-1024x503.jpg 1024w, https:\/\/www.topohvar.at\/wp-content\/uploads\/2022\/10\/su-pu-01-9-768x377.jpg 768w\" sizes=\"auto, (max-width: 1080px) 100vw, 1080px\" \/><\/p>\n<p style=\"text-align: right;\"><span style=\"color: #3366ff;\"><a style=\"color: #3366ff;\" href=\"#seite_oben\">natrag na vrh \/ Seitenanfang<\/a><\/span><\/p>\n<hr \/>\n<p><strong>Linkovi \/ Links<\/strong><\/p>\n<p><span style=\"color: #3366ff;\"><a style=\"color: #3366ff;\" href=\"https:\/\/www.topohvar.at\/topo\/orte\/su\/su-os-03-1\/\">Objekt \u00bbSvjetionik nova trajektna luka \/ Leuchtfeuer neuer Trajekthafen\u00ab<\/a><br \/>\n<a style=\"color: #3366ff;\" href=\"https:\/\/www.topohvar.at\/topo\/orte\/su\/su-pu-02-1\/\">Objekt \u00bbLuka Su\u0107uraj\u00ab \/ Hafen\u00a0Su\u0107uraj<\/a><\/span><\/p>\n","protected":false},"excerpt":{"rendered":"<p>Ime \/ Name Objekt \u00bbProjekt &#8211; nova luka za javni promet\u00ab \/ Projekt &#8211; neuer F\u00e4hrhafen Code: SU-PU-01\u00a0 \u00a0 \u00a0 \u00a0 \u00a0 \u00a0 \u00a0 \u00a0 \u00a0 \u00a0 \u00a0 \u00a0 \u00a0 \u00a0 \u00a0 \u00a0 \u00a0 Adresa \/ Adresse Su\u0107uraj, Ulica Trajektna &hellip; <a href=\"https:\/\/www.topohvar.at\/topo\/orte\/su\/su-pu-01-1\/\">Weiterlesen <span class=\"meta-nav\">&rarr;<\/span><\/a><\/p>\n","protected":false},"author":1,"featured_media":0,"parent":103,"menu_order":0,"comment_status":"closed","ping_status":"closed","template":"","meta":{"footnotes":""},"class_list":["post-21293","page","type-page","status-publish","hentry"],"_links":{"self":[{"href":"https:\/\/www.topohvar.at\/topo\/wp-json\/wp\/v2\/pages\/21293","targetHints":{"allow":["GET"]}}],"collection":[{"href":"https:\/\/www.topohvar.at\/topo\/wp-json\/wp\/v2\/pages"}],"about":[{"href":"https:\/\/www.topohvar.at\/topo\/wp-json\/wp\/v2\/types\/page"}],"author":[{"embeddable":true,"href":"https:\/\/www.topohvar.at\/topo\/wp-json\/wp\/v2\/users\/1"}],"replies":[{"embeddable":true,"href":"https:\/\/www.topohvar.at\/topo\/wp-json\/wp\/v2\/comments?post=21293"}],"version-history":[{"count":24,"href":"https:\/\/www.topohvar.at\/topo\/wp-json\/wp\/v2\/pages\/21293\/revisions"}],"predecessor-version":[{"id":60877,"href":"https:\/\/www.topohvar.at\/topo\/wp-json\/wp\/v2\/pages\/21293\/revisions\/60877"}],"up":[{"embeddable":true,"href":"https:\/\/www.topohvar.at\/topo\/wp-json\/wp\/v2\/pages\/103"}],"wp:attachment":[{"href":"https:\/\/www.topohvar.at\/topo\/wp-json\/wp\/v2\/media?parent=21293"}],"curies":[{"name":"wp","href":"https:\/\/api.w.org\/{rel}","templated":true}]}}