{"id":2159,"date":"2018-08-01T16:16:58","date_gmt":"2018-08-01T14:16:58","guid":{"rendered":"https:\/\/www.topohvar.at\/?page_id=2159"},"modified":"2021-04-16T08:52:35","modified_gmt":"2021-04-16T06:52:35","slug":"sg-ck-03-2","status":"publish","type":"page","link":"https:\/\/www.topohvar.at\/topo\/orte\/sg\/sg-ck-03-2\/","title":{"rendered":"STARI GRAD &#8211; Kapela \u00bbSv. Marije (Gospojica)\u00ab"},"content":{"rendered":"<p><a name=\"seite_oben\"><\/a><br \/>\n<img loading=\"lazy\" decoding=\"async\" class=\"alignnone wp-image-2124 size-large\" src=\"https:\/\/www.topohvar.at\/wp-content\/uploads\/2018\/08\/sg-ck-03-1-1024x503.jpg\" alt=\"\" width=\"640\" height=\"314\" srcset=\"https:\/\/www.topohvar.at\/wp-content\/uploads\/2018\/08\/sg-ck-03-1-1024x503.jpg 1024w, https:\/\/www.topohvar.at\/wp-content\/uploads\/2018\/08\/sg-ck-03-1-300x147.jpg 300w, https:\/\/www.topohvar.at\/wp-content\/uploads\/2018\/08\/sg-ck-03-1-768x377.jpg 768w\" sizes=\"auto, (max-width: 640px) 100vw, 640px\" \/><\/p>\n<p><strong>Ime \/ Name<br \/>\n<\/strong>Kapela \u00bbSv. Marije (Gospojica)\u00ab \/ Kapelle der hl. Maria<\/p>\n<p><strong>Code: <\/strong>SG-CK-03 (E-B10-2) \u00a0 \u00a0 \u00a0 \u00a0 \u00a0 \u00a0 \u00a0 \u00a0 \u00a0 \u00a0 \u00a0 \u00a0 \u00a0 \u00a0 \u00a0 \u00a0 \u00a0\u00a0<strong><a href=\"https:\/\/www.topohvar.at\/orte\/sg\/sg-ck-01-2\/\"><img loading=\"lazy\" decoding=\"async\" class=\"alignnone wp-image-533 size-full\" src=\"https:\/\/www.topohvar.at\/wp-content\/uploads\/2018\/07\/push-l-30.jpg\" alt=\"\" width=\"61\" height=\"30\" \/><\/a> <a href=\"https:\/\/www.topohvar.at\/orte\/sg\/\"><img loading=\"lazy\" decoding=\"async\" class=\"alignnone wp-image-535 size-full\" src=\"https:\/\/www.topohvar.at\/wp-content\/uploads\/2018\/07\/push-o-30.jpg\" alt=\"\" width=\"61\" height=\"30\" \/><\/a> <a href=\"https:\/\/www.topohvar.at\/orte\/sg\/sg-cp-01-2\/\"><img loading=\"lazy\" decoding=\"async\" class=\"alignnone wp-image-536 size-full\" src=\"https:\/\/www.topohvar.at\/wp-content\/uploads\/2018\/07\/push-r-30.jpg\" alt=\"\" width=\"61\" height=\"30\" \/><\/a><\/strong><\/p>\n<hr \/>\n<p><strong>Adresa \/ Adresse<br \/>\n<\/strong>Polje, Kne\u017eine, put Gospojica \/ Weg von Stari Grad nach Vrboska<\/p>\n<p><strong>Lokacija \/ Position<a href=\"https:\/\/goo.gl\/maps\/7t1uu3kv5r9M5avk6\"><img loading=\"lazy\" decoding=\"async\" class=\"alignright wp-image-2215\" src=\"https:\/\/www.topohvar.at\/wp-content\/uploads\/2018\/08\/0532.jpg\" alt=\"\" width=\"133\" height=\"100\" \/><\/a><br \/>\n<\/strong><span style=\"color: #3366ff;\"><a style=\"color: #3366ff;\" href=\"https:\/\/goo.gl\/maps\/7t1uu3kv5r9M5avk6\">Latitude: N 43,18580\u00b0\u00a0 \u00a0Longitude: E 16,60857\u00b0<\/a> <\/span><strong><br \/>\n<\/strong>Visina \/ H\u00f6he: 16 m<\/p>\n<p><strong>Katastarska \u010destica \/ Grundst\u00fccke<br \/>\n<\/strong>*750<div class='content-column one_half'><div style=\"padding-right:6px;\"><p><strong>Datum snimanja \/ Erfassungsdatum<br \/>\n<\/strong>01.06.2012 15:35:20<\/p>\n<hr \/>\n<p><strong>Informacije<\/strong><\/p>\n<p>Kapela je sagradio krajem 16. stolje\u0107a vlastelin Petra Dujmi\u010di\u0107a, te je spomenuta u prijulijevoj vizitaciji iz 1603. godine.<\/p><\/div><\/div><div class='content-column one_half last_column'><div style=\"padding-right:0px;padding-left:6px;\"><p><strong>Stupanj za\u0161tite \/ Schutzstellung<br \/>\n<\/strong>P-820<\/p>\n<hr \/>\n<p><strong>Info<\/strong><\/p>\n<p>Die Kapelle wurde im sp\u00e4ten 16. Jahrhundert durch den Edelmann Peter Dujmi\u010di\u0107 errichtet, wie in der Visitation aus dem Jahr 1603 erw\u00e4hnt wird.<\/p><\/div><\/div><div class='clear_column'><\/div><div class='content-column one_third'><div style=\"padding-right:6px;\"><p>Na zabatu je kameni kri\u017e, okru\u017een cvije\u0107em i ispod kamene plo\u010de s natpisom:<\/p>\n<p style=\"text-align: center;\">IHS<br \/>\nA. D.<br \/>\n1897<\/p><\/div><\/div><div class='content-column one_third'><div style=\"padding-right:6px;\"><p><img loading=\"lazy\" decoding=\"async\" class=\"aligncenter size-full wp-image-32517\" src=\"https:\/\/www.topohvar.at\/wp-content\/uploads\/2020\/03\/sg-ck-03-11.jpg\" alt=\"\" width=\"200\" height=\"200\" srcset=\"https:\/\/www.topohvar.at\/wp-content\/uploads\/2020\/03\/sg-ck-03-11.jpg 200w, https:\/\/www.topohvar.at\/wp-content\/uploads\/2020\/03\/sg-ck-03-11-150x150.jpg 150w\" sizes=\"auto, (max-width: 200px) 100vw, 200px\" \/><\/p><\/div><\/div><div class='content-column one_third last_column'><div style=\"padding-right:0px;padding-left:6px;\"><p style=\"text-align: left;\">Am Giebel befindet sich ein steinernes Kreuz, flankiert von Blumen, darunter die Inschrift:<\/p>\n<p style=\"text-align: center;\">IHS<br \/>\nA. D.<br \/>\n1897<\/p><\/div><\/div><div class='clear_column'><\/div><div class='content-column one_half'><div style=\"padding-right:6px;\"><p>Na malom oltaru nalazi se slika koja prikazuje Gospu od sedam \u017ealosti. Triptih je djelo Francesca de Santacroce iz 16. Stolje\u0107a.<\/p><\/div><\/div><div class='content-column one_half last_column'><div style=\"padding-right:0px;padding-left:6px;\"><p>Auf einem kleinen Altar ist ein Gem\u00e4lde der Madonna der Sieben Schmerzen. Das Triptychon ist das Werk von Francesca de Santacroce aus dem 16. Jahrhundert.<\/p><\/div><\/div><div class='clear_column'><\/div><div class='content-column one_half'><div style=\"padding-right:6px;\"><p>Natpis u oltaru:<\/p>\n<p style=\"text-align: center;\">DIVICE PROBOLESNIVA<br \/>\nMOLI ZA NAS<br \/>\nG.G. 1891<\/p><\/div><\/div><div class='content-column one_half last_column'><div style=\"padding-right:0px;padding-left:6px;\"><p>Inschrift am Altar:<\/p>\n<p style=\"text-align: center;\">Schmerzhafte Muttergottes<br \/>\nbitte f\u00fcr uns<br \/>\nIm Jahr des Herrn 1891<\/p><\/div><\/div><div class='clear_column'><\/div><div class='content-column one_half'><div style=\"padding-right:6px;\"><p>Crkva je registrirana 28. 04. 2007. godine pod brojem P-820 pod kulturnih dobara Republike Hrvatske.<\/p><\/div><\/div><div class='content-column one_half last_column'><div style=\"padding-right:0px;padding-left:6px;\"><p>Die Kirche wurde am 28. 04. 2007 mit der Nummer P-820 unter den Kulturg\u00fctern der Republik Kroatien registriert.<\/p><\/div><\/div><div class='clear_column'><\/div><\/p>\n<p style=\"text-align: right;\"><span style=\"color: #3366ff;\"><a style=\"color: #3366ff;\" href=\"#seite_oben\">natrag na vrh \/ Seitenanfang<\/a><\/span><\/p>\n<hr \/>\n<p><strong>Linkovi \/ Links<\/strong><\/p>\n<p>&#8211;<\/p>\n","protected":false},"excerpt":{"rendered":"<p>Ime \/ Name Kapela \u00bbSv. Marije (Gospojica)\u00ab \/ Kapelle der hl. Maria Code: SG-CK-03 (E-B10-2) \u00a0 \u00a0 \u00a0 \u00a0 \u00a0 \u00a0 \u00a0 \u00a0 \u00a0 \u00a0 \u00a0 \u00a0 \u00a0 \u00a0 \u00a0 \u00a0 \u00a0\u00a0 Adresa \/ Adresse Polje, Kne\u017eine, put Gospojica \/ &hellip; <a href=\"https:\/\/www.topohvar.at\/topo\/orte\/sg\/sg-ck-03-2\/\">Weiterlesen <span class=\"meta-nav\">&rarr;<\/span><\/a><\/p>\n","protected":false},"author":1,"featured_media":0,"parent":99,"menu_order":0,"comment_status":"closed","ping_status":"closed","template":"","meta":{"footnotes":""},"class_list":["post-2159","page","type-page","status-publish","hentry"],"_links":{"self":[{"href":"https:\/\/www.topohvar.at\/topo\/wp-json\/wp\/v2\/pages\/2159","targetHints":{"allow":["GET"]}}],"collection":[{"href":"https:\/\/www.topohvar.at\/topo\/wp-json\/wp\/v2\/pages"}],"about":[{"href":"https:\/\/www.topohvar.at\/topo\/wp-json\/wp\/v2\/types\/page"}],"author":[{"embeddable":true,"href":"https:\/\/www.topohvar.at\/topo\/wp-json\/wp\/v2\/users\/1"}],"replies":[{"embeddable":true,"href":"https:\/\/www.topohvar.at\/topo\/wp-json\/wp\/v2\/comments?post=2159"}],"version-history":[{"count":12,"href":"https:\/\/www.topohvar.at\/topo\/wp-json\/wp\/v2\/pages\/2159\/revisions"}],"predecessor-version":[{"id":47945,"href":"https:\/\/www.topohvar.at\/topo\/wp-json\/wp\/v2\/pages\/2159\/revisions\/47945"}],"up":[{"embeddable":true,"href":"https:\/\/www.topohvar.at\/topo\/wp-json\/wp\/v2\/pages\/99"}],"wp:attachment":[{"href":"https:\/\/www.topohvar.at\/topo\/wp-json\/wp\/v2\/media?parent=2159"}],"curies":[{"name":"wp","href":"https:\/\/api.w.org\/{rel}","templated":true}]}}