{"id":22455,"date":"2019-05-08T19:03:11","date_gmt":"2019-05-08T17:03:11","guid":{"rendered":"https:\/\/www.topohvar.at\/topo\/?page_id=22455"},"modified":"2023-08-14T08:02:38","modified_gmt":"2023-08-14T06:02:38","slug":"je-tr-02-1","status":"publish","type":"page","link":"https:\/\/www.topohvar.at\/topo\/orte\/je\/je-tr-02-1\/","title":{"rendered":"JELSA &#8211; Trim \u00bbJE-TR-02\u00ab"},"content":{"rendered":"<p><a name=\"seite_oben\"><\/a><br \/>\n<strong><img loading=\"lazy\" decoding=\"async\" class=\"alignnone wp-image-22582 size-large\" src=\"https:\/\/www.topohvar.at\/wp-content\/uploads\/2019\/05\/je-tr-02-2-1024x503.jpg\" alt=\"\" width=\"640\" height=\"314\" srcset=\"https:\/\/www.topohvar.at\/wp-content\/uploads\/2019\/05\/je-tr-02-2-1024x503.jpg 1024w, https:\/\/www.topohvar.at\/wp-content\/uploads\/2019\/05\/je-tr-02-2-300x147.jpg 300w, https:\/\/www.topohvar.at\/wp-content\/uploads\/2019\/05\/je-tr-02-2-768x377.jpg 768w, https:\/\/www.topohvar.at\/wp-content\/uploads\/2019\/05\/je-tr-02-2.jpg 1080w\" sizes=\"auto, (max-width: 640px) 100vw, 640px\" \/><\/strong><\/p>\n<p><strong>Ime \/ Name<br \/>\n<\/strong>Trim \u00bbJE-TR-02\u00ab<\/p>\n<p><strong>Code: <\/strong>JE-TR-02\u00a0 \u00a0 \u00a0 \u00a0 \u00a0 \u00a0 \u00a0 \u00a0 \u00a0 \u00a0 \u00a0 \u00a0 \u00a0 \u00a0 \u00a0 \u00a0 \u00a0 \u00a0 \u00a0 \u00a0\u00a0<strong> <a href=\"https:\/\/www.topohvar.at\/topo\/orte\/je\/je-tr-00-1\/\"><img loading=\"lazy\" decoding=\"async\" class=\"alignnone wp-image-12300 size-full\" src=\"https:\/\/www.topohvar.at\/wp-content\/uploads\/2018\/09\/push-vor-30.jpg\" alt=\"\" width=\"61\" height=\"30\" \/><\/a> <a href=\"https:\/\/www.topohvar.at\/topo\/orte\/je\/je-tr-01-1\/\"><img loading=\"lazy\" decoding=\"async\" class=\"alignnone wp-image-533 size-full\" src=\"https:\/\/www.topohvar.at\/wp-content\/uploads\/2018\/07\/push-l-30.jpg\" alt=\"\" width=\"61\" height=\"30\" \/><\/a>\u00a0<a href=\"https:\/\/www.topohvar.at\/orte\/je\/\"><img loading=\"lazy\" decoding=\"async\" class=\"alignnone wp-image-535 size-full\" src=\"https:\/\/www.topohvar.at\/wp-content\/uploads\/2018\/07\/push-o-30.jpg\" alt=\"\" width=\"61\" height=\"30\" \/><\/a> <a href=\"https:\/\/www.topohvar.at\/topo\/orte\/je\/je-tr-03-1\/\"><img loading=\"lazy\" decoding=\"async\" class=\"alignnone wp-image-536 size-full\" src=\"https:\/\/www.topohvar.at\/wp-content\/uploads\/2018\/07\/push-r-30.jpg\" alt=\"\" width=\"61\" height=\"30\" \/><\/a><\/strong><\/p>\n<hr \/>\n<p><strong>Adresa \/ Adresse<br \/>\n<\/strong>Jelsa, na novoj dr\u017eavnoj cesti\u00a0DC-116 \/ an der neuen Hauptstra\u00dfe DC-116<\/p>\n<p><strong>Lokacija<\/strong><strong> \/ Position<a href=\"https:\/\/goo.gl\/maps\/YrgSGR6UeU4mUb2g6\"><img loading=\"lazy\" decoding=\"async\" class=\"alignright wp-image-22456\" src=\"https:\/\/www.topohvar.at\/wp-content\/uploads\/2019\/05\/2045.jpg\" alt=\"\" width=\"134\" height=\"100\" \/><\/a><br \/>\n<\/strong><span style=\"color: #3366ff;\"><a style=\"color: #3366ff;\" href=\"https:\/\/goo.gl\/maps\/YrgSGR6UeU4mUb2g6\">Latitude: N 43,15431\u00b0\u00a0 \u00a0Longitude: E 16,71192\u00b0<\/a> <\/span><strong><br \/>\n<\/strong>Visina \/ H\u00f6he: 85 m<\/p>\n<p><strong>Katastarska \u010destica <\/strong><strong>\/ Grundst\u00fccke<br \/>\n<\/strong>?<div class='content-column one_half'><div style=\"padding-right:6px;\"><p><strong>Datum snimanja \/ Erfassungsdatum<br \/>\n<\/strong>08.05.2019 16:51:36<\/p>\n<hr \/>\n<p><strong>Informacije<\/strong><\/p>\n<p>Trim je sjeverno od nove dr\u017eavne ceste DC-116 u masliniku. Dobro je o\u010duvan, ali se vi\u0161e ne koristi.\u00a0Izgra\u0111ena je na stjenovitom tlu, dobro je o\u010duvana i koristi se. Trapezni ulaz vodi u kru\u017enu unutra\u0161njost sa stjenovitim podom.<\/p><\/div><\/div><div class='content-column one_half last_column'><div style=\"padding-right:0px;padding-left:6px;\"><p><strong>Stupanj za\u0161tite<\/strong><strong> \/ Schutzstellung<br \/>\n<\/strong>&#8211;<\/p>\n<hr \/>\n<p><strong>Info<\/strong><\/p>\n<p>Der Trim steht n\u00f6rdlich der neuen Staatsstra\u00dfe DC-116 in einem Olivengarten. Er wurde auf felsigen Untergrund errichtet, ist gut erhalten und wird genutzt. Durch den trapezf\u00f6rmigen Eingang gelangt man in den kreisrunden Innenraum mit Felsboden.<\/p><\/div><\/div><div class='clear_column'><\/div><div class='content-column one_half'><div style=\"padding-right:6px;\"><div id=\"attachment_23357\" style=\"width: 310px\" class=\"wp-caption aligncenter\"><img loading=\"lazy\" decoding=\"async\" aria-describedby=\"caption-attachment-23357\" class=\"size-medium wp-image-23357\" src=\"https:\/\/www.topohvar.at\/wp-content\/uploads\/2019\/07\/je-tr-02-1-300x300.jpg\" alt=\"\" width=\"300\" height=\"300\" srcset=\"https:\/\/www.topohvar.at\/wp-content\/uploads\/2019\/07\/je-tr-02-1-300x300.jpg 300w, https:\/\/www.topohvar.at\/wp-content\/uploads\/2019\/07\/je-tr-02-1-150x150.jpg 150w, https:\/\/www.topohvar.at\/wp-content\/uploads\/2019\/07\/je-tr-02-1.jpg 450w\" sizes=\"auto, (max-width: 300px) 100vw, 300px\" \/><p id=\"caption-attachment-23357\" class=\"wp-caption-text\">Ulaz \/ Eingang<\/p><\/div>\n<p>Dana 08.05.2019 trim je posje\u0107en i prona\u0111en je sljede\u0107i<\/p>\n<p>Lokacija: maslinik<br \/>\nPodzemlje: stjenovit<br \/>\nSklop: izoliran<br \/>\nUpotreba: koristi<br \/>\nStanje izgradnje: vrlo dobro uzdr\u017eati<br \/>\nBroj prstenova trima: jedan prsten<br \/>\nDodatni kameni prsten: nema kamenog prstena<br \/>\nStepeni\u0161te: nema stepenica<br \/>\nOblik kamena: uglast<br \/>\nPodru\u010dje ispred ulaza: lako dostupni<br \/>\nVrata na stranicu: J (160\u00b0)<br \/>\nPromjer trima (cm): 400<br \/>\nVisina trima (cm): 240<br \/>\nVisina prstena (cm): 170<br \/>\nDebljina zida (cm): 90<br \/>\n\u0160irina vrata (cm): 90<br \/>\nVisina vrata (cm): 115<br \/>\n\u0160irina unutra (cm): 200 &#8211; 220<br \/>\nVisina unutra (cm): 200<br \/>\nVolumen iznutra (m3): 5<br \/>\nNema ni\u0161e<\/p><\/div><\/div><div class='content-column one_half last_column'><div style=\"padding-right:0px;padding-left:6px;\"><div id=\"attachment_23358\" style=\"width: 310px\" class=\"wp-caption aligncenter\"><img loading=\"lazy\" decoding=\"async\" aria-describedby=\"caption-attachment-23358\" class=\"size-medium wp-image-23358\" src=\"https:\/\/www.topohvar.at\/wp-content\/uploads\/2019\/07\/je-tr-02-4-300x300.jpg\" alt=\"\" width=\"300\" height=\"300\" srcset=\"https:\/\/www.topohvar.at\/wp-content\/uploads\/2019\/07\/je-tr-02-4-300x300.jpg 300w, https:\/\/www.topohvar.at\/wp-content\/uploads\/2019\/07\/je-tr-02-4-150x150.jpg 150w, https:\/\/www.topohvar.at\/wp-content\/uploads\/2019\/07\/je-tr-02-4.jpg 450w\" sizes=\"auto, (max-width: 300px) 100vw, 300px\" \/><p id=\"caption-attachment-23358\" class=\"wp-caption-text\">Stra\u017enja strana \/ R\u00fcckseite<\/p><\/div>\n<p>Am 08.05.2019 wurde der Trim besucht und untersucht<\/p>\n<p>Standort: Olivenhain<br \/>\nUntergrund: Fels<br \/>\nVerbunden mit: freistehend<br \/>\nNutzung: genutzt<br \/>\nZustand: sehr gut erhalten<br \/>\nRinge\/Stufen des Trim: einstufig<br \/>\nZus\u00e4tzlicher Steinring: kein Steinring<br \/>\nStiege: keine Stufen<br \/>\nSteinform: kantig<br \/>\nEingangsbereich: frei<br \/>\nEingangsseite: S (160\u00b0)<br \/>\nTrimdurchmesser (cm): 400<br \/>\nTrimh\u00f6he (cm): 240<br \/>\nStufen\/Ringh\u00f6he (cm): 170<br \/>\nWandst\u00e4rke: 90<br \/>\nT\u00fcrbreite (cm): 90<br \/>\nT\u00fcrh\u00f6he (cm): 115<br \/>\nInnenraumbreite (cm): 200 &#8211; 220<br \/>\nInnenraumh\u00f6he (cm): 200<br \/>\nRaumvolumen (m3): 5<br \/>\nKeine Nische<\/p><\/div><\/div><div class='clear_column'><\/div><\/p>\n<p style=\"text-align: right;\"><span style=\"color: #3366ff;\"><a style=\"color: #3366ff;\" href=\"#seite_oben\">natrag na vrh \/ Seitenanfang<\/a><\/span><\/p>\n<p><img loading=\"lazy\" decoding=\"async\" class=\"aligncenter size-full wp-image-23359\" src=\"https:\/\/www.topohvar.at\/wp-content\/uploads\/2019\/07\/je-tr-02-sca.jpg\" alt=\"\" width=\"640\" height=\"983\" srcset=\"https:\/\/www.topohvar.at\/wp-content\/uploads\/2019\/07\/je-tr-02-sca.jpg 640w, https:\/\/www.topohvar.at\/wp-content\/uploads\/2019\/07\/je-tr-02-sca-195x300.jpg 195w\" sizes=\"auto, (max-width: 640px) 100vw, 640px\" \/><\/p>\n<hr \/>\n<p><strong>Linkovi \/ Links<\/strong><\/p>\n<p>&#8211;<\/p>\n","protected":false},"excerpt":{"rendered":"<p>Ime \/ Name Trim \u00bbJE-TR-02\u00ab Code: JE-TR-02\u00a0 \u00a0 \u00a0 \u00a0 \u00a0 \u00a0 \u00a0 \u00a0 \u00a0 \u00a0 \u00a0 \u00a0 \u00a0 \u00a0 \u00a0 \u00a0 \u00a0 \u00a0 \u00a0 \u00a0\u00a0 \u00a0 Adresa \/ Adresse Jelsa, na novoj dr\u017eavnoj cesti\u00a0DC-116 \/ an der neuen Hauptstra\u00dfe &hellip; <a href=\"https:\/\/www.topohvar.at\/topo\/orte\/je\/je-tr-02-1\/\">Weiterlesen <span class=\"meta-nav\">&rarr;<\/span><\/a><\/p>\n","protected":false},"author":1,"featured_media":0,"parent":85,"menu_order":0,"comment_status":"closed","ping_status":"closed","template":"","meta":{"footnotes":""},"class_list":["post-22455","page","type-page","status-publish","hentry"],"_links":{"self":[{"href":"https:\/\/www.topohvar.at\/topo\/wp-json\/wp\/v2\/pages\/22455","targetHints":{"allow":["GET"]}}],"collection":[{"href":"https:\/\/www.topohvar.at\/topo\/wp-json\/wp\/v2\/pages"}],"about":[{"href":"https:\/\/www.topohvar.at\/topo\/wp-json\/wp\/v2\/types\/page"}],"author":[{"embeddable":true,"href":"https:\/\/www.topohvar.at\/topo\/wp-json\/wp\/v2\/users\/1"}],"replies":[{"embeddable":true,"href":"https:\/\/www.topohvar.at\/topo\/wp-json\/wp\/v2\/comments?post=22455"}],"version-history":[{"count":11,"href":"https:\/\/www.topohvar.at\/topo\/wp-json\/wp\/v2\/pages\/22455\/revisions"}],"predecessor-version":[{"id":64104,"href":"https:\/\/www.topohvar.at\/topo\/wp-json\/wp\/v2\/pages\/22455\/revisions\/64104"}],"up":[{"embeddable":true,"href":"https:\/\/www.topohvar.at\/topo\/wp-json\/wp\/v2\/pages\/85"}],"wp:attachment":[{"href":"https:\/\/www.topohvar.at\/topo\/wp-json\/wp\/v2\/media?parent=22455"}],"curies":[{"name":"wp","href":"https:\/\/api.w.org\/{rel}","templated":true}]}}