{"id":25227,"date":"2019-12-25T10:26:27","date_gmt":"2019-12-25T09:26:27","guid":{"rendered":"https:\/\/www.topohvar.at\/topo\/?page_id=25227"},"modified":"2021-04-19T12:23:44","modified_gmt":"2021-04-19T10:23:44","slug":"sg-tg-35-1","status":"publish","type":"page","link":"https:\/\/www.topohvar.at\/topo\/orte\/sg\/sg-tg-35-1\/","title":{"rendered":"STARI GRAD &#8211; Ku\u0107a \u00bbRodna ku\u0107a Jurja \u0160karpe\u00ab"},"content":{"rendered":"<p><a name=\"seite_oben\"><\/a><br \/>\n<img loading=\"lazy\" decoding=\"async\" class=\"aligncenter wp-image-25238 size-large\" src=\"https:\/\/www.topohvar.at\/wp-content\/uploads\/2019\/12\/sg-tg-34-1-1024x524.jpg\" alt=\"\" width=\"640\" height=\"328\" srcset=\"https:\/\/www.topohvar.at\/wp-content\/uploads\/2019\/12\/sg-tg-34-1-1024x524.jpg 1024w, https:\/\/www.topohvar.at\/wp-content\/uploads\/2019\/12\/sg-tg-34-1-300x153.jpg 300w, https:\/\/www.topohvar.at\/wp-content\/uploads\/2019\/12\/sg-tg-34-1-768x393.jpg 768w, https:\/\/www.topohvar.at\/wp-content\/uploads\/2019\/12\/sg-tg-34-1.jpg 1228w\" sizes=\"auto, (max-width: 640px) 100vw, 640px\" \/><\/p>\n<p><strong>Ime \/ Name<br \/>\n<\/strong>Ku\u0107a \u00bbRodna ku\u0107a Jurja \u0160karpe\u00ab \/ Geburtshaus des Georg \u0160karpa<\/p>\n<p><strong>Code: <\/strong>SG-TG-35\u00a0 \u00a0 \u00a0 \u00a0 \u00a0 \u00a0 \u00a0 \u00a0 \u00a0 \u00a0 \u00a0 \u00a0 \u00a0 \u00a0 \u00a0 \u00a0 \u00a0 \u00a0<a href=\"https:\/\/www.topohvar.at\/orte\/sg\/sg-tg-07-1\/\"><img loading=\"lazy\" decoding=\"async\" class=\"alignnone wp-image-12300 size-full\" src=\"https:\/\/www.topohvar.at\/wp-content\/uploads\/2018\/09\/push-vor-30.jpg\" alt=\"\" width=\"61\" height=\"30\" \/><\/a>\u00a0<strong><a href=\"https:\/\/www.topohvar.at\/orte\/sg\/sg-tg-32-1\/\"><img loading=\"lazy\" decoding=\"async\" class=\"alignnone wp-image-533 size-full\" src=\"https:\/\/www.topohvar.at\/wp-content\/uploads\/2018\/07\/push-l-30.jpg\" alt=\"\" width=\"61\" height=\"30\" \/><\/a> <a href=\"https:\/\/www.topohvar.at\/orte\/sg\/\"><img loading=\"lazy\" decoding=\"async\" class=\"alignnone wp-image-535 size-full\" src=\"https:\/\/www.topohvar.at\/wp-content\/uploads\/2018\/07\/push-o-30.jpg\" alt=\"\" width=\"61\" height=\"30\" \/><\/a> <a href=\"https:\/\/www.topohvar.at\/orte\/sg\/sg-tg-03-1\/\"><img loading=\"lazy\" decoding=\"async\" class=\"alignnone wp-image-536 size-full\" src=\"https:\/\/www.topohvar.at\/wp-content\/uploads\/2018\/07\/push-r-30.jpg\" alt=\"\" width=\"61\" height=\"30\" \/><\/a>\u00a0<a href=\"https:\/\/www.topohvar.at\/orte\/sg\/sg-tg-26-1\/\"><img loading=\"lazy\" decoding=\"async\" class=\"alignnone wp-image-12299 size-full\" src=\"https:\/\/www.topohvar.at\/wp-content\/uploads\/2018\/09\/push-next-30.jpg\" alt=\"\" width=\"61\" height=\"30\" \/><\/a><\/strong><\/p>\n<hr \/>\n<p><strong>Adresa \/ Adresse<br \/>\n<\/strong>Stari Grad, Trg \/ Platz Jurja \u0160karpe<\/p>\n<p><strong>Lokacija \/ Position<a href=\"https:\/\/goo.gl\/maps\/fsiCEa4Hmuhdkkx98\"><img loading=\"lazy\" decoding=\"async\" class=\"alignright wp-image-2784\" src=\"https:\/\/www.topohvar.at\/wp-content\/uploads\/2018\/08\/0550.jpg\" alt=\"\" width=\"133\" height=\"100\" \/><\/a><br \/>\n<\/strong><span style=\"color: #3366ff;\"><a style=\"color: #3366ff;\" href=\"https:\/\/goo.gl\/maps\/fsiCEa4Hmuhdkkx98\">Latitude: N 43,18346\u00b0\u00a0 \u00a0Longitude: E 16,59952\u00b0<\/a> <\/span><strong><br \/>\n<\/strong>Visina \/ H\u00f6he: 6 m<\/p>\n<p><strong>Katastarska \u010destica \/ Grundst\u00fccke<br \/>\n<\/strong>*537\/1<div class='content-column one_half'><div style=\"padding-right:6px;\"><p><strong>Datum snimanja \/ Erfassungsdatum<br \/>\n<\/strong>19.05.2013 10:21:51<\/p>\n<hr \/>\n<p><strong>Informacije<\/strong><\/p>\n<p>Rodna ku\u0107a Jurja \u0160karpe<\/p><\/div><\/div><div class='content-column one_half last_column'><div style=\"padding-right:6px;\"><p><strong>Stupanj za\u0161tite \/ Schutzstellung<br \/>\n<\/strong>&#8211;<\/p>\n<hr \/>\n<p><strong>Info<\/strong><\/p>\n<p>Geburtshaus des Georg \u0160karpa<\/p><\/div><\/div><div class='clear_column'><\/div><\/p>\n<hr \/>\n<div class='content-column one_half'><div style=\"padding-right:6px;\"><p><strong>Juraj \u0160karpa<\/strong> ro\u0111en je 29. studenog 1881. godine u Starom Gradu, na Hvaru. Po\u010deo je kao izu\u010deni drvodjelja. Osim zanatskih zadataka, ve\u0107 od malih nogu privla\u010dila ga je skulptura. Tijekom slu\u017ebe u ratnoj mornarici izra\u0111uje drvenu skulpturu sv. Jurja, koja je privukla pozornost austrijskog ministra Leona Rittera von Bilinskog, koji se slu\u010dajno zatekao na brodu Split na kojem je \u0160karpa slu\u017ebovao. On je mladom \u0160karpi savjetovao da se upi\u0161e na umjetni\u010dku \u0161kolu u Splitu, a isto to mu je kasnije, savjetovao i sam Emanuel Vidovi\u0107. \u0160karpa prihva\u0107a izazov i tu dvogodi\u0161nju umjetni\u010dku \u0161kolu, zavr\u0161ava 5. srpnja 1913.<\/p><\/div><\/div><div class='content-column one_half last_column'><div style=\"padding-right:6px;\"><p><strong>Juraj \u0160karpa<\/strong> wurde am 29. November 1881 in Stari Grad auf Hvar geboren. Er begann als ausgebildeter Zimmermann. Neben handwerklichen Aufgaben interessierte er sich schon fr\u00fch f\u00fcr Skulpturen. W\u00e4hrend seines Dienstes in der Marine fertigte er eine Holzskulptur des hl. Georg an, die die Aufmerksamkeit des \u00f6sterreichischen Ministers Leon Ritter von Bilinski auf sich zog, der sich zuf\u00e4llig auf dem Schiff Split befand, auf dem \u0160karpa diente. Er riet dem jungen \u0160karpa, sich an einer Kunstschule in Split anzumelden, und Emanuel Vidovi\u0107 selbst riet ihm, dasselbe sp\u00e4ter zu tun. \u0160karpa nahm die Herausforderung an und beendete diese zweij\u00e4hrige Kunstschule am 5. Juli 1913.<\/p><\/div><\/div><div class='clear_column'><\/div><div class='content-column one_half'><div style=\"padding-right:6px;\"><p>Ve\u0107 prije dovr\u0161etka \u0160karpina naukovanja iz Be\u010da u Split 1912. dolazi referent ministarstva prosvjete, koji \u0160karpi nudi nastavak studija u Be\u010du, \u0161to mladi umjetnik odu\u0161evljeno prihva\u0107a. 1913. godine zapo\u010dinje njegova prva godina studija u Be\u010du.<\/p><\/div><\/div><div class='content-column one_half last_column'><div style=\"padding-right:6px;\"><p>Noch bevor \u0160karpas Lehre abgeschlossen war, kam 1912 ein Angestellter des Bildungsministeriums aus Wien nach Split und bot \u0160karpa an, sein Studium in Wien fortzusetzen, was der junge K\u00fcnstler begeistert annahm. 1913 begann sein erstes Studienjahr in Wien.<\/p><\/div><\/div><div class='clear_column'><\/div><div class='content-column one_half'><div style=\"padding-right:6px;\"><p>\u0160karpini be\u010dki dani u po\u010detku su protjecali u materijalnoj oskudici, no kada je dobio redovitu potporu Ministarstva prosvjete i dodatnu stipendiju za siroma\u0161ne studente Hrvatskog potpornog dru\u0161tva, studij po\u010dinje do\u017eivljavati kao idilu. Na kraju \u0161kolske godine 1914. profesor Breitner ga zove da preko ljeta ostane u Be\u010du i honorarno radi kod njegova kolege, no \u0160karpa, to odbija i vra\u0107a se u zavi\u010daj. Ve\u0107 sljede\u0107e jutro po njegovu dolasku ku\u0107i, Stari Grad je osvanuo oblijepljen pozivima za mobilizaciju, te kipar mora oti\u0107i u Pulu gdje \u0107e sljede\u0107e tri godine istovarivati ugljen za ratne brodove. U o\u017eujku 1917. premje\u0161ten je u Mornarsku oficirsku \u0161kolu u Be\u010du, \u0161to mu je u prvi mah dalo nadu u okon\u010danje njegovih ratnih stradanja.<\/p><\/div><\/div><div class='content-column one_half last_column'><div style=\"padding-right:6px;\"><p>\u0160karpas Wiener Tage waren anfangs materiell knapp, aber als er regelm\u00e4\u00dfig Unterst\u00fctzung vom Bildungsministerium und ein zus\u00e4tzliches Stipendium f\u00fcr arme Studenten der kroatischen Unterst\u00fctzungsgesellschaft erhielt, wurde sein Studium als Idylle angesehen. Am Ende des Schuljahres 1914 lud ihn Professor Breitner ein, im Sommer in Wien zu bleiben und Teilzeit mit seinem Kollegen zu arbeiten, doch \u0160karpa lehnte ab und kehrte in seine Heimat zur\u00fcck. Gleich am n\u00e4chsten Morgen nach seiner Ankunft in der Heimaterfolgte in Stari Grad der Aufruf zur Mobilisierung, und der Bildhauer musste nach Pula, wo er f\u00fcr die n\u00e4chsten drei Jahre Kohle f\u00fcr Kriegsschiffe abladen w\u00fcrde. Im M\u00e4rz 1917 wurde er in die Wiener Marineoffiziersschule versetzt, was ihm zun\u00e4chst Hoffnung auf das Ende seiner Kriegsleiden gab.<\/p><\/div><\/div><div class='clear_column'><\/div><div class='content-column one_half'><div style=\"padding-right:6px;\"><p>No do\u0161av\u0161i u Be\u010d, prijestolnicu zatje\u010de na rubu gladi i o\u010daja. Ipak, biv\u0161a gazdarica ga je razveselila pismom Ministarstva prosvjete koje mu je odobrilo stipendiju i za sljede\u0107u godinu. \u0160karpa tada posje\u0107uje svojeg profesora Breitnera, koji mu je predlo\u017eio da se, \u010dim bude razvoja\u010den, vrati na Akademiju. \u0160karpa se u baraci u kojoj je slu\u017ebeno trebao popravljati sanduke latio kiparskog alata kojeg mu je sa\u010duvala gazdarica, i tada nastaju prva njegova izvorna djela: Stidljivost, Ribar i Radnik, koja na\u017ealost nisu sa\u010duvana, ali nam njihove fotografije jasno navje\u0161\u0107uju uzlet \u0160karpina neospornog kiparskog talenta.<\/p><\/div><\/div><div class='content-column one_half last_column'><div style=\"padding-right:6px;\"><p>Aber als er in Wien ankam, fand er die Hauptstadt voll Hunger und Verzweiflung. Trotzdem hat ihn die ehemalige Vermieterin mit einem Brief des Bildungsministeriums aufgeheitert, in dem sein Stipendium auch f\u00fcr das n\u00e4chste Jahr genehmigt wurde. Scarpa besucht dann seinen Professor Breitner, der ihm vorschlug, nach seiner Entlassung an die Akademie zur\u00fcckzukehren. \u0160karpa befindet sich in einer H\u00fctte, in der er die von seiner Geliebten aufbewahrten Kisten mit Latio-Skulpturen reparieren sollte. Dann entstehen seine ersten Originalarbeiten: Sch\u00fcchternheit, Fischer und Arbeiter, die leider nicht erhalten geblieben sind, aber ihre Fotos k\u00fcndigen eindeutig den Aufstieg von \u0160karpas unbestreitbarem bildhauerischen Talent an.<\/p><\/div><\/div><div class='clear_column'><\/div><div class='content-column one_half'><div style=\"padding-right:6px;\"><p>Po svr\u0161etku rata, umjesto da nastavi studij u Be\u010du, \u0160karpa se vra\u0107a u Zagreb, \u010diji je kulturni \u017eivot u to doba, balansirao izme\u0111u malogra\u0111an\u0161tine i krajnjeg primitivizma. \u0160karpa se tome nije nadao, pa je, kada je shvatio kakvu je gre\u0161ku u\u010dinio, ogor\u010deno zapisao je da je \u017ertvovao be\u010dku stipendiju da bi do\u0161ao u domovinu, a tu ga je do\u010dekao o\u010daj. U Zagrebu mu je ipak priznato \u0161kolovanje na Kunstgewerbeschule, ali je s punih 38 godina ponovno morao sjesti u \u0161kolske klupe i krenuti iz po\u010detka. Hranio se u javnim kuhinjama, prijateljevao sa slikarom iz rodnoga Staroga Grada Jurjem Plan\u010di\u0107em s kojim je, kako je zapisao, vi\u0161e razgovarao o dobrom ru\u010dku, nego o umjetnosti.<\/p><\/div><\/div><div class='content-column one_half last_column'><div style=\"padding-right:6px;\"><p>Anstatt sein Studium in Wien fortzusetzen, kehrte \u0160karpa\u00a0 nach Kriegsende nach Zagreb zur\u00fcck, dessen kulturelles Leben zu dieser Zeit zwischen Kleinb\u00fcrgertum und extremem Primitivismus schwankte. Scarpa hoffte nicht darauf, und als er merkte, was f\u00fcr einen Fehler er gemacht hatte, schrieb er emp\u00f6rt, er habe ein Wiener Stipendium geopfert, um in seine Heimat zu kommen, und dort stie\u00df er auf Verzweiflung. In Zagreb wurde er f\u00fcr seine Ausbildung an der Kunstgewerbeschule anerkannt, musste aber im Alter von 38 Jahren wieder in der Schule sitzen und von vorne beginnen. Er a\u00df in \u00f6ffentlichen K\u00fcchen und freundete sich mit einem Maler aus seiner Heimatstadt Stari Grad, Juraj Plan\u010di\u0107, an, mit dem er, wie er schrieb, mehr \u00fcber ein gutes Mittagessen als \u00fcber Kunst sprach.<\/p><\/div><\/div><div class='clear_column'><\/div><div class='content-column one_third'><div style=\"padding-right:6px;\"><p>U 39. godini, 18. srpnja 1920. napokon je diplomirao, te na preporuku svojeg profesora Roberta Frange\u0161a Mihanovi\u0107a u tvornici Samoborka dobiva posao na korekciji uvoznih nadgrobnih spomenika, te tu upoznaje Mariju Prebeg koju \u0107e o\u017eeniti 1923.<\/p><\/div><\/div><div class='content-column one_third'><div style=\"padding-right:6px;\"><p><img loading=\"lazy\" decoding=\"async\" class=\"aligncenter size-full wp-image-37917\" src=\"https:\/\/www.topohvar.at\/wp-content\/uploads\/2020\/05\/sg-tg-35-9.jpg\" alt=\"\" width=\"200\" height=\"281\" \/><\/p><\/div><\/div><div class='content-column one_third last_column'><div style=\"padding-right:0px;padding-left:6px;\"><p>Im Alter von 39 Jahren, am 18. Juli 1920, schloss er sein Studium ab und erhielt auf Empfehlung seines Professors Robert Frange\u0161 Mihanovi\u0107 einen Job in der Fabrik in Samoborka, wo er importierte Grabsteine \u200b\u200bkorrigierte, wo er Marija Prebeg traf, die er 1923 heiratete.<\/p><\/div><\/div><div class='clear_column'><\/div><div class='content-column one_half'><div style=\"padding-right:6px;\"><p>Nakon Drugog svjetskog rata, \u0160karpa zbog svojeg predratnog anga\u017emana na crkvenim narud\u017ebama ponovo postaje nepo\u0107udan. Najbolji dokaz tome je \u010dinjenica da je odluka da spomenik palom borcu u njegovu rodnom Starome Gradu izvede \u0160karpa ubrzo poni\u0161tena te odmah potom dodijeljena Kosti Angeliju Radovaniju, koji u svojem curriculumu nije imao sakralna ostvarenja. To je \u0160karpu toliko pogodio da ga je ubrzo nakon primitka te vijesti udarila kap od \u010dijih je posljedica sedam mjeseci kasnije umro.<\/p><\/div><\/div><div class='content-column one_half last_column'><div style=\"padding-right:6px;\"><p>Nach dem Zweiten Weltkrieg war Skarpa aufgrund seines Engagements in der Vorkriegszeit auf kirchlichen Befehl erneut unerw\u00fcnscht. Der beste Beweis daf\u00fcr ist die Tatsache, dass die Entscheidung, in seiner Heimatstadt Stari Grad ein Denkmal f\u00fcr einen gefallenen K\u00e4mpfer zu errichten, bald aufgehoben und sofort an Kosta Angeli Radovani vergeben wurde, der keine sakralen Leistungen in seinem Lehrplan hatte. Dies traf \u0160karpa so hart, dass er kurz nach Erhalt der Nachricht von einem Schlaganfall getroffen wurde, der ihn sieben Monate sp\u00e4ter t\u00f6tete.<\/p><\/div><\/div><div class='clear_column'><\/div><div class='content-column one_half'><div style=\"padding-right:6px;\"><p>Juraj \u0160karpa umro je 31. prosinca 1952. godine u Zagrebu, gdje je i pokopan.<\/p><\/div><\/div><div class='content-column one_half last_column'><div style=\"padding-right:6px;\"><p>Juraj \u0160karpa starb am 31. Dezember 1952 in Zagreb.<\/p><\/div><\/div><div class='clear_column'><\/div><\/p>\n<p><em>(Izvor \/ Quelle: www. galerijadivila.hr)<\/em><\/p>\n<p style=\"text-align: right;\"><a href=\"#seite_oben\">natrag na vrh \/ Seitenanfang<\/a><\/p>\n<hr \/>\n<p><strong>Linkovi \/ Links<\/strong><\/p>\n<p><span style=\"color: #3366ff;\"><a style=\"color: #3366ff;\" href=\"https:\/\/www.topohvar.at\/topo\/orte\/sg\/sg-in-26-2\/\">Natpis \u00bbna rodna ku\u0107a Jurja \u0160karpe\u00ab \/ Inschrift am Geburtshaus des Georg\u00a0\u0160karpe<\/a><\/span><br \/>\n<span style=\"color: #3366ff;\"><a style=\"color: #3366ff;\" href=\"https:\/\/www.topohvar.at\/topo\/orte\/sg\/sg-mo-08-2\/\">Skulptura \u00bbRanjena\u00ab \/ Skulptur \u00bbRanjena\u00ab<\/a><br \/>\n<a style=\"color: #3366ff;\" href=\"https:\/\/www.topohvar.at\/topo\/orte\/sg\/sg-pu-03-2\/\">Objekt \u00bbTrg Jurja \u0160karpe\u00ab \/ Platz\u00a0Juraj \u0160karpe<\/a><br \/>\n<\/span><\/p>\n","protected":false},"excerpt":{"rendered":"<p>Ime \/ Name Ku\u0107a \u00bbRodna ku\u0107a Jurja \u0160karpe\u00ab \/ Geburtshaus des Georg \u0160karpa Code: SG-TG-35\u00a0 \u00a0 \u00a0 \u00a0 \u00a0 \u00a0 \u00a0 \u00a0 \u00a0 \u00a0 \u00a0 \u00a0 \u00a0 \u00a0 \u00a0 \u00a0 \u00a0 \u00a0\u00a0 \u00a0 Adresa \/ Adresse Stari Grad, Trg \/ &hellip; <a href=\"https:\/\/www.topohvar.at\/topo\/orte\/sg\/sg-tg-35-1\/\">Weiterlesen <span class=\"meta-nav\">&rarr;<\/span><\/a><\/p>\n","protected":false},"author":1,"featured_media":0,"parent":99,"menu_order":0,"comment_status":"closed","ping_status":"closed","template":"","meta":{"footnotes":""},"class_list":["post-25227","page","type-page","status-publish","hentry"],"_links":{"self":[{"href":"https:\/\/www.topohvar.at\/topo\/wp-json\/wp\/v2\/pages\/25227","targetHints":{"allow":["GET"]}}],"collection":[{"href":"https:\/\/www.topohvar.at\/topo\/wp-json\/wp\/v2\/pages"}],"about":[{"href":"https:\/\/www.topohvar.at\/topo\/wp-json\/wp\/v2\/types\/page"}],"author":[{"embeddable":true,"href":"https:\/\/www.topohvar.at\/topo\/wp-json\/wp\/v2\/users\/1"}],"replies":[{"embeddable":true,"href":"https:\/\/www.topohvar.at\/topo\/wp-json\/wp\/v2\/comments?post=25227"}],"version-history":[{"count":21,"href":"https:\/\/www.topohvar.at\/topo\/wp-json\/wp\/v2\/pages\/25227\/revisions"}],"predecessor-version":[{"id":48264,"href":"https:\/\/www.topohvar.at\/topo\/wp-json\/wp\/v2\/pages\/25227\/revisions\/48264"}],"up":[{"embeddable":true,"href":"https:\/\/www.topohvar.at\/topo\/wp-json\/wp\/v2\/pages\/99"}],"wp:attachment":[{"href":"https:\/\/www.topohvar.at\/topo\/wp-json\/wp\/v2\/media?parent=25227"}],"curies":[{"name":"wp","href":"https:\/\/api.w.org\/{rel}","templated":true}]}}